{"id":2004,"date":"2022-11-01T12:52:03","date_gmt":"2022-11-01T10:52:03","guid":{"rendered":"https:\/\/new.bjc.ro\/?page_id=2004"},"modified":"2024-05-17T08:41:38","modified_gmt":"2024-05-17T05:41:38","slug":"contributia-romaneasca-la-biblioteca-digitala-europeana","status":"publish","type":"page","link":"https:\/\/new.bjc.ro\/?page_id=2004","title":{"rendered":"Contribu\u021bia rom\u00e2neasc\u0103 la Biblioteca Digital\u0103 European\u0103\u00a0"},"content":{"rendered":"\r\n<p>Proiectul <strong>E-cultura<\/strong> Biblioteca Digital\u0103 a Rom\u00e2niei (2019-2021)<\/p>\r\n\r\n\r\n\r\n<p>Contribu\u021bia <a href=\"https:\/\/www.europeana.eu\/en\/search?page=1&amp;qf=PROVIDER%3A%22National%20Heritage%20Institute%2C%20Bucharest%22&amp;query=Octavian%20Goga%20Cluj%20County%20Library&amp;view=grid\">Bibliotecii Jude\u021bene &#8222;Octavian Goga&#8221; Cluj<\/a><\/p>\r\n\r\n\r\n\r\n<p><strong>Proiectul<\/strong> <strong>Europeana Sport<\/strong> (2020-2022)<\/p>\r\n\r\n\r\n\r\n<p>Contribu\u021bia <a href=\"https:\/\/www.europeana.eu\/en\/search?page=4&amp;qf=PROVIDER%3A%22MUSEU%22&amp;query=Octavian%20Goga%20Cluj%20County%20Library&amp;view=grid\">Bibliotecii Jude\u021bene &#8222;Octavian Goga&#8221; Cluj<\/a><\/p>\r\n\r\n\r\n\r\n<p><strong>Proiectul LoCloud <\/strong>(2013-2016)<\/p>\r\n\r\n\r\n\r\n<p><a href=\"https:\/\/www.europeana.eu\/en\/search?page=1&amp;qf=PROVIDER%3A%22LoCloud%22&amp;query=octavian%20goga%20cluj%20county%20library&amp;view=grid\">Colec\u0163iile\u00a0Bibliotecii Jude\u0163ene &#8222;Octavian Goga&#8221; Cluj<\/a><\/p>\r\n\r\n\r\n\r\n<ul class=\"wp-block-list\">\r\n<li><a href=\"http:\/\/omeka.bjc.ro\/omeka\/collections\/show\/1\">Imagini din jude\u0163ul Cluj<\/a><\/li>\r\n\r\n\r\n\r\n<li><a href=\"http:\/\/omeka.bjc.ro\/omeka\/collections\/show\/26\">Colec\u0163ia de fotografii Emil Isac<\/a><\/li>\r\n\r\n\r\n\r\n<li><a href=\"http:\/\/jadox.bjc.qulto.ro\/jadox\/portal\/default-page.psml\">Documente de coresponden\u021b\u0103 ale personalit\u0103\u021bilor clujene, precum Emil Isac \u015fi Aurel Isac, \u0219i articole din pres\u0103 scrise de Emil Isac<\/a><\/li>\r\n<\/ul>\r\n\r\n\r\n\r\n<p>Colec\u0163ia\u00a0Bibliotecii Jude\u0163ene Arad<\/p>\r\n\r\n\r\n\r\n<ul class=\"wp-block-list\">\r\n<li><a href=\"http:\/\/digitizare.bibliotecaarad.ro\/\">Periodice ar\u0103dene &#8211; \u015etirea<\/a><\/li>\r\n<\/ul>\r\n\r\n\r\n\r\n<p>Colec\u0163iile\u00a0Bibliotecii Jude\u0163ean\u0103 Neam\u0163\u00a0\u00a0<\/p>\r\n\r\n\r\n\r\n<ul class=\"wp-block-list\">\r\n<li><a href=\"http:\/\/omeka.bjc.ro\/omeka\/items\/browse?collection=4\">Fotografii din jude\u0163ul Neam\u0163\u00a0<\/a><\/li>\r\n\r\n\r\n\r\n<li><a href=\"http:\/\/omeka.bjc.ro\/omeka\/items\/browse?collection=13\">Piatra Neam\u021b \u00een c\u0103r\u0163i po\u015ftale din prima jum\u0103tate a secolului XX\u00a0<\/a><\/li>\r\n\r\n\r\n\r\n<li><a href=\"http:\/\/omeka.bjc.ro\/omeka\/collections\/show\/27\">Publica\u0163ii periodice aflate \u00een colec\u0163iile Fondului Documentar Kirileanu<\/a><\/li>\r\n<\/ul>\r\n\r\n\r\n\r\n<p>\u00a0Colec\u0163ia Bibliotecii Jude\u0163ene &#8222;Astra&#8221; Sibiu\u00a0<\/p>\r\n\r\n\r\n\r\n<ul class=\"wp-block-list\">\r\n<li><a href=\"http:\/\/omeka.bjc.ro\/omeka\/collections\/show\/25\">Periodice locale din colec\u0163ia Bibliotecii Jude\u0163ene &#8222;Astra&#8221; Sibiu<\/a>\u00a0\u00a0 \u00a0<\/li>\r\n<\/ul>\r\n\r\n\r\n\r\n<p>\u00a0Colec\u0163ia Bibliotecii Jude\u0163ene &#8222;Alexandru \u015fi Aristia Aman&#8221; Dolj<\/p>\r\n\r\n\r\n\r\n<ul class=\"wp-block-list\">\r\n<li>\u00a0<a href=\"http:\/\/omeka.bjc.ro\/omeka\/collections\/show\/23\">Documente din zona Olteniei<\/a><\/li>\r\n<\/ul>\r\n\r\n\r\n\r\n<p>\u00a0Colec\u021biile\u00a0Bibliotecii Jude\u021bene&#8221; I.S. B\u0103descu&#8221; S\u0103laj<\/p>\r\n\r\n\r\n\r\n<ul class=\"wp-block-list\">\r\n<li><a href=\"http:\/\/omeka.bjc.ro\/omeka\/collections\/show\/20\">Colec\u0163ia de c\u0103r\u021bi po\u0219tale \u0219i fotografii<\/a><\/li>\r\n\r\n\r\n\r\n<li><a href=\"http:\/\/omeka.bjc.ro\/omeka\/collections\/show\/29\">Colec\u021bia de periodice<\/a><\/li>\r\n<\/ul>\r\n\r\n\r\n\r\n<p>\u00a0Colec\u021bia Bibliotecii Jude\u0163ene \u201eAntim Ivireanul&#8221; V\u00e2lcea<\/p>\r\n\r\n\r\n\r\n<ul class=\"wp-block-list\">\r\n<li><a href=\"http:\/\/omeka.bjc.ro\/omeka\/collections\/show\/3\">Colec\u0163ia de imagini v\u00e2lcene\u00a0<\/a><\/li>\r\n<\/ul>\r\n\r\n\r\n\r\n<p>\u00a0Colec\u021bia\u00a0<a href=\"http:\/\/www.bjmures.ro\/bd\/index.php\">Bibliotecii Jude\u021bene Mure\u0219<\/a><\/p>\r\n\r\n\r\n\r\n<p>\u00a0Colec\u0163ia Bibliotecii Jude\u0163ene &#8222;Nicolae Iorga&#8221; Prahova<\/p>\r\n\r\n\r\n\r\n<ul class=\"wp-block-list\">\r\n<li><a href=\"http:\/\/omeka.bjc.ro\/omeka\/collections\/show\/22\">Periodice locale<\/a> \u00a0<\/li>\r\n<\/ul>\r\n\r\n\r\n\r\n<p><strong>Proiectul Europeana 1914-1918\u00a0<\/strong>(2012-2014)<\/p>\r\n\r\n\r\n\r\n<p><a href=\"http:\/\/www.europeana1914-1918.eu\/en\/collection\/search?page=1&amp;utf8=%E2%9C%93&amp;qf%5Bindex%5D=c&amp;qf%5Bmetadata_lang_ids%5D%5B%5D=247\">Documentele digitizate de la contributori<\/a><\/p>\r\n\r\n\r\n\r\n<p>Contribu\u021bia\u00a0<a href=\"https:\/\/www.europeana.eu\/en\/search?page=1&amp;qf=PROVIDER%3A%22Europeana%201914%5C-1918%22&amp;query=octavian%20goga%20cluj%20county%20library&amp;view=grid\">Bibliotecii Jude\u0163ene &#8222;Octavian Goga&#8221; Cluj<\/a><\/p>\r\n\r\n\r\n\r\n<p><strong>Proiectul EuropeanaLocal <\/strong>(2008-2011)<\/p>\r\n\r\n\r\n\r\n<p><a href=\"https:\/\/www.europeana.eu\/en\/search?page=1&amp;qf=PROVIDER%3A%22EuropeanaLocal%20Romania%22&amp;query=Octavian%20Goga%20Cluj%20County%20Library&amp;view=grid\">Colec\u0163iile Bibliotecii Jude\u0163ene &#8222;Octavian Goga&#8221; Cluj<\/a>:<\/p>\r\n\r\n\r\n\r\n<ul class=\"wp-block-list\">\r\n<li><a href=\"http:\/\/greenstone.bjc.ro\/greenstone\/cgi-bin\/library.cgi?site=localhost&amp;a=p&amp;p=about&amp;c=clujulin&amp;l=en&amp;w=utf-8\">Imagini din Clujul vechi<\/a><\/li>\r\n\r\n\r\n\r\n<li><a href=\"http:\/\/greenstone.bjc.ro\/greenstone\/cgi-bin\/library.cgi?site=localhost&amp;a=p&amp;p=about&amp;c=documen2&amp;l=en&amp;w=utf-8\">Documente de arhiv\u0103 \u00een colec\u0163iile Bibliotecii Jude\u0163ene &#8222;Octavian Goga&#8221; Cluj<\/a> \u00a0<\/li>\r\n\r\n\r\n\r\n<li><a href=\"http:\/\/greenstone.bjc.ro\/greenstone\/cgi-bin\/library.cgi?site=localhost&amp;a=p&amp;p=about&amp;c=corespon&amp;l=en&amp;w=utf-8\">Coresponden\u0163\u0103 din fondurile personalit\u0103\u0163ilor culturale clujene din colec\u0163iile Bibliotecii Jude\u0163ene &#8222;Octavian Goga&#8221; Cluj<\/a> \u00a0<\/li>\r\n\r\n\r\n\r\n<li><a href=\"http:\/\/greenstone.bjc.ro\/greenstone\/cgi-bin\/library.cgi?site=localhost&amp;a=p&amp;p=about&amp;c=cridespr&amp;l=en&amp;w=utf-8\">C\u0103r\u0163i despre jude\u0163ul Cluj<\/a> \u00a0<\/li>\r\n\r\n\r\n\r\n<li><a href=\"http:\/\/greenstone.bjc.ro\/greenstone\/cgi-bin\/library.cgi?site=localhost&amp;a=p&amp;p=about&amp;c=personal&amp;l=en&amp;w=utf-8\">Fotografii cu personalit\u0103\u0163i culturale \u00een colec\u0163iile Bibliotecii Jude\u0163ene &#8222;Octavian Goga&#8221; Cluj<\/a><\/li>\r\n<\/ul>\r\n\r\n\r\n\r\n<p>Serverul OAI <a href=\"http:\/\/greenstone.bjc.ro\/greenstone\/cgi-bin\/oaiserver.cgi\" target=\"_blank\" rel=\"noreferrer noopener\">http:\/\/greenstone.bjc.ro\/greenstone\/cgi-bin\/oaiserver.cgi<\/a><\/p>\r\n\r\n\r\n\r\n<p>Colec\u0163iile partenerilor na\u0163ionali:<\/p>\r\n\r\n\r\n\r\n<p>Arhivele Na\u0163ionale &#8211; Direc\u0163ia Jude\u0163ean\u0103 Cluj<\/p>\r\n\r\n\r\n\r\n<ul class=\"wp-block-list\">\r\n<li><a href=\"http:\/\/greenstone.bjc.ro\/greenstone\/cgi-bin\/library.cgi?site=localhost&amp;a=p&amp;p=about&amp;c=arhivele&amp;l=en&amp;w=utf-8\">Colec\u0163ia de documente Kemeny<\/a><\/li>\r\n<\/ul>\r\n\r\n\r\n\r\n<p>Biblioteca Jude\u0163ean\u0103 \u201eAstra&#8221; Sibiu<\/p>\r\n\r\n\r\n\r\n<p>Biblioteca Jude\u0163ean\u0103\u00a0\u201eAlex \u015fi Aristia Aman&#8221; Dolj<\/p>\r\n\r\n\r\n\r\n<ul class=\"wp-block-list\">\r\n<li><a href=\"http:\/\/greenstone.bjc.ro\/greenstone\/cgi-bin\/library.cgi?site=localhost&amp;a=p&amp;p=about&amp;c=imaginid&amp;l=en&amp;w=utf-8\">Imagini din Craiova de azi \u015fi de ieri<\/a><\/li>\r\n\r\n\r\n\r\n<li><a href=\"http:\/\/greenstone.bjc.ro\/greenstone\/cgi-bin\/library.cgi?site=localhost&amp;a=p&amp;p=about&amp;c=documen1&amp;l=en&amp;w=utf-8\">Documente text specifice Bibliotecii Jude\u0163ene &#8222;Alexandru \u015fi Aristia Aman&#8221; din Craiova<\/a><\/li>\r\n\r\n\r\n\r\n<li><a href=\"http:\/\/greenstone.bjc.ro\/greenstone\/cgi-bin\/library.cgi?site=localhost&amp;a=p&amp;p=about&amp;c=audioinb&amp;l=en&amp;w=utf-8\">Inregistr\u0103ri audio \u00een colec\u0163iile Bibliotecii Aman<\/a><\/li>\r\n<\/ul>\r\n\r\n\r\n\r\n<p>Biblioteca Jude\u0163ean\u0103 \u201eG. T. Kirileanu&#8221; Neam\u0163<\/p>\r\n\r\n\r\n\r\n<ul class=\"wp-block-list\">\r\n<li><a href=\"http:\/\/greenstone.bjc.ro\/greenstone\/cgi-bin\/library.cgi?site=localhost&amp;a=p&amp;p=about&amp;c=NEAMT&amp;l=en&amp;w=utf-8\">Istorie local\u0103 \u00een c\u0103r\u0163i \u015fi periodice<\/a><\/li>\r\n<\/ul>\r\n\r\n\r\n\r\n<p>Biblioteca Jude\u0163ean\u0103 \u201eOvid Densu\u015fianu&#8221; Hunedoara<\/p>\r\n\r\n\r\n\r\n<ul class=\"wp-block-list\">\r\n<li><a href=\"http:\/\/greenstone.bjc.ro\/greenstone\/cgi-bin\/library.cgi?site=localhost&amp;a=p&amp;p=about&amp;c=deva&amp;l=en&amp;w=utf-8\">Monografii locale<\/a><\/li>\r\n<\/ul>\r\n\r\n\r\n\r\n<p>\u00a0Biblioteca Jude\u0163ean\u0103 \u201eGh. Asachi&#8221; Ia\u015fi<\/p>\r\n\r\n\r\n\r\n<p>\u00a0Biblioteca Jude\u0163ean\u0103 \u201ePanait Istrati&#8221; Br\u0103ila<\/p>\r\n\r\n\r\n\r\n<ul class=\"wp-block-list\">\r\n<li><a href=\"http:\/\/green.bjbraila.ro\/gsdl\/cgi-bin\/library?site=localhost&amp;a=p&amp;p=about&amp;c=brila&amp;l=ro&amp;w=utf-8\">Colec\u0163ia de Ex libris-uri<\/a><\/li>\r\n\r\n\r\n\r\n<li><a href=\"http:\/\/green.bjbraila.ro\/gsdl\/cgi-bin\/library?site=localhost&amp;a=p&amp;p=about&amp;c=ancheta&amp;l=ro&amp;w=utf-8\">Ancheta, ziarul cu apari\u0163ie periodic\u0103 din anii 1931 &#8211; 1939<\/a><\/li>\r\n<\/ul>\r\n\r\n\r\n\r\n<p>Serverul OAI <a href=\"http:\/\/green.bjbraila.ro\/gsdl\/cgi-bin\/oaiserver.cgi\" target=\"_blank\" rel=\"noreferrer noopener\">http:\/\/green.bjbraila.ro\/gsdl\/cgi-bin\/oaiserver.cgi<\/a><br \/>Biblioteca Jude\u0163ean\u0103 \u201eV.A. Urechia&#8221; Gala\u0163i<\/p>\r\n\r\n\r\n\r\n<ul class=\"wp-block-list\">\r\n<li><a href=\"http:\/\/stone.bvau.ro:8282\/greenstone\/cgi-bin\/library.cgi?site=localhost&amp;a=p&amp;p=about&amp;c=carteve1&amp;l=en&amp;w=utf-8\">Carte veche din colectiile Bibliotecii Judetene \u201eV.A. Urechia&#8221;<\/a><\/li>\r\n\r\n\r\n\r\n<li><a href=\"http:\/\/stone.bvau.ro:8282\/greenstone\/cgi-bin\/library.cgi?site=localhost&amp;a=p&amp;p=about&amp;c=diplome&amp;l=en&amp;w=utf-8\">Diplome din colectiile Bibliotecii Judetene \u201eV.A. Urechia&#8221;<\/a><\/li>\r\n\r\n\r\n\r\n<li><a href=\"http:\/\/stone.bvau.ro:8282\/greenstone\/cgi-bin\/library.cgi?site=localhost&amp;a=p&amp;p=about&amp;c=fotograf&amp;l=en&amp;w=utf-8\">Fotografii din colectiile Bibliotecii Judetene \u201eV.A. Urechia&#8221;<\/a><\/li>\r\n\r\n\r\n\r\n<li><a href=\"http:\/\/stone.bvau.ro:8282\/greenstone\/cgi-bin\/library.cgi?site=localhost&amp;a=p&amp;p=about&amp;c=litograf&amp;l=en&amp;w=utf-8\">Litografii din colectiile Bibliotecii Judetene \u201eV.A. Urechia&#8221;<\/a><\/li>\r\n\r\n\r\n\r\n<li><a href=\"http:\/\/stone.bvau.ro:8282\/greenstone\/cgi-bin\/library.cgi?site=localhost&amp;a=p&amp;p=about&amp;c=manuscri&amp;l=en&amp;w=utf-8\">Manuscrise din colectiile Bibliotecii Judetene \u201eV.A. Urechia&#8221;<\/a><\/li>\r\n<\/ul>\r\n\r\n\r\n\r\n<p>Serverul OAI <a href=\"http:\/\/stone.bvau.ro:8282\/greenstone\/cgi-bin\/oaiserver.cgi\">http:\/\/stone.bvau.ro:8282\/greenstone\/cgi-bin\/oaiserver.cgi<\/a><\/p>\r\n\r\n\r\n\r\n<p>Biblioteca Jude\u0163ean\u0103 Timi\u015f<\/p>\r\n\r\n\r\n\r\n<ul class=\"wp-block-list\">\r\n<li><a href=\"http:\/\/hypatia.bjt.ro\/\">Scriitori din Banat<\/a><\/li>\r\n\r\n\r\n\r\n<li><a href=\"http:\/\/hypatia.bjt.ro\/\">Periodice<\/a><\/li>\r\n<\/ul>\r\n\r\n\r\n\r\n<p>Serverul OAI <a href=\"http:\/\/hypatia.bjt.ro:8080\/repox\/OAIHandler\" target=\"_blank\" rel=\"noreferrer noopener\">http:\/\/hypatia.bjt.ro:8080\/repox\/OAIHandler<\/a><\/p>\r\n\r\n\r\n\r\n<p>Centrul Jude\u0163ean pentru Conservarea \u015fi Promovarea Culturii Tradi\u0163ionale Cluj<\/p>\r\n\r\n\r\n\r\n<ul class=\"wp-block-list\">\r\n<li><a href=\"http:\/\/greenstone.bjc.ro\/greenstone\/cgi-bin\/library.cgi?site=localhost&amp;a=p&amp;p=about&amp;c=cjcpctcc&amp;l=en&amp;w=utf-8\">Tradi\u0163ii clujene \u00een imagini<\/a><\/li>\r\n\r\n\r\n\r\n<li><a href=\"http:\/\/greenstone.bjc.ro\/greenstone\/cgi-bin\/library.cgi?site=localhost&amp;a=p&amp;p=about&amp;c=cjcpctmu&amp;l=en&amp;w=utf-8\">Muzic\u0103 popular\u0103<\/a><\/li>\r\n\r\n\r\n\r\n<li><a href=\"http:\/\/greenstone.bjc.ro\/greenstone\/cgi-bin\/library.cgi?site=localhost&amp;a=p&amp;p=about&amp;c=cjcpctvi&amp;l=en&amp;w=utf-8\">O colec\u0163ie de videoclipuri cu tradi\u0163ii clujene<\/a> \u00a0<\/li>\r\n<\/ul>\r\n\r\n\r\n\r\n<p>\u00a0Muzeul Civiliza\u0163iei Dacice \u015fi Romane, Deva<\/p>\r\n\r\n\r\n\r\n<ul class=\"wp-block-list\">\r\n<li>\u00a0<a href=\"http:\/\/greenstone.bjc.ro\/greenstone\/cgi-bin\/library.cgi?site=localhost&amp;a=p&amp;p=about&amp;c=muzeudev&amp;l=en&amp;w=utf-8\">Istorie local\u0103<\/a><\/li>\r\n<\/ul>\r\n\r\n\r\n\r\n<p>Parteneri noi \u00een cadrul proiectului<\/p>\r\n\r\n\r\n\r\n<p>Biblioteca Jude\u0163ean\u0103 &#8222;Petre Dulfu&#8221; Maramure\u015f\u00a0<\/p>\r\n\r\n\r\n\r\n<ul class=\"wp-block-list\">\r\n<li><a href=\"http:\/\/greenstone.bjc.ro\/greenstone\/cgi-bin\/library.cgi?site=localhost&amp;a=p&amp;p=about&amp;c=documen4&amp;l=ro&amp;w=utf-8\">Documente text \u00een Biblioteca Jude\u0163ean\u0103 &#8222;Petre Dulfu&#8221; Baia-Mare<\/a><\/li>\r\n<\/ul>\r\n\r\n\r\n\r\n<p>Revista Tribuna Cluj<\/p>\r\n\r\n\r\n\r\n<ul class=\"wp-block-list\">\r\n<li><a href=\"http:\/\/greenstone.bjc.ro\/greenstone\/cgi-bin\/library.cgi?site=localhost&amp;a=p&amp;p=about&amp;c=revistat&amp;l=en&amp;w=utf-8\">Colec\u0163ia Revistei Tribuna\u00a0<\/a><\/li>\r\n<\/ul>\r\n","protected":false},"excerpt":{"rendered":"<p>Proiectul E-cultura Biblioteca Digital\u0103 a Rom\u00e2niei (2019-2021) Contribu\u021bia Bibliotecii Jude\u021bene &#8222;Octavian Goga&#8221; Cluj Proiectul Europeana Sport (2020-2022) Contribu\u021bia Bibliotecii Jude\u021bene &#8222;Octavian Goga&#8221; Cluj Proiectul LoCloud (2013-2016) Colec\u0163iile\u00a0Bibliotecii Jude\u0163ene &#8222;Octavian Goga&#8221; Cluj Colec\u0163ia\u00a0Bibliotecii Jude\u0163ene Arad Colec\u0163iile\u00a0Bibliotecii Jude\u0163ean\u0103 Neam\u0163\u00a0\u00a0 \u00a0Colec\u0163ia Bibliotecii Jude\u0163ene &#8222;Astra&#8221; Sibiu\u00a0 \u00a0Colec\u0163ia Bibliotecii Jude\u0163ene &#8222;Alexandru \u015fi Aristia Aman&#8221; Dolj&hellip; <br \/> <a class=\"read-more\" href=\"https:\/\/new.bjc.ro\/?page_id=2004\">Cite\u0219te mai mult<\/a><\/p>\n","protected":false},"author":1,"featured_media":0,"parent":0,"menu_order":0,"comment_status":"closed","ping_status":"closed","template":"","meta":{"_monsterinsights_skip_tracking":false,"_monsterinsights_sitenote_active":false,"_monsterinsights_sitenote_note":"","_monsterinsights_sitenote_category":0,"_EventAllDay":false,"_EventTimezone":"","_EventStartDate":"","_EventEndDate":"","_EventStartDateUTC":"","_EventEndDateUTC":"","_EventShowMap":false,"_EventShowMapLink":false,"_EventURL":"","_EventCost":"","_EventCostDescription":"","_EventCurrencySymbol":"","_EventCurrencyCode":"","_EventCurrencyPosition":"","_EventDateTimeSeparator":"","_EventTimeRangeSeparator":"","_EventOrganizerID":[],"_EventVenueID":[],"_OrganizerEmail":"","_OrganizerPhone":"","_OrganizerWebsite":"","_VenueAddress":"","_VenueCity":"","_VenueCountry":"","_VenueProvince":"","_VenueState":"","_VenueZip":"","_VenuePhone":"","_VenueURL":"","_VenueStateProvince":"","_VenueLat":"","_VenueLng":"","_VenueShowMap":false,"_VenueShowMapLink":false,"footnotes":""},"class_list":["post-2004","page","type-page","status-publish","hentry"],"yoast_head":"<!-- This site is optimized with the Yoast SEO plugin v24.6 - https:\/\/yoast.com\/wordpress\/plugins\/seo\/ -->\n<title>Contribu\u021bia rom\u00e2neasc\u0103 la Biblioteca Digital\u0103 European\u0103\u00a0 - Biblioteca Jude\u021bean\u0103 \u201eOctavian Goga\u201d Cluj<\/title>\n<meta name=\"description\" content=\"Contribu\u021bia rom\u00e2neasc\u0103 la Biblioteca Digital\u0103 European\u0103, proiectele EuropeanaSport, LoCloud, Europeana, EuropeanaLocal\" \/>\n<meta name=\"robots\" content=\"index, follow, max-snippet:-1, max-image-preview:large, max-video-preview:-1\" \/>\n<link rel=\"canonical\" href=\"https:\/\/new.bjc.ro\/?page_id=2004\" \/>\n<meta property=\"og:locale\" content=\"ro_RO\" \/>\n<meta property=\"og:type\" content=\"article\" \/>\n<meta property=\"og:title\" content=\"Contribu\u021bia rom\u00e2neasc\u0103 la Biblioteca Digital\u0103 European\u0103\u00a0 - Biblioteca Jude\u021bean\u0103 \u201eOctavian Goga\u201d Cluj\" \/>\n<meta property=\"og:description\" content=\"Contribu\u021bia rom\u00e2neasc\u0103 la Biblioteca Digital\u0103 European\u0103, proiectele EuropeanaSport, LoCloud, Europeana, EuropeanaLocal\" \/>\n<meta property=\"og:url\" content=\"https:\/\/new.bjc.ro\/?page_id=2004\" \/>\n<meta property=\"og:site_name\" content=\"Biblioteca Jude\u021bean\u0103 \u201eOctavian Goga\u201d Cluj\" \/>\n<meta property=\"article:publisher\" content=\"https:\/\/www.facebook.com\/bibliotecacluj\/\" \/>\n<meta property=\"article:modified_time\" content=\"2024-05-17T05:41:38+00:00\" \/>\n<meta property=\"og:image\" content=\"https:\/\/new.bjc.ro\/wp-content\/uploads\/2023\/01\/IMG_5597-1.jpg\" \/>\n\t<meta property=\"og:image:width\" content=\"2000\" \/>\n\t<meta property=\"og:image:height\" content=\"1333\" \/>\n\t<meta property=\"og:image:type\" content=\"image\/jpeg\" \/>\n<meta name=\"twitter:card\" content=\"summary_large_image\" \/>\n<meta name=\"twitter:site\" content=\"@BibliotecaGoga\" \/>\n<meta name=\"twitter:label1\" content=\"Timp estimat pentru citire\" \/>\n\t<meta name=\"twitter:data1\" content=\"3 minute\" \/>\n<script type=\"application\/ld+json\" class=\"yoast-schema-graph\">{\"@context\":\"https:\/\/schema.org\",\"@graph\":[{\"@type\":\"WebPage\",\"@id\":\"https:\/\/new.bjc.ro\/?page_id=2004\",\"url\":\"https:\/\/new.bjc.ro\/?page_id=2004\",\"name\":\"Contribu\u021bia rom\u00e2neasc\u0103 la Biblioteca Digital\u0103 European\u0103\u00a0 - Biblioteca Jude\u021bean\u0103 \u201eOctavian Goga\u201d Cluj\",\"isPartOf\":{\"@id\":\"https:\/\/new.bjc.ro\/#website\"},\"datePublished\":\"2022-11-01T10:52:03+00:00\",\"dateModified\":\"2024-05-17T05:41:38+00:00\",\"description\":\"Contribu\u021bia rom\u00e2neasc\u0103 la Biblioteca Digital\u0103 European\u0103, proiectele EuropeanaSport, LoCloud, Europeana, EuropeanaLocal\",\"breadcrumb\":{\"@id\":\"https:\/\/new.bjc.ro\/?page_id=2004#breadcrumb\"},\"inLanguage\":\"ro-RO\",\"potentialAction\":[{\"@type\":\"ReadAction\",\"target\":[\"https:\/\/new.bjc.ro\/?page_id=2004\"]}]},{\"@type\":\"BreadcrumbList\",\"@id\":\"https:\/\/new.bjc.ro\/?page_id=2004#breadcrumb\",\"itemListElement\":[{\"@type\":\"ListItem\",\"position\":1,\"name\":\"Home\",\"item\":\"https:\/\/new.bjc.ro\/\"},{\"@type\":\"ListItem\",\"position\":2,\"name\":\"Contribu\u021bia rom\u00e2neasc\u0103 la Biblioteca Digital\u0103 European\u0103\u00a0\"}]},{\"@type\":\"WebSite\",\"@id\":\"https:\/\/new.bjc.ro\/#website\",\"url\":\"https:\/\/new.bjc.ro\/\",\"name\":\"Biblioteca Jude\u021bean\u0103 \u201eOctavian Goga\u201d Cluj\",\"description\":\"\",\"publisher\":{\"@id\":\"https:\/\/new.bjc.ro\/#organization\"},\"alternateName\":\"Biblioteca Jude\u021bean\u0103 Cluj\",\"potentialAction\":[{\"@type\":\"SearchAction\",\"target\":{\"@type\":\"EntryPoint\",\"urlTemplate\":\"https:\/\/new.bjc.ro\/?s={search_term_string}\"},\"query-input\":{\"@type\":\"PropertyValueSpecification\",\"valueRequired\":true,\"valueName\":\"search_term_string\"}}],\"inLanguage\":\"ro-RO\"},{\"@type\":\"Organization\",\"@id\":\"https:\/\/new.bjc.ro\/#organization\",\"name\":\"Biblioteca Jude\u021bean\u0103 \u201eOctavian Goga\u201d Cluj\",\"url\":\"https:\/\/new.bjc.ro\/\",\"logo\":{\"@type\":\"ImageObject\",\"inLanguage\":\"ro-RO\",\"@id\":\"https:\/\/new.bjc.ro\/#\/schema\/logo\/image\/\",\"url\":\"https:\/\/new.bjc.ro\/wp-content\/uploads\/2023\/03\/sigle.jpg\",\"contentUrl\":\"https:\/\/new.bjc.ro\/wp-content\/uploads\/2023\/03\/sigle.jpg\",\"width\":630,\"height\":473,\"caption\":\"Biblioteca Jude\u021bean\u0103 \u201eOctavian Goga\u201d Cluj\"},\"image\":{\"@id\":\"https:\/\/new.bjc.ro\/#\/schema\/logo\/image\/\"},\"sameAs\":[\"https:\/\/www.facebook.com\/bibliotecacluj\/\",\"https:\/\/x.com\/BibliotecaGoga\",\"https:\/\/www.instagram.com\/biblioteca_judeteana_cluj\/\",\"https:\/\/www.youtube.com\/user\/BibliotecaGoga\"]}]}<\/script>\n<!-- \/ Yoast SEO plugin. -->","yoast_head_json":{"title":"Contribu\u021bia rom\u00e2neasc\u0103 la Biblioteca Digital\u0103 European\u0103\u00a0 - Biblioteca Jude\u021bean\u0103 \u201eOctavian Goga\u201d Cluj","description":"Contribu\u021bia rom\u00e2neasc\u0103 la Biblioteca Digital\u0103 European\u0103, proiectele EuropeanaSport, LoCloud, Europeana, EuropeanaLocal","robots":{"index":"index","follow":"follow","max-snippet":"max-snippet:-1","max-image-preview":"max-image-preview:large","max-video-preview":"max-video-preview:-1"},"canonical":"https:\/\/new.bjc.ro\/?page_id=2004","og_locale":"ro_RO","og_type":"article","og_title":"Contribu\u021bia rom\u00e2neasc\u0103 la Biblioteca Digital\u0103 European\u0103\u00a0 - Biblioteca Jude\u021bean\u0103 \u201eOctavian Goga\u201d Cluj","og_description":"Contribu\u021bia rom\u00e2neasc\u0103 la Biblioteca Digital\u0103 European\u0103, proiectele EuropeanaSport, LoCloud, Europeana, EuropeanaLocal","og_url":"https:\/\/new.bjc.ro\/?page_id=2004","og_site_name":"Biblioteca Jude\u021bean\u0103 \u201eOctavian Goga\u201d Cluj","article_publisher":"https:\/\/www.facebook.com\/bibliotecacluj\/","article_modified_time":"2024-05-17T05:41:38+00:00","og_image":[{"width":2000,"height":1333,"url":"https:\/\/new.bjc.ro\/wp-content\/uploads\/2023\/01\/IMG_5597-1.jpg","type":"image\/jpeg"}],"twitter_card":"summary_large_image","twitter_site":"@BibliotecaGoga","twitter_misc":{"Timp estimat pentru citire":"3 minute"},"schema":{"@context":"https:\/\/schema.org","@graph":[{"@type":"WebPage","@id":"https:\/\/new.bjc.ro\/?page_id=2004","url":"https:\/\/new.bjc.ro\/?page_id=2004","name":"Contribu\u021bia rom\u00e2neasc\u0103 la Biblioteca Digital\u0103 European\u0103\u00a0 - Biblioteca Jude\u021bean\u0103 \u201eOctavian Goga\u201d Cluj","isPartOf":{"@id":"https:\/\/new.bjc.ro\/#website"},"datePublished":"2022-11-01T10:52:03+00:00","dateModified":"2024-05-17T05:41:38+00:00","description":"Contribu\u021bia rom\u00e2neasc\u0103 la Biblioteca Digital\u0103 European\u0103, proiectele EuropeanaSport, LoCloud, Europeana, EuropeanaLocal","breadcrumb":{"@id":"https:\/\/new.bjc.ro\/?page_id=2004#breadcrumb"},"inLanguage":"ro-RO","potentialAction":[{"@type":"ReadAction","target":["https:\/\/new.bjc.ro\/?page_id=2004"]}]},{"@type":"BreadcrumbList","@id":"https:\/\/new.bjc.ro\/?page_id=2004#breadcrumb","itemListElement":[{"@type":"ListItem","position":1,"name":"Home","item":"https:\/\/new.bjc.ro\/"},{"@type":"ListItem","position":2,"name":"Contribu\u021bia rom\u00e2neasc\u0103 la Biblioteca Digital\u0103 European\u0103\u00a0"}]},{"@type":"WebSite","@id":"https:\/\/new.bjc.ro\/#website","url":"https:\/\/new.bjc.ro\/","name":"Biblioteca Jude\u021bean\u0103 \u201eOctavian Goga\u201d Cluj","description":"","publisher":{"@id":"https:\/\/new.bjc.ro\/#organization"},"alternateName":"Biblioteca Jude\u021bean\u0103 Cluj","potentialAction":[{"@type":"SearchAction","target":{"@type":"EntryPoint","urlTemplate":"https:\/\/new.bjc.ro\/?s={search_term_string}"},"query-input":{"@type":"PropertyValueSpecification","valueRequired":true,"valueName":"search_term_string"}}],"inLanguage":"ro-RO"},{"@type":"Organization","@id":"https:\/\/new.bjc.ro\/#organization","name":"Biblioteca Jude\u021bean\u0103 \u201eOctavian Goga\u201d Cluj","url":"https:\/\/new.bjc.ro\/","logo":{"@type":"ImageObject","inLanguage":"ro-RO","@id":"https:\/\/new.bjc.ro\/#\/schema\/logo\/image\/","url":"https:\/\/new.bjc.ro\/wp-content\/uploads\/2023\/03\/sigle.jpg","contentUrl":"https:\/\/new.bjc.ro\/wp-content\/uploads\/2023\/03\/sigle.jpg","width":630,"height":473,"caption":"Biblioteca Jude\u021bean\u0103 \u201eOctavian Goga\u201d Cluj"},"image":{"@id":"https:\/\/new.bjc.ro\/#\/schema\/logo\/image\/"},"sameAs":["https:\/\/www.facebook.com\/bibliotecacluj\/","https:\/\/x.com\/BibliotecaGoga","https:\/\/www.instagram.com\/biblioteca_judeteana_cluj\/","https:\/\/www.youtube.com\/user\/BibliotecaGoga"]}]}},"_links":{"self":[{"href":"https:\/\/new.bjc.ro\/index.php?rest_route=\/wp\/v2\/pages\/2004","targetHints":{"allow":["GET"]}}],"collection":[{"href":"https:\/\/new.bjc.ro\/index.php?rest_route=\/wp\/v2\/pages"}],"about":[{"href":"https:\/\/new.bjc.ro\/index.php?rest_route=\/wp\/v2\/types\/page"}],"author":[{"embeddable":true,"href":"https:\/\/new.bjc.ro\/index.php?rest_route=\/wp\/v2\/users\/1"}],"replies":[{"embeddable":true,"href":"https:\/\/new.bjc.ro\/index.php?rest_route=%2Fwp%2Fv2%2Fcomments&post=2004"}],"version-history":[{"count":21,"href":"https:\/\/new.bjc.ro\/index.php?rest_route=\/wp\/v2\/pages\/2004\/revisions"}],"predecessor-version":[{"id":9115,"href":"https:\/\/new.bjc.ro\/index.php?rest_route=\/wp\/v2\/pages\/2004\/revisions\/9115"}],"wp:attachment":[{"href":"https:\/\/new.bjc.ro\/index.php?rest_route=%2Fwp%2Fv2%2Fmedia&parent=2004"}],"curies":[{"name":"wp","href":"https:\/\/api.w.org\/{rel}","templated":true}]}}