{"id":297,"date":"2022-08-09T11:42:49","date_gmt":"2022-08-09T11:42:49","guid":{"rendered":"https:\/\/new.bjc.ro\/?page_id=297"},"modified":"2026-02-03T11:29:18","modified_gmt":"2026-02-03T09:29:18","slug":"biblioteca-in-timp","status":"publish","type":"page","link":"https:\/\/new.bjc.ro\/?page_id=297","title":{"rendered":"Biblioteca \u00een timp"},"content":{"rendered":"\r\n<p>Biblioteca Jude\u021bean\u0103 &#8222;Octavian Goga&#8221; Cluj este continuatoarea unei bogate tradi\u021bii de lectur\u0103 public\u0103 la Cluj (sec. XIX), iar \u00een decursul anilor a reu\u0219it s\u0103-\u0219i dezvolte colec\u021biile cu caracter enciclopedic \u0219i serviciile oferite utilizatorilor, devenind azi una dintre cele mai mari \u0219i importante biblioteci publice jude\u021bene din Rom\u00e2nia. De la \u00eenfiin\u021barea ei biblioteca a func\u021bionat \u00een diferite localuri \u0219i sub diferite denumiri:<\/p>\r\n\r\n\r\n\r\n<ul class=\"wp-block-list\">\r\n<li>Biblioteca Popular\u0103 \u00eenfiin\u021bat\u0103 de stat \u00een 1921 &#8211; \u00een cadrul Universit\u0103\u021bii &#8222;Regele Ferdinand I&#8221;<\/li>\r\n\r\n\r\n\r\n<li>Biblioteca a Consiliului Jude\u021bean al Sindicatelor &#8211; pe strada Emile Zola nr. 1 (1949)<\/li>\r\n\r\n\r\n\r\n<li>Biblioteca Popular\u0103 a Municipiului Cluj &#8211; \u00een P-\u021ba Libert\u0103\u021bii nr. 2 (1949)<\/li>\r\n\r\n\r\n\r\n<li>Biblioteca Central\u0103 Regional\u0103 &#8211; \u00een P-\u021ba Malinovsky nr. 5 (azi P-\u021ba A. Iancu) (1950) \u0219i \u00een P-\u021ba \u0218tefan cel Mare nr. 1<\/li>\r\n\r\n\r\n\r\n<li>Biblioteca Municipal\u0103 (1963) \u0219i ca Biblioteca Jude\u021bean\u0103 &#8211; \u00een P-ta \u0218tefan cel Mare nr. 1 \u00een Palatul Culturii (1956) fostul Palat al Justi\u021biei.<\/li>\r\n<\/ul>\r\n\r\n\r\n\r\n<p>\u00cen timp istoria ei este marcat\u0103 de evenimente \u0219i etape de dezvoltare care \u00eei contureaz\u0103 evolu\u021bia:<\/p>\r\n\r\n\r\n\r\n<p><strong>1921 <\/strong>&#8211; se \u00eenfiin\u021beaz\u0103 ca sec\u021bie de bibliotec\u0103 pentru publicul larg \u00een cadrul Universit\u0103\u021bii &#8222;Regele Ferdinand I&#8221;<\/p>\r\n\r\n\r\n\r\n<p><strong>1951<\/strong> &#8211; se \u00eenfiin\u021beaz\u0103 ca Biblioteca Central\u0103 Regional\u0103 Cluj cu un fond de 12.651 documente \u0219i cu 2.466 cititori la sf\u00e2r\u0219itul primului an<\/p>\r\n\r\n\r\n\r\n<p><strong>1972<\/strong> &#8211; organizeaz\u0103 prima edi\u021bie a concursului de desene &#8222;Eroii c\u0103r\u021bilor citite&#8221;<\/p>\r\n\r\n\r\n\r\n<p><strong>1979<\/strong> &#8211; \u00eenfiin\u021beaz\u0103 Cenaclul &#8222;Satiricon&#8221; al epigrami\u0219tilor clujeni \u015fi organizeaz\u0103 prima edi\u021bie a Festivalului Na\u021bional &#8222;Eterna Epigrama&#8221;<\/p>\r\n\r\n\r\n\r\n<p><strong>1988<\/strong> &#8211; organizeaz\u0103 prima edi\u021bie a Simpozionului Na\u021bional &#8222;Carte-Cultur\u0103-Cunoa\u0219tere&#8221;, care promoveaz\u0103 biblioteconomia, cultura c\u0103r\u021bii \u0219i \u0219tiin\u021ba inform\u0103rii- are loc prima edi\u021bie a Festivalului Interna\u021bional de Poezie &#8222;Lucian Blaga&#8221;<\/p>\r\n\r\n\r\n\r\n<p>&#8211; organizeaz\u0103 primul Salon Na\u021bional de Carte \u0219i Publica\u021bii Literare din Rom\u00e2nia<\/p>\r\n\r\n\r\n\r\n<p>&#8211; \u00eenfiin\u021beaz\u0103, la Chi\u0219in\u0103u, Biblioteca &#8222;Transilvania&#8221; &#8211; prima bibliotec\u0103 de carte rom\u00e2neasc\u0103 din Basarabia<\/p>\r\n\r\n\r\n\r\n<p><strong>1992<\/strong> &#8211; se atribuie numele poetului Octavian Goga Bibliotecii Jude\u021bene Cluj<br \/>&#8211; demareaz\u0103 procesul de prelucrare informatizat\u0103 a colec\u021biilor<\/p>\r\n\r\n\r\n\r\n<p><strong>1995<\/strong> &#8211; are loc prima edi\u021bie a manifest\u0103rilor &#8222;Zilele Bibliotecilor de Cartier&#8221;<br \/>&#8211; \u00eencepe construc\u021bia sediului nou al Bibliotecii Jude\u021bene, cu o suprafa\u021b\u0103 total\u0103 de 5.040 m.p.<\/p>\r\n\r\n\r\n\r\n<p><strong>1997<\/strong> &#8211; \u00eenfiin\u021beaz\u0103 primul Centru de Informare Comunitar\u0103 din Rom\u00e2nia<\/p>\r\n\r\n\r\n\r\n<p><strong>1998-2000<\/strong> &#8211; coordoneaz\u0103 Programul Na\u021bional Performan\u021be Romane\u0219ti \u00een Bibliotecile Publice PROBIP &#8211; 2000 pentru statistica de bibliotec\u0103 \u0219i indicatori de performan\u021b\u0103<\/p>\r\n\r\n\r\n\r\n<p><strong>1999<\/strong> &#8211; particip\u0103 la coordonarea Programului Na\u021bional de Automatizare \u0219i Dezvoltare a serviciilor \u00een bibliotecile publice<\/p>\r\n\r\n\r\n\r\n<p><strong>2001<\/strong> &#8211; inaugureaz\u0103 Re\u021beaua Metropolitan\u0103 de mare vitez\u0103, prin conectarea sediului central cu toate sec\u021biile \u0219i filialele din municipiu<\/p>\r\n\r\n\r\n\r\n<p><strong>2002<\/strong> &#8211; inaugureaz\u0103 nou\u0103 sec\u021bie pentru copii \u0219i Ludoteca<br \/>&#8211; inaugureaz\u0103 edificiul nou al bibliotecii<br \/>&#8211; inaugureaz\u0103 primul Centru Public de Informare NATO din Rom\u00e2nia<\/p>\r\n\r\n\r\n\r\n<p><strong>2003<\/strong> &#8211; este vizitat\u0103 de pre\u0219edintele Rom\u00e2niei, domnul Ion Iliescu \u0219i de primul-ministrul al Rom\u00e2niei, domnul Adrian N\u0103stase. A fost lansat\u0103 pagina web a bibliotecii.<\/p>\r\n\r\n\r\n\r\n<p><strong>2004<\/strong> &#8211; este reluat\u0103 apari\u021bia revistei bibliotecii &#8222;Lectura&#8221;<\/p>\r\n\r\n\r\n\r\n<p><strong>2005-2006<\/strong> &#8211; particip\u0103, ca partener \u00een proiectul european LIBER-IMMS: <em>Servicii interactive de transmitere de mesaje prin internet \u0219i telefonie mobil\u0103, bazate pe tehnologia de identificare prin radio frecven\u021b\u0103 (RFID)<\/em><\/p>\r\n\r\n\r\n\r\n<p><strong>2006<\/strong> &#8211; Biblioteca deschide, cu sprijinul Ambasadei SUA la Bucure\u0219ti, <a href=\"https:\/\/new.bjc.ro\/?page_id=2436\">Centrul de informare \u0219i resurse American Corner Cluj-Napoca<\/a><\/p>\r\n\r\n\r\n\r\n<p><strong>2006 <\/strong>&#8211; Din luna decembrie biblioteca este certificat\u0103 pentru<em> Sistemul de Management al Calit\u0103\u021bii<\/em> conform ISO 9001:2000.<\/p>\r\n\r\n\r\n\r\n<p><strong>2007<\/strong> &#8211; Inaugureaz\u0103 <a href=\"https:\/\/new.bjc.ro\/?page_id=2459\">Serviciul de Bibliotec\u0103 Mobil\u0103<\/a> \u00een Jude\u021bul Cluj<\/p>\r\n\r\n\r\n\r\n<p><strong>2008 &#8211;<\/strong> Este partener coordonator pe \u021bar\u0103 \u00een proiectele europene ENTITLE \u0219i Europeana Local (fost\u00a0EDLocal).\u00a0<\/p>\r\n\r\n\r\n\r\n<p><strong>2009<\/strong>\u00a0\u00a0<\/p>\r\n\r\n\r\n\r\n<ul class=\"wp-block-list\">\r\n<li>\u00cen 1 iunie se lanseaz\u0103 <strong><em>Blogul copiilor<\/em><\/strong><\/li>\r\n\r\n\r\n\r\n<li>La 1 septembrie se deschide\u00a0<strong>Sec\u021bia de \u00eemprumut pentru adul\u021bi<\/strong> \u00een spa\u021biile destinate\u00a0din sediul central al bibliotecii. Colec\u021biile sunt expuse \u00een propor\u021bie de 100% la raftul liber.<\/li>\r\n\r\n\r\n\r\n<li>Din 9 noiembrie se deschide <em>Sala de referin\u021be<\/em> \u00een sediul central al bibliotecii, parter-vest<\/li>\r\n<\/ul>\r\n\r\n\r\n\r\n<p>\u00a0<strong>2010<\/strong>\u00a0<\/p>\r\n\r\n\r\n\r\n<ul class=\"wp-block-list\">\r\n<li>Din 4 ianuarie se deschid s\u0103lile de lectur\u0103 \u0219i informare la etajul 1, 2 \u0219i 3, pe tronsonul de vest al sediului central. Sunt accesibile peste 40.000 de documente \u00een acces liber.<\/li>\r\n\r\n\r\n\r\n<li>Tot \u00een luna ianuarie se lanseaz\u0103 Programul &#8222;Ora Pove\u0219tilor&#8221; la Sec\u021bia pentru copii \u0219i la Filiala &#8222;Traian Brad&#8221;.\u00a0<\/li>\r\n\r\n\r\n\r\n<li>Biblioteca devine partener al OMPI \u00een programul de promovare a publica\u021biilor acestei organiza\u021bii.<\/li>\r\n\r\n\r\n\r\n<li>Jude\u021bul Cluj este acceptat \u00een programul <em>Biblionet<\/em> al Funda\u021biei Bill &amp; Melinda Gates<\/li>\r\n\r\n\r\n\r\n<li>\u00cen 21 decembrie au fost inaugurate toate s\u0103lile de studiu \u0219i lectur\u0103 din sediul central, \u00een prezen\u021ba domnului Alin Ti\u0219e, pre\u0219edinte al Consiliului Jude\u021bean Cluj \u0219i a domnului Radu Bica, vicepre\u0219edinte.<\/li>\r\n<\/ul>\r\n\r\n\r\n\r\n<p><strong>2011<\/strong><\/p>\r\n\r\n\r\n\r\n<ul class=\"wp-block-list\">\r\n<li>Lansarea programelor pentru copii &#8222;<em>Citesc o carte \u00eempreun\u0103 cu copilul meu<\/em>&#8221; \u0219i &#8222;<em>Ora\u0219ul bunicului meu<\/em>&#8222;<\/li>\r\n\r\n\r\n\r\n<li>Demararea proiectului &#8222;Istoria local\u0103 @ biblioteca ta public\u0103&#8221; finan\u021bat de\u00a0<\/li>\r\n\r\n\r\n\r\n<li>Aniversarea a 20 de ani de la inaugurarea Bibliotecii TRANSILVANIA din Chi\u0219in\u0103u<\/li>\r\n<\/ul>\r\n\r\n\r\n\r\n<p><strong>2012<\/strong><\/p>\r\n\r\n\r\n\r\n<ul class=\"wp-block-list\">\r\n<li>Lansarea paginii adolescen\u021bilor AdolescenTEEN<\/li>\r\n\r\n\r\n\r\n<li>\u00cen 1 ianuarie demareaz\u0103 proiectul:\u00a0Europeana Awareness\u00a0<\/li>\r\n\r\n\r\n\r\n<li>Din iunie se trece la un nou soft de bibliotec\u0103, Qulto, care va oferi utilizatorilor mai multe facilit\u0103\u021bi moderne.<\/li>\r\n<\/ul>\r\n\r\n\r\n\r\n<p><strong>\u00a02013<\/strong>\u00a0<\/p>\r\n\r\n\r\n\r\n<ul class=\"wp-block-list\">\r\n<li>Din 1 martie a demarat proiectul European Locloud<\/li>\r\n\r\n\r\n\r\n<li>Inaugurarea, \u00een 12 martie, a primei sec\u021bii dedicate adolescen\u021bilor \u0219i tinerilor adul\u021bi din bibliotecile publice rom\u00e2ne\u0219ti.<\/li>\r\n<\/ul>\r\n\r\n\r\n\r\n<p><strong>\u00a02014<\/strong>\u00a0<\/p>\r\n\r\n\r\n\r\n<ul class=\"wp-block-list\">\r\n<li>\u00cen 30 ianuarie s-a lansat Proiectul Na\u021bional &#8222;B\u0103t\u0103lia c\u0103r\u021bilor&#8221;, proiect realizat \u00een parteneriat cu Asocia\u021bia Na\u021bional\u0103 a Bibliotecarilor \u0219i Bibliotecilor Publice din Rom\u00e2nia (ANBPR) la ini\u021biativa bibliotecii clujene<\/li>\r\n<\/ul>\r\n\r\n\r\n\r\n<p><strong>\u00a02015<\/strong>\u00a0<\/p>\r\n\r\n\r\n\r\n<ul class=\"wp-block-list\">\r\n<li>\u00a0\u00cencepe implementarea facilit\u0103\u021bilor bazate pe tehnologiei RFID, mai \u00eent\u00e2i la sediul central<\/li>\r\n<\/ul>\r\n\r\n\r\n\r\n<p><strong>2016<\/strong>\u00a0<\/p>\r\n\r\n\r\n\r\n<ul class=\"wp-block-list\">\r\n<li>Filiala Zorilor a bibliotecii este complet renovat\u0103, remobilat\u0103\u00a0\u0219i dotat\u0103 cu tehnologia de ultim\u0103 or\u0103<\/li>\r\n\r\n\r\n\r\n<li>demareaz\u0103 proiectul european\u00a0<strong>Family Literacy Works!<\/strong>, derulat \u00een cadrul Programului Erasmus+, proiect ce promoveaz\u0103 litera\u021bia pentru familie<\/li>\r\n<\/ul>\r\n\r\n\r\n\r\n<p><strong>2017<\/strong><\/p>\r\n\r\n\r\n\r\n<ul class=\"wp-block-list\">\r\n<li>Este ini\u021biat <em>Clubul de filosofie pentru copii, <\/em>propus bibliotecii de c\u0103tre d-na conf. univ. dr. Mihaela Frunz\u0103.<\/li>\r\n<\/ul>\r\n\r\n\r\n\r\n<p><strong>2018<\/strong><\/p>\r\n\r\n\r\n\r\n<ul class=\"wp-block-list\">\r\n<li>\u00cen 1 februarie 2018, \u00een 40-lea an de la \u00eenfiin\u021bare, s-a redeschis Filiala \u201eTraian Brad&#8221;, \u00een urma lucr\u0103rilor de reabilitare termic\u0103 efectuate \u00een anul 2017.\u00a0\u00a0<\/li>\r\n\r\n\r\n\r\n<li>Activitatea Bibliotecii a fost apreciat\u0103 prin acordarea diplomei &#8222;Onoare pentru Cluj 2018&#8221; de c\u0103tre Institu\u021bia Prefectului Cluj.<\/li>\r\n\r\n\r\n\r\n<li>\u00cen 17 septembrie 2018 se deschide o nou\u0103 filial\u0103 \u00eentr-unul dintre cele mai vechi cartiere ale municipiului, cartierul Grigorescu &#8211; <strong><em>Filiala Grigorescu.<\/em><\/strong><\/li>\r\n<\/ul>\r\n\r\n\r\n\r\n<p><strong>2019<\/strong>\u00a0\u00a0<\/p>\r\n\r\n\r\n\r\n<ul class=\"wp-block-list\">\r\n<li>Sub egida Anului C\u0103r\u021bii, \u00a0\u00een data de 21 martie a avut loc inaugurarea S\u0103lii multiculturale cu un fond de documente \u00een limbile maghiar\u0103, francez\u0103 \u0219i polonez\u0103.\u00a0<\/li>\r\n\r\n\r\n\r\n<li>Au fost inaugurate mini-biblioteci \u00een aer liber \u00een Parcul Sportiv Universitar \u201eDr. Iuliu Ha\u021bieganu&#8221;, rezultat al colabor\u0103rii dintre Biblioteca Jude\u021bean\u0103 \u0219i Universitatea \u201eBabe\u0219-Bolyai&#8221;.<\/li>\r\n\r\n\r\n\r\n<li>Sub coordonarea Centrului de Formare Profesional\u0103 al Bibliotecii Jude\u021bene &#8222;Octavian Goga&#8221; Cluj apare volumul &#8222;Biblioteconomie pentru \u00eencep\u0103tori&#8221;.<\/li>\r\n\r\n\r\n\r\n<li>Este\u00a0renovat\u0103\u00a0integral\u00a0Ludoteca\u00a0Filialei\u00a0&#8222;Traian\u00a0Brad&#8221;.\u00a0 \u00a0\u00a0<\/li>\r\n\r\n\r\n\r\n<li>Este organizat\u0103 prima edi\u021bie a <em>Festivalului C\u0103r\u021bii pentru Copii<\/em> \u00een perioada 20-22 septembrie.\u00a0 \u00a0 \u00a0<\/li>\r\n<\/ul>\r\n\r\n\r\n\r\n<p><strong>2020<\/strong><\/p>\r\n\r\n\r\n\r\n<ul class=\"wp-block-list\">\r\n<li>Activitatea bibliotecii este afectat\u0103 de pandemia de COVID-19, \u00een perioada 12 martie- 15 mai 2020, pe perioada st\u0103rii de urgen\u021b\u0103 biblioteca este \u00eenchis\u0103 pentru public.<\/li>\r\n\r\n\r\n\r\n<li>Din 17 mai se reia activitatea \u00een condi\u021bii speciale: spa\u021bii deschise f\u0103r\u0103 acces liber la raft, restituirea documentelor \u00eentr-un singur punct la sediul central, carantinarea documentelor, purtarea m\u0103\u0219tii, distan\u021bare fizic\u0103, evenimentele sunt organizate preponderent online.<\/li>\r\n\r\n\r\n\r\n<li>Serviciile de bibliotec\u0103 s-au focusat pe cele oferite de la distan\u021b\u0103 \u00een mediul online.<\/li>\r\n\r\n\r\n\r\n<li>A fost creat \u0219i postat pe pagina web a bibliotecii un <em>Mic ghid al utiliz\u0103rii serviciilor de bibliotec\u0103 \u00een pandemie.<\/em><\/li>\r\n\r\n\r\n\r\n<li>A fost creat \u00eencep\u00e2nd cu luna august un <em>Buletin informativ lunar<\/em> ce cuprinde nout\u0103\u021bile din activitatea bibliotecii.<\/li>\r\n\r\n\r\n\r\n<li>A fost achizi\u021bionat un aparat de sterilizat documente, astfel, documentele restituite au putut fi igienizate \u0219i repuse \u00een circula\u021bie mult mai rapid.<\/li>\r\n\r\n\r\n\r\n<li>A continuat activitatea de digitalizare a documentelor de bibliotec\u0103, astfel \u00eenc\u00e2t, la sf\u00e2r\u0219itul anului colec\u021bia <strong><em>Bibliotecii Digitale<\/em><\/strong> cuprindea un num\u0103r de aproape 10.000 de titluri disponibile online prin intermediul catalogului electronic \u0219i care permit c\u0103utarea Fulltext pentru utilizatorii biblioteci.<\/li>\r\n\r\n\r\n\r\n<li>A fost dezvoltat \u0219i restructurat Blogul copiilor <em>\u00centre noi copiii&#8230;<\/em><\/li>\r\n<\/ul>\r\n\r\n\r\n\r\n<p>\u00a0<strong>2021<\/strong><\/p>\r\n\r\n\r\n\r\n<ul class=\"wp-block-list\">\r\n<li>\u00cen data de 14 mai a avut loc, \u00een condi\u021bii de restric\u021bii impuse de pandemia Covid 19, evenimentul festiv <em>\u201e100 de ani de lectur\u0103 public\u0103 la Cluj-Napoca&#8221;<\/em> &#8211; cu participarea oficialit\u0103\u021bilor \u0219i bibliotecarilor din alte biblioteci clujene, urmat de lansarea concursului \u201eCutreier Clujul&#8221; \u0219i decernarea premiilor pentru colaboratorii \u0219i voluntarii bibliotecii.<\/li>\r\n\r\n\r\n\r\n<li>\u00cen data de 18 iunie 2021 a avut loc lansarea antologiei \u00een dou\u0103 volume \u201eBiblioteca Jude\u021bean\u0103 \u201eOctavian Goga&#8221; Cluj &#8211; dou\u0103 decenii de istorie: 2000-2020&#8243;.<\/li>\r\n\r\n\r\n\r\n<li>Personalul bibliotecii a desf\u0103\u0219urat activit\u0103\u021bi \u00een cadrul urm\u0103toarelor proiecte: E-Cultura, CROSS-Creating other study spaces, Work 4.0, Europeana sports.<\/li>\r\n\r\n\r\n\r\n<li>\u00cen perioada 30 iunie-4 august se deruleaz\u0103 o serie de ateliere de scriere creativ\u0103 pentru copii, sub genericul \u201eC\u0103l\u0103torii imaginare printr-un secol de bibliotec\u0103&#8221;.<\/li>\r\n\r\n\r\n\r\n<li><strong><em>Biblioteca Digital\u0103<\/em><\/strong> se dezvolt\u0103 \u00een continuare, ajung\u00e2nd la peste 14.500 de \u00eenregistr\u0103ri.<\/li>\r\n\r\n\r\n\r\n<li>\u00cencep\u00e2nd cu data de 4 octombrie 2021, programul Filialei &#8222;Traian Brad&#8221; este extins de la 8 la 12 ore pe zi.<\/li>\r\n\r\n\r\n\r\n<li>Din luna octombrie, \u00een toate filialele bibliotecii se ofer\u0103 asisten\u021b\u0103 gratuit\u0103 pentru generarea \u00een format digital sau imprimat a certificatului COVID.<\/li>\r\n\r\n\r\n\r\n<li>\u00cen perioada 23-25 noiembrie 2021 \u00een mediul on-line, are loc cea de-a doua edi\u021bie a <em>Festivalului C\u0103r\u021bii pentru Copii.<\/em><\/li>\r\n\r\n\r\n\r\n<li>Sunt dotate cu sterilizatoare de documente Filiala Zorilor \u0219i Filiala &#8222;Traian Brad&#8221;.<\/li>\r\n<\/ul>\r\n<p>\u00a0<strong>2022<\/strong><\/p>\r\n<ul>\r\n<li>A continuat modernizarea Filialei \u201eTraian Brad\u201d, spa\u021biul devenind mult mai deschis, iar ambian\u021ba mult mai pl\u0103cut\u0103.<\/li>\r\n<li>A fost creat \u0219i dezvoltat<strong><em> Blogul cititorilor adul\u021bi<\/em><\/strong>.<\/li>\r\n<li>Cu ocazia <strong><em>Zilei Interna\u021bionale a C\u0103r\u021bii \u0219i a Drepturilor de Autor<\/em><\/strong> Biblioteca Jude\u021bean\u0103 \u201eOctavian Goga&#8221; Cluj a inaugurat 3 mini-biblioteci \u00een incinta Gr\u0103dinii Botanice \u201eAlexandru Borza\u201d.<\/li>\r\n<li>Odat\u0103 cu \u00eenceperea r\u0103zboiului din Ucraina \u0219i ajungerea la Cluj a refugia\u021bilor ucraineni, biblioteca a organizat mai multe activit\u0103\u021bi care s\u0103 vin\u0103 \u00een sprijinul acestora, contribuind la integrarea lor mai u\u0219oar\u0103 \u00een comunitatea clujean\u0103.<\/li>\r\n<li>\u00cen perioada 17-18 mai 2022 are loc <strong><em>Festivalul Interna\u021bional \u201eLucian Blaga\u201d, edi\u0163ia a 30-a.<\/em><\/strong><\/li>\r\n<li>Concursul de desene <strong>\u201eEroii c\u0103r\u0163ilor citite\u201d,<\/strong> organizat anual cu ocazia Zilei Interna\u0163ionale a Copilului, a \u00eemplinit 50 de ani de la prima edi\u021bie. Evenimentul a fost organizat la Centrul de Cultur\u0103 Urban\u0103 Casino \u0219i a cuprins, pe l\u00e2ng\u0103 festivitatea de premiere a concursului, \u0219i lansarea albumului aniversar <em>Eroii C\u0103r\u021bilor Citite &#8211; 50 de ani: 1972-2022. Cluj-Napoca: Casa C\u0103r\u021bii de \u0218tiin\u021b\u0103, 2022.<\/em><\/li>\r\n<li>Sec\u021bia pentru copii a aniversat 20 de ani de activitate \u00een sediul central al bibliotecii.<\/li>\r\n<li>Cenaclul literar \u201eTraian Brad\u201d, coordonat de scriitorul Victor Constantin M\u0103ru\u021boiu, a aniversat 20 de ani de la \u00eenfiin\u021bare, ocazie cu care a fost lansat\u0103 antologia <em>Muguri: Cenaclul literar \u201eTraian Brad\u201d &#8211; 20 ani: 2002-2022, Atelierele de scriere creativ\u0103 \u201eC\u0103l\u0103torii imaginare printr-un secol de bibliotec\u0103\u201d. Cluj-Napoca: Casa C\u0103r\u021bii de \u0218tiin\u021b\u0103, 2022<\/em>, care cuprinde o selec\u021bie de texte ale cenacli\u0219tilor din perioada 2012-2022, precum \u0219i povestirile scrise de copiii \u0219i adolescen\u021bii care au participat \u00een anul 2021 la Atelierele de scriere creativ\u0103 \u201eC\u0103l\u0103torii imaginare printr-un secol de bibliotec\u0103\u201d.<\/li>\r\n<li>Cercul de origami a marcat 20 de ani de la \u00eenfiin\u021bare printr-o activitate care a avut-o ca invitat pe doamna prof. Felicia Ilie, fost coordonator al cercului.<\/li>\r\n<li>A fost dezvoltat\u0103 baza de date <strong><em>Memorie \u0219i cunoa\u0219tere local\u0103<\/em><\/strong> precum \u0219i <strong><em>Biblioteca digital\u0103<\/em><\/strong> prin scanarea de carte, astfel c\u0103, la sf\u00e2r\u0219itul anului 2022 colec\u021bia cuprindea aproape 15.000 de \u00eenregistr\u0103ri.<\/li>\r\n<li>\u00cencep\u00e2nd cu luna octombrie, utilizatorii bibliotecii au posibilitatea pl\u0103\u021bii tarifelor prin card bancar at\u00e2t la sediul central c\u00e2t \u0219i la filialele de cartier.<\/li>\r\n<li>A avut loc prima edi\u021bie a cursului <strong><em>\u201e\u0218tirile false \u0219i dezinformarea\u201d: curs gratuit pentru tineri <\/em><\/strong>finan\u021bat de Departamentul de Stat al Statelor Unite ale Americii.<\/li>\r\n<\/ul>\r\n<p><strong>2023<\/strong><\/p>\r\n<ul>\r\n<li>\u00cen cadrul <strong><em>Zilelor Bibliotecii <\/em><\/strong>biblioteca organizeaz\u0103 \u00een parteneriat \u0219i g\u0103zduie\u0219te mai multe evenimente ale edi\u021biei num\u0103rul 31 a <strong><em>Festivalului Interna\u021bional de Poezie \u201eLucian Blaga\u201d<\/em><\/strong>;<\/li>\r\n<li>\u00cen luna martie 2023 se lanseaz\u0103 noua pagin\u0103 web a bibliotecii care folose\u0219te o platform\u0103 de tip surs\u0103 deschis\u0103 WordPress, accesibil\u0103 pe calculator \u0219i telefon \u0219i care ofer\u0103 facilit\u0103\u021bi pentru persoanele cu deficien\u021be de vedere.<\/li>\r\n<li>\u00cen luna martie 2023 se lanseaz\u0103 \u00eentr-un format nou, exclusiv on-line ca o sec\u021biune pe pagina web a bibliotecii,\u00a0 revista<strong>\u00a0Lectura<\/strong>,\u00a0revista\u00a0bibliotecii\u00a0cu\u00a0apari\u021bie\u00a0anual\u0103.<\/li>\r\n<li>\u00cen vara anului 2023 au fost inaugurate dou\u0103 mini-biblioteci \u00een cadrul Parcului Etnografic \u201eRomulus Vuia\u201d;<\/li>\r\n<li>La <strong>1 septembrie 2023<\/strong> \u00eencepe implementarea proiectului <strong><em>\u201eNoi direc\u021bii de educa\u021bie \u00een bibliotec\u0103\u201d, <\/em><\/strong>proiect Erasmus+ c\u00e2\u0219tigat de c\u0103tre bibliotec\u0103 ce are ca scop dezvoltarea competen\u021belor adul\u021bilor. Acesta are o perioad\u0103 de implementare de 18 luni \u0219i un buget de 37.155 euro. Organiza\u021bii partenere: Lambda Twelve Ike, Grecia, European Academy of Creativity \u0219i Erasmus Learning Academy SL, Spania, Ustanova za obrazovanje odraslih Dante, Croa\u021bia, Biblioth\u00e8que M\u00e9riadeck, Fran\u021ba, F.G.G. Educulture Center Education Ltd, Cipru. \u00cen cadrul proiectului, 19 bibliotecari din jude\u021bul Cluj \u00ee\u0219i vor dezvolta abilit\u0103\u021bile \u0219i cuno\u0219tin\u021bele tehnologice, abilit\u0103\u021bile de \u00eenv\u0103\u021bare, de sensibilizare cultural\u0103, de lucru cu adul\u021bii;<\/li>\r\n<li>\u00cen data de<strong> 8 septembrie 2023<\/strong>, la sediul central al Bibliotecii Jude\u0163ene \u201eOctavian Goga\u201d Cluj are loc Finala Na\u0163ional\u0103 a Concursului de Lectur\u0103 \u201eB\u0103t\u0103lia C\u0103r\u0163ilor\u201d, edi\u021bia 2022;<\/li>\r\n<li>\u00cen perioada <strong>22-24 septembrie 2023<\/strong>, are loc cea de-a IV-a edi\u021bie a <strong><em>Festivalului C\u0103r\u021bii pentru Copii<\/em><\/strong>. Evenimentul central a fost dubla lansare de carte a scriitorului <em>Alec Blenche<\/em>: <em>Jup \u0219i Cutia misterioas\u0103<\/em> \u0219i <em> Must\u0103\u021bi \u0219i Minuni. \u00cen c\u0103utarea curajului;<\/em><\/li>\r\n<li>\u00cen <strong>13 octombrie 2023<\/strong>, a avut loc \u00een prezen\u021ba Excelen\u021bei Sale, Domnul Rahul Shrivastava, Ambasadorul Indiei \u00een Rom\u00e2nia, inaugurarea Col\u021bului Indian din cadrul S\u0103lii multiculturale. Biblioteca Jude\u021bean\u0103, prin bun\u0103voin\u021ba \u0219i generozitatea Excelen\u021bei Sale, a primit prin dona\u021bie un num\u0103r de 708 exemplare de carte, preponderent \u00een limba englez\u0103, editat\u0103 \u00een condi\u021bii grafice de excep\u021bie;<\/li>\r\n<li>Au continuat activit\u0103\u021bile organizate \u00een sprijinul refugia\u021bilor ucraineni.<\/li>\r\n<\/ul>\r\n<p><strong>2024<\/strong><\/p>\r\n<ul>\r\n<li>\u00cen 4 aprilie 2024, American Corner Cluj-Napoca a organizat dezbaterea \u201e20 de ani al\u0103turi de Alia\u021bi. NATO \u0219i securitatea na\u021bional\u0103 a Rom\u00e2niei\u201d, dedicat\u0103 anivers\u0103rii a 75 de ani de la semnarea Tratatului Atlanticului de Nord \u0219i anivers\u0103rii a 20 de ani de la intrarea Rom\u00e2niei \u00een Alian\u021b\u0103;<\/li>\r\n<li>\u00cen luna mai, cu ocazia Zilelor Bibliotecii a fost lansat\u0103 aplica\u021bia Qulto eCard;<\/li>\r\n<li>\u00cen data de 21 mai 2024, Biblioteca Jude\u021bean\u0103 \u201eOctavian Goga\u201d Cluj a fost declarat\u0103 c\u00e2\u0219tig\u0103toare a proiectului cultural \u201eEmil Isac-muzeul din bibliotec\u0103\u201d, cu finan\u021bare nerambursabil\u0103 de la Administra\u021bia Fondului Cultural Na\u021bional (AFCN), din aria tematic\u0103 Patrimoniu Cultural Material, sesiunea de finan\u021bare II\/2024, cu desf\u0103\u0219urare \u00een perioada 15 iunie &#8211; 15 noiembrie 2024;<\/li>\r\n<li>\u201eFestivalul C\u0103r\u021bii pentru Copii\u201d aflat la cea de-a V-a edi\u021bie, a beneficiat de un buget de 9.177,43 lei, din care 7.477,43 finan\u021bare din partea Prim\u0103riei \u0219i Consiliului Local Cluj-Napoca, iar 1.700 din partea Asocia\u021biei \u201ePrietenii Bibliotecii Jude\u021bene Cluj\u201d;<\/li>\r\n<li>\u00cen cadrul S\u0103pt\u0103m\u00e2nii Na\u021bionale a Voluntariatului a avut loc cea de-a zecea edi\u021bie a Bibliotecii vii ,,Tr\u0103ind \u00een acela\u0219i univers\u201d, tema fiind egalitatea de gen;<\/li>\r\n<li>Biblioteca Jude\u0163ean\u0103 \u201eOctavian Goga\u201d Cluj \u00eempreun\u0103 cu Asocia\u021bia \u201ePrietenii Bibliotecii Jude\u021bene Cluj\u201d a organizat, \u00een parteneriat cu Funda\u021bia Progress, a doua edi\u021bie a T\u00e2rgului regional de \u0219tiin\u021b\u0103 CODE Kids Cluj, \u00een data de 29 octombrie 2024, \u00een cadrul proiectului \u201eCODE Kids \u2013 Programeaz\u0103 viitorul comunit\u0103\u021bii tale\u201d;<\/li>\r\n<li>A fost realizat\u0103 \u201eGr\u0103dina micilor cititori\u201d pe terasa Sec\u021biei pentru copii &#8211; un proiect scris \u00een parteneriat cu Asocia\u021bia \u201ePrietenii Bibliotecii Jude\u021bene Cluj\u201d \u0219i Anna\u2019s Urban Garden \u0219i sponsorizat cu un buget de 20.000 lei de c\u0103tre Betfair Romania Development SRL;<\/li>\r\n<li>Dublin Literary Award 2024 &#8211; la propunerea bibliotecii jude\u021bene, scriitorul Mircea C\u0103rt\u0103rescu a intrat pe lista scurt\u0103 \u00een cadrul Dublin Literary Award, iar ulterior a c\u00e2\u0219tigat prestigiosul concurs international pentru romanul \u201eSolenoid\u201d;<\/li>\r\n<li>Au continuat activit\u0103\u021bile organizate \u00een sprijinul refugia\u021bilor ucraineni, biblioteca este partener \u00een proiectul LiBri (Library Bridges);<\/li>\r\n<li>Biblioteca este partener \u00een proiectul <strong><em>NEDLib<\/em><\/strong><em>Competente digitale \u015fi alfabetizare informa\u021bional\u0103 pentru bibliotecari.<\/em><\/li>\r\n<\/ul>\r\n<p><strong>2025<\/strong><\/p>\r\n<ul>\r\n<li>Biblioteca Jude\u021bean\u0103 \u201eOctavian Goga\u201d Cluj a organizat \u00een data de 20 februarie 2025, Conferin\u021ba final\u0103 a Proiectului Erasmus+ \u201eNoi direc\u021bii de educa\u021bie \u00een bibliotec\u0103 \u2013 NewEduLib\u201d.<\/li>\r\n<li>Biblioteca jude\u021bean\u0103 a primit \u00een perioada 31 martie-4 aprilie, vizita unui grup de 4 bibliotecari de la Biblioteca Public\u0103 Regional\u0103 \u201eHieronim Lopacinski\u201d din Lublin, Polonia \u00een cadrul unei mobilit\u0103\u021bi Erasmus+.<\/li>\r\n<li>\u00cen perioada 18-19 iunie 2025, biblioteca a primit vizita de documentare a unei delega\u021bii de bibliotecari ai Bibliotecii Municipale \u201eB.P. Hasdeu\u201d din Chi\u0219in\u0103u, Republica Moldova.<\/li>\r\n<li>La Conferin\u021ba ANBPR de la Oradea din 2-3 octombrie 2025, Biblioteca Jude\u021bean\u0103 \u201eOctavian Goga\u201d Cluj a fost premiat\u0103 pentru \u201eCele mai bune servicii inovative de bibliotec\u0103\u201d pentru serviciul realizat \u00een cadrul proiectului \u201dEmil Isac \u2013 Muzeul din bibliotec\u0103\u201d.<\/li>\r\n<li>\u00cen perioada 20-24 octombrie 2025, are loc cea de-a XXIX-a edi\u0163ie a Zilelor Bibliotecilor de Cartier, iar programul a cuprins zeci de activit\u0103\u021bi interactive de promovare a culturii scrise, evenimente pentru toate v\u00e2rstele, ocazie cu care Filiala Zorilor a marcat 35 de ani de activitate.<\/li>\r\n<li>American-Corner Cluj-Napoca organizeaz\u0103 \u00een lunile noiembrie \u0219i decembrie mai multe evenimente dedicate anivers\u0103rii \u201eAmerican Spaces \u00een Rom\u00e2nia &#8211; 20 de ani\u201d.<\/li>\r\n<li>Au fost achizi\u021bionate o sta\u021bie automat\u0103 de restituire cu acces din exteriorul cl\u0103dirii sediului central al bibliotecii care este func\u021bional\u0103 24\/7 \u0219i un distribuitor automat de carte aflat \u00een incinta sediului central.<\/li>\r\n<li>Depozitul Filialei Zorilor este renovat complet \u0219i se transform\u0103 \u00eentr-o sal\u0103 de activit\u0103\u021bi cu acces liber la raft.<\/li>\r\n<li>Continu\u0103 derularea celor dou\u0103 proiecte \u00een care biblioteca este partener: \u201eLiBri (Library Bridges) \u2013 Promovarea Integr\u0103rii \u0219i incluziunii resortisan\u021bilor \u021b\u0103rilor ter\u021be \u00een Europa prin biblioteci \u0219i parteneriate locale\u201d \u0219i \u201eNEDLib\u00a0&#8211; Competente digitale \u015fi alfabetizare informa\u021bional\u0103 pentru bibliotecari\u201d.<\/li>\r\n<\/ul>\r\n","protected":false},"excerpt":{"rendered":"<p>Biblioteca Jude\u021bean\u0103 &#8222;Octavian Goga&#8221; Cluj este continuatoarea unei bogate tradi\u021bii de lectur\u0103 public\u0103 la Cluj (sec. XIX), iar \u00een decursul anilor a reu\u0219it s\u0103-\u0219i dezvolte colec\u021biile cu caracter enciclopedic \u0219i serviciile oferite utilizatorilor, devenind azi una dintre cele mai mari \u0219i importante biblioteci publice jude\u021bene din Rom\u00e2nia. De la \u00eenfiin\u021barea&hellip; <br \/> <a class=\"read-more\" href=\"https:\/\/new.bjc.ro\/?page_id=297\">Cite\u0219te mai mult<\/a><\/p>\n","protected":false},"author":1,"featured_media":0,"parent":0,"menu_order":0,"comment_status":"closed","ping_status":"closed","template":"","meta":{"_monsterinsights_skip_tracking":false,"_monsterinsights_sitenote_active":false,"_monsterinsights_sitenote_note":"","_monsterinsights_sitenote_category":0,"_EventAllDay":false,"_EventTimezone":"","_EventStartDate":"","_EventEndDate":"","_EventStartDateUTC":"","_EventEndDateUTC":"","_EventShowMap":false,"_EventShowMapLink":false,"_EventURL":"","_EventCost":"","_EventCostDescription":"","_EventCurrencySymbol":"","_EventCurrencyCode":"","_EventCurrencyPosition":"","_EventDateTimeSeparator":"","_EventTimeRangeSeparator":"","_EventOrganizerID":[],"_EventVenueID":[],"_OrganizerEmail":"","_OrganizerPhone":"","_OrganizerWebsite":"","_VenueAddress":"","_VenueCity":"","_VenueCountry":"","_VenueProvince":"","_VenueState":"","_VenueZip":"","_VenuePhone":"","_VenueURL":"","_VenueStateProvince":"","_VenueLat":"","_VenueLng":"","_VenueShowMap":false,"_VenueShowMapLink":false,"footnotes":""},"class_list":["post-297","page","type-page","status-publish","hentry"],"yoast_head":"<!-- This site is optimized with the Yoast SEO plugin v24.6 - https:\/\/yoast.com\/wordpress\/plugins\/seo\/ -->\n<title>Biblioteca \u00een timp - Biblioteca Jude\u021bean\u0103 \u201eOctavian Goga\u201d Cluj<\/title>\n<meta name=\"description\" content=\"Scurt istoric al bibliotecii\" \/>\n<meta name=\"robots\" content=\"index, follow, max-snippet:-1, max-image-preview:large, max-video-preview:-1\" \/>\n<link rel=\"canonical\" href=\"https:\/\/new.bjc.ro\/?page_id=297\" \/>\n<meta property=\"og:locale\" content=\"ro_RO\" \/>\n<meta property=\"og:type\" content=\"article\" \/>\n<meta property=\"og:title\" content=\"Biblioteca \u00een timp - Biblioteca Jude\u021bean\u0103 \u201eOctavian Goga\u201d Cluj\" \/>\n<meta property=\"og:description\" content=\"Scurt istoric al bibliotecii\" \/>\n<meta property=\"og:url\" content=\"https:\/\/new.bjc.ro\/?page_id=297\" \/>\n<meta property=\"og:site_name\" content=\"Biblioteca Jude\u021bean\u0103 \u201eOctavian Goga\u201d Cluj\" \/>\n<meta property=\"article:publisher\" content=\"https:\/\/www.facebook.com\/bibliotecacluj\/\" \/>\n<meta property=\"article:modified_time\" content=\"2026-02-03T09:29:18+00:00\" \/>\n<meta property=\"og:image\" content=\"https:\/\/new.bjc.ro\/wp-content\/uploads\/2023\/01\/IMG_5597-1.jpg\" \/>\n\t<meta property=\"og:image:width\" content=\"2000\" \/>\n\t<meta property=\"og:image:height\" content=\"1333\" \/>\n\t<meta property=\"og:image:type\" content=\"image\/jpeg\" \/>\n<meta name=\"twitter:card\" content=\"summary_large_image\" \/>\n<meta name=\"twitter:site\" content=\"@BibliotecaGoga\" \/>\n<meta name=\"twitter:label1\" content=\"Timp estimat pentru citire\" \/>\n\t<meta name=\"twitter:data1\" content=\"15 minute\" \/>\n<script type=\"application\/ld+json\" class=\"yoast-schema-graph\">{\"@context\":\"https:\/\/schema.org\",\"@graph\":[{\"@type\":\"WebPage\",\"@id\":\"https:\/\/new.bjc.ro\/?page_id=297\",\"url\":\"https:\/\/new.bjc.ro\/?page_id=297\",\"name\":\"Biblioteca \u00een timp - Biblioteca Jude\u021bean\u0103 \u201eOctavian Goga\u201d Cluj\",\"isPartOf\":{\"@id\":\"https:\/\/new.bjc.ro\/#website\"},\"datePublished\":\"2022-08-09T11:42:49+00:00\",\"dateModified\":\"2026-02-03T09:29:18+00:00\",\"description\":\"Scurt istoric al bibliotecii\",\"breadcrumb\":{\"@id\":\"https:\/\/new.bjc.ro\/?page_id=297#breadcrumb\"},\"inLanguage\":\"ro-RO\",\"potentialAction\":[{\"@type\":\"ReadAction\",\"target\":[\"https:\/\/new.bjc.ro\/?page_id=297\"]}]},{\"@type\":\"BreadcrumbList\",\"@id\":\"https:\/\/new.bjc.ro\/?page_id=297#breadcrumb\",\"itemListElement\":[{\"@type\":\"ListItem\",\"position\":1,\"name\":\"Home\",\"item\":\"https:\/\/new.bjc.ro\/\"},{\"@type\":\"ListItem\",\"position\":2,\"name\":\"Biblioteca \u00een timp\"}]},{\"@type\":\"WebSite\",\"@id\":\"https:\/\/new.bjc.ro\/#website\",\"url\":\"https:\/\/new.bjc.ro\/\",\"name\":\"Biblioteca Jude\u021bean\u0103 \u201eOctavian Goga\u201d Cluj\",\"description\":\"\",\"publisher\":{\"@id\":\"https:\/\/new.bjc.ro\/#organization\"},\"alternateName\":\"Biblioteca Jude\u021bean\u0103 Cluj\",\"potentialAction\":[{\"@type\":\"SearchAction\",\"target\":{\"@type\":\"EntryPoint\",\"urlTemplate\":\"https:\/\/new.bjc.ro\/?s={search_term_string}\"},\"query-input\":{\"@type\":\"PropertyValueSpecification\",\"valueRequired\":true,\"valueName\":\"search_term_string\"}}],\"inLanguage\":\"ro-RO\"},{\"@type\":\"Organization\",\"@id\":\"https:\/\/new.bjc.ro\/#organization\",\"name\":\"Biblioteca Jude\u021bean\u0103 \u201eOctavian Goga\u201d Cluj\",\"url\":\"https:\/\/new.bjc.ro\/\",\"logo\":{\"@type\":\"ImageObject\",\"inLanguage\":\"ro-RO\",\"@id\":\"https:\/\/new.bjc.ro\/#\/schema\/logo\/image\/\",\"url\":\"https:\/\/new.bjc.ro\/wp-content\/uploads\/2023\/03\/sigle.jpg\",\"contentUrl\":\"https:\/\/new.bjc.ro\/wp-content\/uploads\/2023\/03\/sigle.jpg\",\"width\":630,\"height\":473,\"caption\":\"Biblioteca Jude\u021bean\u0103 \u201eOctavian Goga\u201d Cluj\"},\"image\":{\"@id\":\"https:\/\/new.bjc.ro\/#\/schema\/logo\/image\/\"},\"sameAs\":[\"https:\/\/www.facebook.com\/bibliotecacluj\/\",\"https:\/\/x.com\/BibliotecaGoga\",\"https:\/\/www.instagram.com\/biblioteca_judeteana_cluj\/\",\"https:\/\/www.youtube.com\/user\/BibliotecaGoga\"]}]}<\/script>\n<!-- \/ Yoast SEO plugin. -->","yoast_head_json":{"title":"Biblioteca \u00een timp - Biblioteca Jude\u021bean\u0103 \u201eOctavian Goga\u201d Cluj","description":"Scurt istoric al bibliotecii","robots":{"index":"index","follow":"follow","max-snippet":"max-snippet:-1","max-image-preview":"max-image-preview:large","max-video-preview":"max-video-preview:-1"},"canonical":"https:\/\/new.bjc.ro\/?page_id=297","og_locale":"ro_RO","og_type":"article","og_title":"Biblioteca \u00een timp - Biblioteca Jude\u021bean\u0103 \u201eOctavian Goga\u201d Cluj","og_description":"Scurt istoric al bibliotecii","og_url":"https:\/\/new.bjc.ro\/?page_id=297","og_site_name":"Biblioteca Jude\u021bean\u0103 \u201eOctavian Goga\u201d Cluj","article_publisher":"https:\/\/www.facebook.com\/bibliotecacluj\/","article_modified_time":"2026-02-03T09:29:18+00:00","og_image":[{"width":2000,"height":1333,"url":"https:\/\/new.bjc.ro\/wp-content\/uploads\/2023\/01\/IMG_5597-1.jpg","type":"image\/jpeg"}],"twitter_card":"summary_large_image","twitter_site":"@BibliotecaGoga","twitter_misc":{"Timp estimat pentru citire":"15 minute"},"schema":{"@context":"https:\/\/schema.org","@graph":[{"@type":"WebPage","@id":"https:\/\/new.bjc.ro\/?page_id=297","url":"https:\/\/new.bjc.ro\/?page_id=297","name":"Biblioteca \u00een timp - Biblioteca Jude\u021bean\u0103 \u201eOctavian Goga\u201d Cluj","isPartOf":{"@id":"https:\/\/new.bjc.ro\/#website"},"datePublished":"2022-08-09T11:42:49+00:00","dateModified":"2026-02-03T09:29:18+00:00","description":"Scurt istoric al bibliotecii","breadcrumb":{"@id":"https:\/\/new.bjc.ro\/?page_id=297#breadcrumb"},"inLanguage":"ro-RO","potentialAction":[{"@type":"ReadAction","target":["https:\/\/new.bjc.ro\/?page_id=297"]}]},{"@type":"BreadcrumbList","@id":"https:\/\/new.bjc.ro\/?page_id=297#breadcrumb","itemListElement":[{"@type":"ListItem","position":1,"name":"Home","item":"https:\/\/new.bjc.ro\/"},{"@type":"ListItem","position":2,"name":"Biblioteca \u00een timp"}]},{"@type":"WebSite","@id":"https:\/\/new.bjc.ro\/#website","url":"https:\/\/new.bjc.ro\/","name":"Biblioteca Jude\u021bean\u0103 \u201eOctavian Goga\u201d Cluj","description":"","publisher":{"@id":"https:\/\/new.bjc.ro\/#organization"},"alternateName":"Biblioteca Jude\u021bean\u0103 Cluj","potentialAction":[{"@type":"SearchAction","target":{"@type":"EntryPoint","urlTemplate":"https:\/\/new.bjc.ro\/?s={search_term_string}"},"query-input":{"@type":"PropertyValueSpecification","valueRequired":true,"valueName":"search_term_string"}}],"inLanguage":"ro-RO"},{"@type":"Organization","@id":"https:\/\/new.bjc.ro\/#organization","name":"Biblioteca Jude\u021bean\u0103 \u201eOctavian Goga\u201d Cluj","url":"https:\/\/new.bjc.ro\/","logo":{"@type":"ImageObject","inLanguage":"ro-RO","@id":"https:\/\/new.bjc.ro\/#\/schema\/logo\/image\/","url":"https:\/\/new.bjc.ro\/wp-content\/uploads\/2023\/03\/sigle.jpg","contentUrl":"https:\/\/new.bjc.ro\/wp-content\/uploads\/2023\/03\/sigle.jpg","width":630,"height":473,"caption":"Biblioteca Jude\u021bean\u0103 \u201eOctavian Goga\u201d Cluj"},"image":{"@id":"https:\/\/new.bjc.ro\/#\/schema\/logo\/image\/"},"sameAs":["https:\/\/www.facebook.com\/bibliotecacluj\/","https:\/\/x.com\/BibliotecaGoga","https:\/\/www.instagram.com\/biblioteca_judeteana_cluj\/","https:\/\/www.youtube.com\/user\/BibliotecaGoga"]}]}},"_links":{"self":[{"href":"https:\/\/new.bjc.ro\/index.php?rest_route=\/wp\/v2\/pages\/297","targetHints":{"allow":["GET"]}}],"collection":[{"href":"https:\/\/new.bjc.ro\/index.php?rest_route=\/wp\/v2\/pages"}],"about":[{"href":"https:\/\/new.bjc.ro\/index.php?rest_route=\/wp\/v2\/types\/page"}],"author":[{"embeddable":true,"href":"https:\/\/new.bjc.ro\/index.php?rest_route=\/wp\/v2\/users\/1"}],"replies":[{"embeddable":true,"href":"https:\/\/new.bjc.ro\/index.php?rest_route=%2Fwp%2Fv2%2Fcomments&post=297"}],"version-history":[{"count":22,"href":"https:\/\/new.bjc.ro\/index.php?rest_route=\/wp\/v2\/pages\/297\/revisions"}],"predecessor-version":[{"id":11760,"href":"https:\/\/new.bjc.ro\/index.php?rest_route=\/wp\/v2\/pages\/297\/revisions\/11760"}],"wp:attachment":[{"href":"https:\/\/new.bjc.ro\/index.php?rest_route=%2Fwp%2Fv2%2Fmedia&parent=297"}],"curies":[{"name":"wp","href":"https:\/\/api.w.org\/{rel}","templated":true}]}}