{"id":10402,"date":"2025-02-28T11:32:21","date_gmt":"2025-02-28T09:32:21","guid":{"rendered":"https:\/\/new.bjc.ro\/?post_type=tribe_events&#038;p=10402"},"modified":"2025-02-28T11:32:21","modified_gmt":"2025-02-28T09:32:21","slug":"lansare-de-carte-eu-si-presedintele-lor","status":"publish","type":"tribe_events","link":"https:\/\/new.bjc.ro\/?tribe_events=lansare-de-carte-eu-si-presedintele-lor","title":{"rendered":"Lansare de carte &#8211; \u201eEu \u0219i pre\u0219edintele lor\u201d"},"content":{"rendered":"<p>Joi, 6 martie 2025, ora 17:00, la sediul central al Bibliotecii Jude\u021bene \u201eOctavian Goga\u201d Cluj va avea loc un eveniment cultural deosebit, lansarea volumului \u201eEu \u0219i pre\u0219edintele lor\u201d, semnat de jurnalistul Ciprian Demeter, o carte revelatoare despre rela\u021bia dintre pres\u0103 \u0219i putere.<\/p>\n<p>Evenimentul va fi moderat de Octavian Hoandr\u0103, scriitor, jurnalist \u0219i artist plastic.<\/p>\n<p>Participan\u021bii la evenimentul de lansare vor avea ocazia s\u0103 interac\u021bioneze direct cu autorul, s\u0103 afle detalii despre procesul de documentare \u0219i s\u0103 participe la o sesiune de autografe. De asemenea, Ciprian Demeter va r\u0103spunde \u00eentreb\u0103rilor publicului \u0219i va \u00eemp\u0103rt\u0103\u0219i din experien\u021bele sale \u00een jurnalismul de investiga\u021bie.<\/p>\n","protected":false},"excerpt":{"rendered":"<p>Joi, 6 martie 2025, ora 17:00, la sediul central al Bibliotecii Jude\u021bene \u201eOctavian Goga\u201d Cluj va avea loc un eveniment cultural deosebit, lansarea volumului \u201eEu \u0219i pre\u0219edintele lor\u201d, semnat de jurnalistul Ciprian Demeter, o carte revelatoare despre rela\u021bia dintre pres\u0103 \u0219i putere. Evenimentul va fi moderat de Octavian Hoandr\u0103, scriitor,&hellip; <br \/> <a class=\"read-more\" href=\"https:\/\/new.bjc.ro\/?tribe_events=lansare-de-carte-eu-si-presedintele-lor\">Cite\u0219te mai mult<\/a><\/p>\n","protected":false},"author":7,"featured_media":10403,"template":"","meta":{"_monsterinsights_skip_tracking":false,"_monsterinsights_sitenote_active":false,"_monsterinsights_sitenote_note":"","_monsterinsights_sitenote_category":0,"_EventAllDay":false,"_EventTimezone":"Europe\/Bucharest","_EventStartDate":"2025-03-06 17:00:00","_EventEndDate":"2025-03-06 20:00:00","_EventStartDateUTC":"2025-03-06 15:00:00","_EventEndDateUTC":"2025-03-06 18:00:00","_EventShowMap":true,"_EventShowMapLink":true,"_EventURL":"","_EventCost":"","_EventCostDescription":"","_EventCurrencySymbol":"$","_EventCurrencyCode":"USD","_EventCurrencyPosition":"prefix","_EventDateTimeSeparator":"","_EventTimeRangeSeparator":"","_EventOrganizerID":[],"_EventVenueID":[3721],"_OrganizerEmail":"","_OrganizerPhone":"","_OrganizerWebsite":"","_VenueAddress":"","_VenueCity":"","_VenueCountry":"","_VenueProvince":"","_VenueState":"","_VenueZip":"","_VenuePhone":"","_VenueURL":"","_VenueStateProvince":"","_VenueLat":"","_VenueLng":"","_VenueShowMap":false,"_VenueShowMapLink":false,"_tribe_events_status":"","_tribe_events_status_reason":"","footnotes":""},"tags":[239],"tribe_events_cat":[28],"class_list":["post-10402","tribe_events","type-tribe_events","status-publish","has-post-thumbnail","hentry","tag-lansare-de-carte-eu-si-presedintele-lor","tribe_events_cat-evenimente","cat_evenimente"],"yoast_head":"<!-- This site is optimized with the Yoast SEO plugin v24.6 - https:\/\/yoast.com\/wordpress\/plugins\/seo\/ -->\n<title>Lansare de carte - \u201eEu \u0219i pre\u0219edintele lor\u201d - Biblioteca Jude\u021bean\u0103 \u201eOctavian Goga\u201d Cluj<\/title>\n<meta name=\"robots\" content=\"index, follow, max-snippet:-1, max-image-preview:large, max-video-preview:-1\" \/>\n<link rel=\"canonical\" href=\"https:\/\/new.bjc.ro\/?tribe_events=lansare-de-carte-eu-si-presedintele-lor\" \/>\n<meta property=\"og:locale\" content=\"ro_RO\" \/>\n<meta property=\"og:type\" content=\"article\" \/>\n<meta property=\"og:title\" content=\"Lansare de carte - \u201eEu \u0219i pre\u0219edintele lor\u201d - Biblioteca Jude\u021bean\u0103 \u201eOctavian Goga\u201d Cluj\" \/>\n<meta property=\"og:description\" content=\"Joi, 6 martie 2025, ora 17:00, la sediul central al Bibliotecii Jude\u021bene \u201eOctavian Goga\u201d Cluj va avea loc un eveniment cultural deosebit, lansarea volumului \u201eEu \u0219i pre\u0219edintele lor\u201d, semnat de jurnalistul Ciprian Demeter, o carte revelatoare despre rela\u021bia dintre pres\u0103 \u0219i putere. Evenimentul va fi moderat de Octavian Hoandr\u0103, scriitor,&hellip; Cite\u0219te mai mult\" \/>\n<meta property=\"og:url\" content=\"https:\/\/new.bjc.ro\/?tribe_events=lansare-de-carte-eu-si-presedintele-lor\" \/>\n<meta property=\"og:site_name\" content=\"Biblioteca Jude\u021bean\u0103 \u201eOctavian Goga\u201d Cluj\" \/>\n<meta property=\"article:publisher\" content=\"https:\/\/www.facebook.com\/bibliotecacluj\/\" \/>\n<meta property=\"og:image\" content=\"https:\/\/new.bjc.ro\/wp-content\/uploads\/2025\/02\/Eu-si-presedintele-lor.jpg\" \/>\n\t<meta property=\"og:image:width\" content=\"488\" \/>\n\t<meta property=\"og:image:height\" content=\"566\" \/>\n\t<meta property=\"og:image:type\" content=\"image\/jpeg\" \/>\n<meta name=\"twitter:card\" content=\"summary_large_image\" \/>\n<meta name=\"twitter:site\" content=\"@BibliotecaGoga\" \/>\n<meta name=\"twitter:label1\" content=\"Timp estimat pentru citire\" \/>\n\t<meta name=\"twitter:data1\" content=\"1 minut\" \/>\n<script type=\"application\/ld+json\" class=\"yoast-schema-graph\">{\"@context\":\"https:\/\/schema.org\",\"@graph\":[{\"@type\":\"WebPage\",\"@id\":\"https:\/\/new.bjc.ro\/?tribe_events=lansare-de-carte-eu-si-presedintele-lor\",\"url\":\"https:\/\/new.bjc.ro\/?tribe_events=lansare-de-carte-eu-si-presedintele-lor\",\"name\":\"Lansare de carte - \u201eEu \u0219i pre\u0219edintele lor\u201d - Biblioteca Jude\u021bean\u0103 \u201eOctavian Goga\u201d Cluj\",\"isPartOf\":{\"@id\":\"https:\/\/new.bjc.ro\/#website\"},\"primaryImageOfPage\":{\"@id\":\"https:\/\/new.bjc.ro\/?tribe_events=lansare-de-carte-eu-si-presedintele-lor#primaryimage\"},\"image\":{\"@id\":\"https:\/\/new.bjc.ro\/?tribe_events=lansare-de-carte-eu-si-presedintele-lor#primaryimage\"},\"thumbnailUrl\":\"https:\/\/new.bjc.ro\/wp-content\/uploads\/2025\/02\/Eu-si-presedintele-lor.jpg\",\"datePublished\":\"2025-02-28T09:32:21+00:00\",\"breadcrumb\":{\"@id\":\"https:\/\/new.bjc.ro\/?tribe_events=lansare-de-carte-eu-si-presedintele-lor#breadcrumb\"},\"inLanguage\":\"ro-RO\",\"potentialAction\":[{\"@type\":\"ReadAction\",\"target\":[\"https:\/\/new.bjc.ro\/?tribe_events=lansare-de-carte-eu-si-presedintele-lor\"]}]},{\"@type\":\"ImageObject\",\"inLanguage\":\"ro-RO\",\"@id\":\"https:\/\/new.bjc.ro\/?tribe_events=lansare-de-carte-eu-si-presedintele-lor#primaryimage\",\"url\":\"https:\/\/new.bjc.ro\/wp-content\/uploads\/2025\/02\/Eu-si-presedintele-lor.jpg\",\"contentUrl\":\"https:\/\/new.bjc.ro\/wp-content\/uploads\/2025\/02\/Eu-si-presedintele-lor.jpg\",\"width\":488,\"height\":566},{\"@type\":\"BreadcrumbList\",\"@id\":\"https:\/\/new.bjc.ro\/?tribe_events=lansare-de-carte-eu-si-presedintele-lor#breadcrumb\",\"itemListElement\":[{\"@type\":\"ListItem\",\"position\":1,\"name\":\"Home\",\"item\":\"https:\/\/new.bjc.ro\/\"},{\"@type\":\"ListItem\",\"position\":2,\"name\":\"Evenimente\",\"item\":\"https:\/\/new.bjc.ro\/?post_type=tribe_events\"},{\"@type\":\"ListItem\",\"position\":3,\"name\":\"Lansare de carte &#8211; \u201eEu \u0219i pre\u0219edintele lor\u201d\"}]},{\"@type\":\"WebSite\",\"@id\":\"https:\/\/new.bjc.ro\/#website\",\"url\":\"https:\/\/new.bjc.ro\/\",\"name\":\"Biblioteca Jude\u021bean\u0103 \u201eOctavian Goga\u201d Cluj\",\"description\":\"\",\"publisher\":{\"@id\":\"https:\/\/new.bjc.ro\/#organization\"},\"alternateName\":\"Biblioteca Jude\u021bean\u0103 Cluj\",\"potentialAction\":[{\"@type\":\"SearchAction\",\"target\":{\"@type\":\"EntryPoint\",\"urlTemplate\":\"https:\/\/new.bjc.ro\/?s={search_term_string}\"},\"query-input\":{\"@type\":\"PropertyValueSpecification\",\"valueRequired\":true,\"valueName\":\"search_term_string\"}}],\"inLanguage\":\"ro-RO\"},{\"@type\":\"Organization\",\"@id\":\"https:\/\/new.bjc.ro\/#organization\",\"name\":\"Biblioteca Jude\u021bean\u0103 \u201eOctavian Goga\u201d Cluj\",\"url\":\"https:\/\/new.bjc.ro\/\",\"logo\":{\"@type\":\"ImageObject\",\"inLanguage\":\"ro-RO\",\"@id\":\"https:\/\/new.bjc.ro\/#\/schema\/logo\/image\/\",\"url\":\"https:\/\/new.bjc.ro\/wp-content\/uploads\/2023\/03\/sigle.jpg\",\"contentUrl\":\"https:\/\/new.bjc.ro\/wp-content\/uploads\/2023\/03\/sigle.jpg\",\"width\":630,\"height\":473,\"caption\":\"Biblioteca Jude\u021bean\u0103 \u201eOctavian Goga\u201d Cluj\"},\"image\":{\"@id\":\"https:\/\/new.bjc.ro\/#\/schema\/logo\/image\/\"},\"sameAs\":[\"https:\/\/www.facebook.com\/bibliotecacluj\/\",\"https:\/\/x.com\/BibliotecaGoga\",\"https:\/\/www.instagram.com\/biblioteca_judeteana_cluj\/\",\"https:\/\/www.youtube.com\/user\/BibliotecaGoga\"]}]}<\/script>\n<!-- \/ Yoast SEO plugin. -->","yoast_head_json":{"title":"Lansare de carte - \u201eEu \u0219i pre\u0219edintele lor\u201d - Biblioteca Jude\u021bean\u0103 \u201eOctavian Goga\u201d Cluj","robots":{"index":"index","follow":"follow","max-snippet":"max-snippet:-1","max-image-preview":"max-image-preview:large","max-video-preview":"max-video-preview:-1"},"canonical":"https:\/\/new.bjc.ro\/?tribe_events=lansare-de-carte-eu-si-presedintele-lor","og_locale":"ro_RO","og_type":"article","og_title":"Lansare de carte - \u201eEu \u0219i pre\u0219edintele lor\u201d - Biblioteca Jude\u021bean\u0103 \u201eOctavian Goga\u201d Cluj","og_description":"Joi, 6 martie 2025, ora 17:00, la sediul central al Bibliotecii Jude\u021bene \u201eOctavian Goga\u201d Cluj va avea loc un eveniment cultural deosebit, lansarea volumului \u201eEu \u0219i pre\u0219edintele lor\u201d, semnat de jurnalistul Ciprian Demeter, o carte revelatoare despre rela\u021bia dintre pres\u0103 \u0219i putere. Evenimentul va fi moderat de Octavian Hoandr\u0103, scriitor,&hellip; Cite\u0219te mai mult","og_url":"https:\/\/new.bjc.ro\/?tribe_events=lansare-de-carte-eu-si-presedintele-lor","og_site_name":"Biblioteca Jude\u021bean\u0103 \u201eOctavian Goga\u201d Cluj","article_publisher":"https:\/\/www.facebook.com\/bibliotecacluj\/","og_image":[{"width":488,"height":566,"url":"https:\/\/new.bjc.ro\/wp-content\/uploads\/2025\/02\/Eu-si-presedintele-lor.jpg","type":"image\/jpeg"}],"twitter_card":"summary_large_image","twitter_site":"@BibliotecaGoga","twitter_misc":{"Timp estimat pentru citire":"1 minut"},"schema":{"@context":"https:\/\/schema.org","@graph":[{"@type":"WebPage","@id":"https:\/\/new.bjc.ro\/?tribe_events=lansare-de-carte-eu-si-presedintele-lor","url":"https:\/\/new.bjc.ro\/?tribe_events=lansare-de-carte-eu-si-presedintele-lor","name":"Lansare de carte - \u201eEu \u0219i pre\u0219edintele lor\u201d - Biblioteca Jude\u021bean\u0103 \u201eOctavian Goga\u201d Cluj","isPartOf":{"@id":"https:\/\/new.bjc.ro\/#website"},"primaryImageOfPage":{"@id":"https:\/\/new.bjc.ro\/?tribe_events=lansare-de-carte-eu-si-presedintele-lor#primaryimage"},"image":{"@id":"https:\/\/new.bjc.ro\/?tribe_events=lansare-de-carte-eu-si-presedintele-lor#primaryimage"},"thumbnailUrl":"https:\/\/new.bjc.ro\/wp-content\/uploads\/2025\/02\/Eu-si-presedintele-lor.jpg","datePublished":"2025-02-28T09:32:21+00:00","breadcrumb":{"@id":"https:\/\/new.bjc.ro\/?tribe_events=lansare-de-carte-eu-si-presedintele-lor#breadcrumb"},"inLanguage":"ro-RO","potentialAction":[{"@type":"ReadAction","target":["https:\/\/new.bjc.ro\/?tribe_events=lansare-de-carte-eu-si-presedintele-lor"]}]},{"@type":"ImageObject","inLanguage":"ro-RO","@id":"https:\/\/new.bjc.ro\/?tribe_events=lansare-de-carte-eu-si-presedintele-lor#primaryimage","url":"https:\/\/new.bjc.ro\/wp-content\/uploads\/2025\/02\/Eu-si-presedintele-lor.jpg","contentUrl":"https:\/\/new.bjc.ro\/wp-content\/uploads\/2025\/02\/Eu-si-presedintele-lor.jpg","width":488,"height":566},{"@type":"BreadcrumbList","@id":"https:\/\/new.bjc.ro\/?tribe_events=lansare-de-carte-eu-si-presedintele-lor#breadcrumb","itemListElement":[{"@type":"ListItem","position":1,"name":"Home","item":"https:\/\/new.bjc.ro\/"},{"@type":"ListItem","position":2,"name":"Evenimente","item":"https:\/\/new.bjc.ro\/?post_type=tribe_events"},{"@type":"ListItem","position":3,"name":"Lansare de carte &#8211; \u201eEu \u0219i pre\u0219edintele lor\u201d"}]},{"@type":"WebSite","@id":"https:\/\/new.bjc.ro\/#website","url":"https:\/\/new.bjc.ro\/","name":"Biblioteca Jude\u021bean\u0103 \u201eOctavian Goga\u201d Cluj","description":"","publisher":{"@id":"https:\/\/new.bjc.ro\/#organization"},"alternateName":"Biblioteca Jude\u021bean\u0103 Cluj","potentialAction":[{"@type":"SearchAction","target":{"@type":"EntryPoint","urlTemplate":"https:\/\/new.bjc.ro\/?s={search_term_string}"},"query-input":{"@type":"PropertyValueSpecification","valueRequired":true,"valueName":"search_term_string"}}],"inLanguage":"ro-RO"},{"@type":"Organization","@id":"https:\/\/new.bjc.ro\/#organization","name":"Biblioteca Jude\u021bean\u0103 \u201eOctavian Goga\u201d Cluj","url":"https:\/\/new.bjc.ro\/","logo":{"@type":"ImageObject","inLanguage":"ro-RO","@id":"https:\/\/new.bjc.ro\/#\/schema\/logo\/image\/","url":"https:\/\/new.bjc.ro\/wp-content\/uploads\/2023\/03\/sigle.jpg","contentUrl":"https:\/\/new.bjc.ro\/wp-content\/uploads\/2023\/03\/sigle.jpg","width":630,"height":473,"caption":"Biblioteca Jude\u021bean\u0103 \u201eOctavian Goga\u201d Cluj"},"image":{"@id":"https:\/\/new.bjc.ro\/#\/schema\/logo\/image\/"},"sameAs":["https:\/\/www.facebook.com\/bibliotecacluj\/","https:\/\/x.com\/BibliotecaGoga","https:\/\/www.instagram.com\/biblioteca_judeteana_cluj\/","https:\/\/www.youtube.com\/user\/BibliotecaGoga"]}]}},"_links":{"self":[{"href":"https:\/\/new.bjc.ro\/index.php?rest_route=\/wp\/v2\/tribe_events\/10402","targetHints":{"allow":["GET"]}}],"collection":[{"href":"https:\/\/new.bjc.ro\/index.php?rest_route=\/wp\/v2\/tribe_events"}],"about":[{"href":"https:\/\/new.bjc.ro\/index.php?rest_route=\/wp\/v2\/types\/tribe_events"}],"author":[{"embeddable":true,"href":"https:\/\/new.bjc.ro\/index.php?rest_route=\/wp\/v2\/users\/7"}],"version-history":[{"count":1,"href":"https:\/\/new.bjc.ro\/index.php?rest_route=\/wp\/v2\/tribe_events\/10402\/revisions"}],"predecessor-version":[{"id":10404,"href":"https:\/\/new.bjc.ro\/index.php?rest_route=\/wp\/v2\/tribe_events\/10402\/revisions\/10404"}],"wp:featuredmedia":[{"embeddable":true,"href":"https:\/\/new.bjc.ro\/index.php?rest_route=\/wp\/v2\/media\/10403"}],"wp:attachment":[{"href":"https:\/\/new.bjc.ro\/index.php?rest_route=%2Fwp%2Fv2%2Fmedia&parent=10402"}],"wp:term":[{"taxonomy":"post_tag","embeddable":true,"href":"https:\/\/new.bjc.ro\/index.php?rest_route=%2Fwp%2Fv2%2Ftags&post=10402"},{"taxonomy":"tribe_events_cat","embeddable":true,"href":"https:\/\/new.bjc.ro\/index.php?rest_route=%2Fwp%2Fv2%2Ftribe_events_cat&post=10402"}],"curies":[{"name":"wp","href":"https:\/\/api.w.org\/{rel}","templated":true}]}}