{"id":10405,"date":"2025-02-28T13:58:21","date_gmt":"2025-02-28T11:58:21","guid":{"rendered":"https:\/\/new.bjc.ro\/?post_type=tribe_events&#038;p=10405"},"modified":"2025-03-04T10:28:11","modified_gmt":"2025-03-04T08:28:11","slug":"ziua-mondiala-a-scriitorului-3-martie","status":"publish","type":"tribe_events","link":"https:\/\/new.bjc.ro\/?tribe_events=ziua-mondiala-a-scriitorului-3-martie","title":{"rendered":"Ziua Mondial\u0103 a Scriitorului: 3 martie"},"content":{"rendered":"<p>Cu ocazia Zilei Mondiale a Scriitorului, Sec\u021bia pentru copii organizeaz\u0103 o \u00eent\u00e2lnire online cu scriitorul \u0219i ilustratorul Dan Ungureanu, care a dat via\u021b\u0103 multor personaje \u00eendr\u0103gite de c\u0103tre copii. Evenimentul va avea loc luni, 3 martie 2025, de la ora 11:00, la sediul central al bibliotecii, etajul IV, centru.<\/p>\n<p>Particip\u0103 elevii clasei a IV-a de la Colegiul Na\u021bional \u201eGeorge Co\u0219buc\u201d.<\/p>\n","protected":false},"excerpt":{"rendered":"<p>Cu ocazia Zilei Mondiale a Scriitorului, Sec\u021bia pentru copii organizeaz\u0103 o \u00eent\u00e2lnire online cu scriitorul \u0219i ilustratorul Dan Ungureanu, care a dat via\u021b\u0103 multor personaje \u00eendr\u0103gite de c\u0103tre copii. Evenimentul va avea loc luni, 3 martie 2025, de la ora 11:00, la sediul central al bibliotecii, etajul IV, centru. Particip\u0103&hellip; <br \/> <a class=\"read-more\" href=\"https:\/\/new.bjc.ro\/?tribe_events=ziua-mondiala-a-scriitorului-3-martie\">Cite\u0219te mai mult<\/a><\/p>\n","protected":false},"author":7,"featured_media":10406,"template":"","meta":{"_monsterinsights_skip_tracking":false,"_monsterinsights_sitenote_active":false,"_monsterinsights_sitenote_note":"","_monsterinsights_sitenote_category":0,"_EventAllDay":false,"_EventTimezone":"Europe\/Bucharest","_EventStartDate":"2025-03-03 11:00:00","_EventEndDate":"2025-03-03 16:00:00","_EventStartDateUTC":"2025-03-03 09:00:00","_EventEndDateUTC":"2025-03-03 14:00:00","_EventShowMap":true,"_EventShowMapLink":true,"_EventURL":"","_EventCost":"","_EventCostDescription":"","_EventCurrencySymbol":"$","_EventCurrencyCode":"USD","_EventCurrencyPosition":"prefix","_EventDateTimeSeparator":"","_EventTimeRangeSeparator":"","_EventOrganizerID":[7129],"_EventVenueID":[2811],"_OrganizerEmail":"","_OrganizerPhone":"","_OrganizerWebsite":"","_VenueAddress":"","_VenueCity":"","_VenueCountry":"","_VenueProvince":"","_VenueState":"","_VenueZip":"","_VenuePhone":"","_VenueURL":"","_VenueStateProvince":"","_VenueLat":"","_VenueLng":"","_VenueShowMap":false,"_VenueShowMapLink":false,"_tribe_events_status":"","_tribe_events_status_reason":"","footnotes":""},"tags":[240],"tribe_events_cat":[28],"class_list":["post-10405","tribe_events","type-tribe_events","status-publish","has-post-thumbnail","hentry","tag-ziua-mondiala-a-scriitorului-3-martie","tribe_events_cat-evenimente","cat_evenimente"],"yoast_head":"<!-- This site is optimized with the Yoast SEO plugin v24.6 - https:\/\/yoast.com\/wordpress\/plugins\/seo\/ -->\n<title>Ziua Mondial\u0103 a Scriitorului: 3 martie - Biblioteca Jude\u021bean\u0103 \u201eOctavian Goga\u201d Cluj<\/title>\n<meta name=\"robots\" content=\"index, follow, max-snippet:-1, max-image-preview:large, max-video-preview:-1\" \/>\n<link rel=\"canonical\" href=\"https:\/\/new.bjc.ro\/?tribe_events=ziua-mondiala-a-scriitorului-3-martie\" \/>\n<meta property=\"og:locale\" content=\"ro_RO\" \/>\n<meta property=\"og:type\" content=\"article\" \/>\n<meta property=\"og:title\" content=\"Ziua Mondial\u0103 a Scriitorului: 3 martie - Biblioteca Jude\u021bean\u0103 \u201eOctavian Goga\u201d Cluj\" \/>\n<meta property=\"og:description\" content=\"Cu ocazia Zilei Mondiale a Scriitorului, Sec\u021bia pentru copii organizeaz\u0103 o \u00eent\u00e2lnire online cu scriitorul \u0219i ilustratorul Dan Ungureanu, care a dat via\u021b\u0103 multor personaje \u00eendr\u0103gite de c\u0103tre copii. Evenimentul va avea loc luni, 3 martie 2025, de la ora 11:00, la sediul central al bibliotecii, etajul IV, centru. Particip\u0103&hellip; Cite\u0219te mai mult\" \/>\n<meta property=\"og:url\" content=\"https:\/\/new.bjc.ro\/?tribe_events=ziua-mondiala-a-scriitorului-3-martie\" \/>\n<meta property=\"og:site_name\" content=\"Biblioteca Jude\u021bean\u0103 \u201eOctavian Goga\u201d Cluj\" \/>\n<meta property=\"article:publisher\" content=\"https:\/\/www.facebook.com\/bibliotecacluj\/\" \/>\n<meta property=\"article:modified_time\" content=\"2025-03-04T08:28:11+00:00\" \/>\n<meta property=\"og:image\" content=\"https:\/\/new.bjc.ro\/wp-content\/uploads\/2025\/02\/afis-Ziua-Mondiala-a-Scriitorului.jpg\" \/>\n\t<meta property=\"og:image:width\" content=\"400\" \/>\n\t<meta property=\"og:image:height\" content=\"566\" \/>\n\t<meta property=\"og:image:type\" content=\"image\/jpeg\" \/>\n<meta name=\"twitter:card\" content=\"summary_large_image\" \/>\n<meta name=\"twitter:site\" content=\"@BibliotecaGoga\" \/>\n<meta name=\"twitter:label1\" content=\"Timp estimat pentru citire\" \/>\n\t<meta name=\"twitter:data1\" content=\"1 minut\" \/>\n<script type=\"application\/ld+json\" class=\"yoast-schema-graph\">{\"@context\":\"https:\/\/schema.org\",\"@graph\":[{\"@type\":\"WebPage\",\"@id\":\"https:\/\/new.bjc.ro\/?tribe_events=ziua-mondiala-a-scriitorului-3-martie\",\"url\":\"https:\/\/new.bjc.ro\/?tribe_events=ziua-mondiala-a-scriitorului-3-martie\",\"name\":\"Ziua Mondial\u0103 a Scriitorului: 3 martie - Biblioteca Jude\u021bean\u0103 \u201eOctavian Goga\u201d Cluj\",\"isPartOf\":{\"@id\":\"https:\/\/new.bjc.ro\/#website\"},\"primaryImageOfPage\":{\"@id\":\"https:\/\/new.bjc.ro\/?tribe_events=ziua-mondiala-a-scriitorului-3-martie#primaryimage\"},\"image\":{\"@id\":\"https:\/\/new.bjc.ro\/?tribe_events=ziua-mondiala-a-scriitorului-3-martie#primaryimage\"},\"thumbnailUrl\":\"https:\/\/new.bjc.ro\/wp-content\/uploads\/2025\/02\/afis-Ziua-Mondiala-a-Scriitorului.jpg\",\"datePublished\":\"2025-02-28T11:58:21+00:00\",\"dateModified\":\"2025-03-04T08:28:11+00:00\",\"breadcrumb\":{\"@id\":\"https:\/\/new.bjc.ro\/?tribe_events=ziua-mondiala-a-scriitorului-3-martie#breadcrumb\"},\"inLanguage\":\"ro-RO\",\"potentialAction\":[{\"@type\":\"ReadAction\",\"target\":[\"https:\/\/new.bjc.ro\/?tribe_events=ziua-mondiala-a-scriitorului-3-martie\"]}]},{\"@type\":\"ImageObject\",\"inLanguage\":\"ro-RO\",\"@id\":\"https:\/\/new.bjc.ro\/?tribe_events=ziua-mondiala-a-scriitorului-3-martie#primaryimage\",\"url\":\"https:\/\/new.bjc.ro\/wp-content\/uploads\/2025\/02\/afis-Ziua-Mondiala-a-Scriitorului.jpg\",\"contentUrl\":\"https:\/\/new.bjc.ro\/wp-content\/uploads\/2025\/02\/afis-Ziua-Mondiala-a-Scriitorului.jpg\",\"width\":400,\"height\":566},{\"@type\":\"BreadcrumbList\",\"@id\":\"https:\/\/new.bjc.ro\/?tribe_events=ziua-mondiala-a-scriitorului-3-martie#breadcrumb\",\"itemListElement\":[{\"@type\":\"ListItem\",\"position\":1,\"name\":\"Home\",\"item\":\"https:\/\/new.bjc.ro\/\"},{\"@type\":\"ListItem\",\"position\":2,\"name\":\"Evenimente\",\"item\":\"https:\/\/new.bjc.ro\/?post_type=tribe_events\"},{\"@type\":\"ListItem\",\"position\":3,\"name\":\"Ziua Mondial\u0103 a Scriitorului: 3 martie\"}]},{\"@type\":\"WebSite\",\"@id\":\"https:\/\/new.bjc.ro\/#website\",\"url\":\"https:\/\/new.bjc.ro\/\",\"name\":\"Biblioteca Jude\u021bean\u0103 \u201eOctavian Goga\u201d Cluj\",\"description\":\"\",\"publisher\":{\"@id\":\"https:\/\/new.bjc.ro\/#organization\"},\"alternateName\":\"Biblioteca Jude\u021bean\u0103 Cluj\",\"potentialAction\":[{\"@type\":\"SearchAction\",\"target\":{\"@type\":\"EntryPoint\",\"urlTemplate\":\"https:\/\/new.bjc.ro\/?s={search_term_string}\"},\"query-input\":{\"@type\":\"PropertyValueSpecification\",\"valueRequired\":true,\"valueName\":\"search_term_string\"}}],\"inLanguage\":\"ro-RO\"},{\"@type\":\"Organization\",\"@id\":\"https:\/\/new.bjc.ro\/#organization\",\"name\":\"Biblioteca Jude\u021bean\u0103 \u201eOctavian Goga\u201d Cluj\",\"url\":\"https:\/\/new.bjc.ro\/\",\"logo\":{\"@type\":\"ImageObject\",\"inLanguage\":\"ro-RO\",\"@id\":\"https:\/\/new.bjc.ro\/#\/schema\/logo\/image\/\",\"url\":\"https:\/\/new.bjc.ro\/wp-content\/uploads\/2023\/03\/sigle.jpg\",\"contentUrl\":\"https:\/\/new.bjc.ro\/wp-content\/uploads\/2023\/03\/sigle.jpg\",\"width\":630,\"height\":473,\"caption\":\"Biblioteca Jude\u021bean\u0103 \u201eOctavian Goga\u201d Cluj\"},\"image\":{\"@id\":\"https:\/\/new.bjc.ro\/#\/schema\/logo\/image\/\"},\"sameAs\":[\"https:\/\/www.facebook.com\/bibliotecacluj\/\",\"https:\/\/x.com\/BibliotecaGoga\",\"https:\/\/www.instagram.com\/biblioteca_judeteana_cluj\/\",\"https:\/\/www.youtube.com\/user\/BibliotecaGoga\"]}]}<\/script>\n<!-- \/ Yoast SEO plugin. -->","yoast_head_json":{"title":"Ziua Mondial\u0103 a Scriitorului: 3 martie - Biblioteca Jude\u021bean\u0103 \u201eOctavian Goga\u201d Cluj","robots":{"index":"index","follow":"follow","max-snippet":"max-snippet:-1","max-image-preview":"max-image-preview:large","max-video-preview":"max-video-preview:-1"},"canonical":"https:\/\/new.bjc.ro\/?tribe_events=ziua-mondiala-a-scriitorului-3-martie","og_locale":"ro_RO","og_type":"article","og_title":"Ziua Mondial\u0103 a Scriitorului: 3 martie - Biblioteca Jude\u021bean\u0103 \u201eOctavian Goga\u201d Cluj","og_description":"Cu ocazia Zilei Mondiale a Scriitorului, Sec\u021bia pentru copii organizeaz\u0103 o \u00eent\u00e2lnire online cu scriitorul \u0219i ilustratorul Dan Ungureanu, care a dat via\u021b\u0103 multor personaje \u00eendr\u0103gite de c\u0103tre copii. Evenimentul va avea loc luni, 3 martie 2025, de la ora 11:00, la sediul central al bibliotecii, etajul IV, centru. Particip\u0103&hellip; Cite\u0219te mai mult","og_url":"https:\/\/new.bjc.ro\/?tribe_events=ziua-mondiala-a-scriitorului-3-martie","og_site_name":"Biblioteca Jude\u021bean\u0103 \u201eOctavian Goga\u201d Cluj","article_publisher":"https:\/\/www.facebook.com\/bibliotecacluj\/","article_modified_time":"2025-03-04T08:28:11+00:00","og_image":[{"width":400,"height":566,"url":"https:\/\/new.bjc.ro\/wp-content\/uploads\/2025\/02\/afis-Ziua-Mondiala-a-Scriitorului.jpg","type":"image\/jpeg"}],"twitter_card":"summary_large_image","twitter_site":"@BibliotecaGoga","twitter_misc":{"Timp estimat pentru citire":"1 minut"},"schema":{"@context":"https:\/\/schema.org","@graph":[{"@type":"WebPage","@id":"https:\/\/new.bjc.ro\/?tribe_events=ziua-mondiala-a-scriitorului-3-martie","url":"https:\/\/new.bjc.ro\/?tribe_events=ziua-mondiala-a-scriitorului-3-martie","name":"Ziua Mondial\u0103 a Scriitorului: 3 martie - Biblioteca Jude\u021bean\u0103 \u201eOctavian Goga\u201d Cluj","isPartOf":{"@id":"https:\/\/new.bjc.ro\/#website"},"primaryImageOfPage":{"@id":"https:\/\/new.bjc.ro\/?tribe_events=ziua-mondiala-a-scriitorului-3-martie#primaryimage"},"image":{"@id":"https:\/\/new.bjc.ro\/?tribe_events=ziua-mondiala-a-scriitorului-3-martie#primaryimage"},"thumbnailUrl":"https:\/\/new.bjc.ro\/wp-content\/uploads\/2025\/02\/afis-Ziua-Mondiala-a-Scriitorului.jpg","datePublished":"2025-02-28T11:58:21+00:00","dateModified":"2025-03-04T08:28:11+00:00","breadcrumb":{"@id":"https:\/\/new.bjc.ro\/?tribe_events=ziua-mondiala-a-scriitorului-3-martie#breadcrumb"},"inLanguage":"ro-RO","potentialAction":[{"@type":"ReadAction","target":["https:\/\/new.bjc.ro\/?tribe_events=ziua-mondiala-a-scriitorului-3-martie"]}]},{"@type":"ImageObject","inLanguage":"ro-RO","@id":"https:\/\/new.bjc.ro\/?tribe_events=ziua-mondiala-a-scriitorului-3-martie#primaryimage","url":"https:\/\/new.bjc.ro\/wp-content\/uploads\/2025\/02\/afis-Ziua-Mondiala-a-Scriitorului.jpg","contentUrl":"https:\/\/new.bjc.ro\/wp-content\/uploads\/2025\/02\/afis-Ziua-Mondiala-a-Scriitorului.jpg","width":400,"height":566},{"@type":"BreadcrumbList","@id":"https:\/\/new.bjc.ro\/?tribe_events=ziua-mondiala-a-scriitorului-3-martie#breadcrumb","itemListElement":[{"@type":"ListItem","position":1,"name":"Home","item":"https:\/\/new.bjc.ro\/"},{"@type":"ListItem","position":2,"name":"Evenimente","item":"https:\/\/new.bjc.ro\/?post_type=tribe_events"},{"@type":"ListItem","position":3,"name":"Ziua Mondial\u0103 a Scriitorului: 3 martie"}]},{"@type":"WebSite","@id":"https:\/\/new.bjc.ro\/#website","url":"https:\/\/new.bjc.ro\/","name":"Biblioteca Jude\u021bean\u0103 \u201eOctavian Goga\u201d Cluj","description":"","publisher":{"@id":"https:\/\/new.bjc.ro\/#organization"},"alternateName":"Biblioteca Jude\u021bean\u0103 Cluj","potentialAction":[{"@type":"SearchAction","target":{"@type":"EntryPoint","urlTemplate":"https:\/\/new.bjc.ro\/?s={search_term_string}"},"query-input":{"@type":"PropertyValueSpecification","valueRequired":true,"valueName":"search_term_string"}}],"inLanguage":"ro-RO"},{"@type":"Organization","@id":"https:\/\/new.bjc.ro\/#organization","name":"Biblioteca Jude\u021bean\u0103 \u201eOctavian Goga\u201d Cluj","url":"https:\/\/new.bjc.ro\/","logo":{"@type":"ImageObject","inLanguage":"ro-RO","@id":"https:\/\/new.bjc.ro\/#\/schema\/logo\/image\/","url":"https:\/\/new.bjc.ro\/wp-content\/uploads\/2023\/03\/sigle.jpg","contentUrl":"https:\/\/new.bjc.ro\/wp-content\/uploads\/2023\/03\/sigle.jpg","width":630,"height":473,"caption":"Biblioteca Jude\u021bean\u0103 \u201eOctavian Goga\u201d Cluj"},"image":{"@id":"https:\/\/new.bjc.ro\/#\/schema\/logo\/image\/"},"sameAs":["https:\/\/www.facebook.com\/bibliotecacluj\/","https:\/\/x.com\/BibliotecaGoga","https:\/\/www.instagram.com\/biblioteca_judeteana_cluj\/","https:\/\/www.youtube.com\/user\/BibliotecaGoga"]}]}},"_links":{"self":[{"href":"https:\/\/new.bjc.ro\/index.php?rest_route=\/wp\/v2\/tribe_events\/10405","targetHints":{"allow":["GET"]}}],"collection":[{"href":"https:\/\/new.bjc.ro\/index.php?rest_route=\/wp\/v2\/tribe_events"}],"about":[{"href":"https:\/\/new.bjc.ro\/index.php?rest_route=\/wp\/v2\/types\/tribe_events"}],"author":[{"embeddable":true,"href":"https:\/\/new.bjc.ro\/index.php?rest_route=\/wp\/v2\/users\/7"}],"version-history":[{"count":1,"href":"https:\/\/new.bjc.ro\/index.php?rest_route=\/wp\/v2\/tribe_events\/10405\/revisions"}],"predecessor-version":[{"id":10407,"href":"https:\/\/new.bjc.ro\/index.php?rest_route=\/wp\/v2\/tribe_events\/10405\/revisions\/10407"}],"wp:featuredmedia":[{"embeddable":true,"href":"https:\/\/new.bjc.ro\/index.php?rest_route=\/wp\/v2\/media\/10406"}],"wp:attachment":[{"href":"https:\/\/new.bjc.ro\/index.php?rest_route=%2Fwp%2Fv2%2Fmedia&parent=10405"}],"wp:term":[{"taxonomy":"post_tag","embeddable":true,"href":"https:\/\/new.bjc.ro\/index.php?rest_route=%2Fwp%2Fv2%2Ftags&post=10405"},{"taxonomy":"tribe_events_cat","embeddable":true,"href":"https:\/\/new.bjc.ro\/index.php?rest_route=%2Fwp%2Fv2%2Ftribe_events_cat&post=10405"}],"curies":[{"name":"wp","href":"https:\/\/api.w.org\/{rel}","templated":true}]}}