{"id":10408,"date":"2025-03-03T12:40:31","date_gmt":"2025-03-03T10:40:31","guid":{"rendered":"https:\/\/new.bjc.ro\/?post_type=tribe_events&#038;p=10408"},"modified":"2025-03-03T12:40:31","modified_gmt":"2025-03-03T10:40:31","slug":"expozitie-dedicata-limbii-polone","status":"publish","type":"tribe_events","link":"https:\/\/new.bjc.ro\/?tribe_events=expozitie-dedicata-limbii-polone","title":{"rendered":"Expozi\u021bie\u00a0dedicat\u0103\u00a0limbii\u00a0polone"},"content":{"rendered":"<p>Cze\u015b\u0107, g\u0105szcz, czy\u017cyk, \u017ad\u017ab\u0142o, mitr\u0119\u017cy\u0107, d\u017cd\u017cysto, g\u017ceg\u017c\u00f3\u0142ka, chrz\u0105szcz \u2013 descoper\u0103 frumuse\u021bea limbii polone \u00een cadrul expozi\u021biei preg\u0103tite \u00een versiune rom\u00e2neasc\u0103 de Institutul Polonez din Bucure\u0219ti.<\/p>\n<p>Expozi\u021bia este deschis\u0103 pentru vizionare \u00een perioada 3-15 martie 2025 la sediul central al Bibliotecii Jude\u021bene &#8222;Octavian Goga&#8221; Cluj.<\/p>\n<p>V\u0103 invit\u0103m \u00eentr-o c\u0103l\u0103torie printr-un alfabet neobi\u0219nuit, ascult\u00e2nd sunetele \u0219uier\u0103toare \u0219i fo\u0219nitoare ale limbii polone. Ghizii no\u0219tri vor fi asocierile, punctele, liniu\u021bele \u0219i codi\u021bele, care te vor ajuta s\u0103 \u021bii minte cele mai interesante lucruri despre limba polon\u0103.<\/p>\n<p>Primul izvor care atest\u0103 limba polon\u0103 este un document papal de la \u00eenceputul secolului al XII-lea. Acolo apar cele mai vechi nume \u0219i prenume poloneze. Primul text mai lung este scris aproximativ 200 de ani mai t\u00e2rziu. \u00cen secolul al XV-lea existau deja poezii, proz\u0103 \u0219i documente \u00een limba polon\u0103.<\/p>\n<p>Expozi\u021bia dedicat\u0103 limbii polone prezint\u0103 o scurt\u0103 istorie a limbii, principalele reguli de pronun\u021bie, precum \u0219i numeroase curiozit\u0103\u021bi. Privitorul afl\u0103, printre altele, care este cea mai veche propozi\u021bie scris\u0103 \u00een polon\u0103, care sunt literele \u201eciudate\u201d ale alfabetului polonez, dar \u0219i expresii onomatopeice care sun\u0103 amuzant \u0219i, literal, fluier\u0103, sc\u00e2r\u021b\u00e2ie \u0219i scr\u00e2\u0219nesc pe plan\u0219ele expozi\u021biei.<\/p>\n<p>Expozi\u021bia nu doar c\u0103 ne permite s\u0103 descoperim mai multe despre limba polon\u0103, dar ne \u00eencurajeaz\u0103 s\u0103 \u00eenv\u0103\u021b\u0103m aceast\u0103 limb\u0103 interesant\u0103 pe care o vorbesc peste 40 de milioane de oameni \u00een \u00eentreaga lume.<\/p>\n","protected":false},"excerpt":{"rendered":"<p>Cze\u015b\u0107, g\u0105szcz, czy\u017cyk, \u017ad\u017ab\u0142o, mitr\u0119\u017cy\u0107, d\u017cd\u017cysto, g\u017ceg\u017c\u00f3\u0142ka, chrz\u0105szcz \u2013 descoper\u0103 frumuse\u021bea limbii polone \u00een cadrul expozi\u021biei preg\u0103tite \u00een versiune rom\u00e2neasc\u0103 de Institutul Polonez din Bucure\u0219ti. Expozi\u021bia este deschis\u0103 pentru vizionare \u00een perioada 3-15 martie 2025 la sediul central al Bibliotecii Jude\u021bene &#8222;Octavian Goga&#8221; Cluj. V\u0103 invit\u0103m \u00eentr-o c\u0103l\u0103torie printr-un alfabet&hellip; <br \/> <a class=\"read-more\" href=\"https:\/\/new.bjc.ro\/?tribe_events=expozitie-dedicata-limbii-polone\">Cite\u0219te mai mult<\/a><\/p>\n","protected":false},"author":1,"featured_media":0,"template":"","meta":{"_monsterinsights_skip_tracking":false,"_monsterinsights_sitenote_active":false,"_monsterinsights_sitenote_note":"","_monsterinsights_sitenote_category":0,"_EventAllDay":false,"_EventTimezone":"Europe\/Bucharest","_EventStartDate":"2025-03-03 08:00:00","_EventEndDate":"2025-03-15 20:00:00","_EventStartDateUTC":"2025-03-03 06:00:00","_EventEndDateUTC":"2025-03-15 18:00:00","_EventShowMap":true,"_EventShowMapLink":true,"_EventURL":"","_EventCost":"","_EventCostDescription":"","_EventCurrencySymbol":"$","_EventCurrencyCode":"USD","_EventCurrencyPosition":"prefix","_EventDateTimeSeparator":"","_EventTimeRangeSeparator":"","_EventOrganizerID":[2810],"_EventVenueID":[3721],"_OrganizerEmail":"","_OrganizerPhone":"","_OrganizerWebsite":"","_VenueAddress":"","_VenueCity":"","_VenueCountry":"","_VenueProvince":"","_VenueState":"","_VenueZip":"","_VenuePhone":"","_VenueURL":"","_VenueStateProvince":"","_VenueLat":"","_VenueLng":"","_VenueShowMap":false,"_VenueShowMapLink":false,"_tribe_events_status":"","_tribe_events_status_reason":"","footnotes":""},"tags":[104],"tribe_events_cat":[94],"class_list":["post-10408","tribe_events","type-tribe_events","status-publish","hentry","tag-expozitie","tribe_events_cat-expozitie","cat_expozitie"],"yoast_head":"<!-- This site is optimized with the Yoast SEO plugin v24.6 - https:\/\/yoast.com\/wordpress\/plugins\/seo\/ -->\n<title>Expozi\u021bie\u00a0dedicat\u0103\u00a0limbii\u00a0polone - Biblioteca Jude\u021bean\u0103 \u201eOctavian Goga\u201d Cluj<\/title>\n<meta name=\"robots\" content=\"index, follow, max-snippet:-1, max-image-preview:large, max-video-preview:-1\" \/>\n<link rel=\"canonical\" href=\"https:\/\/new.bjc.ro\/?tribe_events=expozitie-dedicata-limbii-polone\" \/>\n<meta property=\"og:locale\" content=\"ro_RO\" \/>\n<meta property=\"og:type\" content=\"article\" \/>\n<meta property=\"og:title\" content=\"Expozi\u021bie\u00a0dedicat\u0103\u00a0limbii\u00a0polone - Biblioteca Jude\u021bean\u0103 \u201eOctavian Goga\u201d Cluj\" \/>\n<meta property=\"og:description\" content=\"Cze\u015b\u0107, g\u0105szcz, czy\u017cyk, \u017ad\u017ab\u0142o, mitr\u0119\u017cy\u0107, d\u017cd\u017cysto, g\u017ceg\u017c\u00f3\u0142ka, chrz\u0105szcz \u2013 descoper\u0103 frumuse\u021bea limbii polone \u00een cadrul expozi\u021biei preg\u0103tite \u00een versiune rom\u00e2neasc\u0103 de Institutul Polonez din Bucure\u0219ti. Expozi\u021bia este deschis\u0103 pentru vizionare \u00een perioada 3-15 martie 2025 la sediul central al Bibliotecii Jude\u021bene &#8222;Octavian Goga&#8221; Cluj. V\u0103 invit\u0103m \u00eentr-o c\u0103l\u0103torie printr-un alfabet&hellip; Cite\u0219te mai mult\" \/>\n<meta property=\"og:url\" content=\"https:\/\/new.bjc.ro\/?tribe_events=expozitie-dedicata-limbii-polone\" \/>\n<meta property=\"og:site_name\" content=\"Biblioteca Jude\u021bean\u0103 \u201eOctavian Goga\u201d Cluj\" \/>\n<meta property=\"article:publisher\" content=\"https:\/\/www.facebook.com\/bibliotecacluj\/\" \/>\n<meta property=\"og:image\" content=\"https:\/\/new.bjc.ro\/wp-content\/uploads\/2023\/01\/IMG_5597-1.jpg\" \/>\n\t<meta property=\"og:image:width\" content=\"2000\" \/>\n\t<meta property=\"og:image:height\" content=\"1333\" \/>\n\t<meta property=\"og:image:type\" content=\"image\/jpeg\" \/>\n<meta name=\"twitter:card\" content=\"summary_large_image\" \/>\n<meta name=\"twitter:site\" content=\"@BibliotecaGoga\" \/>\n<meta name=\"twitter:label1\" content=\"Timp estimat pentru citire\" \/>\n\t<meta name=\"twitter:data1\" content=\"2 minute\" \/>\n<script type=\"application\/ld+json\" class=\"yoast-schema-graph\">{\"@context\":\"https:\/\/schema.org\",\"@graph\":[{\"@type\":\"WebPage\",\"@id\":\"https:\/\/new.bjc.ro\/?tribe_events=expozitie-dedicata-limbii-polone\",\"url\":\"https:\/\/new.bjc.ro\/?tribe_events=expozitie-dedicata-limbii-polone\",\"name\":\"Expozi\u021bie\u00a0dedicat\u0103\u00a0limbii\u00a0polone - Biblioteca Jude\u021bean\u0103 \u201eOctavian Goga\u201d Cluj\",\"isPartOf\":{\"@id\":\"https:\/\/new.bjc.ro\/#website\"},\"datePublished\":\"2025-03-03T10:40:31+00:00\",\"breadcrumb\":{\"@id\":\"https:\/\/new.bjc.ro\/?tribe_events=expozitie-dedicata-limbii-polone#breadcrumb\"},\"inLanguage\":\"ro-RO\",\"potentialAction\":[{\"@type\":\"ReadAction\",\"target\":[\"https:\/\/new.bjc.ro\/?tribe_events=expozitie-dedicata-limbii-polone\"]}]},{\"@type\":\"BreadcrumbList\",\"@id\":\"https:\/\/new.bjc.ro\/?tribe_events=expozitie-dedicata-limbii-polone#breadcrumb\",\"itemListElement\":[{\"@type\":\"ListItem\",\"position\":1,\"name\":\"Home\",\"item\":\"https:\/\/new.bjc.ro\/\"},{\"@type\":\"ListItem\",\"position\":2,\"name\":\"Evenimente\",\"item\":\"https:\/\/new.bjc.ro\/?post_type=tribe_events\"},{\"@type\":\"ListItem\",\"position\":3,\"name\":\"Expozi\u021bie\u00a0dedicat\u0103\u00a0limbii\u00a0polone\"}]},{\"@type\":\"WebSite\",\"@id\":\"https:\/\/new.bjc.ro\/#website\",\"url\":\"https:\/\/new.bjc.ro\/\",\"name\":\"Biblioteca Jude\u021bean\u0103 \u201eOctavian Goga\u201d Cluj\",\"description\":\"\",\"publisher\":{\"@id\":\"https:\/\/new.bjc.ro\/#organization\"},\"alternateName\":\"Biblioteca Jude\u021bean\u0103 Cluj\",\"potentialAction\":[{\"@type\":\"SearchAction\",\"target\":{\"@type\":\"EntryPoint\",\"urlTemplate\":\"https:\/\/new.bjc.ro\/?s={search_term_string}\"},\"query-input\":{\"@type\":\"PropertyValueSpecification\",\"valueRequired\":true,\"valueName\":\"search_term_string\"}}],\"inLanguage\":\"ro-RO\"},{\"@type\":\"Organization\",\"@id\":\"https:\/\/new.bjc.ro\/#organization\",\"name\":\"Biblioteca Jude\u021bean\u0103 \u201eOctavian Goga\u201d Cluj\",\"url\":\"https:\/\/new.bjc.ro\/\",\"logo\":{\"@type\":\"ImageObject\",\"inLanguage\":\"ro-RO\",\"@id\":\"https:\/\/new.bjc.ro\/#\/schema\/logo\/image\/\",\"url\":\"https:\/\/new.bjc.ro\/wp-content\/uploads\/2023\/03\/sigle.jpg\",\"contentUrl\":\"https:\/\/new.bjc.ro\/wp-content\/uploads\/2023\/03\/sigle.jpg\",\"width\":630,\"height\":473,\"caption\":\"Biblioteca Jude\u021bean\u0103 \u201eOctavian Goga\u201d Cluj\"},\"image\":{\"@id\":\"https:\/\/new.bjc.ro\/#\/schema\/logo\/image\/\"},\"sameAs\":[\"https:\/\/www.facebook.com\/bibliotecacluj\/\",\"https:\/\/x.com\/BibliotecaGoga\",\"https:\/\/www.instagram.com\/biblioteca_judeteana_cluj\/\",\"https:\/\/www.youtube.com\/user\/BibliotecaGoga\"]}]}<\/script>\n<!-- \/ Yoast SEO plugin. -->","yoast_head_json":{"title":"Expozi\u021bie\u00a0dedicat\u0103\u00a0limbii\u00a0polone - Biblioteca Jude\u021bean\u0103 \u201eOctavian Goga\u201d Cluj","robots":{"index":"index","follow":"follow","max-snippet":"max-snippet:-1","max-image-preview":"max-image-preview:large","max-video-preview":"max-video-preview:-1"},"canonical":"https:\/\/new.bjc.ro\/?tribe_events=expozitie-dedicata-limbii-polone","og_locale":"ro_RO","og_type":"article","og_title":"Expozi\u021bie\u00a0dedicat\u0103\u00a0limbii\u00a0polone - Biblioteca Jude\u021bean\u0103 \u201eOctavian Goga\u201d Cluj","og_description":"Cze\u015b\u0107, g\u0105szcz, czy\u017cyk, \u017ad\u017ab\u0142o, mitr\u0119\u017cy\u0107, d\u017cd\u017cysto, g\u017ceg\u017c\u00f3\u0142ka, chrz\u0105szcz \u2013 descoper\u0103 frumuse\u021bea limbii polone \u00een cadrul expozi\u021biei preg\u0103tite \u00een versiune rom\u00e2neasc\u0103 de Institutul Polonez din Bucure\u0219ti. Expozi\u021bia este deschis\u0103 pentru vizionare \u00een perioada 3-15 martie 2025 la sediul central al Bibliotecii Jude\u021bene &#8222;Octavian Goga&#8221; Cluj. V\u0103 invit\u0103m \u00eentr-o c\u0103l\u0103torie printr-un alfabet&hellip; Cite\u0219te mai mult","og_url":"https:\/\/new.bjc.ro\/?tribe_events=expozitie-dedicata-limbii-polone","og_site_name":"Biblioteca Jude\u021bean\u0103 \u201eOctavian Goga\u201d Cluj","article_publisher":"https:\/\/www.facebook.com\/bibliotecacluj\/","og_image":[{"width":2000,"height":1333,"url":"https:\/\/new.bjc.ro\/wp-content\/uploads\/2023\/01\/IMG_5597-1.jpg","type":"image\/jpeg"}],"twitter_card":"summary_large_image","twitter_site":"@BibliotecaGoga","twitter_misc":{"Timp estimat pentru citire":"2 minute"},"schema":{"@context":"https:\/\/schema.org","@graph":[{"@type":"WebPage","@id":"https:\/\/new.bjc.ro\/?tribe_events=expozitie-dedicata-limbii-polone","url":"https:\/\/new.bjc.ro\/?tribe_events=expozitie-dedicata-limbii-polone","name":"Expozi\u021bie\u00a0dedicat\u0103\u00a0limbii\u00a0polone - Biblioteca Jude\u021bean\u0103 \u201eOctavian Goga\u201d Cluj","isPartOf":{"@id":"https:\/\/new.bjc.ro\/#website"},"datePublished":"2025-03-03T10:40:31+00:00","breadcrumb":{"@id":"https:\/\/new.bjc.ro\/?tribe_events=expozitie-dedicata-limbii-polone#breadcrumb"},"inLanguage":"ro-RO","potentialAction":[{"@type":"ReadAction","target":["https:\/\/new.bjc.ro\/?tribe_events=expozitie-dedicata-limbii-polone"]}]},{"@type":"BreadcrumbList","@id":"https:\/\/new.bjc.ro\/?tribe_events=expozitie-dedicata-limbii-polone#breadcrumb","itemListElement":[{"@type":"ListItem","position":1,"name":"Home","item":"https:\/\/new.bjc.ro\/"},{"@type":"ListItem","position":2,"name":"Evenimente","item":"https:\/\/new.bjc.ro\/?post_type=tribe_events"},{"@type":"ListItem","position":3,"name":"Expozi\u021bie\u00a0dedicat\u0103\u00a0limbii\u00a0polone"}]},{"@type":"WebSite","@id":"https:\/\/new.bjc.ro\/#website","url":"https:\/\/new.bjc.ro\/","name":"Biblioteca Jude\u021bean\u0103 \u201eOctavian Goga\u201d Cluj","description":"","publisher":{"@id":"https:\/\/new.bjc.ro\/#organization"},"alternateName":"Biblioteca Jude\u021bean\u0103 Cluj","potentialAction":[{"@type":"SearchAction","target":{"@type":"EntryPoint","urlTemplate":"https:\/\/new.bjc.ro\/?s={search_term_string}"},"query-input":{"@type":"PropertyValueSpecification","valueRequired":true,"valueName":"search_term_string"}}],"inLanguage":"ro-RO"},{"@type":"Organization","@id":"https:\/\/new.bjc.ro\/#organization","name":"Biblioteca Jude\u021bean\u0103 \u201eOctavian Goga\u201d Cluj","url":"https:\/\/new.bjc.ro\/","logo":{"@type":"ImageObject","inLanguage":"ro-RO","@id":"https:\/\/new.bjc.ro\/#\/schema\/logo\/image\/","url":"https:\/\/new.bjc.ro\/wp-content\/uploads\/2023\/03\/sigle.jpg","contentUrl":"https:\/\/new.bjc.ro\/wp-content\/uploads\/2023\/03\/sigle.jpg","width":630,"height":473,"caption":"Biblioteca Jude\u021bean\u0103 \u201eOctavian Goga\u201d Cluj"},"image":{"@id":"https:\/\/new.bjc.ro\/#\/schema\/logo\/image\/"},"sameAs":["https:\/\/www.facebook.com\/bibliotecacluj\/","https:\/\/x.com\/BibliotecaGoga","https:\/\/www.instagram.com\/biblioteca_judeteana_cluj\/","https:\/\/www.youtube.com\/user\/BibliotecaGoga"]}]}},"_links":{"self":[{"href":"https:\/\/new.bjc.ro\/index.php?rest_route=\/wp\/v2\/tribe_events\/10408","targetHints":{"allow":["GET"]}}],"collection":[{"href":"https:\/\/new.bjc.ro\/index.php?rest_route=\/wp\/v2\/tribe_events"}],"about":[{"href":"https:\/\/new.bjc.ro\/index.php?rest_route=\/wp\/v2\/types\/tribe_events"}],"author":[{"embeddable":true,"href":"https:\/\/new.bjc.ro\/index.php?rest_route=\/wp\/v2\/users\/1"}],"version-history":[{"count":1,"href":"https:\/\/new.bjc.ro\/index.php?rest_route=\/wp\/v2\/tribe_events\/10408\/revisions"}],"predecessor-version":[{"id":10409,"href":"https:\/\/new.bjc.ro\/index.php?rest_route=\/wp\/v2\/tribe_events\/10408\/revisions\/10409"}],"wp:attachment":[{"href":"https:\/\/new.bjc.ro\/index.php?rest_route=%2Fwp%2Fv2%2Fmedia&parent=10408"}],"wp:term":[{"taxonomy":"post_tag","embeddable":true,"href":"https:\/\/new.bjc.ro\/index.php?rest_route=%2Fwp%2Fv2%2Ftags&post=10408"},{"taxonomy":"tribe_events_cat","embeddable":true,"href":"https:\/\/new.bjc.ro\/index.php?rest_route=%2Fwp%2Fv2%2Ftribe_events_cat&post=10408"}],"curies":[{"name":"wp","href":"https:\/\/api.w.org\/{rel}","templated":true}]}}