{"id":10545,"date":"2025-03-28T11:23:41","date_gmt":"2025-03-28T09:23:41","guid":{"rendered":"https:\/\/new.bjc.ro\/?post_type=tribe_events&#038;p=10545"},"modified":"2025-03-28T11:25:42","modified_gmt":"2025-03-28T09:25:42","slug":"2-aprilie-ziua-internationala-a-cartii-pentru-copii-si-tineret","status":"publish","type":"tribe_events","link":"https:\/\/new.bjc.ro\/?tribe_events=2-aprilie-ziua-internationala-a-cartii-pentru-copii-si-tineret","title":{"rendered":"2 aprilie: Ziua Interna\u021bional\u0103 a C\u0103r\u021bii pentru Copii \u0219i Tineret"},"content":{"rendered":"<p>Biblioteca Jude\u0163ean\u0103 \u201eOctavian Goga\u201d Cluj organizeaz\u0103, \u00een perioada 31 martie &#8211; 4 aprilie 2025, o serie de\u00a0 activit\u0103\u0163i dedicate Zilei Interna\u021bionale a C\u0103r\u021bii pentru Copii \u0219i Tineret, s\u0103rb\u0103torit\u0103 anual \u00een data de 2 aprilie, ca un omagiu adus scriitorului danez Hans Christian Andersen.<\/p>\n<p>Evenimentele dedicate acestei s\u0103rb\u0103tori a c\u0103r\u021bii pentru copii \u0219i tineret se vor desf\u0103\u0219ura at\u00e2t la sediul central al bibliotecii, c\u00e2t \u0219i la filialele de cartier, \u0219i vor cuprinde: \u00eent\u00e2lniri cu scriitori, ore de lectur\u0103 pentru copii \u00een limbile rom\u00e2n\u0103, englez\u0103 \u0219i maghiar\u0103, activit\u0103\u021bi educative cu diferite tematici, clubul curio\u0219ilor \u0219i programe de lectur\u0103 pentru \u00eentreaga familie.<\/p>\n<p>Programul complet al activit\u0103\u021bilor poate fi consultat <a href=\"https:\/\/new.bjc.ro\/wp-content\/uploads\/2025\/03\/Program-ZICCT-2025_final280525.pdf\">aici<\/a>.<\/p>\n","protected":false},"excerpt":{"rendered":"<p>Biblioteca Jude\u0163ean\u0103 \u201eOctavian Goga\u201d Cluj organizeaz\u0103, \u00een perioada 31 martie &#8211; 4 aprilie 2025, o serie de\u00a0 activit\u0103\u0163i dedicate Zilei Interna\u021bionale a C\u0103r\u021bii pentru Copii \u0219i Tineret, s\u0103rb\u0103torit\u0103 anual \u00een data de 2 aprilie, ca un omagiu adus scriitorului danez Hans Christian Andersen. Evenimentele dedicate acestei s\u0103rb\u0103tori a c\u0103r\u021bii pentru&hellip; <br \/> <a class=\"read-more\" href=\"https:\/\/new.bjc.ro\/?tribe_events=2-aprilie-ziua-internationala-a-cartii-pentru-copii-si-tineret\">Cite\u0219te mai mult<\/a><\/p>\n","protected":false},"author":1,"featured_media":10546,"template":"","meta":{"_monsterinsights_skip_tracking":false,"_monsterinsights_sitenote_active":false,"_monsterinsights_sitenote_note":"","_monsterinsights_sitenote_category":0,"_EventAllDay":false,"_EventTimezone":"Europe\/Bucharest","_EventStartDate":"2025-03-31 08:00:00","_EventEndDate":"2025-04-04 17:00:00","_EventStartDateUTC":"2025-03-31 05:00:00","_EventEndDateUTC":"2025-04-04 14:00:00","_EventShowMap":true,"_EventShowMapLink":true,"_EventURL":"","_EventCost":"","_EventCostDescription":"","_EventCurrencySymbol":"$","_EventCurrencyCode":"USD","_EventCurrencyPosition":"prefix","_EventDateTimeSeparator":"","_EventTimeRangeSeparator":"","_EventOrganizerID":[2810],"_EventVenueID":[6258],"_OrganizerEmail":"","_OrganizerPhone":"","_OrganizerWebsite":"","_VenueAddress":"","_VenueCity":"","_VenueCountry":"","_VenueProvince":"","_VenueState":"","_VenueZip":"","_VenuePhone":"","_VenueURL":"","_VenueStateProvince":"","_VenueLat":"","_VenueLng":"","_VenueShowMap":false,"_VenueShowMapLink":false,"_tribe_events_status":"","_tribe_events_status_reason":"","footnotes":""},"tags":[195],"tribe_events_cat":[28],"class_list":["post-10545","tribe_events","type-tribe_events","status-publish","has-post-thumbnail","hentry","tag-ziua-internationala-a-cartii-pentru-copii-si-tineret","tribe_events_cat-evenimente","cat_evenimente"],"yoast_head":"<!-- This site is optimized with the Yoast SEO plugin v24.6 - https:\/\/yoast.com\/wordpress\/plugins\/seo\/ -->\n<title>2 aprilie: Ziua Interna\u021bional\u0103 a C\u0103r\u021bii pentru Copii \u0219i Tineret - Biblioteca Jude\u021bean\u0103 \u201eOctavian Goga\u201d Cluj<\/title>\n<meta name=\"robots\" content=\"index, follow, max-snippet:-1, max-image-preview:large, max-video-preview:-1\" \/>\n<link rel=\"canonical\" href=\"https:\/\/new.bjc.ro\/?tribe_events=2-aprilie-ziua-internationala-a-cartii-pentru-copii-si-tineret\" \/>\n<meta property=\"og:locale\" content=\"ro_RO\" \/>\n<meta property=\"og:type\" content=\"article\" \/>\n<meta property=\"og:title\" content=\"2 aprilie: Ziua Interna\u021bional\u0103 a C\u0103r\u021bii pentru Copii \u0219i Tineret - Biblioteca Jude\u021bean\u0103 \u201eOctavian Goga\u201d Cluj\" \/>\n<meta property=\"og:description\" content=\"Biblioteca Jude\u0163ean\u0103 \u201eOctavian Goga\u201d Cluj organizeaz\u0103, \u00een perioada 31 martie &#8211; 4 aprilie 2025, o serie de\u00a0 activit\u0103\u0163i dedicate Zilei Interna\u021bionale a C\u0103r\u021bii pentru Copii \u0219i Tineret, s\u0103rb\u0103torit\u0103 anual \u00een data de 2 aprilie, ca un omagiu adus scriitorului danez Hans Christian Andersen. Evenimentele dedicate acestei s\u0103rb\u0103tori a c\u0103r\u021bii pentru&hellip; Cite\u0219te mai mult\" \/>\n<meta property=\"og:url\" content=\"https:\/\/new.bjc.ro\/?tribe_events=2-aprilie-ziua-internationala-a-cartii-pentru-copii-si-tineret\" \/>\n<meta property=\"og:site_name\" content=\"Biblioteca Jude\u021bean\u0103 \u201eOctavian Goga\u201d Cluj\" \/>\n<meta property=\"article:publisher\" content=\"https:\/\/www.facebook.com\/bibliotecacluj\/\" \/>\n<meta property=\"article:modified_time\" content=\"2025-03-28T09:25:42+00:00\" \/>\n<meta property=\"og:image\" content=\"https:\/\/new.bjc.ro\/wp-content\/uploads\/2025\/03\/Afis-Ziua-Internationala-a-Cartii-pentru-Copii-280325.jpg\" \/>\n\t<meta property=\"og:image:width\" content=\"400\" \/>\n\t<meta property=\"og:image:height\" content=\"566\" \/>\n\t<meta property=\"og:image:type\" content=\"image\/jpeg\" \/>\n<meta name=\"twitter:card\" content=\"summary_large_image\" \/>\n<meta name=\"twitter:site\" content=\"@BibliotecaGoga\" \/>\n<meta name=\"twitter:label1\" content=\"Timp estimat pentru citire\" \/>\n\t<meta name=\"twitter:data1\" content=\"1 minut\" \/>\n<script type=\"application\/ld+json\" class=\"yoast-schema-graph\">{\"@context\":\"https:\/\/schema.org\",\"@graph\":[{\"@type\":\"WebPage\",\"@id\":\"https:\/\/new.bjc.ro\/?tribe_events=2-aprilie-ziua-internationala-a-cartii-pentru-copii-si-tineret\",\"url\":\"https:\/\/new.bjc.ro\/?tribe_events=2-aprilie-ziua-internationala-a-cartii-pentru-copii-si-tineret\",\"name\":\"2 aprilie: Ziua Interna\u021bional\u0103 a C\u0103r\u021bii pentru Copii \u0219i Tineret - Biblioteca Jude\u021bean\u0103 \u201eOctavian Goga\u201d Cluj\",\"isPartOf\":{\"@id\":\"https:\/\/new.bjc.ro\/#website\"},\"primaryImageOfPage\":{\"@id\":\"https:\/\/new.bjc.ro\/?tribe_events=2-aprilie-ziua-internationala-a-cartii-pentru-copii-si-tineret#primaryimage\"},\"image\":{\"@id\":\"https:\/\/new.bjc.ro\/?tribe_events=2-aprilie-ziua-internationala-a-cartii-pentru-copii-si-tineret#primaryimage\"},\"thumbnailUrl\":\"https:\/\/new.bjc.ro\/wp-content\/uploads\/2025\/03\/Afis-Ziua-Internationala-a-Cartii-pentru-Copii-280325.jpg\",\"datePublished\":\"2025-03-28T09:23:41+00:00\",\"dateModified\":\"2025-03-28T09:25:42+00:00\",\"breadcrumb\":{\"@id\":\"https:\/\/new.bjc.ro\/?tribe_events=2-aprilie-ziua-internationala-a-cartii-pentru-copii-si-tineret#breadcrumb\"},\"inLanguage\":\"ro-RO\",\"potentialAction\":[{\"@type\":\"ReadAction\",\"target\":[\"https:\/\/new.bjc.ro\/?tribe_events=2-aprilie-ziua-internationala-a-cartii-pentru-copii-si-tineret\"]}]},{\"@type\":\"ImageObject\",\"inLanguage\":\"ro-RO\",\"@id\":\"https:\/\/new.bjc.ro\/?tribe_events=2-aprilie-ziua-internationala-a-cartii-pentru-copii-si-tineret#primaryimage\",\"url\":\"https:\/\/new.bjc.ro\/wp-content\/uploads\/2025\/03\/Afis-Ziua-Internationala-a-Cartii-pentru-Copii-280325.jpg\",\"contentUrl\":\"https:\/\/new.bjc.ro\/wp-content\/uploads\/2025\/03\/Afis-Ziua-Internationala-a-Cartii-pentru-Copii-280325.jpg\",\"width\":400,\"height\":566},{\"@type\":\"BreadcrumbList\",\"@id\":\"https:\/\/new.bjc.ro\/?tribe_events=2-aprilie-ziua-internationala-a-cartii-pentru-copii-si-tineret#breadcrumb\",\"itemListElement\":[{\"@type\":\"ListItem\",\"position\":1,\"name\":\"Home\",\"item\":\"https:\/\/new.bjc.ro\/\"},{\"@type\":\"ListItem\",\"position\":2,\"name\":\"Evenimente\",\"item\":\"https:\/\/new.bjc.ro\/?post_type=tribe_events\"},{\"@type\":\"ListItem\",\"position\":3,\"name\":\"2 aprilie: Ziua Interna\u021bional\u0103 a C\u0103r\u021bii pentru Copii \u0219i Tineret\"}]},{\"@type\":\"WebSite\",\"@id\":\"https:\/\/new.bjc.ro\/#website\",\"url\":\"https:\/\/new.bjc.ro\/\",\"name\":\"Biblioteca Jude\u021bean\u0103 \u201eOctavian Goga\u201d Cluj\",\"description\":\"\",\"publisher\":{\"@id\":\"https:\/\/new.bjc.ro\/#organization\"},\"alternateName\":\"Biblioteca Jude\u021bean\u0103 Cluj\",\"potentialAction\":[{\"@type\":\"SearchAction\",\"target\":{\"@type\":\"EntryPoint\",\"urlTemplate\":\"https:\/\/new.bjc.ro\/?s={search_term_string}\"},\"query-input\":{\"@type\":\"PropertyValueSpecification\",\"valueRequired\":true,\"valueName\":\"search_term_string\"}}],\"inLanguage\":\"ro-RO\"},{\"@type\":\"Organization\",\"@id\":\"https:\/\/new.bjc.ro\/#organization\",\"name\":\"Biblioteca Jude\u021bean\u0103 \u201eOctavian Goga\u201d Cluj\",\"url\":\"https:\/\/new.bjc.ro\/\",\"logo\":{\"@type\":\"ImageObject\",\"inLanguage\":\"ro-RO\",\"@id\":\"https:\/\/new.bjc.ro\/#\/schema\/logo\/image\/\",\"url\":\"https:\/\/new.bjc.ro\/wp-content\/uploads\/2023\/03\/sigle.jpg\",\"contentUrl\":\"https:\/\/new.bjc.ro\/wp-content\/uploads\/2023\/03\/sigle.jpg\",\"width\":630,\"height\":473,\"caption\":\"Biblioteca Jude\u021bean\u0103 \u201eOctavian Goga\u201d Cluj\"},\"image\":{\"@id\":\"https:\/\/new.bjc.ro\/#\/schema\/logo\/image\/\"},\"sameAs\":[\"https:\/\/www.facebook.com\/bibliotecacluj\/\",\"https:\/\/x.com\/BibliotecaGoga\",\"https:\/\/www.instagram.com\/biblioteca_judeteana_cluj\/\",\"https:\/\/www.youtube.com\/user\/BibliotecaGoga\"]}]}<\/script>\n<!-- \/ Yoast SEO plugin. -->","yoast_head_json":{"title":"2 aprilie: Ziua Interna\u021bional\u0103 a C\u0103r\u021bii pentru Copii \u0219i Tineret - Biblioteca Jude\u021bean\u0103 \u201eOctavian Goga\u201d Cluj","robots":{"index":"index","follow":"follow","max-snippet":"max-snippet:-1","max-image-preview":"max-image-preview:large","max-video-preview":"max-video-preview:-1"},"canonical":"https:\/\/new.bjc.ro\/?tribe_events=2-aprilie-ziua-internationala-a-cartii-pentru-copii-si-tineret","og_locale":"ro_RO","og_type":"article","og_title":"2 aprilie: Ziua Interna\u021bional\u0103 a C\u0103r\u021bii pentru Copii \u0219i Tineret - Biblioteca Jude\u021bean\u0103 \u201eOctavian Goga\u201d Cluj","og_description":"Biblioteca Jude\u0163ean\u0103 \u201eOctavian Goga\u201d Cluj organizeaz\u0103, \u00een perioada 31 martie &#8211; 4 aprilie 2025, o serie de\u00a0 activit\u0103\u0163i dedicate Zilei Interna\u021bionale a C\u0103r\u021bii pentru Copii \u0219i Tineret, s\u0103rb\u0103torit\u0103 anual \u00een data de 2 aprilie, ca un omagiu adus scriitorului danez Hans Christian Andersen. Evenimentele dedicate acestei s\u0103rb\u0103tori a c\u0103r\u021bii pentru&hellip; Cite\u0219te mai mult","og_url":"https:\/\/new.bjc.ro\/?tribe_events=2-aprilie-ziua-internationala-a-cartii-pentru-copii-si-tineret","og_site_name":"Biblioteca Jude\u021bean\u0103 \u201eOctavian Goga\u201d Cluj","article_publisher":"https:\/\/www.facebook.com\/bibliotecacluj\/","article_modified_time":"2025-03-28T09:25:42+00:00","og_image":[{"width":400,"height":566,"url":"https:\/\/new.bjc.ro\/wp-content\/uploads\/2025\/03\/Afis-Ziua-Internationala-a-Cartii-pentru-Copii-280325.jpg","type":"image\/jpeg"}],"twitter_card":"summary_large_image","twitter_site":"@BibliotecaGoga","twitter_misc":{"Timp estimat pentru citire":"1 minut"},"schema":{"@context":"https:\/\/schema.org","@graph":[{"@type":"WebPage","@id":"https:\/\/new.bjc.ro\/?tribe_events=2-aprilie-ziua-internationala-a-cartii-pentru-copii-si-tineret","url":"https:\/\/new.bjc.ro\/?tribe_events=2-aprilie-ziua-internationala-a-cartii-pentru-copii-si-tineret","name":"2 aprilie: Ziua Interna\u021bional\u0103 a C\u0103r\u021bii pentru Copii \u0219i Tineret - Biblioteca Jude\u021bean\u0103 \u201eOctavian Goga\u201d Cluj","isPartOf":{"@id":"https:\/\/new.bjc.ro\/#website"},"primaryImageOfPage":{"@id":"https:\/\/new.bjc.ro\/?tribe_events=2-aprilie-ziua-internationala-a-cartii-pentru-copii-si-tineret#primaryimage"},"image":{"@id":"https:\/\/new.bjc.ro\/?tribe_events=2-aprilie-ziua-internationala-a-cartii-pentru-copii-si-tineret#primaryimage"},"thumbnailUrl":"https:\/\/new.bjc.ro\/wp-content\/uploads\/2025\/03\/Afis-Ziua-Internationala-a-Cartii-pentru-Copii-280325.jpg","datePublished":"2025-03-28T09:23:41+00:00","dateModified":"2025-03-28T09:25:42+00:00","breadcrumb":{"@id":"https:\/\/new.bjc.ro\/?tribe_events=2-aprilie-ziua-internationala-a-cartii-pentru-copii-si-tineret#breadcrumb"},"inLanguage":"ro-RO","potentialAction":[{"@type":"ReadAction","target":["https:\/\/new.bjc.ro\/?tribe_events=2-aprilie-ziua-internationala-a-cartii-pentru-copii-si-tineret"]}]},{"@type":"ImageObject","inLanguage":"ro-RO","@id":"https:\/\/new.bjc.ro\/?tribe_events=2-aprilie-ziua-internationala-a-cartii-pentru-copii-si-tineret#primaryimage","url":"https:\/\/new.bjc.ro\/wp-content\/uploads\/2025\/03\/Afis-Ziua-Internationala-a-Cartii-pentru-Copii-280325.jpg","contentUrl":"https:\/\/new.bjc.ro\/wp-content\/uploads\/2025\/03\/Afis-Ziua-Internationala-a-Cartii-pentru-Copii-280325.jpg","width":400,"height":566},{"@type":"BreadcrumbList","@id":"https:\/\/new.bjc.ro\/?tribe_events=2-aprilie-ziua-internationala-a-cartii-pentru-copii-si-tineret#breadcrumb","itemListElement":[{"@type":"ListItem","position":1,"name":"Home","item":"https:\/\/new.bjc.ro\/"},{"@type":"ListItem","position":2,"name":"Evenimente","item":"https:\/\/new.bjc.ro\/?post_type=tribe_events"},{"@type":"ListItem","position":3,"name":"2 aprilie: Ziua Interna\u021bional\u0103 a C\u0103r\u021bii pentru Copii \u0219i Tineret"}]},{"@type":"WebSite","@id":"https:\/\/new.bjc.ro\/#website","url":"https:\/\/new.bjc.ro\/","name":"Biblioteca Jude\u021bean\u0103 \u201eOctavian Goga\u201d Cluj","description":"","publisher":{"@id":"https:\/\/new.bjc.ro\/#organization"},"alternateName":"Biblioteca Jude\u021bean\u0103 Cluj","potentialAction":[{"@type":"SearchAction","target":{"@type":"EntryPoint","urlTemplate":"https:\/\/new.bjc.ro\/?s={search_term_string}"},"query-input":{"@type":"PropertyValueSpecification","valueRequired":true,"valueName":"search_term_string"}}],"inLanguage":"ro-RO"},{"@type":"Organization","@id":"https:\/\/new.bjc.ro\/#organization","name":"Biblioteca Jude\u021bean\u0103 \u201eOctavian Goga\u201d Cluj","url":"https:\/\/new.bjc.ro\/","logo":{"@type":"ImageObject","inLanguage":"ro-RO","@id":"https:\/\/new.bjc.ro\/#\/schema\/logo\/image\/","url":"https:\/\/new.bjc.ro\/wp-content\/uploads\/2023\/03\/sigle.jpg","contentUrl":"https:\/\/new.bjc.ro\/wp-content\/uploads\/2023\/03\/sigle.jpg","width":630,"height":473,"caption":"Biblioteca Jude\u021bean\u0103 \u201eOctavian Goga\u201d Cluj"},"image":{"@id":"https:\/\/new.bjc.ro\/#\/schema\/logo\/image\/"},"sameAs":["https:\/\/www.facebook.com\/bibliotecacluj\/","https:\/\/x.com\/BibliotecaGoga","https:\/\/www.instagram.com\/biblioteca_judeteana_cluj\/","https:\/\/www.youtube.com\/user\/BibliotecaGoga"]}]}},"_links":{"self":[{"href":"https:\/\/new.bjc.ro\/index.php?rest_route=\/wp\/v2\/tribe_events\/10545","targetHints":{"allow":["GET"]}}],"collection":[{"href":"https:\/\/new.bjc.ro\/index.php?rest_route=\/wp\/v2\/tribe_events"}],"about":[{"href":"https:\/\/new.bjc.ro\/index.php?rest_route=\/wp\/v2\/types\/tribe_events"}],"author":[{"embeddable":true,"href":"https:\/\/new.bjc.ro\/index.php?rest_route=\/wp\/v2\/users\/1"}],"version-history":[{"count":2,"href":"https:\/\/new.bjc.ro\/index.php?rest_route=\/wp\/v2\/tribe_events\/10545\/revisions"}],"predecessor-version":[{"id":10549,"href":"https:\/\/new.bjc.ro\/index.php?rest_route=\/wp\/v2\/tribe_events\/10545\/revisions\/10549"}],"wp:featuredmedia":[{"embeddable":true,"href":"https:\/\/new.bjc.ro\/index.php?rest_route=\/wp\/v2\/media\/10546"}],"wp:attachment":[{"href":"https:\/\/new.bjc.ro\/index.php?rest_route=%2Fwp%2Fv2%2Fmedia&parent=10545"}],"wp:term":[{"taxonomy":"post_tag","embeddable":true,"href":"https:\/\/new.bjc.ro\/index.php?rest_route=%2Fwp%2Fv2%2Ftags&post=10545"},{"taxonomy":"tribe_events_cat","embeddable":true,"href":"https:\/\/new.bjc.ro\/index.php?rest_route=%2Fwp%2Fv2%2Ftribe_events_cat&post=10545"}],"curies":[{"name":"wp","href":"https:\/\/api.w.org\/{rel}","templated":true}]}}