{"id":10773,"date":"2025-05-19T11:57:40","date_gmt":"2025-05-19T08:57:40","guid":{"rendered":"https:\/\/new.bjc.ro\/?post_type=tribe_events&#038;p=10773"},"modified":"2025-05-19T11:58:51","modified_gmt":"2025-05-19T08:58:51","slug":"expresiv-atelier-de-scriere-terapeutica-de-limba-maghiara","status":"publish","type":"tribe_events","link":"https:\/\/new.bjc.ro\/?tribe_events=expresiv-atelier-de-scriere-terapeutica-de-limba-maghiara","title":{"rendered":"\u201eExpresiv\u201d \u2013 Atelier de scriere terapeutic\u0103 de limba maghiar\u0103"},"content":{"rendered":"<p>Magyar nyelv\u0171, feln\u0151tteknek sz\u00f3l\u00f3 \u00edr\u00e1ster\u00e1pi\u00e1s m\u0171hely a Multikultur\u00e1lis r\u00e9szlegen! A m\u0171helyfoglalkoz\u00e1sok sor\u00e1n a r\u00e9sztvev\u0151k kreat\u00edv \u00edr\u00e1stechnik\u00e1k alkalmaz\u00e1s\u00e1val, saj\u00e1t \u00e9rz\u00e9seiknek \u00e9s gondolataiknak adnak \u00edr\u00e1sos keretet ter\u00e1pi\u00e1s c\u00e9llal.<\/p>\n<p>A ter\u00e1pi\u00e1s \u00edr\u00e1s c\u00e9lja a bels\u0151 konfliktusok, \u00e9rzelmek azonos\u00edt\u00e1sa \u00e9s meg\u00e9rt\u00e9se, a stressz \u00e9s szorong\u00e1s, a kapcsolati elakad\u00e1sok old\u00e1sa az \u00f6nmagunkkal folytatott besz\u00e9lget\u00e9sek nyom\u00e1n.<\/p>\n<p>A havi rendszeress\u00e9g\u0171 foglalkoz\u00e1sokat dr. Mikola Emese egyetemi oktat\u00f3, \u00edr\u00e1sterapeuta vezeti.<\/p>\n<p>A m\u00e1jusi tal\u00e1lkoz\u00e1sra m\u00e1jus 29-\u00e9n ker\u00fcl sor, 18,30 -t\u00f3l a Multikultur\u00e1lis teremben, a k\u00f6nyvt\u00e1r k\u00f6zponti \u00e9p\u00fclet\u00e9ben, a nyugati sz\u00e1rny 3. emelet\u00e9n.<\/p>\n<p>A r\u00e9szv\u00e9tel ingyenes, de regisztr\u00e1ci\u00f3hoz k\u00f6t\u00f6tt. Regisztr\u00e1lni a salamulticulturala[at]bjc.ro e-mail-c\u00edmen, illetve 0731 013293-as telefonsz\u00e1mon lehet.<\/p>\n<p>Szeretettel v\u00e1runk minden \u00e9rdekl\u0151d\u0151t!<\/p>\n<p>&#8211;&#8211;&#8211;&#8211;&#8211;&#8211;&#8211;<\/p>\n<p>Atelierul de scriere terapeutic\u0103 de limba maghiar\u0103 \u201eExpresiv\u201d este un atelier practic \u0219i interactiv destinat adul\u021bilor, care \u00eembin\u0103 tehnicile de autocunoa\u0219tere \u0219i dezvoltare personal\u0103 cu tehnici de scriere creativ\u0103 cu scop terapeutic.<\/p>\n<p>Terapia prin scris este o metod\u0103 folosit\u0103 frecvent pentru a exprima \u0219i \u00een\u021belege mai bine conflictele interioare, a reduce stresul \u0219i anxietatea, a explora emo\u021bii sau pentru a adresa probleme de rela\u021bionare.<\/p>\n<p>\u00cent\u00e2lnirile cu frecven\u021b\u0103 lunar\u0103 se deruleaz\u0103 sub coordonarea doamnei dr. Mikola Emese, lector universitar, terapeut specializat.<\/p>\n<p>\u00cen luna mai, \u00eent\u00e2lnirea va avea loc \u00een data de 29 mai de la ora 18.30 la Sala multicultural\u0103, etaj 3 vest.<\/p>\n<p>Participarea este gratuit\u0103 \u00een baza permisului de bibliotec\u0103.<\/p>\n<p>Persoanele interesate se pot \u00eenscrie la adresa de email salamulticulturala[at]bjc.ro sau la nr. de telefon\u00a00731 013293.<\/p>\n<p>V\u0103 a\u0219tept\u0103m cu drag!<\/p>\n","protected":false},"excerpt":{"rendered":"<p>Magyar nyelv\u0171, feln\u0151tteknek sz\u00f3l\u00f3 \u00edr\u00e1ster\u00e1pi\u00e1s m\u0171hely a Multikultur\u00e1lis r\u00e9szlegen! A m\u0171helyfoglalkoz\u00e1sok sor\u00e1n a r\u00e9sztvev\u0151k kreat\u00edv \u00edr\u00e1stechnik\u00e1k alkalmaz\u00e1s\u00e1val, saj\u00e1t \u00e9rz\u00e9seiknek \u00e9s gondolataiknak adnak \u00edr\u00e1sos keretet ter\u00e1pi\u00e1s c\u00e9llal. A ter\u00e1pi\u00e1s \u00edr\u00e1s c\u00e9lja a bels\u0151 konfliktusok, \u00e9rzelmek azonos\u00edt\u00e1sa \u00e9s meg\u00e9rt\u00e9se, a stressz \u00e9s szorong\u00e1s, a kapcsolati elakad\u00e1sok old\u00e1sa az \u00f6nmagunkkal folytatott besz\u00e9lget\u00e9sek nyom\u00e1n.&hellip; <br \/> <a class=\"read-more\" href=\"https:\/\/new.bjc.ro\/?tribe_events=expresiv-atelier-de-scriere-terapeutica-de-limba-maghiara\">Cite\u0219te mai mult<\/a><\/p>\n","protected":false},"author":1,"featured_media":10774,"template":"","meta":{"_monsterinsights_skip_tracking":false,"_monsterinsights_sitenote_active":false,"_monsterinsights_sitenote_note":"","_monsterinsights_sitenote_category":0,"_EventAllDay":false,"_EventTimezone":"Europe\/Bucharest","_EventStartDate":"2025-05-29 18:30:00","_EventEndDate":"2025-05-29 20:00:00","_EventStartDateUTC":"2025-05-29 15:30:00","_EventEndDateUTC":"2025-05-29 17:00:00","_EventShowMap":true,"_EventShowMapLink":true,"_EventURL":"","_EventCost":"","_EventCostDescription":"","_EventCurrencySymbol":"$","_EventCurrencyCode":"USD","_EventCurrencyPosition":"prefix","_EventDateTimeSeparator":"","_EventTimeRangeSeparator":"","_EventOrganizerID":[2810],"_EventVenueID":[8131],"_OrganizerEmail":"","_OrganizerPhone":"","_OrganizerWebsite":"","_VenueAddress":"","_VenueCity":"","_VenueCountry":"","_VenueProvince":"","_VenueState":"","_VenueZip":"","_VenuePhone":"","_VenueURL":"","_VenueStateProvince":"","_VenueLat":"","_VenueLng":"","_VenueShowMap":false,"_VenueShowMapLink":false,"_tribe_events_status":"","_tribe_events_status_reason":"","footnotes":""},"tags":[],"tribe_events_cat":[51],"class_list":["post-10773","tribe_events","type-tribe_events","status-publish","has-post-thumbnail","hentry","tribe_events_cat-ateliere","cat_ateliere"],"yoast_head":"<!-- This site is optimized with the Yoast SEO plugin v24.6 - https:\/\/yoast.com\/wordpress\/plugins\/seo\/ -->\n<title>\u201eExpresiv\u201d \u2013 Atelier de scriere terapeutic\u0103 de limba maghiar\u0103 - Biblioteca Jude\u021bean\u0103 \u201eOctavian Goga\u201d Cluj<\/title>\n<meta name=\"robots\" content=\"index, follow, max-snippet:-1, max-image-preview:large, max-video-preview:-1\" \/>\n<link rel=\"canonical\" href=\"https:\/\/new.bjc.ro\/?tribe_events=expresiv-atelier-de-scriere-terapeutica-de-limba-maghiara\" \/>\n<meta property=\"og:locale\" content=\"ro_RO\" \/>\n<meta property=\"og:type\" content=\"article\" \/>\n<meta property=\"og:title\" content=\"\u201eExpresiv\u201d \u2013 Atelier de scriere terapeutic\u0103 de limba maghiar\u0103 - Biblioteca Jude\u021bean\u0103 \u201eOctavian Goga\u201d Cluj\" \/>\n<meta property=\"og:description\" content=\"Magyar nyelv\u0171, feln\u0151tteknek sz\u00f3l\u00f3 \u00edr\u00e1ster\u00e1pi\u00e1s m\u0171hely a Multikultur\u00e1lis r\u00e9szlegen! A m\u0171helyfoglalkoz\u00e1sok sor\u00e1n a r\u00e9sztvev\u0151k kreat\u00edv \u00edr\u00e1stechnik\u00e1k alkalmaz\u00e1s\u00e1val, saj\u00e1t \u00e9rz\u00e9seiknek \u00e9s gondolataiknak adnak \u00edr\u00e1sos keretet ter\u00e1pi\u00e1s c\u00e9llal. A ter\u00e1pi\u00e1s \u00edr\u00e1s c\u00e9lja a bels\u0151 konfliktusok, \u00e9rzelmek azonos\u00edt\u00e1sa \u00e9s meg\u00e9rt\u00e9se, a stressz \u00e9s szorong\u00e1s, a kapcsolati elakad\u00e1sok old\u00e1sa az \u00f6nmagunkkal folytatott besz\u00e9lget\u00e9sek nyom\u00e1n.&hellip; Cite\u0219te mai mult\" \/>\n<meta property=\"og:url\" content=\"https:\/\/new.bjc.ro\/?tribe_events=expresiv-atelier-de-scriere-terapeutica-de-limba-maghiara\" \/>\n<meta property=\"og:site_name\" content=\"Biblioteca Jude\u021bean\u0103 \u201eOctavian Goga\u201d Cluj\" \/>\n<meta property=\"article:publisher\" content=\"https:\/\/www.facebook.com\/bibliotecacluj\/\" \/>\n<meta property=\"article:modified_time\" content=\"2025-05-19T08:58:51+00:00\" \/>\n<meta property=\"og:image\" content=\"https:\/\/new.bjc.ro\/wp-content\/uploads\/2025\/05\/afis-Atelier-scriere-terapeutica-29mai.jpg\" \/>\n\t<meta property=\"og:image:width\" content=\"400\" \/>\n\t<meta property=\"og:image:height\" content=\"566\" \/>\n\t<meta property=\"og:image:type\" content=\"image\/jpeg\" \/>\n<meta name=\"twitter:card\" content=\"summary_large_image\" \/>\n<meta name=\"twitter:site\" content=\"@BibliotecaGoga\" \/>\n<meta name=\"twitter:label1\" content=\"Timp estimat pentru citire\" \/>\n\t<meta name=\"twitter:data1\" content=\"2 minute\" \/>\n<script type=\"application\/ld+json\" class=\"yoast-schema-graph\">{\"@context\":\"https:\/\/schema.org\",\"@graph\":[{\"@type\":\"WebPage\",\"@id\":\"https:\/\/new.bjc.ro\/?tribe_events=expresiv-atelier-de-scriere-terapeutica-de-limba-maghiara\",\"url\":\"https:\/\/new.bjc.ro\/?tribe_events=expresiv-atelier-de-scriere-terapeutica-de-limba-maghiara\",\"name\":\"\u201eExpresiv\u201d \u2013 Atelier de scriere terapeutic\u0103 de limba maghiar\u0103 - Biblioteca Jude\u021bean\u0103 \u201eOctavian Goga\u201d Cluj\",\"isPartOf\":{\"@id\":\"https:\/\/new.bjc.ro\/#website\"},\"primaryImageOfPage\":{\"@id\":\"https:\/\/new.bjc.ro\/?tribe_events=expresiv-atelier-de-scriere-terapeutica-de-limba-maghiara#primaryimage\"},\"image\":{\"@id\":\"https:\/\/new.bjc.ro\/?tribe_events=expresiv-atelier-de-scriere-terapeutica-de-limba-maghiara#primaryimage\"},\"thumbnailUrl\":\"https:\/\/new.bjc.ro\/wp-content\/uploads\/2025\/05\/afis-Atelier-scriere-terapeutica-29mai.jpg\",\"datePublished\":\"2025-05-19T08:57:40+00:00\",\"dateModified\":\"2025-05-19T08:58:51+00:00\",\"breadcrumb\":{\"@id\":\"https:\/\/new.bjc.ro\/?tribe_events=expresiv-atelier-de-scriere-terapeutica-de-limba-maghiara#breadcrumb\"},\"inLanguage\":\"ro-RO\",\"potentialAction\":[{\"@type\":\"ReadAction\",\"target\":[\"https:\/\/new.bjc.ro\/?tribe_events=expresiv-atelier-de-scriere-terapeutica-de-limba-maghiara\"]}]},{\"@type\":\"ImageObject\",\"inLanguage\":\"ro-RO\",\"@id\":\"https:\/\/new.bjc.ro\/?tribe_events=expresiv-atelier-de-scriere-terapeutica-de-limba-maghiara#primaryimage\",\"url\":\"https:\/\/new.bjc.ro\/wp-content\/uploads\/2025\/05\/afis-Atelier-scriere-terapeutica-29mai.jpg\",\"contentUrl\":\"https:\/\/new.bjc.ro\/wp-content\/uploads\/2025\/05\/afis-Atelier-scriere-terapeutica-29mai.jpg\",\"width\":400,\"height\":566},{\"@type\":\"BreadcrumbList\",\"@id\":\"https:\/\/new.bjc.ro\/?tribe_events=expresiv-atelier-de-scriere-terapeutica-de-limba-maghiara#breadcrumb\",\"itemListElement\":[{\"@type\":\"ListItem\",\"position\":1,\"name\":\"Home\",\"item\":\"https:\/\/new.bjc.ro\/\"},{\"@type\":\"ListItem\",\"position\":2,\"name\":\"Evenimente\",\"item\":\"https:\/\/new.bjc.ro\/?post_type=tribe_events\"},{\"@type\":\"ListItem\",\"position\":3,\"name\":\"\u201eExpresiv\u201d \u2013 Atelier de scriere terapeutic\u0103 de limba maghiar\u0103\"}]},{\"@type\":\"WebSite\",\"@id\":\"https:\/\/new.bjc.ro\/#website\",\"url\":\"https:\/\/new.bjc.ro\/\",\"name\":\"Biblioteca Jude\u021bean\u0103 \u201eOctavian Goga\u201d Cluj\",\"description\":\"\",\"publisher\":{\"@id\":\"https:\/\/new.bjc.ro\/#organization\"},\"alternateName\":\"Biblioteca Jude\u021bean\u0103 Cluj\",\"potentialAction\":[{\"@type\":\"SearchAction\",\"target\":{\"@type\":\"EntryPoint\",\"urlTemplate\":\"https:\/\/new.bjc.ro\/?s={search_term_string}\"},\"query-input\":{\"@type\":\"PropertyValueSpecification\",\"valueRequired\":true,\"valueName\":\"search_term_string\"}}],\"inLanguage\":\"ro-RO\"},{\"@type\":\"Organization\",\"@id\":\"https:\/\/new.bjc.ro\/#organization\",\"name\":\"Biblioteca Jude\u021bean\u0103 \u201eOctavian Goga\u201d Cluj\",\"url\":\"https:\/\/new.bjc.ro\/\",\"logo\":{\"@type\":\"ImageObject\",\"inLanguage\":\"ro-RO\",\"@id\":\"https:\/\/new.bjc.ro\/#\/schema\/logo\/image\/\",\"url\":\"https:\/\/new.bjc.ro\/wp-content\/uploads\/2023\/03\/sigle.jpg\",\"contentUrl\":\"https:\/\/new.bjc.ro\/wp-content\/uploads\/2023\/03\/sigle.jpg\",\"width\":630,\"height\":473,\"caption\":\"Biblioteca Jude\u021bean\u0103 \u201eOctavian Goga\u201d Cluj\"},\"image\":{\"@id\":\"https:\/\/new.bjc.ro\/#\/schema\/logo\/image\/\"},\"sameAs\":[\"https:\/\/www.facebook.com\/bibliotecacluj\/\",\"https:\/\/x.com\/BibliotecaGoga\",\"https:\/\/www.instagram.com\/biblioteca_judeteana_cluj\/\",\"https:\/\/www.youtube.com\/user\/BibliotecaGoga\"]}]}<\/script>\n<!-- \/ Yoast SEO plugin. -->","yoast_head_json":{"title":"\u201eExpresiv\u201d \u2013 Atelier de scriere terapeutic\u0103 de limba maghiar\u0103 - Biblioteca Jude\u021bean\u0103 \u201eOctavian Goga\u201d Cluj","robots":{"index":"index","follow":"follow","max-snippet":"max-snippet:-1","max-image-preview":"max-image-preview:large","max-video-preview":"max-video-preview:-1"},"canonical":"https:\/\/new.bjc.ro\/?tribe_events=expresiv-atelier-de-scriere-terapeutica-de-limba-maghiara","og_locale":"ro_RO","og_type":"article","og_title":"\u201eExpresiv\u201d \u2013 Atelier de scriere terapeutic\u0103 de limba maghiar\u0103 - Biblioteca Jude\u021bean\u0103 \u201eOctavian Goga\u201d Cluj","og_description":"Magyar nyelv\u0171, feln\u0151tteknek sz\u00f3l\u00f3 \u00edr\u00e1ster\u00e1pi\u00e1s m\u0171hely a Multikultur\u00e1lis r\u00e9szlegen! A m\u0171helyfoglalkoz\u00e1sok sor\u00e1n a r\u00e9sztvev\u0151k kreat\u00edv \u00edr\u00e1stechnik\u00e1k alkalmaz\u00e1s\u00e1val, saj\u00e1t \u00e9rz\u00e9seiknek \u00e9s gondolataiknak adnak \u00edr\u00e1sos keretet ter\u00e1pi\u00e1s c\u00e9llal. A ter\u00e1pi\u00e1s \u00edr\u00e1s c\u00e9lja a bels\u0151 konfliktusok, \u00e9rzelmek azonos\u00edt\u00e1sa \u00e9s meg\u00e9rt\u00e9se, a stressz \u00e9s szorong\u00e1s, a kapcsolati elakad\u00e1sok old\u00e1sa az \u00f6nmagunkkal folytatott besz\u00e9lget\u00e9sek nyom\u00e1n.&hellip; Cite\u0219te mai mult","og_url":"https:\/\/new.bjc.ro\/?tribe_events=expresiv-atelier-de-scriere-terapeutica-de-limba-maghiara","og_site_name":"Biblioteca Jude\u021bean\u0103 \u201eOctavian Goga\u201d Cluj","article_publisher":"https:\/\/www.facebook.com\/bibliotecacluj\/","article_modified_time":"2025-05-19T08:58:51+00:00","og_image":[{"width":400,"height":566,"url":"https:\/\/new.bjc.ro\/wp-content\/uploads\/2025\/05\/afis-Atelier-scriere-terapeutica-29mai.jpg","type":"image\/jpeg"}],"twitter_card":"summary_large_image","twitter_site":"@BibliotecaGoga","twitter_misc":{"Timp estimat pentru citire":"2 minute"},"schema":{"@context":"https:\/\/schema.org","@graph":[{"@type":"WebPage","@id":"https:\/\/new.bjc.ro\/?tribe_events=expresiv-atelier-de-scriere-terapeutica-de-limba-maghiara","url":"https:\/\/new.bjc.ro\/?tribe_events=expresiv-atelier-de-scriere-terapeutica-de-limba-maghiara","name":"\u201eExpresiv\u201d \u2013 Atelier de scriere terapeutic\u0103 de limba maghiar\u0103 - Biblioteca Jude\u021bean\u0103 \u201eOctavian Goga\u201d Cluj","isPartOf":{"@id":"https:\/\/new.bjc.ro\/#website"},"primaryImageOfPage":{"@id":"https:\/\/new.bjc.ro\/?tribe_events=expresiv-atelier-de-scriere-terapeutica-de-limba-maghiara#primaryimage"},"image":{"@id":"https:\/\/new.bjc.ro\/?tribe_events=expresiv-atelier-de-scriere-terapeutica-de-limba-maghiara#primaryimage"},"thumbnailUrl":"https:\/\/new.bjc.ro\/wp-content\/uploads\/2025\/05\/afis-Atelier-scriere-terapeutica-29mai.jpg","datePublished":"2025-05-19T08:57:40+00:00","dateModified":"2025-05-19T08:58:51+00:00","breadcrumb":{"@id":"https:\/\/new.bjc.ro\/?tribe_events=expresiv-atelier-de-scriere-terapeutica-de-limba-maghiara#breadcrumb"},"inLanguage":"ro-RO","potentialAction":[{"@type":"ReadAction","target":["https:\/\/new.bjc.ro\/?tribe_events=expresiv-atelier-de-scriere-terapeutica-de-limba-maghiara"]}]},{"@type":"ImageObject","inLanguage":"ro-RO","@id":"https:\/\/new.bjc.ro\/?tribe_events=expresiv-atelier-de-scriere-terapeutica-de-limba-maghiara#primaryimage","url":"https:\/\/new.bjc.ro\/wp-content\/uploads\/2025\/05\/afis-Atelier-scriere-terapeutica-29mai.jpg","contentUrl":"https:\/\/new.bjc.ro\/wp-content\/uploads\/2025\/05\/afis-Atelier-scriere-terapeutica-29mai.jpg","width":400,"height":566},{"@type":"BreadcrumbList","@id":"https:\/\/new.bjc.ro\/?tribe_events=expresiv-atelier-de-scriere-terapeutica-de-limba-maghiara#breadcrumb","itemListElement":[{"@type":"ListItem","position":1,"name":"Home","item":"https:\/\/new.bjc.ro\/"},{"@type":"ListItem","position":2,"name":"Evenimente","item":"https:\/\/new.bjc.ro\/?post_type=tribe_events"},{"@type":"ListItem","position":3,"name":"\u201eExpresiv\u201d \u2013 Atelier de scriere terapeutic\u0103 de limba maghiar\u0103"}]},{"@type":"WebSite","@id":"https:\/\/new.bjc.ro\/#website","url":"https:\/\/new.bjc.ro\/","name":"Biblioteca Jude\u021bean\u0103 \u201eOctavian Goga\u201d Cluj","description":"","publisher":{"@id":"https:\/\/new.bjc.ro\/#organization"},"alternateName":"Biblioteca Jude\u021bean\u0103 Cluj","potentialAction":[{"@type":"SearchAction","target":{"@type":"EntryPoint","urlTemplate":"https:\/\/new.bjc.ro\/?s={search_term_string}"},"query-input":{"@type":"PropertyValueSpecification","valueRequired":true,"valueName":"search_term_string"}}],"inLanguage":"ro-RO"},{"@type":"Organization","@id":"https:\/\/new.bjc.ro\/#organization","name":"Biblioteca Jude\u021bean\u0103 \u201eOctavian Goga\u201d Cluj","url":"https:\/\/new.bjc.ro\/","logo":{"@type":"ImageObject","inLanguage":"ro-RO","@id":"https:\/\/new.bjc.ro\/#\/schema\/logo\/image\/","url":"https:\/\/new.bjc.ro\/wp-content\/uploads\/2023\/03\/sigle.jpg","contentUrl":"https:\/\/new.bjc.ro\/wp-content\/uploads\/2023\/03\/sigle.jpg","width":630,"height":473,"caption":"Biblioteca Jude\u021bean\u0103 \u201eOctavian Goga\u201d Cluj"},"image":{"@id":"https:\/\/new.bjc.ro\/#\/schema\/logo\/image\/"},"sameAs":["https:\/\/www.facebook.com\/bibliotecacluj\/","https:\/\/x.com\/BibliotecaGoga","https:\/\/www.instagram.com\/biblioteca_judeteana_cluj\/","https:\/\/www.youtube.com\/user\/BibliotecaGoga"]}]}},"_links":{"self":[{"href":"https:\/\/new.bjc.ro\/index.php?rest_route=\/wp\/v2\/tribe_events\/10773","targetHints":{"allow":["GET"]}}],"collection":[{"href":"https:\/\/new.bjc.ro\/index.php?rest_route=\/wp\/v2\/tribe_events"}],"about":[{"href":"https:\/\/new.bjc.ro\/index.php?rest_route=\/wp\/v2\/types\/tribe_events"}],"author":[{"embeddable":true,"href":"https:\/\/new.bjc.ro\/index.php?rest_route=\/wp\/v2\/users\/1"}],"version-history":[{"count":1,"href":"https:\/\/new.bjc.ro\/index.php?rest_route=\/wp\/v2\/tribe_events\/10773\/revisions"}],"predecessor-version":[{"id":10775,"href":"https:\/\/new.bjc.ro\/index.php?rest_route=\/wp\/v2\/tribe_events\/10773\/revisions\/10775"}],"wp:featuredmedia":[{"embeddable":true,"href":"https:\/\/new.bjc.ro\/index.php?rest_route=\/wp\/v2\/media\/10774"}],"wp:attachment":[{"href":"https:\/\/new.bjc.ro\/index.php?rest_route=%2Fwp%2Fv2%2Fmedia&parent=10773"}],"wp:term":[{"taxonomy":"post_tag","embeddable":true,"href":"https:\/\/new.bjc.ro\/index.php?rest_route=%2Fwp%2Fv2%2Ftags&post=10773"},{"taxonomy":"tribe_events_cat","embeddable":true,"href":"https:\/\/new.bjc.ro\/index.php?rest_route=%2Fwp%2Fv2%2Ftribe_events_cat&post=10773"}],"curies":[{"name":"wp","href":"https:\/\/api.w.org\/{rel}","templated":true}]}}