{"id":10795,"date":"2025-05-28T10:04:53","date_gmt":"2025-05-28T07:04:53","guid":{"rendered":"https:\/\/new.bjc.ro\/?post_type=tribe_events&#038;p=10795"},"modified":"2025-05-28T10:05:48","modified_gmt":"2025-05-28T07:05:48","slug":"saptamana-copilariei-editia-a-vi-a","status":"publish","type":"tribe_events","link":"https:\/\/new.bjc.ro\/?tribe_events=saptamana-copilariei-editia-a-vi-a","title":{"rendered":"S\u0102PT\u0102M\u00c2NA COPIL\u0102RIEI, edi\u021bia a VI-a"},"content":{"rendered":"<p>Biblioteca Jude\u021bean\u0103 \u201eOctavian Goga\u201d Cluj organizeaz\u0103 \u00een perioada 30 mai-6 iunie 2025 o serie de activit\u0103\u021bi dedicate Zilei Interna\u021bionale a Copilului (1 iunie).<\/p>\n<p>Evenimentul central \u00eel reprezint\u0103 Festivitatea de premiere \u0219i vernisajul expozi\u021biei cu lucr\u0103rile premiate la Concursul de desene \u201eEroii C\u0103r\u021bilor Citite\u201d, care vor avea loc vineri, 30 mai, de la ora 13.00, \u00een foaierul Sediului Central al bibliotecii. \u00cen aceea\u0219i loca\u021bie, luni, 2 iunie, de la ora 18.00, va avea loc lansarea c\u0103r\u021bii pentru copii \u201eRica \u0219i Relu. Aventur\u0103 marin\u0103\u201d, scris\u0103 de Cristina Drago\u0219, cu ilustra\u021bii de Oana Neag. Mar\u021bi, 3 iunie, \u00eencep\u00e2nd cu ora 12.00, Filiala Grigorescu s\u0103rb\u0103tore\u0219te, \u00eempreun\u0103 cu elevi de la Liceul Teoretic \u201eOnisifor Ghibu\u201d, Ziua Interna\u021bional\u0103 a Protec\u021biei Naturii \u0219i a Mediului \u00cenconjur\u0103tor, prin activitatea \u201eCopacii, vecinii no\u0219tri\u201d, care o are ca invitat\u0103 pe doamna biolog prof. univ. dr. Ecaterina Fodor. Vineri, 6 iunie, de la ora 16.00, American Corner \u00eel are ca invitat pe scriitorul \u0219i designerul grafic american Conrad Altmann, la programul \u00een limba englez\u0103 pentru copii \u201eSeasons\u2019 Stories\u201d.<\/p>\n<p>Biblioteca Jude\u021bean\u0103 se al\u0103tur\u0103 \u0219i \u00een acest an Festivalului \u201eHai-Hui printre pove\u0219ti\u201d, organizat de Teatrul de P\u0103pu\u0219i \u201ePuck\u201d, \u00een Parcul Central \u201eSimion B\u0103rnu\u021biu\u201d, duminic\u0103, 1 iunie, \u00een intervalul orar 10.00-20.00.<\/p>\n<p>Programul complet al activit\u0103\u021bilor este disponibil <a href=\"https:\/\/new.bjc.ro\/wp-content\/uploads\/2025\/05\/Program-Saptamana-Copilariei-30052025.pdf\">aici<\/a>.<\/p>\n<p>La mul\u021bi ani copiilor de pretutindeni!<\/p>\n","protected":false},"excerpt":{"rendered":"<p>Biblioteca Jude\u021bean\u0103 \u201eOctavian Goga\u201d Cluj organizeaz\u0103 \u00een perioada 30 mai-6 iunie 2025 o serie de activit\u0103\u021bi dedicate Zilei Interna\u021bionale a Copilului (1 iunie). Evenimentul central \u00eel reprezint\u0103 Festivitatea de premiere \u0219i vernisajul expozi\u021biei cu lucr\u0103rile premiate la Concursul de desene \u201eEroii C\u0103r\u021bilor Citite\u201d, care vor avea loc vineri, 30 mai,&hellip; <br \/> <a class=\"read-more\" href=\"https:\/\/new.bjc.ro\/?tribe_events=saptamana-copilariei-editia-a-vi-a\">Cite\u0219te mai mult<\/a><\/p>\n","protected":false},"author":1,"featured_media":10796,"template":"","meta":{"_monsterinsights_skip_tracking":false,"_monsterinsights_sitenote_active":false,"_monsterinsights_sitenote_note":"","_monsterinsights_sitenote_category":0,"_EventAllDay":false,"_EventTimezone":"Europe\/Bucharest","_EventStartDate":"2025-05-30 08:00:00","_EventEndDate":"2025-06-06 20:00:00","_EventStartDateUTC":"2025-05-30 05:00:00","_EventEndDateUTC":"2025-06-06 17:00:00","_EventShowMap":true,"_EventShowMapLink":true,"_EventURL":"","_EventCost":"","_EventCostDescription":"","_EventCurrencySymbol":"$","_EventCurrencyCode":"USD","_EventCurrencyPosition":"prefix","_EventDateTimeSeparator":"","_EventTimeRangeSeparator":"","_EventOrganizerID":[2810],"_EventVenueID":[3721],"_OrganizerEmail":"","_OrganizerPhone":"","_OrganizerWebsite":"","_VenueAddress":"","_VenueCity":"","_VenueCountry":"","_VenueProvince":"","_VenueState":"","_VenueZip":"","_VenuePhone":"","_VenueURL":"","_VenueStateProvince":"","_VenueLat":"","_VenueLng":"","_VenueShowMap":false,"_VenueShowMapLink":false,"_tribe_events_status":"","_tribe_events_status_reason":"","footnotes":""},"tags":[],"tribe_events_cat":[28],"class_list":["post-10795","tribe_events","type-tribe_events","status-publish","has-post-thumbnail","hentry","tribe_events_cat-evenimente","cat_evenimente"],"yoast_head":"<!-- This site is optimized with the Yoast SEO plugin v24.6 - https:\/\/yoast.com\/wordpress\/plugins\/seo\/ -->\n<title>S\u0102PT\u0102M\u00c2NA COPIL\u0102RIEI, edi\u021bia a VI-a - Biblioteca Jude\u021bean\u0103 \u201eOctavian Goga\u201d Cluj<\/title>\n<meta name=\"robots\" content=\"index, follow, max-snippet:-1, max-image-preview:large, max-video-preview:-1\" \/>\n<link rel=\"canonical\" href=\"https:\/\/new.bjc.ro\/?tribe_events=saptamana-copilariei-editia-a-vi-a\" \/>\n<meta property=\"og:locale\" content=\"ro_RO\" \/>\n<meta property=\"og:type\" content=\"article\" \/>\n<meta property=\"og:title\" content=\"S\u0102PT\u0102M\u00c2NA COPIL\u0102RIEI, edi\u021bia a VI-a - Biblioteca Jude\u021bean\u0103 \u201eOctavian Goga\u201d Cluj\" \/>\n<meta property=\"og:description\" content=\"Biblioteca Jude\u021bean\u0103 \u201eOctavian Goga\u201d Cluj organizeaz\u0103 \u00een perioada 30 mai-6 iunie 2025 o serie de activit\u0103\u021bi dedicate Zilei Interna\u021bionale a Copilului (1 iunie). Evenimentul central \u00eel reprezint\u0103 Festivitatea de premiere \u0219i vernisajul expozi\u021biei cu lucr\u0103rile premiate la Concursul de desene \u201eEroii C\u0103r\u021bilor Citite\u201d, care vor avea loc vineri, 30 mai,&hellip; Cite\u0219te mai mult\" \/>\n<meta property=\"og:url\" content=\"https:\/\/new.bjc.ro\/?tribe_events=saptamana-copilariei-editia-a-vi-a\" \/>\n<meta property=\"og:site_name\" content=\"Biblioteca Jude\u021bean\u0103 \u201eOctavian Goga\u201d Cluj\" \/>\n<meta property=\"article:publisher\" content=\"https:\/\/www.facebook.com\/bibliotecacluj\/\" \/>\n<meta property=\"article:modified_time\" content=\"2025-05-28T07:05:48+00:00\" \/>\n<meta property=\"og:image\" content=\"https:\/\/new.bjc.ro\/wp-content\/uploads\/2025\/05\/Afis-Saptamana-Copilariei-30052025.jpg\" \/>\n\t<meta property=\"og:image:width\" content=\"400\" \/>\n\t<meta property=\"og:image:height\" content=\"566\" \/>\n\t<meta property=\"og:image:type\" content=\"image\/jpeg\" \/>\n<meta name=\"twitter:card\" content=\"summary_large_image\" \/>\n<meta name=\"twitter:site\" content=\"@BibliotecaGoga\" \/>\n<meta name=\"twitter:label1\" content=\"Timp estimat pentru citire\" \/>\n\t<meta name=\"twitter:data1\" content=\"2 minute\" \/>\n<script type=\"application\/ld+json\" class=\"yoast-schema-graph\">{\"@context\":\"https:\/\/schema.org\",\"@graph\":[{\"@type\":\"WebPage\",\"@id\":\"https:\/\/new.bjc.ro\/?tribe_events=saptamana-copilariei-editia-a-vi-a\",\"url\":\"https:\/\/new.bjc.ro\/?tribe_events=saptamana-copilariei-editia-a-vi-a\",\"name\":\"S\u0102PT\u0102M\u00c2NA COPIL\u0102RIEI, edi\u021bia a VI-a - Biblioteca Jude\u021bean\u0103 \u201eOctavian Goga\u201d Cluj\",\"isPartOf\":{\"@id\":\"https:\/\/new.bjc.ro\/#website\"},\"primaryImageOfPage\":{\"@id\":\"https:\/\/new.bjc.ro\/?tribe_events=saptamana-copilariei-editia-a-vi-a#primaryimage\"},\"image\":{\"@id\":\"https:\/\/new.bjc.ro\/?tribe_events=saptamana-copilariei-editia-a-vi-a#primaryimage\"},\"thumbnailUrl\":\"https:\/\/new.bjc.ro\/wp-content\/uploads\/2025\/05\/Afis-Saptamana-Copilariei-30052025.jpg\",\"datePublished\":\"2025-05-28T07:04:53+00:00\",\"dateModified\":\"2025-05-28T07:05:48+00:00\",\"breadcrumb\":{\"@id\":\"https:\/\/new.bjc.ro\/?tribe_events=saptamana-copilariei-editia-a-vi-a#breadcrumb\"},\"inLanguage\":\"ro-RO\",\"potentialAction\":[{\"@type\":\"ReadAction\",\"target\":[\"https:\/\/new.bjc.ro\/?tribe_events=saptamana-copilariei-editia-a-vi-a\"]}]},{\"@type\":\"ImageObject\",\"inLanguage\":\"ro-RO\",\"@id\":\"https:\/\/new.bjc.ro\/?tribe_events=saptamana-copilariei-editia-a-vi-a#primaryimage\",\"url\":\"https:\/\/new.bjc.ro\/wp-content\/uploads\/2025\/05\/Afis-Saptamana-Copilariei-30052025.jpg\",\"contentUrl\":\"https:\/\/new.bjc.ro\/wp-content\/uploads\/2025\/05\/Afis-Saptamana-Copilariei-30052025.jpg\",\"width\":400,\"height\":566},{\"@type\":\"BreadcrumbList\",\"@id\":\"https:\/\/new.bjc.ro\/?tribe_events=saptamana-copilariei-editia-a-vi-a#breadcrumb\",\"itemListElement\":[{\"@type\":\"ListItem\",\"position\":1,\"name\":\"Home\",\"item\":\"https:\/\/new.bjc.ro\/\"},{\"@type\":\"ListItem\",\"position\":2,\"name\":\"Evenimente\",\"item\":\"https:\/\/new.bjc.ro\/?post_type=tribe_events\"},{\"@type\":\"ListItem\",\"position\":3,\"name\":\"S\u0102PT\u0102M\u00c2NA COPIL\u0102RIEI, edi\u021bia a VI-a\"}]},{\"@type\":\"WebSite\",\"@id\":\"https:\/\/new.bjc.ro\/#website\",\"url\":\"https:\/\/new.bjc.ro\/\",\"name\":\"Biblioteca Jude\u021bean\u0103 \u201eOctavian Goga\u201d Cluj\",\"description\":\"\",\"publisher\":{\"@id\":\"https:\/\/new.bjc.ro\/#organization\"},\"alternateName\":\"Biblioteca Jude\u021bean\u0103 Cluj\",\"potentialAction\":[{\"@type\":\"SearchAction\",\"target\":{\"@type\":\"EntryPoint\",\"urlTemplate\":\"https:\/\/new.bjc.ro\/?s={search_term_string}\"},\"query-input\":{\"@type\":\"PropertyValueSpecification\",\"valueRequired\":true,\"valueName\":\"search_term_string\"}}],\"inLanguage\":\"ro-RO\"},{\"@type\":\"Organization\",\"@id\":\"https:\/\/new.bjc.ro\/#organization\",\"name\":\"Biblioteca Jude\u021bean\u0103 \u201eOctavian Goga\u201d Cluj\",\"url\":\"https:\/\/new.bjc.ro\/\",\"logo\":{\"@type\":\"ImageObject\",\"inLanguage\":\"ro-RO\",\"@id\":\"https:\/\/new.bjc.ro\/#\/schema\/logo\/image\/\",\"url\":\"https:\/\/new.bjc.ro\/wp-content\/uploads\/2023\/03\/sigle.jpg\",\"contentUrl\":\"https:\/\/new.bjc.ro\/wp-content\/uploads\/2023\/03\/sigle.jpg\",\"width\":630,\"height\":473,\"caption\":\"Biblioteca Jude\u021bean\u0103 \u201eOctavian Goga\u201d Cluj\"},\"image\":{\"@id\":\"https:\/\/new.bjc.ro\/#\/schema\/logo\/image\/\"},\"sameAs\":[\"https:\/\/www.facebook.com\/bibliotecacluj\/\",\"https:\/\/x.com\/BibliotecaGoga\",\"https:\/\/www.instagram.com\/biblioteca_judeteana_cluj\/\",\"https:\/\/www.youtube.com\/user\/BibliotecaGoga\"]}]}<\/script>\n<!-- \/ Yoast SEO plugin. -->","yoast_head_json":{"title":"S\u0102PT\u0102M\u00c2NA COPIL\u0102RIEI, edi\u021bia a VI-a - Biblioteca Jude\u021bean\u0103 \u201eOctavian Goga\u201d Cluj","robots":{"index":"index","follow":"follow","max-snippet":"max-snippet:-1","max-image-preview":"max-image-preview:large","max-video-preview":"max-video-preview:-1"},"canonical":"https:\/\/new.bjc.ro\/?tribe_events=saptamana-copilariei-editia-a-vi-a","og_locale":"ro_RO","og_type":"article","og_title":"S\u0102PT\u0102M\u00c2NA COPIL\u0102RIEI, edi\u021bia a VI-a - Biblioteca Jude\u021bean\u0103 \u201eOctavian Goga\u201d Cluj","og_description":"Biblioteca Jude\u021bean\u0103 \u201eOctavian Goga\u201d Cluj organizeaz\u0103 \u00een perioada 30 mai-6 iunie 2025 o serie de activit\u0103\u021bi dedicate Zilei Interna\u021bionale a Copilului (1 iunie). Evenimentul central \u00eel reprezint\u0103 Festivitatea de premiere \u0219i vernisajul expozi\u021biei cu lucr\u0103rile premiate la Concursul de desene \u201eEroii C\u0103r\u021bilor Citite\u201d, care vor avea loc vineri, 30 mai,&hellip; Cite\u0219te mai mult","og_url":"https:\/\/new.bjc.ro\/?tribe_events=saptamana-copilariei-editia-a-vi-a","og_site_name":"Biblioteca Jude\u021bean\u0103 \u201eOctavian Goga\u201d Cluj","article_publisher":"https:\/\/www.facebook.com\/bibliotecacluj\/","article_modified_time":"2025-05-28T07:05:48+00:00","og_image":[{"width":400,"height":566,"url":"https:\/\/new.bjc.ro\/wp-content\/uploads\/2025\/05\/Afis-Saptamana-Copilariei-30052025.jpg","type":"image\/jpeg"}],"twitter_card":"summary_large_image","twitter_site":"@BibliotecaGoga","twitter_misc":{"Timp estimat pentru citire":"2 minute"},"schema":{"@context":"https:\/\/schema.org","@graph":[{"@type":"WebPage","@id":"https:\/\/new.bjc.ro\/?tribe_events=saptamana-copilariei-editia-a-vi-a","url":"https:\/\/new.bjc.ro\/?tribe_events=saptamana-copilariei-editia-a-vi-a","name":"S\u0102PT\u0102M\u00c2NA COPIL\u0102RIEI, edi\u021bia a VI-a - Biblioteca Jude\u021bean\u0103 \u201eOctavian Goga\u201d Cluj","isPartOf":{"@id":"https:\/\/new.bjc.ro\/#website"},"primaryImageOfPage":{"@id":"https:\/\/new.bjc.ro\/?tribe_events=saptamana-copilariei-editia-a-vi-a#primaryimage"},"image":{"@id":"https:\/\/new.bjc.ro\/?tribe_events=saptamana-copilariei-editia-a-vi-a#primaryimage"},"thumbnailUrl":"https:\/\/new.bjc.ro\/wp-content\/uploads\/2025\/05\/Afis-Saptamana-Copilariei-30052025.jpg","datePublished":"2025-05-28T07:04:53+00:00","dateModified":"2025-05-28T07:05:48+00:00","breadcrumb":{"@id":"https:\/\/new.bjc.ro\/?tribe_events=saptamana-copilariei-editia-a-vi-a#breadcrumb"},"inLanguage":"ro-RO","potentialAction":[{"@type":"ReadAction","target":["https:\/\/new.bjc.ro\/?tribe_events=saptamana-copilariei-editia-a-vi-a"]}]},{"@type":"ImageObject","inLanguage":"ro-RO","@id":"https:\/\/new.bjc.ro\/?tribe_events=saptamana-copilariei-editia-a-vi-a#primaryimage","url":"https:\/\/new.bjc.ro\/wp-content\/uploads\/2025\/05\/Afis-Saptamana-Copilariei-30052025.jpg","contentUrl":"https:\/\/new.bjc.ro\/wp-content\/uploads\/2025\/05\/Afis-Saptamana-Copilariei-30052025.jpg","width":400,"height":566},{"@type":"BreadcrumbList","@id":"https:\/\/new.bjc.ro\/?tribe_events=saptamana-copilariei-editia-a-vi-a#breadcrumb","itemListElement":[{"@type":"ListItem","position":1,"name":"Home","item":"https:\/\/new.bjc.ro\/"},{"@type":"ListItem","position":2,"name":"Evenimente","item":"https:\/\/new.bjc.ro\/?post_type=tribe_events"},{"@type":"ListItem","position":3,"name":"S\u0102PT\u0102M\u00c2NA COPIL\u0102RIEI, edi\u021bia a VI-a"}]},{"@type":"WebSite","@id":"https:\/\/new.bjc.ro\/#website","url":"https:\/\/new.bjc.ro\/","name":"Biblioteca Jude\u021bean\u0103 \u201eOctavian Goga\u201d Cluj","description":"","publisher":{"@id":"https:\/\/new.bjc.ro\/#organization"},"alternateName":"Biblioteca Jude\u021bean\u0103 Cluj","potentialAction":[{"@type":"SearchAction","target":{"@type":"EntryPoint","urlTemplate":"https:\/\/new.bjc.ro\/?s={search_term_string}"},"query-input":{"@type":"PropertyValueSpecification","valueRequired":true,"valueName":"search_term_string"}}],"inLanguage":"ro-RO"},{"@type":"Organization","@id":"https:\/\/new.bjc.ro\/#organization","name":"Biblioteca Jude\u021bean\u0103 \u201eOctavian Goga\u201d Cluj","url":"https:\/\/new.bjc.ro\/","logo":{"@type":"ImageObject","inLanguage":"ro-RO","@id":"https:\/\/new.bjc.ro\/#\/schema\/logo\/image\/","url":"https:\/\/new.bjc.ro\/wp-content\/uploads\/2023\/03\/sigle.jpg","contentUrl":"https:\/\/new.bjc.ro\/wp-content\/uploads\/2023\/03\/sigle.jpg","width":630,"height":473,"caption":"Biblioteca Jude\u021bean\u0103 \u201eOctavian Goga\u201d Cluj"},"image":{"@id":"https:\/\/new.bjc.ro\/#\/schema\/logo\/image\/"},"sameAs":["https:\/\/www.facebook.com\/bibliotecacluj\/","https:\/\/x.com\/BibliotecaGoga","https:\/\/www.instagram.com\/biblioteca_judeteana_cluj\/","https:\/\/www.youtube.com\/user\/BibliotecaGoga"]}]}},"_links":{"self":[{"href":"https:\/\/new.bjc.ro\/index.php?rest_route=\/wp\/v2\/tribe_events\/10795","targetHints":{"allow":["GET"]}}],"collection":[{"href":"https:\/\/new.bjc.ro\/index.php?rest_route=\/wp\/v2\/tribe_events"}],"about":[{"href":"https:\/\/new.bjc.ro\/index.php?rest_route=\/wp\/v2\/types\/tribe_events"}],"author":[{"embeddable":true,"href":"https:\/\/new.bjc.ro\/index.php?rest_route=\/wp\/v2\/users\/1"}],"version-history":[{"count":2,"href":"https:\/\/new.bjc.ro\/index.php?rest_route=\/wp\/v2\/tribe_events\/10795\/revisions"}],"predecessor-version":[{"id":10799,"href":"https:\/\/new.bjc.ro\/index.php?rest_route=\/wp\/v2\/tribe_events\/10795\/revisions\/10799"}],"wp:featuredmedia":[{"embeddable":true,"href":"https:\/\/new.bjc.ro\/index.php?rest_route=\/wp\/v2\/media\/10796"}],"wp:attachment":[{"href":"https:\/\/new.bjc.ro\/index.php?rest_route=%2Fwp%2Fv2%2Fmedia&parent=10795"}],"wp:term":[{"taxonomy":"post_tag","embeddable":true,"href":"https:\/\/new.bjc.ro\/index.php?rest_route=%2Fwp%2Fv2%2Ftags&post=10795"},{"taxonomy":"tribe_events_cat","embeddable":true,"href":"https:\/\/new.bjc.ro\/index.php?rest_route=%2Fwp%2Fv2%2Ftribe_events_cat&post=10795"}],"curies":[{"name":"wp","href":"https:\/\/api.w.org\/{rel}","templated":true}]}}