{"id":10811,"date":"2025-05-30T11:13:47","date_gmt":"2025-05-30T08:13:47","guid":{"rendered":"https:\/\/new.bjc.ro\/?post_type=tribe_events&#038;p=10811"},"modified":"2025-05-30T11:14:50","modified_gmt":"2025-05-30T08:14:50","slug":"lansare-de-carte-rica-si-relu-aventura-marina-text-de-cristina-dragos-ilustratii-de-oana-nea","status":"publish","type":"tribe_events","link":"https:\/\/new.bjc.ro\/?tribe_events=lansare-de-carte-rica-si-relu-aventura-marina-text-de-cristina-dragos-ilustratii-de-oana-nea","title":{"rendered":"Lansare de carte \u201eRICA \u0219i RELU. Aventur\u0103 marin\u0103\u201d, text de Cristina Drago\u0219, ilustra\u021bii de Oana Nea"},"content":{"rendered":"<p>Sec\u021bia pentru copii a Bibliotecii Jude\u021bene \u201eOctavian Goga\u201d Cluj v\u0103 invit\u0103 \u00een S\u0103pt\u0103m\u00e2na copil\u0103riei s\u0103 participa\u021bi la lansarea c\u0103r\u021bii \u201eRICA \u0219i RELU. Aventur\u0103 marin\u0103\u201d, scris\u0103 de Cristina Drago\u0219 \u0219i ilustrat\u0103 de Oana Neag.<\/p>\n<p>Evenimentul va avea loc luni, 2 iunie, de la ora 18.00, \u00een foaierul bibliotecii, Calea Doroban\u021bilor nr. 104, parter.<\/p>\n<p>V\u0103 a\u0219tept\u0103m cu drag!<\/p>\n","protected":false},"excerpt":{"rendered":"<p>Sec\u021bia pentru copii a Bibliotecii Jude\u021bene \u201eOctavian Goga\u201d Cluj v\u0103 invit\u0103 \u00een S\u0103pt\u0103m\u00e2na copil\u0103riei s\u0103 participa\u021bi la lansarea c\u0103r\u021bii \u201eRICA \u0219i RELU. Aventur\u0103 marin\u0103\u201d, scris\u0103 de Cristina Drago\u0219 \u0219i ilustrat\u0103 de Oana Neag. Evenimentul va avea loc luni, 2 iunie, de la ora 18.00, \u00een foaierul bibliotecii, Calea Doroban\u021bilor nr.&hellip; <br \/> <a class=\"read-more\" href=\"https:\/\/new.bjc.ro\/?tribe_events=lansare-de-carte-rica-si-relu-aventura-marina-text-de-cristina-dragos-ilustratii-de-oana-nea\">Cite\u0219te mai mult<\/a><\/p>\n","protected":false},"author":1,"featured_media":10814,"template":"","meta":{"_monsterinsights_skip_tracking":false,"_monsterinsights_sitenote_active":false,"_monsterinsights_sitenote_note":"","_monsterinsights_sitenote_category":0,"_EventAllDay":false,"_EventTimezone":"Europe\/Bucharest","_EventStartDate":"2025-06-02 18:00:00","_EventEndDate":"2025-06-02 20:00:00","_EventStartDateUTC":"2025-06-02 15:00:00","_EventEndDateUTC":"2025-06-02 17:00:00","_EventShowMap":true,"_EventShowMapLink":true,"_EventURL":"","_EventCost":"","_EventCostDescription":"","_EventCurrencySymbol":"$","_EventCurrencyCode":"USD","_EventCurrencyPosition":"prefix","_EventDateTimeSeparator":"","_EventTimeRangeSeparator":"","_EventOrganizerID":[2810],"_EventVenueID":[3721],"_OrganizerEmail":"","_OrganizerPhone":"","_OrganizerWebsite":"","_VenueAddress":"","_VenueCity":"","_VenueCountry":"","_VenueProvince":"","_VenueState":"","_VenueZip":"","_VenuePhone":"","_VenueURL":"","_VenueStateProvince":"","_VenueLat":"","_VenueLng":"","_VenueShowMap":false,"_VenueShowMapLink":false,"_tribe_events_status":"","_tribe_events_status_reason":"","footnotes":""},"tags":[107],"tribe_events_cat":[28],"class_list":["post-10811","tribe_events","type-tribe_events","status-publish","has-post-thumbnail","hentry","tag-lansare-carte","tribe_events_cat-evenimente","cat_evenimente"],"yoast_head":"<!-- This site is optimized with the Yoast SEO plugin v24.6 - https:\/\/yoast.com\/wordpress\/plugins\/seo\/ -->\n<title>Lansare de carte \u201eRICA \u0219i RELU. Aventur\u0103 marin\u0103\u201d, text de Cristina Drago\u0219, ilustra\u021bii de Oana Nea - Biblioteca Jude\u021bean\u0103 \u201eOctavian Goga\u201d Cluj<\/title>\n<meta name=\"robots\" content=\"index, follow, max-snippet:-1, max-image-preview:large, max-video-preview:-1\" \/>\n<link rel=\"canonical\" href=\"https:\/\/new.bjc.ro\/?tribe_events=lansare-de-carte-rica-si-relu-aventura-marina-text-de-cristina-dragos-ilustratii-de-oana-nea\" \/>\n<meta property=\"og:locale\" content=\"ro_RO\" \/>\n<meta property=\"og:type\" content=\"article\" \/>\n<meta property=\"og:title\" content=\"Lansare de carte \u201eRICA \u0219i RELU. Aventur\u0103 marin\u0103\u201d, text de Cristina Drago\u0219, ilustra\u021bii de Oana Nea - Biblioteca Jude\u021bean\u0103 \u201eOctavian Goga\u201d Cluj\" \/>\n<meta property=\"og:description\" content=\"Sec\u021bia pentru copii a Bibliotecii Jude\u021bene \u201eOctavian Goga\u201d Cluj v\u0103 invit\u0103 \u00een S\u0103pt\u0103m\u00e2na copil\u0103riei s\u0103 participa\u021bi la lansarea c\u0103r\u021bii \u201eRICA \u0219i RELU. Aventur\u0103 marin\u0103\u201d, scris\u0103 de Cristina Drago\u0219 \u0219i ilustrat\u0103 de Oana Neag. Evenimentul va avea loc luni, 2 iunie, de la ora 18.00, \u00een foaierul bibliotecii, Calea Doroban\u021bilor nr.&hellip; Cite\u0219te mai mult\" \/>\n<meta property=\"og:url\" content=\"https:\/\/new.bjc.ro\/?tribe_events=lansare-de-carte-rica-si-relu-aventura-marina-text-de-cristina-dragos-ilustratii-de-oana-nea\" \/>\n<meta property=\"og:site_name\" content=\"Biblioteca Jude\u021bean\u0103 \u201eOctavian Goga\u201d Cluj\" \/>\n<meta property=\"article:publisher\" content=\"https:\/\/www.facebook.com\/bibliotecacluj\/\" \/>\n<meta property=\"article:modified_time\" content=\"2025-05-30T08:14:50+00:00\" \/>\n<meta property=\"og:image\" content=\"https:\/\/new.bjc.ro\/wp-content\/uploads\/2025\/05\/Afis_lansare-de-carte20625.jpg\" \/>\n\t<meta property=\"og:image:width\" content=\"400\" \/>\n\t<meta property=\"og:image:height\" content=\"566\" \/>\n\t<meta property=\"og:image:type\" content=\"image\/jpeg\" \/>\n<meta name=\"twitter:card\" content=\"summary_large_image\" \/>\n<meta name=\"twitter:site\" content=\"@BibliotecaGoga\" \/>\n<meta name=\"twitter:label1\" content=\"Timp estimat pentru citire\" \/>\n\t<meta name=\"twitter:data1\" content=\"1 minut\" \/>\n<script type=\"application\/ld+json\" class=\"yoast-schema-graph\">{\"@context\":\"https:\/\/schema.org\",\"@graph\":[{\"@type\":\"WebPage\",\"@id\":\"https:\/\/new.bjc.ro\/?tribe_events=lansare-de-carte-rica-si-relu-aventura-marina-text-de-cristina-dragos-ilustratii-de-oana-nea\",\"url\":\"https:\/\/new.bjc.ro\/?tribe_events=lansare-de-carte-rica-si-relu-aventura-marina-text-de-cristina-dragos-ilustratii-de-oana-nea\",\"name\":\"Lansare de carte \u201eRICA \u0219i RELU. Aventur\u0103 marin\u0103\u201d, text de Cristina Drago\u0219, ilustra\u021bii de Oana Nea - Biblioteca Jude\u021bean\u0103 \u201eOctavian Goga\u201d Cluj\",\"isPartOf\":{\"@id\":\"https:\/\/new.bjc.ro\/#website\"},\"primaryImageOfPage\":{\"@id\":\"https:\/\/new.bjc.ro\/?tribe_events=lansare-de-carte-rica-si-relu-aventura-marina-text-de-cristina-dragos-ilustratii-de-oana-nea#primaryimage\"},\"image\":{\"@id\":\"https:\/\/new.bjc.ro\/?tribe_events=lansare-de-carte-rica-si-relu-aventura-marina-text-de-cristina-dragos-ilustratii-de-oana-nea#primaryimage\"},\"thumbnailUrl\":\"https:\/\/new.bjc.ro\/wp-content\/uploads\/2025\/05\/Afis_lansare-de-carte20625.jpg\",\"datePublished\":\"2025-05-30T08:13:47+00:00\",\"dateModified\":\"2025-05-30T08:14:50+00:00\",\"breadcrumb\":{\"@id\":\"https:\/\/new.bjc.ro\/?tribe_events=lansare-de-carte-rica-si-relu-aventura-marina-text-de-cristina-dragos-ilustratii-de-oana-nea#breadcrumb\"},\"inLanguage\":\"ro-RO\",\"potentialAction\":[{\"@type\":\"ReadAction\",\"target\":[\"https:\/\/new.bjc.ro\/?tribe_events=lansare-de-carte-rica-si-relu-aventura-marina-text-de-cristina-dragos-ilustratii-de-oana-nea\"]}]},{\"@type\":\"ImageObject\",\"inLanguage\":\"ro-RO\",\"@id\":\"https:\/\/new.bjc.ro\/?tribe_events=lansare-de-carte-rica-si-relu-aventura-marina-text-de-cristina-dragos-ilustratii-de-oana-nea#primaryimage\",\"url\":\"https:\/\/new.bjc.ro\/wp-content\/uploads\/2025\/05\/Afis_lansare-de-carte20625.jpg\",\"contentUrl\":\"https:\/\/new.bjc.ro\/wp-content\/uploads\/2025\/05\/Afis_lansare-de-carte20625.jpg\",\"width\":400,\"height\":566},{\"@type\":\"BreadcrumbList\",\"@id\":\"https:\/\/new.bjc.ro\/?tribe_events=lansare-de-carte-rica-si-relu-aventura-marina-text-de-cristina-dragos-ilustratii-de-oana-nea#breadcrumb\",\"itemListElement\":[{\"@type\":\"ListItem\",\"position\":1,\"name\":\"Home\",\"item\":\"https:\/\/new.bjc.ro\/\"},{\"@type\":\"ListItem\",\"position\":2,\"name\":\"Evenimente\",\"item\":\"https:\/\/new.bjc.ro\/?post_type=tribe_events\"},{\"@type\":\"ListItem\",\"position\":3,\"name\":\"Lansare de carte \u201eRICA \u0219i RELU. Aventur\u0103 marin\u0103\u201d, text de Cristina Drago\u0219, ilustra\u021bii de Oana Nea\"}]},{\"@type\":\"WebSite\",\"@id\":\"https:\/\/new.bjc.ro\/#website\",\"url\":\"https:\/\/new.bjc.ro\/\",\"name\":\"Biblioteca Jude\u021bean\u0103 \u201eOctavian Goga\u201d Cluj\",\"description\":\"\",\"publisher\":{\"@id\":\"https:\/\/new.bjc.ro\/#organization\"},\"alternateName\":\"Biblioteca Jude\u021bean\u0103 Cluj\",\"potentialAction\":[{\"@type\":\"SearchAction\",\"target\":{\"@type\":\"EntryPoint\",\"urlTemplate\":\"https:\/\/new.bjc.ro\/?s={search_term_string}\"},\"query-input\":{\"@type\":\"PropertyValueSpecification\",\"valueRequired\":true,\"valueName\":\"search_term_string\"}}],\"inLanguage\":\"ro-RO\"},{\"@type\":\"Organization\",\"@id\":\"https:\/\/new.bjc.ro\/#organization\",\"name\":\"Biblioteca Jude\u021bean\u0103 \u201eOctavian Goga\u201d Cluj\",\"url\":\"https:\/\/new.bjc.ro\/\",\"logo\":{\"@type\":\"ImageObject\",\"inLanguage\":\"ro-RO\",\"@id\":\"https:\/\/new.bjc.ro\/#\/schema\/logo\/image\/\",\"url\":\"https:\/\/new.bjc.ro\/wp-content\/uploads\/2023\/03\/sigle.jpg\",\"contentUrl\":\"https:\/\/new.bjc.ro\/wp-content\/uploads\/2023\/03\/sigle.jpg\",\"width\":630,\"height\":473,\"caption\":\"Biblioteca Jude\u021bean\u0103 \u201eOctavian Goga\u201d Cluj\"},\"image\":{\"@id\":\"https:\/\/new.bjc.ro\/#\/schema\/logo\/image\/\"},\"sameAs\":[\"https:\/\/www.facebook.com\/bibliotecacluj\/\",\"https:\/\/x.com\/BibliotecaGoga\",\"https:\/\/www.instagram.com\/biblioteca_judeteana_cluj\/\",\"https:\/\/www.youtube.com\/user\/BibliotecaGoga\"]}]}<\/script>\n<!-- \/ Yoast SEO plugin. -->","yoast_head_json":{"title":"Lansare de carte \u201eRICA \u0219i RELU. Aventur\u0103 marin\u0103\u201d, text de Cristina Drago\u0219, ilustra\u021bii de Oana Nea - Biblioteca Jude\u021bean\u0103 \u201eOctavian Goga\u201d Cluj","robots":{"index":"index","follow":"follow","max-snippet":"max-snippet:-1","max-image-preview":"max-image-preview:large","max-video-preview":"max-video-preview:-1"},"canonical":"https:\/\/new.bjc.ro\/?tribe_events=lansare-de-carte-rica-si-relu-aventura-marina-text-de-cristina-dragos-ilustratii-de-oana-nea","og_locale":"ro_RO","og_type":"article","og_title":"Lansare de carte \u201eRICA \u0219i RELU. Aventur\u0103 marin\u0103\u201d, text de Cristina Drago\u0219, ilustra\u021bii de Oana Nea - Biblioteca Jude\u021bean\u0103 \u201eOctavian Goga\u201d Cluj","og_description":"Sec\u021bia pentru copii a Bibliotecii Jude\u021bene \u201eOctavian Goga\u201d Cluj v\u0103 invit\u0103 \u00een S\u0103pt\u0103m\u00e2na copil\u0103riei s\u0103 participa\u021bi la lansarea c\u0103r\u021bii \u201eRICA \u0219i RELU. Aventur\u0103 marin\u0103\u201d, scris\u0103 de Cristina Drago\u0219 \u0219i ilustrat\u0103 de Oana Neag. Evenimentul va avea loc luni, 2 iunie, de la ora 18.00, \u00een foaierul bibliotecii, Calea Doroban\u021bilor nr.&hellip; Cite\u0219te mai mult","og_url":"https:\/\/new.bjc.ro\/?tribe_events=lansare-de-carte-rica-si-relu-aventura-marina-text-de-cristina-dragos-ilustratii-de-oana-nea","og_site_name":"Biblioteca Jude\u021bean\u0103 \u201eOctavian Goga\u201d Cluj","article_publisher":"https:\/\/www.facebook.com\/bibliotecacluj\/","article_modified_time":"2025-05-30T08:14:50+00:00","og_image":[{"width":400,"height":566,"url":"https:\/\/new.bjc.ro\/wp-content\/uploads\/2025\/05\/Afis_lansare-de-carte20625.jpg","type":"image\/jpeg"}],"twitter_card":"summary_large_image","twitter_site":"@BibliotecaGoga","twitter_misc":{"Timp estimat pentru citire":"1 minut"},"schema":{"@context":"https:\/\/schema.org","@graph":[{"@type":"WebPage","@id":"https:\/\/new.bjc.ro\/?tribe_events=lansare-de-carte-rica-si-relu-aventura-marina-text-de-cristina-dragos-ilustratii-de-oana-nea","url":"https:\/\/new.bjc.ro\/?tribe_events=lansare-de-carte-rica-si-relu-aventura-marina-text-de-cristina-dragos-ilustratii-de-oana-nea","name":"Lansare de carte \u201eRICA \u0219i RELU. Aventur\u0103 marin\u0103\u201d, text de Cristina Drago\u0219, ilustra\u021bii de Oana Nea - Biblioteca Jude\u021bean\u0103 \u201eOctavian Goga\u201d Cluj","isPartOf":{"@id":"https:\/\/new.bjc.ro\/#website"},"primaryImageOfPage":{"@id":"https:\/\/new.bjc.ro\/?tribe_events=lansare-de-carte-rica-si-relu-aventura-marina-text-de-cristina-dragos-ilustratii-de-oana-nea#primaryimage"},"image":{"@id":"https:\/\/new.bjc.ro\/?tribe_events=lansare-de-carte-rica-si-relu-aventura-marina-text-de-cristina-dragos-ilustratii-de-oana-nea#primaryimage"},"thumbnailUrl":"https:\/\/new.bjc.ro\/wp-content\/uploads\/2025\/05\/Afis_lansare-de-carte20625.jpg","datePublished":"2025-05-30T08:13:47+00:00","dateModified":"2025-05-30T08:14:50+00:00","breadcrumb":{"@id":"https:\/\/new.bjc.ro\/?tribe_events=lansare-de-carte-rica-si-relu-aventura-marina-text-de-cristina-dragos-ilustratii-de-oana-nea#breadcrumb"},"inLanguage":"ro-RO","potentialAction":[{"@type":"ReadAction","target":["https:\/\/new.bjc.ro\/?tribe_events=lansare-de-carte-rica-si-relu-aventura-marina-text-de-cristina-dragos-ilustratii-de-oana-nea"]}]},{"@type":"ImageObject","inLanguage":"ro-RO","@id":"https:\/\/new.bjc.ro\/?tribe_events=lansare-de-carte-rica-si-relu-aventura-marina-text-de-cristina-dragos-ilustratii-de-oana-nea#primaryimage","url":"https:\/\/new.bjc.ro\/wp-content\/uploads\/2025\/05\/Afis_lansare-de-carte20625.jpg","contentUrl":"https:\/\/new.bjc.ro\/wp-content\/uploads\/2025\/05\/Afis_lansare-de-carte20625.jpg","width":400,"height":566},{"@type":"BreadcrumbList","@id":"https:\/\/new.bjc.ro\/?tribe_events=lansare-de-carte-rica-si-relu-aventura-marina-text-de-cristina-dragos-ilustratii-de-oana-nea#breadcrumb","itemListElement":[{"@type":"ListItem","position":1,"name":"Home","item":"https:\/\/new.bjc.ro\/"},{"@type":"ListItem","position":2,"name":"Evenimente","item":"https:\/\/new.bjc.ro\/?post_type=tribe_events"},{"@type":"ListItem","position":3,"name":"Lansare de carte \u201eRICA \u0219i RELU. Aventur\u0103 marin\u0103\u201d, text de Cristina Drago\u0219, ilustra\u021bii de Oana Nea"}]},{"@type":"WebSite","@id":"https:\/\/new.bjc.ro\/#website","url":"https:\/\/new.bjc.ro\/","name":"Biblioteca Jude\u021bean\u0103 \u201eOctavian Goga\u201d Cluj","description":"","publisher":{"@id":"https:\/\/new.bjc.ro\/#organization"},"alternateName":"Biblioteca Jude\u021bean\u0103 Cluj","potentialAction":[{"@type":"SearchAction","target":{"@type":"EntryPoint","urlTemplate":"https:\/\/new.bjc.ro\/?s={search_term_string}"},"query-input":{"@type":"PropertyValueSpecification","valueRequired":true,"valueName":"search_term_string"}}],"inLanguage":"ro-RO"},{"@type":"Organization","@id":"https:\/\/new.bjc.ro\/#organization","name":"Biblioteca Jude\u021bean\u0103 \u201eOctavian Goga\u201d Cluj","url":"https:\/\/new.bjc.ro\/","logo":{"@type":"ImageObject","inLanguage":"ro-RO","@id":"https:\/\/new.bjc.ro\/#\/schema\/logo\/image\/","url":"https:\/\/new.bjc.ro\/wp-content\/uploads\/2023\/03\/sigle.jpg","contentUrl":"https:\/\/new.bjc.ro\/wp-content\/uploads\/2023\/03\/sigle.jpg","width":630,"height":473,"caption":"Biblioteca Jude\u021bean\u0103 \u201eOctavian Goga\u201d Cluj"},"image":{"@id":"https:\/\/new.bjc.ro\/#\/schema\/logo\/image\/"},"sameAs":["https:\/\/www.facebook.com\/bibliotecacluj\/","https:\/\/x.com\/BibliotecaGoga","https:\/\/www.instagram.com\/biblioteca_judeteana_cluj\/","https:\/\/www.youtube.com\/user\/BibliotecaGoga"]}]}},"_links":{"self":[{"href":"https:\/\/new.bjc.ro\/index.php?rest_route=\/wp\/v2\/tribe_events\/10811","targetHints":{"allow":["GET"]}}],"collection":[{"href":"https:\/\/new.bjc.ro\/index.php?rest_route=\/wp\/v2\/tribe_events"}],"about":[{"href":"https:\/\/new.bjc.ro\/index.php?rest_route=\/wp\/v2\/types\/tribe_events"}],"author":[{"embeddable":true,"href":"https:\/\/new.bjc.ro\/index.php?rest_route=\/wp\/v2\/users\/1"}],"version-history":[{"count":1,"href":"https:\/\/new.bjc.ro\/index.php?rest_route=\/wp\/v2\/tribe_events\/10811\/revisions"}],"predecessor-version":[{"id":10813,"href":"https:\/\/new.bjc.ro\/index.php?rest_route=\/wp\/v2\/tribe_events\/10811\/revisions\/10813"}],"wp:featuredmedia":[{"embeddable":true,"href":"https:\/\/new.bjc.ro\/index.php?rest_route=\/wp\/v2\/media\/10814"}],"wp:attachment":[{"href":"https:\/\/new.bjc.ro\/index.php?rest_route=%2Fwp%2Fv2%2Fmedia&parent=10811"}],"wp:term":[{"taxonomy":"post_tag","embeddable":true,"href":"https:\/\/new.bjc.ro\/index.php?rest_route=%2Fwp%2Fv2%2Ftags&post=10811"},{"taxonomy":"tribe_events_cat","embeddable":true,"href":"https:\/\/new.bjc.ro\/index.php?rest_route=%2Fwp%2Fv2%2Ftribe_events_cat&post=10811"}],"curies":[{"name":"wp","href":"https:\/\/api.w.org\/{rel}","templated":true}]}}