{"id":11328,"date":"2025-11-13T07:59:24","date_gmt":"2025-11-13T05:59:24","guid":{"rendered":"https:\/\/new.bjc.ro\/?post_type=tribe_events&#038;p=11328"},"modified":"2025-11-13T07:59:24","modified_gmt":"2025-11-13T05:59:24","slug":"vizionare-de-film-kinedok","status":"publish","type":"tribe_events","link":"https:\/\/new.bjc.ro\/?tribe_events=vizionare-de-film-kinedok","title":{"rendered":"Vizionare de film KineDok"},"content":{"rendered":"<p>Joi, 20 noiembrie, de la ora 19.00, v\u0103 invit\u0103m la Sala de art\u0103 pentru a viziona un nou film \u00een cadrul programului KineDok:<\/p>\n<p><strong>Zona gri \/Grey Zone (<\/strong>Slovacia, 2024, 80 min.)<\/p>\n<p><strong>Regia:<\/strong> Daniela Meressa Rusnokov\u00e1<\/p>\n<p>Intrarea este liber\u0103, pe baza permisului de bibliotec\u0103!<\/p>\n<p><strong>Sinopsis:<\/strong><\/p>\n<p>Documentarul regizat de Daniela Meressa Rusnokov\u00e1 ofer\u0103 o privire empatic\u0103 asupra unor teme pu\u021bin discutate, cum ar fi na\u0219terile premature \u0219i salvarea nou-n\u0103scu\u021bilor extrem de subdezvolta\u021bi, n\u0103scu\u021bi \u00een a\u0219a-numita \u201ezon\u0103 gri\u201d. Prin m\u0103rturia unei mame, care reprezint\u0103 vocea multor altele, filmul deschide \u00eentreb\u0103ri fundamentale din domeniul neonatologiei \u0219i ilustreaz\u0103 drumul \u00eengrijirii materne pentru copii cu nevoi speciale. Care sunt dilemele \u0219i \u00eentreb\u0103rile etice cu care se confrunt\u0103 at\u00e2t medicii, c\u00e2t \u0219i p\u0103rin\u021bii \u00een aceste situa\u021bii?<\/p>\n<p>* Acest film nu este recomandat celor cu v\u00e2rsta sub 12 ani. Filmul abordeaz\u0103 subiecte care pot avea un puternic impact emo\u021bional.<\/p>\n<p><strong>Trailer:<\/strong><\/p>\n<p><a href=\"https:\/\/www.youtube.com\/watch?v=LfomZ4wMzgI\">https:\/\/www.youtube.com\/watch?v=LfomZ4wMzgI<\/a><\/p>\n<p>&nbsp;<\/p>\n<p><strong>Premii \u0219i festivaluri:<\/strong><\/p>\n<p>Festivalul International de Film Documentar Ji.hlava, 2024<\/p>\n<p>Premiul Cinematik Doc \u2013 Festivalul de Film Cinematik, 2024<\/p>\n<p><strong>\u00a0<\/strong><\/p>\n<p><strong>PROGRAMUL VIZION\u0102RILOR VIITOARE:<\/strong><\/p>\n<p>27.11: <strong>Balomania <\/strong>(Danemarca, Spania, 2024, 93 min)<\/p>\n<p>18.12: <strong>Albastru Pelikan\/Pelikan Blue <\/strong>(Ungaria, 2023, 79 min)<\/p>\n<p>15.01: <strong>Autostrada\/Byeway <\/strong>(Republica Ceh\u0103, 2014, 75 min)<\/p>\n<p>29.01: <strong>Umbrele istoriei- scurtmetraje <\/strong>(Republica Ceh\u0103, Slovacia, Ungaria, Croa\u021bia, Rom\u00e2nia, 69 min)<\/p>\n<p>5.02: <strong>Cealalt\u0103\/The Other One <\/strong>(Republica Ceh\u0103, Slovacia 2024, 87 min)<\/p>\n<p>19.02: <strong>Alice On&amp;Off <\/strong>(Rom\u00e2nia, 84 min)<\/p>\n<p>5.03: <strong>O<\/strong> <strong>poveste t\u0103cut\u0103\/A Silent Story <\/strong>(Rom\u00e2nia, 2023, 88 min)<\/p>\n<p>19.03: <strong>P\u0103m\u00e2ntul pe care st\u0103m\/The Ground Where We Stand <\/strong>(Rom\u00e2nia, 84 min)<\/p>\n<p>Proiec\u021biile fac parte din proiectul KineDok, implementat de Asocia\u021bia One World Rom\u00e2nia cu sprijinul Creative Europe &#8211; MEDIA Programme of the European Union, Centrul Na\u021bional al Cinematografiei.<\/p>\n","protected":false},"excerpt":{"rendered":"<p>Joi, 20 noiembrie, de la ora 19.00, v\u0103 invit\u0103m la Sala de art\u0103 pentru a viziona un nou film \u00een cadrul programului KineDok: Zona gri \/Grey Zone (Slovacia, 2024, 80 min.) Regia: Daniela Meressa Rusnokov\u00e1 Intrarea este liber\u0103, pe baza permisului de bibliotec\u0103! Sinopsis: Documentarul regizat de Daniela Meressa Rusnokov\u00e1&hellip; <br \/> <a class=\"read-more\" href=\"https:\/\/new.bjc.ro\/?tribe_events=vizionare-de-film-kinedok\">Cite\u0219te mai mult<\/a><\/p>\n","protected":false},"author":1,"featured_media":11329,"template":"","meta":{"_monsterinsights_skip_tracking":false,"_monsterinsights_sitenote_active":false,"_monsterinsights_sitenote_note":"","_monsterinsights_sitenote_category":0,"_EventAllDay":false,"_EventTimezone":"Europe\/Bucharest","_EventStartDate":"2025-11-20 19:00:00","_EventEndDate":"2025-11-20 21:00:00","_EventStartDateUTC":"2025-11-20 17:00:00","_EventEndDateUTC":"2025-11-20 19:00:00","_EventShowMap":true,"_EventShowMapLink":true,"_EventURL":"","_EventCost":"","_EventCostDescription":"","_EventCurrencySymbol":"$","_EventCurrencyCode":"USD","_EventCurrencyPosition":"prefix","_EventDateTimeSeparator":"","_EventTimeRangeSeparator":"","_EventOrganizerID":[2810],"_EventVenueID":[6233],"_OrganizerEmail":"","_OrganizerPhone":"","_OrganizerWebsite":"","_VenueAddress":"","_VenueCity":"","_VenueCountry":"","_VenueProvince":"","_VenueState":"","_VenueZip":"","_VenuePhone":"","_VenueURL":"","_VenueStateProvince":"","_VenueLat":"","_VenueLng":"","_VenueShowMap":false,"_VenueShowMapLink":false,"_tribe_events_status":"","_tribe_events_status_reason":"","footnotes":""},"tags":[129],"tribe_events_cat":[28],"class_list":["post-11328","tribe_events","type-tribe_events","status-publish","has-post-thumbnail","hentry","tag-vizionare-film","tribe_events_cat-evenimente","cat_evenimente"],"yoast_head":"<!-- This site is optimized with the Yoast SEO plugin v24.6 - https:\/\/yoast.com\/wordpress\/plugins\/seo\/ -->\n<title>Vizionare de film KineDok - Biblioteca Jude\u021bean\u0103 \u201eOctavian Goga\u201d Cluj<\/title>\n<meta name=\"robots\" content=\"index, follow, max-snippet:-1, max-image-preview:large, max-video-preview:-1\" \/>\n<link rel=\"canonical\" href=\"https:\/\/new.bjc.ro\/?tribe_events=vizionare-de-film-kinedok\" \/>\n<meta property=\"og:locale\" content=\"ro_RO\" \/>\n<meta property=\"og:type\" content=\"article\" \/>\n<meta property=\"og:title\" content=\"Vizionare de film KineDok - Biblioteca Jude\u021bean\u0103 \u201eOctavian Goga\u201d Cluj\" \/>\n<meta property=\"og:description\" content=\"Joi, 20 noiembrie, de la ora 19.00, v\u0103 invit\u0103m la Sala de art\u0103 pentru a viziona un nou film \u00een cadrul programului KineDok: Zona gri \/Grey Zone (Slovacia, 2024, 80 min.) Regia: Daniela Meressa Rusnokov\u00e1 Intrarea este liber\u0103, pe baza permisului de bibliotec\u0103! Sinopsis: Documentarul regizat de Daniela Meressa Rusnokov\u00e1&hellip; Cite\u0219te mai mult\" \/>\n<meta property=\"og:url\" content=\"https:\/\/new.bjc.ro\/?tribe_events=vizionare-de-film-kinedok\" \/>\n<meta property=\"og:site_name\" content=\"Biblioteca Jude\u021bean\u0103 \u201eOctavian Goga\u201d Cluj\" \/>\n<meta property=\"article:publisher\" content=\"https:\/\/www.facebook.com\/bibliotecacluj\/\" \/>\n<meta property=\"og:image\" content=\"https:\/\/new.bjc.ro\/wp-content\/uploads\/2025\/11\/Zona-gri_event-fb201125.jpg\" \/>\n\t<meta property=\"og:image:width\" content=\"711\" \/>\n\t<meta property=\"og:image:height\" content=\"400\" \/>\n\t<meta property=\"og:image:type\" content=\"image\/jpeg\" \/>\n<meta name=\"twitter:card\" content=\"summary_large_image\" \/>\n<meta name=\"twitter:site\" content=\"@BibliotecaGoga\" \/>\n<meta name=\"twitter:label1\" content=\"Timp estimat pentru citire\" \/>\n\t<meta name=\"twitter:data1\" content=\"2 minute\" \/>\n<script type=\"application\/ld+json\" class=\"yoast-schema-graph\">{\"@context\":\"https:\/\/schema.org\",\"@graph\":[{\"@type\":\"WebPage\",\"@id\":\"https:\/\/new.bjc.ro\/?tribe_events=vizionare-de-film-kinedok\",\"url\":\"https:\/\/new.bjc.ro\/?tribe_events=vizionare-de-film-kinedok\",\"name\":\"Vizionare de film KineDok - Biblioteca Jude\u021bean\u0103 \u201eOctavian Goga\u201d Cluj\",\"isPartOf\":{\"@id\":\"https:\/\/new.bjc.ro\/#website\"},\"primaryImageOfPage\":{\"@id\":\"https:\/\/new.bjc.ro\/?tribe_events=vizionare-de-film-kinedok#primaryimage\"},\"image\":{\"@id\":\"https:\/\/new.bjc.ro\/?tribe_events=vizionare-de-film-kinedok#primaryimage\"},\"thumbnailUrl\":\"https:\/\/new.bjc.ro\/wp-content\/uploads\/2025\/11\/Zona-gri_event-fb201125.jpg\",\"datePublished\":\"2025-11-13T05:59:24+00:00\",\"breadcrumb\":{\"@id\":\"https:\/\/new.bjc.ro\/?tribe_events=vizionare-de-film-kinedok#breadcrumb\"},\"inLanguage\":\"ro-RO\",\"potentialAction\":[{\"@type\":\"ReadAction\",\"target\":[\"https:\/\/new.bjc.ro\/?tribe_events=vizionare-de-film-kinedok\"]}]},{\"@type\":\"ImageObject\",\"inLanguage\":\"ro-RO\",\"@id\":\"https:\/\/new.bjc.ro\/?tribe_events=vizionare-de-film-kinedok#primaryimage\",\"url\":\"https:\/\/new.bjc.ro\/wp-content\/uploads\/2025\/11\/Zona-gri_event-fb201125.jpg\",\"contentUrl\":\"https:\/\/new.bjc.ro\/wp-content\/uploads\/2025\/11\/Zona-gri_event-fb201125.jpg\",\"width\":711,\"height\":400},{\"@type\":\"BreadcrumbList\",\"@id\":\"https:\/\/new.bjc.ro\/?tribe_events=vizionare-de-film-kinedok#breadcrumb\",\"itemListElement\":[{\"@type\":\"ListItem\",\"position\":1,\"name\":\"Home\",\"item\":\"https:\/\/new.bjc.ro\/\"},{\"@type\":\"ListItem\",\"position\":2,\"name\":\"Evenimente\",\"item\":\"https:\/\/new.bjc.ro\/?post_type=tribe_events\"},{\"@type\":\"ListItem\",\"position\":3,\"name\":\"Vizionare de film KineDok\"}]},{\"@type\":\"WebSite\",\"@id\":\"https:\/\/new.bjc.ro\/#website\",\"url\":\"https:\/\/new.bjc.ro\/\",\"name\":\"Biblioteca Jude\u021bean\u0103 \u201eOctavian Goga\u201d Cluj\",\"description\":\"\",\"publisher\":{\"@id\":\"https:\/\/new.bjc.ro\/#organization\"},\"alternateName\":\"Biblioteca Jude\u021bean\u0103 Cluj\",\"potentialAction\":[{\"@type\":\"SearchAction\",\"target\":{\"@type\":\"EntryPoint\",\"urlTemplate\":\"https:\/\/new.bjc.ro\/?s={search_term_string}\"},\"query-input\":{\"@type\":\"PropertyValueSpecification\",\"valueRequired\":true,\"valueName\":\"search_term_string\"}}],\"inLanguage\":\"ro-RO\"},{\"@type\":\"Organization\",\"@id\":\"https:\/\/new.bjc.ro\/#organization\",\"name\":\"Biblioteca Jude\u021bean\u0103 \u201eOctavian Goga\u201d Cluj\",\"url\":\"https:\/\/new.bjc.ro\/\",\"logo\":{\"@type\":\"ImageObject\",\"inLanguage\":\"ro-RO\",\"@id\":\"https:\/\/new.bjc.ro\/#\/schema\/logo\/image\/\",\"url\":\"https:\/\/new.bjc.ro\/wp-content\/uploads\/2023\/03\/sigle.jpg\",\"contentUrl\":\"https:\/\/new.bjc.ro\/wp-content\/uploads\/2023\/03\/sigle.jpg\",\"width\":630,\"height\":473,\"caption\":\"Biblioteca Jude\u021bean\u0103 \u201eOctavian Goga\u201d Cluj\"},\"image\":{\"@id\":\"https:\/\/new.bjc.ro\/#\/schema\/logo\/image\/\"},\"sameAs\":[\"https:\/\/www.facebook.com\/bibliotecacluj\/\",\"https:\/\/x.com\/BibliotecaGoga\",\"https:\/\/www.instagram.com\/biblioteca_judeteana_cluj\/\",\"https:\/\/www.youtube.com\/user\/BibliotecaGoga\"]}]}<\/script>\n<!-- \/ Yoast SEO plugin. -->","yoast_head_json":{"title":"Vizionare de film KineDok - Biblioteca Jude\u021bean\u0103 \u201eOctavian Goga\u201d Cluj","robots":{"index":"index","follow":"follow","max-snippet":"max-snippet:-1","max-image-preview":"max-image-preview:large","max-video-preview":"max-video-preview:-1"},"canonical":"https:\/\/new.bjc.ro\/?tribe_events=vizionare-de-film-kinedok","og_locale":"ro_RO","og_type":"article","og_title":"Vizionare de film KineDok - Biblioteca Jude\u021bean\u0103 \u201eOctavian Goga\u201d Cluj","og_description":"Joi, 20 noiembrie, de la ora 19.00, v\u0103 invit\u0103m la Sala de art\u0103 pentru a viziona un nou film \u00een cadrul programului KineDok: Zona gri \/Grey Zone (Slovacia, 2024, 80 min.) Regia: Daniela Meressa Rusnokov\u00e1 Intrarea este liber\u0103, pe baza permisului de bibliotec\u0103! Sinopsis: Documentarul regizat de Daniela Meressa Rusnokov\u00e1&hellip; Cite\u0219te mai mult","og_url":"https:\/\/new.bjc.ro\/?tribe_events=vizionare-de-film-kinedok","og_site_name":"Biblioteca Jude\u021bean\u0103 \u201eOctavian Goga\u201d Cluj","article_publisher":"https:\/\/www.facebook.com\/bibliotecacluj\/","og_image":[{"width":711,"height":400,"url":"https:\/\/new.bjc.ro\/wp-content\/uploads\/2025\/11\/Zona-gri_event-fb201125.jpg","type":"image\/jpeg"}],"twitter_card":"summary_large_image","twitter_site":"@BibliotecaGoga","twitter_misc":{"Timp estimat pentru citire":"2 minute"},"schema":{"@context":"https:\/\/schema.org","@graph":[{"@type":"WebPage","@id":"https:\/\/new.bjc.ro\/?tribe_events=vizionare-de-film-kinedok","url":"https:\/\/new.bjc.ro\/?tribe_events=vizionare-de-film-kinedok","name":"Vizionare de film KineDok - Biblioteca Jude\u021bean\u0103 \u201eOctavian Goga\u201d Cluj","isPartOf":{"@id":"https:\/\/new.bjc.ro\/#website"},"primaryImageOfPage":{"@id":"https:\/\/new.bjc.ro\/?tribe_events=vizionare-de-film-kinedok#primaryimage"},"image":{"@id":"https:\/\/new.bjc.ro\/?tribe_events=vizionare-de-film-kinedok#primaryimage"},"thumbnailUrl":"https:\/\/new.bjc.ro\/wp-content\/uploads\/2025\/11\/Zona-gri_event-fb201125.jpg","datePublished":"2025-11-13T05:59:24+00:00","breadcrumb":{"@id":"https:\/\/new.bjc.ro\/?tribe_events=vizionare-de-film-kinedok#breadcrumb"},"inLanguage":"ro-RO","potentialAction":[{"@type":"ReadAction","target":["https:\/\/new.bjc.ro\/?tribe_events=vizionare-de-film-kinedok"]}]},{"@type":"ImageObject","inLanguage":"ro-RO","@id":"https:\/\/new.bjc.ro\/?tribe_events=vizionare-de-film-kinedok#primaryimage","url":"https:\/\/new.bjc.ro\/wp-content\/uploads\/2025\/11\/Zona-gri_event-fb201125.jpg","contentUrl":"https:\/\/new.bjc.ro\/wp-content\/uploads\/2025\/11\/Zona-gri_event-fb201125.jpg","width":711,"height":400},{"@type":"BreadcrumbList","@id":"https:\/\/new.bjc.ro\/?tribe_events=vizionare-de-film-kinedok#breadcrumb","itemListElement":[{"@type":"ListItem","position":1,"name":"Home","item":"https:\/\/new.bjc.ro\/"},{"@type":"ListItem","position":2,"name":"Evenimente","item":"https:\/\/new.bjc.ro\/?post_type=tribe_events"},{"@type":"ListItem","position":3,"name":"Vizionare de film KineDok"}]},{"@type":"WebSite","@id":"https:\/\/new.bjc.ro\/#website","url":"https:\/\/new.bjc.ro\/","name":"Biblioteca Jude\u021bean\u0103 \u201eOctavian Goga\u201d Cluj","description":"","publisher":{"@id":"https:\/\/new.bjc.ro\/#organization"},"alternateName":"Biblioteca Jude\u021bean\u0103 Cluj","potentialAction":[{"@type":"SearchAction","target":{"@type":"EntryPoint","urlTemplate":"https:\/\/new.bjc.ro\/?s={search_term_string}"},"query-input":{"@type":"PropertyValueSpecification","valueRequired":true,"valueName":"search_term_string"}}],"inLanguage":"ro-RO"},{"@type":"Organization","@id":"https:\/\/new.bjc.ro\/#organization","name":"Biblioteca Jude\u021bean\u0103 \u201eOctavian Goga\u201d Cluj","url":"https:\/\/new.bjc.ro\/","logo":{"@type":"ImageObject","inLanguage":"ro-RO","@id":"https:\/\/new.bjc.ro\/#\/schema\/logo\/image\/","url":"https:\/\/new.bjc.ro\/wp-content\/uploads\/2023\/03\/sigle.jpg","contentUrl":"https:\/\/new.bjc.ro\/wp-content\/uploads\/2023\/03\/sigle.jpg","width":630,"height":473,"caption":"Biblioteca Jude\u021bean\u0103 \u201eOctavian Goga\u201d Cluj"},"image":{"@id":"https:\/\/new.bjc.ro\/#\/schema\/logo\/image\/"},"sameAs":["https:\/\/www.facebook.com\/bibliotecacluj\/","https:\/\/x.com\/BibliotecaGoga","https:\/\/www.instagram.com\/biblioteca_judeteana_cluj\/","https:\/\/www.youtube.com\/user\/BibliotecaGoga"]}]}},"_links":{"self":[{"href":"https:\/\/new.bjc.ro\/index.php?rest_route=\/wp\/v2\/tribe_events\/11328","targetHints":{"allow":["GET"]}}],"collection":[{"href":"https:\/\/new.bjc.ro\/index.php?rest_route=\/wp\/v2\/tribe_events"}],"about":[{"href":"https:\/\/new.bjc.ro\/index.php?rest_route=\/wp\/v2\/types\/tribe_events"}],"author":[{"embeddable":true,"href":"https:\/\/new.bjc.ro\/index.php?rest_route=\/wp\/v2\/users\/1"}],"version-history":[{"count":1,"href":"https:\/\/new.bjc.ro\/index.php?rest_route=\/wp\/v2\/tribe_events\/11328\/revisions"}],"predecessor-version":[{"id":11330,"href":"https:\/\/new.bjc.ro\/index.php?rest_route=\/wp\/v2\/tribe_events\/11328\/revisions\/11330"}],"wp:featuredmedia":[{"embeddable":true,"href":"https:\/\/new.bjc.ro\/index.php?rest_route=\/wp\/v2\/media\/11329"}],"wp:attachment":[{"href":"https:\/\/new.bjc.ro\/index.php?rest_route=%2Fwp%2Fv2%2Fmedia&parent=11328"}],"wp:term":[{"taxonomy":"post_tag","embeddable":true,"href":"https:\/\/new.bjc.ro\/index.php?rest_route=%2Fwp%2Fv2%2Ftags&post=11328"},{"taxonomy":"tribe_events_cat","embeddable":true,"href":"https:\/\/new.bjc.ro\/index.php?rest_route=%2Fwp%2Fv2%2Ftribe_events_cat&post=11328"}],"curies":[{"name":"wp","href":"https:\/\/api.w.org\/{rel}","templated":true}]}}