{"id":11392,"date":"2025-11-26T09:47:40","date_gmt":"2025-11-26T07:47:40","guid":{"rendered":"https:\/\/new.bjc.ro\/?post_type=tribe_events&#038;p=11392"},"modified":"2025-11-26T10:24:19","modified_gmt":"2025-11-26T08:24:19","slug":"1-decembrie-ziua-nationala-a-romaniei-3","status":"publish","type":"tribe_events","link":"https:\/\/new.bjc.ro\/?tribe_events=1-decembrie-ziua-nationala-a-romaniei-3","title":{"rendered":"1 Decembrie \u2013 Ziua Na\u021bional\u0103 a Rom\u00e2niei"},"content":{"rendered":"<p>\u00cen perioada 26 noiembrie &#8211; 4 decembrie 2025, Biblioteca Jude\u021bean\u0103 \u201eOctavian Goga\u201d Cluj organizeaz\u0103 o serie de evenimente prilejuite de Ziua Na\u021bional\u0103 a Rom\u00e2niei. Astfel, copiii din diferite gr\u0103dini\u021be \u0219i \u0219coli clujene vor avea posibilitatea s\u0103 participe, at\u00e2t la sediul central, c\u00e2t \u0219i la filialele bibliotecii, la activit\u0103\u021bi ce vor avea ca tem\u0103 Marea Unire, iar publicul larg este invitat s\u0103 ia parte la atelierul tematic de creativitate, la ora de lectur\u0103 despre Marea Unire \u0219i la expozi\u021biile organizate.<\/p>\n<p>Programul activit\u0103\u021bilor poate fi consultat <a href=\"https:\/\/new.bjc.ro\/wp-content\/uploads\/2025\/11\/Ziua-Nationala-a-Romaniei-2025.pdf\"><strong>aici<\/strong><\/a>.<\/p>\n","protected":false},"excerpt":{"rendered":"<p>\u00cen perioada 26 noiembrie &#8211; 4 decembrie 2025, Biblioteca Jude\u021bean\u0103 \u201eOctavian Goga\u201d Cluj organizeaz\u0103 o serie de evenimente prilejuite de Ziua Na\u021bional\u0103 a Rom\u00e2niei. Astfel, copiii din diferite gr\u0103dini\u021be \u0219i \u0219coli clujene vor avea posibilitatea s\u0103 participe, at\u00e2t la sediul central, c\u00e2t \u0219i la filialele bibliotecii, la activit\u0103\u021bi ce vor&hellip; <br \/> <a class=\"read-more\" href=\"https:\/\/new.bjc.ro\/?tribe_events=1-decembrie-ziua-nationala-a-romaniei-3\">Cite\u0219te mai mult<\/a><\/p>\n","protected":false},"author":1,"featured_media":11393,"template":"","meta":{"_monsterinsights_skip_tracking":false,"_monsterinsights_sitenote_active":false,"_monsterinsights_sitenote_note":"","_monsterinsights_sitenote_category":0,"_EventAllDay":false,"_EventTimezone":"Europe\/Bucharest","_EventStartDate":"2025-11-26 08:00:00","_EventEndDate":"2025-12-04 20:00:00","_EventStartDateUTC":"2025-11-26 06:00:00","_EventEndDateUTC":"2025-12-04 18:00:00","_EventShowMap":true,"_EventShowMapLink":true,"_EventURL":"","_EventCost":"","_EventCostDescription":"","_EventCurrencySymbol":"$","_EventCurrencyCode":"USD","_EventCurrencyPosition":"prefix","_EventDateTimeSeparator":"","_EventTimeRangeSeparator":"","_EventOrganizerID":[2810],"_EventVenueID":[3721],"_OrganizerEmail":"","_OrganizerPhone":"","_OrganizerWebsite":"","_VenueAddress":"","_VenueCity":"","_VenueCountry":"","_VenueProvince":"","_VenueState":"","_VenueZip":"","_VenuePhone":"","_VenueURL":"","_VenueStateProvince":"","_VenueLat":"","_VenueLng":"","_VenueShowMap":false,"_VenueShowMapLink":false,"_tribe_events_status":"","_tribe_events_status_reason":"","footnotes":""},"tags":[175],"tribe_events_cat":[28],"class_list":["post-11392","tribe_events","type-tribe_events","status-publish","has-post-thumbnail","hentry","tag-ziua-nationala-a-romaniei","tribe_events_cat-evenimente","cat_evenimente"],"yoast_head":"<!-- This site is optimized with the Yoast SEO plugin v24.6 - https:\/\/yoast.com\/wordpress\/plugins\/seo\/ -->\n<title>1 Decembrie \u2013 Ziua Na\u021bional\u0103 a Rom\u00e2niei - Biblioteca Jude\u021bean\u0103 \u201eOctavian Goga\u201d Cluj<\/title>\n<meta name=\"robots\" content=\"index, follow, max-snippet:-1, max-image-preview:large, max-video-preview:-1\" \/>\n<link rel=\"canonical\" href=\"https:\/\/new.bjc.ro\/?tribe_events=1-decembrie-ziua-nationala-a-romaniei-3\" \/>\n<meta property=\"og:locale\" content=\"ro_RO\" \/>\n<meta property=\"og:type\" content=\"article\" \/>\n<meta property=\"og:title\" content=\"1 Decembrie \u2013 Ziua Na\u021bional\u0103 a Rom\u00e2niei - Biblioteca Jude\u021bean\u0103 \u201eOctavian Goga\u201d Cluj\" \/>\n<meta property=\"og:description\" content=\"\u00cen perioada 26 noiembrie &#8211; 4 decembrie 2025, Biblioteca Jude\u021bean\u0103 \u201eOctavian Goga\u201d Cluj organizeaz\u0103 o serie de evenimente prilejuite de Ziua Na\u021bional\u0103 a Rom\u00e2niei. Astfel, copiii din diferite gr\u0103dini\u021be \u0219i \u0219coli clujene vor avea posibilitatea s\u0103 participe, at\u00e2t la sediul central, c\u00e2t \u0219i la filialele bibliotecii, la activit\u0103\u021bi ce vor&hellip; Cite\u0219te mai mult\" \/>\n<meta property=\"og:url\" content=\"https:\/\/new.bjc.ro\/?tribe_events=1-decembrie-ziua-nationala-a-romaniei-3\" \/>\n<meta property=\"og:site_name\" content=\"Biblioteca Jude\u021bean\u0103 \u201eOctavian Goga\u201d Cluj\" \/>\n<meta property=\"article:publisher\" content=\"https:\/\/www.facebook.com\/bibliotecacluj\/\" \/>\n<meta property=\"article:modified_time\" content=\"2025-11-26T08:24:19+00:00\" \/>\n<meta property=\"og:image\" content=\"https:\/\/new.bjc.ro\/wp-content\/uploads\/2025\/11\/afis-Ziua-Nationala-a-Romaniei-2025.jpg\" \/>\n\t<meta property=\"og:image:width\" content=\"400\" \/>\n\t<meta property=\"og:image:height\" content=\"566\" \/>\n\t<meta property=\"og:image:type\" content=\"image\/jpeg\" \/>\n<meta name=\"twitter:card\" content=\"summary_large_image\" \/>\n<meta name=\"twitter:site\" content=\"@BibliotecaGoga\" \/>\n<meta name=\"twitter:label1\" content=\"Timp estimat pentru citire\" \/>\n\t<meta name=\"twitter:data1\" content=\"1 minut\" \/>\n<script type=\"application\/ld+json\" class=\"yoast-schema-graph\">{\"@context\":\"https:\/\/schema.org\",\"@graph\":[{\"@type\":\"WebPage\",\"@id\":\"https:\/\/new.bjc.ro\/?tribe_events=1-decembrie-ziua-nationala-a-romaniei-3\",\"url\":\"https:\/\/new.bjc.ro\/?tribe_events=1-decembrie-ziua-nationala-a-romaniei-3\",\"name\":\"1 Decembrie \u2013 Ziua Na\u021bional\u0103 a Rom\u00e2niei - Biblioteca Jude\u021bean\u0103 \u201eOctavian Goga\u201d Cluj\",\"isPartOf\":{\"@id\":\"https:\/\/new.bjc.ro\/#website\"},\"primaryImageOfPage\":{\"@id\":\"https:\/\/new.bjc.ro\/?tribe_events=1-decembrie-ziua-nationala-a-romaniei-3#primaryimage\"},\"image\":{\"@id\":\"https:\/\/new.bjc.ro\/?tribe_events=1-decembrie-ziua-nationala-a-romaniei-3#primaryimage\"},\"thumbnailUrl\":\"https:\/\/new.bjc.ro\/wp-content\/uploads\/2025\/11\/afis-Ziua-Nationala-a-Romaniei-2025.jpg\",\"datePublished\":\"2025-11-26T07:47:40+00:00\",\"dateModified\":\"2025-11-26T08:24:19+00:00\",\"breadcrumb\":{\"@id\":\"https:\/\/new.bjc.ro\/?tribe_events=1-decembrie-ziua-nationala-a-romaniei-3#breadcrumb\"},\"inLanguage\":\"ro-RO\",\"potentialAction\":[{\"@type\":\"ReadAction\",\"target\":[\"https:\/\/new.bjc.ro\/?tribe_events=1-decembrie-ziua-nationala-a-romaniei-3\"]}]},{\"@type\":\"ImageObject\",\"inLanguage\":\"ro-RO\",\"@id\":\"https:\/\/new.bjc.ro\/?tribe_events=1-decembrie-ziua-nationala-a-romaniei-3#primaryimage\",\"url\":\"https:\/\/new.bjc.ro\/wp-content\/uploads\/2025\/11\/afis-Ziua-Nationala-a-Romaniei-2025.jpg\",\"contentUrl\":\"https:\/\/new.bjc.ro\/wp-content\/uploads\/2025\/11\/afis-Ziua-Nationala-a-Romaniei-2025.jpg\",\"width\":400,\"height\":566},{\"@type\":\"BreadcrumbList\",\"@id\":\"https:\/\/new.bjc.ro\/?tribe_events=1-decembrie-ziua-nationala-a-romaniei-3#breadcrumb\",\"itemListElement\":[{\"@type\":\"ListItem\",\"position\":1,\"name\":\"Home\",\"item\":\"https:\/\/new.bjc.ro\/\"},{\"@type\":\"ListItem\",\"position\":2,\"name\":\"Evenimente\",\"item\":\"https:\/\/new.bjc.ro\/?post_type=tribe_events\"},{\"@type\":\"ListItem\",\"position\":3,\"name\":\"1 Decembrie \u2013 Ziua Na\u021bional\u0103 a Rom\u00e2niei\"}]},{\"@type\":\"WebSite\",\"@id\":\"https:\/\/new.bjc.ro\/#website\",\"url\":\"https:\/\/new.bjc.ro\/\",\"name\":\"Biblioteca Jude\u021bean\u0103 \u201eOctavian Goga\u201d Cluj\",\"description\":\"\",\"publisher\":{\"@id\":\"https:\/\/new.bjc.ro\/#organization\"},\"alternateName\":\"Biblioteca Jude\u021bean\u0103 Cluj\",\"potentialAction\":[{\"@type\":\"SearchAction\",\"target\":{\"@type\":\"EntryPoint\",\"urlTemplate\":\"https:\/\/new.bjc.ro\/?s={search_term_string}\"},\"query-input\":{\"@type\":\"PropertyValueSpecification\",\"valueRequired\":true,\"valueName\":\"search_term_string\"}}],\"inLanguage\":\"ro-RO\"},{\"@type\":\"Organization\",\"@id\":\"https:\/\/new.bjc.ro\/#organization\",\"name\":\"Biblioteca Jude\u021bean\u0103 \u201eOctavian Goga\u201d Cluj\",\"url\":\"https:\/\/new.bjc.ro\/\",\"logo\":{\"@type\":\"ImageObject\",\"inLanguage\":\"ro-RO\",\"@id\":\"https:\/\/new.bjc.ro\/#\/schema\/logo\/image\/\",\"url\":\"https:\/\/new.bjc.ro\/wp-content\/uploads\/2023\/03\/sigle.jpg\",\"contentUrl\":\"https:\/\/new.bjc.ro\/wp-content\/uploads\/2023\/03\/sigle.jpg\",\"width\":630,\"height\":473,\"caption\":\"Biblioteca Jude\u021bean\u0103 \u201eOctavian Goga\u201d Cluj\"},\"image\":{\"@id\":\"https:\/\/new.bjc.ro\/#\/schema\/logo\/image\/\"},\"sameAs\":[\"https:\/\/www.facebook.com\/bibliotecacluj\/\",\"https:\/\/x.com\/BibliotecaGoga\",\"https:\/\/www.instagram.com\/biblioteca_judeteana_cluj\/\",\"https:\/\/www.youtube.com\/user\/BibliotecaGoga\"]}]}<\/script>\n<!-- \/ Yoast SEO plugin. -->","yoast_head_json":{"title":"1 Decembrie \u2013 Ziua Na\u021bional\u0103 a Rom\u00e2niei - Biblioteca Jude\u021bean\u0103 \u201eOctavian Goga\u201d Cluj","robots":{"index":"index","follow":"follow","max-snippet":"max-snippet:-1","max-image-preview":"max-image-preview:large","max-video-preview":"max-video-preview:-1"},"canonical":"https:\/\/new.bjc.ro\/?tribe_events=1-decembrie-ziua-nationala-a-romaniei-3","og_locale":"ro_RO","og_type":"article","og_title":"1 Decembrie \u2013 Ziua Na\u021bional\u0103 a Rom\u00e2niei - Biblioteca Jude\u021bean\u0103 \u201eOctavian Goga\u201d Cluj","og_description":"\u00cen perioada 26 noiembrie &#8211; 4 decembrie 2025, Biblioteca Jude\u021bean\u0103 \u201eOctavian Goga\u201d Cluj organizeaz\u0103 o serie de evenimente prilejuite de Ziua Na\u021bional\u0103 a Rom\u00e2niei. Astfel, copiii din diferite gr\u0103dini\u021be \u0219i \u0219coli clujene vor avea posibilitatea s\u0103 participe, at\u00e2t la sediul central, c\u00e2t \u0219i la filialele bibliotecii, la activit\u0103\u021bi ce vor&hellip; Cite\u0219te mai mult","og_url":"https:\/\/new.bjc.ro\/?tribe_events=1-decembrie-ziua-nationala-a-romaniei-3","og_site_name":"Biblioteca Jude\u021bean\u0103 \u201eOctavian Goga\u201d Cluj","article_publisher":"https:\/\/www.facebook.com\/bibliotecacluj\/","article_modified_time":"2025-11-26T08:24:19+00:00","og_image":[{"width":400,"height":566,"url":"https:\/\/new.bjc.ro\/wp-content\/uploads\/2025\/11\/afis-Ziua-Nationala-a-Romaniei-2025.jpg","type":"image\/jpeg"}],"twitter_card":"summary_large_image","twitter_site":"@BibliotecaGoga","twitter_misc":{"Timp estimat pentru citire":"1 minut"},"schema":{"@context":"https:\/\/schema.org","@graph":[{"@type":"WebPage","@id":"https:\/\/new.bjc.ro\/?tribe_events=1-decembrie-ziua-nationala-a-romaniei-3","url":"https:\/\/new.bjc.ro\/?tribe_events=1-decembrie-ziua-nationala-a-romaniei-3","name":"1 Decembrie \u2013 Ziua Na\u021bional\u0103 a Rom\u00e2niei - Biblioteca Jude\u021bean\u0103 \u201eOctavian Goga\u201d Cluj","isPartOf":{"@id":"https:\/\/new.bjc.ro\/#website"},"primaryImageOfPage":{"@id":"https:\/\/new.bjc.ro\/?tribe_events=1-decembrie-ziua-nationala-a-romaniei-3#primaryimage"},"image":{"@id":"https:\/\/new.bjc.ro\/?tribe_events=1-decembrie-ziua-nationala-a-romaniei-3#primaryimage"},"thumbnailUrl":"https:\/\/new.bjc.ro\/wp-content\/uploads\/2025\/11\/afis-Ziua-Nationala-a-Romaniei-2025.jpg","datePublished":"2025-11-26T07:47:40+00:00","dateModified":"2025-11-26T08:24:19+00:00","breadcrumb":{"@id":"https:\/\/new.bjc.ro\/?tribe_events=1-decembrie-ziua-nationala-a-romaniei-3#breadcrumb"},"inLanguage":"ro-RO","potentialAction":[{"@type":"ReadAction","target":["https:\/\/new.bjc.ro\/?tribe_events=1-decembrie-ziua-nationala-a-romaniei-3"]}]},{"@type":"ImageObject","inLanguage":"ro-RO","@id":"https:\/\/new.bjc.ro\/?tribe_events=1-decembrie-ziua-nationala-a-romaniei-3#primaryimage","url":"https:\/\/new.bjc.ro\/wp-content\/uploads\/2025\/11\/afis-Ziua-Nationala-a-Romaniei-2025.jpg","contentUrl":"https:\/\/new.bjc.ro\/wp-content\/uploads\/2025\/11\/afis-Ziua-Nationala-a-Romaniei-2025.jpg","width":400,"height":566},{"@type":"BreadcrumbList","@id":"https:\/\/new.bjc.ro\/?tribe_events=1-decembrie-ziua-nationala-a-romaniei-3#breadcrumb","itemListElement":[{"@type":"ListItem","position":1,"name":"Home","item":"https:\/\/new.bjc.ro\/"},{"@type":"ListItem","position":2,"name":"Evenimente","item":"https:\/\/new.bjc.ro\/?post_type=tribe_events"},{"@type":"ListItem","position":3,"name":"1 Decembrie \u2013 Ziua Na\u021bional\u0103 a Rom\u00e2niei"}]},{"@type":"WebSite","@id":"https:\/\/new.bjc.ro\/#website","url":"https:\/\/new.bjc.ro\/","name":"Biblioteca Jude\u021bean\u0103 \u201eOctavian Goga\u201d Cluj","description":"","publisher":{"@id":"https:\/\/new.bjc.ro\/#organization"},"alternateName":"Biblioteca Jude\u021bean\u0103 Cluj","potentialAction":[{"@type":"SearchAction","target":{"@type":"EntryPoint","urlTemplate":"https:\/\/new.bjc.ro\/?s={search_term_string}"},"query-input":{"@type":"PropertyValueSpecification","valueRequired":true,"valueName":"search_term_string"}}],"inLanguage":"ro-RO"},{"@type":"Organization","@id":"https:\/\/new.bjc.ro\/#organization","name":"Biblioteca Jude\u021bean\u0103 \u201eOctavian Goga\u201d Cluj","url":"https:\/\/new.bjc.ro\/","logo":{"@type":"ImageObject","inLanguage":"ro-RO","@id":"https:\/\/new.bjc.ro\/#\/schema\/logo\/image\/","url":"https:\/\/new.bjc.ro\/wp-content\/uploads\/2023\/03\/sigle.jpg","contentUrl":"https:\/\/new.bjc.ro\/wp-content\/uploads\/2023\/03\/sigle.jpg","width":630,"height":473,"caption":"Biblioteca Jude\u021bean\u0103 \u201eOctavian Goga\u201d Cluj"},"image":{"@id":"https:\/\/new.bjc.ro\/#\/schema\/logo\/image\/"},"sameAs":["https:\/\/www.facebook.com\/bibliotecacluj\/","https:\/\/x.com\/BibliotecaGoga","https:\/\/www.instagram.com\/biblioteca_judeteana_cluj\/","https:\/\/www.youtube.com\/user\/BibliotecaGoga"]}]}},"_links":{"self":[{"href":"https:\/\/new.bjc.ro\/index.php?rest_route=\/wp\/v2\/tribe_events\/11392","targetHints":{"allow":["GET"]}}],"collection":[{"href":"https:\/\/new.bjc.ro\/index.php?rest_route=\/wp\/v2\/tribe_events"}],"about":[{"href":"https:\/\/new.bjc.ro\/index.php?rest_route=\/wp\/v2\/types\/tribe_events"}],"author":[{"embeddable":true,"href":"https:\/\/new.bjc.ro\/index.php?rest_route=\/wp\/v2\/users\/1"}],"version-history":[{"count":2,"href":"https:\/\/new.bjc.ro\/index.php?rest_route=\/wp\/v2\/tribe_events\/11392\/revisions"}],"predecessor-version":[{"id":11410,"href":"https:\/\/new.bjc.ro\/index.php?rest_route=\/wp\/v2\/tribe_events\/11392\/revisions\/11410"}],"wp:featuredmedia":[{"embeddable":true,"href":"https:\/\/new.bjc.ro\/index.php?rest_route=\/wp\/v2\/media\/11393"}],"wp:attachment":[{"href":"https:\/\/new.bjc.ro\/index.php?rest_route=%2Fwp%2Fv2%2Fmedia&parent=11392"}],"wp:term":[{"taxonomy":"post_tag","embeddable":true,"href":"https:\/\/new.bjc.ro\/index.php?rest_route=%2Fwp%2Fv2%2Ftags&post=11392"},{"taxonomy":"tribe_events_cat","embeddable":true,"href":"https:\/\/new.bjc.ro\/index.php?rest_route=%2Fwp%2Fv2%2Ftribe_events_cat&post=11392"}],"curies":[{"name":"wp","href":"https:\/\/api.w.org\/{rel}","templated":true}]}}