{"id":11488,"date":"2025-12-16T12:09:58","date_gmt":"2025-12-16T10:09:58","guid":{"rendered":"https:\/\/new.bjc.ro\/?post_type=tribe_events&#038;p=11488"},"modified":"2025-12-16T12:09:58","modified_gmt":"2025-12-16T10:09:58","slug":"povestiri-fotografice-nuante-de-negru","status":"publish","type":"tribe_events","link":"https:\/\/new.bjc.ro\/?tribe_events=povestiri-fotografice-nuante-de-negru","title":{"rendered":"Povestiri Fotografice: Nuante de negru"},"content":{"rendered":"<p>V\u0103 invit\u0103m s\u0103 participa\u021bi la o nou\u0103 \u00eent\u00e2lnire din seria \u201ePovestiri fotografice&#8221;, \u00eent\u00e2lnire ce va avea loc \u00een data de 17 decembrie 2025, de la ora 18:00, \u00een Sala de art\u0103 a bibliotecii.<\/p>\n<p>\u00cen inima unui sezon plin de str\u0103lucire, <strong>expozi\u021bia de fotografie \u201eNuante de negru&#8221;<\/strong> este o pauz\u0103. O escal\u0103 de contempla\u021bie \u00eenainte de a fi cople\u0219i\u021bi de culoare.<\/p>\n<p>Cr\u0103ciunul este despre lumin\u0103, iar orice lumin\u0103 are nevoie de un fundal pentru a str\u0103luci. \u00cen aceast\u0103 expozi\u021bie, negrul este acel fundal necesar \u2013 un spa\u021biu profund unde detaliul, textura \u0219i nuan\u021ba cap\u0103t\u0103 voce.<\/p>\n<p>De la catifeaua nop\u021bii la cenu\u0219iul amiezilor de iarn\u0103, fiecare nuan\u021b\u0103 de negru vorbe\u0219te despre profunzime, mister \u0219i lini\u0219tea a\u0219teptat\u0103 din preajma s\u0103rb\u0103torilor. Este o invita\u021bie de a descoperi bog\u0103\u021bia care se ascunde \u00een aparentul gol \u0219i de a proiecta pe aceast\u0103 p\u00e2nz\u0103 \u00eentunecat\u0103 propria lumin\u0103 interioar\u0103.<\/p>\n<p>Fotoclubul InLight este o comunitate de fotografi pasiona\u021bi, \u00eenfiin\u021bat\u0103 \u00een ianuarie 2025. Numele nostru, adoptat \u00een septembrie 2025, este o filosofie: a fi \u00een lumin\u0103 \u00eenseamn\u0103 a c\u0103uta autenticitatea. Scopul nostru este simplu \u0219i ambi\u021bios: s\u0103 cre\u0219tem ca fotografi, ca arti\u0219ti \u0219i ca comunitate. Organiz\u0103m activit\u0103\u021bi practice \u0219i educative pentru a ne \u00eembun\u0103t\u0103\u021bi tehnica, a ne stimula creativitatea \u0219i a ne conecta prin obiectivul comun al fotografiei.<\/p>\n<p>Activit\u0103\u021bile sunt destinate utilizatorilor adul\u021bi ai bibliotecii \u0219i sunt gratuite pe baza Permisului de intrare la bibliotec\u0103.<\/p>\n<p>Informa\u021bii suplimentare se pot ob\u021bine la telefon 0264 430434, e-mail: adulti[at]bjc.ro<\/p>\n<p>V\u0103 a\u0219tept\u0103m!<\/p>\n<p>&nbsp;<\/p>\n","protected":false},"excerpt":{"rendered":"<p>V\u0103 invit\u0103m s\u0103 participa\u021bi la o nou\u0103 \u00eent\u00e2lnire din seria \u201ePovestiri fotografice&#8221;, \u00eent\u00e2lnire ce va avea loc \u00een data de 17 decembrie 2025, de la ora 18:00, \u00een Sala de art\u0103 a bibliotecii. \u00cen inima unui sezon plin de str\u0103lucire, expozi\u021bia de fotografie \u201eNuante de negru&#8221; este o pauz\u0103. O&hellip; <br \/> <a class=\"read-more\" href=\"https:\/\/new.bjc.ro\/?tribe_events=povestiri-fotografice-nuante-de-negru\">Cite\u0219te mai mult<\/a><\/p>\n","protected":false},"author":1,"featured_media":11489,"template":"","meta":{"_monsterinsights_skip_tracking":false,"_monsterinsights_sitenote_active":false,"_monsterinsights_sitenote_note":"","_monsterinsights_sitenote_category":0,"_EventAllDay":false,"_EventTimezone":"Europe\/Bucharest","_EventStartDate":"2025-12-17 18:00:00","_EventEndDate":"2025-12-17 20:00:00","_EventStartDateUTC":"2025-12-17 16:00:00","_EventEndDateUTC":"2025-12-17 18:00:00","_EventShowMap":true,"_EventShowMapLink":true,"_EventURL":"","_EventCost":"","_EventCostDescription":"","_EventCurrencySymbol":"$","_EventCurrencyCode":"USD","_EventCurrencyPosition":"prefix","_EventDateTimeSeparator":"","_EventTimeRangeSeparator":"","_EventOrganizerID":[2810],"_EventVenueID":[6233],"_OrganizerEmail":"","_OrganizerPhone":"","_OrganizerWebsite":"","_VenueAddress":"","_VenueCity":"","_VenueCountry":"","_VenueProvince":"","_VenueState":"","_VenueZip":"","_VenuePhone":"","_VenueURL":"","_VenueStateProvince":"","_VenueLat":"","_VenueLng":"","_VenueShowMap":false,"_VenueShowMapLink":false,"_tribe_events_status":"","_tribe_events_status_reason":"","footnotes":""},"tags":[211],"tribe_events_cat":[94],"class_list":["post-11488","tribe_events","type-tribe_events","status-publish","has-post-thumbnail","hentry","tag-povestiri-fotografice","tribe_events_cat-expozitie","cat_expozitie"],"yoast_head":"<!-- This site is optimized with the Yoast SEO plugin v24.6 - https:\/\/yoast.com\/wordpress\/plugins\/seo\/ -->\n<title>Povestiri Fotografice: Nuante de negru - Biblioteca Jude\u021bean\u0103 \u201eOctavian Goga\u201d Cluj<\/title>\n<meta name=\"robots\" content=\"index, follow, max-snippet:-1, max-image-preview:large, max-video-preview:-1\" \/>\n<link rel=\"canonical\" href=\"https:\/\/new.bjc.ro\/?tribe_events=povestiri-fotografice-nuante-de-negru\" \/>\n<meta property=\"og:locale\" content=\"ro_RO\" \/>\n<meta property=\"og:type\" content=\"article\" \/>\n<meta property=\"og:title\" content=\"Povestiri Fotografice: Nuante de negru - Biblioteca Jude\u021bean\u0103 \u201eOctavian Goga\u201d Cluj\" \/>\n<meta property=\"og:description\" content=\"V\u0103 invit\u0103m s\u0103 participa\u021bi la o nou\u0103 \u00eent\u00e2lnire din seria \u201ePovestiri fotografice&#8221;, \u00eent\u00e2lnire ce va avea loc \u00een data de 17 decembrie 2025, de la ora 18:00, \u00een Sala de art\u0103 a bibliotecii. \u00cen inima unui sezon plin de str\u0103lucire, expozi\u021bia de fotografie \u201eNuante de negru&#8221; este o pauz\u0103. O&hellip; Cite\u0219te mai mult\" \/>\n<meta property=\"og:url\" content=\"https:\/\/new.bjc.ro\/?tribe_events=povestiri-fotografice-nuante-de-negru\" \/>\n<meta property=\"og:site_name\" content=\"Biblioteca Jude\u021bean\u0103 \u201eOctavian Goga\u201d Cluj\" \/>\n<meta property=\"article:publisher\" content=\"https:\/\/www.facebook.com\/bibliotecacluj\/\" \/>\n<meta property=\"og:image\" content=\"https:\/\/new.bjc.ro\/wp-content\/uploads\/2025\/12\/afis-Povestiri-fotografice_17_12_2025.jpg\" \/>\n\t<meta property=\"og:image:width\" content=\"400\" \/>\n\t<meta property=\"og:image:height\" content=\"500\" \/>\n\t<meta property=\"og:image:type\" content=\"image\/jpeg\" \/>\n<meta name=\"twitter:card\" content=\"summary_large_image\" \/>\n<meta name=\"twitter:site\" content=\"@BibliotecaGoga\" \/>\n<meta name=\"twitter:label1\" content=\"Timp estimat pentru citire\" \/>\n\t<meta name=\"twitter:data1\" content=\"2 minute\" \/>\n<script type=\"application\/ld+json\" class=\"yoast-schema-graph\">{\"@context\":\"https:\/\/schema.org\",\"@graph\":[{\"@type\":\"WebPage\",\"@id\":\"https:\/\/new.bjc.ro\/?tribe_events=povestiri-fotografice-nuante-de-negru\",\"url\":\"https:\/\/new.bjc.ro\/?tribe_events=povestiri-fotografice-nuante-de-negru\",\"name\":\"Povestiri Fotografice: Nuante de negru - Biblioteca Jude\u021bean\u0103 \u201eOctavian Goga\u201d Cluj\",\"isPartOf\":{\"@id\":\"https:\/\/new.bjc.ro\/#website\"},\"primaryImageOfPage\":{\"@id\":\"https:\/\/new.bjc.ro\/?tribe_events=povestiri-fotografice-nuante-de-negru#primaryimage\"},\"image\":{\"@id\":\"https:\/\/new.bjc.ro\/?tribe_events=povestiri-fotografice-nuante-de-negru#primaryimage\"},\"thumbnailUrl\":\"https:\/\/new.bjc.ro\/wp-content\/uploads\/2025\/12\/afis-Povestiri-fotografice_17_12_2025.jpg\",\"datePublished\":\"2025-12-16T10:09:58+00:00\",\"breadcrumb\":{\"@id\":\"https:\/\/new.bjc.ro\/?tribe_events=povestiri-fotografice-nuante-de-negru#breadcrumb\"},\"inLanguage\":\"ro-RO\",\"potentialAction\":[{\"@type\":\"ReadAction\",\"target\":[\"https:\/\/new.bjc.ro\/?tribe_events=povestiri-fotografice-nuante-de-negru\"]}]},{\"@type\":\"ImageObject\",\"inLanguage\":\"ro-RO\",\"@id\":\"https:\/\/new.bjc.ro\/?tribe_events=povestiri-fotografice-nuante-de-negru#primaryimage\",\"url\":\"https:\/\/new.bjc.ro\/wp-content\/uploads\/2025\/12\/afis-Povestiri-fotografice_17_12_2025.jpg\",\"contentUrl\":\"https:\/\/new.bjc.ro\/wp-content\/uploads\/2025\/12\/afis-Povestiri-fotografice_17_12_2025.jpg\",\"width\":400,\"height\":500},{\"@type\":\"BreadcrumbList\",\"@id\":\"https:\/\/new.bjc.ro\/?tribe_events=povestiri-fotografice-nuante-de-negru#breadcrumb\",\"itemListElement\":[{\"@type\":\"ListItem\",\"position\":1,\"name\":\"Home\",\"item\":\"https:\/\/new.bjc.ro\/\"},{\"@type\":\"ListItem\",\"position\":2,\"name\":\"Evenimente\",\"item\":\"https:\/\/new.bjc.ro\/?post_type=tribe_events\"},{\"@type\":\"ListItem\",\"position\":3,\"name\":\"Povestiri Fotografice: Nuante de negru\"}]},{\"@type\":\"WebSite\",\"@id\":\"https:\/\/new.bjc.ro\/#website\",\"url\":\"https:\/\/new.bjc.ro\/\",\"name\":\"Biblioteca Jude\u021bean\u0103 \u201eOctavian Goga\u201d Cluj\",\"description\":\"\",\"publisher\":{\"@id\":\"https:\/\/new.bjc.ro\/#organization\"},\"alternateName\":\"Biblioteca Jude\u021bean\u0103 Cluj\",\"potentialAction\":[{\"@type\":\"SearchAction\",\"target\":{\"@type\":\"EntryPoint\",\"urlTemplate\":\"https:\/\/new.bjc.ro\/?s={search_term_string}\"},\"query-input\":{\"@type\":\"PropertyValueSpecification\",\"valueRequired\":true,\"valueName\":\"search_term_string\"}}],\"inLanguage\":\"ro-RO\"},{\"@type\":\"Organization\",\"@id\":\"https:\/\/new.bjc.ro\/#organization\",\"name\":\"Biblioteca Jude\u021bean\u0103 \u201eOctavian Goga\u201d Cluj\",\"url\":\"https:\/\/new.bjc.ro\/\",\"logo\":{\"@type\":\"ImageObject\",\"inLanguage\":\"ro-RO\",\"@id\":\"https:\/\/new.bjc.ro\/#\/schema\/logo\/image\/\",\"url\":\"https:\/\/new.bjc.ro\/wp-content\/uploads\/2023\/03\/sigle.jpg\",\"contentUrl\":\"https:\/\/new.bjc.ro\/wp-content\/uploads\/2023\/03\/sigle.jpg\",\"width\":630,\"height\":473,\"caption\":\"Biblioteca Jude\u021bean\u0103 \u201eOctavian Goga\u201d Cluj\"},\"image\":{\"@id\":\"https:\/\/new.bjc.ro\/#\/schema\/logo\/image\/\"},\"sameAs\":[\"https:\/\/www.facebook.com\/bibliotecacluj\/\",\"https:\/\/x.com\/BibliotecaGoga\",\"https:\/\/www.instagram.com\/biblioteca_judeteana_cluj\/\",\"https:\/\/www.youtube.com\/user\/BibliotecaGoga\"]}]}<\/script>\n<!-- \/ Yoast SEO plugin. -->","yoast_head_json":{"title":"Povestiri Fotografice: Nuante de negru - Biblioteca Jude\u021bean\u0103 \u201eOctavian Goga\u201d Cluj","robots":{"index":"index","follow":"follow","max-snippet":"max-snippet:-1","max-image-preview":"max-image-preview:large","max-video-preview":"max-video-preview:-1"},"canonical":"https:\/\/new.bjc.ro\/?tribe_events=povestiri-fotografice-nuante-de-negru","og_locale":"ro_RO","og_type":"article","og_title":"Povestiri Fotografice: Nuante de negru - Biblioteca Jude\u021bean\u0103 \u201eOctavian Goga\u201d Cluj","og_description":"V\u0103 invit\u0103m s\u0103 participa\u021bi la o nou\u0103 \u00eent\u00e2lnire din seria \u201ePovestiri fotografice&#8221;, \u00eent\u00e2lnire ce va avea loc \u00een data de 17 decembrie 2025, de la ora 18:00, \u00een Sala de art\u0103 a bibliotecii. \u00cen inima unui sezon plin de str\u0103lucire, expozi\u021bia de fotografie \u201eNuante de negru&#8221; este o pauz\u0103. O&hellip; Cite\u0219te mai mult","og_url":"https:\/\/new.bjc.ro\/?tribe_events=povestiri-fotografice-nuante-de-negru","og_site_name":"Biblioteca Jude\u021bean\u0103 \u201eOctavian Goga\u201d Cluj","article_publisher":"https:\/\/www.facebook.com\/bibliotecacluj\/","og_image":[{"width":400,"height":500,"url":"https:\/\/new.bjc.ro\/wp-content\/uploads\/2025\/12\/afis-Povestiri-fotografice_17_12_2025.jpg","type":"image\/jpeg"}],"twitter_card":"summary_large_image","twitter_site":"@BibliotecaGoga","twitter_misc":{"Timp estimat pentru citire":"2 minute"},"schema":{"@context":"https:\/\/schema.org","@graph":[{"@type":"WebPage","@id":"https:\/\/new.bjc.ro\/?tribe_events=povestiri-fotografice-nuante-de-negru","url":"https:\/\/new.bjc.ro\/?tribe_events=povestiri-fotografice-nuante-de-negru","name":"Povestiri Fotografice: Nuante de negru - Biblioteca Jude\u021bean\u0103 \u201eOctavian Goga\u201d Cluj","isPartOf":{"@id":"https:\/\/new.bjc.ro\/#website"},"primaryImageOfPage":{"@id":"https:\/\/new.bjc.ro\/?tribe_events=povestiri-fotografice-nuante-de-negru#primaryimage"},"image":{"@id":"https:\/\/new.bjc.ro\/?tribe_events=povestiri-fotografice-nuante-de-negru#primaryimage"},"thumbnailUrl":"https:\/\/new.bjc.ro\/wp-content\/uploads\/2025\/12\/afis-Povestiri-fotografice_17_12_2025.jpg","datePublished":"2025-12-16T10:09:58+00:00","breadcrumb":{"@id":"https:\/\/new.bjc.ro\/?tribe_events=povestiri-fotografice-nuante-de-negru#breadcrumb"},"inLanguage":"ro-RO","potentialAction":[{"@type":"ReadAction","target":["https:\/\/new.bjc.ro\/?tribe_events=povestiri-fotografice-nuante-de-negru"]}]},{"@type":"ImageObject","inLanguage":"ro-RO","@id":"https:\/\/new.bjc.ro\/?tribe_events=povestiri-fotografice-nuante-de-negru#primaryimage","url":"https:\/\/new.bjc.ro\/wp-content\/uploads\/2025\/12\/afis-Povestiri-fotografice_17_12_2025.jpg","contentUrl":"https:\/\/new.bjc.ro\/wp-content\/uploads\/2025\/12\/afis-Povestiri-fotografice_17_12_2025.jpg","width":400,"height":500},{"@type":"BreadcrumbList","@id":"https:\/\/new.bjc.ro\/?tribe_events=povestiri-fotografice-nuante-de-negru#breadcrumb","itemListElement":[{"@type":"ListItem","position":1,"name":"Home","item":"https:\/\/new.bjc.ro\/"},{"@type":"ListItem","position":2,"name":"Evenimente","item":"https:\/\/new.bjc.ro\/?post_type=tribe_events"},{"@type":"ListItem","position":3,"name":"Povestiri Fotografice: Nuante de negru"}]},{"@type":"WebSite","@id":"https:\/\/new.bjc.ro\/#website","url":"https:\/\/new.bjc.ro\/","name":"Biblioteca Jude\u021bean\u0103 \u201eOctavian Goga\u201d Cluj","description":"","publisher":{"@id":"https:\/\/new.bjc.ro\/#organization"},"alternateName":"Biblioteca Jude\u021bean\u0103 Cluj","potentialAction":[{"@type":"SearchAction","target":{"@type":"EntryPoint","urlTemplate":"https:\/\/new.bjc.ro\/?s={search_term_string}"},"query-input":{"@type":"PropertyValueSpecification","valueRequired":true,"valueName":"search_term_string"}}],"inLanguage":"ro-RO"},{"@type":"Organization","@id":"https:\/\/new.bjc.ro\/#organization","name":"Biblioteca Jude\u021bean\u0103 \u201eOctavian Goga\u201d Cluj","url":"https:\/\/new.bjc.ro\/","logo":{"@type":"ImageObject","inLanguage":"ro-RO","@id":"https:\/\/new.bjc.ro\/#\/schema\/logo\/image\/","url":"https:\/\/new.bjc.ro\/wp-content\/uploads\/2023\/03\/sigle.jpg","contentUrl":"https:\/\/new.bjc.ro\/wp-content\/uploads\/2023\/03\/sigle.jpg","width":630,"height":473,"caption":"Biblioteca Jude\u021bean\u0103 \u201eOctavian Goga\u201d Cluj"},"image":{"@id":"https:\/\/new.bjc.ro\/#\/schema\/logo\/image\/"},"sameAs":["https:\/\/www.facebook.com\/bibliotecacluj\/","https:\/\/x.com\/BibliotecaGoga","https:\/\/www.instagram.com\/biblioteca_judeteana_cluj\/","https:\/\/www.youtube.com\/user\/BibliotecaGoga"]}]}},"_links":{"self":[{"href":"https:\/\/new.bjc.ro\/index.php?rest_route=\/wp\/v2\/tribe_events\/11488","targetHints":{"allow":["GET"]}}],"collection":[{"href":"https:\/\/new.bjc.ro\/index.php?rest_route=\/wp\/v2\/tribe_events"}],"about":[{"href":"https:\/\/new.bjc.ro\/index.php?rest_route=\/wp\/v2\/types\/tribe_events"}],"author":[{"embeddable":true,"href":"https:\/\/new.bjc.ro\/index.php?rest_route=\/wp\/v2\/users\/1"}],"version-history":[{"count":1,"href":"https:\/\/new.bjc.ro\/index.php?rest_route=\/wp\/v2\/tribe_events\/11488\/revisions"}],"predecessor-version":[{"id":11490,"href":"https:\/\/new.bjc.ro\/index.php?rest_route=\/wp\/v2\/tribe_events\/11488\/revisions\/11490"}],"wp:featuredmedia":[{"embeddable":true,"href":"https:\/\/new.bjc.ro\/index.php?rest_route=\/wp\/v2\/media\/11489"}],"wp:attachment":[{"href":"https:\/\/new.bjc.ro\/index.php?rest_route=%2Fwp%2Fv2%2Fmedia&parent=11488"}],"wp:term":[{"taxonomy":"post_tag","embeddable":true,"href":"https:\/\/new.bjc.ro\/index.php?rest_route=%2Fwp%2Fv2%2Ftags&post=11488"},{"taxonomy":"tribe_events_cat","embeddable":true,"href":"https:\/\/new.bjc.ro\/index.php?rest_route=%2Fwp%2Fv2%2Ftribe_events_cat&post=11488"}],"curies":[{"name":"wp","href":"https:\/\/api.w.org\/{rel}","templated":true}]}}