{"id":11704,"date":"2026-01-21T14:07:40","date_gmt":"2026-01-21T12:07:40","guid":{"rendered":"https:\/\/new.bjc.ro\/?post_type=tribe_events&#038;p=11704"},"modified":"2026-01-21T14:08:53","modified_gmt":"2026-01-21T12:08:53","slug":"biserica-ortodoxa-romana-si-unirea-principatelor","status":"publish","type":"tribe_events","link":"https:\/\/new.bjc.ro\/?tribe_events=biserica-ortodoxa-romana-si-unirea-principatelor","title":{"rendered":"Biserica Ortodox\u0103 Rom\u00e2n\u0103 \u0219i Unirea Principatelor"},"content":{"rendered":"<p>Cu ocazia \u00eemplinirii a 167 de ani de la Unirea Principatelor Rom\u00e2ne, Moldova \u0219i \u021aara Rom\u00e2neasc\u0103, sub conducerea lui Alexandru Ioan Cuza, la 24 ianuarie 1859, Biblioteca Jude\u021bean\u0103 \u201eOctavian Goga\u201d Cluj v\u0103 invit\u0103 la prelegerea cu titlul \u201eBiserica Ortodox\u0103 Rom\u00e2n\u0103 \u0219i Unirea Principatelor\u201d, sus\u021binut\u0103 de Pr. Lector Univ. Dr. Bogdan Ivanov, de la Facultatea de Teologie Ortodox\u0103, Cluj-Napoca.<br \/>\nEvenimentul va avea loc joi, 22 ianuarie 2026, de la ora 11:30, la Sec\u021bia pentru adolescen\u021bi, etajul 4 al sediului central al bibliotecii.<\/p>\n<p>V\u0103\u00a0a\u0219tept\u0103m!<\/p>\n","protected":false},"excerpt":{"rendered":"<p>Cu ocazia \u00eemplinirii a 167 de ani de la Unirea Principatelor Rom\u00e2ne, Moldova \u0219i \u021aara Rom\u00e2neasc\u0103, sub conducerea lui Alexandru Ioan Cuza, la 24 ianuarie 1859, Biblioteca Jude\u021bean\u0103 \u201eOctavian Goga\u201d Cluj v\u0103 invit\u0103 la prelegerea cu titlul \u201eBiserica Ortodox\u0103 Rom\u00e2n\u0103 \u0219i Unirea Principatelor\u201d, sus\u021binut\u0103 de Pr. Lector Univ. Dr. Bogdan&hellip; <br \/> <a class=\"read-more\" href=\"https:\/\/new.bjc.ro\/?tribe_events=biserica-ortodoxa-romana-si-unirea-principatelor\">Cite\u0219te mai mult<\/a><\/p>\n","protected":false},"author":1,"featured_media":11707,"template":"","meta":{"_monsterinsights_skip_tracking":false,"_monsterinsights_sitenote_active":false,"_monsterinsights_sitenote_note":"","_monsterinsights_sitenote_category":0,"_EventAllDay":false,"_EventTimezone":"Europe\/Bucharest","_EventStartDate":"2026-01-22 11:30:00","_EventEndDate":"2026-01-22 17:00:00","_EventStartDateUTC":"2026-01-22 09:30:00","_EventEndDateUTC":"2026-01-22 15:00:00","_EventShowMap":true,"_EventShowMapLink":true,"_EventURL":"","_EventCost":"","_EventCostDescription":"","_EventCurrencySymbol":"$","_EventCurrencyCode":"USD","_EventCurrencyPosition":"prefix","_EventDateTimeSeparator":"","_EventTimeRangeSeparator":"","_EventOrganizerID":[2810],"_EventVenueID":[2811],"_OrganizerEmail":"","_OrganizerPhone":"","_OrganizerWebsite":"","_VenueAddress":"","_VenueCity":"","_VenueCountry":"","_VenueProvince":"","_VenueState":"","_VenueZip":"","_VenuePhone":"","_VenueURL":"","_VenueStateProvince":"","_VenueLat":"","_VenueLng":"","_VenueShowMap":false,"_VenueShowMapLink":false,"_tribe_events_status":"","_tribe_events_status_reason":"","footnotes":""},"tags":[181],"tribe_events_cat":[28],"class_list":["post-11704","tribe_events","type-tribe_events","status-publish","has-post-thumbnail","hentry","tag-ziua-unirii-principatelor-romane","tribe_events_cat-evenimente","cat_evenimente"],"yoast_head":"<!-- This site is optimized with the Yoast SEO plugin v24.6 - https:\/\/yoast.com\/wordpress\/plugins\/seo\/ -->\n<title>Biserica Ortodox\u0103 Rom\u00e2n\u0103 \u0219i Unirea Principatelor - Biblioteca Jude\u021bean\u0103 \u201eOctavian Goga\u201d Cluj<\/title>\n<meta name=\"robots\" content=\"index, follow, max-snippet:-1, max-image-preview:large, max-video-preview:-1\" \/>\n<link rel=\"canonical\" href=\"https:\/\/new.bjc.ro\/?tribe_events=biserica-ortodoxa-romana-si-unirea-principatelor\" \/>\n<meta property=\"og:locale\" content=\"ro_RO\" \/>\n<meta property=\"og:type\" content=\"article\" \/>\n<meta property=\"og:title\" content=\"Biserica Ortodox\u0103 Rom\u00e2n\u0103 \u0219i Unirea Principatelor - Biblioteca Jude\u021bean\u0103 \u201eOctavian Goga\u201d Cluj\" \/>\n<meta property=\"og:description\" content=\"Cu ocazia \u00eemplinirii a 167 de ani de la Unirea Principatelor Rom\u00e2ne, Moldova \u0219i \u021aara Rom\u00e2neasc\u0103, sub conducerea lui Alexandru Ioan Cuza, la 24 ianuarie 1859, Biblioteca Jude\u021bean\u0103 \u201eOctavian Goga\u201d Cluj v\u0103 invit\u0103 la prelegerea cu titlul \u201eBiserica Ortodox\u0103 Rom\u00e2n\u0103 \u0219i Unirea Principatelor\u201d, sus\u021binut\u0103 de Pr. Lector Univ. Dr. Bogdan&hellip; Cite\u0219te mai mult\" \/>\n<meta property=\"og:url\" content=\"https:\/\/new.bjc.ro\/?tribe_events=biserica-ortodoxa-romana-si-unirea-principatelor\" \/>\n<meta property=\"og:site_name\" content=\"Biblioteca Jude\u021bean\u0103 \u201eOctavian Goga\u201d Cluj\" \/>\n<meta property=\"article:publisher\" content=\"https:\/\/www.facebook.com\/bibliotecacluj\/\" \/>\n<meta property=\"article:modified_time\" content=\"2026-01-21T12:08:53+00:00\" \/>\n<meta property=\"og:image\" content=\"https:\/\/new.bjc.ro\/wp-content\/uploads\/2026\/01\/afis-Biserica-Ortodoxa-Romana-si-Unirea-Principatelor_22_01_2026-1.jpg\" \/>\n\t<meta property=\"og:image:width\" content=\"400\" \/>\n\t<meta property=\"og:image:height\" content=\"560\" \/>\n\t<meta property=\"og:image:type\" content=\"image\/jpeg\" \/>\n<meta name=\"twitter:card\" content=\"summary_large_image\" \/>\n<meta name=\"twitter:site\" content=\"@BibliotecaGoga\" \/>\n<meta name=\"twitter:label1\" content=\"Timp estimat pentru citire\" \/>\n\t<meta name=\"twitter:data1\" content=\"1 minut\" \/>\n<script type=\"application\/ld+json\" class=\"yoast-schema-graph\">{\"@context\":\"https:\/\/schema.org\",\"@graph\":[{\"@type\":\"WebPage\",\"@id\":\"https:\/\/new.bjc.ro\/?tribe_events=biserica-ortodoxa-romana-si-unirea-principatelor\",\"url\":\"https:\/\/new.bjc.ro\/?tribe_events=biserica-ortodoxa-romana-si-unirea-principatelor\",\"name\":\"Biserica Ortodox\u0103 Rom\u00e2n\u0103 \u0219i Unirea Principatelor - Biblioteca Jude\u021bean\u0103 \u201eOctavian Goga\u201d Cluj\",\"isPartOf\":{\"@id\":\"https:\/\/new.bjc.ro\/#website\"},\"primaryImageOfPage\":{\"@id\":\"https:\/\/new.bjc.ro\/?tribe_events=biserica-ortodoxa-romana-si-unirea-principatelor#primaryimage\"},\"image\":{\"@id\":\"https:\/\/new.bjc.ro\/?tribe_events=biserica-ortodoxa-romana-si-unirea-principatelor#primaryimage\"},\"thumbnailUrl\":\"https:\/\/new.bjc.ro\/wp-content\/uploads\/2026\/01\/afis-Biserica-Ortodoxa-Romana-si-Unirea-Principatelor_22_01_2026-1.jpg\",\"datePublished\":\"2026-01-21T12:07:40+00:00\",\"dateModified\":\"2026-01-21T12:08:53+00:00\",\"breadcrumb\":{\"@id\":\"https:\/\/new.bjc.ro\/?tribe_events=biserica-ortodoxa-romana-si-unirea-principatelor#breadcrumb\"},\"inLanguage\":\"ro-RO\",\"potentialAction\":[{\"@type\":\"ReadAction\",\"target\":[\"https:\/\/new.bjc.ro\/?tribe_events=biserica-ortodoxa-romana-si-unirea-principatelor\"]}]},{\"@type\":\"ImageObject\",\"inLanguage\":\"ro-RO\",\"@id\":\"https:\/\/new.bjc.ro\/?tribe_events=biserica-ortodoxa-romana-si-unirea-principatelor#primaryimage\",\"url\":\"https:\/\/new.bjc.ro\/wp-content\/uploads\/2026\/01\/afis-Biserica-Ortodoxa-Romana-si-Unirea-Principatelor_22_01_2026-1.jpg\",\"contentUrl\":\"https:\/\/new.bjc.ro\/wp-content\/uploads\/2026\/01\/afis-Biserica-Ortodoxa-Romana-si-Unirea-Principatelor_22_01_2026-1.jpg\",\"width\":400,\"height\":560},{\"@type\":\"BreadcrumbList\",\"@id\":\"https:\/\/new.bjc.ro\/?tribe_events=biserica-ortodoxa-romana-si-unirea-principatelor#breadcrumb\",\"itemListElement\":[{\"@type\":\"ListItem\",\"position\":1,\"name\":\"Home\",\"item\":\"https:\/\/new.bjc.ro\/\"},{\"@type\":\"ListItem\",\"position\":2,\"name\":\"Evenimente\",\"item\":\"https:\/\/new.bjc.ro\/?post_type=tribe_events\"},{\"@type\":\"ListItem\",\"position\":3,\"name\":\"Biserica Ortodox\u0103 Rom\u00e2n\u0103 \u0219i Unirea Principatelor\"}]},{\"@type\":\"WebSite\",\"@id\":\"https:\/\/new.bjc.ro\/#website\",\"url\":\"https:\/\/new.bjc.ro\/\",\"name\":\"Biblioteca Jude\u021bean\u0103 \u201eOctavian Goga\u201d Cluj\",\"description\":\"\",\"publisher\":{\"@id\":\"https:\/\/new.bjc.ro\/#organization\"},\"alternateName\":\"Biblioteca Jude\u021bean\u0103 Cluj\",\"potentialAction\":[{\"@type\":\"SearchAction\",\"target\":{\"@type\":\"EntryPoint\",\"urlTemplate\":\"https:\/\/new.bjc.ro\/?s={search_term_string}\"},\"query-input\":{\"@type\":\"PropertyValueSpecification\",\"valueRequired\":true,\"valueName\":\"search_term_string\"}}],\"inLanguage\":\"ro-RO\"},{\"@type\":\"Organization\",\"@id\":\"https:\/\/new.bjc.ro\/#organization\",\"name\":\"Biblioteca Jude\u021bean\u0103 \u201eOctavian Goga\u201d Cluj\",\"url\":\"https:\/\/new.bjc.ro\/\",\"logo\":{\"@type\":\"ImageObject\",\"inLanguage\":\"ro-RO\",\"@id\":\"https:\/\/new.bjc.ro\/#\/schema\/logo\/image\/\",\"url\":\"https:\/\/new.bjc.ro\/wp-content\/uploads\/2023\/03\/sigle.jpg\",\"contentUrl\":\"https:\/\/new.bjc.ro\/wp-content\/uploads\/2023\/03\/sigle.jpg\",\"width\":630,\"height\":473,\"caption\":\"Biblioteca Jude\u021bean\u0103 \u201eOctavian Goga\u201d Cluj\"},\"image\":{\"@id\":\"https:\/\/new.bjc.ro\/#\/schema\/logo\/image\/\"},\"sameAs\":[\"https:\/\/www.facebook.com\/bibliotecacluj\/\",\"https:\/\/x.com\/BibliotecaGoga\",\"https:\/\/www.instagram.com\/biblioteca_judeteana_cluj\/\",\"https:\/\/www.youtube.com\/user\/BibliotecaGoga\"]}]}<\/script>\n<!-- \/ Yoast SEO plugin. -->","yoast_head_json":{"title":"Biserica Ortodox\u0103 Rom\u00e2n\u0103 \u0219i Unirea Principatelor - Biblioteca Jude\u021bean\u0103 \u201eOctavian Goga\u201d Cluj","robots":{"index":"index","follow":"follow","max-snippet":"max-snippet:-1","max-image-preview":"max-image-preview:large","max-video-preview":"max-video-preview:-1"},"canonical":"https:\/\/new.bjc.ro\/?tribe_events=biserica-ortodoxa-romana-si-unirea-principatelor","og_locale":"ro_RO","og_type":"article","og_title":"Biserica Ortodox\u0103 Rom\u00e2n\u0103 \u0219i Unirea Principatelor - Biblioteca Jude\u021bean\u0103 \u201eOctavian Goga\u201d Cluj","og_description":"Cu ocazia \u00eemplinirii a 167 de ani de la Unirea Principatelor Rom\u00e2ne, Moldova \u0219i \u021aara Rom\u00e2neasc\u0103, sub conducerea lui Alexandru Ioan Cuza, la 24 ianuarie 1859, Biblioteca Jude\u021bean\u0103 \u201eOctavian Goga\u201d Cluj v\u0103 invit\u0103 la prelegerea cu titlul \u201eBiserica Ortodox\u0103 Rom\u00e2n\u0103 \u0219i Unirea Principatelor\u201d, sus\u021binut\u0103 de Pr. Lector Univ. Dr. Bogdan&hellip; Cite\u0219te mai mult","og_url":"https:\/\/new.bjc.ro\/?tribe_events=biserica-ortodoxa-romana-si-unirea-principatelor","og_site_name":"Biblioteca Jude\u021bean\u0103 \u201eOctavian Goga\u201d Cluj","article_publisher":"https:\/\/www.facebook.com\/bibliotecacluj\/","article_modified_time":"2026-01-21T12:08:53+00:00","og_image":[{"width":400,"height":560,"url":"https:\/\/new.bjc.ro\/wp-content\/uploads\/2026\/01\/afis-Biserica-Ortodoxa-Romana-si-Unirea-Principatelor_22_01_2026-1.jpg","type":"image\/jpeg"}],"twitter_card":"summary_large_image","twitter_site":"@BibliotecaGoga","twitter_misc":{"Timp estimat pentru citire":"1 minut"},"schema":{"@context":"https:\/\/schema.org","@graph":[{"@type":"WebPage","@id":"https:\/\/new.bjc.ro\/?tribe_events=biserica-ortodoxa-romana-si-unirea-principatelor","url":"https:\/\/new.bjc.ro\/?tribe_events=biserica-ortodoxa-romana-si-unirea-principatelor","name":"Biserica Ortodox\u0103 Rom\u00e2n\u0103 \u0219i Unirea Principatelor - Biblioteca Jude\u021bean\u0103 \u201eOctavian Goga\u201d Cluj","isPartOf":{"@id":"https:\/\/new.bjc.ro\/#website"},"primaryImageOfPage":{"@id":"https:\/\/new.bjc.ro\/?tribe_events=biserica-ortodoxa-romana-si-unirea-principatelor#primaryimage"},"image":{"@id":"https:\/\/new.bjc.ro\/?tribe_events=biserica-ortodoxa-romana-si-unirea-principatelor#primaryimage"},"thumbnailUrl":"https:\/\/new.bjc.ro\/wp-content\/uploads\/2026\/01\/afis-Biserica-Ortodoxa-Romana-si-Unirea-Principatelor_22_01_2026-1.jpg","datePublished":"2026-01-21T12:07:40+00:00","dateModified":"2026-01-21T12:08:53+00:00","breadcrumb":{"@id":"https:\/\/new.bjc.ro\/?tribe_events=biserica-ortodoxa-romana-si-unirea-principatelor#breadcrumb"},"inLanguage":"ro-RO","potentialAction":[{"@type":"ReadAction","target":["https:\/\/new.bjc.ro\/?tribe_events=biserica-ortodoxa-romana-si-unirea-principatelor"]}]},{"@type":"ImageObject","inLanguage":"ro-RO","@id":"https:\/\/new.bjc.ro\/?tribe_events=biserica-ortodoxa-romana-si-unirea-principatelor#primaryimage","url":"https:\/\/new.bjc.ro\/wp-content\/uploads\/2026\/01\/afis-Biserica-Ortodoxa-Romana-si-Unirea-Principatelor_22_01_2026-1.jpg","contentUrl":"https:\/\/new.bjc.ro\/wp-content\/uploads\/2026\/01\/afis-Biserica-Ortodoxa-Romana-si-Unirea-Principatelor_22_01_2026-1.jpg","width":400,"height":560},{"@type":"BreadcrumbList","@id":"https:\/\/new.bjc.ro\/?tribe_events=biserica-ortodoxa-romana-si-unirea-principatelor#breadcrumb","itemListElement":[{"@type":"ListItem","position":1,"name":"Home","item":"https:\/\/new.bjc.ro\/"},{"@type":"ListItem","position":2,"name":"Evenimente","item":"https:\/\/new.bjc.ro\/?post_type=tribe_events"},{"@type":"ListItem","position":3,"name":"Biserica Ortodox\u0103 Rom\u00e2n\u0103 \u0219i Unirea Principatelor"}]},{"@type":"WebSite","@id":"https:\/\/new.bjc.ro\/#website","url":"https:\/\/new.bjc.ro\/","name":"Biblioteca Jude\u021bean\u0103 \u201eOctavian Goga\u201d Cluj","description":"","publisher":{"@id":"https:\/\/new.bjc.ro\/#organization"},"alternateName":"Biblioteca Jude\u021bean\u0103 Cluj","potentialAction":[{"@type":"SearchAction","target":{"@type":"EntryPoint","urlTemplate":"https:\/\/new.bjc.ro\/?s={search_term_string}"},"query-input":{"@type":"PropertyValueSpecification","valueRequired":true,"valueName":"search_term_string"}}],"inLanguage":"ro-RO"},{"@type":"Organization","@id":"https:\/\/new.bjc.ro\/#organization","name":"Biblioteca Jude\u021bean\u0103 \u201eOctavian Goga\u201d Cluj","url":"https:\/\/new.bjc.ro\/","logo":{"@type":"ImageObject","inLanguage":"ro-RO","@id":"https:\/\/new.bjc.ro\/#\/schema\/logo\/image\/","url":"https:\/\/new.bjc.ro\/wp-content\/uploads\/2023\/03\/sigle.jpg","contentUrl":"https:\/\/new.bjc.ro\/wp-content\/uploads\/2023\/03\/sigle.jpg","width":630,"height":473,"caption":"Biblioteca Jude\u021bean\u0103 \u201eOctavian Goga\u201d Cluj"},"image":{"@id":"https:\/\/new.bjc.ro\/#\/schema\/logo\/image\/"},"sameAs":["https:\/\/www.facebook.com\/bibliotecacluj\/","https:\/\/x.com\/BibliotecaGoga","https:\/\/www.instagram.com\/biblioteca_judeteana_cluj\/","https:\/\/www.youtube.com\/user\/BibliotecaGoga"]}]}},"_links":{"self":[{"href":"https:\/\/new.bjc.ro\/index.php?rest_route=\/wp\/v2\/tribe_events\/11704","targetHints":{"allow":["GET"]}}],"collection":[{"href":"https:\/\/new.bjc.ro\/index.php?rest_route=\/wp\/v2\/tribe_events"}],"about":[{"href":"https:\/\/new.bjc.ro\/index.php?rest_route=\/wp\/v2\/types\/tribe_events"}],"author":[{"embeddable":true,"href":"https:\/\/new.bjc.ro\/index.php?rest_route=\/wp\/v2\/users\/1"}],"version-history":[{"count":1,"href":"https:\/\/new.bjc.ro\/index.php?rest_route=\/wp\/v2\/tribe_events\/11704\/revisions"}],"predecessor-version":[{"id":11706,"href":"https:\/\/new.bjc.ro\/index.php?rest_route=\/wp\/v2\/tribe_events\/11704\/revisions\/11706"}],"wp:featuredmedia":[{"embeddable":true,"href":"https:\/\/new.bjc.ro\/index.php?rest_route=\/wp\/v2\/media\/11707"}],"wp:attachment":[{"href":"https:\/\/new.bjc.ro\/index.php?rest_route=%2Fwp%2Fv2%2Fmedia&parent=11704"}],"wp:term":[{"taxonomy":"post_tag","embeddable":true,"href":"https:\/\/new.bjc.ro\/index.php?rest_route=%2Fwp%2Fv2%2Ftags&post=11704"},{"taxonomy":"tribe_events_cat","embeddable":true,"href":"https:\/\/new.bjc.ro\/index.php?rest_route=%2Fwp%2Fv2%2Ftribe_events_cat&post=11704"}],"curies":[{"name":"wp","href":"https:\/\/api.w.org\/{rel}","templated":true}]}}