{"id":11872,"date":"2026-03-05T12:59:29","date_gmt":"2026-03-05T10:59:29","guid":{"rendered":"https:\/\/new.bjc.ro\/?post_type=tribe_events&#038;p=11872"},"modified":"2026-03-05T13:00:31","modified_gmt":"2026-03-05T11:00:31","slug":"club-de-invatare-a-limbii-portugheze-pentru-adulti-falamos-portugues-vorbim-portugheza","status":"publish","type":"tribe_events","link":"https:\/\/new.bjc.ro\/?tribe_events=club-de-invatare-a-limbii-portugheze-pentru-adulti-falamos-portugues-vorbim-portugheza","title":{"rendered":"Club de \u00eenv\u0103\u021bare a limbii portugheze pentru adul\u021bi Falamos portugu\u00eas (Vorbim portughez\u0103)"},"content":{"rendered":"<p>tughezaSec\u021bia de \u00eemprumut pentru adul\u021bi \u0219i art\u0103 a Bibliotecii Jude\u021bene \u201eOctavian Goga\u201d Cluj v\u0103 invit\u0103 la \u00eent\u00e2lnirile s\u0103pt\u0103m\u00e2nale ale Clubului de \u00eenv\u0103\u021bare a limbii portugheze pentru adul\u021bi <em>Falamos portugu<\/em><em>\u00ea<\/em><em>s (Vorbim portughez\u0103)<\/em>.<\/p>\n<p>Programul se adreseaz\u0103 adul\u021bilor de toate v\u00e2rstele din jude\u021bul Cluj, utilizatori ai bibliotecii, care doresc s\u0103 beneficieze de efectele \u00eenv\u0103\u021b\u0103rii unei noi limbi str\u0103ine, deja demonstrate de cercet\u0103ri din \u00eentreaga lume (\u00eembun\u0103t\u0103\u021birea memoriei, a concentr\u0103rii, a capacit\u0103\u021bii de sintez\u0103, a creativit\u0103\u021bii \u0219i g\u00e2ndirii divergente).<\/p>\n<p>Un astfel de program, \u00eembin\u00e2nd o component\u0103 important\u0103 de descoperire lingvistic\u0103 \u015fi cultural\u0103, poate fi util \u00een dezvoltarea fiec\u0103rui participant.<\/p>\n<p>V\u0103 a\u0219tept\u0103m al\u0103turi de noi, s\u0103 descoperim \u00eempreun\u0103 limba lui Cam\u00f5es \u0219i a muzicii <em>fado<\/em>, o muzic\u0103 emo\u021bionant\u0103, expresie a sufletului portughez.<\/p>\n<p>\u00cent\u00e2lnirile vor avea loc \u00een fiecare luni (mai pu\u021bin in zilele libere oficial), \u00een perioada <strong>16 martie \u2013 25 mai, de la ora 18:00<\/strong>, la Sala de lectur\u0103, etajul 2, vest.<\/p>\n<p>Durat\u0103: 90 de minute<\/p>\n<p>\u00censcrieri: la telefon 0264 430434 (Sec\u021bia de \u00eemprumut pentru adul\u021bi \u0219i art\u0103) sau folosind formularul <a href=\"https:\/\/forms.gle\/3WygMH3D7pMQ1zAq6\">online<\/a>.<\/p>\n<p>Participarea este gratuit\u0103, pe baza Permisului de intrare la bibliotec\u0103.<\/p>\n","protected":false},"excerpt":{"rendered":"<p>tughezaSec\u021bia de \u00eemprumut pentru adul\u021bi \u0219i art\u0103 a Bibliotecii Jude\u021bene \u201eOctavian Goga\u201d Cluj v\u0103 invit\u0103 la \u00eent\u00e2lnirile s\u0103pt\u0103m\u00e2nale ale Clubului de \u00eenv\u0103\u021bare a limbii portugheze pentru adul\u021bi Falamos portugu\u00eas (Vorbim portughez\u0103). Programul se adreseaz\u0103 adul\u021bilor de toate v\u00e2rstele din jude\u021bul Cluj, utilizatori ai bibliotecii, care doresc s\u0103 beneficieze de efectele&hellip; <br \/> <a class=\"read-more\" href=\"https:\/\/new.bjc.ro\/?tribe_events=club-de-invatare-a-limbii-portugheze-pentru-adulti-falamos-portugues-vorbim-portugheza\">Cite\u0219te mai mult<\/a><\/p>\n","protected":false},"author":1,"featured_media":11873,"template":"","meta":{"_monsterinsights_skip_tracking":false,"_monsterinsights_sitenote_active":false,"_monsterinsights_sitenote_note":"","_monsterinsights_sitenote_category":0,"_EventAllDay":false,"_EventTimezone":"Europe\/Bucharest","_EventStartDate":"2026-03-16 18:00:00","_EventEndDate":"2026-03-25 20:00:00","_EventStartDateUTC":"2026-03-16 16:00:00","_EventEndDateUTC":"2026-03-25 18:00:00","_EventShowMap":true,"_EventShowMapLink":true,"_EventURL":"","_EventCost":"","_EventCostDescription":"","_EventCurrencySymbol":"$","_EventCurrencyCode":"USD","_EventCurrencyPosition":"prefix","_EventDateTimeSeparator":"","_EventTimeRangeSeparator":"","_EventOrganizerID":[2810],"_EventVenueID":[6407],"_OrganizerEmail":"","_OrganizerPhone":"","_OrganizerWebsite":"","_VenueAddress":"","_VenueCity":"","_VenueCountry":"","_VenueProvince":"","_VenueState":"","_VenueZip":"","_VenuePhone":"","_VenueURL":"","_VenueStateProvince":"","_VenueLat":"","_VenueLng":"","_VenueShowMap":false,"_VenueShowMapLink":false,"_tribe_events_status":"","_tribe_events_status_reason":"","footnotes":""},"tags":[292],"tribe_events_cat":[54],"class_list":["post-11872","tribe_events","type-tribe_events","status-publish","has-post-thumbnail","hentry","tag-limba-portugheza","tribe_events_cat-cluburi","cat_cluburi"],"yoast_head":"<!-- This site is optimized with the Yoast SEO plugin v24.6 - https:\/\/yoast.com\/wordpress\/plugins\/seo\/ -->\n<title>Club de \u00eenv\u0103\u021bare a limbii portugheze pentru adul\u021bi Falamos portugu\u00eas (Vorbim portughez\u0103) - Biblioteca Jude\u021bean\u0103 \u201eOctavian Goga\u201d Cluj<\/title>\n<meta name=\"robots\" content=\"index, follow, max-snippet:-1, max-image-preview:large, max-video-preview:-1\" \/>\n<link rel=\"canonical\" href=\"https:\/\/new.bjc.ro\/?tribe_events=club-de-invatare-a-limbii-portugheze-pentru-adulti-falamos-portugues-vorbim-portugheza\" \/>\n<meta property=\"og:locale\" content=\"ro_RO\" \/>\n<meta property=\"og:type\" content=\"article\" \/>\n<meta property=\"og:title\" content=\"Club de \u00eenv\u0103\u021bare a limbii portugheze pentru adul\u021bi Falamos portugu\u00eas (Vorbim portughez\u0103) - Biblioteca Jude\u021bean\u0103 \u201eOctavian Goga\u201d Cluj\" \/>\n<meta property=\"og:description\" content=\"tughezaSec\u021bia de \u00eemprumut pentru adul\u021bi \u0219i art\u0103 a Bibliotecii Jude\u021bene \u201eOctavian Goga\u201d Cluj v\u0103 invit\u0103 la \u00eent\u00e2lnirile s\u0103pt\u0103m\u00e2nale ale Clubului de \u00eenv\u0103\u021bare a limbii portugheze pentru adul\u021bi Falamos portugu\u00eas (Vorbim portughez\u0103). Programul se adreseaz\u0103 adul\u021bilor de toate v\u00e2rstele din jude\u021bul Cluj, utilizatori ai bibliotecii, care doresc s\u0103 beneficieze de efectele&hellip; Cite\u0219te mai mult\" \/>\n<meta property=\"og:url\" content=\"https:\/\/new.bjc.ro\/?tribe_events=club-de-invatare-a-limbii-portugheze-pentru-adulti-falamos-portugues-vorbim-portugheza\" \/>\n<meta property=\"og:site_name\" content=\"Biblioteca Jude\u021bean\u0103 \u201eOctavian Goga\u201d Cluj\" \/>\n<meta property=\"article:publisher\" content=\"https:\/\/www.facebook.com\/bibliotecacluj\/\" \/>\n<meta property=\"article:modified_time\" content=\"2026-03-05T11:00:31+00:00\" \/>\n<meta property=\"og:image\" content=\"https:\/\/new.bjc.ro\/wp-content\/uploads\/2026\/03\/afis-Club-de-invatare-Limba-portugheza_web160326.jpg\" \/>\n\t<meta property=\"og:image:width\" content=\"711\" \/>\n\t<meta property=\"og:image:height\" content=\"400\" \/>\n\t<meta property=\"og:image:type\" content=\"image\/jpeg\" \/>\n<meta name=\"twitter:card\" content=\"summary_large_image\" \/>\n<meta name=\"twitter:site\" content=\"@BibliotecaGoga\" \/>\n<meta name=\"twitter:label1\" content=\"Timp estimat pentru citire\" \/>\n\t<meta name=\"twitter:data1\" content=\"2 minute\" \/>\n<script type=\"application\/ld+json\" class=\"yoast-schema-graph\">{\"@context\":\"https:\/\/schema.org\",\"@graph\":[{\"@type\":\"WebPage\",\"@id\":\"https:\/\/new.bjc.ro\/?tribe_events=club-de-invatare-a-limbii-portugheze-pentru-adulti-falamos-portugues-vorbim-portugheza\",\"url\":\"https:\/\/new.bjc.ro\/?tribe_events=club-de-invatare-a-limbii-portugheze-pentru-adulti-falamos-portugues-vorbim-portugheza\",\"name\":\"Club de \u00eenv\u0103\u021bare a limbii portugheze pentru adul\u021bi Falamos portugu\u00eas (Vorbim portughez\u0103) - Biblioteca Jude\u021bean\u0103 \u201eOctavian Goga\u201d Cluj\",\"isPartOf\":{\"@id\":\"https:\/\/new.bjc.ro\/#website\"},\"primaryImageOfPage\":{\"@id\":\"https:\/\/new.bjc.ro\/?tribe_events=club-de-invatare-a-limbii-portugheze-pentru-adulti-falamos-portugues-vorbim-portugheza#primaryimage\"},\"image\":{\"@id\":\"https:\/\/new.bjc.ro\/?tribe_events=club-de-invatare-a-limbii-portugheze-pentru-adulti-falamos-portugues-vorbim-portugheza#primaryimage\"},\"thumbnailUrl\":\"https:\/\/new.bjc.ro\/wp-content\/uploads\/2026\/03\/afis-Club-de-invatare-Limba-portugheza_web160326.jpg\",\"datePublished\":\"2026-03-05T10:59:29+00:00\",\"dateModified\":\"2026-03-05T11:00:31+00:00\",\"breadcrumb\":{\"@id\":\"https:\/\/new.bjc.ro\/?tribe_events=club-de-invatare-a-limbii-portugheze-pentru-adulti-falamos-portugues-vorbim-portugheza#breadcrumb\"},\"inLanguage\":\"ro-RO\",\"potentialAction\":[{\"@type\":\"ReadAction\",\"target\":[\"https:\/\/new.bjc.ro\/?tribe_events=club-de-invatare-a-limbii-portugheze-pentru-adulti-falamos-portugues-vorbim-portugheza\"]}]},{\"@type\":\"ImageObject\",\"inLanguage\":\"ro-RO\",\"@id\":\"https:\/\/new.bjc.ro\/?tribe_events=club-de-invatare-a-limbii-portugheze-pentru-adulti-falamos-portugues-vorbim-portugheza#primaryimage\",\"url\":\"https:\/\/new.bjc.ro\/wp-content\/uploads\/2026\/03\/afis-Club-de-invatare-Limba-portugheza_web160326.jpg\",\"contentUrl\":\"https:\/\/new.bjc.ro\/wp-content\/uploads\/2026\/03\/afis-Club-de-invatare-Limba-portugheza_web160326.jpg\",\"width\":711,\"height\":400},{\"@type\":\"BreadcrumbList\",\"@id\":\"https:\/\/new.bjc.ro\/?tribe_events=club-de-invatare-a-limbii-portugheze-pentru-adulti-falamos-portugues-vorbim-portugheza#breadcrumb\",\"itemListElement\":[{\"@type\":\"ListItem\",\"position\":1,\"name\":\"Home\",\"item\":\"https:\/\/new.bjc.ro\/\"},{\"@type\":\"ListItem\",\"position\":2,\"name\":\"Evenimente\",\"item\":\"https:\/\/new.bjc.ro\/?post_type=tribe_events\"},{\"@type\":\"ListItem\",\"position\":3,\"name\":\"Club de \u00eenv\u0103\u021bare a limbii portugheze pentru adul\u021bi Falamos portugu\u00eas (Vorbim portughez\u0103)\"}]},{\"@type\":\"WebSite\",\"@id\":\"https:\/\/new.bjc.ro\/#website\",\"url\":\"https:\/\/new.bjc.ro\/\",\"name\":\"Biblioteca Jude\u021bean\u0103 \u201eOctavian Goga\u201d Cluj\",\"description\":\"\",\"publisher\":{\"@id\":\"https:\/\/new.bjc.ro\/#organization\"},\"alternateName\":\"Biblioteca Jude\u021bean\u0103 Cluj\",\"potentialAction\":[{\"@type\":\"SearchAction\",\"target\":{\"@type\":\"EntryPoint\",\"urlTemplate\":\"https:\/\/new.bjc.ro\/?s={search_term_string}\"},\"query-input\":{\"@type\":\"PropertyValueSpecification\",\"valueRequired\":true,\"valueName\":\"search_term_string\"}}],\"inLanguage\":\"ro-RO\"},{\"@type\":\"Organization\",\"@id\":\"https:\/\/new.bjc.ro\/#organization\",\"name\":\"Biblioteca Jude\u021bean\u0103 \u201eOctavian Goga\u201d Cluj\",\"url\":\"https:\/\/new.bjc.ro\/\",\"logo\":{\"@type\":\"ImageObject\",\"inLanguage\":\"ro-RO\",\"@id\":\"https:\/\/new.bjc.ro\/#\/schema\/logo\/image\/\",\"url\":\"https:\/\/new.bjc.ro\/wp-content\/uploads\/2023\/03\/sigle.jpg\",\"contentUrl\":\"https:\/\/new.bjc.ro\/wp-content\/uploads\/2023\/03\/sigle.jpg\",\"width\":630,\"height\":473,\"caption\":\"Biblioteca Jude\u021bean\u0103 \u201eOctavian Goga\u201d Cluj\"},\"image\":{\"@id\":\"https:\/\/new.bjc.ro\/#\/schema\/logo\/image\/\"},\"sameAs\":[\"https:\/\/www.facebook.com\/bibliotecacluj\/\",\"https:\/\/x.com\/BibliotecaGoga\",\"https:\/\/www.instagram.com\/biblioteca_judeteana_cluj\/\",\"https:\/\/www.youtube.com\/user\/BibliotecaGoga\"]}]}<\/script>\n<!-- \/ Yoast SEO plugin. -->","yoast_head_json":{"title":"Club de \u00eenv\u0103\u021bare a limbii portugheze pentru adul\u021bi Falamos portugu\u00eas (Vorbim portughez\u0103) - Biblioteca Jude\u021bean\u0103 \u201eOctavian Goga\u201d Cluj","robots":{"index":"index","follow":"follow","max-snippet":"max-snippet:-1","max-image-preview":"max-image-preview:large","max-video-preview":"max-video-preview:-1"},"canonical":"https:\/\/new.bjc.ro\/?tribe_events=club-de-invatare-a-limbii-portugheze-pentru-adulti-falamos-portugues-vorbim-portugheza","og_locale":"ro_RO","og_type":"article","og_title":"Club de \u00eenv\u0103\u021bare a limbii portugheze pentru adul\u021bi Falamos portugu\u00eas (Vorbim portughez\u0103) - Biblioteca Jude\u021bean\u0103 \u201eOctavian Goga\u201d Cluj","og_description":"tughezaSec\u021bia de \u00eemprumut pentru adul\u021bi \u0219i art\u0103 a Bibliotecii Jude\u021bene \u201eOctavian Goga\u201d Cluj v\u0103 invit\u0103 la \u00eent\u00e2lnirile s\u0103pt\u0103m\u00e2nale ale Clubului de \u00eenv\u0103\u021bare a limbii portugheze pentru adul\u021bi Falamos portugu\u00eas (Vorbim portughez\u0103). Programul se adreseaz\u0103 adul\u021bilor de toate v\u00e2rstele din jude\u021bul Cluj, utilizatori ai bibliotecii, care doresc s\u0103 beneficieze de efectele&hellip; Cite\u0219te mai mult","og_url":"https:\/\/new.bjc.ro\/?tribe_events=club-de-invatare-a-limbii-portugheze-pentru-adulti-falamos-portugues-vorbim-portugheza","og_site_name":"Biblioteca Jude\u021bean\u0103 \u201eOctavian Goga\u201d Cluj","article_publisher":"https:\/\/www.facebook.com\/bibliotecacluj\/","article_modified_time":"2026-03-05T11:00:31+00:00","og_image":[{"width":711,"height":400,"url":"https:\/\/new.bjc.ro\/wp-content\/uploads\/2026\/03\/afis-Club-de-invatare-Limba-portugheza_web160326.jpg","type":"image\/jpeg"}],"twitter_card":"summary_large_image","twitter_site":"@BibliotecaGoga","twitter_misc":{"Timp estimat pentru citire":"2 minute"},"schema":{"@context":"https:\/\/schema.org","@graph":[{"@type":"WebPage","@id":"https:\/\/new.bjc.ro\/?tribe_events=club-de-invatare-a-limbii-portugheze-pentru-adulti-falamos-portugues-vorbim-portugheza","url":"https:\/\/new.bjc.ro\/?tribe_events=club-de-invatare-a-limbii-portugheze-pentru-adulti-falamos-portugues-vorbim-portugheza","name":"Club de \u00eenv\u0103\u021bare a limbii portugheze pentru adul\u021bi Falamos portugu\u00eas (Vorbim portughez\u0103) - Biblioteca Jude\u021bean\u0103 \u201eOctavian Goga\u201d Cluj","isPartOf":{"@id":"https:\/\/new.bjc.ro\/#website"},"primaryImageOfPage":{"@id":"https:\/\/new.bjc.ro\/?tribe_events=club-de-invatare-a-limbii-portugheze-pentru-adulti-falamos-portugues-vorbim-portugheza#primaryimage"},"image":{"@id":"https:\/\/new.bjc.ro\/?tribe_events=club-de-invatare-a-limbii-portugheze-pentru-adulti-falamos-portugues-vorbim-portugheza#primaryimage"},"thumbnailUrl":"https:\/\/new.bjc.ro\/wp-content\/uploads\/2026\/03\/afis-Club-de-invatare-Limba-portugheza_web160326.jpg","datePublished":"2026-03-05T10:59:29+00:00","dateModified":"2026-03-05T11:00:31+00:00","breadcrumb":{"@id":"https:\/\/new.bjc.ro\/?tribe_events=club-de-invatare-a-limbii-portugheze-pentru-adulti-falamos-portugues-vorbim-portugheza#breadcrumb"},"inLanguage":"ro-RO","potentialAction":[{"@type":"ReadAction","target":["https:\/\/new.bjc.ro\/?tribe_events=club-de-invatare-a-limbii-portugheze-pentru-adulti-falamos-portugues-vorbim-portugheza"]}]},{"@type":"ImageObject","inLanguage":"ro-RO","@id":"https:\/\/new.bjc.ro\/?tribe_events=club-de-invatare-a-limbii-portugheze-pentru-adulti-falamos-portugues-vorbim-portugheza#primaryimage","url":"https:\/\/new.bjc.ro\/wp-content\/uploads\/2026\/03\/afis-Club-de-invatare-Limba-portugheza_web160326.jpg","contentUrl":"https:\/\/new.bjc.ro\/wp-content\/uploads\/2026\/03\/afis-Club-de-invatare-Limba-portugheza_web160326.jpg","width":711,"height":400},{"@type":"BreadcrumbList","@id":"https:\/\/new.bjc.ro\/?tribe_events=club-de-invatare-a-limbii-portugheze-pentru-adulti-falamos-portugues-vorbim-portugheza#breadcrumb","itemListElement":[{"@type":"ListItem","position":1,"name":"Home","item":"https:\/\/new.bjc.ro\/"},{"@type":"ListItem","position":2,"name":"Evenimente","item":"https:\/\/new.bjc.ro\/?post_type=tribe_events"},{"@type":"ListItem","position":3,"name":"Club de \u00eenv\u0103\u021bare a limbii portugheze pentru adul\u021bi Falamos portugu\u00eas (Vorbim portughez\u0103)"}]},{"@type":"WebSite","@id":"https:\/\/new.bjc.ro\/#website","url":"https:\/\/new.bjc.ro\/","name":"Biblioteca Jude\u021bean\u0103 \u201eOctavian Goga\u201d Cluj","description":"","publisher":{"@id":"https:\/\/new.bjc.ro\/#organization"},"alternateName":"Biblioteca Jude\u021bean\u0103 Cluj","potentialAction":[{"@type":"SearchAction","target":{"@type":"EntryPoint","urlTemplate":"https:\/\/new.bjc.ro\/?s={search_term_string}"},"query-input":{"@type":"PropertyValueSpecification","valueRequired":true,"valueName":"search_term_string"}}],"inLanguage":"ro-RO"},{"@type":"Organization","@id":"https:\/\/new.bjc.ro\/#organization","name":"Biblioteca Jude\u021bean\u0103 \u201eOctavian Goga\u201d Cluj","url":"https:\/\/new.bjc.ro\/","logo":{"@type":"ImageObject","inLanguage":"ro-RO","@id":"https:\/\/new.bjc.ro\/#\/schema\/logo\/image\/","url":"https:\/\/new.bjc.ro\/wp-content\/uploads\/2023\/03\/sigle.jpg","contentUrl":"https:\/\/new.bjc.ro\/wp-content\/uploads\/2023\/03\/sigle.jpg","width":630,"height":473,"caption":"Biblioteca Jude\u021bean\u0103 \u201eOctavian Goga\u201d Cluj"},"image":{"@id":"https:\/\/new.bjc.ro\/#\/schema\/logo\/image\/"},"sameAs":["https:\/\/www.facebook.com\/bibliotecacluj\/","https:\/\/x.com\/BibliotecaGoga","https:\/\/www.instagram.com\/biblioteca_judeteana_cluj\/","https:\/\/www.youtube.com\/user\/BibliotecaGoga"]}]}},"_links":{"self":[{"href":"https:\/\/new.bjc.ro\/index.php?rest_route=\/wp\/v2\/tribe_events\/11872","targetHints":{"allow":["GET"]}}],"collection":[{"href":"https:\/\/new.bjc.ro\/index.php?rest_route=\/wp\/v2\/tribe_events"}],"about":[{"href":"https:\/\/new.bjc.ro\/index.php?rest_route=\/wp\/v2\/types\/tribe_events"}],"author":[{"embeddable":true,"href":"https:\/\/new.bjc.ro\/index.php?rest_route=\/wp\/v2\/users\/1"}],"version-history":[{"count":2,"href":"https:\/\/new.bjc.ro\/index.php?rest_route=\/wp\/v2\/tribe_events\/11872\/revisions"}],"predecessor-version":[{"id":11875,"href":"https:\/\/new.bjc.ro\/index.php?rest_route=\/wp\/v2\/tribe_events\/11872\/revisions\/11875"}],"wp:featuredmedia":[{"embeddable":true,"href":"https:\/\/new.bjc.ro\/index.php?rest_route=\/wp\/v2\/media\/11873"}],"wp:attachment":[{"href":"https:\/\/new.bjc.ro\/index.php?rest_route=%2Fwp%2Fv2%2Fmedia&parent=11872"}],"wp:term":[{"taxonomy":"post_tag","embeddable":true,"href":"https:\/\/new.bjc.ro\/index.php?rest_route=%2Fwp%2Fv2%2Ftags&post=11872"},{"taxonomy":"tribe_events_cat","embeddable":true,"href":"https:\/\/new.bjc.ro\/index.php?rest_route=%2Fwp%2Fv2%2Ftribe_events_cat&post=11872"}],"curies":[{"name":"wp","href":"https:\/\/api.w.org\/{rel}","templated":true}]}}