{"id":11888,"date":"2026-03-06T11:37:44","date_gmt":"2026-03-06T09:37:44","guid":{"rendered":"https:\/\/new.bjc.ro\/?post_type=tribe_events&#038;p=11888"},"modified":"2026-03-06T11:37:44","modified_gmt":"2026-03-06T09:37:44","slug":"campania-impreuna-in-romania-digitala","status":"publish","type":"tribe_events","link":"https:\/\/new.bjc.ro\/?tribe_events=campania-impreuna-in-romania-digitala","title":{"rendered":"Campania \u201e\u00cempreun\u0103 \u00een Rom\u00e2nia digital\u0103\u201d"},"content":{"rendered":"<p>Biblioteca Jude\u021bean\u0103 \u201eOctavian Goga\u201d Cluj se al\u0103tur\u0103, \u0219i \u00een acest an, ini\u021biativei europene de promovare a competen\u021belor digitale organizate \u00een cadrul ALL DIGITAL Weeks prin <strong>Campania<\/strong> <strong>\u201e\u00cempreun\u0103 \u00een Rom\u00e2nia digital\u0103\u201d<\/strong>, coordonat\u0103 de Funda\u021bia EOS pentru Educa\u021bie Digital\u0103 \u00een parteneriat cu Certipro Education \u0219i derulat\u0103 \u00een perioada 9-25 martie 2026.<\/p>\n<p>Activit\u0103\u021bile organizate \u00een cadrul campaniei sunt menite s\u0103 promoveze importan\u021ba educa\u021biei \u0219i incluziunii digitale \u00een Rom\u00e2nia, s\u0103 reduc\u0103 gradul de divizare \u0219i inegalitate social\u0103 \u0219i s\u0103 creasc\u0103 calitatea vie\u021bii. Temele abordate vizeaz\u0103: bunele maniere online, siguran\u021ba online \u0219i recunoa\u0219terea \u0219tirilor false, oportunit\u0103\u021bile de \u00eenv\u0103\u021bare online, folosirea serviciilor online \u0219i a aplica\u021biilor mobile, robotica, programarea \u0219i imprimarea 3D.<\/p>\n<p>Programul complet al activit\u0103\u021bilor poate fi consultat <a href=\"https:\/\/new.bjc.ro\/wp-content\/uploads\/2026\/03\/program-Impreuna-in-Romania-digitala-2026.pdf\">aici<\/a>.<\/p>\n","protected":false},"excerpt":{"rendered":"<p>Biblioteca Jude\u021bean\u0103 \u201eOctavian Goga\u201d Cluj se al\u0103tur\u0103, \u0219i \u00een acest an, ini\u021biativei europene de promovare a competen\u021belor digitale organizate \u00een cadrul ALL DIGITAL Weeks prin Campania \u201e\u00cempreun\u0103 \u00een Rom\u00e2nia digital\u0103\u201d, coordonat\u0103 de Funda\u021bia EOS pentru Educa\u021bie Digital\u0103 \u00een parteneriat cu Certipro Education \u0219i derulat\u0103 \u00een perioada 9-25 martie 2026. Activit\u0103\u021bile&hellip; <br \/> <a class=\"read-more\" href=\"https:\/\/new.bjc.ro\/?tribe_events=campania-impreuna-in-romania-digitala\">Cite\u0219te mai mult<\/a><\/p>\n","protected":false},"author":1,"featured_media":11889,"template":"","meta":{"_monsterinsights_skip_tracking":false,"_monsterinsights_sitenote_active":false,"_monsterinsights_sitenote_note":"","_monsterinsights_sitenote_category":0,"_EventAllDay":false,"_EventTimezone":"Europe\/Bucharest","_EventStartDate":"2026-03-09 08:00:00","_EventEndDate":"2026-03-25 20:00:00","_EventStartDateUTC":"2026-03-09 06:00:00","_EventEndDateUTC":"2026-03-25 18:00:00","_EventShowMap":true,"_EventShowMapLink":true,"_EventURL":"","_EventCost":"","_EventCostDescription":"","_EventCurrencySymbol":"$","_EventCurrencyCode":"USD","_EventCurrencyPosition":"prefix","_EventDateTimeSeparator":"","_EventTimeRangeSeparator":"","_EventOrganizerID":[2810],"_EventVenueID":[3721],"_OrganizerEmail":"","_OrganizerPhone":"","_OrganizerWebsite":"","_VenueAddress":"","_VenueCity":"","_VenueCountry":"","_VenueProvince":"","_VenueState":"","_VenueZip":"","_VenuePhone":"","_VenueURL":"","_VenueStateProvince":"","_VenueLat":"","_VenueLng":"","_VenueShowMap":false,"_VenueShowMapLink":false,"_tribe_events_status":"","_tribe_events_status_reason":"","footnotes":""},"tags":[116],"tribe_events_cat":[28],"class_list":["post-11888","tribe_events","type-tribe_events","status-publish","has-post-thumbnail","hentry","tag-all-digital-weeks","tribe_events_cat-evenimente","cat_evenimente"],"yoast_head":"<!-- This site is optimized with the Yoast SEO plugin v24.6 - https:\/\/yoast.com\/wordpress\/plugins\/seo\/ -->\n<title>Campania \u201e\u00cempreun\u0103 \u00een Rom\u00e2nia digital\u0103\u201d - Biblioteca Jude\u021bean\u0103 \u201eOctavian Goga\u201d Cluj<\/title>\n<meta name=\"robots\" content=\"index, follow, max-snippet:-1, max-image-preview:large, max-video-preview:-1\" \/>\n<link rel=\"canonical\" href=\"https:\/\/new.bjc.ro\/?tribe_events=campania-impreuna-in-romania-digitala\" \/>\n<meta property=\"og:locale\" content=\"ro_RO\" \/>\n<meta property=\"og:type\" content=\"article\" \/>\n<meta property=\"og:title\" content=\"Campania \u201e\u00cempreun\u0103 \u00een Rom\u00e2nia digital\u0103\u201d - Biblioteca Jude\u021bean\u0103 \u201eOctavian Goga\u201d Cluj\" \/>\n<meta property=\"og:description\" content=\"Biblioteca Jude\u021bean\u0103 \u201eOctavian Goga\u201d Cluj se al\u0103tur\u0103, \u0219i \u00een acest an, ini\u021biativei europene de promovare a competen\u021belor digitale organizate \u00een cadrul ALL DIGITAL Weeks prin Campania \u201e\u00cempreun\u0103 \u00een Rom\u00e2nia digital\u0103\u201d, coordonat\u0103 de Funda\u021bia EOS pentru Educa\u021bie Digital\u0103 \u00een parteneriat cu Certipro Education \u0219i derulat\u0103 \u00een perioada 9-25 martie 2026. Activit\u0103\u021bile&hellip; Cite\u0219te mai mult\" \/>\n<meta property=\"og:url\" content=\"https:\/\/new.bjc.ro\/?tribe_events=campania-impreuna-in-romania-digitala\" \/>\n<meta property=\"og:site_name\" content=\"Biblioteca Jude\u021bean\u0103 \u201eOctavian Goga\u201d Cluj\" \/>\n<meta property=\"article:publisher\" content=\"https:\/\/www.facebook.com\/bibliotecacluj\/\" \/>\n<meta property=\"og:image\" content=\"https:\/\/new.bjc.ro\/wp-content\/uploads\/2026\/03\/afis-Impreuna-in-Romania-digitala-2026.jpg\" \/>\n\t<meta property=\"og:image:width\" content=\"400\" \/>\n\t<meta property=\"og:image:height\" content=\"566\" \/>\n\t<meta property=\"og:image:type\" content=\"image\/jpeg\" \/>\n<meta name=\"twitter:card\" content=\"summary_large_image\" \/>\n<meta name=\"twitter:site\" content=\"@BibliotecaGoga\" \/>\n<meta name=\"twitter:label1\" content=\"Timp estimat pentru citire\" \/>\n\t<meta name=\"twitter:data1\" content=\"1 minut\" \/>\n<script type=\"application\/ld+json\" class=\"yoast-schema-graph\">{\"@context\":\"https:\/\/schema.org\",\"@graph\":[{\"@type\":\"WebPage\",\"@id\":\"https:\/\/new.bjc.ro\/?tribe_events=campania-impreuna-in-romania-digitala\",\"url\":\"https:\/\/new.bjc.ro\/?tribe_events=campania-impreuna-in-romania-digitala\",\"name\":\"Campania \u201e\u00cempreun\u0103 \u00een Rom\u00e2nia digital\u0103\u201d - Biblioteca Jude\u021bean\u0103 \u201eOctavian Goga\u201d Cluj\",\"isPartOf\":{\"@id\":\"https:\/\/new.bjc.ro\/#website\"},\"primaryImageOfPage\":{\"@id\":\"https:\/\/new.bjc.ro\/?tribe_events=campania-impreuna-in-romania-digitala#primaryimage\"},\"image\":{\"@id\":\"https:\/\/new.bjc.ro\/?tribe_events=campania-impreuna-in-romania-digitala#primaryimage\"},\"thumbnailUrl\":\"https:\/\/new.bjc.ro\/wp-content\/uploads\/2026\/03\/afis-Impreuna-in-Romania-digitala-2026.jpg\",\"datePublished\":\"2026-03-06T09:37:44+00:00\",\"breadcrumb\":{\"@id\":\"https:\/\/new.bjc.ro\/?tribe_events=campania-impreuna-in-romania-digitala#breadcrumb\"},\"inLanguage\":\"ro-RO\",\"potentialAction\":[{\"@type\":\"ReadAction\",\"target\":[\"https:\/\/new.bjc.ro\/?tribe_events=campania-impreuna-in-romania-digitala\"]}]},{\"@type\":\"ImageObject\",\"inLanguage\":\"ro-RO\",\"@id\":\"https:\/\/new.bjc.ro\/?tribe_events=campania-impreuna-in-romania-digitala#primaryimage\",\"url\":\"https:\/\/new.bjc.ro\/wp-content\/uploads\/2026\/03\/afis-Impreuna-in-Romania-digitala-2026.jpg\",\"contentUrl\":\"https:\/\/new.bjc.ro\/wp-content\/uploads\/2026\/03\/afis-Impreuna-in-Romania-digitala-2026.jpg\",\"width\":400,\"height\":566},{\"@type\":\"BreadcrumbList\",\"@id\":\"https:\/\/new.bjc.ro\/?tribe_events=campania-impreuna-in-romania-digitala#breadcrumb\",\"itemListElement\":[{\"@type\":\"ListItem\",\"position\":1,\"name\":\"Home\",\"item\":\"https:\/\/new.bjc.ro\/\"},{\"@type\":\"ListItem\",\"position\":2,\"name\":\"Evenimente\",\"item\":\"https:\/\/new.bjc.ro\/?post_type=tribe_events\"},{\"@type\":\"ListItem\",\"position\":3,\"name\":\"Campania \u201e\u00cempreun\u0103 \u00een Rom\u00e2nia digital\u0103\u201d\"}]},{\"@type\":\"WebSite\",\"@id\":\"https:\/\/new.bjc.ro\/#website\",\"url\":\"https:\/\/new.bjc.ro\/\",\"name\":\"Biblioteca Jude\u021bean\u0103 \u201eOctavian Goga\u201d Cluj\",\"description\":\"\",\"publisher\":{\"@id\":\"https:\/\/new.bjc.ro\/#organization\"},\"alternateName\":\"Biblioteca Jude\u021bean\u0103 Cluj\",\"potentialAction\":[{\"@type\":\"SearchAction\",\"target\":{\"@type\":\"EntryPoint\",\"urlTemplate\":\"https:\/\/new.bjc.ro\/?s={search_term_string}\"},\"query-input\":{\"@type\":\"PropertyValueSpecification\",\"valueRequired\":true,\"valueName\":\"search_term_string\"}}],\"inLanguage\":\"ro-RO\"},{\"@type\":\"Organization\",\"@id\":\"https:\/\/new.bjc.ro\/#organization\",\"name\":\"Biblioteca Jude\u021bean\u0103 \u201eOctavian Goga\u201d Cluj\",\"url\":\"https:\/\/new.bjc.ro\/\",\"logo\":{\"@type\":\"ImageObject\",\"inLanguage\":\"ro-RO\",\"@id\":\"https:\/\/new.bjc.ro\/#\/schema\/logo\/image\/\",\"url\":\"https:\/\/new.bjc.ro\/wp-content\/uploads\/2023\/03\/sigle.jpg\",\"contentUrl\":\"https:\/\/new.bjc.ro\/wp-content\/uploads\/2023\/03\/sigle.jpg\",\"width\":630,\"height\":473,\"caption\":\"Biblioteca Jude\u021bean\u0103 \u201eOctavian Goga\u201d Cluj\"},\"image\":{\"@id\":\"https:\/\/new.bjc.ro\/#\/schema\/logo\/image\/\"},\"sameAs\":[\"https:\/\/www.facebook.com\/bibliotecacluj\/\",\"https:\/\/x.com\/BibliotecaGoga\",\"https:\/\/www.instagram.com\/biblioteca_judeteana_cluj\/\",\"https:\/\/www.youtube.com\/user\/BibliotecaGoga\"]}]}<\/script>\n<!-- \/ Yoast SEO plugin. -->","yoast_head_json":{"title":"Campania \u201e\u00cempreun\u0103 \u00een Rom\u00e2nia digital\u0103\u201d - Biblioteca Jude\u021bean\u0103 \u201eOctavian Goga\u201d Cluj","robots":{"index":"index","follow":"follow","max-snippet":"max-snippet:-1","max-image-preview":"max-image-preview:large","max-video-preview":"max-video-preview:-1"},"canonical":"https:\/\/new.bjc.ro\/?tribe_events=campania-impreuna-in-romania-digitala","og_locale":"ro_RO","og_type":"article","og_title":"Campania \u201e\u00cempreun\u0103 \u00een Rom\u00e2nia digital\u0103\u201d - Biblioteca Jude\u021bean\u0103 \u201eOctavian Goga\u201d Cluj","og_description":"Biblioteca Jude\u021bean\u0103 \u201eOctavian Goga\u201d Cluj se al\u0103tur\u0103, \u0219i \u00een acest an, ini\u021biativei europene de promovare a competen\u021belor digitale organizate \u00een cadrul ALL DIGITAL Weeks prin Campania \u201e\u00cempreun\u0103 \u00een Rom\u00e2nia digital\u0103\u201d, coordonat\u0103 de Funda\u021bia EOS pentru Educa\u021bie Digital\u0103 \u00een parteneriat cu Certipro Education \u0219i derulat\u0103 \u00een perioada 9-25 martie 2026. Activit\u0103\u021bile&hellip; Cite\u0219te mai mult","og_url":"https:\/\/new.bjc.ro\/?tribe_events=campania-impreuna-in-romania-digitala","og_site_name":"Biblioteca Jude\u021bean\u0103 \u201eOctavian Goga\u201d Cluj","article_publisher":"https:\/\/www.facebook.com\/bibliotecacluj\/","og_image":[{"width":400,"height":566,"url":"https:\/\/new.bjc.ro\/wp-content\/uploads\/2026\/03\/afis-Impreuna-in-Romania-digitala-2026.jpg","type":"image\/jpeg"}],"twitter_card":"summary_large_image","twitter_site":"@BibliotecaGoga","twitter_misc":{"Timp estimat pentru citire":"1 minut"},"schema":{"@context":"https:\/\/schema.org","@graph":[{"@type":"WebPage","@id":"https:\/\/new.bjc.ro\/?tribe_events=campania-impreuna-in-romania-digitala","url":"https:\/\/new.bjc.ro\/?tribe_events=campania-impreuna-in-romania-digitala","name":"Campania \u201e\u00cempreun\u0103 \u00een Rom\u00e2nia digital\u0103\u201d - Biblioteca Jude\u021bean\u0103 \u201eOctavian Goga\u201d Cluj","isPartOf":{"@id":"https:\/\/new.bjc.ro\/#website"},"primaryImageOfPage":{"@id":"https:\/\/new.bjc.ro\/?tribe_events=campania-impreuna-in-romania-digitala#primaryimage"},"image":{"@id":"https:\/\/new.bjc.ro\/?tribe_events=campania-impreuna-in-romania-digitala#primaryimage"},"thumbnailUrl":"https:\/\/new.bjc.ro\/wp-content\/uploads\/2026\/03\/afis-Impreuna-in-Romania-digitala-2026.jpg","datePublished":"2026-03-06T09:37:44+00:00","breadcrumb":{"@id":"https:\/\/new.bjc.ro\/?tribe_events=campania-impreuna-in-romania-digitala#breadcrumb"},"inLanguage":"ro-RO","potentialAction":[{"@type":"ReadAction","target":["https:\/\/new.bjc.ro\/?tribe_events=campania-impreuna-in-romania-digitala"]}]},{"@type":"ImageObject","inLanguage":"ro-RO","@id":"https:\/\/new.bjc.ro\/?tribe_events=campania-impreuna-in-romania-digitala#primaryimage","url":"https:\/\/new.bjc.ro\/wp-content\/uploads\/2026\/03\/afis-Impreuna-in-Romania-digitala-2026.jpg","contentUrl":"https:\/\/new.bjc.ro\/wp-content\/uploads\/2026\/03\/afis-Impreuna-in-Romania-digitala-2026.jpg","width":400,"height":566},{"@type":"BreadcrumbList","@id":"https:\/\/new.bjc.ro\/?tribe_events=campania-impreuna-in-romania-digitala#breadcrumb","itemListElement":[{"@type":"ListItem","position":1,"name":"Home","item":"https:\/\/new.bjc.ro\/"},{"@type":"ListItem","position":2,"name":"Evenimente","item":"https:\/\/new.bjc.ro\/?post_type=tribe_events"},{"@type":"ListItem","position":3,"name":"Campania \u201e\u00cempreun\u0103 \u00een Rom\u00e2nia digital\u0103\u201d"}]},{"@type":"WebSite","@id":"https:\/\/new.bjc.ro\/#website","url":"https:\/\/new.bjc.ro\/","name":"Biblioteca Jude\u021bean\u0103 \u201eOctavian Goga\u201d Cluj","description":"","publisher":{"@id":"https:\/\/new.bjc.ro\/#organization"},"alternateName":"Biblioteca Jude\u021bean\u0103 Cluj","potentialAction":[{"@type":"SearchAction","target":{"@type":"EntryPoint","urlTemplate":"https:\/\/new.bjc.ro\/?s={search_term_string}"},"query-input":{"@type":"PropertyValueSpecification","valueRequired":true,"valueName":"search_term_string"}}],"inLanguage":"ro-RO"},{"@type":"Organization","@id":"https:\/\/new.bjc.ro\/#organization","name":"Biblioteca Jude\u021bean\u0103 \u201eOctavian Goga\u201d Cluj","url":"https:\/\/new.bjc.ro\/","logo":{"@type":"ImageObject","inLanguage":"ro-RO","@id":"https:\/\/new.bjc.ro\/#\/schema\/logo\/image\/","url":"https:\/\/new.bjc.ro\/wp-content\/uploads\/2023\/03\/sigle.jpg","contentUrl":"https:\/\/new.bjc.ro\/wp-content\/uploads\/2023\/03\/sigle.jpg","width":630,"height":473,"caption":"Biblioteca Jude\u021bean\u0103 \u201eOctavian Goga\u201d Cluj"},"image":{"@id":"https:\/\/new.bjc.ro\/#\/schema\/logo\/image\/"},"sameAs":["https:\/\/www.facebook.com\/bibliotecacluj\/","https:\/\/x.com\/BibliotecaGoga","https:\/\/www.instagram.com\/biblioteca_judeteana_cluj\/","https:\/\/www.youtube.com\/user\/BibliotecaGoga"]}]}},"_links":{"self":[{"href":"https:\/\/new.bjc.ro\/index.php?rest_route=\/wp\/v2\/tribe_events\/11888","targetHints":{"allow":["GET"]}}],"collection":[{"href":"https:\/\/new.bjc.ro\/index.php?rest_route=\/wp\/v2\/tribe_events"}],"about":[{"href":"https:\/\/new.bjc.ro\/index.php?rest_route=\/wp\/v2\/types\/tribe_events"}],"author":[{"embeddable":true,"href":"https:\/\/new.bjc.ro\/index.php?rest_route=\/wp\/v2\/users\/1"}],"version-history":[{"count":1,"href":"https:\/\/new.bjc.ro\/index.php?rest_route=\/wp\/v2\/tribe_events\/11888\/revisions"}],"predecessor-version":[{"id":11890,"href":"https:\/\/new.bjc.ro\/index.php?rest_route=\/wp\/v2\/tribe_events\/11888\/revisions\/11890"}],"wp:featuredmedia":[{"embeddable":true,"href":"https:\/\/new.bjc.ro\/index.php?rest_route=\/wp\/v2\/media\/11889"}],"wp:attachment":[{"href":"https:\/\/new.bjc.ro\/index.php?rest_route=%2Fwp%2Fv2%2Fmedia&parent=11888"}],"wp:term":[{"taxonomy":"post_tag","embeddable":true,"href":"https:\/\/new.bjc.ro\/index.php?rest_route=%2Fwp%2Fv2%2Ftags&post=11888"},{"taxonomy":"tribe_events_cat","embeddable":true,"href":"https:\/\/new.bjc.ro\/index.php?rest_route=%2Fwp%2Fv2%2Ftribe_events_cat&post=11888"}],"curies":[{"name":"wp","href":"https:\/\/api.w.org\/{rel}","templated":true}]}}