{"id":11903,"date":"2026-03-09T14:03:58","date_gmt":"2026-03-09T12:03:58","guid":{"rendered":"https:\/\/new.bjc.ro\/?post_type=tribe_events&#038;p=11903"},"modified":"2026-03-09T14:03:58","modified_gmt":"2026-03-09T12:03:58","slug":"cobzarul-in-biblioteca-vocea-lui-taras-sevcenko-peste-secole","status":"publish","type":"tribe_events","link":"https:\/\/new.bjc.ro\/?tribe_events=cobzarul-in-biblioteca-vocea-lui-taras-sevcenko-peste-secole","title":{"rendered":"Cobzarul \u00een bibliotec\u0103 \u2013 vocea lui Taras \u0218evcenko peste secole"},"content":{"rendered":"<p>Biblioteca Jude\u021bean\u0103 \u201eOctavian Goga\u201d Cluj organizeaz\u0103 vineri, 20 martie 2026, de la ora 14:00, la Sala multicultural\u0103 (etajul 3 vest), evenimentul cultural \u201eCobzarul \u00een bibliotec\u0103 \u2013 vocea lui Taras \u0218evcenko peste secole\u201d.<\/p>\n<p>Manifestarea \u00ee\u0219i propune s\u0103 aduc\u0103 \u00een aten\u021bia publicului personalitatea \u0219i opera lui Taras \u0218evcenko, una dintre cele mai importante figuri ale culturii ucrainene. Poet, artist \u0219i g\u00e2nditor, \u0218evcenko a devenit un simbol al libert\u0103\u021bii, al identit\u0103\u021bii na\u021bionale \u0219i al rezisten\u021bei culturale, iar crea\u021bia sa continu\u0103 s\u0103 inspire genera\u021bii.<\/p>\n<p>Evenimentul va oferi participan\u021bilor prilejul de a descoperi universul literar \u0219i spiritual al autorului prin prezent\u0103ri, lecturi, muzic\u0103 \u00a0\u0219i momente dedicate tradi\u021biei culturale ucrainene. Activitatea face parte din proiectul LiBri \u0219i promoveaz\u0103 dialogul intercultural \u0219i aducerea \u00een prim-plan valori literare universale.<\/p>\n","protected":false},"excerpt":{"rendered":"<p>Biblioteca Jude\u021bean\u0103 \u201eOctavian Goga\u201d Cluj organizeaz\u0103 vineri, 20 martie 2026, de la ora 14:00, la Sala multicultural\u0103 (etajul 3 vest), evenimentul cultural \u201eCobzarul \u00een bibliotec\u0103 \u2013 vocea lui Taras \u0218evcenko peste secole\u201d. Manifestarea \u00ee\u0219i propune s\u0103 aduc\u0103 \u00een aten\u021bia publicului personalitatea \u0219i opera lui Taras \u0218evcenko, una dintre cele mai&hellip; <br \/> <a class=\"read-more\" href=\"https:\/\/new.bjc.ro\/?tribe_events=cobzarul-in-biblioteca-vocea-lui-taras-sevcenko-peste-secole\">Cite\u0219te mai mult<\/a><\/p>\n","protected":false},"author":1,"featured_media":11904,"template":"","meta":{"_monsterinsights_skip_tracking":false,"_monsterinsights_sitenote_active":false,"_monsterinsights_sitenote_note":"","_monsterinsights_sitenote_category":0,"_EventAllDay":false,"_EventTimezone":"Europe\/Bucharest","_EventStartDate":"2026-03-20 14:00:00","_EventEndDate":"2026-03-20 17:00:00","_EventStartDateUTC":"2026-03-20 12:00:00","_EventEndDateUTC":"2026-03-20 15:00:00","_EventShowMap":true,"_EventShowMapLink":true,"_EventURL":"","_EventCost":"","_EventCostDescription":"","_EventCurrencySymbol":"$","_EventCurrencyCode":"USD","_EventCurrencyPosition":"prefix","_EventDateTimeSeparator":"","_EventTimeRangeSeparator":"","_EventOrganizerID":[2810],"_EventVenueID":[8131],"_OrganizerEmail":"","_OrganizerPhone":"","_OrganizerWebsite":"","_VenueAddress":"","_VenueCity":"","_VenueCountry":"","_VenueProvince":"","_VenueState":"","_VenueZip":"","_VenuePhone":"","_VenueURL":"","_VenueStateProvince":"","_VenueLat":"","_VenueLng":"","_VenueShowMap":false,"_VenueShowMapLink":false,"_tribe_events_status":"","_tribe_events_status_reason":"","footnotes":""},"tags":[],"tribe_events_cat":[28],"class_list":["post-11903","tribe_events","type-tribe_events","status-publish","has-post-thumbnail","hentry","tribe_events_cat-evenimente","cat_evenimente"],"yoast_head":"<!-- This site is optimized with the Yoast SEO plugin v24.6 - https:\/\/yoast.com\/wordpress\/plugins\/seo\/ -->\n<title>Cobzarul \u00een bibliotec\u0103 \u2013 vocea lui Taras \u0218evcenko peste secole - Biblioteca Jude\u021bean\u0103 \u201eOctavian Goga\u201d Cluj<\/title>\n<meta name=\"robots\" content=\"index, follow, max-snippet:-1, max-image-preview:large, max-video-preview:-1\" \/>\n<link rel=\"canonical\" href=\"https:\/\/new.bjc.ro\/?tribe_events=cobzarul-in-biblioteca-vocea-lui-taras-sevcenko-peste-secole\" \/>\n<meta property=\"og:locale\" content=\"ro_RO\" \/>\n<meta property=\"og:type\" content=\"article\" \/>\n<meta property=\"og:title\" content=\"Cobzarul \u00een bibliotec\u0103 \u2013 vocea lui Taras \u0218evcenko peste secole - Biblioteca Jude\u021bean\u0103 \u201eOctavian Goga\u201d Cluj\" \/>\n<meta property=\"og:description\" content=\"Biblioteca Jude\u021bean\u0103 \u201eOctavian Goga\u201d Cluj organizeaz\u0103 vineri, 20 martie 2026, de la ora 14:00, la Sala multicultural\u0103 (etajul 3 vest), evenimentul cultural \u201eCobzarul \u00een bibliotec\u0103 \u2013 vocea lui Taras \u0218evcenko peste secole\u201d. Manifestarea \u00ee\u0219i propune s\u0103 aduc\u0103 \u00een aten\u021bia publicului personalitatea \u0219i opera lui Taras \u0218evcenko, una dintre cele mai&hellip; Cite\u0219te mai mult\" \/>\n<meta property=\"og:url\" content=\"https:\/\/new.bjc.ro\/?tribe_events=cobzarul-in-biblioteca-vocea-lui-taras-sevcenko-peste-secole\" \/>\n<meta property=\"og:site_name\" content=\"Biblioteca Jude\u021bean\u0103 \u201eOctavian Goga\u201d Cluj\" \/>\n<meta property=\"article:publisher\" content=\"https:\/\/www.facebook.com\/bibliotecacluj\/\" \/>\n<meta property=\"og:image\" content=\"https:\/\/new.bjc.ro\/wp-content\/uploads\/2026\/03\/Cobzarul-in-biblioteca.jpg\" \/>\n\t<meta property=\"og:image:width\" content=\"400\" \/>\n\t<meta property=\"og:image:height\" content=\"566\" \/>\n\t<meta property=\"og:image:type\" content=\"image\/jpeg\" \/>\n<meta name=\"twitter:card\" content=\"summary_large_image\" \/>\n<meta name=\"twitter:site\" content=\"@BibliotecaGoga\" \/>\n<meta name=\"twitter:label1\" content=\"Timp estimat pentru citire\" \/>\n\t<meta name=\"twitter:data1\" content=\"1 minut\" \/>\n<script type=\"application\/ld+json\" class=\"yoast-schema-graph\">{\"@context\":\"https:\/\/schema.org\",\"@graph\":[{\"@type\":\"WebPage\",\"@id\":\"https:\/\/new.bjc.ro\/?tribe_events=cobzarul-in-biblioteca-vocea-lui-taras-sevcenko-peste-secole\",\"url\":\"https:\/\/new.bjc.ro\/?tribe_events=cobzarul-in-biblioteca-vocea-lui-taras-sevcenko-peste-secole\",\"name\":\"Cobzarul \u00een bibliotec\u0103 \u2013 vocea lui Taras \u0218evcenko peste secole - Biblioteca Jude\u021bean\u0103 \u201eOctavian Goga\u201d Cluj\",\"isPartOf\":{\"@id\":\"https:\/\/new.bjc.ro\/#website\"},\"primaryImageOfPage\":{\"@id\":\"https:\/\/new.bjc.ro\/?tribe_events=cobzarul-in-biblioteca-vocea-lui-taras-sevcenko-peste-secole#primaryimage\"},\"image\":{\"@id\":\"https:\/\/new.bjc.ro\/?tribe_events=cobzarul-in-biblioteca-vocea-lui-taras-sevcenko-peste-secole#primaryimage\"},\"thumbnailUrl\":\"https:\/\/new.bjc.ro\/wp-content\/uploads\/2026\/03\/Cobzarul-in-biblioteca.jpg\",\"datePublished\":\"2026-03-09T12:03:58+00:00\",\"breadcrumb\":{\"@id\":\"https:\/\/new.bjc.ro\/?tribe_events=cobzarul-in-biblioteca-vocea-lui-taras-sevcenko-peste-secole#breadcrumb\"},\"inLanguage\":\"ro-RO\",\"potentialAction\":[{\"@type\":\"ReadAction\",\"target\":[\"https:\/\/new.bjc.ro\/?tribe_events=cobzarul-in-biblioteca-vocea-lui-taras-sevcenko-peste-secole\"]}]},{\"@type\":\"ImageObject\",\"inLanguage\":\"ro-RO\",\"@id\":\"https:\/\/new.bjc.ro\/?tribe_events=cobzarul-in-biblioteca-vocea-lui-taras-sevcenko-peste-secole#primaryimage\",\"url\":\"https:\/\/new.bjc.ro\/wp-content\/uploads\/2026\/03\/Cobzarul-in-biblioteca.jpg\",\"contentUrl\":\"https:\/\/new.bjc.ro\/wp-content\/uploads\/2026\/03\/Cobzarul-in-biblioteca.jpg\",\"width\":400,\"height\":566},{\"@type\":\"BreadcrumbList\",\"@id\":\"https:\/\/new.bjc.ro\/?tribe_events=cobzarul-in-biblioteca-vocea-lui-taras-sevcenko-peste-secole#breadcrumb\",\"itemListElement\":[{\"@type\":\"ListItem\",\"position\":1,\"name\":\"Home\",\"item\":\"https:\/\/new.bjc.ro\/\"},{\"@type\":\"ListItem\",\"position\":2,\"name\":\"Evenimente\",\"item\":\"https:\/\/new.bjc.ro\/?post_type=tribe_events\"},{\"@type\":\"ListItem\",\"position\":3,\"name\":\"Cobzarul \u00een bibliotec\u0103 \u2013 vocea lui Taras \u0218evcenko peste secole\"}]},{\"@type\":\"WebSite\",\"@id\":\"https:\/\/new.bjc.ro\/#website\",\"url\":\"https:\/\/new.bjc.ro\/\",\"name\":\"Biblioteca Jude\u021bean\u0103 \u201eOctavian Goga\u201d Cluj\",\"description\":\"\",\"publisher\":{\"@id\":\"https:\/\/new.bjc.ro\/#organization\"},\"alternateName\":\"Biblioteca Jude\u021bean\u0103 Cluj\",\"potentialAction\":[{\"@type\":\"SearchAction\",\"target\":{\"@type\":\"EntryPoint\",\"urlTemplate\":\"https:\/\/new.bjc.ro\/?s={search_term_string}\"},\"query-input\":{\"@type\":\"PropertyValueSpecification\",\"valueRequired\":true,\"valueName\":\"search_term_string\"}}],\"inLanguage\":\"ro-RO\"},{\"@type\":\"Organization\",\"@id\":\"https:\/\/new.bjc.ro\/#organization\",\"name\":\"Biblioteca Jude\u021bean\u0103 \u201eOctavian Goga\u201d Cluj\",\"url\":\"https:\/\/new.bjc.ro\/\",\"logo\":{\"@type\":\"ImageObject\",\"inLanguage\":\"ro-RO\",\"@id\":\"https:\/\/new.bjc.ro\/#\/schema\/logo\/image\/\",\"url\":\"https:\/\/new.bjc.ro\/wp-content\/uploads\/2023\/03\/sigle.jpg\",\"contentUrl\":\"https:\/\/new.bjc.ro\/wp-content\/uploads\/2023\/03\/sigle.jpg\",\"width\":630,\"height\":473,\"caption\":\"Biblioteca Jude\u021bean\u0103 \u201eOctavian Goga\u201d Cluj\"},\"image\":{\"@id\":\"https:\/\/new.bjc.ro\/#\/schema\/logo\/image\/\"},\"sameAs\":[\"https:\/\/www.facebook.com\/bibliotecacluj\/\",\"https:\/\/x.com\/BibliotecaGoga\",\"https:\/\/www.instagram.com\/biblioteca_judeteana_cluj\/\",\"https:\/\/www.youtube.com\/user\/BibliotecaGoga\"]}]}<\/script>\n<!-- \/ Yoast SEO plugin. -->","yoast_head_json":{"title":"Cobzarul \u00een bibliotec\u0103 \u2013 vocea lui Taras \u0218evcenko peste secole - Biblioteca Jude\u021bean\u0103 \u201eOctavian Goga\u201d Cluj","robots":{"index":"index","follow":"follow","max-snippet":"max-snippet:-1","max-image-preview":"max-image-preview:large","max-video-preview":"max-video-preview:-1"},"canonical":"https:\/\/new.bjc.ro\/?tribe_events=cobzarul-in-biblioteca-vocea-lui-taras-sevcenko-peste-secole","og_locale":"ro_RO","og_type":"article","og_title":"Cobzarul \u00een bibliotec\u0103 \u2013 vocea lui Taras \u0218evcenko peste secole - Biblioteca Jude\u021bean\u0103 \u201eOctavian Goga\u201d Cluj","og_description":"Biblioteca Jude\u021bean\u0103 \u201eOctavian Goga\u201d Cluj organizeaz\u0103 vineri, 20 martie 2026, de la ora 14:00, la Sala multicultural\u0103 (etajul 3 vest), evenimentul cultural \u201eCobzarul \u00een bibliotec\u0103 \u2013 vocea lui Taras \u0218evcenko peste secole\u201d. Manifestarea \u00ee\u0219i propune s\u0103 aduc\u0103 \u00een aten\u021bia publicului personalitatea \u0219i opera lui Taras \u0218evcenko, una dintre cele mai&hellip; Cite\u0219te mai mult","og_url":"https:\/\/new.bjc.ro\/?tribe_events=cobzarul-in-biblioteca-vocea-lui-taras-sevcenko-peste-secole","og_site_name":"Biblioteca Jude\u021bean\u0103 \u201eOctavian Goga\u201d Cluj","article_publisher":"https:\/\/www.facebook.com\/bibliotecacluj\/","og_image":[{"width":400,"height":566,"url":"https:\/\/new.bjc.ro\/wp-content\/uploads\/2026\/03\/Cobzarul-in-biblioteca.jpg","type":"image\/jpeg"}],"twitter_card":"summary_large_image","twitter_site":"@BibliotecaGoga","twitter_misc":{"Timp estimat pentru citire":"1 minut"},"schema":{"@context":"https:\/\/schema.org","@graph":[{"@type":"WebPage","@id":"https:\/\/new.bjc.ro\/?tribe_events=cobzarul-in-biblioteca-vocea-lui-taras-sevcenko-peste-secole","url":"https:\/\/new.bjc.ro\/?tribe_events=cobzarul-in-biblioteca-vocea-lui-taras-sevcenko-peste-secole","name":"Cobzarul \u00een bibliotec\u0103 \u2013 vocea lui Taras \u0218evcenko peste secole - Biblioteca Jude\u021bean\u0103 \u201eOctavian Goga\u201d Cluj","isPartOf":{"@id":"https:\/\/new.bjc.ro\/#website"},"primaryImageOfPage":{"@id":"https:\/\/new.bjc.ro\/?tribe_events=cobzarul-in-biblioteca-vocea-lui-taras-sevcenko-peste-secole#primaryimage"},"image":{"@id":"https:\/\/new.bjc.ro\/?tribe_events=cobzarul-in-biblioteca-vocea-lui-taras-sevcenko-peste-secole#primaryimage"},"thumbnailUrl":"https:\/\/new.bjc.ro\/wp-content\/uploads\/2026\/03\/Cobzarul-in-biblioteca.jpg","datePublished":"2026-03-09T12:03:58+00:00","breadcrumb":{"@id":"https:\/\/new.bjc.ro\/?tribe_events=cobzarul-in-biblioteca-vocea-lui-taras-sevcenko-peste-secole#breadcrumb"},"inLanguage":"ro-RO","potentialAction":[{"@type":"ReadAction","target":["https:\/\/new.bjc.ro\/?tribe_events=cobzarul-in-biblioteca-vocea-lui-taras-sevcenko-peste-secole"]}]},{"@type":"ImageObject","inLanguage":"ro-RO","@id":"https:\/\/new.bjc.ro\/?tribe_events=cobzarul-in-biblioteca-vocea-lui-taras-sevcenko-peste-secole#primaryimage","url":"https:\/\/new.bjc.ro\/wp-content\/uploads\/2026\/03\/Cobzarul-in-biblioteca.jpg","contentUrl":"https:\/\/new.bjc.ro\/wp-content\/uploads\/2026\/03\/Cobzarul-in-biblioteca.jpg","width":400,"height":566},{"@type":"BreadcrumbList","@id":"https:\/\/new.bjc.ro\/?tribe_events=cobzarul-in-biblioteca-vocea-lui-taras-sevcenko-peste-secole#breadcrumb","itemListElement":[{"@type":"ListItem","position":1,"name":"Home","item":"https:\/\/new.bjc.ro\/"},{"@type":"ListItem","position":2,"name":"Evenimente","item":"https:\/\/new.bjc.ro\/?post_type=tribe_events"},{"@type":"ListItem","position":3,"name":"Cobzarul \u00een bibliotec\u0103 \u2013 vocea lui Taras \u0218evcenko peste secole"}]},{"@type":"WebSite","@id":"https:\/\/new.bjc.ro\/#website","url":"https:\/\/new.bjc.ro\/","name":"Biblioteca Jude\u021bean\u0103 \u201eOctavian Goga\u201d Cluj","description":"","publisher":{"@id":"https:\/\/new.bjc.ro\/#organization"},"alternateName":"Biblioteca Jude\u021bean\u0103 Cluj","potentialAction":[{"@type":"SearchAction","target":{"@type":"EntryPoint","urlTemplate":"https:\/\/new.bjc.ro\/?s={search_term_string}"},"query-input":{"@type":"PropertyValueSpecification","valueRequired":true,"valueName":"search_term_string"}}],"inLanguage":"ro-RO"},{"@type":"Organization","@id":"https:\/\/new.bjc.ro\/#organization","name":"Biblioteca Jude\u021bean\u0103 \u201eOctavian Goga\u201d Cluj","url":"https:\/\/new.bjc.ro\/","logo":{"@type":"ImageObject","inLanguage":"ro-RO","@id":"https:\/\/new.bjc.ro\/#\/schema\/logo\/image\/","url":"https:\/\/new.bjc.ro\/wp-content\/uploads\/2023\/03\/sigle.jpg","contentUrl":"https:\/\/new.bjc.ro\/wp-content\/uploads\/2023\/03\/sigle.jpg","width":630,"height":473,"caption":"Biblioteca Jude\u021bean\u0103 \u201eOctavian Goga\u201d Cluj"},"image":{"@id":"https:\/\/new.bjc.ro\/#\/schema\/logo\/image\/"},"sameAs":["https:\/\/www.facebook.com\/bibliotecacluj\/","https:\/\/x.com\/BibliotecaGoga","https:\/\/www.instagram.com\/biblioteca_judeteana_cluj\/","https:\/\/www.youtube.com\/user\/BibliotecaGoga"]}]}},"_links":{"self":[{"href":"https:\/\/new.bjc.ro\/index.php?rest_route=\/wp\/v2\/tribe_events\/11903","targetHints":{"allow":["GET"]}}],"collection":[{"href":"https:\/\/new.bjc.ro\/index.php?rest_route=\/wp\/v2\/tribe_events"}],"about":[{"href":"https:\/\/new.bjc.ro\/index.php?rest_route=\/wp\/v2\/types\/tribe_events"}],"author":[{"embeddable":true,"href":"https:\/\/new.bjc.ro\/index.php?rest_route=\/wp\/v2\/users\/1"}],"version-history":[{"count":1,"href":"https:\/\/new.bjc.ro\/index.php?rest_route=\/wp\/v2\/tribe_events\/11903\/revisions"}],"predecessor-version":[{"id":11905,"href":"https:\/\/new.bjc.ro\/index.php?rest_route=\/wp\/v2\/tribe_events\/11903\/revisions\/11905"}],"wp:featuredmedia":[{"embeddable":true,"href":"https:\/\/new.bjc.ro\/index.php?rest_route=\/wp\/v2\/media\/11904"}],"wp:attachment":[{"href":"https:\/\/new.bjc.ro\/index.php?rest_route=%2Fwp%2Fv2%2Fmedia&parent=11903"}],"wp:term":[{"taxonomy":"post_tag","embeddable":true,"href":"https:\/\/new.bjc.ro\/index.php?rest_route=%2Fwp%2Fv2%2Ftags&post=11903"},{"taxonomy":"tribe_events_cat","embeddable":true,"href":"https:\/\/new.bjc.ro\/index.php?rest_route=%2Fwp%2Fv2%2Ftribe_events_cat&post=11903"}],"curies":[{"name":"wp","href":"https:\/\/api.w.org\/{rel}","templated":true}]}}