{"id":11910,"date":"2026-03-12T08:01:51","date_gmt":"2026-03-12T06:01:51","guid":{"rendered":"https:\/\/new.bjc.ro\/?post_type=tribe_events&#038;p=11910"},"modified":"2026-03-12T08:02:26","modified_gmt":"2026-03-12T06:02:26","slug":"sarbatorim-ziua-internationala-a-fericirii-la-sectia-pentru-copii","status":"publish","type":"tribe_events","link":"https:\/\/new.bjc.ro\/?tribe_events=sarbatorim-ziua-internationala-a-fericirii-la-sectia-pentru-copii","title":{"rendered":"S\u0103rb\u0103torim Ziua Interna\u021bional\u0103 a Fericirii la Sec\u021bia pentru copii!"},"content":{"rendered":"<p>Cu ocazia Zilei Interna\u021bionale a Fericirii (20 martie), Sec\u021bia pentru copii organizeaz\u0103 luni, 23 martie, de la ora 17:00, \u201eAtelierul meu magic de fericire\u201d: Club de dezvoltare a inteligen\u021bei emo\u021bionale (IE) a copiilor. Sunt a\u0219tepta\u021bi copiii cu v\u00e2rsta cuprins\u0103 \u00eentre 8 \u0219i 12 ani care doresc s\u0103 \u00ee\u0219i cultive \u0219i \u00eentre\u021bin\u0103 sentimentul de fericire, precum \u0219i alte abilit\u0103\u021bi ale inteligen\u021bei emo\u021bionale cu rol \u00een construirea echilibrului interior: \u00eencrederea \u00een sine, adoptarea unei perspective pozitive, motiva\u021bia, rezolvarea de probleme, rezilien\u021ba, comunicarea \u0219i cooperarea, empatia, optimismul. Atelierul \u00eembin\u0103 lectura, jocul \u0219i crea\u021bia cu exerci\u021bii de (auto)cunoa\u0219tere \u0219i de reglare emo\u021bional\u0103.<\/p>\n<p>Participarea este gratuit\u0103, pe baza Permisului de intrare la bibliotec\u0103.<\/p>\n<p>Informa\u021bii suplimentare \u0219i \u00eenscrieri: Sec\u021bia pentru copii, Calea Doroban\u021bilor nr. 104, parter est, telefon: 0264-430323, e-mail: copii[at]bjc.ro.<\/p>\n<p>V\u0103 a\u0219tept\u0103m cu drag!<\/p>\n","protected":false},"excerpt":{"rendered":"<p>Cu ocazia Zilei Interna\u021bionale a Fericirii (20 martie), Sec\u021bia pentru copii organizeaz\u0103 luni, 23 martie, de la ora 17:00, \u201eAtelierul meu magic de fericire\u201d: Club de dezvoltare a inteligen\u021bei emo\u021bionale (IE) a copiilor. Sunt a\u0219tepta\u021bi copiii cu v\u00e2rsta cuprins\u0103 \u00eentre 8 \u0219i 12 ani care doresc s\u0103 \u00ee\u0219i cultive \u0219i&hellip; <br \/> <a class=\"read-more\" href=\"https:\/\/new.bjc.ro\/?tribe_events=sarbatorim-ziua-internationala-a-fericirii-la-sectia-pentru-copii\">Cite\u0219te mai mult<\/a><\/p>\n","protected":false},"author":1,"featured_media":11911,"template":"","meta":{"_monsterinsights_skip_tracking":false,"_monsterinsights_sitenote_active":false,"_monsterinsights_sitenote_note":"","_monsterinsights_sitenote_category":0,"_EventAllDay":false,"_EventTimezone":"Europe\/Bucharest","_EventStartDate":"2026-03-23 17:00:00","_EventEndDate":"2026-03-23 19:00:00","_EventStartDateUTC":"2026-03-23 15:00:00","_EventEndDateUTC":"2026-03-23 17:00:00","_EventShowMap":true,"_EventShowMapLink":true,"_EventURL":"","_EventCost":"","_EventCostDescription":"","_EventCurrencySymbol":"$","_EventCurrencyCode":"USD","_EventCurrencyPosition":"prefix","_EventDateTimeSeparator":"","_EventTimeRangeSeparator":"","_EventOrganizerID":[2810],"_EventVenueID":[6258],"_OrganizerEmail":"","_OrganizerPhone":"","_OrganizerWebsite":"","_VenueAddress":"","_VenueCity":"","_VenueCountry":"","_VenueProvince":"","_VenueState":"","_VenueZip":"","_VenuePhone":"","_VenueURL":"","_VenueStateProvince":"","_VenueLat":"","_VenueLng":"","_VenueShowMap":false,"_VenueShowMapLink":false,"_tribe_events_status":"","_tribe_events_status_reason":"","footnotes":""},"tags":[268],"tribe_events_cat":[51],"class_list":["post-11910","tribe_events","type-tribe_events","status-publish","has-post-thumbnail","hentry","tag-atelier-de-lectura","tribe_events_cat-ateliere","cat_ateliere"],"yoast_head":"<!-- This site is optimized with the Yoast SEO plugin v24.6 - https:\/\/yoast.com\/wordpress\/plugins\/seo\/ -->\n<title>S\u0103rb\u0103torim Ziua Interna\u021bional\u0103 a Fericirii la Sec\u021bia pentru copii! - Biblioteca Jude\u021bean\u0103 \u201eOctavian Goga\u201d Cluj<\/title>\n<meta name=\"robots\" content=\"index, follow, max-snippet:-1, max-image-preview:large, max-video-preview:-1\" \/>\n<link rel=\"canonical\" href=\"https:\/\/new.bjc.ro\/?tribe_events=sarbatorim-ziua-internationala-a-fericirii-la-sectia-pentru-copii\" \/>\n<meta property=\"og:locale\" content=\"ro_RO\" \/>\n<meta property=\"og:type\" content=\"article\" \/>\n<meta property=\"og:title\" content=\"S\u0103rb\u0103torim Ziua Interna\u021bional\u0103 a Fericirii la Sec\u021bia pentru copii! - Biblioteca Jude\u021bean\u0103 \u201eOctavian Goga\u201d Cluj\" \/>\n<meta property=\"og:description\" content=\"Cu ocazia Zilei Interna\u021bionale a Fericirii (20 martie), Sec\u021bia pentru copii organizeaz\u0103 luni, 23 martie, de la ora 17:00, \u201eAtelierul meu magic de fericire\u201d: Club de dezvoltare a inteligen\u021bei emo\u021bionale (IE) a copiilor. Sunt a\u0219tepta\u021bi copiii cu v\u00e2rsta cuprins\u0103 \u00eentre 8 \u0219i 12 ani care doresc s\u0103 \u00ee\u0219i cultive \u0219i&hellip; Cite\u0219te mai mult\" \/>\n<meta property=\"og:url\" content=\"https:\/\/new.bjc.ro\/?tribe_events=sarbatorim-ziua-internationala-a-fericirii-la-sectia-pentru-copii\" \/>\n<meta property=\"og:site_name\" content=\"Biblioteca Jude\u021bean\u0103 \u201eOctavian Goga\u201d Cluj\" \/>\n<meta property=\"article:publisher\" content=\"https:\/\/www.facebook.com\/bibliotecacluj\/\" \/>\n<meta property=\"article:modified_time\" content=\"2026-03-12T06:02:26+00:00\" \/>\n<meta property=\"og:image\" content=\"https:\/\/new.bjc.ro\/wp-content\/uploads\/2026\/03\/Afis-Atelierul-de-fericire230326.jpg\" \/>\n\t<meta property=\"og:image:width\" content=\"400\" \/>\n\t<meta property=\"og:image:height\" content=\"566\" \/>\n\t<meta property=\"og:image:type\" content=\"image\/jpeg\" \/>\n<meta name=\"twitter:card\" content=\"summary_large_image\" \/>\n<meta name=\"twitter:site\" content=\"@BibliotecaGoga\" \/>\n<meta name=\"twitter:label1\" content=\"Timp estimat pentru citire\" \/>\n\t<meta name=\"twitter:data1\" content=\"1 minut\" \/>\n<script type=\"application\/ld+json\" class=\"yoast-schema-graph\">{\"@context\":\"https:\/\/schema.org\",\"@graph\":[{\"@type\":\"WebPage\",\"@id\":\"https:\/\/new.bjc.ro\/?tribe_events=sarbatorim-ziua-internationala-a-fericirii-la-sectia-pentru-copii\",\"url\":\"https:\/\/new.bjc.ro\/?tribe_events=sarbatorim-ziua-internationala-a-fericirii-la-sectia-pentru-copii\",\"name\":\"S\u0103rb\u0103torim Ziua Interna\u021bional\u0103 a Fericirii la Sec\u021bia pentru copii! - Biblioteca Jude\u021bean\u0103 \u201eOctavian Goga\u201d Cluj\",\"isPartOf\":{\"@id\":\"https:\/\/new.bjc.ro\/#website\"},\"primaryImageOfPage\":{\"@id\":\"https:\/\/new.bjc.ro\/?tribe_events=sarbatorim-ziua-internationala-a-fericirii-la-sectia-pentru-copii#primaryimage\"},\"image\":{\"@id\":\"https:\/\/new.bjc.ro\/?tribe_events=sarbatorim-ziua-internationala-a-fericirii-la-sectia-pentru-copii#primaryimage\"},\"thumbnailUrl\":\"https:\/\/new.bjc.ro\/wp-content\/uploads\/2026\/03\/Afis-Atelierul-de-fericire230326.jpg\",\"datePublished\":\"2026-03-12T06:01:51+00:00\",\"dateModified\":\"2026-03-12T06:02:26+00:00\",\"breadcrumb\":{\"@id\":\"https:\/\/new.bjc.ro\/?tribe_events=sarbatorim-ziua-internationala-a-fericirii-la-sectia-pentru-copii#breadcrumb\"},\"inLanguage\":\"ro-RO\",\"potentialAction\":[{\"@type\":\"ReadAction\",\"target\":[\"https:\/\/new.bjc.ro\/?tribe_events=sarbatorim-ziua-internationala-a-fericirii-la-sectia-pentru-copii\"]}]},{\"@type\":\"ImageObject\",\"inLanguage\":\"ro-RO\",\"@id\":\"https:\/\/new.bjc.ro\/?tribe_events=sarbatorim-ziua-internationala-a-fericirii-la-sectia-pentru-copii#primaryimage\",\"url\":\"https:\/\/new.bjc.ro\/wp-content\/uploads\/2026\/03\/Afis-Atelierul-de-fericire230326.jpg\",\"contentUrl\":\"https:\/\/new.bjc.ro\/wp-content\/uploads\/2026\/03\/Afis-Atelierul-de-fericire230326.jpg\",\"width\":400,\"height\":566},{\"@type\":\"BreadcrumbList\",\"@id\":\"https:\/\/new.bjc.ro\/?tribe_events=sarbatorim-ziua-internationala-a-fericirii-la-sectia-pentru-copii#breadcrumb\",\"itemListElement\":[{\"@type\":\"ListItem\",\"position\":1,\"name\":\"Home\",\"item\":\"https:\/\/new.bjc.ro\/\"},{\"@type\":\"ListItem\",\"position\":2,\"name\":\"Evenimente\",\"item\":\"https:\/\/new.bjc.ro\/?post_type=tribe_events\"},{\"@type\":\"ListItem\",\"position\":3,\"name\":\"S\u0103rb\u0103torim Ziua Interna\u021bional\u0103 a Fericirii la Sec\u021bia pentru copii!\"}]},{\"@type\":\"WebSite\",\"@id\":\"https:\/\/new.bjc.ro\/#website\",\"url\":\"https:\/\/new.bjc.ro\/\",\"name\":\"Biblioteca Jude\u021bean\u0103 \u201eOctavian Goga\u201d Cluj\",\"description\":\"\",\"publisher\":{\"@id\":\"https:\/\/new.bjc.ro\/#organization\"},\"alternateName\":\"Biblioteca Jude\u021bean\u0103 Cluj\",\"potentialAction\":[{\"@type\":\"SearchAction\",\"target\":{\"@type\":\"EntryPoint\",\"urlTemplate\":\"https:\/\/new.bjc.ro\/?s={search_term_string}\"},\"query-input\":{\"@type\":\"PropertyValueSpecification\",\"valueRequired\":true,\"valueName\":\"search_term_string\"}}],\"inLanguage\":\"ro-RO\"},{\"@type\":\"Organization\",\"@id\":\"https:\/\/new.bjc.ro\/#organization\",\"name\":\"Biblioteca Jude\u021bean\u0103 \u201eOctavian Goga\u201d Cluj\",\"url\":\"https:\/\/new.bjc.ro\/\",\"logo\":{\"@type\":\"ImageObject\",\"inLanguage\":\"ro-RO\",\"@id\":\"https:\/\/new.bjc.ro\/#\/schema\/logo\/image\/\",\"url\":\"https:\/\/new.bjc.ro\/wp-content\/uploads\/2023\/03\/sigle.jpg\",\"contentUrl\":\"https:\/\/new.bjc.ro\/wp-content\/uploads\/2023\/03\/sigle.jpg\",\"width\":630,\"height\":473,\"caption\":\"Biblioteca Jude\u021bean\u0103 \u201eOctavian Goga\u201d Cluj\"},\"image\":{\"@id\":\"https:\/\/new.bjc.ro\/#\/schema\/logo\/image\/\"},\"sameAs\":[\"https:\/\/www.facebook.com\/bibliotecacluj\/\",\"https:\/\/x.com\/BibliotecaGoga\",\"https:\/\/www.instagram.com\/biblioteca_judeteana_cluj\/\",\"https:\/\/www.youtube.com\/user\/BibliotecaGoga\"]}]}<\/script>\n<!-- \/ Yoast SEO plugin. -->","yoast_head_json":{"title":"S\u0103rb\u0103torim Ziua Interna\u021bional\u0103 a Fericirii la Sec\u021bia pentru copii! - Biblioteca Jude\u021bean\u0103 \u201eOctavian Goga\u201d Cluj","robots":{"index":"index","follow":"follow","max-snippet":"max-snippet:-1","max-image-preview":"max-image-preview:large","max-video-preview":"max-video-preview:-1"},"canonical":"https:\/\/new.bjc.ro\/?tribe_events=sarbatorim-ziua-internationala-a-fericirii-la-sectia-pentru-copii","og_locale":"ro_RO","og_type":"article","og_title":"S\u0103rb\u0103torim Ziua Interna\u021bional\u0103 a Fericirii la Sec\u021bia pentru copii! - Biblioteca Jude\u021bean\u0103 \u201eOctavian Goga\u201d Cluj","og_description":"Cu ocazia Zilei Interna\u021bionale a Fericirii (20 martie), Sec\u021bia pentru copii organizeaz\u0103 luni, 23 martie, de la ora 17:00, \u201eAtelierul meu magic de fericire\u201d: Club de dezvoltare a inteligen\u021bei emo\u021bionale (IE) a copiilor. Sunt a\u0219tepta\u021bi copiii cu v\u00e2rsta cuprins\u0103 \u00eentre 8 \u0219i 12 ani care doresc s\u0103 \u00ee\u0219i cultive \u0219i&hellip; Cite\u0219te mai mult","og_url":"https:\/\/new.bjc.ro\/?tribe_events=sarbatorim-ziua-internationala-a-fericirii-la-sectia-pentru-copii","og_site_name":"Biblioteca Jude\u021bean\u0103 \u201eOctavian Goga\u201d Cluj","article_publisher":"https:\/\/www.facebook.com\/bibliotecacluj\/","article_modified_time":"2026-03-12T06:02:26+00:00","og_image":[{"width":400,"height":566,"url":"https:\/\/new.bjc.ro\/wp-content\/uploads\/2026\/03\/Afis-Atelierul-de-fericire230326.jpg","type":"image\/jpeg"}],"twitter_card":"summary_large_image","twitter_site":"@BibliotecaGoga","twitter_misc":{"Timp estimat pentru citire":"1 minut"},"schema":{"@context":"https:\/\/schema.org","@graph":[{"@type":"WebPage","@id":"https:\/\/new.bjc.ro\/?tribe_events=sarbatorim-ziua-internationala-a-fericirii-la-sectia-pentru-copii","url":"https:\/\/new.bjc.ro\/?tribe_events=sarbatorim-ziua-internationala-a-fericirii-la-sectia-pentru-copii","name":"S\u0103rb\u0103torim Ziua Interna\u021bional\u0103 a Fericirii la Sec\u021bia pentru copii! - Biblioteca Jude\u021bean\u0103 \u201eOctavian Goga\u201d Cluj","isPartOf":{"@id":"https:\/\/new.bjc.ro\/#website"},"primaryImageOfPage":{"@id":"https:\/\/new.bjc.ro\/?tribe_events=sarbatorim-ziua-internationala-a-fericirii-la-sectia-pentru-copii#primaryimage"},"image":{"@id":"https:\/\/new.bjc.ro\/?tribe_events=sarbatorim-ziua-internationala-a-fericirii-la-sectia-pentru-copii#primaryimage"},"thumbnailUrl":"https:\/\/new.bjc.ro\/wp-content\/uploads\/2026\/03\/Afis-Atelierul-de-fericire230326.jpg","datePublished":"2026-03-12T06:01:51+00:00","dateModified":"2026-03-12T06:02:26+00:00","breadcrumb":{"@id":"https:\/\/new.bjc.ro\/?tribe_events=sarbatorim-ziua-internationala-a-fericirii-la-sectia-pentru-copii#breadcrumb"},"inLanguage":"ro-RO","potentialAction":[{"@type":"ReadAction","target":["https:\/\/new.bjc.ro\/?tribe_events=sarbatorim-ziua-internationala-a-fericirii-la-sectia-pentru-copii"]}]},{"@type":"ImageObject","inLanguage":"ro-RO","@id":"https:\/\/new.bjc.ro\/?tribe_events=sarbatorim-ziua-internationala-a-fericirii-la-sectia-pentru-copii#primaryimage","url":"https:\/\/new.bjc.ro\/wp-content\/uploads\/2026\/03\/Afis-Atelierul-de-fericire230326.jpg","contentUrl":"https:\/\/new.bjc.ro\/wp-content\/uploads\/2026\/03\/Afis-Atelierul-de-fericire230326.jpg","width":400,"height":566},{"@type":"BreadcrumbList","@id":"https:\/\/new.bjc.ro\/?tribe_events=sarbatorim-ziua-internationala-a-fericirii-la-sectia-pentru-copii#breadcrumb","itemListElement":[{"@type":"ListItem","position":1,"name":"Home","item":"https:\/\/new.bjc.ro\/"},{"@type":"ListItem","position":2,"name":"Evenimente","item":"https:\/\/new.bjc.ro\/?post_type=tribe_events"},{"@type":"ListItem","position":3,"name":"S\u0103rb\u0103torim Ziua Interna\u021bional\u0103 a Fericirii la Sec\u021bia pentru copii!"}]},{"@type":"WebSite","@id":"https:\/\/new.bjc.ro\/#website","url":"https:\/\/new.bjc.ro\/","name":"Biblioteca Jude\u021bean\u0103 \u201eOctavian Goga\u201d Cluj","description":"","publisher":{"@id":"https:\/\/new.bjc.ro\/#organization"},"alternateName":"Biblioteca Jude\u021bean\u0103 Cluj","potentialAction":[{"@type":"SearchAction","target":{"@type":"EntryPoint","urlTemplate":"https:\/\/new.bjc.ro\/?s={search_term_string}"},"query-input":{"@type":"PropertyValueSpecification","valueRequired":true,"valueName":"search_term_string"}}],"inLanguage":"ro-RO"},{"@type":"Organization","@id":"https:\/\/new.bjc.ro\/#organization","name":"Biblioteca Jude\u021bean\u0103 \u201eOctavian Goga\u201d Cluj","url":"https:\/\/new.bjc.ro\/","logo":{"@type":"ImageObject","inLanguage":"ro-RO","@id":"https:\/\/new.bjc.ro\/#\/schema\/logo\/image\/","url":"https:\/\/new.bjc.ro\/wp-content\/uploads\/2023\/03\/sigle.jpg","contentUrl":"https:\/\/new.bjc.ro\/wp-content\/uploads\/2023\/03\/sigle.jpg","width":630,"height":473,"caption":"Biblioteca Jude\u021bean\u0103 \u201eOctavian Goga\u201d Cluj"},"image":{"@id":"https:\/\/new.bjc.ro\/#\/schema\/logo\/image\/"},"sameAs":["https:\/\/www.facebook.com\/bibliotecacluj\/","https:\/\/x.com\/BibliotecaGoga","https:\/\/www.instagram.com\/biblioteca_judeteana_cluj\/","https:\/\/www.youtube.com\/user\/BibliotecaGoga"]}]}},"_links":{"self":[{"href":"https:\/\/new.bjc.ro\/index.php?rest_route=\/wp\/v2\/tribe_events\/11910","targetHints":{"allow":["GET"]}}],"collection":[{"href":"https:\/\/new.bjc.ro\/index.php?rest_route=\/wp\/v2\/tribe_events"}],"about":[{"href":"https:\/\/new.bjc.ro\/index.php?rest_route=\/wp\/v2\/types\/tribe_events"}],"author":[{"embeddable":true,"href":"https:\/\/new.bjc.ro\/index.php?rest_route=\/wp\/v2\/users\/1"}],"version-history":[{"count":1,"href":"https:\/\/new.bjc.ro\/index.php?rest_route=\/wp\/v2\/tribe_events\/11910\/revisions"}],"predecessor-version":[{"id":11912,"href":"https:\/\/new.bjc.ro\/index.php?rest_route=\/wp\/v2\/tribe_events\/11910\/revisions\/11912"}],"wp:featuredmedia":[{"embeddable":true,"href":"https:\/\/new.bjc.ro\/index.php?rest_route=\/wp\/v2\/media\/11911"}],"wp:attachment":[{"href":"https:\/\/new.bjc.ro\/index.php?rest_route=%2Fwp%2Fv2%2Fmedia&parent=11910"}],"wp:term":[{"taxonomy":"post_tag","embeddable":true,"href":"https:\/\/new.bjc.ro\/index.php?rest_route=%2Fwp%2Fv2%2Ftags&post=11910"},{"taxonomy":"tribe_events_cat","embeddable":true,"href":"https:\/\/new.bjc.ro\/index.php?rest_route=%2Fwp%2Fv2%2Ftribe_events_cat&post=11910"}],"curies":[{"name":"wp","href":"https:\/\/api.w.org\/{rel}","templated":true}]}}