{"id":6965,"date":"2023-03-24T08:43:56","date_gmt":"2023-03-24T06:43:56","guid":{"rendered":"https:\/\/new.bjc.ro\/?post_type=tribe_events&#038;p=6965"},"modified":"2023-03-24T09:00:08","modified_gmt":"2023-03-24T07:00:08","slug":"curs-caligrafie-copii","status":"publish","type":"tribe_events","link":"https:\/\/new.bjc.ro\/?tribe_events=curs-caligrafie-copii","title":{"rendered":"Curs de caligrafie cursiv\u0103 pentru copii"},"content":{"rendered":"<p>Sec\u021bia pentru copii organizeaz\u0103 \u00een perioada martie-iunie, \u00een fiecare zi de miercuri, de la ora 16.00, un curs de caligrafie cursiv\u0103 pentru copii cu v\u00e2rsta cuprins\u0103 \u00eentre 8 \u0219i 12 ani, sub \u00eendrumarea Simonei Pop, absolvent\u0103 a Facult\u0103\u021bii de Litere a Universit\u0103\u0163ii Babe\u015f-Bolyai. \u00cen condi\u021biile erei digitale \u00een care tr\u0103im, scrisul de m\u00e2n\u0103 este tot mai pu\u021bin folosit. Totu\u0219i, acesta are o serie de beneficii, dintre care amintim: \u00eembun\u0103t\u0103\u021birea memoriei, cresterea capacit\u0103\u021bii de exprimare, dezvoltarea creativit\u0103\u021bii \u0219i a limbajului, \u00eembun\u0103t\u0103\u021birea capacit\u0103\u021bii de concentrare, \u00eembun\u0103t\u0103\u021birea abilit\u0103\u021bilor motorii.<\/p>\n<p>Cursul va avea loc la Sec\u021bia pentru copii, Calea Doroban\u021bilor, nr. 104, parter est. Participarea este gratuit\u0103, pe baza Permisului de bibliotec\u0103 \u0219i necesit\u0103 \u00eenscriere. ATEN\u021aIE! Locurile sunt limitate! Informa\u021bii suplimentare \u0219i \u00eenscrieri se pot face prin email: <a href=\"mailto:copii@bjc.ro\">copii@bjc.ro<\/a> sau prin telefon: 0264.430323.<\/p>\n<p>V\u0103 a\u0219tept\u0103m cu drag!<\/p>\n","protected":false},"excerpt":{"rendered":"<p>Sec\u021bia pentru copii organizeaz\u0103 \u00een perioada martie-iunie, \u00een fiecare zi de miercuri, de la ora 16.00, un curs de caligrafie cursiv\u0103 pentru copii cu v\u00e2rsta cuprins\u0103 \u00eentre 8 \u0219i 12 ani, sub \u00eendrumarea Simonei Pop, absolvent\u0103 a Facult\u0103\u021bii de Litere a Universit\u0103\u0163ii Babe\u015f-Bolyai. \u00cen condi\u021biile erei digitale \u00een care tr\u0103im,&hellip; <br \/> <a class=\"read-more\" href=\"https:\/\/new.bjc.ro\/?tribe_events=curs-caligrafie-copii\">Cite\u0219te mai mult<\/a><\/p>\n","protected":false},"author":1,"featured_media":6966,"template":"","meta":{"_monsterinsights_skip_tracking":false,"_monsterinsights_sitenote_active":false,"_monsterinsights_sitenote_note":"","_monsterinsights_sitenote_category":0,"_EventAllDay":false,"_EventTimezone":"Europe\/Bucharest","_EventStartDate":"2023-03-24 16:00:00","_EventEndDate":"2023-06-16 18:00:00","_EventStartDateUTC":"2023-03-24 14:00:00","_EventEndDateUTC":"2023-06-16 15:00:00","_EventShowMap":true,"_EventShowMapLink":true,"_EventURL":"","_EventCost":"","_EventCostDescription":"","_EventCurrencySymbol":"","_EventCurrencyCode":"","_EventCurrencyPosition":"prefix","_EventDateTimeSeparator":"","_EventTimeRangeSeparator":"","_EventOrganizerID":[2810],"_EventVenueID":[6258],"_OrganizerEmail":"","_OrganizerPhone":"","_OrganizerWebsite":"","_VenueAddress":"","_VenueCity":"","_VenueCountry":"","_VenueProvince":"","_VenueState":"","_VenueZip":"","_VenuePhone":"","_VenueURL":"","_VenueStateProvince":"","_VenueLat":"","_VenueLng":"","_VenueShowMap":false,"_VenueShowMapLink":false,"_tribe_events_status":"","_tribe_events_status_reason":"","footnotes":""},"tags":[106,63,105],"tribe_events_cat":[91],"class_list":["post-6965","tribe_events","type-tribe_events","status-publish","has-post-thumbnail","hentry","tag-caligrafie","tag-copii","tag-curs","tribe_events_cat-grup-de-suport","cat_grup-de-suport"],"yoast_head":"<!-- This site is optimized with the Yoast SEO plugin v24.6 - https:\/\/yoast.com\/wordpress\/plugins\/seo\/ -->\n<title>Curs de caligrafie cursiv\u0103 pentru copii - Biblioteca Jude\u021bean\u0103 \u201eOctavian Goga\u201d Cluj<\/title>\n<meta name=\"description\" content=\"curs gratuit, caligrafie cursiv\u0103, copii 8-12 ani\" \/>\n<meta name=\"robots\" content=\"index, follow, max-snippet:-1, max-image-preview:large, max-video-preview:-1\" \/>\n<link rel=\"canonical\" href=\"https:\/\/new.bjc.ro\/?tribe_events=curs-caligrafie-copii\" \/>\n<meta property=\"og:locale\" content=\"ro_RO\" \/>\n<meta property=\"og:type\" content=\"article\" \/>\n<meta property=\"og:title\" content=\"Curs de caligrafie cursiv\u0103 pentru copii - Biblioteca Jude\u021bean\u0103 \u201eOctavian Goga\u201d Cluj\" \/>\n<meta property=\"og:description\" content=\"curs gratuit, caligrafie cursiv\u0103, copii 8-12 ani\" \/>\n<meta property=\"og:url\" content=\"https:\/\/new.bjc.ro\/?tribe_events=curs-caligrafie-copii\" \/>\n<meta property=\"og:site_name\" content=\"Biblioteca Jude\u021bean\u0103 \u201eOctavian Goga\u201d Cluj\" \/>\n<meta property=\"article:publisher\" content=\"https:\/\/www.facebook.com\/bibliotecacluj\/\" \/>\n<meta property=\"article:modified_time\" content=\"2023-03-24T07:00:08+00:00\" \/>\n<meta property=\"og:image\" content=\"https:\/\/new.bjc.ro\/wp-content\/uploads\/2023\/03\/Afis-Curs-de-caligrafie400x566.jpg\" \/>\n\t<meta property=\"og:image:width\" content=\"400\" \/>\n\t<meta property=\"og:image:height\" content=\"566\" \/>\n\t<meta property=\"og:image:type\" content=\"image\/jpeg\" \/>\n<meta name=\"twitter:card\" content=\"summary_large_image\" \/>\n<meta name=\"twitter:site\" content=\"@BibliotecaGoga\" \/>\n<meta name=\"twitter:label1\" content=\"Timp estimat pentru citire\" \/>\n\t<meta name=\"twitter:data1\" content=\"1 minut\" \/>\n<script type=\"application\/ld+json\" class=\"yoast-schema-graph\">{\"@context\":\"https:\/\/schema.org\",\"@graph\":[{\"@type\":\"WebPage\",\"@id\":\"https:\/\/new.bjc.ro\/?tribe_events=curs-caligrafie-copii\",\"url\":\"https:\/\/new.bjc.ro\/?tribe_events=curs-caligrafie-copii\",\"name\":\"Curs de caligrafie cursiv\u0103 pentru copii - Biblioteca Jude\u021bean\u0103 \u201eOctavian Goga\u201d Cluj\",\"isPartOf\":{\"@id\":\"https:\/\/new.bjc.ro\/#website\"},\"primaryImageOfPage\":{\"@id\":\"https:\/\/new.bjc.ro\/?tribe_events=curs-caligrafie-copii#primaryimage\"},\"image\":{\"@id\":\"https:\/\/new.bjc.ro\/?tribe_events=curs-caligrafie-copii#primaryimage\"},\"thumbnailUrl\":\"https:\/\/new.bjc.ro\/wp-content\/uploads\/2023\/03\/Afis-Curs-de-caligrafie400x566.jpg\",\"datePublished\":\"2023-03-24T06:43:56+00:00\",\"dateModified\":\"2023-03-24T07:00:08+00:00\",\"description\":\"curs gratuit, caligrafie cursiv\u0103, copii 8-12 ani\",\"breadcrumb\":{\"@id\":\"https:\/\/new.bjc.ro\/?tribe_events=curs-caligrafie-copii#breadcrumb\"},\"inLanguage\":\"ro-RO\",\"potentialAction\":[{\"@type\":\"ReadAction\",\"target\":[\"https:\/\/new.bjc.ro\/?tribe_events=curs-caligrafie-copii\"]}]},{\"@type\":\"ImageObject\",\"inLanguage\":\"ro-RO\",\"@id\":\"https:\/\/new.bjc.ro\/?tribe_events=curs-caligrafie-copii#primaryimage\",\"url\":\"https:\/\/new.bjc.ro\/wp-content\/uploads\/2023\/03\/Afis-Curs-de-caligrafie400x566.jpg\",\"contentUrl\":\"https:\/\/new.bjc.ro\/wp-content\/uploads\/2023\/03\/Afis-Curs-de-caligrafie400x566.jpg\",\"width\":400,\"height\":566},{\"@type\":\"BreadcrumbList\",\"@id\":\"https:\/\/new.bjc.ro\/?tribe_events=curs-caligrafie-copii#breadcrumb\",\"itemListElement\":[{\"@type\":\"ListItem\",\"position\":1,\"name\":\"Home\",\"item\":\"https:\/\/new.bjc.ro\/\"},{\"@type\":\"ListItem\",\"position\":2,\"name\":\"Evenimente\",\"item\":\"https:\/\/new.bjc.ro\/?post_type=tribe_events\"},{\"@type\":\"ListItem\",\"position\":3,\"name\":\"Curs de caligrafie cursiv\u0103 pentru copii\"}]},{\"@type\":\"WebSite\",\"@id\":\"https:\/\/new.bjc.ro\/#website\",\"url\":\"https:\/\/new.bjc.ro\/\",\"name\":\"Biblioteca Jude\u021bean\u0103 \u201eOctavian Goga\u201d Cluj\",\"description\":\"\",\"publisher\":{\"@id\":\"https:\/\/new.bjc.ro\/#organization\"},\"alternateName\":\"Biblioteca Jude\u021bean\u0103 Cluj\",\"potentialAction\":[{\"@type\":\"SearchAction\",\"target\":{\"@type\":\"EntryPoint\",\"urlTemplate\":\"https:\/\/new.bjc.ro\/?s={search_term_string}\"},\"query-input\":{\"@type\":\"PropertyValueSpecification\",\"valueRequired\":true,\"valueName\":\"search_term_string\"}}],\"inLanguage\":\"ro-RO\"},{\"@type\":\"Organization\",\"@id\":\"https:\/\/new.bjc.ro\/#organization\",\"name\":\"Biblioteca Jude\u021bean\u0103 \u201eOctavian Goga\u201d Cluj\",\"url\":\"https:\/\/new.bjc.ro\/\",\"logo\":{\"@type\":\"ImageObject\",\"inLanguage\":\"ro-RO\",\"@id\":\"https:\/\/new.bjc.ro\/#\/schema\/logo\/image\/\",\"url\":\"https:\/\/new.bjc.ro\/wp-content\/uploads\/2023\/03\/sigle.jpg\",\"contentUrl\":\"https:\/\/new.bjc.ro\/wp-content\/uploads\/2023\/03\/sigle.jpg\",\"width\":630,\"height\":473,\"caption\":\"Biblioteca Jude\u021bean\u0103 \u201eOctavian Goga\u201d Cluj\"},\"image\":{\"@id\":\"https:\/\/new.bjc.ro\/#\/schema\/logo\/image\/\"},\"sameAs\":[\"https:\/\/www.facebook.com\/bibliotecacluj\/\",\"https:\/\/x.com\/BibliotecaGoga\",\"https:\/\/www.instagram.com\/biblioteca_judeteana_cluj\/\",\"https:\/\/www.youtube.com\/user\/BibliotecaGoga\"]}]}<\/script>\n<!-- \/ Yoast SEO plugin. -->","yoast_head_json":{"title":"Curs de caligrafie cursiv\u0103 pentru copii - Biblioteca Jude\u021bean\u0103 \u201eOctavian Goga\u201d Cluj","description":"curs gratuit, caligrafie cursiv\u0103, copii 8-12 ani","robots":{"index":"index","follow":"follow","max-snippet":"max-snippet:-1","max-image-preview":"max-image-preview:large","max-video-preview":"max-video-preview:-1"},"canonical":"https:\/\/new.bjc.ro\/?tribe_events=curs-caligrafie-copii","og_locale":"ro_RO","og_type":"article","og_title":"Curs de caligrafie cursiv\u0103 pentru copii - Biblioteca Jude\u021bean\u0103 \u201eOctavian Goga\u201d Cluj","og_description":"curs gratuit, caligrafie cursiv\u0103, copii 8-12 ani","og_url":"https:\/\/new.bjc.ro\/?tribe_events=curs-caligrafie-copii","og_site_name":"Biblioteca Jude\u021bean\u0103 \u201eOctavian Goga\u201d Cluj","article_publisher":"https:\/\/www.facebook.com\/bibliotecacluj\/","article_modified_time":"2023-03-24T07:00:08+00:00","og_image":[{"width":400,"height":566,"url":"https:\/\/new.bjc.ro\/wp-content\/uploads\/2023\/03\/Afis-Curs-de-caligrafie400x566.jpg","type":"image\/jpeg"}],"twitter_card":"summary_large_image","twitter_site":"@BibliotecaGoga","twitter_misc":{"Timp estimat pentru citire":"1 minut"},"schema":{"@context":"https:\/\/schema.org","@graph":[{"@type":"WebPage","@id":"https:\/\/new.bjc.ro\/?tribe_events=curs-caligrafie-copii","url":"https:\/\/new.bjc.ro\/?tribe_events=curs-caligrafie-copii","name":"Curs de caligrafie cursiv\u0103 pentru copii - Biblioteca Jude\u021bean\u0103 \u201eOctavian Goga\u201d Cluj","isPartOf":{"@id":"https:\/\/new.bjc.ro\/#website"},"primaryImageOfPage":{"@id":"https:\/\/new.bjc.ro\/?tribe_events=curs-caligrafie-copii#primaryimage"},"image":{"@id":"https:\/\/new.bjc.ro\/?tribe_events=curs-caligrafie-copii#primaryimage"},"thumbnailUrl":"https:\/\/new.bjc.ro\/wp-content\/uploads\/2023\/03\/Afis-Curs-de-caligrafie400x566.jpg","datePublished":"2023-03-24T06:43:56+00:00","dateModified":"2023-03-24T07:00:08+00:00","description":"curs gratuit, caligrafie cursiv\u0103, copii 8-12 ani","breadcrumb":{"@id":"https:\/\/new.bjc.ro\/?tribe_events=curs-caligrafie-copii#breadcrumb"},"inLanguage":"ro-RO","potentialAction":[{"@type":"ReadAction","target":["https:\/\/new.bjc.ro\/?tribe_events=curs-caligrafie-copii"]}]},{"@type":"ImageObject","inLanguage":"ro-RO","@id":"https:\/\/new.bjc.ro\/?tribe_events=curs-caligrafie-copii#primaryimage","url":"https:\/\/new.bjc.ro\/wp-content\/uploads\/2023\/03\/Afis-Curs-de-caligrafie400x566.jpg","contentUrl":"https:\/\/new.bjc.ro\/wp-content\/uploads\/2023\/03\/Afis-Curs-de-caligrafie400x566.jpg","width":400,"height":566},{"@type":"BreadcrumbList","@id":"https:\/\/new.bjc.ro\/?tribe_events=curs-caligrafie-copii#breadcrumb","itemListElement":[{"@type":"ListItem","position":1,"name":"Home","item":"https:\/\/new.bjc.ro\/"},{"@type":"ListItem","position":2,"name":"Evenimente","item":"https:\/\/new.bjc.ro\/?post_type=tribe_events"},{"@type":"ListItem","position":3,"name":"Curs de caligrafie cursiv\u0103 pentru copii"}]},{"@type":"WebSite","@id":"https:\/\/new.bjc.ro\/#website","url":"https:\/\/new.bjc.ro\/","name":"Biblioteca Jude\u021bean\u0103 \u201eOctavian Goga\u201d Cluj","description":"","publisher":{"@id":"https:\/\/new.bjc.ro\/#organization"},"alternateName":"Biblioteca Jude\u021bean\u0103 Cluj","potentialAction":[{"@type":"SearchAction","target":{"@type":"EntryPoint","urlTemplate":"https:\/\/new.bjc.ro\/?s={search_term_string}"},"query-input":{"@type":"PropertyValueSpecification","valueRequired":true,"valueName":"search_term_string"}}],"inLanguage":"ro-RO"},{"@type":"Organization","@id":"https:\/\/new.bjc.ro\/#organization","name":"Biblioteca Jude\u021bean\u0103 \u201eOctavian Goga\u201d Cluj","url":"https:\/\/new.bjc.ro\/","logo":{"@type":"ImageObject","inLanguage":"ro-RO","@id":"https:\/\/new.bjc.ro\/#\/schema\/logo\/image\/","url":"https:\/\/new.bjc.ro\/wp-content\/uploads\/2023\/03\/sigle.jpg","contentUrl":"https:\/\/new.bjc.ro\/wp-content\/uploads\/2023\/03\/sigle.jpg","width":630,"height":473,"caption":"Biblioteca Jude\u021bean\u0103 \u201eOctavian Goga\u201d Cluj"},"image":{"@id":"https:\/\/new.bjc.ro\/#\/schema\/logo\/image\/"},"sameAs":["https:\/\/www.facebook.com\/bibliotecacluj\/","https:\/\/x.com\/BibliotecaGoga","https:\/\/www.instagram.com\/biblioteca_judeteana_cluj\/","https:\/\/www.youtube.com\/user\/BibliotecaGoga"]}]}},"_links":{"self":[{"href":"https:\/\/new.bjc.ro\/index.php?rest_route=\/wp\/v2\/tribe_events\/6965","targetHints":{"allow":["GET"]}}],"collection":[{"href":"https:\/\/new.bjc.ro\/index.php?rest_route=\/wp\/v2\/tribe_events"}],"about":[{"href":"https:\/\/new.bjc.ro\/index.php?rest_route=\/wp\/v2\/types\/tribe_events"}],"author":[{"embeddable":true,"href":"https:\/\/new.bjc.ro\/index.php?rest_route=\/wp\/v2\/users\/1"}],"version-history":[{"count":2,"href":"https:\/\/new.bjc.ro\/index.php?rest_route=\/wp\/v2\/tribe_events\/6965\/revisions"}],"predecessor-version":[{"id":6968,"href":"https:\/\/new.bjc.ro\/index.php?rest_route=\/wp\/v2\/tribe_events\/6965\/revisions\/6968"}],"wp:featuredmedia":[{"embeddable":true,"href":"https:\/\/new.bjc.ro\/index.php?rest_route=\/wp\/v2\/media\/6966"}],"wp:attachment":[{"href":"https:\/\/new.bjc.ro\/index.php?rest_route=%2Fwp%2Fv2%2Fmedia&parent=6965"}],"wp:term":[{"taxonomy":"post_tag","embeddable":true,"href":"https:\/\/new.bjc.ro\/index.php?rest_route=%2Fwp%2Fv2%2Ftags&post=6965"},{"taxonomy":"tribe_events_cat","embeddable":true,"href":"https:\/\/new.bjc.ro\/index.php?rest_route=%2Fwp%2Fv2%2Ftribe_events_cat&post=6965"}],"curies":[{"name":"wp","href":"https:\/\/api.w.org\/{rel}","templated":true}]}}