{"id":7562,"date":"2023-06-07T10:20:28","date_gmt":"2023-06-07T07:20:28","guid":{"rendered":"https:\/\/new.bjc.ro\/?post_type=tribe_events&#038;p=7562"},"modified":"2023-06-07T10:22:34","modified_gmt":"2023-06-07T07:22:34","slug":"festivalul-national-de-literatura-festlit-editia-a-10-a","status":"publish","type":"tribe_events","link":"https:\/\/new.bjc.ro\/?tribe_events=festivalul-national-de-literatura-festlit-editia-a-10-a","title":{"rendered":"Festivalul Na\u0163ional de Literatur\u0103 &#8211; Festlit, edi\u0163ia a 10-a"},"content":{"rendered":"<p>Filiala Cluj a Uniunii Scriitorilor din Rom\u00e2nia \u00een parteneriat cu Biblioteca Jude\u0163ean\u0103 \u201eOctavian Goga\u201d Cluj organizeaz\u0103 cea de-a 10-a edi\u021bie a Festivalului Na\u0163ional de Literatur\u0103, FestLit.<\/p>\n<p>Programul acestei edi\u0163ii cuprinde: ronduri de gal\u0103 ale scriitorilor, lecturi publice, lans\u0103ri de carte, expozi\u0163ii ale scriitorilor plasticieni etc.<\/p>\n<p>Printre invita\u0163ii din acest an se num\u0103r\u0103: Varujan Vosganian, Gabriel Chifu, Cristian P\u0103tr\u0103\u0219coniu, Horia G\u00e2rbea, Adrian Lesenciuc, Nicolae Prelipceanu, Florina Zaharia, Andrei Novac, Drago\u0219 Ursache, Eugen Cri\u0219an.<\/p>\n<p><a href=\"https:\/\/new.bjc.ro\/wp-content\/uploads\/2023\/06\/FestLitCluj-2023-program.pdf\">Program<\/a><\/p>\n","protected":false},"excerpt":{"rendered":"<p>Filiala Cluj a Uniunii Scriitorilor din Rom\u00e2nia \u00een parteneriat cu Biblioteca Jude\u0163ean\u0103 \u201eOctavian Goga\u201d Cluj organizeaz\u0103 cea de-a 10-a edi\u021bie a Festivalului Na\u0163ional de Literatur\u0103, FestLit. Programul acestei edi\u0163ii cuprinde: ronduri de gal\u0103 ale scriitorilor, lecturi publice, lans\u0103ri de carte, expozi\u0163ii ale scriitorilor plasticieni etc. Printre invita\u0163ii din acest an&hellip; <br \/> <a class=\"read-more\" href=\"https:\/\/new.bjc.ro\/?tribe_events=festivalul-national-de-literatura-festlit-editia-a-10-a\">Cite\u0219te mai mult<\/a><\/p>\n","protected":false},"author":1,"featured_media":7563,"template":"","meta":{"_monsterinsights_skip_tracking":false,"_monsterinsights_sitenote_active":false,"_monsterinsights_sitenote_note":"","_monsterinsights_sitenote_category":0,"_EventAllDay":false,"_EventTimezone":"Europe\/Bucharest","_EventStartDate":"2023-06-07 08:00:00","_EventEndDate":"2023-06-09 20:00:00","_EventStartDateUTC":"2023-06-07 05:00:00","_EventEndDateUTC":"2023-06-09 17:00:00","_EventShowMap":true,"_EventShowMapLink":true,"_EventURL":"","_EventCost":"","_EventCostDescription":"","_EventCurrencySymbol":"","_EventCurrencyCode":"","_EventCurrencyPosition":"prefix","_EventDateTimeSeparator":"","_EventTimeRangeSeparator":"","_EventOrganizerID":[2810],"_EventVenueID":[3721],"_OrganizerEmail":"","_OrganizerPhone":"","_OrganizerWebsite":"","_VenueAddress":"","_VenueCity":"","_VenueCountry":"","_VenueProvince":"","_VenueState":"","_VenueZip":"","_VenuePhone":"","_VenueURL":"","_VenueStateProvince":"","_VenueLat":"","_VenueLng":"","_VenueShowMap":false,"_VenueShowMapLink":false,"_tribe_events_status":"","_tribe_events_status_reason":"","footnotes":""},"tags":[128],"tribe_events_cat":[28],"class_list":["post-7562","tribe_events","type-tribe_events","status-publish","has-post-thumbnail","hentry","tag-festival-de-literatura","tribe_events_cat-evenimente","cat_evenimente"],"yoast_head":"<!-- This site is optimized with the Yoast SEO plugin v24.6 - https:\/\/yoast.com\/wordpress\/plugins\/seo\/ -->\n<title>Festivalul Na\u0163ional de Literatur\u0103 - Festlit, edi\u0163ia a 10-a - Biblioteca Jude\u021bean\u0103 \u201eOctavian Goga\u201d Cluj<\/title>\n<meta name=\"robots\" content=\"index, follow, max-snippet:-1, max-image-preview:large, max-video-preview:-1\" \/>\n<link rel=\"canonical\" href=\"https:\/\/new.bjc.ro\/?tribe_events=festivalul-national-de-literatura-festlit-editia-a-10-a\" \/>\n<meta property=\"og:locale\" content=\"ro_RO\" \/>\n<meta property=\"og:type\" content=\"article\" \/>\n<meta property=\"og:title\" content=\"Festivalul Na\u0163ional de Literatur\u0103 - Festlit, edi\u0163ia a 10-a - Biblioteca Jude\u021bean\u0103 \u201eOctavian Goga\u201d Cluj\" \/>\n<meta property=\"og:description\" content=\"Filiala Cluj a Uniunii Scriitorilor din Rom\u00e2nia \u00een parteneriat cu Biblioteca Jude\u0163ean\u0103 \u201eOctavian Goga\u201d Cluj organizeaz\u0103 cea de-a 10-a edi\u021bie a Festivalului Na\u0163ional de Literatur\u0103, FestLit. Programul acestei edi\u0163ii cuprinde: ronduri de gal\u0103 ale scriitorilor, lecturi publice, lans\u0103ri de carte, expozi\u0163ii ale scriitorilor plasticieni etc. Printre invita\u0163ii din acest an&hellip; Cite\u0219te mai mult\" \/>\n<meta property=\"og:url\" content=\"https:\/\/new.bjc.ro\/?tribe_events=festivalul-national-de-literatura-festlit-editia-a-10-a\" \/>\n<meta property=\"og:site_name\" content=\"Biblioteca Jude\u021bean\u0103 \u201eOctavian Goga\u201d Cluj\" \/>\n<meta property=\"article:publisher\" content=\"https:\/\/www.facebook.com\/bibliotecacluj\/\" \/>\n<meta property=\"article:modified_time\" content=\"2023-06-07T07:22:34+00:00\" \/>\n<meta property=\"og:image\" content=\"https:\/\/new.bjc.ro\/wp-content\/uploads\/2023\/06\/Afis-Festlit-iunie-2023-2.jpg\" \/>\n\t<meta property=\"og:image:width\" content=\"403\" \/>\n\t<meta property=\"og:image:height\" content=\"566\" \/>\n\t<meta property=\"og:image:type\" content=\"image\/jpeg\" \/>\n<meta name=\"twitter:card\" content=\"summary_large_image\" \/>\n<meta name=\"twitter:site\" content=\"@BibliotecaGoga\" \/>\n<meta name=\"twitter:label1\" content=\"Timp estimat pentru citire\" \/>\n\t<meta name=\"twitter:data1\" content=\"1 minut\" \/>\n<script type=\"application\/ld+json\" class=\"yoast-schema-graph\">{\"@context\":\"https:\/\/schema.org\",\"@graph\":[{\"@type\":\"WebPage\",\"@id\":\"https:\/\/new.bjc.ro\/?tribe_events=festivalul-national-de-literatura-festlit-editia-a-10-a\",\"url\":\"https:\/\/new.bjc.ro\/?tribe_events=festivalul-national-de-literatura-festlit-editia-a-10-a\",\"name\":\"Festivalul Na\u0163ional de Literatur\u0103 - Festlit, edi\u0163ia a 10-a - Biblioteca Jude\u021bean\u0103 \u201eOctavian Goga\u201d Cluj\",\"isPartOf\":{\"@id\":\"https:\/\/new.bjc.ro\/#website\"},\"primaryImageOfPage\":{\"@id\":\"https:\/\/new.bjc.ro\/?tribe_events=festivalul-national-de-literatura-festlit-editia-a-10-a#primaryimage\"},\"image\":{\"@id\":\"https:\/\/new.bjc.ro\/?tribe_events=festivalul-national-de-literatura-festlit-editia-a-10-a#primaryimage\"},\"thumbnailUrl\":\"https:\/\/new.bjc.ro\/wp-content\/uploads\/2023\/06\/Afis-Festlit-iunie-2023-2.jpg\",\"datePublished\":\"2023-06-07T07:20:28+00:00\",\"dateModified\":\"2023-06-07T07:22:34+00:00\",\"breadcrumb\":{\"@id\":\"https:\/\/new.bjc.ro\/?tribe_events=festivalul-national-de-literatura-festlit-editia-a-10-a#breadcrumb\"},\"inLanguage\":\"ro-RO\",\"potentialAction\":[{\"@type\":\"ReadAction\",\"target\":[\"https:\/\/new.bjc.ro\/?tribe_events=festivalul-national-de-literatura-festlit-editia-a-10-a\"]}]},{\"@type\":\"ImageObject\",\"inLanguage\":\"ro-RO\",\"@id\":\"https:\/\/new.bjc.ro\/?tribe_events=festivalul-national-de-literatura-festlit-editia-a-10-a#primaryimage\",\"url\":\"https:\/\/new.bjc.ro\/wp-content\/uploads\/2023\/06\/Afis-Festlit-iunie-2023-2.jpg\",\"contentUrl\":\"https:\/\/new.bjc.ro\/wp-content\/uploads\/2023\/06\/Afis-Festlit-iunie-2023-2.jpg\",\"width\":403,\"height\":566},{\"@type\":\"BreadcrumbList\",\"@id\":\"https:\/\/new.bjc.ro\/?tribe_events=festivalul-national-de-literatura-festlit-editia-a-10-a#breadcrumb\",\"itemListElement\":[{\"@type\":\"ListItem\",\"position\":1,\"name\":\"Home\",\"item\":\"https:\/\/new.bjc.ro\/\"},{\"@type\":\"ListItem\",\"position\":2,\"name\":\"Evenimente\",\"item\":\"https:\/\/new.bjc.ro\/?post_type=tribe_events\"},{\"@type\":\"ListItem\",\"position\":3,\"name\":\"Festivalul Na\u0163ional de Literatur\u0103 &#8211; Festlit, edi\u0163ia a 10-a\"}]},{\"@type\":\"WebSite\",\"@id\":\"https:\/\/new.bjc.ro\/#website\",\"url\":\"https:\/\/new.bjc.ro\/\",\"name\":\"Biblioteca Jude\u021bean\u0103 \u201eOctavian Goga\u201d Cluj\",\"description\":\"\",\"publisher\":{\"@id\":\"https:\/\/new.bjc.ro\/#organization\"},\"alternateName\":\"Biblioteca Jude\u021bean\u0103 Cluj\",\"potentialAction\":[{\"@type\":\"SearchAction\",\"target\":{\"@type\":\"EntryPoint\",\"urlTemplate\":\"https:\/\/new.bjc.ro\/?s={search_term_string}\"},\"query-input\":{\"@type\":\"PropertyValueSpecification\",\"valueRequired\":true,\"valueName\":\"search_term_string\"}}],\"inLanguage\":\"ro-RO\"},{\"@type\":\"Organization\",\"@id\":\"https:\/\/new.bjc.ro\/#organization\",\"name\":\"Biblioteca Jude\u021bean\u0103 \u201eOctavian Goga\u201d Cluj\",\"url\":\"https:\/\/new.bjc.ro\/\",\"logo\":{\"@type\":\"ImageObject\",\"inLanguage\":\"ro-RO\",\"@id\":\"https:\/\/new.bjc.ro\/#\/schema\/logo\/image\/\",\"url\":\"https:\/\/new.bjc.ro\/wp-content\/uploads\/2023\/03\/sigle.jpg\",\"contentUrl\":\"https:\/\/new.bjc.ro\/wp-content\/uploads\/2023\/03\/sigle.jpg\",\"width\":630,\"height\":473,\"caption\":\"Biblioteca Jude\u021bean\u0103 \u201eOctavian Goga\u201d Cluj\"},\"image\":{\"@id\":\"https:\/\/new.bjc.ro\/#\/schema\/logo\/image\/\"},\"sameAs\":[\"https:\/\/www.facebook.com\/bibliotecacluj\/\",\"https:\/\/x.com\/BibliotecaGoga\",\"https:\/\/www.instagram.com\/biblioteca_judeteana_cluj\/\",\"https:\/\/www.youtube.com\/user\/BibliotecaGoga\"]}]}<\/script>\n<!-- \/ Yoast SEO plugin. -->","yoast_head_json":{"title":"Festivalul Na\u0163ional de Literatur\u0103 - Festlit, edi\u0163ia a 10-a - Biblioteca Jude\u021bean\u0103 \u201eOctavian Goga\u201d Cluj","robots":{"index":"index","follow":"follow","max-snippet":"max-snippet:-1","max-image-preview":"max-image-preview:large","max-video-preview":"max-video-preview:-1"},"canonical":"https:\/\/new.bjc.ro\/?tribe_events=festivalul-national-de-literatura-festlit-editia-a-10-a","og_locale":"ro_RO","og_type":"article","og_title":"Festivalul Na\u0163ional de Literatur\u0103 - Festlit, edi\u0163ia a 10-a - Biblioteca Jude\u021bean\u0103 \u201eOctavian Goga\u201d Cluj","og_description":"Filiala Cluj a Uniunii Scriitorilor din Rom\u00e2nia \u00een parteneriat cu Biblioteca Jude\u0163ean\u0103 \u201eOctavian Goga\u201d Cluj organizeaz\u0103 cea de-a 10-a edi\u021bie a Festivalului Na\u0163ional de Literatur\u0103, FestLit. Programul acestei edi\u0163ii cuprinde: ronduri de gal\u0103 ale scriitorilor, lecturi publice, lans\u0103ri de carte, expozi\u0163ii ale scriitorilor plasticieni etc. Printre invita\u0163ii din acest an&hellip; Cite\u0219te mai mult","og_url":"https:\/\/new.bjc.ro\/?tribe_events=festivalul-national-de-literatura-festlit-editia-a-10-a","og_site_name":"Biblioteca Jude\u021bean\u0103 \u201eOctavian Goga\u201d Cluj","article_publisher":"https:\/\/www.facebook.com\/bibliotecacluj\/","article_modified_time":"2023-06-07T07:22:34+00:00","og_image":[{"width":403,"height":566,"url":"https:\/\/new.bjc.ro\/wp-content\/uploads\/2023\/06\/Afis-Festlit-iunie-2023-2.jpg","type":"image\/jpeg"}],"twitter_card":"summary_large_image","twitter_site":"@BibliotecaGoga","twitter_misc":{"Timp estimat pentru citire":"1 minut"},"schema":{"@context":"https:\/\/schema.org","@graph":[{"@type":"WebPage","@id":"https:\/\/new.bjc.ro\/?tribe_events=festivalul-national-de-literatura-festlit-editia-a-10-a","url":"https:\/\/new.bjc.ro\/?tribe_events=festivalul-national-de-literatura-festlit-editia-a-10-a","name":"Festivalul Na\u0163ional de Literatur\u0103 - Festlit, edi\u0163ia a 10-a - Biblioteca Jude\u021bean\u0103 \u201eOctavian Goga\u201d Cluj","isPartOf":{"@id":"https:\/\/new.bjc.ro\/#website"},"primaryImageOfPage":{"@id":"https:\/\/new.bjc.ro\/?tribe_events=festivalul-national-de-literatura-festlit-editia-a-10-a#primaryimage"},"image":{"@id":"https:\/\/new.bjc.ro\/?tribe_events=festivalul-national-de-literatura-festlit-editia-a-10-a#primaryimage"},"thumbnailUrl":"https:\/\/new.bjc.ro\/wp-content\/uploads\/2023\/06\/Afis-Festlit-iunie-2023-2.jpg","datePublished":"2023-06-07T07:20:28+00:00","dateModified":"2023-06-07T07:22:34+00:00","breadcrumb":{"@id":"https:\/\/new.bjc.ro\/?tribe_events=festivalul-national-de-literatura-festlit-editia-a-10-a#breadcrumb"},"inLanguage":"ro-RO","potentialAction":[{"@type":"ReadAction","target":["https:\/\/new.bjc.ro\/?tribe_events=festivalul-national-de-literatura-festlit-editia-a-10-a"]}]},{"@type":"ImageObject","inLanguage":"ro-RO","@id":"https:\/\/new.bjc.ro\/?tribe_events=festivalul-national-de-literatura-festlit-editia-a-10-a#primaryimage","url":"https:\/\/new.bjc.ro\/wp-content\/uploads\/2023\/06\/Afis-Festlit-iunie-2023-2.jpg","contentUrl":"https:\/\/new.bjc.ro\/wp-content\/uploads\/2023\/06\/Afis-Festlit-iunie-2023-2.jpg","width":403,"height":566},{"@type":"BreadcrumbList","@id":"https:\/\/new.bjc.ro\/?tribe_events=festivalul-national-de-literatura-festlit-editia-a-10-a#breadcrumb","itemListElement":[{"@type":"ListItem","position":1,"name":"Home","item":"https:\/\/new.bjc.ro\/"},{"@type":"ListItem","position":2,"name":"Evenimente","item":"https:\/\/new.bjc.ro\/?post_type=tribe_events"},{"@type":"ListItem","position":3,"name":"Festivalul Na\u0163ional de Literatur\u0103 &#8211; Festlit, edi\u0163ia a 10-a"}]},{"@type":"WebSite","@id":"https:\/\/new.bjc.ro\/#website","url":"https:\/\/new.bjc.ro\/","name":"Biblioteca Jude\u021bean\u0103 \u201eOctavian Goga\u201d Cluj","description":"","publisher":{"@id":"https:\/\/new.bjc.ro\/#organization"},"alternateName":"Biblioteca Jude\u021bean\u0103 Cluj","potentialAction":[{"@type":"SearchAction","target":{"@type":"EntryPoint","urlTemplate":"https:\/\/new.bjc.ro\/?s={search_term_string}"},"query-input":{"@type":"PropertyValueSpecification","valueRequired":true,"valueName":"search_term_string"}}],"inLanguage":"ro-RO"},{"@type":"Organization","@id":"https:\/\/new.bjc.ro\/#organization","name":"Biblioteca Jude\u021bean\u0103 \u201eOctavian Goga\u201d Cluj","url":"https:\/\/new.bjc.ro\/","logo":{"@type":"ImageObject","inLanguage":"ro-RO","@id":"https:\/\/new.bjc.ro\/#\/schema\/logo\/image\/","url":"https:\/\/new.bjc.ro\/wp-content\/uploads\/2023\/03\/sigle.jpg","contentUrl":"https:\/\/new.bjc.ro\/wp-content\/uploads\/2023\/03\/sigle.jpg","width":630,"height":473,"caption":"Biblioteca Jude\u021bean\u0103 \u201eOctavian Goga\u201d Cluj"},"image":{"@id":"https:\/\/new.bjc.ro\/#\/schema\/logo\/image\/"},"sameAs":["https:\/\/www.facebook.com\/bibliotecacluj\/","https:\/\/x.com\/BibliotecaGoga","https:\/\/www.instagram.com\/biblioteca_judeteana_cluj\/","https:\/\/www.youtube.com\/user\/BibliotecaGoga"]}]}},"_links":{"self":[{"href":"https:\/\/new.bjc.ro\/index.php?rest_route=\/wp\/v2\/tribe_events\/7562","targetHints":{"allow":["GET"]}}],"collection":[{"href":"https:\/\/new.bjc.ro\/index.php?rest_route=\/wp\/v2\/tribe_events"}],"about":[{"href":"https:\/\/new.bjc.ro\/index.php?rest_route=\/wp\/v2\/types\/tribe_events"}],"author":[{"embeddable":true,"href":"https:\/\/new.bjc.ro\/index.php?rest_route=\/wp\/v2\/users\/1"}],"version-history":[{"count":2,"href":"https:\/\/new.bjc.ro\/index.php?rest_route=\/wp\/v2\/tribe_events\/7562\/revisions"}],"predecessor-version":[{"id":7566,"href":"https:\/\/new.bjc.ro\/index.php?rest_route=\/wp\/v2\/tribe_events\/7562\/revisions\/7566"}],"wp:featuredmedia":[{"embeddable":true,"href":"https:\/\/new.bjc.ro\/index.php?rest_route=\/wp\/v2\/media\/7563"}],"wp:attachment":[{"href":"https:\/\/new.bjc.ro\/index.php?rest_route=%2Fwp%2Fv2%2Fmedia&parent=7562"}],"wp:term":[{"taxonomy":"post_tag","embeddable":true,"href":"https:\/\/new.bjc.ro\/index.php?rest_route=%2Fwp%2Fv2%2Ftags&post=7562"},{"taxonomy":"tribe_events_cat","embeddable":true,"href":"https:\/\/new.bjc.ro\/index.php?rest_route=%2Fwp%2Fv2%2Ftribe_events_cat&post=7562"}],"curies":[{"name":"wp","href":"https:\/\/api.w.org\/{rel}","templated":true}]}}