{"id":7606,"date":"2023-06-13T13:20:45","date_gmt":"2023-06-13T10:20:45","guid":{"rendered":"https:\/\/new.bjc.ro\/?post_type=tribe_events&#038;p=7606"},"modified":"2023-07-31T11:24:40","modified_gmt":"2023-07-31T08:24:40","slug":"expozitia-de-fotografie-momente-surprinse","status":"publish","type":"tribe_events","link":"https:\/\/new.bjc.ro\/?tribe_events=expozitia-de-fotografie-momente-surprinse","title":{"rendered":"Expozi\u021bia de fotografie &#8222;Momente surprinse&#8221;"},"content":{"rendered":"<p>Asocia\u021bia ArtImage Cluj-Napoca v\u0103 invit\u0103 la vernisajul unei expozi\u021bii fotografice de excep\u021bie cu lucr\u0103ri realizate de c\u0103tre reputatul artist fotograf or\u0103dean, \u0218tefan Toth, AFIAP, ESFIAP \u00een data de 19 iunie 2023, ora 18.00 \u00een foaierul Bibliotecii Jude\u021bene &#8222;Octavian Goga&#8221;\u00a0Cluj.<\/p>\n","protected":false},"excerpt":{"rendered":"<p>Asocia\u021bia ArtImage Cluj-Napoca v\u0103 invit\u0103 la vernisajul unei expozi\u021bii fotografice de excep\u021bie cu lucr\u0103ri realizate de c\u0103tre reputatul artist fotograf or\u0103dean, \u0218tefan Toth, AFIAP, ESFIAP \u00een data de 19 iunie 2023, ora 18.00 \u00een foaierul Bibliotecii Jude\u021bene &#8222;Octavian Goga&#8221;\u00a0Cluj.<\/p>\n","protected":false},"author":1,"featured_media":7607,"template":"","meta":{"_monsterinsights_skip_tracking":false,"_monsterinsights_sitenote_active":false,"_monsterinsights_sitenote_note":"","_monsterinsights_sitenote_category":0,"_EventAllDay":false,"_EventTimezone":"Europe\/Bucharest","_EventStartDate":"2023-06-19 18:00:00","_EventEndDate":"2023-06-19 20:00:00","_EventStartDateUTC":"2023-06-19 15:00:00","_EventEndDateUTC":"2023-06-19 17:00:00","_EventShowMap":true,"_EventShowMapLink":true,"_EventURL":"","_EventCost":"","_EventCostDescription":"","_EventCurrencySymbol":"","_EventCurrencyCode":"","_EventCurrencyPosition":"prefix","_EventDateTimeSeparator":"","_EventTimeRangeSeparator":"","_EventOrganizerID":[6744],"_EventVenueID":[3721],"_OrganizerEmail":"","_OrganizerPhone":"","_OrganizerWebsite":"","_VenueAddress":"","_VenueCity":"","_VenueCountry":"","_VenueProvince":"","_VenueState":"","_VenueZip":"","_VenuePhone":"","_VenueURL":"","_VenueStateProvince":"","_VenueLat":"","_VenueLng":"","_VenueShowMap":false,"_VenueShowMapLink":false,"_tribe_events_status":"","_tribe_events_status_reason":"","footnotes":""},"tags":[104,130],"tribe_events_cat":[94],"class_list":["post-7606","tribe_events","type-tribe_events","status-publish","has-post-thumbnail","hentry","tag-expozitie","tag-fotografie","tribe_events_cat-expozitie","cat_expozitie"],"yoast_head":"<!-- This site is optimized with the Yoast SEO plugin v24.6 - https:\/\/yoast.com\/wordpress\/plugins\/seo\/ -->\n<title>Expozi\u021bia de fotografie &quot;Momente surprinse&quot; - Biblioteca Jude\u021bean\u0103 \u201eOctavian Goga\u201d Cluj<\/title>\n<meta name=\"description\" content=\"Asocia\u021bia ArtImage, expozi\u021bie fotografic\u0103\" \/>\n<meta name=\"robots\" content=\"index, follow, max-snippet:-1, max-image-preview:large, max-video-preview:-1\" \/>\n<link rel=\"canonical\" href=\"https:\/\/new.bjc.ro\/?tribe_events=expozitia-de-fotografie-momente-surprinse\" \/>\n<meta property=\"og:locale\" content=\"ro_RO\" \/>\n<meta property=\"og:type\" content=\"article\" \/>\n<meta property=\"og:title\" content=\"Expozi\u021bia de fotografie &quot;Momente surprinse&quot; - Biblioteca Jude\u021bean\u0103 \u201eOctavian Goga\u201d Cluj\" \/>\n<meta property=\"og:description\" content=\"Asocia\u021bia ArtImage, expozi\u021bie fotografic\u0103\" \/>\n<meta property=\"og:url\" content=\"https:\/\/new.bjc.ro\/?tribe_events=expozitia-de-fotografie-momente-surprinse\" \/>\n<meta property=\"og:site_name\" content=\"Biblioteca Jude\u021bean\u0103 \u201eOctavian Goga\u201d Cluj\" \/>\n<meta property=\"article:publisher\" content=\"https:\/\/www.facebook.com\/bibliotecacluj\/\" \/>\n<meta property=\"article:modified_time\" content=\"2023-07-31T08:24:40+00:00\" \/>\n<meta property=\"og:image\" content=\"https:\/\/new.bjc.ro\/wp-content\/uploads\/2023\/06\/Afis-2.jpg\" \/>\n\t<meta property=\"og:image:width\" content=\"400\" \/>\n\t<meta property=\"og:image:height\" content=\"566\" \/>\n\t<meta property=\"og:image:type\" content=\"image\/jpeg\" \/>\n<meta name=\"twitter:card\" content=\"summary_large_image\" \/>\n<meta name=\"twitter:site\" content=\"@BibliotecaGoga\" \/>\n<meta name=\"twitter:label1\" content=\"Timp estimat pentru citire\" \/>\n\t<meta name=\"twitter:data1\" content=\"1 minut\" \/>\n<script type=\"application\/ld+json\" class=\"yoast-schema-graph\">{\"@context\":\"https:\/\/schema.org\",\"@graph\":[{\"@type\":\"WebPage\",\"@id\":\"https:\/\/new.bjc.ro\/?tribe_events=expozitia-de-fotografie-momente-surprinse\",\"url\":\"https:\/\/new.bjc.ro\/?tribe_events=expozitia-de-fotografie-momente-surprinse\",\"name\":\"Expozi\u021bia de fotografie \\\"Momente surprinse\\\" - Biblioteca Jude\u021bean\u0103 \u201eOctavian Goga\u201d Cluj\",\"isPartOf\":{\"@id\":\"https:\/\/new.bjc.ro\/#website\"},\"primaryImageOfPage\":{\"@id\":\"https:\/\/new.bjc.ro\/?tribe_events=expozitia-de-fotografie-momente-surprinse#primaryimage\"},\"image\":{\"@id\":\"https:\/\/new.bjc.ro\/?tribe_events=expozitia-de-fotografie-momente-surprinse#primaryimage\"},\"thumbnailUrl\":\"https:\/\/new.bjc.ro\/wp-content\/uploads\/2023\/06\/Afis-2.jpg\",\"datePublished\":\"2023-06-13T10:20:45+00:00\",\"dateModified\":\"2023-07-31T08:24:40+00:00\",\"description\":\"Asocia\u021bia ArtImage, expozi\u021bie fotografic\u0103\",\"breadcrumb\":{\"@id\":\"https:\/\/new.bjc.ro\/?tribe_events=expozitia-de-fotografie-momente-surprinse#breadcrumb\"},\"inLanguage\":\"ro-RO\",\"potentialAction\":[{\"@type\":\"ReadAction\",\"target\":[\"https:\/\/new.bjc.ro\/?tribe_events=expozitia-de-fotografie-momente-surprinse\"]}]},{\"@type\":\"ImageObject\",\"inLanguage\":\"ro-RO\",\"@id\":\"https:\/\/new.bjc.ro\/?tribe_events=expozitia-de-fotografie-momente-surprinse#primaryimage\",\"url\":\"https:\/\/new.bjc.ro\/wp-content\/uploads\/2023\/06\/Afis-2.jpg\",\"contentUrl\":\"https:\/\/new.bjc.ro\/wp-content\/uploads\/2023\/06\/Afis-2.jpg\",\"width\":400,\"height\":566},{\"@type\":\"BreadcrumbList\",\"@id\":\"https:\/\/new.bjc.ro\/?tribe_events=expozitia-de-fotografie-momente-surprinse#breadcrumb\",\"itemListElement\":[{\"@type\":\"ListItem\",\"position\":1,\"name\":\"Home\",\"item\":\"https:\/\/new.bjc.ro\/\"},{\"@type\":\"ListItem\",\"position\":2,\"name\":\"Evenimente\",\"item\":\"https:\/\/new.bjc.ro\/?post_type=tribe_events\"},{\"@type\":\"ListItem\",\"position\":3,\"name\":\"Expozi\u021bia de fotografie &#8220;Momente surprinse&#8221;\"}]},{\"@type\":\"WebSite\",\"@id\":\"https:\/\/new.bjc.ro\/#website\",\"url\":\"https:\/\/new.bjc.ro\/\",\"name\":\"Biblioteca Jude\u021bean\u0103 \u201eOctavian Goga\u201d Cluj\",\"description\":\"\",\"publisher\":{\"@id\":\"https:\/\/new.bjc.ro\/#organization\"},\"alternateName\":\"Biblioteca Jude\u021bean\u0103 Cluj\",\"potentialAction\":[{\"@type\":\"SearchAction\",\"target\":{\"@type\":\"EntryPoint\",\"urlTemplate\":\"https:\/\/new.bjc.ro\/?s={search_term_string}\"},\"query-input\":{\"@type\":\"PropertyValueSpecification\",\"valueRequired\":true,\"valueName\":\"search_term_string\"}}],\"inLanguage\":\"ro-RO\"},{\"@type\":\"Organization\",\"@id\":\"https:\/\/new.bjc.ro\/#organization\",\"name\":\"Biblioteca Jude\u021bean\u0103 \u201eOctavian Goga\u201d Cluj\",\"url\":\"https:\/\/new.bjc.ro\/\",\"logo\":{\"@type\":\"ImageObject\",\"inLanguage\":\"ro-RO\",\"@id\":\"https:\/\/new.bjc.ro\/#\/schema\/logo\/image\/\",\"url\":\"https:\/\/new.bjc.ro\/wp-content\/uploads\/2023\/03\/sigle.jpg\",\"contentUrl\":\"https:\/\/new.bjc.ro\/wp-content\/uploads\/2023\/03\/sigle.jpg\",\"width\":630,\"height\":473,\"caption\":\"Biblioteca Jude\u021bean\u0103 \u201eOctavian Goga\u201d Cluj\"},\"image\":{\"@id\":\"https:\/\/new.bjc.ro\/#\/schema\/logo\/image\/\"},\"sameAs\":[\"https:\/\/www.facebook.com\/bibliotecacluj\/\",\"https:\/\/x.com\/BibliotecaGoga\",\"https:\/\/www.instagram.com\/biblioteca_judeteana_cluj\/\",\"https:\/\/www.youtube.com\/user\/BibliotecaGoga\"]}]}<\/script>\n<!-- \/ Yoast SEO plugin. -->","yoast_head_json":{"title":"Expozi\u021bia de fotografie \"Momente surprinse\" - Biblioteca Jude\u021bean\u0103 \u201eOctavian Goga\u201d Cluj","description":"Asocia\u021bia ArtImage, expozi\u021bie fotografic\u0103","robots":{"index":"index","follow":"follow","max-snippet":"max-snippet:-1","max-image-preview":"max-image-preview:large","max-video-preview":"max-video-preview:-1"},"canonical":"https:\/\/new.bjc.ro\/?tribe_events=expozitia-de-fotografie-momente-surprinse","og_locale":"ro_RO","og_type":"article","og_title":"Expozi\u021bia de fotografie \"Momente surprinse\" - Biblioteca Jude\u021bean\u0103 \u201eOctavian Goga\u201d Cluj","og_description":"Asocia\u021bia ArtImage, expozi\u021bie fotografic\u0103","og_url":"https:\/\/new.bjc.ro\/?tribe_events=expozitia-de-fotografie-momente-surprinse","og_site_name":"Biblioteca Jude\u021bean\u0103 \u201eOctavian Goga\u201d Cluj","article_publisher":"https:\/\/www.facebook.com\/bibliotecacluj\/","article_modified_time":"2023-07-31T08:24:40+00:00","og_image":[{"width":400,"height":566,"url":"https:\/\/new.bjc.ro\/wp-content\/uploads\/2023\/06\/Afis-2.jpg","type":"image\/jpeg"}],"twitter_card":"summary_large_image","twitter_site":"@BibliotecaGoga","twitter_misc":{"Timp estimat pentru citire":"1 minut"},"schema":{"@context":"https:\/\/schema.org","@graph":[{"@type":"WebPage","@id":"https:\/\/new.bjc.ro\/?tribe_events=expozitia-de-fotografie-momente-surprinse","url":"https:\/\/new.bjc.ro\/?tribe_events=expozitia-de-fotografie-momente-surprinse","name":"Expozi\u021bia de fotografie \"Momente surprinse\" - Biblioteca Jude\u021bean\u0103 \u201eOctavian Goga\u201d Cluj","isPartOf":{"@id":"https:\/\/new.bjc.ro\/#website"},"primaryImageOfPage":{"@id":"https:\/\/new.bjc.ro\/?tribe_events=expozitia-de-fotografie-momente-surprinse#primaryimage"},"image":{"@id":"https:\/\/new.bjc.ro\/?tribe_events=expozitia-de-fotografie-momente-surprinse#primaryimage"},"thumbnailUrl":"https:\/\/new.bjc.ro\/wp-content\/uploads\/2023\/06\/Afis-2.jpg","datePublished":"2023-06-13T10:20:45+00:00","dateModified":"2023-07-31T08:24:40+00:00","description":"Asocia\u021bia ArtImage, expozi\u021bie fotografic\u0103","breadcrumb":{"@id":"https:\/\/new.bjc.ro\/?tribe_events=expozitia-de-fotografie-momente-surprinse#breadcrumb"},"inLanguage":"ro-RO","potentialAction":[{"@type":"ReadAction","target":["https:\/\/new.bjc.ro\/?tribe_events=expozitia-de-fotografie-momente-surprinse"]}]},{"@type":"ImageObject","inLanguage":"ro-RO","@id":"https:\/\/new.bjc.ro\/?tribe_events=expozitia-de-fotografie-momente-surprinse#primaryimage","url":"https:\/\/new.bjc.ro\/wp-content\/uploads\/2023\/06\/Afis-2.jpg","contentUrl":"https:\/\/new.bjc.ro\/wp-content\/uploads\/2023\/06\/Afis-2.jpg","width":400,"height":566},{"@type":"BreadcrumbList","@id":"https:\/\/new.bjc.ro\/?tribe_events=expozitia-de-fotografie-momente-surprinse#breadcrumb","itemListElement":[{"@type":"ListItem","position":1,"name":"Home","item":"https:\/\/new.bjc.ro\/"},{"@type":"ListItem","position":2,"name":"Evenimente","item":"https:\/\/new.bjc.ro\/?post_type=tribe_events"},{"@type":"ListItem","position":3,"name":"Expozi\u021bia de fotografie &#8220;Momente surprinse&#8221;"}]},{"@type":"WebSite","@id":"https:\/\/new.bjc.ro\/#website","url":"https:\/\/new.bjc.ro\/","name":"Biblioteca Jude\u021bean\u0103 \u201eOctavian Goga\u201d Cluj","description":"","publisher":{"@id":"https:\/\/new.bjc.ro\/#organization"},"alternateName":"Biblioteca Jude\u021bean\u0103 Cluj","potentialAction":[{"@type":"SearchAction","target":{"@type":"EntryPoint","urlTemplate":"https:\/\/new.bjc.ro\/?s={search_term_string}"},"query-input":{"@type":"PropertyValueSpecification","valueRequired":true,"valueName":"search_term_string"}}],"inLanguage":"ro-RO"},{"@type":"Organization","@id":"https:\/\/new.bjc.ro\/#organization","name":"Biblioteca Jude\u021bean\u0103 \u201eOctavian Goga\u201d Cluj","url":"https:\/\/new.bjc.ro\/","logo":{"@type":"ImageObject","inLanguage":"ro-RO","@id":"https:\/\/new.bjc.ro\/#\/schema\/logo\/image\/","url":"https:\/\/new.bjc.ro\/wp-content\/uploads\/2023\/03\/sigle.jpg","contentUrl":"https:\/\/new.bjc.ro\/wp-content\/uploads\/2023\/03\/sigle.jpg","width":630,"height":473,"caption":"Biblioteca Jude\u021bean\u0103 \u201eOctavian Goga\u201d Cluj"},"image":{"@id":"https:\/\/new.bjc.ro\/#\/schema\/logo\/image\/"},"sameAs":["https:\/\/www.facebook.com\/bibliotecacluj\/","https:\/\/x.com\/BibliotecaGoga","https:\/\/www.instagram.com\/biblioteca_judeteana_cluj\/","https:\/\/www.youtube.com\/user\/BibliotecaGoga"]}]}},"_links":{"self":[{"href":"https:\/\/new.bjc.ro\/index.php?rest_route=\/wp\/v2\/tribe_events\/7606","targetHints":{"allow":["GET"]}}],"collection":[{"href":"https:\/\/new.bjc.ro\/index.php?rest_route=\/wp\/v2\/tribe_events"}],"about":[{"href":"https:\/\/new.bjc.ro\/index.php?rest_route=\/wp\/v2\/types\/tribe_events"}],"author":[{"embeddable":true,"href":"https:\/\/new.bjc.ro\/index.php?rest_route=\/wp\/v2\/users\/1"}],"version-history":[{"count":1,"href":"https:\/\/new.bjc.ro\/index.php?rest_route=\/wp\/v2\/tribe_events\/7606\/revisions"}],"predecessor-version":[{"id":7608,"href":"https:\/\/new.bjc.ro\/index.php?rest_route=\/wp\/v2\/tribe_events\/7606\/revisions\/7608"}],"wp:featuredmedia":[{"embeddable":true,"href":"https:\/\/new.bjc.ro\/index.php?rest_route=\/wp\/v2\/media\/7607"}],"wp:attachment":[{"href":"https:\/\/new.bjc.ro\/index.php?rest_route=%2Fwp%2Fv2%2Fmedia&parent=7606"}],"wp:term":[{"taxonomy":"post_tag","embeddable":true,"href":"https:\/\/new.bjc.ro\/index.php?rest_route=%2Fwp%2Fv2%2Ftags&post=7606"},{"taxonomy":"tribe_events_cat","embeddable":true,"href":"https:\/\/new.bjc.ro\/index.php?rest_route=%2Fwp%2Fv2%2Ftribe_events_cat&post=7606"}],"curies":[{"name":"wp","href":"https:\/\/api.w.org\/{rel}","templated":true}]}}