{"id":7648,"date":"2023-06-22T13:55:27","date_gmt":"2023-06-22T10:55:27","guid":{"rendered":"https:\/\/new.bjc.ro\/?post_type=tribe_events&#038;p=7648"},"modified":"2023-07-31T11:18:18","modified_gmt":"2023-07-31T08:18:18","slug":"clubul-lecturii-de-vacanta","status":"publish","type":"tribe_events","link":"https:\/\/new.bjc.ro\/?tribe_events=clubul-lecturii-de-vacanta","title":{"rendered":"Clubul lecturii de vacan\u021b\u0103 \u201eMicii bibliofili clujeni\u201d"},"content":{"rendered":"<p>Biblioteca jude\u021bean\u0103 invit\u0103 copiii cu v\u00e2rsta cuprins\u0103 \u00eentre 10 \u0219i 14 ani la <em>Clubul lecturii de vacan\u021b\u0103<\/em> cu tema \u201eMicii bibliofili clujeni\u201d. Clubul va avea loc \u00een perioada 3-7 iulie 2022, \u00eentre orele 13.00-15.00, la Sec\u021bia pentru copii de la sediul central \u0219i la Filialele Zorilor \u0219i \u201eTraian Brad\u201d. Participan\u021bii vor avea ocazia s\u0103 discute despre preferin\u021bele lor de lectur\u0103, fie c\u0103 acestea se \u00eencadreaz\u0103 \u00een categoria c\u0103r\u021bilor de aventur\u0103, fantasy, istorice sau, de ce nu, a benzilor desenate.<\/p>\n<p>Participarea este gratuit\u0103, pe baza Permisului de intrare la bibliotec\u0103. Informa\u021bii \u0219i \u00eenscrieri la:<\/p>\n<ul>\n<li>Sec\u021bia pentru copii, Calea Doroban\u021bilor nr. 104, parter est, e-mail: copii@bjc.ro, telefon: 0264.430323;<\/li>\n<li>Filiala \u201eTraian Brad\u201d, str. Izlazului nr. 18, e-mail: manastur@bjc.ro, telefon: 0264.565784;<\/li>\n<li>Filiala Zorilor, str. Observatorului nr.1, e-mail: zorilor@bjc.ro, telefon: 0264.438409.<\/li>\n<\/ul>\n<p>V\u0103 a\u0219tept\u0103m cu drag!<\/p>\n","protected":false},"excerpt":{"rendered":"<p>Biblioteca jude\u021bean\u0103 invit\u0103 copiii cu v\u00e2rsta cuprins\u0103 \u00eentre 10 \u0219i 14 ani la Clubul lecturii de vacan\u021b\u0103 cu tema \u201eMicii bibliofili clujeni\u201d. Clubul va avea loc \u00een perioada 3-7 iulie 2022, \u00eentre orele 13.00-15.00, la Sec\u021bia pentru copii de la sediul central \u0219i la Filialele Zorilor \u0219i \u201eTraian Brad\u201d. Participan\u021bii&hellip; <br \/> <a class=\"read-more\" href=\"https:\/\/new.bjc.ro\/?tribe_events=clubul-lecturii-de-vacanta\">Cite\u0219te mai mult<\/a><\/p>\n","protected":false},"author":7,"featured_media":7650,"template":"","meta":{"_monsterinsights_skip_tracking":false,"_monsterinsights_sitenote_active":false,"_monsterinsights_sitenote_note":"","_monsterinsights_sitenote_category":0,"_EventAllDay":false,"_EventTimezone":"Europe\/Bucharest","_EventStartDate":"2023-07-03 13:00:00","_EventEndDate":"2023-07-07 17:00:00","_EventStartDateUTC":"2023-07-03 10:00:00","_EventEndDateUTC":"2023-07-07 14:00:00","_EventShowMap":true,"_EventShowMapLink":true,"_EventURL":"","_EventCost":"","_EventCostDescription":"","_EventCurrencySymbol":"","_EventCurrencyCode":"","_EventCurrencyPosition":"prefix","_EventDateTimeSeparator":"","_EventTimeRangeSeparator":"","_EventOrganizerID":[2810],"_EventVenueID":[3721],"_OrganizerEmail":"","_OrganizerPhone":"","_OrganizerWebsite":"","_VenueAddress":"","_VenueCity":"","_VenueCountry":"","_VenueProvince":"","_VenueState":"","_VenueZip":"","_VenuePhone":"","_VenueURL":"","_VenueStateProvince":"","_VenueLat":"","_VenueLng":"","_VenueShowMap":false,"_VenueShowMapLink":false,"_tribe_events_status":"","_tribe_events_status_reason":"","footnotes":""},"tags":[93],"tribe_events_cat":[54],"class_list":["post-7648","tribe_events","type-tribe_events","status-publish","has-post-thumbnail","hentry","tag-club-de-lectura","tribe_events_cat-cluburi","cat_cluburi"],"yoast_head":"<!-- This site is optimized with the Yoast SEO plugin v24.6 - https:\/\/yoast.com\/wordpress\/plugins\/seo\/ -->\n<title>Clubul lecturii de vacan\u021b\u0103 \u201eMicii bibliofili clujeni\u201d - Biblioteca Jude\u021bean\u0103 \u201eOctavian Goga\u201d Cluj<\/title>\n<meta name=\"description\" content=\"adresat copiilor, participare gratuit\u0103\" \/>\n<meta name=\"robots\" content=\"index, follow, max-snippet:-1, max-image-preview:large, max-video-preview:-1\" \/>\n<link rel=\"canonical\" href=\"https:\/\/new.bjc.ro\/?tribe_events=clubul-lecturii-de-vacanta\" \/>\n<meta property=\"og:locale\" content=\"ro_RO\" \/>\n<meta property=\"og:type\" content=\"article\" \/>\n<meta property=\"og:title\" content=\"Clubul lecturii de vacan\u021b\u0103 \u201eMicii bibliofili clujeni\u201d - Biblioteca Jude\u021bean\u0103 \u201eOctavian Goga\u201d Cluj\" \/>\n<meta property=\"og:description\" content=\"adresat copiilor, participare gratuit\u0103\" \/>\n<meta property=\"og:url\" content=\"https:\/\/new.bjc.ro\/?tribe_events=clubul-lecturii-de-vacanta\" \/>\n<meta property=\"og:site_name\" content=\"Biblioteca Jude\u021bean\u0103 \u201eOctavian Goga\u201d Cluj\" \/>\n<meta property=\"article:publisher\" content=\"https:\/\/www.facebook.com\/bibliotecacluj\/\" \/>\n<meta property=\"article:modified_time\" content=\"2023-07-31T08:18:18+00:00\" \/>\n<meta property=\"og:image\" content=\"https:\/\/new.bjc.ro\/wp-content\/uploads\/2023\/06\/Afis-Clubul-lecturii-de-vacanta1.jpg\" \/>\n\t<meta property=\"og:image:width\" content=\"400\" \/>\n\t<meta property=\"og:image:height\" content=\"566\" \/>\n\t<meta property=\"og:image:type\" content=\"image\/jpeg\" \/>\n<meta name=\"twitter:card\" content=\"summary_large_image\" \/>\n<meta name=\"twitter:site\" content=\"@BibliotecaGoga\" \/>\n<meta name=\"twitter:label1\" content=\"Timp estimat pentru citire\" \/>\n\t<meta name=\"twitter:data1\" content=\"1 minut\" \/>\n<script type=\"application\/ld+json\" class=\"yoast-schema-graph\">{\"@context\":\"https:\/\/schema.org\",\"@graph\":[{\"@type\":\"WebPage\",\"@id\":\"https:\/\/new.bjc.ro\/?tribe_events=clubul-lecturii-de-vacanta\",\"url\":\"https:\/\/new.bjc.ro\/?tribe_events=clubul-lecturii-de-vacanta\",\"name\":\"Clubul lecturii de vacan\u021b\u0103 \u201eMicii bibliofili clujeni\u201d - Biblioteca Jude\u021bean\u0103 \u201eOctavian Goga\u201d Cluj\",\"isPartOf\":{\"@id\":\"https:\/\/new.bjc.ro\/#website\"},\"primaryImageOfPage\":{\"@id\":\"https:\/\/new.bjc.ro\/?tribe_events=clubul-lecturii-de-vacanta#primaryimage\"},\"image\":{\"@id\":\"https:\/\/new.bjc.ro\/?tribe_events=clubul-lecturii-de-vacanta#primaryimage\"},\"thumbnailUrl\":\"https:\/\/new.bjc.ro\/wp-content\/uploads\/2023\/06\/Afis-Clubul-lecturii-de-vacanta1.jpg\",\"datePublished\":\"2023-06-22T10:55:27+00:00\",\"dateModified\":\"2023-07-31T08:18:18+00:00\",\"description\":\"adresat copiilor, participare gratuit\u0103\",\"breadcrumb\":{\"@id\":\"https:\/\/new.bjc.ro\/?tribe_events=clubul-lecturii-de-vacanta#breadcrumb\"},\"inLanguage\":\"ro-RO\",\"potentialAction\":[{\"@type\":\"ReadAction\",\"target\":[\"https:\/\/new.bjc.ro\/?tribe_events=clubul-lecturii-de-vacanta\"]}]},{\"@type\":\"ImageObject\",\"inLanguage\":\"ro-RO\",\"@id\":\"https:\/\/new.bjc.ro\/?tribe_events=clubul-lecturii-de-vacanta#primaryimage\",\"url\":\"https:\/\/new.bjc.ro\/wp-content\/uploads\/2023\/06\/Afis-Clubul-lecturii-de-vacanta1.jpg\",\"contentUrl\":\"https:\/\/new.bjc.ro\/wp-content\/uploads\/2023\/06\/Afis-Clubul-lecturii-de-vacanta1.jpg\",\"width\":400,\"height\":566},{\"@type\":\"BreadcrumbList\",\"@id\":\"https:\/\/new.bjc.ro\/?tribe_events=clubul-lecturii-de-vacanta#breadcrumb\",\"itemListElement\":[{\"@type\":\"ListItem\",\"position\":1,\"name\":\"Home\",\"item\":\"https:\/\/new.bjc.ro\/\"},{\"@type\":\"ListItem\",\"position\":2,\"name\":\"Evenimente\",\"item\":\"https:\/\/new.bjc.ro\/?post_type=tribe_events\"},{\"@type\":\"ListItem\",\"position\":3,\"name\":\"Clubul lecturii de vacan\u021b\u0103 \u201eMicii bibliofili clujeni\u201d\"}]},{\"@type\":\"WebSite\",\"@id\":\"https:\/\/new.bjc.ro\/#website\",\"url\":\"https:\/\/new.bjc.ro\/\",\"name\":\"Biblioteca Jude\u021bean\u0103 \u201eOctavian Goga\u201d Cluj\",\"description\":\"\",\"publisher\":{\"@id\":\"https:\/\/new.bjc.ro\/#organization\"},\"alternateName\":\"Biblioteca Jude\u021bean\u0103 Cluj\",\"potentialAction\":[{\"@type\":\"SearchAction\",\"target\":{\"@type\":\"EntryPoint\",\"urlTemplate\":\"https:\/\/new.bjc.ro\/?s={search_term_string}\"},\"query-input\":{\"@type\":\"PropertyValueSpecification\",\"valueRequired\":true,\"valueName\":\"search_term_string\"}}],\"inLanguage\":\"ro-RO\"},{\"@type\":\"Organization\",\"@id\":\"https:\/\/new.bjc.ro\/#organization\",\"name\":\"Biblioteca Jude\u021bean\u0103 \u201eOctavian Goga\u201d Cluj\",\"url\":\"https:\/\/new.bjc.ro\/\",\"logo\":{\"@type\":\"ImageObject\",\"inLanguage\":\"ro-RO\",\"@id\":\"https:\/\/new.bjc.ro\/#\/schema\/logo\/image\/\",\"url\":\"https:\/\/new.bjc.ro\/wp-content\/uploads\/2023\/03\/sigle.jpg\",\"contentUrl\":\"https:\/\/new.bjc.ro\/wp-content\/uploads\/2023\/03\/sigle.jpg\",\"width\":630,\"height\":473,\"caption\":\"Biblioteca Jude\u021bean\u0103 \u201eOctavian Goga\u201d Cluj\"},\"image\":{\"@id\":\"https:\/\/new.bjc.ro\/#\/schema\/logo\/image\/\"},\"sameAs\":[\"https:\/\/www.facebook.com\/bibliotecacluj\/\",\"https:\/\/x.com\/BibliotecaGoga\",\"https:\/\/www.instagram.com\/biblioteca_judeteana_cluj\/\",\"https:\/\/www.youtube.com\/user\/BibliotecaGoga\"]}]}<\/script>\n<!-- \/ Yoast SEO plugin. -->","yoast_head_json":{"title":"Clubul lecturii de vacan\u021b\u0103 \u201eMicii bibliofili clujeni\u201d - Biblioteca Jude\u021bean\u0103 \u201eOctavian Goga\u201d Cluj","description":"adresat copiilor, participare gratuit\u0103","robots":{"index":"index","follow":"follow","max-snippet":"max-snippet:-1","max-image-preview":"max-image-preview:large","max-video-preview":"max-video-preview:-1"},"canonical":"https:\/\/new.bjc.ro\/?tribe_events=clubul-lecturii-de-vacanta","og_locale":"ro_RO","og_type":"article","og_title":"Clubul lecturii de vacan\u021b\u0103 \u201eMicii bibliofili clujeni\u201d - Biblioteca Jude\u021bean\u0103 \u201eOctavian Goga\u201d Cluj","og_description":"adresat copiilor, participare gratuit\u0103","og_url":"https:\/\/new.bjc.ro\/?tribe_events=clubul-lecturii-de-vacanta","og_site_name":"Biblioteca Jude\u021bean\u0103 \u201eOctavian Goga\u201d Cluj","article_publisher":"https:\/\/www.facebook.com\/bibliotecacluj\/","article_modified_time":"2023-07-31T08:18:18+00:00","og_image":[{"width":400,"height":566,"url":"https:\/\/new.bjc.ro\/wp-content\/uploads\/2023\/06\/Afis-Clubul-lecturii-de-vacanta1.jpg","type":"image\/jpeg"}],"twitter_card":"summary_large_image","twitter_site":"@BibliotecaGoga","twitter_misc":{"Timp estimat pentru citire":"1 minut"},"schema":{"@context":"https:\/\/schema.org","@graph":[{"@type":"WebPage","@id":"https:\/\/new.bjc.ro\/?tribe_events=clubul-lecturii-de-vacanta","url":"https:\/\/new.bjc.ro\/?tribe_events=clubul-lecturii-de-vacanta","name":"Clubul lecturii de vacan\u021b\u0103 \u201eMicii bibliofili clujeni\u201d - Biblioteca Jude\u021bean\u0103 \u201eOctavian Goga\u201d Cluj","isPartOf":{"@id":"https:\/\/new.bjc.ro\/#website"},"primaryImageOfPage":{"@id":"https:\/\/new.bjc.ro\/?tribe_events=clubul-lecturii-de-vacanta#primaryimage"},"image":{"@id":"https:\/\/new.bjc.ro\/?tribe_events=clubul-lecturii-de-vacanta#primaryimage"},"thumbnailUrl":"https:\/\/new.bjc.ro\/wp-content\/uploads\/2023\/06\/Afis-Clubul-lecturii-de-vacanta1.jpg","datePublished":"2023-06-22T10:55:27+00:00","dateModified":"2023-07-31T08:18:18+00:00","description":"adresat copiilor, participare gratuit\u0103","breadcrumb":{"@id":"https:\/\/new.bjc.ro\/?tribe_events=clubul-lecturii-de-vacanta#breadcrumb"},"inLanguage":"ro-RO","potentialAction":[{"@type":"ReadAction","target":["https:\/\/new.bjc.ro\/?tribe_events=clubul-lecturii-de-vacanta"]}]},{"@type":"ImageObject","inLanguage":"ro-RO","@id":"https:\/\/new.bjc.ro\/?tribe_events=clubul-lecturii-de-vacanta#primaryimage","url":"https:\/\/new.bjc.ro\/wp-content\/uploads\/2023\/06\/Afis-Clubul-lecturii-de-vacanta1.jpg","contentUrl":"https:\/\/new.bjc.ro\/wp-content\/uploads\/2023\/06\/Afis-Clubul-lecturii-de-vacanta1.jpg","width":400,"height":566},{"@type":"BreadcrumbList","@id":"https:\/\/new.bjc.ro\/?tribe_events=clubul-lecturii-de-vacanta#breadcrumb","itemListElement":[{"@type":"ListItem","position":1,"name":"Home","item":"https:\/\/new.bjc.ro\/"},{"@type":"ListItem","position":2,"name":"Evenimente","item":"https:\/\/new.bjc.ro\/?post_type=tribe_events"},{"@type":"ListItem","position":3,"name":"Clubul lecturii de vacan\u021b\u0103 \u201eMicii bibliofili clujeni\u201d"}]},{"@type":"WebSite","@id":"https:\/\/new.bjc.ro\/#website","url":"https:\/\/new.bjc.ro\/","name":"Biblioteca Jude\u021bean\u0103 \u201eOctavian Goga\u201d Cluj","description":"","publisher":{"@id":"https:\/\/new.bjc.ro\/#organization"},"alternateName":"Biblioteca Jude\u021bean\u0103 Cluj","potentialAction":[{"@type":"SearchAction","target":{"@type":"EntryPoint","urlTemplate":"https:\/\/new.bjc.ro\/?s={search_term_string}"},"query-input":{"@type":"PropertyValueSpecification","valueRequired":true,"valueName":"search_term_string"}}],"inLanguage":"ro-RO"},{"@type":"Organization","@id":"https:\/\/new.bjc.ro\/#organization","name":"Biblioteca Jude\u021bean\u0103 \u201eOctavian Goga\u201d Cluj","url":"https:\/\/new.bjc.ro\/","logo":{"@type":"ImageObject","inLanguage":"ro-RO","@id":"https:\/\/new.bjc.ro\/#\/schema\/logo\/image\/","url":"https:\/\/new.bjc.ro\/wp-content\/uploads\/2023\/03\/sigle.jpg","contentUrl":"https:\/\/new.bjc.ro\/wp-content\/uploads\/2023\/03\/sigle.jpg","width":630,"height":473,"caption":"Biblioteca Jude\u021bean\u0103 \u201eOctavian Goga\u201d Cluj"},"image":{"@id":"https:\/\/new.bjc.ro\/#\/schema\/logo\/image\/"},"sameAs":["https:\/\/www.facebook.com\/bibliotecacluj\/","https:\/\/x.com\/BibliotecaGoga","https:\/\/www.instagram.com\/biblioteca_judeteana_cluj\/","https:\/\/www.youtube.com\/user\/BibliotecaGoga"]}]}},"_links":{"self":[{"href":"https:\/\/new.bjc.ro\/index.php?rest_route=\/wp\/v2\/tribe_events\/7648","targetHints":{"allow":["GET"]}}],"collection":[{"href":"https:\/\/new.bjc.ro\/index.php?rest_route=\/wp\/v2\/tribe_events"}],"about":[{"href":"https:\/\/new.bjc.ro\/index.php?rest_route=\/wp\/v2\/types\/tribe_events"}],"author":[{"embeddable":true,"href":"https:\/\/new.bjc.ro\/index.php?rest_route=\/wp\/v2\/users\/7"}],"version-history":[{"count":1,"href":"https:\/\/new.bjc.ro\/index.php?rest_route=\/wp\/v2\/tribe_events\/7648\/revisions"}],"predecessor-version":[{"id":7651,"href":"https:\/\/new.bjc.ro\/index.php?rest_route=\/wp\/v2\/tribe_events\/7648\/revisions\/7651"}],"wp:featuredmedia":[{"embeddable":true,"href":"https:\/\/new.bjc.ro\/index.php?rest_route=\/wp\/v2\/media\/7650"}],"wp:attachment":[{"href":"https:\/\/new.bjc.ro\/index.php?rest_route=%2Fwp%2Fv2%2Fmedia&parent=7648"}],"wp:term":[{"taxonomy":"post_tag","embeddable":true,"href":"https:\/\/new.bjc.ro\/index.php?rest_route=%2Fwp%2Fv2%2Ftags&post=7648"},{"taxonomy":"tribe_events_cat","embeddable":true,"href":"https:\/\/new.bjc.ro\/index.php?rest_route=%2Fwp%2Fv2%2Ftribe_events_cat&post=7648"}],"curies":[{"name":"wp","href":"https:\/\/api.w.org\/{rel}","templated":true}]}}