{"id":7652,"date":"2023-06-22T14:04:11","date_gmt":"2023-06-22T11:04:11","guid":{"rendered":"https:\/\/new.bjc.ro\/?post_type=tribe_events&#038;p=7652"},"modified":"2023-07-31T11:14:55","modified_gmt":"2023-07-31T08:14:55","slug":"programul-estival-de-lectura-e-vremea-cititului","status":"publish","type":"tribe_events","link":"https:\/\/new.bjc.ro\/?tribe_events=programul-estival-de-lectura-e-vremea-cititului","title":{"rendered":"Programul estival de lectur\u0103 \u201eE vremea cititului!\u201d, edi\u0163ia a VII-a"},"content":{"rendered":"<p>Biblioteca Jude\u021bean\u0103 \u201eOctavian Goga\u201d Cluj organizeaz\u0103 \u00een perioada <strong>5-26 iulie 2023<\/strong>, edi\u021bia a VII-a a programului estival de lectur\u0103 \u201eE vremea cititului\u201d, program care se adreseaz\u0103 copiilor cu v\u00e2rsta cuprins\u0103 \u00eentre 7 \u0219i 14 ani. Ini\u021biatorul \u0219i coordonatorul programului la nivel na\u021bional este grupul Citim \u00cempreun\u0103 Rom\u00e2nia, grup format din autori de c\u0103r\u021bi pentru copii, ilustratori, editori, educatori, bibliotecari, dar \u0219i p\u0103rin\u021bi sau bunici care au \u00een comun nu doar dragostea pentu c\u0103r\u021bi, ci \u0219i bucuria de a vedea copii \u0219i adul\u021bii citind \u00eempreun\u0103.<\/p>\n<p>\u201eE vremea cititului\u201d se desf\u0103\u0219oar\u0103 \u00een perioada vacan\u021bei de var\u0103, pe parcursul a patru s\u0103pt\u0103m\u00e2ni consecutive, \u00eencep\u00e2nd din anul 2017 \u0219i le propune copiilor anual diferite subiecte interesante. Anul acesta \u201eE vremea cititului&#8230; pornind pe drumul c\u0103r\u021bii\u201d. Participan\u021bii vor descoperi cum apare o carte, de la ideea \u00een sine p\u00e2n\u0103 la obiectul format din multe, multe pagini pe care \u00eel \u021binem \u00een m\u00e2ini. Participan\u021bii vor discuta despre istoria c\u0103r\u021bii, se vor \u00eent\u00e2lni cu un scriitor, vor vizita o editur\u0103 \u0219i o tipografie \u0219i, nu \u00een ultimul r\u00e2nd, vor cunoa\u0219te mai \u00een profunzime spa\u021biul unde fiecare carte \u00ee\u0219i g\u0103se\u0219te locul, \u0219i anume marea cas\u0103 a c\u0103r\u021bilor, biblioteca.<\/p>\n<p>Prima \u00eent\u00e2lnire din cadrul programului va avea loc\u00a0<strong>miercuri, 5 iulie, \u00eencep\u00e2nd cu ora 11.00<\/strong>, la Sec\u021bia pentru copii a Bibliotecii Jude\u021bene \u201eOctavian Goga\u201d Cluj, Calea Doroban\u021bilor, nr. 104, parter est.<\/p>\n<p>Participarea este gratuit\u0103, pe baza Permisului de intrare la bibliotec\u0103. Pentru informa\u021bii \u0219i \u00eenscrieri v\u0103 a\u0219tept\u0103m la Sec\u021bia pentru copii sau ne pute\u021bi contacta prin telefon: 0264.430323 ori e-mail:\u00a0copii[at]bjc.ro.\u00a0Aten\u021bie! Locurile sunt limitate.<\/p>\n<p>V\u0103 a\u0219tept\u0103m cu drag!<\/p>\n","protected":false},"excerpt":{"rendered":"<p>Biblioteca Jude\u021bean\u0103 \u201eOctavian Goga\u201d Cluj organizeaz\u0103 \u00een perioada 5-26 iulie 2023, edi\u021bia a VII-a a programului estival de lectur\u0103 \u201eE vremea cititului\u201d, program care se adreseaz\u0103 copiilor cu v\u00e2rsta cuprins\u0103 \u00eentre 7 \u0219i 14 ani. Ini\u021biatorul \u0219i coordonatorul programului la nivel na\u021bional este grupul Citim \u00cempreun\u0103 Rom\u00e2nia, grup format din&hellip; <br \/> <a class=\"read-more\" href=\"https:\/\/new.bjc.ro\/?tribe_events=programul-estival-de-lectura-e-vremea-cititului\">Cite\u0219te mai mult<\/a><\/p>\n","protected":false},"author":7,"featured_media":7654,"template":"","meta":{"_monsterinsights_skip_tracking":false,"_monsterinsights_sitenote_active":false,"_monsterinsights_sitenote_note":"","_monsterinsights_sitenote_category":0,"_EventAllDay":false,"_EventTimezone":"Europe\/Bucharest","_EventStartDate":"2023-07-05 11:00:00","_EventEndDate":"2023-07-26 20:00:00","_EventStartDateUTC":"2023-07-05 08:00:00","_EventEndDateUTC":"2023-07-26 17:00:00","_EventShowMap":true,"_EventShowMapLink":true,"_EventURL":"","_EventCost":"","_EventCostDescription":"","_EventCurrencySymbol":"","_EventCurrencyCode":"","_EventCurrencyPosition":"prefix","_EventDateTimeSeparator":"","_EventTimeRangeSeparator":"","_EventOrganizerID":[2810],"_EventVenueID":[6258],"_OrganizerEmail":"","_OrganizerPhone":"","_OrganizerWebsite":"","_VenueAddress":"","_VenueCity":"","_VenueCountry":"","_VenueProvince":"","_VenueState":"","_VenueZip":"","_VenuePhone":"","_VenueURL":"","_VenueStateProvince":"","_VenueLat":"","_VenueLng":"","_VenueShowMap":false,"_VenueShowMapLink":false,"_tribe_events_status":"","_tribe_events_status_reason":"","footnotes":""},"tags":[93],"tribe_events_cat":[54],"class_list":["post-7652","tribe_events","type-tribe_events","status-publish","has-post-thumbnail","hentry","tag-club-de-lectura","tribe_events_cat-cluburi","cat_cluburi"],"yoast_head":"<!-- This site is optimized with the Yoast SEO plugin v24.6 - https:\/\/yoast.com\/wordpress\/plugins\/seo\/ -->\n<title>Programul estival de lectur\u0103 \u201eE vremea cititului!\u201d, edi\u0163ia a VII-a - Biblioteca Jude\u021bean\u0103 \u201eOctavian Goga\u201d Cluj<\/title>\n<meta name=\"description\" content=\"program destinat copiilor cu v\u00e2rsta cuprins\u0103 \u00eentre 7 \u0219i 14 ani\" \/>\n<meta name=\"robots\" content=\"index, follow, max-snippet:-1, max-image-preview:large, max-video-preview:-1\" \/>\n<link rel=\"canonical\" href=\"https:\/\/new.bjc.ro\/?tribe_events=programul-estival-de-lectura-e-vremea-cititului\" \/>\n<meta property=\"og:locale\" content=\"ro_RO\" \/>\n<meta property=\"og:type\" content=\"article\" \/>\n<meta property=\"og:title\" content=\"Programul estival de lectur\u0103 \u201eE vremea cititului!\u201d, edi\u0163ia a VII-a - Biblioteca Jude\u021bean\u0103 \u201eOctavian Goga\u201d Cluj\" \/>\n<meta property=\"og:description\" content=\"program destinat copiilor cu v\u00e2rsta cuprins\u0103 \u00eentre 7 \u0219i 14 ani\" \/>\n<meta property=\"og:url\" content=\"https:\/\/new.bjc.ro\/?tribe_events=programul-estival-de-lectura-e-vremea-cititului\" \/>\n<meta property=\"og:site_name\" content=\"Biblioteca Jude\u021bean\u0103 \u201eOctavian Goga\u201d Cluj\" \/>\n<meta property=\"article:publisher\" content=\"https:\/\/www.facebook.com\/bibliotecacluj\/\" \/>\n<meta property=\"article:modified_time\" content=\"2023-07-31T08:14:55+00:00\" \/>\n<meta property=\"og:image\" content=\"https:\/\/new.bjc.ro\/wp-content\/uploads\/2023\/06\/Afis-E-vremea-cititului-2023.jpg\" \/>\n\t<meta property=\"og:image:width\" content=\"400\" \/>\n\t<meta property=\"og:image:height\" content=\"566\" \/>\n\t<meta property=\"og:image:type\" content=\"image\/jpeg\" \/>\n<meta name=\"twitter:card\" content=\"summary_large_image\" \/>\n<meta name=\"twitter:site\" content=\"@BibliotecaGoga\" \/>\n<meta name=\"twitter:label1\" content=\"Timp estimat pentru citire\" \/>\n\t<meta name=\"twitter:data1\" content=\"2 minute\" \/>\n<script type=\"application\/ld+json\" class=\"yoast-schema-graph\">{\"@context\":\"https:\/\/schema.org\",\"@graph\":[{\"@type\":\"WebPage\",\"@id\":\"https:\/\/new.bjc.ro\/?tribe_events=programul-estival-de-lectura-e-vremea-cititului\",\"url\":\"https:\/\/new.bjc.ro\/?tribe_events=programul-estival-de-lectura-e-vremea-cititului\",\"name\":\"Programul estival de lectur\u0103 \u201eE vremea cititului!\u201d, edi\u0163ia a VII-a - Biblioteca Jude\u021bean\u0103 \u201eOctavian Goga\u201d Cluj\",\"isPartOf\":{\"@id\":\"https:\/\/new.bjc.ro\/#website\"},\"primaryImageOfPage\":{\"@id\":\"https:\/\/new.bjc.ro\/?tribe_events=programul-estival-de-lectura-e-vremea-cititului#primaryimage\"},\"image\":{\"@id\":\"https:\/\/new.bjc.ro\/?tribe_events=programul-estival-de-lectura-e-vremea-cititului#primaryimage\"},\"thumbnailUrl\":\"https:\/\/new.bjc.ro\/wp-content\/uploads\/2023\/06\/Afis-E-vremea-cititului-2023.jpg\",\"datePublished\":\"2023-06-22T11:04:11+00:00\",\"dateModified\":\"2023-07-31T08:14:55+00:00\",\"description\":\"program destinat copiilor cu v\u00e2rsta cuprins\u0103 \u00eentre 7 \u0219i 14 ani\",\"breadcrumb\":{\"@id\":\"https:\/\/new.bjc.ro\/?tribe_events=programul-estival-de-lectura-e-vremea-cititului#breadcrumb\"},\"inLanguage\":\"ro-RO\",\"potentialAction\":[{\"@type\":\"ReadAction\",\"target\":[\"https:\/\/new.bjc.ro\/?tribe_events=programul-estival-de-lectura-e-vremea-cititului\"]}]},{\"@type\":\"ImageObject\",\"inLanguage\":\"ro-RO\",\"@id\":\"https:\/\/new.bjc.ro\/?tribe_events=programul-estival-de-lectura-e-vremea-cititului#primaryimage\",\"url\":\"https:\/\/new.bjc.ro\/wp-content\/uploads\/2023\/06\/Afis-E-vremea-cititului-2023.jpg\",\"contentUrl\":\"https:\/\/new.bjc.ro\/wp-content\/uploads\/2023\/06\/Afis-E-vremea-cititului-2023.jpg\",\"width\":400,\"height\":566},{\"@type\":\"BreadcrumbList\",\"@id\":\"https:\/\/new.bjc.ro\/?tribe_events=programul-estival-de-lectura-e-vremea-cititului#breadcrumb\",\"itemListElement\":[{\"@type\":\"ListItem\",\"position\":1,\"name\":\"Home\",\"item\":\"https:\/\/new.bjc.ro\/\"},{\"@type\":\"ListItem\",\"position\":2,\"name\":\"Evenimente\",\"item\":\"https:\/\/new.bjc.ro\/?post_type=tribe_events\"},{\"@type\":\"ListItem\",\"position\":3,\"name\":\"Programul estival de lectur\u0103 \u201eE vremea cititului!\u201d, edi\u0163ia a VII-a\"}]},{\"@type\":\"WebSite\",\"@id\":\"https:\/\/new.bjc.ro\/#website\",\"url\":\"https:\/\/new.bjc.ro\/\",\"name\":\"Biblioteca Jude\u021bean\u0103 \u201eOctavian Goga\u201d Cluj\",\"description\":\"\",\"publisher\":{\"@id\":\"https:\/\/new.bjc.ro\/#organization\"},\"alternateName\":\"Biblioteca Jude\u021bean\u0103 Cluj\",\"potentialAction\":[{\"@type\":\"SearchAction\",\"target\":{\"@type\":\"EntryPoint\",\"urlTemplate\":\"https:\/\/new.bjc.ro\/?s={search_term_string}\"},\"query-input\":{\"@type\":\"PropertyValueSpecification\",\"valueRequired\":true,\"valueName\":\"search_term_string\"}}],\"inLanguage\":\"ro-RO\"},{\"@type\":\"Organization\",\"@id\":\"https:\/\/new.bjc.ro\/#organization\",\"name\":\"Biblioteca Jude\u021bean\u0103 \u201eOctavian Goga\u201d Cluj\",\"url\":\"https:\/\/new.bjc.ro\/\",\"logo\":{\"@type\":\"ImageObject\",\"inLanguage\":\"ro-RO\",\"@id\":\"https:\/\/new.bjc.ro\/#\/schema\/logo\/image\/\",\"url\":\"https:\/\/new.bjc.ro\/wp-content\/uploads\/2023\/03\/sigle.jpg\",\"contentUrl\":\"https:\/\/new.bjc.ro\/wp-content\/uploads\/2023\/03\/sigle.jpg\",\"width\":630,\"height\":473,\"caption\":\"Biblioteca Jude\u021bean\u0103 \u201eOctavian Goga\u201d Cluj\"},\"image\":{\"@id\":\"https:\/\/new.bjc.ro\/#\/schema\/logo\/image\/\"},\"sameAs\":[\"https:\/\/www.facebook.com\/bibliotecacluj\/\",\"https:\/\/x.com\/BibliotecaGoga\",\"https:\/\/www.instagram.com\/biblioteca_judeteana_cluj\/\",\"https:\/\/www.youtube.com\/user\/BibliotecaGoga\"]}]}<\/script>\n<!-- \/ Yoast SEO plugin. -->","yoast_head_json":{"title":"Programul estival de lectur\u0103 \u201eE vremea cititului!\u201d, edi\u0163ia a VII-a - Biblioteca Jude\u021bean\u0103 \u201eOctavian Goga\u201d Cluj","description":"program destinat copiilor cu v\u00e2rsta cuprins\u0103 \u00eentre 7 \u0219i 14 ani","robots":{"index":"index","follow":"follow","max-snippet":"max-snippet:-1","max-image-preview":"max-image-preview:large","max-video-preview":"max-video-preview:-1"},"canonical":"https:\/\/new.bjc.ro\/?tribe_events=programul-estival-de-lectura-e-vremea-cititului","og_locale":"ro_RO","og_type":"article","og_title":"Programul estival de lectur\u0103 \u201eE vremea cititului!\u201d, edi\u0163ia a VII-a - Biblioteca Jude\u021bean\u0103 \u201eOctavian Goga\u201d Cluj","og_description":"program destinat copiilor cu v\u00e2rsta cuprins\u0103 \u00eentre 7 \u0219i 14 ani","og_url":"https:\/\/new.bjc.ro\/?tribe_events=programul-estival-de-lectura-e-vremea-cititului","og_site_name":"Biblioteca Jude\u021bean\u0103 \u201eOctavian Goga\u201d Cluj","article_publisher":"https:\/\/www.facebook.com\/bibliotecacluj\/","article_modified_time":"2023-07-31T08:14:55+00:00","og_image":[{"width":400,"height":566,"url":"https:\/\/new.bjc.ro\/wp-content\/uploads\/2023\/06\/Afis-E-vremea-cititului-2023.jpg","type":"image\/jpeg"}],"twitter_card":"summary_large_image","twitter_site":"@BibliotecaGoga","twitter_misc":{"Timp estimat pentru citire":"2 minute"},"schema":{"@context":"https:\/\/schema.org","@graph":[{"@type":"WebPage","@id":"https:\/\/new.bjc.ro\/?tribe_events=programul-estival-de-lectura-e-vremea-cititului","url":"https:\/\/new.bjc.ro\/?tribe_events=programul-estival-de-lectura-e-vremea-cititului","name":"Programul estival de lectur\u0103 \u201eE vremea cititului!\u201d, edi\u0163ia a VII-a - Biblioteca Jude\u021bean\u0103 \u201eOctavian Goga\u201d Cluj","isPartOf":{"@id":"https:\/\/new.bjc.ro\/#website"},"primaryImageOfPage":{"@id":"https:\/\/new.bjc.ro\/?tribe_events=programul-estival-de-lectura-e-vremea-cititului#primaryimage"},"image":{"@id":"https:\/\/new.bjc.ro\/?tribe_events=programul-estival-de-lectura-e-vremea-cititului#primaryimage"},"thumbnailUrl":"https:\/\/new.bjc.ro\/wp-content\/uploads\/2023\/06\/Afis-E-vremea-cititului-2023.jpg","datePublished":"2023-06-22T11:04:11+00:00","dateModified":"2023-07-31T08:14:55+00:00","description":"program destinat copiilor cu v\u00e2rsta cuprins\u0103 \u00eentre 7 \u0219i 14 ani","breadcrumb":{"@id":"https:\/\/new.bjc.ro\/?tribe_events=programul-estival-de-lectura-e-vremea-cititului#breadcrumb"},"inLanguage":"ro-RO","potentialAction":[{"@type":"ReadAction","target":["https:\/\/new.bjc.ro\/?tribe_events=programul-estival-de-lectura-e-vremea-cititului"]}]},{"@type":"ImageObject","inLanguage":"ro-RO","@id":"https:\/\/new.bjc.ro\/?tribe_events=programul-estival-de-lectura-e-vremea-cititului#primaryimage","url":"https:\/\/new.bjc.ro\/wp-content\/uploads\/2023\/06\/Afis-E-vremea-cititului-2023.jpg","contentUrl":"https:\/\/new.bjc.ro\/wp-content\/uploads\/2023\/06\/Afis-E-vremea-cititului-2023.jpg","width":400,"height":566},{"@type":"BreadcrumbList","@id":"https:\/\/new.bjc.ro\/?tribe_events=programul-estival-de-lectura-e-vremea-cititului#breadcrumb","itemListElement":[{"@type":"ListItem","position":1,"name":"Home","item":"https:\/\/new.bjc.ro\/"},{"@type":"ListItem","position":2,"name":"Evenimente","item":"https:\/\/new.bjc.ro\/?post_type=tribe_events"},{"@type":"ListItem","position":3,"name":"Programul estival de lectur\u0103 \u201eE vremea cititului!\u201d, edi\u0163ia a VII-a"}]},{"@type":"WebSite","@id":"https:\/\/new.bjc.ro\/#website","url":"https:\/\/new.bjc.ro\/","name":"Biblioteca Jude\u021bean\u0103 \u201eOctavian Goga\u201d Cluj","description":"","publisher":{"@id":"https:\/\/new.bjc.ro\/#organization"},"alternateName":"Biblioteca Jude\u021bean\u0103 Cluj","potentialAction":[{"@type":"SearchAction","target":{"@type":"EntryPoint","urlTemplate":"https:\/\/new.bjc.ro\/?s={search_term_string}"},"query-input":{"@type":"PropertyValueSpecification","valueRequired":true,"valueName":"search_term_string"}}],"inLanguage":"ro-RO"},{"@type":"Organization","@id":"https:\/\/new.bjc.ro\/#organization","name":"Biblioteca Jude\u021bean\u0103 \u201eOctavian Goga\u201d Cluj","url":"https:\/\/new.bjc.ro\/","logo":{"@type":"ImageObject","inLanguage":"ro-RO","@id":"https:\/\/new.bjc.ro\/#\/schema\/logo\/image\/","url":"https:\/\/new.bjc.ro\/wp-content\/uploads\/2023\/03\/sigle.jpg","contentUrl":"https:\/\/new.bjc.ro\/wp-content\/uploads\/2023\/03\/sigle.jpg","width":630,"height":473,"caption":"Biblioteca Jude\u021bean\u0103 \u201eOctavian Goga\u201d Cluj"},"image":{"@id":"https:\/\/new.bjc.ro\/#\/schema\/logo\/image\/"},"sameAs":["https:\/\/www.facebook.com\/bibliotecacluj\/","https:\/\/x.com\/BibliotecaGoga","https:\/\/www.instagram.com\/biblioteca_judeteana_cluj\/","https:\/\/www.youtube.com\/user\/BibliotecaGoga"]}]}},"_links":{"self":[{"href":"https:\/\/new.bjc.ro\/index.php?rest_route=\/wp\/v2\/tribe_events\/7652","targetHints":{"allow":["GET"]}}],"collection":[{"href":"https:\/\/new.bjc.ro\/index.php?rest_route=\/wp\/v2\/tribe_events"}],"about":[{"href":"https:\/\/new.bjc.ro\/index.php?rest_route=\/wp\/v2\/types\/tribe_events"}],"author":[{"embeddable":true,"href":"https:\/\/new.bjc.ro\/index.php?rest_route=\/wp\/v2\/users\/7"}],"version-history":[{"count":1,"href":"https:\/\/new.bjc.ro\/index.php?rest_route=\/wp\/v2\/tribe_events\/7652\/revisions"}],"predecessor-version":[{"id":7655,"href":"https:\/\/new.bjc.ro\/index.php?rest_route=\/wp\/v2\/tribe_events\/7652\/revisions\/7655"}],"wp:featuredmedia":[{"embeddable":true,"href":"https:\/\/new.bjc.ro\/index.php?rest_route=\/wp\/v2\/media\/7654"}],"wp:attachment":[{"href":"https:\/\/new.bjc.ro\/index.php?rest_route=%2Fwp%2Fv2%2Fmedia&parent=7652"}],"wp:term":[{"taxonomy":"post_tag","embeddable":true,"href":"https:\/\/new.bjc.ro\/index.php?rest_route=%2Fwp%2Fv2%2Ftags&post=7652"},{"taxonomy":"tribe_events_cat","embeddable":true,"href":"https:\/\/new.bjc.ro\/index.php?rest_route=%2Fwp%2Fv2%2Ftribe_events_cat&post=7652"}],"curies":[{"name":"wp","href":"https:\/\/api.w.org\/{rel}","templated":true}]}}