{"id":7737,"date":"2023-07-07T14:08:17","date_gmt":"2023-07-07T11:08:17","guid":{"rendered":"https:\/\/new.bjc.ro\/?post_type=tribe_events&#038;p=7737"},"modified":"2023-08-22T13:31:05","modified_gmt":"2023-08-22T10:31:05","slug":"vacanta-la-biblioteca","status":"publish","type":"tribe_events","link":"https:\/\/new.bjc.ro\/?tribe_events=vacanta-la-biblioteca","title":{"rendered":"Vacan\u021ba la bibliotec\u0103"},"content":{"rendered":"<p>Biblioteca Jude\u021bean\u0103 \u201eOctavian Goga\u201d Cluj organizeaz\u0103 \u00een lunile iulie \u0219i august diverse activit\u0103\u021bi pentru copii \u0219i adolescen\u021bi: ateliere de creativitate, clubul curio\u0219ilor, lecturi interactive, jocuri de societate, club de lectur\u0103, vizion\u0103ri de filme, v\u00e2n\u0103toare de comori, karaoke \u00a0etc. Participarea este gratuit\u0103 pe baza <em>Permisului de intrare<\/em> la bibliotec\u0103. Programul detaliat:<\/p>\n<p><a href=\"https:\/\/new.bjc.ro\/wp-content\/uploads\/2023\/07\/Afis-Program-de-vacanta-2023_Copii.jpg\">Sec\u021bia pentru copii, sediul central, Calea Doroban\u021bilor nr. 104, parter, est<\/a><\/p>\n<p><a href=\"https:\/\/new.bjc.ro\/wp-content\/uploads\/2023\/07\/Program-Adolescenti.jpg\">Sec\u021bia pentru adolescen\u021bi, \u00a0sediul central, Calea Doroban\u021bilor nr. 104, etaj IV, centru<\/a><\/p>\n<p><a href=\"https:\/\/new.bjc.ro\/wp-content\/uploads\/2023\/07\/Sala-multiculturala_program-vacanta.jpg\">Sala multicultural\u0103, sediul central, Calea Doroban\u021bilor nr. 104, etaj III, vest<\/a><\/p>\n<p><a href=\"https:\/\/new.bjc.ro\/wp-content\/uploads\/2023\/07\/Program-MN.jpg\">Filiala \u201eTraian Brad\u201d, Strada Izlazului nr. 18<\/a><\/p>\n<p><a href=\"https:\/\/new.bjc.ro\/wp-content\/uploads\/2023\/07\/Program-Zorilor.jpg\">Filiala Zorilor, Strada Observatorului nr. 1<\/a><\/p>\n<p><a href=\"https:\/\/new.bjc.ro\/wp-content\/uploads\/2023\/07\/Program-Vacanta_Filiala-Grigorescu_Iulie-2023.jpg\">Filiala Grigorescu, Strada Donath nr. 138\u00a0<\/a><\/p>\n","protected":false},"excerpt":{"rendered":"<p>Biblioteca Jude\u021bean\u0103 \u201eOctavian Goga\u201d Cluj organizeaz\u0103 \u00een lunile iulie \u0219i august diverse activit\u0103\u021bi pentru copii \u0219i adolescen\u021bi: ateliere de creativitate, clubul curio\u0219ilor, lecturi interactive, jocuri de societate, club de lectur\u0103, vizion\u0103ri de filme, v\u00e2n\u0103toare de comori, karaoke \u00a0etc. Participarea este gratuit\u0103 pe baza Permisului de intrare la bibliotec\u0103. Programul detaliat:&hellip; <br \/> <a class=\"read-more\" href=\"https:\/\/new.bjc.ro\/?tribe_events=vacanta-la-biblioteca\">Cite\u0219te mai mult<\/a><\/p>\n","protected":false},"author":7,"featured_media":7761,"template":"","meta":{"_monsterinsights_skip_tracking":false,"_monsterinsights_sitenote_active":false,"_monsterinsights_sitenote_note":"","_monsterinsights_sitenote_category":0,"_EventAllDay":false,"_EventTimezone":"Europe\/Bucharest","_EventStartDate":"2023-07-31 08:00:00","_EventEndDate":"2023-08-31 20:00:00","_EventStartDateUTC":"2023-07-31 05:00:00","_EventEndDateUTC":"2023-08-31 17:00:00","_EventShowMap":true,"_EventShowMapLink":true,"_EventURL":"","_EventCost":"","_EventCostDescription":"","_EventCurrencySymbol":"","_EventCurrencyCode":"","_EventCurrencyPosition":"prefix","_EventDateTimeSeparator":"","_EventTimeRangeSeparator":"","_EventOrganizerID":[2810],"_EventVenueID":[3721],"_OrganizerEmail":"","_OrganizerPhone":"","_OrganizerWebsite":"","_VenueAddress":"","_VenueCity":"","_VenueCountry":"","_VenueProvince":"","_VenueState":"","_VenueZip":"","_VenuePhone":"","_VenueURL":"","_VenueStateProvince":"","_VenueLat":"","_VenueLng":"","_VenueShowMap":false,"_VenueShowMapLink":false,"_tribe_events_status":"","_tribe_events_status_reason":"","footnotes":""},"tags":[134],"tribe_events_cat":[51,54,53],"class_list":["post-7737","tribe_events","type-tribe_events","status-publish","has-post-thumbnail","hentry","tag-vacanta-la-biblioteca","tribe_events_cat-ateliere","tribe_events_cat-cluburi","tribe_events_cat-concursuri","cat_ateliere","cat_cluburi","cat_concursuri"],"yoast_head":"<!-- This site is optimized with the Yoast SEO plugin v24.6 - https:\/\/yoast.com\/wordpress\/plugins\/seo\/ -->\n<title>Vacan\u021ba la bibliotec\u0103 - Biblioteca Jude\u021bean\u0103 \u201eOctavian Goga\u201d Cluj<\/title>\n<meta name=\"description\" content=\"activit\u0103\u021bi de vacan\u021b\u0103 luna august\" \/>\n<meta name=\"robots\" content=\"index, follow, max-snippet:-1, max-image-preview:large, max-video-preview:-1\" \/>\n<link rel=\"canonical\" href=\"https:\/\/new.bjc.ro\/?tribe_events=vacanta-la-biblioteca\" \/>\n<meta property=\"og:locale\" content=\"ro_RO\" \/>\n<meta property=\"og:type\" content=\"article\" \/>\n<meta property=\"og:title\" content=\"Vacan\u021ba la bibliotec\u0103 - Biblioteca Jude\u021bean\u0103 \u201eOctavian Goga\u201d Cluj\" \/>\n<meta property=\"og:description\" content=\"activit\u0103\u021bi de vacan\u021b\u0103 luna august\" \/>\n<meta property=\"og:url\" content=\"https:\/\/new.bjc.ro\/?tribe_events=vacanta-la-biblioteca\" \/>\n<meta property=\"og:site_name\" content=\"Biblioteca Jude\u021bean\u0103 \u201eOctavian Goga\u201d Cluj\" \/>\n<meta property=\"article:publisher\" content=\"https:\/\/www.facebook.com\/bibliotecacluj\/\" \/>\n<meta property=\"article:modified_time\" content=\"2023-08-22T10:31:05+00:00\" \/>\n<meta property=\"og:image\" content=\"https:\/\/new.bjc.ro\/wp-content\/uploads\/2023\/07\/vacanta-la-biblioteca-august.jpg\" \/>\n\t<meta property=\"og:image:width\" content=\"566\" \/>\n\t<meta property=\"og:image:height\" content=\"453\" \/>\n\t<meta property=\"og:image:type\" content=\"image\/jpeg\" \/>\n<meta name=\"twitter:card\" content=\"summary_large_image\" \/>\n<meta name=\"twitter:site\" content=\"@BibliotecaGoga\" \/>\n<meta name=\"twitter:label1\" content=\"Timp estimat pentru citire\" \/>\n\t<meta name=\"twitter:data1\" content=\"1 minut\" \/>\n<script type=\"application\/ld+json\" class=\"yoast-schema-graph\">{\"@context\":\"https:\/\/schema.org\",\"@graph\":[{\"@type\":\"WebPage\",\"@id\":\"https:\/\/new.bjc.ro\/?tribe_events=vacanta-la-biblioteca\",\"url\":\"https:\/\/new.bjc.ro\/?tribe_events=vacanta-la-biblioteca\",\"name\":\"Vacan\u021ba la bibliotec\u0103 - Biblioteca Jude\u021bean\u0103 \u201eOctavian Goga\u201d Cluj\",\"isPartOf\":{\"@id\":\"https:\/\/new.bjc.ro\/#website\"},\"primaryImageOfPage\":{\"@id\":\"https:\/\/new.bjc.ro\/?tribe_events=vacanta-la-biblioteca#primaryimage\"},\"image\":{\"@id\":\"https:\/\/new.bjc.ro\/?tribe_events=vacanta-la-biblioteca#primaryimage\"},\"thumbnailUrl\":\"https:\/\/new.bjc.ro\/wp-content\/uploads\/2023\/07\/vacanta-la-biblioteca-august.jpg\",\"datePublished\":\"2023-07-07T11:08:17+00:00\",\"dateModified\":\"2023-08-22T10:31:05+00:00\",\"description\":\"activit\u0103\u021bi de vacan\u021b\u0103 luna august\",\"breadcrumb\":{\"@id\":\"https:\/\/new.bjc.ro\/?tribe_events=vacanta-la-biblioteca#breadcrumb\"},\"inLanguage\":\"ro-RO\",\"potentialAction\":[{\"@type\":\"ReadAction\",\"target\":[\"https:\/\/new.bjc.ro\/?tribe_events=vacanta-la-biblioteca\"]}]},{\"@type\":\"ImageObject\",\"inLanguage\":\"ro-RO\",\"@id\":\"https:\/\/new.bjc.ro\/?tribe_events=vacanta-la-biblioteca#primaryimage\",\"url\":\"https:\/\/new.bjc.ro\/wp-content\/uploads\/2023\/07\/vacanta-la-biblioteca-august.jpg\",\"contentUrl\":\"https:\/\/new.bjc.ro\/wp-content\/uploads\/2023\/07\/vacanta-la-biblioteca-august.jpg\",\"width\":566,\"height\":453},{\"@type\":\"BreadcrumbList\",\"@id\":\"https:\/\/new.bjc.ro\/?tribe_events=vacanta-la-biblioteca#breadcrumb\",\"itemListElement\":[{\"@type\":\"ListItem\",\"position\":1,\"name\":\"Home\",\"item\":\"https:\/\/new.bjc.ro\/\"},{\"@type\":\"ListItem\",\"position\":2,\"name\":\"Evenimente\",\"item\":\"https:\/\/new.bjc.ro\/?post_type=tribe_events\"},{\"@type\":\"ListItem\",\"position\":3,\"name\":\"Vacan\u021ba la bibliotec\u0103\"}]},{\"@type\":\"WebSite\",\"@id\":\"https:\/\/new.bjc.ro\/#website\",\"url\":\"https:\/\/new.bjc.ro\/\",\"name\":\"Biblioteca Jude\u021bean\u0103 \u201eOctavian Goga\u201d Cluj\",\"description\":\"\",\"publisher\":{\"@id\":\"https:\/\/new.bjc.ro\/#organization\"},\"alternateName\":\"Biblioteca Jude\u021bean\u0103 Cluj\",\"potentialAction\":[{\"@type\":\"SearchAction\",\"target\":{\"@type\":\"EntryPoint\",\"urlTemplate\":\"https:\/\/new.bjc.ro\/?s={search_term_string}\"},\"query-input\":{\"@type\":\"PropertyValueSpecification\",\"valueRequired\":true,\"valueName\":\"search_term_string\"}}],\"inLanguage\":\"ro-RO\"},{\"@type\":\"Organization\",\"@id\":\"https:\/\/new.bjc.ro\/#organization\",\"name\":\"Biblioteca Jude\u021bean\u0103 \u201eOctavian Goga\u201d Cluj\",\"url\":\"https:\/\/new.bjc.ro\/\",\"logo\":{\"@type\":\"ImageObject\",\"inLanguage\":\"ro-RO\",\"@id\":\"https:\/\/new.bjc.ro\/#\/schema\/logo\/image\/\",\"url\":\"https:\/\/new.bjc.ro\/wp-content\/uploads\/2023\/03\/sigle.jpg\",\"contentUrl\":\"https:\/\/new.bjc.ro\/wp-content\/uploads\/2023\/03\/sigle.jpg\",\"width\":630,\"height\":473,\"caption\":\"Biblioteca Jude\u021bean\u0103 \u201eOctavian Goga\u201d Cluj\"},\"image\":{\"@id\":\"https:\/\/new.bjc.ro\/#\/schema\/logo\/image\/\"},\"sameAs\":[\"https:\/\/www.facebook.com\/bibliotecacluj\/\",\"https:\/\/x.com\/BibliotecaGoga\",\"https:\/\/www.instagram.com\/biblioteca_judeteana_cluj\/\",\"https:\/\/www.youtube.com\/user\/BibliotecaGoga\"]}]}<\/script>\n<!-- \/ Yoast SEO plugin. -->","yoast_head_json":{"title":"Vacan\u021ba la bibliotec\u0103 - Biblioteca Jude\u021bean\u0103 \u201eOctavian Goga\u201d Cluj","description":"activit\u0103\u021bi de vacan\u021b\u0103 luna august","robots":{"index":"index","follow":"follow","max-snippet":"max-snippet:-1","max-image-preview":"max-image-preview:large","max-video-preview":"max-video-preview:-1"},"canonical":"https:\/\/new.bjc.ro\/?tribe_events=vacanta-la-biblioteca","og_locale":"ro_RO","og_type":"article","og_title":"Vacan\u021ba la bibliotec\u0103 - Biblioteca Jude\u021bean\u0103 \u201eOctavian Goga\u201d Cluj","og_description":"activit\u0103\u021bi de vacan\u021b\u0103 luna august","og_url":"https:\/\/new.bjc.ro\/?tribe_events=vacanta-la-biblioteca","og_site_name":"Biblioteca Jude\u021bean\u0103 \u201eOctavian Goga\u201d Cluj","article_publisher":"https:\/\/www.facebook.com\/bibliotecacluj\/","article_modified_time":"2023-08-22T10:31:05+00:00","og_image":[{"width":566,"height":453,"url":"https:\/\/new.bjc.ro\/wp-content\/uploads\/2023\/07\/vacanta-la-biblioteca-august.jpg","type":"image\/jpeg"}],"twitter_card":"summary_large_image","twitter_site":"@BibliotecaGoga","twitter_misc":{"Timp estimat pentru citire":"1 minut"},"schema":{"@context":"https:\/\/schema.org","@graph":[{"@type":"WebPage","@id":"https:\/\/new.bjc.ro\/?tribe_events=vacanta-la-biblioteca","url":"https:\/\/new.bjc.ro\/?tribe_events=vacanta-la-biblioteca","name":"Vacan\u021ba la bibliotec\u0103 - Biblioteca Jude\u021bean\u0103 \u201eOctavian Goga\u201d Cluj","isPartOf":{"@id":"https:\/\/new.bjc.ro\/#website"},"primaryImageOfPage":{"@id":"https:\/\/new.bjc.ro\/?tribe_events=vacanta-la-biblioteca#primaryimage"},"image":{"@id":"https:\/\/new.bjc.ro\/?tribe_events=vacanta-la-biblioteca#primaryimage"},"thumbnailUrl":"https:\/\/new.bjc.ro\/wp-content\/uploads\/2023\/07\/vacanta-la-biblioteca-august.jpg","datePublished":"2023-07-07T11:08:17+00:00","dateModified":"2023-08-22T10:31:05+00:00","description":"activit\u0103\u021bi de vacan\u021b\u0103 luna august","breadcrumb":{"@id":"https:\/\/new.bjc.ro\/?tribe_events=vacanta-la-biblioteca#breadcrumb"},"inLanguage":"ro-RO","potentialAction":[{"@type":"ReadAction","target":["https:\/\/new.bjc.ro\/?tribe_events=vacanta-la-biblioteca"]}]},{"@type":"ImageObject","inLanguage":"ro-RO","@id":"https:\/\/new.bjc.ro\/?tribe_events=vacanta-la-biblioteca#primaryimage","url":"https:\/\/new.bjc.ro\/wp-content\/uploads\/2023\/07\/vacanta-la-biblioteca-august.jpg","contentUrl":"https:\/\/new.bjc.ro\/wp-content\/uploads\/2023\/07\/vacanta-la-biblioteca-august.jpg","width":566,"height":453},{"@type":"BreadcrumbList","@id":"https:\/\/new.bjc.ro\/?tribe_events=vacanta-la-biblioteca#breadcrumb","itemListElement":[{"@type":"ListItem","position":1,"name":"Home","item":"https:\/\/new.bjc.ro\/"},{"@type":"ListItem","position":2,"name":"Evenimente","item":"https:\/\/new.bjc.ro\/?post_type=tribe_events"},{"@type":"ListItem","position":3,"name":"Vacan\u021ba la bibliotec\u0103"}]},{"@type":"WebSite","@id":"https:\/\/new.bjc.ro\/#website","url":"https:\/\/new.bjc.ro\/","name":"Biblioteca Jude\u021bean\u0103 \u201eOctavian Goga\u201d Cluj","description":"","publisher":{"@id":"https:\/\/new.bjc.ro\/#organization"},"alternateName":"Biblioteca Jude\u021bean\u0103 Cluj","potentialAction":[{"@type":"SearchAction","target":{"@type":"EntryPoint","urlTemplate":"https:\/\/new.bjc.ro\/?s={search_term_string}"},"query-input":{"@type":"PropertyValueSpecification","valueRequired":true,"valueName":"search_term_string"}}],"inLanguage":"ro-RO"},{"@type":"Organization","@id":"https:\/\/new.bjc.ro\/#organization","name":"Biblioteca Jude\u021bean\u0103 \u201eOctavian Goga\u201d Cluj","url":"https:\/\/new.bjc.ro\/","logo":{"@type":"ImageObject","inLanguage":"ro-RO","@id":"https:\/\/new.bjc.ro\/#\/schema\/logo\/image\/","url":"https:\/\/new.bjc.ro\/wp-content\/uploads\/2023\/03\/sigle.jpg","contentUrl":"https:\/\/new.bjc.ro\/wp-content\/uploads\/2023\/03\/sigle.jpg","width":630,"height":473,"caption":"Biblioteca Jude\u021bean\u0103 \u201eOctavian Goga\u201d Cluj"},"image":{"@id":"https:\/\/new.bjc.ro\/#\/schema\/logo\/image\/"},"sameAs":["https:\/\/www.facebook.com\/bibliotecacluj\/","https:\/\/x.com\/BibliotecaGoga","https:\/\/www.instagram.com\/biblioteca_judeteana_cluj\/","https:\/\/www.youtube.com\/user\/BibliotecaGoga"]}]}},"_links":{"self":[{"href":"https:\/\/new.bjc.ro\/index.php?rest_route=\/wp\/v2\/tribe_events\/7737","targetHints":{"allow":["GET"]}}],"collection":[{"href":"https:\/\/new.bjc.ro\/index.php?rest_route=\/wp\/v2\/tribe_events"}],"about":[{"href":"https:\/\/new.bjc.ro\/index.php?rest_route=\/wp\/v2\/types\/tribe_events"}],"author":[{"embeddable":true,"href":"https:\/\/new.bjc.ro\/index.php?rest_route=\/wp\/v2\/users\/7"}],"version-history":[{"count":1,"href":"https:\/\/new.bjc.ro\/index.php?rest_route=\/wp\/v2\/tribe_events\/7737\/revisions"}],"predecessor-version":[{"id":7740,"href":"https:\/\/new.bjc.ro\/index.php?rest_route=\/wp\/v2\/tribe_events\/7737\/revisions\/7740"}],"wp:featuredmedia":[{"embeddable":true,"href":"https:\/\/new.bjc.ro\/index.php?rest_route=\/wp\/v2\/media\/7761"}],"wp:attachment":[{"href":"https:\/\/new.bjc.ro\/index.php?rest_route=%2Fwp%2Fv2%2Fmedia&parent=7737"}],"wp:term":[{"taxonomy":"post_tag","embeddable":true,"href":"https:\/\/new.bjc.ro\/index.php?rest_route=%2Fwp%2Fv2%2Ftags&post=7737"},{"taxonomy":"tribe_events_cat","embeddable":true,"href":"https:\/\/new.bjc.ro\/index.php?rest_route=%2Fwp%2Fv2%2Ftribe_events_cat&post=7737"}],"curies":[{"name":"wp","href":"https:\/\/api.w.org\/{rel}","templated":true}]}}