{"id":7771,"date":"2023-08-03T09:03:23","date_gmt":"2023-08-03T06:03:23","guid":{"rendered":"https:\/\/new.bjc.ro\/?post_type=tribe_events&#038;p=7771"},"modified":"2023-08-03T09:11:33","modified_gmt":"2023-08-03T06:11:33","slug":"inscriere-la-programul-flex-2024-2025","status":"publish","type":"tribe_events","link":"https:\/\/new.bjc.ro\/?tribe_events=inscriere-la-programul-flex-2024-2025","title":{"rendered":"\u00censcriere la Programul FLEX 2024-2025"},"content":{"rendered":"<p>Ambasada Statelor Unite \u00een Rom\u00e2nia al\u0103turi de American Councils for International Education (Consiliile Americane pentru Educa\u021bie Interna\u021bional\u0103) \u0219i de Ministerul Educa\u021biei Na\u021bionale invit\u0103 liceenii cu cet\u0103\u021benie rom\u00e2n\u0103 s\u0103 participe la Programul FLEX 2024-2025.<\/p>\n<p>Programul educa\u021bional FLEX este finan\u021bat de c\u0103tre Departamentul de Stat al Statelor Unite ale Americii \u0219i ofer\u0103 liceenilor din Rom\u00e2nia ocazia de a studia la un liceu american \u0219i de a locui \u00eempreun\u0103 cu o familie american\u0103 pe parcursul anului \u0219colar 2024-2025. Participarea la Programul FLEX este GRATUIT\u0102. \u00cen anii de<br \/>\nimplementare anteriori, FLEX Rom\u00e2nia a oferit bursa c\u0103tre sute de liceeni rom\u00e2ni din mai multe jude\u021be ale \u021b\u0103rii, ace\u0219tia fiind repartiza\u021bi la licee din state precum Washington, Texas, Colorado, California, Hawai, Iowa \u0219i Florida. Programul se adreseaz\u0103 \u00een egal\u0103 m\u0103sur\u0103 \u0219i liceenilor cu dizabilit\u0103\u021bi.<\/p>\n<p><a href=\"https:\/\/new.bjc.ro\/wp-content\/uploads\/2023\/08\/Comunicat-de-presa-FLEX-2024-25.pdf\">Comunicat de pres\u0103 FLEX 2024-2025<\/a><\/p>\n","protected":false},"excerpt":{"rendered":"<p>Ambasada Statelor Unite \u00een Rom\u00e2nia al\u0103turi de American Councils for International Education (Consiliile Americane pentru Educa\u021bie Interna\u021bional\u0103) \u0219i de Ministerul Educa\u021biei Na\u021bionale invit\u0103 liceenii cu cet\u0103\u021benie rom\u00e2n\u0103 s\u0103 participe la Programul FLEX 2024-2025. Programul educa\u021bional FLEX este finan\u021bat de c\u0103tre Departamentul de Stat al Statelor Unite ale Americii \u0219i ofer\u0103&hellip; <br \/> <a class=\"read-more\" href=\"https:\/\/new.bjc.ro\/?tribe_events=inscriere-la-programul-flex-2024-2025\">Cite\u0219te mai mult<\/a><\/p>\n","protected":false},"author":1,"featured_media":7772,"template":"","meta":{"_monsterinsights_skip_tracking":false,"_monsterinsights_sitenote_active":false,"_monsterinsights_sitenote_note":"","_monsterinsights_sitenote_category":0,"_EventAllDay":false,"_EventTimezone":"Europe\/Bucharest","_EventStartDate":"2023-08-01 08:00:00","_EventEndDate":"2023-09-28 23:30:00","_EventStartDateUTC":"2023-08-01 05:00:00","_EventEndDateUTC":"2023-09-28 20:30:00","_EventShowMap":false,"_EventShowMapLink":false,"_EventURL":"","_EventCost":"","_EventCostDescription":"","_EventCurrencySymbol":"","_EventCurrencyCode":"","_EventCurrencyPosition":"prefix","_EventDateTimeSeparator":"","_EventTimeRangeSeparator":"","_EventOrganizerID":[],"_EventVenueID":[],"_OrganizerEmail":"","_OrganizerPhone":"","_OrganizerWebsite":"","_VenueAddress":"","_VenueCity":"","_VenueCountry":"","_VenueProvince":"","_VenueState":"","_VenueZip":"","_VenuePhone":"","_VenueURL":"","_VenueStateProvince":"","_VenueLat":"","_VenueLng":"","_VenueShowMap":false,"_VenueShowMapLink":false,"_tribe_events_status":"","_tribe_events_status_reason":"","footnotes":""},"tags":[140],"tribe_events_cat":[52],"class_list":["post-7771","tribe_events","type-tribe_events","status-publish","has-post-thumbnail","hentry","tag-burse","tribe_events_cat-programe","cat_programe"],"yoast_head":"<!-- This site is optimized with the Yoast SEO plugin v24.6 - https:\/\/yoast.com\/wordpress\/plugins\/seo\/ -->\n<title>\u00censcriere la Programul FLEX 2024-2025 - Biblioteca Jude\u021bean\u0103 \u201eOctavian Goga\u201d Cluj<\/title>\n<meta name=\"description\" content=\"bursa de studiu\" \/>\n<meta name=\"robots\" content=\"index, follow, max-snippet:-1, max-image-preview:large, max-video-preview:-1\" \/>\n<link rel=\"canonical\" href=\"https:\/\/new.bjc.ro\/?tribe_events=inscriere-la-programul-flex-2024-2025\" \/>\n<meta property=\"og:locale\" content=\"ro_RO\" \/>\n<meta property=\"og:type\" content=\"article\" \/>\n<meta property=\"og:title\" content=\"\u00censcriere la Programul FLEX 2024-2025 - Biblioteca Jude\u021bean\u0103 \u201eOctavian Goga\u201d Cluj\" \/>\n<meta property=\"og:description\" content=\"bursa de studiu\" \/>\n<meta property=\"og:url\" content=\"https:\/\/new.bjc.ro\/?tribe_events=inscriere-la-programul-flex-2024-2025\" \/>\n<meta property=\"og:site_name\" content=\"Biblioteca Jude\u021bean\u0103 \u201eOctavian Goga\u201d Cluj\" \/>\n<meta property=\"article:publisher\" content=\"https:\/\/www.facebook.com\/bibliotecacluj\/\" \/>\n<meta property=\"article:modified_time\" content=\"2023-08-03T06:11:33+00:00\" \/>\n<meta property=\"og:image\" content=\"https:\/\/new.bjc.ro\/wp-content\/uploads\/2023\/08\/Afis-promovare-FLEX-2023-2.jpg\" \/>\n\t<meta property=\"og:image:width\" content=\"400\" \/>\n\t<meta property=\"og:image:height\" content=\"566\" \/>\n\t<meta property=\"og:image:type\" content=\"image\/jpeg\" \/>\n<meta name=\"twitter:card\" content=\"summary_large_image\" \/>\n<meta name=\"twitter:site\" content=\"@BibliotecaGoga\" \/>\n<meta name=\"twitter:label1\" content=\"Timp estimat pentru citire\" \/>\n\t<meta name=\"twitter:data1\" content=\"1 minut\" \/>\n<script type=\"application\/ld+json\" class=\"yoast-schema-graph\">{\"@context\":\"https:\/\/schema.org\",\"@graph\":[{\"@type\":\"WebPage\",\"@id\":\"https:\/\/new.bjc.ro\/?tribe_events=inscriere-la-programul-flex-2024-2025\",\"url\":\"https:\/\/new.bjc.ro\/?tribe_events=inscriere-la-programul-flex-2024-2025\",\"name\":\"\u00censcriere la Programul FLEX 2024-2025 - Biblioteca Jude\u021bean\u0103 \u201eOctavian Goga\u201d Cluj\",\"isPartOf\":{\"@id\":\"https:\/\/new.bjc.ro\/#website\"},\"primaryImageOfPage\":{\"@id\":\"https:\/\/new.bjc.ro\/?tribe_events=inscriere-la-programul-flex-2024-2025#primaryimage\"},\"image\":{\"@id\":\"https:\/\/new.bjc.ro\/?tribe_events=inscriere-la-programul-flex-2024-2025#primaryimage\"},\"thumbnailUrl\":\"https:\/\/new.bjc.ro\/wp-content\/uploads\/2023\/08\/Afis-promovare-FLEX-2023-2.jpg\",\"datePublished\":\"2023-08-03T06:03:23+00:00\",\"dateModified\":\"2023-08-03T06:11:33+00:00\",\"description\":\"bursa de studiu\",\"breadcrumb\":{\"@id\":\"https:\/\/new.bjc.ro\/?tribe_events=inscriere-la-programul-flex-2024-2025#breadcrumb\"},\"inLanguage\":\"ro-RO\",\"potentialAction\":[{\"@type\":\"ReadAction\",\"target\":[\"https:\/\/new.bjc.ro\/?tribe_events=inscriere-la-programul-flex-2024-2025\"]}]},{\"@type\":\"ImageObject\",\"inLanguage\":\"ro-RO\",\"@id\":\"https:\/\/new.bjc.ro\/?tribe_events=inscriere-la-programul-flex-2024-2025#primaryimage\",\"url\":\"https:\/\/new.bjc.ro\/wp-content\/uploads\/2023\/08\/Afis-promovare-FLEX-2023-2.jpg\",\"contentUrl\":\"https:\/\/new.bjc.ro\/wp-content\/uploads\/2023\/08\/Afis-promovare-FLEX-2023-2.jpg\",\"width\":400,\"height\":566},{\"@type\":\"BreadcrumbList\",\"@id\":\"https:\/\/new.bjc.ro\/?tribe_events=inscriere-la-programul-flex-2024-2025#breadcrumb\",\"itemListElement\":[{\"@type\":\"ListItem\",\"position\":1,\"name\":\"Home\",\"item\":\"https:\/\/new.bjc.ro\/\"},{\"@type\":\"ListItem\",\"position\":2,\"name\":\"Evenimente\",\"item\":\"https:\/\/new.bjc.ro\/?post_type=tribe_events\"},{\"@type\":\"ListItem\",\"position\":3,\"name\":\"\u00censcriere la Programul FLEX 2024-2025\"}]},{\"@type\":\"WebSite\",\"@id\":\"https:\/\/new.bjc.ro\/#website\",\"url\":\"https:\/\/new.bjc.ro\/\",\"name\":\"Biblioteca Jude\u021bean\u0103 \u201eOctavian Goga\u201d Cluj\",\"description\":\"\",\"publisher\":{\"@id\":\"https:\/\/new.bjc.ro\/#organization\"},\"alternateName\":\"Biblioteca Jude\u021bean\u0103 Cluj\",\"potentialAction\":[{\"@type\":\"SearchAction\",\"target\":{\"@type\":\"EntryPoint\",\"urlTemplate\":\"https:\/\/new.bjc.ro\/?s={search_term_string}\"},\"query-input\":{\"@type\":\"PropertyValueSpecification\",\"valueRequired\":true,\"valueName\":\"search_term_string\"}}],\"inLanguage\":\"ro-RO\"},{\"@type\":\"Organization\",\"@id\":\"https:\/\/new.bjc.ro\/#organization\",\"name\":\"Biblioteca Jude\u021bean\u0103 \u201eOctavian Goga\u201d Cluj\",\"url\":\"https:\/\/new.bjc.ro\/\",\"logo\":{\"@type\":\"ImageObject\",\"inLanguage\":\"ro-RO\",\"@id\":\"https:\/\/new.bjc.ro\/#\/schema\/logo\/image\/\",\"url\":\"https:\/\/new.bjc.ro\/wp-content\/uploads\/2023\/03\/sigle.jpg\",\"contentUrl\":\"https:\/\/new.bjc.ro\/wp-content\/uploads\/2023\/03\/sigle.jpg\",\"width\":630,\"height\":473,\"caption\":\"Biblioteca Jude\u021bean\u0103 \u201eOctavian Goga\u201d Cluj\"},\"image\":{\"@id\":\"https:\/\/new.bjc.ro\/#\/schema\/logo\/image\/\"},\"sameAs\":[\"https:\/\/www.facebook.com\/bibliotecacluj\/\",\"https:\/\/x.com\/BibliotecaGoga\",\"https:\/\/www.instagram.com\/biblioteca_judeteana_cluj\/\",\"https:\/\/www.youtube.com\/user\/BibliotecaGoga\"]}]}<\/script>\n<!-- \/ Yoast SEO plugin. -->","yoast_head_json":{"title":"\u00censcriere la Programul FLEX 2024-2025 - Biblioteca Jude\u021bean\u0103 \u201eOctavian Goga\u201d Cluj","description":"bursa de studiu","robots":{"index":"index","follow":"follow","max-snippet":"max-snippet:-1","max-image-preview":"max-image-preview:large","max-video-preview":"max-video-preview:-1"},"canonical":"https:\/\/new.bjc.ro\/?tribe_events=inscriere-la-programul-flex-2024-2025","og_locale":"ro_RO","og_type":"article","og_title":"\u00censcriere la Programul FLEX 2024-2025 - Biblioteca Jude\u021bean\u0103 \u201eOctavian Goga\u201d Cluj","og_description":"bursa de studiu","og_url":"https:\/\/new.bjc.ro\/?tribe_events=inscriere-la-programul-flex-2024-2025","og_site_name":"Biblioteca Jude\u021bean\u0103 \u201eOctavian Goga\u201d Cluj","article_publisher":"https:\/\/www.facebook.com\/bibliotecacluj\/","article_modified_time":"2023-08-03T06:11:33+00:00","og_image":[{"width":400,"height":566,"url":"https:\/\/new.bjc.ro\/wp-content\/uploads\/2023\/08\/Afis-promovare-FLEX-2023-2.jpg","type":"image\/jpeg"}],"twitter_card":"summary_large_image","twitter_site":"@BibliotecaGoga","twitter_misc":{"Timp estimat pentru citire":"1 minut"},"schema":{"@context":"https:\/\/schema.org","@graph":[{"@type":"WebPage","@id":"https:\/\/new.bjc.ro\/?tribe_events=inscriere-la-programul-flex-2024-2025","url":"https:\/\/new.bjc.ro\/?tribe_events=inscriere-la-programul-flex-2024-2025","name":"\u00censcriere la Programul FLEX 2024-2025 - Biblioteca Jude\u021bean\u0103 \u201eOctavian Goga\u201d Cluj","isPartOf":{"@id":"https:\/\/new.bjc.ro\/#website"},"primaryImageOfPage":{"@id":"https:\/\/new.bjc.ro\/?tribe_events=inscriere-la-programul-flex-2024-2025#primaryimage"},"image":{"@id":"https:\/\/new.bjc.ro\/?tribe_events=inscriere-la-programul-flex-2024-2025#primaryimage"},"thumbnailUrl":"https:\/\/new.bjc.ro\/wp-content\/uploads\/2023\/08\/Afis-promovare-FLEX-2023-2.jpg","datePublished":"2023-08-03T06:03:23+00:00","dateModified":"2023-08-03T06:11:33+00:00","description":"bursa de studiu","breadcrumb":{"@id":"https:\/\/new.bjc.ro\/?tribe_events=inscriere-la-programul-flex-2024-2025#breadcrumb"},"inLanguage":"ro-RO","potentialAction":[{"@type":"ReadAction","target":["https:\/\/new.bjc.ro\/?tribe_events=inscriere-la-programul-flex-2024-2025"]}]},{"@type":"ImageObject","inLanguage":"ro-RO","@id":"https:\/\/new.bjc.ro\/?tribe_events=inscriere-la-programul-flex-2024-2025#primaryimage","url":"https:\/\/new.bjc.ro\/wp-content\/uploads\/2023\/08\/Afis-promovare-FLEX-2023-2.jpg","contentUrl":"https:\/\/new.bjc.ro\/wp-content\/uploads\/2023\/08\/Afis-promovare-FLEX-2023-2.jpg","width":400,"height":566},{"@type":"BreadcrumbList","@id":"https:\/\/new.bjc.ro\/?tribe_events=inscriere-la-programul-flex-2024-2025#breadcrumb","itemListElement":[{"@type":"ListItem","position":1,"name":"Home","item":"https:\/\/new.bjc.ro\/"},{"@type":"ListItem","position":2,"name":"Evenimente","item":"https:\/\/new.bjc.ro\/?post_type=tribe_events"},{"@type":"ListItem","position":3,"name":"\u00censcriere la Programul FLEX 2024-2025"}]},{"@type":"WebSite","@id":"https:\/\/new.bjc.ro\/#website","url":"https:\/\/new.bjc.ro\/","name":"Biblioteca Jude\u021bean\u0103 \u201eOctavian Goga\u201d Cluj","description":"","publisher":{"@id":"https:\/\/new.bjc.ro\/#organization"},"alternateName":"Biblioteca Jude\u021bean\u0103 Cluj","potentialAction":[{"@type":"SearchAction","target":{"@type":"EntryPoint","urlTemplate":"https:\/\/new.bjc.ro\/?s={search_term_string}"},"query-input":{"@type":"PropertyValueSpecification","valueRequired":true,"valueName":"search_term_string"}}],"inLanguage":"ro-RO"},{"@type":"Organization","@id":"https:\/\/new.bjc.ro\/#organization","name":"Biblioteca Jude\u021bean\u0103 \u201eOctavian Goga\u201d Cluj","url":"https:\/\/new.bjc.ro\/","logo":{"@type":"ImageObject","inLanguage":"ro-RO","@id":"https:\/\/new.bjc.ro\/#\/schema\/logo\/image\/","url":"https:\/\/new.bjc.ro\/wp-content\/uploads\/2023\/03\/sigle.jpg","contentUrl":"https:\/\/new.bjc.ro\/wp-content\/uploads\/2023\/03\/sigle.jpg","width":630,"height":473,"caption":"Biblioteca Jude\u021bean\u0103 \u201eOctavian Goga\u201d Cluj"},"image":{"@id":"https:\/\/new.bjc.ro\/#\/schema\/logo\/image\/"},"sameAs":["https:\/\/www.facebook.com\/bibliotecacluj\/","https:\/\/x.com\/BibliotecaGoga","https:\/\/www.instagram.com\/biblioteca_judeteana_cluj\/","https:\/\/www.youtube.com\/user\/BibliotecaGoga"]}]}},"_links":{"self":[{"href":"https:\/\/new.bjc.ro\/index.php?rest_route=\/wp\/v2\/tribe_events\/7771","targetHints":{"allow":["GET"]}}],"collection":[{"href":"https:\/\/new.bjc.ro\/index.php?rest_route=\/wp\/v2\/tribe_events"}],"about":[{"href":"https:\/\/new.bjc.ro\/index.php?rest_route=\/wp\/v2\/types\/tribe_events"}],"author":[{"embeddable":true,"href":"https:\/\/new.bjc.ro\/index.php?rest_route=\/wp\/v2\/users\/1"}],"version-history":[{"count":1,"href":"https:\/\/new.bjc.ro\/index.php?rest_route=\/wp\/v2\/tribe_events\/7771\/revisions"}],"predecessor-version":[{"id":7773,"href":"https:\/\/new.bjc.ro\/index.php?rest_route=\/wp\/v2\/tribe_events\/7771\/revisions\/7773"}],"wp:featuredmedia":[{"embeddable":true,"href":"https:\/\/new.bjc.ro\/index.php?rest_route=\/wp\/v2\/media\/7772"}],"wp:attachment":[{"href":"https:\/\/new.bjc.ro\/index.php?rest_route=%2Fwp%2Fv2%2Fmedia&parent=7771"}],"wp:term":[{"taxonomy":"post_tag","embeddable":true,"href":"https:\/\/new.bjc.ro\/index.php?rest_route=%2Fwp%2Fv2%2Ftags&post=7771"},{"taxonomy":"tribe_events_cat","embeddable":true,"href":"https:\/\/new.bjc.ro\/index.php?rest_route=%2Fwp%2Fv2%2Ftribe_events_cat&post=7771"}],"curies":[{"name":"wp","href":"https:\/\/api.w.org\/{rel}","templated":true}]}}