{"id":7788,"date":"2023-08-09T13:28:32","date_gmt":"2023-08-09T10:28:32","guid":{"rendered":"https:\/\/new.bjc.ro\/?post_type=tribe_events&#038;p=7788"},"modified":"2023-08-11T08:53:05","modified_gmt":"2023-08-11T05:53:05","slug":"zilele-culturale-maghiare","status":"publish","type":"tribe_events","link":"https:\/\/new.bjc.ro\/?tribe_events=zilele-culturale-maghiare","title":{"rendered":"Zilele\u00a0Culturale\u00a0Maghiare"},"content":{"rendered":"<p>Cu ocazia Zilelor Culturale Maghiare din Cluj, edi\u021bia a 14-a, \u00een data de 16 august, la Sala multicultural\u0103 a Bibliotecii Jude\u021bene \u201eOctavian Goga\u201d Cluj (sediul central, etajul 3, tronson vest) vor avea loc urm\u0103toarele evenimente:<br \/>\n\u2022 de la ora 14.00, jocul literar-lingvistic \u201ePet\u0151fi S\u00e1ndor 200: Din lirica creat\u0103 de Pet\u0151fi \u00een Ardeal\u201d (activitate \u00een limba maghiar\u0103);<br \/>\n\u2022 de la ora 15.00, jocul literar \u201eTransilvania, leag\u0103n literar\u201d (activitate \u00een limba rom\u00e2n\u0103);<br \/>\n\u2022 de la ora 16.00, jocul lingvistic de societate \u201eAnii de liceu\u2026\u201d \u2013 jargonul adolescen\u0163ilor ardeleni (activitate \u00een limba maghiar\u0103).<br \/>\nActivit\u0103\u021bile sunt coordonate de profesorul emerit de limba maghiar\u0103 Ferenc M\u00e1ln\u00e1si.<br \/>\nPe\u00a0aici,\u00a0pofti\u021bi!<\/p>\n<p>Meg szeretn\u00e9d ismerni Pet\u0151fi S\u00e1ndor Erd\u00e9lyben sz\u00fcletett k\u00f6ltem\u00e9nyeit, vagy k\u00edv\u00e1ncsi vagy irodalmi b\u00f6lcs\u0151inkre Erd\u00e9lyben?<br \/>\nA 14. kolozsv\u00e1ri magyar napok keret\u00e9n bel\u00fcl, augusztus 16-\u00e1n k\u00f6nyvt\u00e1runk Multikultur\u00e1lis r\u00e9szlege (nyugati sz\u00e1rny, 3. emelet) k\u00e9t irodalmi t\u00e1rsasj\u00e1t\u00e9knak ad otthon, melyre mindenkit szeretettel v\u00e1runk:<br \/>\n\u2022 14 \u00f3r\u00e1t\u00f3l: Pet\u0151fi S\u00e1ndor 200 \u2013 \u201esz\u00e9p Erd\u00e9ly reg\u00e9nyes t\u00e1jain\u2026\u201d \u2013 Pet\u0151fi Erd\u00e9lyben sz\u00fcletett k\u00f6ltem\u00e9nyei. Nyelvi-irodalmi t\u00e1rsasj\u00e1t\u00e9k M\u00e1ln\u00e1si Ferenc ny. magyartan\u00e1r vezet\u00e9s\u00e9vel (magyarul).<br \/>\n\u2022 15 \u00f3r\u00e1t\u00f3l: Irodalmi b\u00f6lcs\u0151ink Erd\u00e9lyben. Irodalmi t\u00e1rsasj\u00e1t\u00e9k rom\u00e1n nyelven M\u00e1ln\u00e1si Ferenc ny. magyartan\u00e1r vezet\u00e9s\u00e9vel.<br \/>\n\u2022 16 \u00f3r\u00e1t\u00f3l: \u201eA gimi, gimi ilyen volt\u2026\u201d. Nyelvi t\u00e1rsasj\u00e1t\u00e9k, di\u00e1knyelvi szavak, kifejez\u00e9sek gy\u0171jt\u00e9se M\u00e1ln\u00e1si Ferenc ny. magyartan\u00e1r vezet\u00e9s\u00e9vel.<br \/>\nErrre,\u00a0tess\u00e9k!<\/p>\n","protected":false},"excerpt":{"rendered":"<p>Cu ocazia Zilelor Culturale Maghiare din Cluj, edi\u021bia a 14-a, \u00een data de 16 august, la Sala multicultural\u0103 a Bibliotecii Jude\u021bene \u201eOctavian Goga\u201d Cluj (sediul central, etajul 3, tronson vest) vor avea loc urm\u0103toarele evenimente: \u2022 de la ora 14.00, jocul literar-lingvistic \u201ePet\u0151fi S\u00e1ndor 200: Din lirica creat\u0103 de Pet\u0151fi&hellip; <br \/> <a class=\"read-more\" href=\"https:\/\/new.bjc.ro\/?tribe_events=zilele-culturale-maghiare\">Cite\u0219te mai mult<\/a><\/p>\n","protected":false},"author":1,"featured_media":7789,"template":"","meta":{"_monsterinsights_skip_tracking":false,"_monsterinsights_sitenote_active":false,"_monsterinsights_sitenote_note":"","_monsterinsights_sitenote_category":0,"_EventAllDay":false,"_EventTimezone":"Europe\/Bucharest","_EventStartDate":"2023-08-16 14:00:00","_EventEndDate":"2023-08-16 17:00:00","_EventStartDateUTC":"2023-08-16 11:00:00","_EventEndDateUTC":"2023-08-16 14:00:00","_EventShowMap":true,"_EventShowMapLink":true,"_EventURL":"","_EventCost":"","_EventCostDescription":"","_EventCurrencySymbol":"","_EventCurrencyCode":"","_EventCurrencyPosition":"prefix","_EventDateTimeSeparator":"","_EventTimeRangeSeparator":"","_EventOrganizerID":[2810],"_EventVenueID":[3721],"_OrganizerEmail":"","_OrganizerPhone":"","_OrganizerWebsite":"","_VenueAddress":"","_VenueCity":"","_VenueCountry":"","_VenueProvince":"","_VenueState":"","_VenueZip":"","_VenuePhone":"","_VenueURL":"","_VenueStateProvince":"","_VenueLat":"","_VenueLng":"","_VenueShowMap":false,"_VenueShowMapLink":false,"_tribe_events_status":"","_tribe_events_status_reason":"","footnotes":""},"tags":[143],"tribe_events_cat":[28],"class_list":["post-7788","tribe_events","type-tribe_events","status-publish","has-post-thumbnail","hentry","tag-zile-culturale-maghiare","tribe_events_cat-evenimente","cat_evenimente"],"yoast_head":"<!-- This site is optimized with the Yoast SEO plugin v24.6 - https:\/\/yoast.com\/wordpress\/plugins\/seo\/ -->\n<title>Zilele\u00a0Culturale\u00a0Maghiare - Biblioteca Jude\u021bean\u0103 \u201eOctavian Goga\u201d Cluj<\/title>\n<meta name=\"description\" content=\"joc literar-lingvistic activitate \u00een limba maghiar\u0103, joc literar \u201eTransilvania, leag\u0103n literar\u201d activitate \u00een limba rom\u00e2n\u0103\" \/>\n<meta name=\"robots\" content=\"index, follow, max-snippet:-1, max-image-preview:large, max-video-preview:-1\" \/>\n<link rel=\"canonical\" href=\"https:\/\/new.bjc.ro\/?tribe_events=zilele-culturale-maghiare\" \/>\n<meta property=\"og:locale\" content=\"ro_RO\" \/>\n<meta property=\"og:type\" content=\"article\" \/>\n<meta property=\"og:title\" content=\"Zilele\u00a0Culturale\u00a0Maghiare - Biblioteca Jude\u021bean\u0103 \u201eOctavian Goga\u201d Cluj\" \/>\n<meta property=\"og:description\" content=\"joc literar-lingvistic activitate \u00een limba maghiar\u0103, joc literar \u201eTransilvania, leag\u0103n literar\u201d activitate \u00een limba rom\u00e2n\u0103\" \/>\n<meta property=\"og:url\" content=\"https:\/\/new.bjc.ro\/?tribe_events=zilele-culturale-maghiare\" \/>\n<meta property=\"og:site_name\" content=\"Biblioteca Jude\u021bean\u0103 \u201eOctavian Goga\u201d Cluj\" \/>\n<meta property=\"article:publisher\" content=\"https:\/\/www.facebook.com\/bibliotecacluj\/\" \/>\n<meta property=\"article:modified_time\" content=\"2023-08-11T05:53:05+00:00\" \/>\n<meta property=\"og:image\" content=\"https:\/\/new.bjc.ro\/wp-content\/uploads\/2023\/08\/Zilele-maghiare_2023-2.jpg\" \/>\n\t<meta property=\"og:image:width\" content=\"703\" \/>\n\t<meta property=\"og:image:height\" content=\"400\" \/>\n\t<meta property=\"og:image:type\" content=\"image\/jpeg\" \/>\n<meta name=\"twitter:card\" content=\"summary_large_image\" \/>\n<meta name=\"twitter:site\" content=\"@BibliotecaGoga\" \/>\n<meta name=\"twitter:label1\" content=\"Timp estimat pentru citire\" \/>\n\t<meta name=\"twitter:data1\" content=\"2 minute\" \/>\n<script type=\"application\/ld+json\" class=\"yoast-schema-graph\">{\"@context\":\"https:\/\/schema.org\",\"@graph\":[{\"@type\":\"WebPage\",\"@id\":\"https:\/\/new.bjc.ro\/?tribe_events=zilele-culturale-maghiare\",\"url\":\"https:\/\/new.bjc.ro\/?tribe_events=zilele-culturale-maghiare\",\"name\":\"Zilele\u00a0Culturale\u00a0Maghiare - Biblioteca Jude\u021bean\u0103 \u201eOctavian Goga\u201d Cluj\",\"isPartOf\":{\"@id\":\"https:\/\/new.bjc.ro\/#website\"},\"primaryImageOfPage\":{\"@id\":\"https:\/\/new.bjc.ro\/?tribe_events=zilele-culturale-maghiare#primaryimage\"},\"image\":{\"@id\":\"https:\/\/new.bjc.ro\/?tribe_events=zilele-culturale-maghiare#primaryimage\"},\"thumbnailUrl\":\"https:\/\/new.bjc.ro\/wp-content\/uploads\/2023\/08\/Zilele-maghiare_2023-2.jpg\",\"datePublished\":\"2023-08-09T10:28:32+00:00\",\"dateModified\":\"2023-08-11T05:53:05+00:00\",\"description\":\"joc literar-lingvistic activitate \u00een limba maghiar\u0103, joc literar \u201eTransilvania, leag\u0103n literar\u201d activitate \u00een limba rom\u00e2n\u0103\",\"breadcrumb\":{\"@id\":\"https:\/\/new.bjc.ro\/?tribe_events=zilele-culturale-maghiare#breadcrumb\"},\"inLanguage\":\"ro-RO\",\"potentialAction\":[{\"@type\":\"ReadAction\",\"target\":[\"https:\/\/new.bjc.ro\/?tribe_events=zilele-culturale-maghiare\"]}]},{\"@type\":\"ImageObject\",\"inLanguage\":\"ro-RO\",\"@id\":\"https:\/\/new.bjc.ro\/?tribe_events=zilele-culturale-maghiare#primaryimage\",\"url\":\"https:\/\/new.bjc.ro\/wp-content\/uploads\/2023\/08\/Zilele-maghiare_2023-2.jpg\",\"contentUrl\":\"https:\/\/new.bjc.ro\/wp-content\/uploads\/2023\/08\/Zilele-maghiare_2023-2.jpg\",\"width\":703,\"height\":400},{\"@type\":\"BreadcrumbList\",\"@id\":\"https:\/\/new.bjc.ro\/?tribe_events=zilele-culturale-maghiare#breadcrumb\",\"itemListElement\":[{\"@type\":\"ListItem\",\"position\":1,\"name\":\"Home\",\"item\":\"https:\/\/new.bjc.ro\/\"},{\"@type\":\"ListItem\",\"position\":2,\"name\":\"Evenimente\",\"item\":\"https:\/\/new.bjc.ro\/?post_type=tribe_events\"},{\"@type\":\"ListItem\",\"position\":3,\"name\":\"Zilele\u00a0Culturale\u00a0Maghiare\"}]},{\"@type\":\"WebSite\",\"@id\":\"https:\/\/new.bjc.ro\/#website\",\"url\":\"https:\/\/new.bjc.ro\/\",\"name\":\"Biblioteca Jude\u021bean\u0103 \u201eOctavian Goga\u201d Cluj\",\"description\":\"\",\"publisher\":{\"@id\":\"https:\/\/new.bjc.ro\/#organization\"},\"alternateName\":\"Biblioteca Jude\u021bean\u0103 Cluj\",\"potentialAction\":[{\"@type\":\"SearchAction\",\"target\":{\"@type\":\"EntryPoint\",\"urlTemplate\":\"https:\/\/new.bjc.ro\/?s={search_term_string}\"},\"query-input\":{\"@type\":\"PropertyValueSpecification\",\"valueRequired\":true,\"valueName\":\"search_term_string\"}}],\"inLanguage\":\"ro-RO\"},{\"@type\":\"Organization\",\"@id\":\"https:\/\/new.bjc.ro\/#organization\",\"name\":\"Biblioteca Jude\u021bean\u0103 \u201eOctavian Goga\u201d Cluj\",\"url\":\"https:\/\/new.bjc.ro\/\",\"logo\":{\"@type\":\"ImageObject\",\"inLanguage\":\"ro-RO\",\"@id\":\"https:\/\/new.bjc.ro\/#\/schema\/logo\/image\/\",\"url\":\"https:\/\/new.bjc.ro\/wp-content\/uploads\/2023\/03\/sigle.jpg\",\"contentUrl\":\"https:\/\/new.bjc.ro\/wp-content\/uploads\/2023\/03\/sigle.jpg\",\"width\":630,\"height\":473,\"caption\":\"Biblioteca Jude\u021bean\u0103 \u201eOctavian Goga\u201d Cluj\"},\"image\":{\"@id\":\"https:\/\/new.bjc.ro\/#\/schema\/logo\/image\/\"},\"sameAs\":[\"https:\/\/www.facebook.com\/bibliotecacluj\/\",\"https:\/\/x.com\/BibliotecaGoga\",\"https:\/\/www.instagram.com\/biblioteca_judeteana_cluj\/\",\"https:\/\/www.youtube.com\/user\/BibliotecaGoga\"]}]}<\/script>\n<!-- \/ Yoast SEO plugin. -->","yoast_head_json":{"title":"Zilele\u00a0Culturale\u00a0Maghiare - Biblioteca Jude\u021bean\u0103 \u201eOctavian Goga\u201d Cluj","description":"joc literar-lingvistic activitate \u00een limba maghiar\u0103, joc literar \u201eTransilvania, leag\u0103n literar\u201d activitate \u00een limba rom\u00e2n\u0103","robots":{"index":"index","follow":"follow","max-snippet":"max-snippet:-1","max-image-preview":"max-image-preview:large","max-video-preview":"max-video-preview:-1"},"canonical":"https:\/\/new.bjc.ro\/?tribe_events=zilele-culturale-maghiare","og_locale":"ro_RO","og_type":"article","og_title":"Zilele\u00a0Culturale\u00a0Maghiare - Biblioteca Jude\u021bean\u0103 \u201eOctavian Goga\u201d Cluj","og_description":"joc literar-lingvistic activitate \u00een limba maghiar\u0103, joc literar \u201eTransilvania, leag\u0103n literar\u201d activitate \u00een limba rom\u00e2n\u0103","og_url":"https:\/\/new.bjc.ro\/?tribe_events=zilele-culturale-maghiare","og_site_name":"Biblioteca Jude\u021bean\u0103 \u201eOctavian Goga\u201d Cluj","article_publisher":"https:\/\/www.facebook.com\/bibliotecacluj\/","article_modified_time":"2023-08-11T05:53:05+00:00","og_image":[{"width":703,"height":400,"url":"https:\/\/new.bjc.ro\/wp-content\/uploads\/2023\/08\/Zilele-maghiare_2023-2.jpg","type":"image\/jpeg"}],"twitter_card":"summary_large_image","twitter_site":"@BibliotecaGoga","twitter_misc":{"Timp estimat pentru citire":"2 minute"},"schema":{"@context":"https:\/\/schema.org","@graph":[{"@type":"WebPage","@id":"https:\/\/new.bjc.ro\/?tribe_events=zilele-culturale-maghiare","url":"https:\/\/new.bjc.ro\/?tribe_events=zilele-culturale-maghiare","name":"Zilele\u00a0Culturale\u00a0Maghiare - Biblioteca Jude\u021bean\u0103 \u201eOctavian Goga\u201d Cluj","isPartOf":{"@id":"https:\/\/new.bjc.ro\/#website"},"primaryImageOfPage":{"@id":"https:\/\/new.bjc.ro\/?tribe_events=zilele-culturale-maghiare#primaryimage"},"image":{"@id":"https:\/\/new.bjc.ro\/?tribe_events=zilele-culturale-maghiare#primaryimage"},"thumbnailUrl":"https:\/\/new.bjc.ro\/wp-content\/uploads\/2023\/08\/Zilele-maghiare_2023-2.jpg","datePublished":"2023-08-09T10:28:32+00:00","dateModified":"2023-08-11T05:53:05+00:00","description":"joc literar-lingvistic activitate \u00een limba maghiar\u0103, joc literar \u201eTransilvania, leag\u0103n literar\u201d activitate \u00een limba rom\u00e2n\u0103","breadcrumb":{"@id":"https:\/\/new.bjc.ro\/?tribe_events=zilele-culturale-maghiare#breadcrumb"},"inLanguage":"ro-RO","potentialAction":[{"@type":"ReadAction","target":["https:\/\/new.bjc.ro\/?tribe_events=zilele-culturale-maghiare"]}]},{"@type":"ImageObject","inLanguage":"ro-RO","@id":"https:\/\/new.bjc.ro\/?tribe_events=zilele-culturale-maghiare#primaryimage","url":"https:\/\/new.bjc.ro\/wp-content\/uploads\/2023\/08\/Zilele-maghiare_2023-2.jpg","contentUrl":"https:\/\/new.bjc.ro\/wp-content\/uploads\/2023\/08\/Zilele-maghiare_2023-2.jpg","width":703,"height":400},{"@type":"BreadcrumbList","@id":"https:\/\/new.bjc.ro\/?tribe_events=zilele-culturale-maghiare#breadcrumb","itemListElement":[{"@type":"ListItem","position":1,"name":"Home","item":"https:\/\/new.bjc.ro\/"},{"@type":"ListItem","position":2,"name":"Evenimente","item":"https:\/\/new.bjc.ro\/?post_type=tribe_events"},{"@type":"ListItem","position":3,"name":"Zilele\u00a0Culturale\u00a0Maghiare"}]},{"@type":"WebSite","@id":"https:\/\/new.bjc.ro\/#website","url":"https:\/\/new.bjc.ro\/","name":"Biblioteca Jude\u021bean\u0103 \u201eOctavian Goga\u201d Cluj","description":"","publisher":{"@id":"https:\/\/new.bjc.ro\/#organization"},"alternateName":"Biblioteca Jude\u021bean\u0103 Cluj","potentialAction":[{"@type":"SearchAction","target":{"@type":"EntryPoint","urlTemplate":"https:\/\/new.bjc.ro\/?s={search_term_string}"},"query-input":{"@type":"PropertyValueSpecification","valueRequired":true,"valueName":"search_term_string"}}],"inLanguage":"ro-RO"},{"@type":"Organization","@id":"https:\/\/new.bjc.ro\/#organization","name":"Biblioteca Jude\u021bean\u0103 \u201eOctavian Goga\u201d Cluj","url":"https:\/\/new.bjc.ro\/","logo":{"@type":"ImageObject","inLanguage":"ro-RO","@id":"https:\/\/new.bjc.ro\/#\/schema\/logo\/image\/","url":"https:\/\/new.bjc.ro\/wp-content\/uploads\/2023\/03\/sigle.jpg","contentUrl":"https:\/\/new.bjc.ro\/wp-content\/uploads\/2023\/03\/sigle.jpg","width":630,"height":473,"caption":"Biblioteca Jude\u021bean\u0103 \u201eOctavian Goga\u201d Cluj"},"image":{"@id":"https:\/\/new.bjc.ro\/#\/schema\/logo\/image\/"},"sameAs":["https:\/\/www.facebook.com\/bibliotecacluj\/","https:\/\/x.com\/BibliotecaGoga","https:\/\/www.instagram.com\/biblioteca_judeteana_cluj\/","https:\/\/www.youtube.com\/user\/BibliotecaGoga"]}]}},"_links":{"self":[{"href":"https:\/\/new.bjc.ro\/index.php?rest_route=\/wp\/v2\/tribe_events\/7788","targetHints":{"allow":["GET"]}}],"collection":[{"href":"https:\/\/new.bjc.ro\/index.php?rest_route=\/wp\/v2\/tribe_events"}],"about":[{"href":"https:\/\/new.bjc.ro\/index.php?rest_route=\/wp\/v2\/types\/tribe_events"}],"author":[{"embeddable":true,"href":"https:\/\/new.bjc.ro\/index.php?rest_route=\/wp\/v2\/users\/1"}],"version-history":[{"count":2,"href":"https:\/\/new.bjc.ro\/index.php?rest_route=\/wp\/v2\/tribe_events\/7788\/revisions"}],"predecessor-version":[{"id":7796,"href":"https:\/\/new.bjc.ro\/index.php?rest_route=\/wp\/v2\/tribe_events\/7788\/revisions\/7796"}],"wp:featuredmedia":[{"embeddable":true,"href":"https:\/\/new.bjc.ro\/index.php?rest_route=\/wp\/v2\/media\/7789"}],"wp:attachment":[{"href":"https:\/\/new.bjc.ro\/index.php?rest_route=%2Fwp%2Fv2%2Fmedia&parent=7788"}],"wp:term":[{"taxonomy":"post_tag","embeddable":true,"href":"https:\/\/new.bjc.ro\/index.php?rest_route=%2Fwp%2Fv2%2Ftags&post=7788"},{"taxonomy":"tribe_events_cat","embeddable":true,"href":"https:\/\/new.bjc.ro\/index.php?rest_route=%2Fwp%2Fv2%2Ftribe_events_cat&post=7788"}],"curies":[{"name":"wp","href":"https:\/\/api.w.org\/{rel}","templated":true}]}}