{"id":7799,"date":"2023-08-16T14:07:20","date_gmt":"2023-08-16T11:07:20","guid":{"rendered":"https:\/\/new.bjc.ro\/?post_type=tribe_events&#038;p=7799"},"modified":"2023-08-16T14:14:09","modified_gmt":"2023-08-16T11:14:09","slug":"program-finantare-centrul-cultural-clujean","status":"publish","type":"tribe_events","link":"https:\/\/new.bjc.ro\/?tribe_events=program-finantare-centrul-cultural-clujean","title":{"rendered":"Rezident \u00een propriul ora\u0219"},"content":{"rendered":"<p>@ \u201e<a href=\"https:\/\/fb.me\/e\/ARvrDIpG\">Cluj \u00een Reziden\u021b\u0103<\/a>\u201d\u00a0 este un program de finan\u021bare simplu de accesat, conceput de @Centrul Cultural Clujean, pentru a veni \u00een sprijinul arti\u0219tilor care lucreaz\u0103 \u00een Cluj.<\/p>\n<p>Programul \u00ee\u0219i propune s\u0103 sus\u021bin\u0103 arti\u0219tii activi \u00een spa\u021biul clujean care vor s\u0103 se concentreze pentru o perioad\u0103 mai lung\u0103 de timp asupra unor teme care le sunt deja de interes \u0219i parte din practica artistic\u0103.<\/p>\n<p>\u201eCluj \u00een Reziden\u021b\u0103\u201d ofer\u0103 15 burse \u00een valoare de maxim 10.000 lei brut pentru fiecare proiect. Arti\u0219tii activi \u00een domeniile artelor vizuale, artelor digitale \u0219i new media, muzic\u0103 \u0219i arte sonore, dans \u0219i performance, literatur\u0103 \u0219i teatru sunt bineveni\u021bi s\u0103 aplice.<\/p>\n<p>\u00censcrierile se fac pe: <a href=\"https:\/\/view.forms.app\/adminccc\/cluj-in-rezidenta\"><em>https:\/\/view.forms.app\/adminccc\/cluj-in-rezidenta<\/em><\/a><em>.<\/em> <strong>Termen limit\u0103<\/strong>: 5 septembrie.<\/p>\n<p>Regulamentul poate fi consultat pe: <a href=\"https:\/\/bit.ly\/3OYB9MK\">https:\/\/bit.ly\/3OYB9MK<\/a>.<\/p>\n<p>Aplic\u0103 acum!<\/p>\n<p>#Cluj\u00cenReziden\u021b\u0103 #ArtaClujean\u0103 #Crea\u021bieLocal\u0103<\/p>\n","protected":false},"excerpt":{"rendered":"<p>@ \u201eCluj \u00een Reziden\u021b\u0103\u201d\u00a0 este un program de finan\u021bare simplu de accesat, conceput de @Centrul Cultural Clujean, pentru a veni \u00een sprijinul arti\u0219tilor care lucreaz\u0103 \u00een Cluj. Programul \u00ee\u0219i propune s\u0103 sus\u021bin\u0103 arti\u0219tii activi \u00een spa\u021biul clujean care vor s\u0103 se concentreze pentru o perioad\u0103 mai lung\u0103 de timp asupra&hellip; <br \/> <a class=\"read-more\" href=\"https:\/\/new.bjc.ro\/?tribe_events=program-finantare-centrul-cultural-clujean\">Cite\u0219te mai mult<\/a><\/p>\n","protected":false},"author":2,"featured_media":7801,"template":"","meta":{"_monsterinsights_skip_tracking":false,"_monsterinsights_sitenote_active":false,"_monsterinsights_sitenote_note":"","_monsterinsights_sitenote_category":0,"_EventAllDay":false,"_EventTimezone":"Europe\/Bucharest","_EventStartDate":"2023-08-16 08:00:00","_EventEndDate":"2023-09-05 17:00:00","_EventStartDateUTC":"2023-08-16 05:00:00","_EventEndDateUTC":"2023-09-05 14:00:00","_EventShowMap":false,"_EventShowMapLink":false,"_EventURL":"","_EventCost":"","_EventCostDescription":"","_EventCurrencySymbol":"","_EventCurrencyCode":"","_EventCurrencyPosition":"prefix","_EventDateTimeSeparator":"","_EventTimeRangeSeparator":"","_EventOrganizerID":[],"_EventVenueID":[],"_OrganizerEmail":"","_OrganizerPhone":"","_OrganizerWebsite":"","_VenueAddress":"","_VenueCity":"","_VenueCountry":"","_VenueProvince":"","_VenueState":"","_VenueZip":"","_VenuePhone":"","_VenueURL":"","_VenueStateProvince":"","_VenueLat":"","_VenueLng":"","_VenueShowMap":false,"_VenueShowMapLink":false,"_tribe_events_status":"","_tribe_events_status_reason":"","footnotes":""},"tags":[145,144,146],"tribe_events_cat":[52],"class_list":["post-7799","tribe_events","type-tribe_events","status-publish","has-post-thumbnail","hentry","tag-artaclujeana","tag-clujinrezidenta","tag-creatielocala","tribe_events_cat-programe","cat_programe"],"yoast_head":"<!-- This site is optimized with the Yoast SEO plugin v24.6 - https:\/\/yoast.com\/wordpress\/plugins\/seo\/ -->\n<title>Rezident \u00een propriul ora\u0219 - Biblioteca Jude\u021bean\u0103 \u201eOctavian Goga\u201d Cluj<\/title>\n<meta name=\"description\" content=\"\u201eCluj \u00een Reziden\u021b\u0103\u201d\u00a0 este un program de finan\u021bare conceput de Centrul Cultural Clujean pentru a veni \u00een sprijinul arti\u0219tilor care lucreaz\u0103 \u00een Cluj.\u00a0\" \/>\n<meta name=\"robots\" content=\"index, follow, max-snippet:-1, max-image-preview:large, max-video-preview:-1\" \/>\n<link rel=\"canonical\" href=\"https:\/\/new.bjc.ro\/?tribe_events=program-finantare-centrul-cultural-clujean\" \/>\n<meta property=\"og:locale\" content=\"ro_RO\" \/>\n<meta property=\"og:type\" content=\"article\" \/>\n<meta property=\"og:title\" content=\"Rezident \u00een propriul ora\u0219 - Biblioteca Jude\u021bean\u0103 \u201eOctavian Goga\u201d Cluj\" \/>\n<meta property=\"og:description\" content=\"\u201eCluj \u00een Reziden\u021b\u0103\u201d\u00a0 este un program de finan\u021bare conceput de Centrul Cultural Clujean pentru a veni \u00een sprijinul arti\u0219tilor care lucreaz\u0103 \u00een Cluj.\u00a0\" \/>\n<meta property=\"og:url\" content=\"https:\/\/new.bjc.ro\/?tribe_events=program-finantare-centrul-cultural-clujean\" \/>\n<meta property=\"og:site_name\" content=\"Biblioteca Jude\u021bean\u0103 \u201eOctavian Goga\u201d Cluj\" \/>\n<meta property=\"article:publisher\" content=\"https:\/\/www.facebook.com\/bibliotecacluj\/\" \/>\n<meta property=\"article:modified_time\" content=\"2023-08-16T11:14:09+00:00\" \/>\n<meta property=\"og:image\" content=\"https:\/\/new.bjc.ro\/wp-content\/uploads\/2023\/08\/Cluj-in-Rezidenta_postare.jpg\" \/>\n\t<meta property=\"og:image:width\" content=\"1200\" \/>\n\t<meta property=\"og:image:height\" content=\"1200\" \/>\n\t<meta property=\"og:image:type\" content=\"image\/jpeg\" \/>\n<meta name=\"twitter:card\" content=\"summary_large_image\" \/>\n<meta name=\"twitter:site\" content=\"@BibliotecaGoga\" \/>\n<meta name=\"twitter:label1\" content=\"Timp estimat pentru citire\" \/>\n\t<meta name=\"twitter:data1\" content=\"1 minut\" \/>\n<script type=\"application\/ld+json\" class=\"yoast-schema-graph\">{\"@context\":\"https:\/\/schema.org\",\"@graph\":[{\"@type\":\"WebPage\",\"@id\":\"https:\/\/new.bjc.ro\/?tribe_events=program-finantare-centrul-cultural-clujean\",\"url\":\"https:\/\/new.bjc.ro\/?tribe_events=program-finantare-centrul-cultural-clujean\",\"name\":\"Rezident \u00een propriul ora\u0219 - Biblioteca Jude\u021bean\u0103 \u201eOctavian Goga\u201d Cluj\",\"isPartOf\":{\"@id\":\"https:\/\/new.bjc.ro\/#website\"},\"primaryImageOfPage\":{\"@id\":\"https:\/\/new.bjc.ro\/?tribe_events=program-finantare-centrul-cultural-clujean#primaryimage\"},\"image\":{\"@id\":\"https:\/\/new.bjc.ro\/?tribe_events=program-finantare-centrul-cultural-clujean#primaryimage\"},\"thumbnailUrl\":\"https:\/\/new.bjc.ro\/wp-content\/uploads\/2023\/08\/Cluj-in-Rezidenta_postare.jpg\",\"datePublished\":\"2023-08-16T11:07:20+00:00\",\"dateModified\":\"2023-08-16T11:14:09+00:00\",\"description\":\"\u201eCluj \u00een Reziden\u021b\u0103\u201d\u00a0 este un program de finan\u021bare conceput de Centrul Cultural Clujean pentru a veni \u00een sprijinul arti\u0219tilor care lucreaz\u0103 \u00een Cluj.\u00a0\",\"breadcrumb\":{\"@id\":\"https:\/\/new.bjc.ro\/?tribe_events=program-finantare-centrul-cultural-clujean#breadcrumb\"},\"inLanguage\":\"ro-RO\",\"potentialAction\":[{\"@type\":\"ReadAction\",\"target\":[\"https:\/\/new.bjc.ro\/?tribe_events=program-finantare-centrul-cultural-clujean\"]}]},{\"@type\":\"ImageObject\",\"inLanguage\":\"ro-RO\",\"@id\":\"https:\/\/new.bjc.ro\/?tribe_events=program-finantare-centrul-cultural-clujean#primaryimage\",\"url\":\"https:\/\/new.bjc.ro\/wp-content\/uploads\/2023\/08\/Cluj-in-Rezidenta_postare.jpg\",\"contentUrl\":\"https:\/\/new.bjc.ro\/wp-content\/uploads\/2023\/08\/Cluj-in-Rezidenta_postare.jpg\",\"width\":1200,\"height\":1200},{\"@type\":\"BreadcrumbList\",\"@id\":\"https:\/\/new.bjc.ro\/?tribe_events=program-finantare-centrul-cultural-clujean#breadcrumb\",\"itemListElement\":[{\"@type\":\"ListItem\",\"position\":1,\"name\":\"Home\",\"item\":\"https:\/\/new.bjc.ro\/\"},{\"@type\":\"ListItem\",\"position\":2,\"name\":\"Evenimente\",\"item\":\"https:\/\/new.bjc.ro\/?post_type=tribe_events\"},{\"@type\":\"ListItem\",\"position\":3,\"name\":\"Rezident \u00een propriul ora\u0219\"}]},{\"@type\":\"WebSite\",\"@id\":\"https:\/\/new.bjc.ro\/#website\",\"url\":\"https:\/\/new.bjc.ro\/\",\"name\":\"Biblioteca Jude\u021bean\u0103 \u201eOctavian Goga\u201d Cluj\",\"description\":\"\",\"publisher\":{\"@id\":\"https:\/\/new.bjc.ro\/#organization\"},\"alternateName\":\"Biblioteca Jude\u021bean\u0103 Cluj\",\"potentialAction\":[{\"@type\":\"SearchAction\",\"target\":{\"@type\":\"EntryPoint\",\"urlTemplate\":\"https:\/\/new.bjc.ro\/?s={search_term_string}\"},\"query-input\":{\"@type\":\"PropertyValueSpecification\",\"valueRequired\":true,\"valueName\":\"search_term_string\"}}],\"inLanguage\":\"ro-RO\"},{\"@type\":\"Organization\",\"@id\":\"https:\/\/new.bjc.ro\/#organization\",\"name\":\"Biblioteca Jude\u021bean\u0103 \u201eOctavian Goga\u201d Cluj\",\"url\":\"https:\/\/new.bjc.ro\/\",\"logo\":{\"@type\":\"ImageObject\",\"inLanguage\":\"ro-RO\",\"@id\":\"https:\/\/new.bjc.ro\/#\/schema\/logo\/image\/\",\"url\":\"https:\/\/new.bjc.ro\/wp-content\/uploads\/2023\/03\/sigle.jpg\",\"contentUrl\":\"https:\/\/new.bjc.ro\/wp-content\/uploads\/2023\/03\/sigle.jpg\",\"width\":630,\"height\":473,\"caption\":\"Biblioteca Jude\u021bean\u0103 \u201eOctavian Goga\u201d Cluj\"},\"image\":{\"@id\":\"https:\/\/new.bjc.ro\/#\/schema\/logo\/image\/\"},\"sameAs\":[\"https:\/\/www.facebook.com\/bibliotecacluj\/\",\"https:\/\/x.com\/BibliotecaGoga\",\"https:\/\/www.instagram.com\/biblioteca_judeteana_cluj\/\",\"https:\/\/www.youtube.com\/user\/BibliotecaGoga\"]}]}<\/script>\n<!-- \/ Yoast SEO plugin. -->","yoast_head_json":{"title":"Rezident \u00een propriul ora\u0219 - Biblioteca Jude\u021bean\u0103 \u201eOctavian Goga\u201d Cluj","description":"\u201eCluj \u00een Reziden\u021b\u0103\u201d\u00a0 este un program de finan\u021bare conceput de Centrul Cultural Clujean pentru a veni \u00een sprijinul arti\u0219tilor care lucreaz\u0103 \u00een Cluj.\u00a0","robots":{"index":"index","follow":"follow","max-snippet":"max-snippet:-1","max-image-preview":"max-image-preview:large","max-video-preview":"max-video-preview:-1"},"canonical":"https:\/\/new.bjc.ro\/?tribe_events=program-finantare-centrul-cultural-clujean","og_locale":"ro_RO","og_type":"article","og_title":"Rezident \u00een propriul ora\u0219 - Biblioteca Jude\u021bean\u0103 \u201eOctavian Goga\u201d Cluj","og_description":"\u201eCluj \u00een Reziden\u021b\u0103\u201d\u00a0 este un program de finan\u021bare conceput de Centrul Cultural Clujean pentru a veni \u00een sprijinul arti\u0219tilor care lucreaz\u0103 \u00een Cluj.\u00a0","og_url":"https:\/\/new.bjc.ro\/?tribe_events=program-finantare-centrul-cultural-clujean","og_site_name":"Biblioteca Jude\u021bean\u0103 \u201eOctavian Goga\u201d Cluj","article_publisher":"https:\/\/www.facebook.com\/bibliotecacluj\/","article_modified_time":"2023-08-16T11:14:09+00:00","og_image":[{"width":1200,"height":1200,"url":"https:\/\/new.bjc.ro\/wp-content\/uploads\/2023\/08\/Cluj-in-Rezidenta_postare.jpg","type":"image\/jpeg"}],"twitter_card":"summary_large_image","twitter_site":"@BibliotecaGoga","twitter_misc":{"Timp estimat pentru citire":"1 minut"},"schema":{"@context":"https:\/\/schema.org","@graph":[{"@type":"WebPage","@id":"https:\/\/new.bjc.ro\/?tribe_events=program-finantare-centrul-cultural-clujean","url":"https:\/\/new.bjc.ro\/?tribe_events=program-finantare-centrul-cultural-clujean","name":"Rezident \u00een propriul ora\u0219 - Biblioteca Jude\u021bean\u0103 \u201eOctavian Goga\u201d Cluj","isPartOf":{"@id":"https:\/\/new.bjc.ro\/#website"},"primaryImageOfPage":{"@id":"https:\/\/new.bjc.ro\/?tribe_events=program-finantare-centrul-cultural-clujean#primaryimage"},"image":{"@id":"https:\/\/new.bjc.ro\/?tribe_events=program-finantare-centrul-cultural-clujean#primaryimage"},"thumbnailUrl":"https:\/\/new.bjc.ro\/wp-content\/uploads\/2023\/08\/Cluj-in-Rezidenta_postare.jpg","datePublished":"2023-08-16T11:07:20+00:00","dateModified":"2023-08-16T11:14:09+00:00","description":"\u201eCluj \u00een Reziden\u021b\u0103\u201d\u00a0 este un program de finan\u021bare conceput de Centrul Cultural Clujean pentru a veni \u00een sprijinul arti\u0219tilor care lucreaz\u0103 \u00een Cluj.\u00a0","breadcrumb":{"@id":"https:\/\/new.bjc.ro\/?tribe_events=program-finantare-centrul-cultural-clujean#breadcrumb"},"inLanguage":"ro-RO","potentialAction":[{"@type":"ReadAction","target":["https:\/\/new.bjc.ro\/?tribe_events=program-finantare-centrul-cultural-clujean"]}]},{"@type":"ImageObject","inLanguage":"ro-RO","@id":"https:\/\/new.bjc.ro\/?tribe_events=program-finantare-centrul-cultural-clujean#primaryimage","url":"https:\/\/new.bjc.ro\/wp-content\/uploads\/2023\/08\/Cluj-in-Rezidenta_postare.jpg","contentUrl":"https:\/\/new.bjc.ro\/wp-content\/uploads\/2023\/08\/Cluj-in-Rezidenta_postare.jpg","width":1200,"height":1200},{"@type":"BreadcrumbList","@id":"https:\/\/new.bjc.ro\/?tribe_events=program-finantare-centrul-cultural-clujean#breadcrumb","itemListElement":[{"@type":"ListItem","position":1,"name":"Home","item":"https:\/\/new.bjc.ro\/"},{"@type":"ListItem","position":2,"name":"Evenimente","item":"https:\/\/new.bjc.ro\/?post_type=tribe_events"},{"@type":"ListItem","position":3,"name":"Rezident \u00een propriul ora\u0219"}]},{"@type":"WebSite","@id":"https:\/\/new.bjc.ro\/#website","url":"https:\/\/new.bjc.ro\/","name":"Biblioteca Jude\u021bean\u0103 \u201eOctavian Goga\u201d Cluj","description":"","publisher":{"@id":"https:\/\/new.bjc.ro\/#organization"},"alternateName":"Biblioteca Jude\u021bean\u0103 Cluj","potentialAction":[{"@type":"SearchAction","target":{"@type":"EntryPoint","urlTemplate":"https:\/\/new.bjc.ro\/?s={search_term_string}"},"query-input":{"@type":"PropertyValueSpecification","valueRequired":true,"valueName":"search_term_string"}}],"inLanguage":"ro-RO"},{"@type":"Organization","@id":"https:\/\/new.bjc.ro\/#organization","name":"Biblioteca Jude\u021bean\u0103 \u201eOctavian Goga\u201d Cluj","url":"https:\/\/new.bjc.ro\/","logo":{"@type":"ImageObject","inLanguage":"ro-RO","@id":"https:\/\/new.bjc.ro\/#\/schema\/logo\/image\/","url":"https:\/\/new.bjc.ro\/wp-content\/uploads\/2023\/03\/sigle.jpg","contentUrl":"https:\/\/new.bjc.ro\/wp-content\/uploads\/2023\/03\/sigle.jpg","width":630,"height":473,"caption":"Biblioteca Jude\u021bean\u0103 \u201eOctavian Goga\u201d Cluj"},"image":{"@id":"https:\/\/new.bjc.ro\/#\/schema\/logo\/image\/"},"sameAs":["https:\/\/www.facebook.com\/bibliotecacluj\/","https:\/\/x.com\/BibliotecaGoga","https:\/\/www.instagram.com\/biblioteca_judeteana_cluj\/","https:\/\/www.youtube.com\/user\/BibliotecaGoga"]}]}},"_links":{"self":[{"href":"https:\/\/new.bjc.ro\/index.php?rest_route=\/wp\/v2\/tribe_events\/7799","targetHints":{"allow":["GET"]}}],"collection":[{"href":"https:\/\/new.bjc.ro\/index.php?rest_route=\/wp\/v2\/tribe_events"}],"about":[{"href":"https:\/\/new.bjc.ro\/index.php?rest_route=\/wp\/v2\/types\/tribe_events"}],"author":[{"embeddable":true,"href":"https:\/\/new.bjc.ro\/index.php?rest_route=\/wp\/v2\/users\/2"}],"version-history":[{"count":2,"href":"https:\/\/new.bjc.ro\/index.php?rest_route=\/wp\/v2\/tribe_events\/7799\/revisions"}],"predecessor-version":[{"id":7802,"href":"https:\/\/new.bjc.ro\/index.php?rest_route=\/wp\/v2\/tribe_events\/7799\/revisions\/7802"}],"wp:featuredmedia":[{"embeddable":true,"href":"https:\/\/new.bjc.ro\/index.php?rest_route=\/wp\/v2\/media\/7801"}],"wp:attachment":[{"href":"https:\/\/new.bjc.ro\/index.php?rest_route=%2Fwp%2Fv2%2Fmedia&parent=7799"}],"wp:term":[{"taxonomy":"post_tag","embeddable":true,"href":"https:\/\/new.bjc.ro\/index.php?rest_route=%2Fwp%2Fv2%2Ftags&post=7799"},{"taxonomy":"tribe_events_cat","embeddable":true,"href":"https:\/\/new.bjc.ro\/index.php?rest_route=%2Fwp%2Fv2%2Ftribe_events_cat&post=7799"}],"curies":[{"name":"wp","href":"https:\/\/api.w.org\/{rel}","templated":true}]}}