{"id":8127,"date":"2023-10-12T15:17:42","date_gmt":"2023-10-12T12:17:42","guid":{"rendered":"https:\/\/new.bjc.ro\/?post_type=tribe_events&#038;p=8127"},"modified":"2023-10-12T15:18:12","modified_gmt":"2023-10-12T12:18:12","slug":"inaugurarea-coltului-indian-din-cadrul-salii-multiculturale","status":"publish","type":"tribe_events","link":"https:\/\/new.bjc.ro\/?tribe_events=inaugurarea-coltului-indian-din-cadrul-salii-multiculturale","title":{"rendered":"Inaugurarea Col\u021bului Indian din cadrul S\u0103lii multiculturale"},"content":{"rendered":"<p>Biblioteca Jude\u0163ean\u0103 \u201eOctavian Goga\u201d Cluj invit\u0103 publicul clujean la inaugurarea <em>Col\u021bului Indian<\/em> din cadrul S\u0103lii multiculturale. \u00cen acest an \u00een care se \u00eemplinesc 75 de ani de rela\u021bii diplomatice \u00eentre Rom\u00e2nia \u0219i Republica India, Biblioteca Jude\u021bean\u0103, prin bun\u0103voin\u021ba \u0219i generozitatea Excelen\u021bei Sale Domnul Rahul Shrivastava, Ambasadorul Indiei \u00een Rom\u00e2nia, a primit prin dona\u021bie un num\u0103r de 708 exemplare de carte, preponderent \u00een limba englez\u0103, editat\u0103 \u00een condi\u021bii grafice de excep\u021bie. Aceast\u0103 dona\u021bie constituie fondul <em>Col\u021bului Indian, <\/em>a c\u0103rui inaugurare va avea loc vineri, 13 octombrie 2023, ora 14.00, \u00een prezen\u021ba Excelen\u021bei Sale, Domnul Rahul Shrivastava, Ambasadorul Indiei \u00een Rom\u00e2nia, la sediul central al bibliotecii, Calea Doroban\u021bilor, nr. 104, etaj 3, vest.<\/p>\n","protected":false},"excerpt":{"rendered":"<p>Biblioteca Jude\u0163ean\u0103 \u201eOctavian Goga\u201d Cluj invit\u0103 publicul clujean la inaugurarea Col\u021bului Indian din cadrul S\u0103lii multiculturale. \u00cen acest an \u00een care se \u00eemplinesc 75 de ani de rela\u021bii diplomatice \u00eentre Rom\u00e2nia \u0219i Republica India, Biblioteca Jude\u021bean\u0103, prin bun\u0103voin\u021ba \u0219i generozitatea Excelen\u021bei Sale Domnul Rahul Shrivastava, Ambasadorul Indiei \u00een Rom\u00e2nia, a&hellip; <br \/> <a class=\"read-more\" href=\"https:\/\/new.bjc.ro\/?tribe_events=inaugurarea-coltului-indian-din-cadrul-salii-multiculturale\">Cite\u0219te mai mult<\/a><\/p>\n","protected":false},"author":1,"featured_media":8128,"template":"","meta":{"_monsterinsights_skip_tracking":false,"_monsterinsights_sitenote_active":false,"_monsterinsights_sitenote_note":"","_monsterinsights_sitenote_category":0,"_EventAllDay":false,"_EventTimezone":"Europe\/Bucharest","_EventStartDate":"2023-10-13 14:00:00","_EventEndDate":"2023-10-13 17:00:00","_EventStartDateUTC":"2023-10-13 11:00:00","_EventEndDateUTC":"2023-10-13 14:00:00","_EventShowMap":true,"_EventShowMapLink":true,"_EventURL":"","_EventCost":"","_EventCostDescription":"","_EventCurrencySymbol":"","_EventCurrencyCode":"","_EventCurrencyPosition":"prefix","_EventDateTimeSeparator":"","_EventTimeRangeSeparator":"","_EventOrganizerID":[2810],"_EventVenueID":[3721],"_OrganizerEmail":"","_OrganizerPhone":"","_OrganizerWebsite":"","_VenueAddress":"","_VenueCity":"","_VenueCountry":"","_VenueProvince":"","_VenueState":"","_VenueZip":"","_VenuePhone":"","_VenueURL":"","_VenueStateProvince":"","_VenueLat":"","_VenueLng":"","_VenueShowMap":false,"_VenueShowMapLink":false,"_tribe_events_status":"","_tribe_events_status_reason":"","footnotes":""},"tags":[162],"tribe_events_cat":[28],"class_list":["post-8127","tribe_events","type-tribe_events","status-publish","has-post-thumbnail","hentry","tag-inaugurarea-coltului-indian","tribe_events_cat-evenimente","cat_evenimente"],"yoast_head":"<!-- This site is optimized with the Yoast SEO plugin v24.6 - https:\/\/yoast.com\/wordpress\/plugins\/seo\/ -->\n<title>Inaugurarea Col\u021bului Indian din cadrul S\u0103lii multiculturale - Biblioteca Jude\u021bean\u0103 \u201eOctavian Goga\u201d Cluj<\/title>\n<meta name=\"description\" content=\"Inaugurarea Col\u021bului Indian din cadrul S\u0103lii multiculturale \u00een prezen\u021ba Excelen\u021bei Sale, Domnul Rahul Shrivastava, Ambasadorul Indiei \u00een Rom\u00e2nia\" \/>\n<meta name=\"robots\" content=\"index, follow, max-snippet:-1, max-image-preview:large, max-video-preview:-1\" \/>\n<link rel=\"canonical\" href=\"https:\/\/new.bjc.ro\/?tribe_events=inaugurarea-coltului-indian-din-cadrul-salii-multiculturale\" \/>\n<meta property=\"og:locale\" content=\"ro_RO\" \/>\n<meta property=\"og:type\" content=\"article\" \/>\n<meta property=\"og:title\" content=\"Inaugurarea Col\u021bului Indian din cadrul S\u0103lii multiculturale - Biblioteca Jude\u021bean\u0103 \u201eOctavian Goga\u201d Cluj\" \/>\n<meta property=\"og:description\" content=\"Inaugurarea Col\u021bului Indian din cadrul S\u0103lii multiculturale \u00een prezen\u021ba Excelen\u021bei Sale, Domnul Rahul Shrivastava, Ambasadorul Indiei \u00een Rom\u00e2nia\" \/>\n<meta property=\"og:url\" content=\"https:\/\/new.bjc.ro\/?tribe_events=inaugurarea-coltului-indian-din-cadrul-salii-multiculturale\" \/>\n<meta property=\"og:site_name\" content=\"Biblioteca Jude\u021bean\u0103 \u201eOctavian Goga\u201d Cluj\" \/>\n<meta property=\"article:publisher\" content=\"https:\/\/www.facebook.com\/bibliotecacluj\/\" \/>\n<meta property=\"article:modified_time\" content=\"2023-10-12T12:18:12+00:00\" \/>\n<meta property=\"og:image\" content=\"https:\/\/new.bjc.ro\/wp-content\/uploads\/2023\/10\/Afis-coltul-indian.jpg\" \/>\n\t<meta property=\"og:image:width\" content=\"400\" \/>\n\t<meta property=\"og:image:height\" content=\"565\" \/>\n\t<meta property=\"og:image:type\" content=\"image\/jpeg\" \/>\n<meta name=\"twitter:card\" content=\"summary_large_image\" \/>\n<meta name=\"twitter:site\" content=\"@BibliotecaGoga\" \/>\n<meta name=\"twitter:label1\" content=\"Timp estimat pentru citire\" \/>\n\t<meta name=\"twitter:data1\" content=\"1 minut\" \/>\n<script type=\"application\/ld+json\" class=\"yoast-schema-graph\">{\"@context\":\"https:\/\/schema.org\",\"@graph\":[{\"@type\":\"WebPage\",\"@id\":\"https:\/\/new.bjc.ro\/?tribe_events=inaugurarea-coltului-indian-din-cadrul-salii-multiculturale\",\"url\":\"https:\/\/new.bjc.ro\/?tribe_events=inaugurarea-coltului-indian-din-cadrul-salii-multiculturale\",\"name\":\"Inaugurarea Col\u021bului Indian din cadrul S\u0103lii multiculturale - Biblioteca Jude\u021bean\u0103 \u201eOctavian Goga\u201d Cluj\",\"isPartOf\":{\"@id\":\"https:\/\/new.bjc.ro\/#website\"},\"primaryImageOfPage\":{\"@id\":\"https:\/\/new.bjc.ro\/?tribe_events=inaugurarea-coltului-indian-din-cadrul-salii-multiculturale#primaryimage\"},\"image\":{\"@id\":\"https:\/\/new.bjc.ro\/?tribe_events=inaugurarea-coltului-indian-din-cadrul-salii-multiculturale#primaryimage\"},\"thumbnailUrl\":\"https:\/\/new.bjc.ro\/wp-content\/uploads\/2023\/10\/Afis-coltul-indian.jpg\",\"datePublished\":\"2023-10-12T12:17:42+00:00\",\"dateModified\":\"2023-10-12T12:18:12+00:00\",\"description\":\"Inaugurarea Col\u021bului Indian din cadrul S\u0103lii multiculturale \u00een prezen\u021ba Excelen\u021bei Sale, Domnul Rahul Shrivastava, Ambasadorul Indiei \u00een Rom\u00e2nia\",\"breadcrumb\":{\"@id\":\"https:\/\/new.bjc.ro\/?tribe_events=inaugurarea-coltului-indian-din-cadrul-salii-multiculturale#breadcrumb\"},\"inLanguage\":\"ro-RO\",\"potentialAction\":[{\"@type\":\"ReadAction\",\"target\":[\"https:\/\/new.bjc.ro\/?tribe_events=inaugurarea-coltului-indian-din-cadrul-salii-multiculturale\"]}]},{\"@type\":\"ImageObject\",\"inLanguage\":\"ro-RO\",\"@id\":\"https:\/\/new.bjc.ro\/?tribe_events=inaugurarea-coltului-indian-din-cadrul-salii-multiculturale#primaryimage\",\"url\":\"https:\/\/new.bjc.ro\/wp-content\/uploads\/2023\/10\/Afis-coltul-indian.jpg\",\"contentUrl\":\"https:\/\/new.bjc.ro\/wp-content\/uploads\/2023\/10\/Afis-coltul-indian.jpg\",\"width\":400,\"height\":565},{\"@type\":\"BreadcrumbList\",\"@id\":\"https:\/\/new.bjc.ro\/?tribe_events=inaugurarea-coltului-indian-din-cadrul-salii-multiculturale#breadcrumb\",\"itemListElement\":[{\"@type\":\"ListItem\",\"position\":1,\"name\":\"Home\",\"item\":\"https:\/\/new.bjc.ro\/\"},{\"@type\":\"ListItem\",\"position\":2,\"name\":\"Evenimente\",\"item\":\"https:\/\/new.bjc.ro\/?post_type=tribe_events\"},{\"@type\":\"ListItem\",\"position\":3,\"name\":\"Inaugurarea Col\u021bului Indian din cadrul S\u0103lii multiculturale\"}]},{\"@type\":\"WebSite\",\"@id\":\"https:\/\/new.bjc.ro\/#website\",\"url\":\"https:\/\/new.bjc.ro\/\",\"name\":\"Biblioteca Jude\u021bean\u0103 \u201eOctavian Goga\u201d Cluj\",\"description\":\"\",\"publisher\":{\"@id\":\"https:\/\/new.bjc.ro\/#organization\"},\"alternateName\":\"Biblioteca Jude\u021bean\u0103 Cluj\",\"potentialAction\":[{\"@type\":\"SearchAction\",\"target\":{\"@type\":\"EntryPoint\",\"urlTemplate\":\"https:\/\/new.bjc.ro\/?s={search_term_string}\"},\"query-input\":{\"@type\":\"PropertyValueSpecification\",\"valueRequired\":true,\"valueName\":\"search_term_string\"}}],\"inLanguage\":\"ro-RO\"},{\"@type\":\"Organization\",\"@id\":\"https:\/\/new.bjc.ro\/#organization\",\"name\":\"Biblioteca Jude\u021bean\u0103 \u201eOctavian Goga\u201d Cluj\",\"url\":\"https:\/\/new.bjc.ro\/\",\"logo\":{\"@type\":\"ImageObject\",\"inLanguage\":\"ro-RO\",\"@id\":\"https:\/\/new.bjc.ro\/#\/schema\/logo\/image\/\",\"url\":\"https:\/\/new.bjc.ro\/wp-content\/uploads\/2023\/03\/sigle.jpg\",\"contentUrl\":\"https:\/\/new.bjc.ro\/wp-content\/uploads\/2023\/03\/sigle.jpg\",\"width\":630,\"height\":473,\"caption\":\"Biblioteca Jude\u021bean\u0103 \u201eOctavian Goga\u201d Cluj\"},\"image\":{\"@id\":\"https:\/\/new.bjc.ro\/#\/schema\/logo\/image\/\"},\"sameAs\":[\"https:\/\/www.facebook.com\/bibliotecacluj\/\",\"https:\/\/x.com\/BibliotecaGoga\",\"https:\/\/www.instagram.com\/biblioteca_judeteana_cluj\/\",\"https:\/\/www.youtube.com\/user\/BibliotecaGoga\"]}]}<\/script>\n<!-- \/ Yoast SEO plugin. -->","yoast_head_json":{"title":"Inaugurarea Col\u021bului Indian din cadrul S\u0103lii multiculturale - Biblioteca Jude\u021bean\u0103 \u201eOctavian Goga\u201d Cluj","description":"Inaugurarea Col\u021bului Indian din cadrul S\u0103lii multiculturale \u00een prezen\u021ba Excelen\u021bei Sale, Domnul Rahul Shrivastava, Ambasadorul Indiei \u00een Rom\u00e2nia","robots":{"index":"index","follow":"follow","max-snippet":"max-snippet:-1","max-image-preview":"max-image-preview:large","max-video-preview":"max-video-preview:-1"},"canonical":"https:\/\/new.bjc.ro\/?tribe_events=inaugurarea-coltului-indian-din-cadrul-salii-multiculturale","og_locale":"ro_RO","og_type":"article","og_title":"Inaugurarea Col\u021bului Indian din cadrul S\u0103lii multiculturale - Biblioteca Jude\u021bean\u0103 \u201eOctavian Goga\u201d Cluj","og_description":"Inaugurarea Col\u021bului Indian din cadrul S\u0103lii multiculturale \u00een prezen\u021ba Excelen\u021bei Sale, Domnul Rahul Shrivastava, Ambasadorul Indiei \u00een Rom\u00e2nia","og_url":"https:\/\/new.bjc.ro\/?tribe_events=inaugurarea-coltului-indian-din-cadrul-salii-multiculturale","og_site_name":"Biblioteca Jude\u021bean\u0103 \u201eOctavian Goga\u201d Cluj","article_publisher":"https:\/\/www.facebook.com\/bibliotecacluj\/","article_modified_time":"2023-10-12T12:18:12+00:00","og_image":[{"width":400,"height":565,"url":"https:\/\/new.bjc.ro\/wp-content\/uploads\/2023\/10\/Afis-coltul-indian.jpg","type":"image\/jpeg"}],"twitter_card":"summary_large_image","twitter_site":"@BibliotecaGoga","twitter_misc":{"Timp estimat pentru citire":"1 minut"},"schema":{"@context":"https:\/\/schema.org","@graph":[{"@type":"WebPage","@id":"https:\/\/new.bjc.ro\/?tribe_events=inaugurarea-coltului-indian-din-cadrul-salii-multiculturale","url":"https:\/\/new.bjc.ro\/?tribe_events=inaugurarea-coltului-indian-din-cadrul-salii-multiculturale","name":"Inaugurarea Col\u021bului Indian din cadrul S\u0103lii multiculturale - Biblioteca Jude\u021bean\u0103 \u201eOctavian Goga\u201d Cluj","isPartOf":{"@id":"https:\/\/new.bjc.ro\/#website"},"primaryImageOfPage":{"@id":"https:\/\/new.bjc.ro\/?tribe_events=inaugurarea-coltului-indian-din-cadrul-salii-multiculturale#primaryimage"},"image":{"@id":"https:\/\/new.bjc.ro\/?tribe_events=inaugurarea-coltului-indian-din-cadrul-salii-multiculturale#primaryimage"},"thumbnailUrl":"https:\/\/new.bjc.ro\/wp-content\/uploads\/2023\/10\/Afis-coltul-indian.jpg","datePublished":"2023-10-12T12:17:42+00:00","dateModified":"2023-10-12T12:18:12+00:00","description":"Inaugurarea Col\u021bului Indian din cadrul S\u0103lii multiculturale \u00een prezen\u021ba Excelen\u021bei Sale, Domnul Rahul Shrivastava, Ambasadorul Indiei \u00een Rom\u00e2nia","breadcrumb":{"@id":"https:\/\/new.bjc.ro\/?tribe_events=inaugurarea-coltului-indian-din-cadrul-salii-multiculturale#breadcrumb"},"inLanguage":"ro-RO","potentialAction":[{"@type":"ReadAction","target":["https:\/\/new.bjc.ro\/?tribe_events=inaugurarea-coltului-indian-din-cadrul-salii-multiculturale"]}]},{"@type":"ImageObject","inLanguage":"ro-RO","@id":"https:\/\/new.bjc.ro\/?tribe_events=inaugurarea-coltului-indian-din-cadrul-salii-multiculturale#primaryimage","url":"https:\/\/new.bjc.ro\/wp-content\/uploads\/2023\/10\/Afis-coltul-indian.jpg","contentUrl":"https:\/\/new.bjc.ro\/wp-content\/uploads\/2023\/10\/Afis-coltul-indian.jpg","width":400,"height":565},{"@type":"BreadcrumbList","@id":"https:\/\/new.bjc.ro\/?tribe_events=inaugurarea-coltului-indian-din-cadrul-salii-multiculturale#breadcrumb","itemListElement":[{"@type":"ListItem","position":1,"name":"Home","item":"https:\/\/new.bjc.ro\/"},{"@type":"ListItem","position":2,"name":"Evenimente","item":"https:\/\/new.bjc.ro\/?post_type=tribe_events"},{"@type":"ListItem","position":3,"name":"Inaugurarea Col\u021bului Indian din cadrul S\u0103lii multiculturale"}]},{"@type":"WebSite","@id":"https:\/\/new.bjc.ro\/#website","url":"https:\/\/new.bjc.ro\/","name":"Biblioteca Jude\u021bean\u0103 \u201eOctavian Goga\u201d Cluj","description":"","publisher":{"@id":"https:\/\/new.bjc.ro\/#organization"},"alternateName":"Biblioteca Jude\u021bean\u0103 Cluj","potentialAction":[{"@type":"SearchAction","target":{"@type":"EntryPoint","urlTemplate":"https:\/\/new.bjc.ro\/?s={search_term_string}"},"query-input":{"@type":"PropertyValueSpecification","valueRequired":true,"valueName":"search_term_string"}}],"inLanguage":"ro-RO"},{"@type":"Organization","@id":"https:\/\/new.bjc.ro\/#organization","name":"Biblioteca Jude\u021bean\u0103 \u201eOctavian Goga\u201d Cluj","url":"https:\/\/new.bjc.ro\/","logo":{"@type":"ImageObject","inLanguage":"ro-RO","@id":"https:\/\/new.bjc.ro\/#\/schema\/logo\/image\/","url":"https:\/\/new.bjc.ro\/wp-content\/uploads\/2023\/03\/sigle.jpg","contentUrl":"https:\/\/new.bjc.ro\/wp-content\/uploads\/2023\/03\/sigle.jpg","width":630,"height":473,"caption":"Biblioteca Jude\u021bean\u0103 \u201eOctavian Goga\u201d Cluj"},"image":{"@id":"https:\/\/new.bjc.ro\/#\/schema\/logo\/image\/"},"sameAs":["https:\/\/www.facebook.com\/bibliotecacluj\/","https:\/\/x.com\/BibliotecaGoga","https:\/\/www.instagram.com\/biblioteca_judeteana_cluj\/","https:\/\/www.youtube.com\/user\/BibliotecaGoga"]}]}},"_links":{"self":[{"href":"https:\/\/new.bjc.ro\/index.php?rest_route=\/wp\/v2\/tribe_events\/8127","targetHints":{"allow":["GET"]}}],"collection":[{"href":"https:\/\/new.bjc.ro\/index.php?rest_route=\/wp\/v2\/tribe_events"}],"about":[{"href":"https:\/\/new.bjc.ro\/index.php?rest_route=\/wp\/v2\/types\/tribe_events"}],"author":[{"embeddable":true,"href":"https:\/\/new.bjc.ro\/index.php?rest_route=\/wp\/v2\/users\/1"}],"version-history":[{"count":1,"href":"https:\/\/new.bjc.ro\/index.php?rest_route=\/wp\/v2\/tribe_events\/8127\/revisions"}],"predecessor-version":[{"id":8129,"href":"https:\/\/new.bjc.ro\/index.php?rest_route=\/wp\/v2\/tribe_events\/8127\/revisions\/8129"}],"wp:featuredmedia":[{"embeddable":true,"href":"https:\/\/new.bjc.ro\/index.php?rest_route=\/wp\/v2\/media\/8128"}],"wp:attachment":[{"href":"https:\/\/new.bjc.ro\/index.php?rest_route=%2Fwp%2Fv2%2Fmedia&parent=8127"}],"wp:term":[{"taxonomy":"post_tag","embeddable":true,"href":"https:\/\/new.bjc.ro\/index.php?rest_route=%2Fwp%2Fv2%2Ftags&post=8127"},{"taxonomy":"tribe_events_cat","embeddable":true,"href":"https:\/\/new.bjc.ro\/index.php?rest_route=%2Fwp%2Fv2%2Ftribe_events_cat&post=8127"}],"curies":[{"name":"wp","href":"https:\/\/api.w.org\/{rel}","templated":true}]}}