{"id":8134,"date":"2023-10-13T08:14:06","date_gmt":"2023-10-13T05:14:06","guid":{"rendered":"https:\/\/new.bjc.ro\/?post_type=tribe_events&#038;p=8134"},"modified":"2023-10-18T09:06:17","modified_gmt":"2023-10-18T06:06:17","slug":"in-fata-raftului-cu-carti-ateliere-de-biblioterapie","status":"publish","type":"tribe_events","link":"https:\/\/new.bjc.ro\/?tribe_events=in-fata-raftului-cu-carti-ateliere-de-biblioterapie","title":{"rendered":"\u201e\u00cen fa\u021ba raftului cu c\u0103r\u021bi\u201d &#8211; Ateliere de biblioterapie"},"content":{"rendered":"<p>\u00cencep\u00e2nd cu luna octombrie, Sala multicultural\u0103 organizeaz\u0103 o serie de ateliere de biblioterapie, intitulate \u201e\u00cen fa\u021ba raftului cu c\u0103r\u021bi\u201d. Acestea \u00ee\u0219i propun s\u0103 faciliteze dezvoltarea personal\u0103 a participan\u021bilor prin intermediul \u00eemp\u0103rt\u0103\u0219irii g\u00e2ndurilor \u0219i sentimentelor evocate de texte literare. \u00censcrierile se pot face la sediul central al bibliotecii, Sala multicultural\u0103, etaj 3 vest, sau la adresa de e-mail: belsoritmus[at]gmail.com. \u00cent\u00e2lnirile vor avea o frecven\u021b\u0103 lunar\u0103, prima va avea loc miercuri, 18 octombrie, \u00eencep\u00e2nd cu ora 18.30.<\/p>\n<p>\u201eA\u00a0k\u00f6nyvespolc\u00a0el\u0151tt\u201d-\u00a0\u00a0biblioter\u00e1pia\u00a0a\u00a0multikultur\u00e1lis\u00a0r\u00e9szlegen \u00a0Okt\u00f3ber 18-\u00e1t\u00f3l havi rendszeress\u00e9ggel biblioter\u00e1pi\u00e1s, szem\u00e9lyis\u00e9gfejleszt\u0151 tev\u00e9kenys\u00e9gre ker\u00fcl sor a megyei k\u00f6nyvt\u00e1rban. Jelentkezni a multikultur\u00e1lis r\u00e9szlegen \u2013 k\u00f6zponti k\u00f6nyvt\u00e1r, 3. emelet, nyugati sz\u00e1rny &#8211; \u00a0vagy a belsoritmus[at]gmail.com e-mail c\u00edmen lehet. Az els\u0151 tal\u00e1lkoz\u00e1sra okt\u00f3ber 18-\u00e1n, szerd\u00e1n 18.30 \u00f3rai kezdettel ker\u00fcl sor.<\/p>\n","protected":false},"excerpt":{"rendered":"<p>\u00cencep\u00e2nd cu luna octombrie, Sala multicultural\u0103 organizeaz\u0103 o serie de ateliere de biblioterapie, intitulate \u201e\u00cen fa\u021ba raftului cu c\u0103r\u021bi\u201d. Acestea \u00ee\u0219i propun s\u0103 faciliteze dezvoltarea personal\u0103 a participan\u021bilor prin intermediul \u00eemp\u0103rt\u0103\u0219irii g\u00e2ndurilor \u0219i sentimentelor evocate de texte literare. \u00censcrierile se pot face la sediul central al bibliotecii, Sala multicultural\u0103, etaj&hellip; <br \/> <a class=\"read-more\" href=\"https:\/\/new.bjc.ro\/?tribe_events=in-fata-raftului-cu-carti-ateliere-de-biblioterapie\">Cite\u0219te mai mult<\/a><\/p>\n","protected":false},"author":1,"featured_media":8135,"template":"","meta":{"_monsterinsights_skip_tracking":false,"_monsterinsights_sitenote_active":false,"_monsterinsights_sitenote_note":"","_monsterinsights_sitenote_category":0,"_EventAllDay":false,"_EventTimezone":"Europe\/Bucharest","_EventStartDate":"2023-10-18 18:30:00","_EventEndDate":"2023-10-18 20:00:00","_EventStartDateUTC":"2023-10-18 15:30:00","_EventEndDateUTC":"2023-10-18 17:00:00","_EventShowMap":true,"_EventShowMapLink":true,"_EventURL":"","_EventCost":"","_EventCostDescription":"","_EventCurrencySymbol":"","_EventCurrencyCode":"","_EventCurrencyPosition":"prefix","_EventDateTimeSeparator":"","_EventTimeRangeSeparator":"","_EventOrganizerID":[2810],"_EventVenueID":[8131],"_OrganizerEmail":"","_OrganizerPhone":"","_OrganizerWebsite":"","_VenueAddress":"","_VenueCity":"","_VenueCountry":"","_VenueProvince":"","_VenueState":"","_VenueZip":"","_VenuePhone":"","_VenueURL":"","_VenueStateProvince":"","_VenueLat":"","_VenueLng":"","_VenueShowMap":false,"_VenueShowMapLink":false,"_tribe_events_status":"","_tribe_events_status_reason":"","footnotes":""},"tags":[163],"tribe_events_cat":[51],"class_list":["post-8134","tribe_events","type-tribe_events","status-publish","has-post-thumbnail","hentry","tag-biblioterapie","tribe_events_cat-ateliere","cat_ateliere"],"yoast_head":"<!-- This site is optimized with the Yoast SEO plugin v24.6 - https:\/\/yoast.com\/wordpress\/plugins\/seo\/ -->\n<title>\u201e\u00cen fa\u021ba raftului cu c\u0103r\u021bi\u201d - Ateliere de biblioterapie - Biblioteca Jude\u021bean\u0103 \u201eOctavian Goga\u201d Cluj<\/title>\n<meta name=\"description\" content=\"\u00cent\u00e2lnirile vor avea o frecven\u021b\u0103 lunar\u0103, prima va avea loc miercuri, 18 octombrie, \u00eencep\u00e2nd cu ora 18.30.\" \/>\n<meta name=\"robots\" content=\"index, follow, max-snippet:-1, max-image-preview:large, max-video-preview:-1\" \/>\n<link rel=\"canonical\" href=\"https:\/\/new.bjc.ro\/?tribe_events=in-fata-raftului-cu-carti-ateliere-de-biblioterapie\" \/>\n<meta property=\"og:locale\" content=\"ro_RO\" \/>\n<meta property=\"og:type\" content=\"article\" \/>\n<meta property=\"og:title\" content=\"\u201e\u00cen fa\u021ba raftului cu c\u0103r\u021bi\u201d - Ateliere de biblioterapie - Biblioteca Jude\u021bean\u0103 \u201eOctavian Goga\u201d Cluj\" \/>\n<meta property=\"og:description\" content=\"\u00cent\u00e2lnirile vor avea o frecven\u021b\u0103 lunar\u0103, prima va avea loc miercuri, 18 octombrie, \u00eencep\u00e2nd cu ora 18.30.\" \/>\n<meta property=\"og:url\" content=\"https:\/\/new.bjc.ro\/?tribe_events=in-fata-raftului-cu-carti-ateliere-de-biblioterapie\" \/>\n<meta property=\"og:site_name\" content=\"Biblioteca Jude\u021bean\u0103 \u201eOctavian Goga\u201d Cluj\" \/>\n<meta property=\"article:publisher\" content=\"https:\/\/www.facebook.com\/bibliotecacluj\/\" \/>\n<meta property=\"article:modified_time\" content=\"2023-10-18T06:06:17+00:00\" \/>\n<meta property=\"og:image\" content=\"https:\/\/new.bjc.ro\/wp-content\/uploads\/2023\/10\/afisbiblioterapie.jpg\" \/>\n\t<meta property=\"og:image:width\" content=\"711\" \/>\n\t<meta property=\"og:image:height\" content=\"400\" \/>\n\t<meta property=\"og:image:type\" content=\"image\/jpeg\" \/>\n<meta name=\"twitter:card\" content=\"summary_large_image\" \/>\n<meta name=\"twitter:site\" content=\"@BibliotecaGoga\" \/>\n<meta name=\"twitter:label1\" content=\"Timp estimat pentru citire\" \/>\n\t<meta name=\"twitter:data1\" content=\"1 minut\" \/>\n<script type=\"application\/ld+json\" class=\"yoast-schema-graph\">{\"@context\":\"https:\/\/schema.org\",\"@graph\":[{\"@type\":\"WebPage\",\"@id\":\"https:\/\/new.bjc.ro\/?tribe_events=in-fata-raftului-cu-carti-ateliere-de-biblioterapie\",\"url\":\"https:\/\/new.bjc.ro\/?tribe_events=in-fata-raftului-cu-carti-ateliere-de-biblioterapie\",\"name\":\"\u201e\u00cen fa\u021ba raftului cu c\u0103r\u021bi\u201d - Ateliere de biblioterapie - Biblioteca Jude\u021bean\u0103 \u201eOctavian Goga\u201d Cluj\",\"isPartOf\":{\"@id\":\"https:\/\/new.bjc.ro\/#website\"},\"primaryImageOfPage\":{\"@id\":\"https:\/\/new.bjc.ro\/?tribe_events=in-fata-raftului-cu-carti-ateliere-de-biblioterapie#primaryimage\"},\"image\":{\"@id\":\"https:\/\/new.bjc.ro\/?tribe_events=in-fata-raftului-cu-carti-ateliere-de-biblioterapie#primaryimage\"},\"thumbnailUrl\":\"https:\/\/new.bjc.ro\/wp-content\/uploads\/2023\/10\/afisbiblioterapie.jpg\",\"datePublished\":\"2023-10-13T05:14:06+00:00\",\"dateModified\":\"2023-10-18T06:06:17+00:00\",\"description\":\"\u00cent\u00e2lnirile vor avea o frecven\u021b\u0103 lunar\u0103, prima va avea loc miercuri, 18 octombrie, \u00eencep\u00e2nd cu ora 18.30.\",\"breadcrumb\":{\"@id\":\"https:\/\/new.bjc.ro\/?tribe_events=in-fata-raftului-cu-carti-ateliere-de-biblioterapie#breadcrumb\"},\"inLanguage\":\"ro-RO\",\"potentialAction\":[{\"@type\":\"ReadAction\",\"target\":[\"https:\/\/new.bjc.ro\/?tribe_events=in-fata-raftului-cu-carti-ateliere-de-biblioterapie\"]}]},{\"@type\":\"ImageObject\",\"inLanguage\":\"ro-RO\",\"@id\":\"https:\/\/new.bjc.ro\/?tribe_events=in-fata-raftului-cu-carti-ateliere-de-biblioterapie#primaryimage\",\"url\":\"https:\/\/new.bjc.ro\/wp-content\/uploads\/2023\/10\/afisbiblioterapie.jpg\",\"contentUrl\":\"https:\/\/new.bjc.ro\/wp-content\/uploads\/2023\/10\/afisbiblioterapie.jpg\",\"width\":711,\"height\":400},{\"@type\":\"BreadcrumbList\",\"@id\":\"https:\/\/new.bjc.ro\/?tribe_events=in-fata-raftului-cu-carti-ateliere-de-biblioterapie#breadcrumb\",\"itemListElement\":[{\"@type\":\"ListItem\",\"position\":1,\"name\":\"Home\",\"item\":\"https:\/\/new.bjc.ro\/\"},{\"@type\":\"ListItem\",\"position\":2,\"name\":\"Evenimente\",\"item\":\"https:\/\/new.bjc.ro\/?post_type=tribe_events\"},{\"@type\":\"ListItem\",\"position\":3,\"name\":\"\u201e\u00cen fa\u021ba raftului cu c\u0103r\u021bi\u201d &#8211; Ateliere de biblioterapie\"}]},{\"@type\":\"WebSite\",\"@id\":\"https:\/\/new.bjc.ro\/#website\",\"url\":\"https:\/\/new.bjc.ro\/\",\"name\":\"Biblioteca Jude\u021bean\u0103 \u201eOctavian Goga\u201d Cluj\",\"description\":\"\",\"publisher\":{\"@id\":\"https:\/\/new.bjc.ro\/#organization\"},\"alternateName\":\"Biblioteca Jude\u021bean\u0103 Cluj\",\"potentialAction\":[{\"@type\":\"SearchAction\",\"target\":{\"@type\":\"EntryPoint\",\"urlTemplate\":\"https:\/\/new.bjc.ro\/?s={search_term_string}\"},\"query-input\":{\"@type\":\"PropertyValueSpecification\",\"valueRequired\":true,\"valueName\":\"search_term_string\"}}],\"inLanguage\":\"ro-RO\"},{\"@type\":\"Organization\",\"@id\":\"https:\/\/new.bjc.ro\/#organization\",\"name\":\"Biblioteca Jude\u021bean\u0103 \u201eOctavian Goga\u201d Cluj\",\"url\":\"https:\/\/new.bjc.ro\/\",\"logo\":{\"@type\":\"ImageObject\",\"inLanguage\":\"ro-RO\",\"@id\":\"https:\/\/new.bjc.ro\/#\/schema\/logo\/image\/\",\"url\":\"https:\/\/new.bjc.ro\/wp-content\/uploads\/2023\/03\/sigle.jpg\",\"contentUrl\":\"https:\/\/new.bjc.ro\/wp-content\/uploads\/2023\/03\/sigle.jpg\",\"width\":630,\"height\":473,\"caption\":\"Biblioteca Jude\u021bean\u0103 \u201eOctavian Goga\u201d Cluj\"},\"image\":{\"@id\":\"https:\/\/new.bjc.ro\/#\/schema\/logo\/image\/\"},\"sameAs\":[\"https:\/\/www.facebook.com\/bibliotecacluj\/\",\"https:\/\/x.com\/BibliotecaGoga\",\"https:\/\/www.instagram.com\/biblioteca_judeteana_cluj\/\",\"https:\/\/www.youtube.com\/user\/BibliotecaGoga\"]}]}<\/script>\n<!-- \/ Yoast SEO plugin. -->","yoast_head_json":{"title":"\u201e\u00cen fa\u021ba raftului cu c\u0103r\u021bi\u201d - Ateliere de biblioterapie - Biblioteca Jude\u021bean\u0103 \u201eOctavian Goga\u201d Cluj","description":"\u00cent\u00e2lnirile vor avea o frecven\u021b\u0103 lunar\u0103, prima va avea loc miercuri, 18 octombrie, \u00eencep\u00e2nd cu ora 18.30.","robots":{"index":"index","follow":"follow","max-snippet":"max-snippet:-1","max-image-preview":"max-image-preview:large","max-video-preview":"max-video-preview:-1"},"canonical":"https:\/\/new.bjc.ro\/?tribe_events=in-fata-raftului-cu-carti-ateliere-de-biblioterapie","og_locale":"ro_RO","og_type":"article","og_title":"\u201e\u00cen fa\u021ba raftului cu c\u0103r\u021bi\u201d - Ateliere de biblioterapie - Biblioteca Jude\u021bean\u0103 \u201eOctavian Goga\u201d Cluj","og_description":"\u00cent\u00e2lnirile vor avea o frecven\u021b\u0103 lunar\u0103, prima va avea loc miercuri, 18 octombrie, \u00eencep\u00e2nd cu ora 18.30.","og_url":"https:\/\/new.bjc.ro\/?tribe_events=in-fata-raftului-cu-carti-ateliere-de-biblioterapie","og_site_name":"Biblioteca Jude\u021bean\u0103 \u201eOctavian Goga\u201d Cluj","article_publisher":"https:\/\/www.facebook.com\/bibliotecacluj\/","article_modified_time":"2023-10-18T06:06:17+00:00","og_image":[{"width":711,"height":400,"url":"https:\/\/new.bjc.ro\/wp-content\/uploads\/2023\/10\/afisbiblioterapie.jpg","type":"image\/jpeg"}],"twitter_card":"summary_large_image","twitter_site":"@BibliotecaGoga","twitter_misc":{"Timp estimat pentru citire":"1 minut"},"schema":{"@context":"https:\/\/schema.org","@graph":[{"@type":"WebPage","@id":"https:\/\/new.bjc.ro\/?tribe_events=in-fata-raftului-cu-carti-ateliere-de-biblioterapie","url":"https:\/\/new.bjc.ro\/?tribe_events=in-fata-raftului-cu-carti-ateliere-de-biblioterapie","name":"\u201e\u00cen fa\u021ba raftului cu c\u0103r\u021bi\u201d - Ateliere de biblioterapie - Biblioteca Jude\u021bean\u0103 \u201eOctavian Goga\u201d Cluj","isPartOf":{"@id":"https:\/\/new.bjc.ro\/#website"},"primaryImageOfPage":{"@id":"https:\/\/new.bjc.ro\/?tribe_events=in-fata-raftului-cu-carti-ateliere-de-biblioterapie#primaryimage"},"image":{"@id":"https:\/\/new.bjc.ro\/?tribe_events=in-fata-raftului-cu-carti-ateliere-de-biblioterapie#primaryimage"},"thumbnailUrl":"https:\/\/new.bjc.ro\/wp-content\/uploads\/2023\/10\/afisbiblioterapie.jpg","datePublished":"2023-10-13T05:14:06+00:00","dateModified":"2023-10-18T06:06:17+00:00","description":"\u00cent\u00e2lnirile vor avea o frecven\u021b\u0103 lunar\u0103, prima va avea loc miercuri, 18 octombrie, \u00eencep\u00e2nd cu ora 18.30.","breadcrumb":{"@id":"https:\/\/new.bjc.ro\/?tribe_events=in-fata-raftului-cu-carti-ateliere-de-biblioterapie#breadcrumb"},"inLanguage":"ro-RO","potentialAction":[{"@type":"ReadAction","target":["https:\/\/new.bjc.ro\/?tribe_events=in-fata-raftului-cu-carti-ateliere-de-biblioterapie"]}]},{"@type":"ImageObject","inLanguage":"ro-RO","@id":"https:\/\/new.bjc.ro\/?tribe_events=in-fata-raftului-cu-carti-ateliere-de-biblioterapie#primaryimage","url":"https:\/\/new.bjc.ro\/wp-content\/uploads\/2023\/10\/afisbiblioterapie.jpg","contentUrl":"https:\/\/new.bjc.ro\/wp-content\/uploads\/2023\/10\/afisbiblioterapie.jpg","width":711,"height":400},{"@type":"BreadcrumbList","@id":"https:\/\/new.bjc.ro\/?tribe_events=in-fata-raftului-cu-carti-ateliere-de-biblioterapie#breadcrumb","itemListElement":[{"@type":"ListItem","position":1,"name":"Home","item":"https:\/\/new.bjc.ro\/"},{"@type":"ListItem","position":2,"name":"Evenimente","item":"https:\/\/new.bjc.ro\/?post_type=tribe_events"},{"@type":"ListItem","position":3,"name":"\u201e\u00cen fa\u021ba raftului cu c\u0103r\u021bi\u201d &#8211; Ateliere de biblioterapie"}]},{"@type":"WebSite","@id":"https:\/\/new.bjc.ro\/#website","url":"https:\/\/new.bjc.ro\/","name":"Biblioteca Jude\u021bean\u0103 \u201eOctavian Goga\u201d Cluj","description":"","publisher":{"@id":"https:\/\/new.bjc.ro\/#organization"},"alternateName":"Biblioteca Jude\u021bean\u0103 Cluj","potentialAction":[{"@type":"SearchAction","target":{"@type":"EntryPoint","urlTemplate":"https:\/\/new.bjc.ro\/?s={search_term_string}"},"query-input":{"@type":"PropertyValueSpecification","valueRequired":true,"valueName":"search_term_string"}}],"inLanguage":"ro-RO"},{"@type":"Organization","@id":"https:\/\/new.bjc.ro\/#organization","name":"Biblioteca Jude\u021bean\u0103 \u201eOctavian Goga\u201d Cluj","url":"https:\/\/new.bjc.ro\/","logo":{"@type":"ImageObject","inLanguage":"ro-RO","@id":"https:\/\/new.bjc.ro\/#\/schema\/logo\/image\/","url":"https:\/\/new.bjc.ro\/wp-content\/uploads\/2023\/03\/sigle.jpg","contentUrl":"https:\/\/new.bjc.ro\/wp-content\/uploads\/2023\/03\/sigle.jpg","width":630,"height":473,"caption":"Biblioteca Jude\u021bean\u0103 \u201eOctavian Goga\u201d Cluj"},"image":{"@id":"https:\/\/new.bjc.ro\/#\/schema\/logo\/image\/"},"sameAs":["https:\/\/www.facebook.com\/bibliotecacluj\/","https:\/\/x.com\/BibliotecaGoga","https:\/\/www.instagram.com\/biblioteca_judeteana_cluj\/","https:\/\/www.youtube.com\/user\/BibliotecaGoga"]}]}},"_links":{"self":[{"href":"https:\/\/new.bjc.ro\/index.php?rest_route=\/wp\/v2\/tribe_events\/8134","targetHints":{"allow":["GET"]}}],"collection":[{"href":"https:\/\/new.bjc.ro\/index.php?rest_route=\/wp\/v2\/tribe_events"}],"about":[{"href":"https:\/\/new.bjc.ro\/index.php?rest_route=\/wp\/v2\/types\/tribe_events"}],"author":[{"embeddable":true,"href":"https:\/\/new.bjc.ro\/index.php?rest_route=\/wp\/v2\/users\/1"}],"version-history":[{"count":3,"href":"https:\/\/new.bjc.ro\/index.php?rest_route=\/wp\/v2\/tribe_events\/8134\/revisions"}],"predecessor-version":[{"id":8149,"href":"https:\/\/new.bjc.ro\/index.php?rest_route=\/wp\/v2\/tribe_events\/8134\/revisions\/8149"}],"wp:featuredmedia":[{"embeddable":true,"href":"https:\/\/new.bjc.ro\/index.php?rest_route=\/wp\/v2\/media\/8135"}],"wp:attachment":[{"href":"https:\/\/new.bjc.ro\/index.php?rest_route=%2Fwp%2Fv2%2Fmedia&parent=8134"}],"wp:term":[{"taxonomy":"post_tag","embeddable":true,"href":"https:\/\/new.bjc.ro\/index.php?rest_route=%2Fwp%2Fv2%2Ftags&post=8134"},{"taxonomy":"tribe_events_cat","embeddable":true,"href":"https:\/\/new.bjc.ro\/index.php?rest_route=%2Fwp%2Fv2%2Ftribe_events_cat&post=8134"}],"curies":[{"name":"wp","href":"https:\/\/api.w.org\/{rel}","templated":true}]}}