{"id":8207,"date":"2023-10-25T11:49:32","date_gmt":"2023-10-25T08:49:32","guid":{"rendered":"https:\/\/new.bjc.ro\/?post_type=tribe_events&#038;p=8207"},"modified":"2023-10-25T11:51:43","modified_gmt":"2023-10-25T08:51:43","slug":"cenaclul-literar-traian-brad","status":"publish","type":"tribe_events","link":"https:\/\/new.bjc.ro\/?tribe_events=cenaclul-literar-traian-brad","title":{"rendered":"Cenaclul literar \u201eTraian Brad\u201d"},"content":{"rendered":"<p>Odat\u0103 cu venirea toamnei, Cenaclul literar \u201eTraian Brad\u201d \u00ee\u0219i redeschide por\u021bile pentru a-i a\u0219tepta pe micii scriitori (cu v\u00e2rsta cuprins\u0103 \u00eentre 10 \u0219i 14 ani) s\u0103 \u00eei treac\u0103 pragul. Al\u0103turi de scriitorul Victor Constantin M\u0103ru\u021boiu, v\u0103 invit\u0103m la Sec\u021bia pentru copii pentru a da fr\u00e2u liber imagina\u021biei, creativit\u0103\u021bii \u0219i ideilor care vor s\u0103 capete contur \u0219i expresie.<\/p>\n<p>Cenaclul se va desf\u0103\u0219ura la Sec\u021bia pentru copii, de la sediul central al bibliotecii, Calea Doroban\u021bilor nr. 104, parter est, miercuri, 25 octombrie, de la ora 17.30.<\/p>\n<p>V\u0103 a\u0219tept\u0103m plini de inspira\u021bie!<\/p>\n","protected":false},"excerpt":{"rendered":"<p>Odat\u0103 cu venirea toamnei, Cenaclul literar \u201eTraian Brad\u201d \u00ee\u0219i redeschide por\u021bile pentru a-i a\u0219tepta pe micii scriitori (cu v\u00e2rsta cuprins\u0103 \u00eentre 10 \u0219i 14 ani) s\u0103 \u00eei treac\u0103 pragul. Al\u0103turi de scriitorul Victor Constantin M\u0103ru\u021boiu, v\u0103 invit\u0103m la Sec\u021bia pentru copii pentru a da fr\u00e2u liber imagina\u021biei, creativit\u0103\u021bii \u0219i ideilor&hellip; <br \/> <a class=\"read-more\" href=\"https:\/\/new.bjc.ro\/?tribe_events=cenaclul-literar-traian-brad\">Cite\u0219te mai mult<\/a><\/p>\n","protected":false},"author":1,"featured_media":8210,"template":"","meta":{"_monsterinsights_skip_tracking":false,"_monsterinsights_sitenote_active":false,"_monsterinsights_sitenote_note":"","_monsterinsights_sitenote_category":0,"_EventAllDay":false,"_EventTimezone":"Europe\/Bucharest","_EventStartDate":"2023-10-25 17:30:00","_EventEndDate":"2023-10-25 20:00:00","_EventStartDateUTC":"2023-10-25 14:30:00","_EventEndDateUTC":"2023-10-25 17:00:00","_EventShowMap":true,"_EventShowMapLink":true,"_EventURL":"","_EventCost":"","_EventCostDescription":"","_EventCurrencySymbol":"","_EventCurrencyCode":"","_EventCurrencyPosition":"prefix","_EventDateTimeSeparator":"","_EventTimeRangeSeparator":"","_EventOrganizerID":[2810],"_EventVenueID":[6258],"_OrganizerEmail":"","_OrganizerPhone":"","_OrganizerWebsite":"","_VenueAddress":"","_VenueCity":"","_VenueCountry":"","_VenueProvince":"","_VenueState":"","_VenueZip":"","_VenuePhone":"","_VenueURL":"","_VenueStateProvince":"","_VenueLat":"","_VenueLng":"","_VenueShowMap":false,"_VenueShowMapLink":false,"_tribe_events_status":"","_tribe_events_status_reason":"","footnotes":""},"tags":[165],"tribe_events_cat":[28],"class_list":["post-8207","tribe_events","type-tribe_events","status-publish","has-post-thumbnail","hentry","tag-cenaclu-literar","tribe_events_cat-evenimente","cat_evenimente"],"yoast_head":"<!-- This site is optimized with the Yoast SEO plugin v24.6 - https:\/\/yoast.com\/wordpress\/plugins\/seo\/ -->\n<title>Cenaclul literar \u201eTraian Brad\u201d - Biblioteca Jude\u021bean\u0103 \u201eOctavian Goga\u201d Cluj<\/title>\n<meta name=\"description\" content=\"Cenaclul literar \u201eTraian Brad\u201d \u00ee\u0219i redeschide por\u021bile pentru a-i a\u0219tepta pe micii scriitori (cu v\u00e2rsta cuprins\u0103 \u00eentre 10 \u0219i 14 ani)\" \/>\n<meta name=\"robots\" content=\"index, follow, max-snippet:-1, max-image-preview:large, max-video-preview:-1\" \/>\n<link rel=\"canonical\" href=\"https:\/\/new.bjc.ro\/?tribe_events=cenaclul-literar-traian-brad\" \/>\n<meta property=\"og:locale\" content=\"ro_RO\" \/>\n<meta property=\"og:type\" content=\"article\" \/>\n<meta property=\"og:title\" content=\"Cenaclul literar \u201eTraian Brad\u201d - Biblioteca Jude\u021bean\u0103 \u201eOctavian Goga\u201d Cluj\" \/>\n<meta property=\"og:description\" content=\"Cenaclul literar \u201eTraian Brad\u201d \u00ee\u0219i redeschide por\u021bile pentru a-i a\u0219tepta pe micii scriitori (cu v\u00e2rsta cuprins\u0103 \u00eentre 10 \u0219i 14 ani)\" \/>\n<meta property=\"og:url\" content=\"https:\/\/new.bjc.ro\/?tribe_events=cenaclul-literar-traian-brad\" \/>\n<meta property=\"og:site_name\" content=\"Biblioteca Jude\u021bean\u0103 \u201eOctavian Goga\u201d Cluj\" \/>\n<meta property=\"article:publisher\" content=\"https:\/\/www.facebook.com\/bibliotecacluj\/\" \/>\n<meta property=\"article:modified_time\" content=\"2023-10-25T08:51:43+00:00\" \/>\n<meta property=\"og:image\" content=\"https:\/\/new.bjc.ro\/wp-content\/uploads\/2023\/10\/Afis-Cenaclul-literar-1.jpg\" \/>\n\t<meta property=\"og:image:width\" content=\"400\" \/>\n\t<meta property=\"og:image:height\" content=\"566\" \/>\n\t<meta property=\"og:image:type\" content=\"image\/jpeg\" \/>\n<meta name=\"twitter:card\" content=\"summary_large_image\" \/>\n<meta name=\"twitter:site\" content=\"@BibliotecaGoga\" \/>\n<meta name=\"twitter:label1\" content=\"Timp estimat pentru citire\" \/>\n\t<meta name=\"twitter:data1\" content=\"1 minut\" \/>\n<script type=\"application\/ld+json\" class=\"yoast-schema-graph\">{\"@context\":\"https:\/\/schema.org\",\"@graph\":[{\"@type\":\"WebPage\",\"@id\":\"https:\/\/new.bjc.ro\/?tribe_events=cenaclul-literar-traian-brad\",\"url\":\"https:\/\/new.bjc.ro\/?tribe_events=cenaclul-literar-traian-brad\",\"name\":\"Cenaclul literar \u201eTraian Brad\u201d - Biblioteca Jude\u021bean\u0103 \u201eOctavian Goga\u201d Cluj\",\"isPartOf\":{\"@id\":\"https:\/\/new.bjc.ro\/#website\"},\"primaryImageOfPage\":{\"@id\":\"https:\/\/new.bjc.ro\/?tribe_events=cenaclul-literar-traian-brad#primaryimage\"},\"image\":{\"@id\":\"https:\/\/new.bjc.ro\/?tribe_events=cenaclul-literar-traian-brad#primaryimage\"},\"thumbnailUrl\":\"https:\/\/new.bjc.ro\/wp-content\/uploads\/2023\/10\/Afis-Cenaclul-literar-1.jpg\",\"datePublished\":\"2023-10-25T08:49:32+00:00\",\"dateModified\":\"2023-10-25T08:51:43+00:00\",\"description\":\"Cenaclul literar \u201eTraian Brad\u201d \u00ee\u0219i redeschide por\u021bile pentru a-i a\u0219tepta pe micii scriitori (cu v\u00e2rsta cuprins\u0103 \u00eentre 10 \u0219i 14 ani)\",\"breadcrumb\":{\"@id\":\"https:\/\/new.bjc.ro\/?tribe_events=cenaclul-literar-traian-brad#breadcrumb\"},\"inLanguage\":\"ro-RO\",\"potentialAction\":[{\"@type\":\"ReadAction\",\"target\":[\"https:\/\/new.bjc.ro\/?tribe_events=cenaclul-literar-traian-brad\"]}]},{\"@type\":\"ImageObject\",\"inLanguage\":\"ro-RO\",\"@id\":\"https:\/\/new.bjc.ro\/?tribe_events=cenaclul-literar-traian-brad#primaryimage\",\"url\":\"https:\/\/new.bjc.ro\/wp-content\/uploads\/2023\/10\/Afis-Cenaclul-literar-1.jpg\",\"contentUrl\":\"https:\/\/new.bjc.ro\/wp-content\/uploads\/2023\/10\/Afis-Cenaclul-literar-1.jpg\",\"width\":400,\"height\":566},{\"@type\":\"BreadcrumbList\",\"@id\":\"https:\/\/new.bjc.ro\/?tribe_events=cenaclul-literar-traian-brad#breadcrumb\",\"itemListElement\":[{\"@type\":\"ListItem\",\"position\":1,\"name\":\"Home\",\"item\":\"https:\/\/new.bjc.ro\/\"},{\"@type\":\"ListItem\",\"position\":2,\"name\":\"Evenimente\",\"item\":\"https:\/\/new.bjc.ro\/?post_type=tribe_events\"},{\"@type\":\"ListItem\",\"position\":3,\"name\":\"Cenaclul literar \u201eTraian Brad\u201d\"}]},{\"@type\":\"WebSite\",\"@id\":\"https:\/\/new.bjc.ro\/#website\",\"url\":\"https:\/\/new.bjc.ro\/\",\"name\":\"Biblioteca Jude\u021bean\u0103 \u201eOctavian Goga\u201d Cluj\",\"description\":\"\",\"publisher\":{\"@id\":\"https:\/\/new.bjc.ro\/#organization\"},\"alternateName\":\"Biblioteca Jude\u021bean\u0103 Cluj\",\"potentialAction\":[{\"@type\":\"SearchAction\",\"target\":{\"@type\":\"EntryPoint\",\"urlTemplate\":\"https:\/\/new.bjc.ro\/?s={search_term_string}\"},\"query-input\":{\"@type\":\"PropertyValueSpecification\",\"valueRequired\":true,\"valueName\":\"search_term_string\"}}],\"inLanguage\":\"ro-RO\"},{\"@type\":\"Organization\",\"@id\":\"https:\/\/new.bjc.ro\/#organization\",\"name\":\"Biblioteca Jude\u021bean\u0103 \u201eOctavian Goga\u201d Cluj\",\"url\":\"https:\/\/new.bjc.ro\/\",\"logo\":{\"@type\":\"ImageObject\",\"inLanguage\":\"ro-RO\",\"@id\":\"https:\/\/new.bjc.ro\/#\/schema\/logo\/image\/\",\"url\":\"https:\/\/new.bjc.ro\/wp-content\/uploads\/2023\/03\/sigle.jpg\",\"contentUrl\":\"https:\/\/new.bjc.ro\/wp-content\/uploads\/2023\/03\/sigle.jpg\",\"width\":630,\"height\":473,\"caption\":\"Biblioteca Jude\u021bean\u0103 \u201eOctavian Goga\u201d Cluj\"},\"image\":{\"@id\":\"https:\/\/new.bjc.ro\/#\/schema\/logo\/image\/\"},\"sameAs\":[\"https:\/\/www.facebook.com\/bibliotecacluj\/\",\"https:\/\/x.com\/BibliotecaGoga\",\"https:\/\/www.instagram.com\/biblioteca_judeteana_cluj\/\",\"https:\/\/www.youtube.com\/user\/BibliotecaGoga\"]}]}<\/script>\n<!-- \/ Yoast SEO plugin. -->","yoast_head_json":{"title":"Cenaclul literar \u201eTraian Brad\u201d - Biblioteca Jude\u021bean\u0103 \u201eOctavian Goga\u201d Cluj","description":"Cenaclul literar \u201eTraian Brad\u201d \u00ee\u0219i redeschide por\u021bile pentru a-i a\u0219tepta pe micii scriitori (cu v\u00e2rsta cuprins\u0103 \u00eentre 10 \u0219i 14 ani)","robots":{"index":"index","follow":"follow","max-snippet":"max-snippet:-1","max-image-preview":"max-image-preview:large","max-video-preview":"max-video-preview:-1"},"canonical":"https:\/\/new.bjc.ro\/?tribe_events=cenaclul-literar-traian-brad","og_locale":"ro_RO","og_type":"article","og_title":"Cenaclul literar \u201eTraian Brad\u201d - Biblioteca Jude\u021bean\u0103 \u201eOctavian Goga\u201d Cluj","og_description":"Cenaclul literar \u201eTraian Brad\u201d \u00ee\u0219i redeschide por\u021bile pentru a-i a\u0219tepta pe micii scriitori (cu v\u00e2rsta cuprins\u0103 \u00eentre 10 \u0219i 14 ani)","og_url":"https:\/\/new.bjc.ro\/?tribe_events=cenaclul-literar-traian-brad","og_site_name":"Biblioteca Jude\u021bean\u0103 \u201eOctavian Goga\u201d Cluj","article_publisher":"https:\/\/www.facebook.com\/bibliotecacluj\/","article_modified_time":"2023-10-25T08:51:43+00:00","og_image":[{"width":400,"height":566,"url":"https:\/\/new.bjc.ro\/wp-content\/uploads\/2023\/10\/Afis-Cenaclul-literar-1.jpg","type":"image\/jpeg"}],"twitter_card":"summary_large_image","twitter_site":"@BibliotecaGoga","twitter_misc":{"Timp estimat pentru citire":"1 minut"},"schema":{"@context":"https:\/\/schema.org","@graph":[{"@type":"WebPage","@id":"https:\/\/new.bjc.ro\/?tribe_events=cenaclul-literar-traian-brad","url":"https:\/\/new.bjc.ro\/?tribe_events=cenaclul-literar-traian-brad","name":"Cenaclul literar \u201eTraian Brad\u201d - Biblioteca Jude\u021bean\u0103 \u201eOctavian Goga\u201d Cluj","isPartOf":{"@id":"https:\/\/new.bjc.ro\/#website"},"primaryImageOfPage":{"@id":"https:\/\/new.bjc.ro\/?tribe_events=cenaclul-literar-traian-brad#primaryimage"},"image":{"@id":"https:\/\/new.bjc.ro\/?tribe_events=cenaclul-literar-traian-brad#primaryimage"},"thumbnailUrl":"https:\/\/new.bjc.ro\/wp-content\/uploads\/2023\/10\/Afis-Cenaclul-literar-1.jpg","datePublished":"2023-10-25T08:49:32+00:00","dateModified":"2023-10-25T08:51:43+00:00","description":"Cenaclul literar \u201eTraian Brad\u201d \u00ee\u0219i redeschide por\u021bile pentru a-i a\u0219tepta pe micii scriitori (cu v\u00e2rsta cuprins\u0103 \u00eentre 10 \u0219i 14 ani)","breadcrumb":{"@id":"https:\/\/new.bjc.ro\/?tribe_events=cenaclul-literar-traian-brad#breadcrumb"},"inLanguage":"ro-RO","potentialAction":[{"@type":"ReadAction","target":["https:\/\/new.bjc.ro\/?tribe_events=cenaclul-literar-traian-brad"]}]},{"@type":"ImageObject","inLanguage":"ro-RO","@id":"https:\/\/new.bjc.ro\/?tribe_events=cenaclul-literar-traian-brad#primaryimage","url":"https:\/\/new.bjc.ro\/wp-content\/uploads\/2023\/10\/Afis-Cenaclul-literar-1.jpg","contentUrl":"https:\/\/new.bjc.ro\/wp-content\/uploads\/2023\/10\/Afis-Cenaclul-literar-1.jpg","width":400,"height":566},{"@type":"BreadcrumbList","@id":"https:\/\/new.bjc.ro\/?tribe_events=cenaclul-literar-traian-brad#breadcrumb","itemListElement":[{"@type":"ListItem","position":1,"name":"Home","item":"https:\/\/new.bjc.ro\/"},{"@type":"ListItem","position":2,"name":"Evenimente","item":"https:\/\/new.bjc.ro\/?post_type=tribe_events"},{"@type":"ListItem","position":3,"name":"Cenaclul literar \u201eTraian Brad\u201d"}]},{"@type":"WebSite","@id":"https:\/\/new.bjc.ro\/#website","url":"https:\/\/new.bjc.ro\/","name":"Biblioteca Jude\u021bean\u0103 \u201eOctavian Goga\u201d Cluj","description":"","publisher":{"@id":"https:\/\/new.bjc.ro\/#organization"},"alternateName":"Biblioteca Jude\u021bean\u0103 Cluj","potentialAction":[{"@type":"SearchAction","target":{"@type":"EntryPoint","urlTemplate":"https:\/\/new.bjc.ro\/?s={search_term_string}"},"query-input":{"@type":"PropertyValueSpecification","valueRequired":true,"valueName":"search_term_string"}}],"inLanguage":"ro-RO"},{"@type":"Organization","@id":"https:\/\/new.bjc.ro\/#organization","name":"Biblioteca Jude\u021bean\u0103 \u201eOctavian Goga\u201d Cluj","url":"https:\/\/new.bjc.ro\/","logo":{"@type":"ImageObject","inLanguage":"ro-RO","@id":"https:\/\/new.bjc.ro\/#\/schema\/logo\/image\/","url":"https:\/\/new.bjc.ro\/wp-content\/uploads\/2023\/03\/sigle.jpg","contentUrl":"https:\/\/new.bjc.ro\/wp-content\/uploads\/2023\/03\/sigle.jpg","width":630,"height":473,"caption":"Biblioteca Jude\u021bean\u0103 \u201eOctavian Goga\u201d Cluj"},"image":{"@id":"https:\/\/new.bjc.ro\/#\/schema\/logo\/image\/"},"sameAs":["https:\/\/www.facebook.com\/bibliotecacluj\/","https:\/\/x.com\/BibliotecaGoga","https:\/\/www.instagram.com\/biblioteca_judeteana_cluj\/","https:\/\/www.youtube.com\/user\/BibliotecaGoga"]}]}},"_links":{"self":[{"href":"https:\/\/new.bjc.ro\/index.php?rest_route=\/wp\/v2\/tribe_events\/8207","targetHints":{"allow":["GET"]}}],"collection":[{"href":"https:\/\/new.bjc.ro\/index.php?rest_route=\/wp\/v2\/tribe_events"}],"about":[{"href":"https:\/\/new.bjc.ro\/index.php?rest_route=\/wp\/v2\/types\/tribe_events"}],"author":[{"embeddable":true,"href":"https:\/\/new.bjc.ro\/index.php?rest_route=\/wp\/v2\/users\/1"}],"version-history":[{"count":1,"href":"https:\/\/new.bjc.ro\/index.php?rest_route=\/wp\/v2\/tribe_events\/8207\/revisions"}],"predecessor-version":[{"id":8209,"href":"https:\/\/new.bjc.ro\/index.php?rest_route=\/wp\/v2\/tribe_events\/8207\/revisions\/8209"}],"wp:featuredmedia":[{"embeddable":true,"href":"https:\/\/new.bjc.ro\/index.php?rest_route=\/wp\/v2\/media\/8210"}],"wp:attachment":[{"href":"https:\/\/new.bjc.ro\/index.php?rest_route=%2Fwp%2Fv2%2Fmedia&parent=8207"}],"wp:term":[{"taxonomy":"post_tag","embeddable":true,"href":"https:\/\/new.bjc.ro\/index.php?rest_route=%2Fwp%2Fv2%2Ftags&post=8207"},{"taxonomy":"tribe_events_cat","embeddable":true,"href":"https:\/\/new.bjc.ro\/index.php?rest_route=%2Fwp%2Fv2%2Ftribe_events_cat&post=8207"}],"curies":[{"name":"wp","href":"https:\/\/api.w.org\/{rel}","templated":true}]}}