{"id":8211,"date":"2023-10-25T11:55:32","date_gmt":"2023-10-25T08:55:32","guid":{"rendered":"https:\/\/new.bjc.ro\/?post_type=tribe_events&#038;p=8211"},"modified":"2023-10-25T11:55:32","modified_gmt":"2023-10-25T08:55:32","slug":"cercul-de-origami","status":"publish","type":"tribe_events","link":"https:\/\/new.bjc.ro\/?tribe_events=cercul-de-origami","title":{"rendered":"Cercul de origami"},"content":{"rendered":"<p>Copiii cu v\u00e2rsta cuprins\u0103 \u00eentre 8 \u0219i 14 ani, care doresc s\u0103-\u0219i \u00eembun\u0103t\u0103\u021beasc\u0103 abilit\u0103\u021bile de r\u0103bdare, \u00eendem\u00e2nare \u0219i inteligen\u021ba vizual-spa\u021bial\u0103 sunt invita\u021bi la Cercul de origami, care se va desf\u0103\u0219ura la Sec\u021bia pentru copii, de la sediul central al bibliotecii, Calea Doroban\u021bilor nr. 104, parter est, joi, 26 octombrie, de la ora 16.00.<\/p>\n<p>V\u0103 a\u0219tept\u0103m cu drag!<\/p>\n","protected":false},"excerpt":{"rendered":"<p>Copiii cu v\u00e2rsta cuprins\u0103 \u00eentre 8 \u0219i 14 ani, care doresc s\u0103-\u0219i \u00eembun\u0103t\u0103\u021beasc\u0103 abilit\u0103\u021bile de r\u0103bdare, \u00eendem\u00e2nare \u0219i inteligen\u021ba vizual-spa\u021bial\u0103 sunt invita\u021bi la Cercul de origami, care se va desf\u0103\u0219ura la Sec\u021bia pentru copii, de la sediul central al bibliotecii, Calea Doroban\u021bilor nr. 104, parter est, joi, 26 octombrie, de&hellip; <br \/> <a class=\"read-more\" href=\"https:\/\/new.bjc.ro\/?tribe_events=cercul-de-origami\">Cite\u0219te mai mult<\/a><\/p>\n","protected":false},"author":1,"featured_media":8212,"template":"","meta":{"_monsterinsights_skip_tracking":false,"_monsterinsights_sitenote_active":false,"_monsterinsights_sitenote_note":"","_monsterinsights_sitenote_category":0,"_EventAllDay":false,"_EventTimezone":"Europe\/Bucharest","_EventStartDate":"2023-10-26 16:00:00","_EventEndDate":"2023-10-26 18:00:00","_EventStartDateUTC":"2023-10-26 13:00:00","_EventEndDateUTC":"2023-10-26 15:00:00","_EventShowMap":true,"_EventShowMapLink":true,"_EventURL":"","_EventCost":"","_EventCostDescription":"","_EventCurrencySymbol":"","_EventCurrencyCode":"","_EventCurrencyPosition":"prefix","_EventDateTimeSeparator":"","_EventTimeRangeSeparator":"","_EventOrganizerID":[2810],"_EventVenueID":[6258],"_OrganizerEmail":"","_OrganizerPhone":"","_OrganizerWebsite":"","_VenueAddress":"","_VenueCity":"","_VenueCountry":"","_VenueProvince":"","_VenueState":"","_VenueZip":"","_VenuePhone":"","_VenueURL":"","_VenueStateProvince":"","_VenueLat":"","_VenueLng":"","_VenueShowMap":false,"_VenueShowMapLink":false,"_tribe_events_status":"","_tribe_events_status_reason":"","footnotes":""},"tags":[166],"tribe_events_cat":[51],"class_list":["post-8211","tribe_events","type-tribe_events","status-publish","has-post-thumbnail","hentry","tag-cercul-de-origami","tribe_events_cat-ateliere","cat_ateliere"],"yoast_head":"<!-- This site is optimized with the Yoast SEO plugin v24.6 - https:\/\/yoast.com\/wordpress\/plugins\/seo\/ -->\n<title>Cercul de origami - Biblioteca Jude\u021bean\u0103 \u201eOctavian Goga\u201d Cluj<\/title>\n<meta name=\"description\" content=\"pentru copiii cu v\u00e2rsta cuprins\u0103 \u00eentre 8 \u0219i 14 ani\" \/>\n<meta name=\"robots\" content=\"index, follow, max-snippet:-1, max-image-preview:large, max-video-preview:-1\" \/>\n<link rel=\"canonical\" href=\"https:\/\/new.bjc.ro\/?tribe_events=cercul-de-origami\" \/>\n<meta property=\"og:locale\" content=\"ro_RO\" \/>\n<meta property=\"og:type\" content=\"article\" \/>\n<meta property=\"og:title\" content=\"Cercul de origami - Biblioteca Jude\u021bean\u0103 \u201eOctavian Goga\u201d Cluj\" \/>\n<meta property=\"og:description\" content=\"pentru copiii cu v\u00e2rsta cuprins\u0103 \u00eentre 8 \u0219i 14 ani\" \/>\n<meta property=\"og:url\" content=\"https:\/\/new.bjc.ro\/?tribe_events=cercul-de-origami\" \/>\n<meta property=\"og:site_name\" content=\"Biblioteca Jude\u021bean\u0103 \u201eOctavian Goga\u201d Cluj\" \/>\n<meta property=\"article:publisher\" content=\"https:\/\/www.facebook.com\/bibliotecacluj\/\" \/>\n<meta property=\"og:image\" content=\"https:\/\/new.bjc.ro\/wp-content\/uploads\/2023\/10\/Afis-Cerc-de-origami-refacut-2023.png\" \/>\n\t<meta property=\"og:image:width\" content=\"400\" \/>\n\t<meta property=\"og:image:height\" content=\"566\" \/>\n\t<meta property=\"og:image:type\" content=\"image\/png\" \/>\n<meta name=\"twitter:card\" content=\"summary_large_image\" \/>\n<meta name=\"twitter:site\" content=\"@BibliotecaGoga\" \/>\n<meta name=\"twitter:label1\" content=\"Timp estimat pentru citire\" \/>\n\t<meta name=\"twitter:data1\" content=\"1 minut\" \/>\n<script type=\"application\/ld+json\" class=\"yoast-schema-graph\">{\"@context\":\"https:\/\/schema.org\",\"@graph\":[{\"@type\":\"WebPage\",\"@id\":\"https:\/\/new.bjc.ro\/?tribe_events=cercul-de-origami\",\"url\":\"https:\/\/new.bjc.ro\/?tribe_events=cercul-de-origami\",\"name\":\"Cercul de origami - Biblioteca Jude\u021bean\u0103 \u201eOctavian Goga\u201d Cluj\",\"isPartOf\":{\"@id\":\"https:\/\/new.bjc.ro\/#website\"},\"primaryImageOfPage\":{\"@id\":\"https:\/\/new.bjc.ro\/?tribe_events=cercul-de-origami#primaryimage\"},\"image\":{\"@id\":\"https:\/\/new.bjc.ro\/?tribe_events=cercul-de-origami#primaryimage\"},\"thumbnailUrl\":\"https:\/\/new.bjc.ro\/wp-content\/uploads\/2023\/10\/Afis-Cerc-de-origami-refacut-2023.png\",\"datePublished\":\"2023-10-25T08:55:32+00:00\",\"description\":\"pentru copiii cu v\u00e2rsta cuprins\u0103 \u00eentre 8 \u0219i 14 ani\",\"breadcrumb\":{\"@id\":\"https:\/\/new.bjc.ro\/?tribe_events=cercul-de-origami#breadcrumb\"},\"inLanguage\":\"ro-RO\",\"potentialAction\":[{\"@type\":\"ReadAction\",\"target\":[\"https:\/\/new.bjc.ro\/?tribe_events=cercul-de-origami\"]}]},{\"@type\":\"ImageObject\",\"inLanguage\":\"ro-RO\",\"@id\":\"https:\/\/new.bjc.ro\/?tribe_events=cercul-de-origami#primaryimage\",\"url\":\"https:\/\/new.bjc.ro\/wp-content\/uploads\/2023\/10\/Afis-Cerc-de-origami-refacut-2023.png\",\"contentUrl\":\"https:\/\/new.bjc.ro\/wp-content\/uploads\/2023\/10\/Afis-Cerc-de-origami-refacut-2023.png\",\"width\":400,\"height\":566},{\"@type\":\"BreadcrumbList\",\"@id\":\"https:\/\/new.bjc.ro\/?tribe_events=cercul-de-origami#breadcrumb\",\"itemListElement\":[{\"@type\":\"ListItem\",\"position\":1,\"name\":\"Home\",\"item\":\"https:\/\/new.bjc.ro\/\"},{\"@type\":\"ListItem\",\"position\":2,\"name\":\"Evenimente\",\"item\":\"https:\/\/new.bjc.ro\/?post_type=tribe_events\"},{\"@type\":\"ListItem\",\"position\":3,\"name\":\"Cercul de origami\"}]},{\"@type\":\"WebSite\",\"@id\":\"https:\/\/new.bjc.ro\/#website\",\"url\":\"https:\/\/new.bjc.ro\/\",\"name\":\"Biblioteca Jude\u021bean\u0103 \u201eOctavian Goga\u201d Cluj\",\"description\":\"\",\"publisher\":{\"@id\":\"https:\/\/new.bjc.ro\/#organization\"},\"alternateName\":\"Biblioteca Jude\u021bean\u0103 Cluj\",\"potentialAction\":[{\"@type\":\"SearchAction\",\"target\":{\"@type\":\"EntryPoint\",\"urlTemplate\":\"https:\/\/new.bjc.ro\/?s={search_term_string}\"},\"query-input\":{\"@type\":\"PropertyValueSpecification\",\"valueRequired\":true,\"valueName\":\"search_term_string\"}}],\"inLanguage\":\"ro-RO\"},{\"@type\":\"Organization\",\"@id\":\"https:\/\/new.bjc.ro\/#organization\",\"name\":\"Biblioteca Jude\u021bean\u0103 \u201eOctavian Goga\u201d Cluj\",\"url\":\"https:\/\/new.bjc.ro\/\",\"logo\":{\"@type\":\"ImageObject\",\"inLanguage\":\"ro-RO\",\"@id\":\"https:\/\/new.bjc.ro\/#\/schema\/logo\/image\/\",\"url\":\"https:\/\/new.bjc.ro\/wp-content\/uploads\/2023\/03\/sigle.jpg\",\"contentUrl\":\"https:\/\/new.bjc.ro\/wp-content\/uploads\/2023\/03\/sigle.jpg\",\"width\":630,\"height\":473,\"caption\":\"Biblioteca Jude\u021bean\u0103 \u201eOctavian Goga\u201d Cluj\"},\"image\":{\"@id\":\"https:\/\/new.bjc.ro\/#\/schema\/logo\/image\/\"},\"sameAs\":[\"https:\/\/www.facebook.com\/bibliotecacluj\/\",\"https:\/\/x.com\/BibliotecaGoga\",\"https:\/\/www.instagram.com\/biblioteca_judeteana_cluj\/\",\"https:\/\/www.youtube.com\/user\/BibliotecaGoga\"]}]}<\/script>\n<!-- \/ Yoast SEO plugin. -->","yoast_head_json":{"title":"Cercul de origami - Biblioteca Jude\u021bean\u0103 \u201eOctavian Goga\u201d Cluj","description":"pentru copiii cu v\u00e2rsta cuprins\u0103 \u00eentre 8 \u0219i 14 ani","robots":{"index":"index","follow":"follow","max-snippet":"max-snippet:-1","max-image-preview":"max-image-preview:large","max-video-preview":"max-video-preview:-1"},"canonical":"https:\/\/new.bjc.ro\/?tribe_events=cercul-de-origami","og_locale":"ro_RO","og_type":"article","og_title":"Cercul de origami - Biblioteca Jude\u021bean\u0103 \u201eOctavian Goga\u201d Cluj","og_description":"pentru copiii cu v\u00e2rsta cuprins\u0103 \u00eentre 8 \u0219i 14 ani","og_url":"https:\/\/new.bjc.ro\/?tribe_events=cercul-de-origami","og_site_name":"Biblioteca Jude\u021bean\u0103 \u201eOctavian Goga\u201d Cluj","article_publisher":"https:\/\/www.facebook.com\/bibliotecacluj\/","og_image":[{"width":400,"height":566,"url":"https:\/\/new.bjc.ro\/wp-content\/uploads\/2023\/10\/Afis-Cerc-de-origami-refacut-2023.png","type":"image\/png"}],"twitter_card":"summary_large_image","twitter_site":"@BibliotecaGoga","twitter_misc":{"Timp estimat pentru citire":"1 minut"},"schema":{"@context":"https:\/\/schema.org","@graph":[{"@type":"WebPage","@id":"https:\/\/new.bjc.ro\/?tribe_events=cercul-de-origami","url":"https:\/\/new.bjc.ro\/?tribe_events=cercul-de-origami","name":"Cercul de origami - Biblioteca Jude\u021bean\u0103 \u201eOctavian Goga\u201d Cluj","isPartOf":{"@id":"https:\/\/new.bjc.ro\/#website"},"primaryImageOfPage":{"@id":"https:\/\/new.bjc.ro\/?tribe_events=cercul-de-origami#primaryimage"},"image":{"@id":"https:\/\/new.bjc.ro\/?tribe_events=cercul-de-origami#primaryimage"},"thumbnailUrl":"https:\/\/new.bjc.ro\/wp-content\/uploads\/2023\/10\/Afis-Cerc-de-origami-refacut-2023.png","datePublished":"2023-10-25T08:55:32+00:00","description":"pentru copiii cu v\u00e2rsta cuprins\u0103 \u00eentre 8 \u0219i 14 ani","breadcrumb":{"@id":"https:\/\/new.bjc.ro\/?tribe_events=cercul-de-origami#breadcrumb"},"inLanguage":"ro-RO","potentialAction":[{"@type":"ReadAction","target":["https:\/\/new.bjc.ro\/?tribe_events=cercul-de-origami"]}]},{"@type":"ImageObject","inLanguage":"ro-RO","@id":"https:\/\/new.bjc.ro\/?tribe_events=cercul-de-origami#primaryimage","url":"https:\/\/new.bjc.ro\/wp-content\/uploads\/2023\/10\/Afis-Cerc-de-origami-refacut-2023.png","contentUrl":"https:\/\/new.bjc.ro\/wp-content\/uploads\/2023\/10\/Afis-Cerc-de-origami-refacut-2023.png","width":400,"height":566},{"@type":"BreadcrumbList","@id":"https:\/\/new.bjc.ro\/?tribe_events=cercul-de-origami#breadcrumb","itemListElement":[{"@type":"ListItem","position":1,"name":"Home","item":"https:\/\/new.bjc.ro\/"},{"@type":"ListItem","position":2,"name":"Evenimente","item":"https:\/\/new.bjc.ro\/?post_type=tribe_events"},{"@type":"ListItem","position":3,"name":"Cercul de origami"}]},{"@type":"WebSite","@id":"https:\/\/new.bjc.ro\/#website","url":"https:\/\/new.bjc.ro\/","name":"Biblioteca Jude\u021bean\u0103 \u201eOctavian Goga\u201d Cluj","description":"","publisher":{"@id":"https:\/\/new.bjc.ro\/#organization"},"alternateName":"Biblioteca Jude\u021bean\u0103 Cluj","potentialAction":[{"@type":"SearchAction","target":{"@type":"EntryPoint","urlTemplate":"https:\/\/new.bjc.ro\/?s={search_term_string}"},"query-input":{"@type":"PropertyValueSpecification","valueRequired":true,"valueName":"search_term_string"}}],"inLanguage":"ro-RO"},{"@type":"Organization","@id":"https:\/\/new.bjc.ro\/#organization","name":"Biblioteca Jude\u021bean\u0103 \u201eOctavian Goga\u201d Cluj","url":"https:\/\/new.bjc.ro\/","logo":{"@type":"ImageObject","inLanguage":"ro-RO","@id":"https:\/\/new.bjc.ro\/#\/schema\/logo\/image\/","url":"https:\/\/new.bjc.ro\/wp-content\/uploads\/2023\/03\/sigle.jpg","contentUrl":"https:\/\/new.bjc.ro\/wp-content\/uploads\/2023\/03\/sigle.jpg","width":630,"height":473,"caption":"Biblioteca Jude\u021bean\u0103 \u201eOctavian Goga\u201d Cluj"},"image":{"@id":"https:\/\/new.bjc.ro\/#\/schema\/logo\/image\/"},"sameAs":["https:\/\/www.facebook.com\/bibliotecacluj\/","https:\/\/x.com\/BibliotecaGoga","https:\/\/www.instagram.com\/biblioteca_judeteana_cluj\/","https:\/\/www.youtube.com\/user\/BibliotecaGoga"]}]}},"_links":{"self":[{"href":"https:\/\/new.bjc.ro\/index.php?rest_route=\/wp\/v2\/tribe_events\/8211","targetHints":{"allow":["GET"]}}],"collection":[{"href":"https:\/\/new.bjc.ro\/index.php?rest_route=\/wp\/v2\/tribe_events"}],"about":[{"href":"https:\/\/new.bjc.ro\/index.php?rest_route=\/wp\/v2\/types\/tribe_events"}],"author":[{"embeddable":true,"href":"https:\/\/new.bjc.ro\/index.php?rest_route=\/wp\/v2\/users\/1"}],"version-history":[{"count":1,"href":"https:\/\/new.bjc.ro\/index.php?rest_route=\/wp\/v2\/tribe_events\/8211\/revisions"}],"predecessor-version":[{"id":8213,"href":"https:\/\/new.bjc.ro\/index.php?rest_route=\/wp\/v2\/tribe_events\/8211\/revisions\/8213"}],"wp:featuredmedia":[{"embeddable":true,"href":"https:\/\/new.bjc.ro\/index.php?rest_route=\/wp\/v2\/media\/8212"}],"wp:attachment":[{"href":"https:\/\/new.bjc.ro\/index.php?rest_route=%2Fwp%2Fv2%2Fmedia&parent=8211"}],"wp:term":[{"taxonomy":"post_tag","embeddable":true,"href":"https:\/\/new.bjc.ro\/index.php?rest_route=%2Fwp%2Fv2%2Ftags&post=8211"},{"taxonomy":"tribe_events_cat","embeddable":true,"href":"https:\/\/new.bjc.ro\/index.php?rest_route=%2Fwp%2Fv2%2Ftribe_events_cat&post=8211"}],"curies":[{"name":"wp","href":"https:\/\/api.w.org\/{rel}","templated":true}]}}