{"id":8228,"date":"2023-10-30T14:44:03","date_gmt":"2023-10-30T12:44:03","guid":{"rendered":"https:\/\/new.bjc.ro\/?post_type=tribe_events&#038;p=8228"},"modified":"2023-10-30T14:44:03","modified_gmt":"2023-10-30T12:44:03","slug":"targul-regional-de-stiinta-code-kids-cluj-2023","status":"publish","type":"tribe_events","link":"https:\/\/new.bjc.ro\/?tribe_events=targul-regional-de-stiinta-code-kids-cluj-2023","title":{"rendered":"T\u00e2rgul regional de \u0219tiin\u021b\u0103 CODE Kids Cluj 2023"},"content":{"rendered":"<p>Biblioteca Jude\u0163ean\u0103 \u201eOctavian Goga\u201d Cluj \u0219i Asocia\u021bia \u201ePrietenii Bibliotecii Jude\u021bene Cluj\u201d organizeaz\u0103 la Cluj-Napoca, \u00een parteneriat cu Funda\u021bia Progress, prima edi\u021bie a T\u00e2rgului regional de \u0219tiin\u021b\u0103 CODE Kids Cluj 2023.<\/p>\n<p>Coderii de la cluburile de programare Code Kids: Clubul Lions Code Kids \u2013 Biblioteca Comunal\u0103 Ighiu, Alba, Clubul Probots \u2013 Liceul \u201cKem\u00e9ny Zsigmond\u201d Gherla, Cluj, Clubul Code Evolution \u2013 Biblioteca Comunal\u0103 Vii\u0219oara, Cluj \u0219i Clubul CyberHacker \u2013 Biblioteca Jude\u021bean\u0103 \u201cIoni\u021b\u0103 Scipione B\u0103descu\u201d S\u0103laj vor prezenta publicului proiecte inovative de robotic\u0103, programare \u0219i tehnologie.<\/p>\n<p>Proiectele prezentate, av\u00e2nd ca tem\u0103 rezolvarea unei probleme comunitare, au rolul de a stimula inova\u021bia, schimbul de idei \u0219i \u00eencurajeaz\u0103 comunicarea, colaborarea \u0219i munca \u00een echip\u0103.<\/p>\n<p>T\u00e2rgul se va desf\u0103\u0219ura la Sediul central al Bibliotecii Jude\u0163ene \u201eOctavian Goga\u201d Cluj, Calea Doroban\u021bilor, nr. 104, joi, 2 noiembrie 2023, \u00eentre orele 11.00-15.00.<\/p>\n<p>Evenimentul se desf\u0103\u0219oar\u0103 \u00een cadrul proiectului \u201dCODE Kids \u2013 Programeaz\u0103 viitorul comunit\u0103\u021bii tale\u201d.<\/p>\n<p>CODE Kids este o ini\u021biativ\u0103 na\u021bional\u0103 de educa\u021bie IT \u0219i STEM pentru copii, implementat\u0103 de Funda\u021bia Progress, cu sprijinul financiar al Romanian American Foundation \u0219i Soci\u00e9t\u00e9 G\u00e9n\u00e9rale.<\/p>\n","protected":false},"excerpt":{"rendered":"<p>Biblioteca Jude\u0163ean\u0103 \u201eOctavian Goga\u201d Cluj \u0219i Asocia\u021bia \u201ePrietenii Bibliotecii Jude\u021bene Cluj\u201d organizeaz\u0103 la Cluj-Napoca, \u00een parteneriat cu Funda\u021bia Progress, prima edi\u021bie a T\u00e2rgului regional de \u0219tiin\u021b\u0103 CODE Kids Cluj 2023. Coderii de la cluburile de programare Code Kids: Clubul Lions Code Kids \u2013 Biblioteca Comunal\u0103 Ighiu, Alba, Clubul Probots \u2013&hellip; <br \/> <a class=\"read-more\" href=\"https:\/\/new.bjc.ro\/?tribe_events=targul-regional-de-stiinta-code-kids-cluj-2023\">Cite\u0219te mai mult<\/a><\/p>\n","protected":false},"author":1,"featured_media":8229,"template":"","meta":{"_monsterinsights_skip_tracking":false,"_monsterinsights_sitenote_active":false,"_monsterinsights_sitenote_note":"","_monsterinsights_sitenote_category":0,"_EventAllDay":false,"_EventTimezone":"Europe\/Bucharest","_EventStartDate":"2023-11-02 11:00:00","_EventEndDate":"2023-11-02 17:00:00","_EventStartDateUTC":"2023-11-02 09:00:00","_EventEndDateUTC":"2023-11-02 15:00:00","_EventShowMap":true,"_EventShowMapLink":true,"_EventURL":"","_EventCost":"","_EventCostDescription":"","_EventCurrencySymbol":"","_EventCurrencyCode":"","_EventCurrencyPosition":"prefix","_EventDateTimeSeparator":"","_EventTimeRangeSeparator":"","_EventOrganizerID":[],"_EventVenueID":[3721],"_OrganizerEmail":"","_OrganizerPhone":"","_OrganizerWebsite":"","_VenueAddress":"","_VenueCity":"","_VenueCountry":"","_VenueProvince":"","_VenueState":"","_VenueZip":"","_VenuePhone":"","_VenueURL":"","_VenueStateProvince":"","_VenueLat":"","_VenueLng":"","_VenueShowMap":false,"_VenueShowMapLink":false,"_tribe_events_status":"","_tribe_events_status_reason":"","footnotes":""},"tags":[168],"tribe_events_cat":[28],"class_list":["post-8228","tribe_events","type-tribe_events","status-publish","has-post-thumbnail","hentry","tag-targ-regional-de-stiinta","tribe_events_cat-evenimente","cat_evenimente"],"yoast_head":"<!-- This site is optimized with the Yoast SEO plugin v24.6 - https:\/\/yoast.com\/wordpress\/plugins\/seo\/ -->\n<title>T\u00e2rgul regional de \u0219tiin\u021b\u0103 CODE Kids Cluj 2023 - Biblioteca Jude\u021bean\u0103 \u201eOctavian Goga\u201d Cluj<\/title>\n<meta name=\"description\" content=\"Evenimentul se desf\u0103\u0219oar\u0103 \u00een cadrul proiectului \u201dCODE Kids \u2013 Programeaz\u0103 viitorul comunit\u0103\u021bii tale\u201d\" \/>\n<meta name=\"robots\" content=\"index, follow, max-snippet:-1, max-image-preview:large, max-video-preview:-1\" \/>\n<link rel=\"canonical\" href=\"https:\/\/new.bjc.ro\/?tribe_events=targul-regional-de-stiinta-code-kids-cluj-2023\" \/>\n<meta property=\"og:locale\" content=\"ro_RO\" \/>\n<meta property=\"og:type\" content=\"article\" \/>\n<meta property=\"og:title\" content=\"T\u00e2rgul regional de \u0219tiin\u021b\u0103 CODE Kids Cluj 2023 - Biblioteca Jude\u021bean\u0103 \u201eOctavian Goga\u201d Cluj\" \/>\n<meta property=\"og:description\" content=\"Evenimentul se desf\u0103\u0219oar\u0103 \u00een cadrul proiectului \u201dCODE Kids \u2013 Programeaz\u0103 viitorul comunit\u0103\u021bii tale\u201d\" \/>\n<meta property=\"og:url\" content=\"https:\/\/new.bjc.ro\/?tribe_events=targul-regional-de-stiinta-code-kids-cluj-2023\" \/>\n<meta property=\"og:site_name\" content=\"Biblioteca Jude\u021bean\u0103 \u201eOctavian Goga\u201d Cluj\" \/>\n<meta property=\"article:publisher\" content=\"https:\/\/www.facebook.com\/bibliotecacluj\/\" \/>\n<meta property=\"og:image\" content=\"https:\/\/new.bjc.ro\/wp-content\/uploads\/2023\/10\/Afis2.jpg\" \/>\n\t<meta property=\"og:image:width\" content=\"400\" \/>\n\t<meta property=\"og:image:height\" content=\"566\" \/>\n\t<meta property=\"og:image:type\" content=\"image\/jpeg\" \/>\n<meta name=\"twitter:card\" content=\"summary_large_image\" \/>\n<meta name=\"twitter:site\" content=\"@BibliotecaGoga\" \/>\n<meta name=\"twitter:label1\" content=\"Timp estimat pentru citire\" \/>\n\t<meta name=\"twitter:data1\" content=\"1 minut\" \/>\n<script type=\"application\/ld+json\" class=\"yoast-schema-graph\">{\"@context\":\"https:\/\/schema.org\",\"@graph\":[{\"@type\":\"WebPage\",\"@id\":\"https:\/\/new.bjc.ro\/?tribe_events=targul-regional-de-stiinta-code-kids-cluj-2023\",\"url\":\"https:\/\/new.bjc.ro\/?tribe_events=targul-regional-de-stiinta-code-kids-cluj-2023\",\"name\":\"T\u00e2rgul regional de \u0219tiin\u021b\u0103 CODE Kids Cluj 2023 - Biblioteca Jude\u021bean\u0103 \u201eOctavian Goga\u201d Cluj\",\"isPartOf\":{\"@id\":\"https:\/\/new.bjc.ro\/#website\"},\"primaryImageOfPage\":{\"@id\":\"https:\/\/new.bjc.ro\/?tribe_events=targul-regional-de-stiinta-code-kids-cluj-2023#primaryimage\"},\"image\":{\"@id\":\"https:\/\/new.bjc.ro\/?tribe_events=targul-regional-de-stiinta-code-kids-cluj-2023#primaryimage\"},\"thumbnailUrl\":\"https:\/\/new.bjc.ro\/wp-content\/uploads\/2023\/10\/Afis2.jpg\",\"datePublished\":\"2023-10-30T12:44:03+00:00\",\"description\":\"Evenimentul se desf\u0103\u0219oar\u0103 \u00een cadrul proiectului \u201dCODE Kids \u2013 Programeaz\u0103 viitorul comunit\u0103\u021bii tale\u201d\",\"breadcrumb\":{\"@id\":\"https:\/\/new.bjc.ro\/?tribe_events=targul-regional-de-stiinta-code-kids-cluj-2023#breadcrumb\"},\"inLanguage\":\"ro-RO\",\"potentialAction\":[{\"@type\":\"ReadAction\",\"target\":[\"https:\/\/new.bjc.ro\/?tribe_events=targul-regional-de-stiinta-code-kids-cluj-2023\"]}]},{\"@type\":\"ImageObject\",\"inLanguage\":\"ro-RO\",\"@id\":\"https:\/\/new.bjc.ro\/?tribe_events=targul-regional-de-stiinta-code-kids-cluj-2023#primaryimage\",\"url\":\"https:\/\/new.bjc.ro\/wp-content\/uploads\/2023\/10\/Afis2.jpg\",\"contentUrl\":\"https:\/\/new.bjc.ro\/wp-content\/uploads\/2023\/10\/Afis2.jpg\",\"width\":400,\"height\":566},{\"@type\":\"BreadcrumbList\",\"@id\":\"https:\/\/new.bjc.ro\/?tribe_events=targul-regional-de-stiinta-code-kids-cluj-2023#breadcrumb\",\"itemListElement\":[{\"@type\":\"ListItem\",\"position\":1,\"name\":\"Home\",\"item\":\"https:\/\/new.bjc.ro\/\"},{\"@type\":\"ListItem\",\"position\":2,\"name\":\"Evenimente\",\"item\":\"https:\/\/new.bjc.ro\/?post_type=tribe_events\"},{\"@type\":\"ListItem\",\"position\":3,\"name\":\"T\u00e2rgul regional de \u0219tiin\u021b\u0103 CODE Kids Cluj 2023\"}]},{\"@type\":\"WebSite\",\"@id\":\"https:\/\/new.bjc.ro\/#website\",\"url\":\"https:\/\/new.bjc.ro\/\",\"name\":\"Biblioteca Jude\u021bean\u0103 \u201eOctavian Goga\u201d Cluj\",\"description\":\"\",\"publisher\":{\"@id\":\"https:\/\/new.bjc.ro\/#organization\"},\"alternateName\":\"Biblioteca Jude\u021bean\u0103 Cluj\",\"potentialAction\":[{\"@type\":\"SearchAction\",\"target\":{\"@type\":\"EntryPoint\",\"urlTemplate\":\"https:\/\/new.bjc.ro\/?s={search_term_string}\"},\"query-input\":{\"@type\":\"PropertyValueSpecification\",\"valueRequired\":true,\"valueName\":\"search_term_string\"}}],\"inLanguage\":\"ro-RO\"},{\"@type\":\"Organization\",\"@id\":\"https:\/\/new.bjc.ro\/#organization\",\"name\":\"Biblioteca Jude\u021bean\u0103 \u201eOctavian Goga\u201d Cluj\",\"url\":\"https:\/\/new.bjc.ro\/\",\"logo\":{\"@type\":\"ImageObject\",\"inLanguage\":\"ro-RO\",\"@id\":\"https:\/\/new.bjc.ro\/#\/schema\/logo\/image\/\",\"url\":\"https:\/\/new.bjc.ro\/wp-content\/uploads\/2023\/03\/sigle.jpg\",\"contentUrl\":\"https:\/\/new.bjc.ro\/wp-content\/uploads\/2023\/03\/sigle.jpg\",\"width\":630,\"height\":473,\"caption\":\"Biblioteca Jude\u021bean\u0103 \u201eOctavian Goga\u201d Cluj\"},\"image\":{\"@id\":\"https:\/\/new.bjc.ro\/#\/schema\/logo\/image\/\"},\"sameAs\":[\"https:\/\/www.facebook.com\/bibliotecacluj\/\",\"https:\/\/x.com\/BibliotecaGoga\",\"https:\/\/www.instagram.com\/biblioteca_judeteana_cluj\/\",\"https:\/\/www.youtube.com\/user\/BibliotecaGoga\"]}]}<\/script>\n<!-- \/ Yoast SEO plugin. -->","yoast_head_json":{"title":"T\u00e2rgul regional de \u0219tiin\u021b\u0103 CODE Kids Cluj 2023 - Biblioteca Jude\u021bean\u0103 \u201eOctavian Goga\u201d Cluj","description":"Evenimentul se desf\u0103\u0219oar\u0103 \u00een cadrul proiectului \u201dCODE Kids \u2013 Programeaz\u0103 viitorul comunit\u0103\u021bii tale\u201d","robots":{"index":"index","follow":"follow","max-snippet":"max-snippet:-1","max-image-preview":"max-image-preview:large","max-video-preview":"max-video-preview:-1"},"canonical":"https:\/\/new.bjc.ro\/?tribe_events=targul-regional-de-stiinta-code-kids-cluj-2023","og_locale":"ro_RO","og_type":"article","og_title":"T\u00e2rgul regional de \u0219tiin\u021b\u0103 CODE Kids Cluj 2023 - Biblioteca Jude\u021bean\u0103 \u201eOctavian Goga\u201d Cluj","og_description":"Evenimentul se desf\u0103\u0219oar\u0103 \u00een cadrul proiectului \u201dCODE Kids \u2013 Programeaz\u0103 viitorul comunit\u0103\u021bii tale\u201d","og_url":"https:\/\/new.bjc.ro\/?tribe_events=targul-regional-de-stiinta-code-kids-cluj-2023","og_site_name":"Biblioteca Jude\u021bean\u0103 \u201eOctavian Goga\u201d Cluj","article_publisher":"https:\/\/www.facebook.com\/bibliotecacluj\/","og_image":[{"width":400,"height":566,"url":"https:\/\/new.bjc.ro\/wp-content\/uploads\/2023\/10\/Afis2.jpg","type":"image\/jpeg"}],"twitter_card":"summary_large_image","twitter_site":"@BibliotecaGoga","twitter_misc":{"Timp estimat pentru citire":"1 minut"},"schema":{"@context":"https:\/\/schema.org","@graph":[{"@type":"WebPage","@id":"https:\/\/new.bjc.ro\/?tribe_events=targul-regional-de-stiinta-code-kids-cluj-2023","url":"https:\/\/new.bjc.ro\/?tribe_events=targul-regional-de-stiinta-code-kids-cluj-2023","name":"T\u00e2rgul regional de \u0219tiin\u021b\u0103 CODE Kids Cluj 2023 - Biblioteca Jude\u021bean\u0103 \u201eOctavian Goga\u201d Cluj","isPartOf":{"@id":"https:\/\/new.bjc.ro\/#website"},"primaryImageOfPage":{"@id":"https:\/\/new.bjc.ro\/?tribe_events=targul-regional-de-stiinta-code-kids-cluj-2023#primaryimage"},"image":{"@id":"https:\/\/new.bjc.ro\/?tribe_events=targul-regional-de-stiinta-code-kids-cluj-2023#primaryimage"},"thumbnailUrl":"https:\/\/new.bjc.ro\/wp-content\/uploads\/2023\/10\/Afis2.jpg","datePublished":"2023-10-30T12:44:03+00:00","description":"Evenimentul se desf\u0103\u0219oar\u0103 \u00een cadrul proiectului \u201dCODE Kids \u2013 Programeaz\u0103 viitorul comunit\u0103\u021bii tale\u201d","breadcrumb":{"@id":"https:\/\/new.bjc.ro\/?tribe_events=targul-regional-de-stiinta-code-kids-cluj-2023#breadcrumb"},"inLanguage":"ro-RO","potentialAction":[{"@type":"ReadAction","target":["https:\/\/new.bjc.ro\/?tribe_events=targul-regional-de-stiinta-code-kids-cluj-2023"]}]},{"@type":"ImageObject","inLanguage":"ro-RO","@id":"https:\/\/new.bjc.ro\/?tribe_events=targul-regional-de-stiinta-code-kids-cluj-2023#primaryimage","url":"https:\/\/new.bjc.ro\/wp-content\/uploads\/2023\/10\/Afis2.jpg","contentUrl":"https:\/\/new.bjc.ro\/wp-content\/uploads\/2023\/10\/Afis2.jpg","width":400,"height":566},{"@type":"BreadcrumbList","@id":"https:\/\/new.bjc.ro\/?tribe_events=targul-regional-de-stiinta-code-kids-cluj-2023#breadcrumb","itemListElement":[{"@type":"ListItem","position":1,"name":"Home","item":"https:\/\/new.bjc.ro\/"},{"@type":"ListItem","position":2,"name":"Evenimente","item":"https:\/\/new.bjc.ro\/?post_type=tribe_events"},{"@type":"ListItem","position":3,"name":"T\u00e2rgul regional de \u0219tiin\u021b\u0103 CODE Kids Cluj 2023"}]},{"@type":"WebSite","@id":"https:\/\/new.bjc.ro\/#website","url":"https:\/\/new.bjc.ro\/","name":"Biblioteca Jude\u021bean\u0103 \u201eOctavian Goga\u201d Cluj","description":"","publisher":{"@id":"https:\/\/new.bjc.ro\/#organization"},"alternateName":"Biblioteca Jude\u021bean\u0103 Cluj","potentialAction":[{"@type":"SearchAction","target":{"@type":"EntryPoint","urlTemplate":"https:\/\/new.bjc.ro\/?s={search_term_string}"},"query-input":{"@type":"PropertyValueSpecification","valueRequired":true,"valueName":"search_term_string"}}],"inLanguage":"ro-RO"},{"@type":"Organization","@id":"https:\/\/new.bjc.ro\/#organization","name":"Biblioteca Jude\u021bean\u0103 \u201eOctavian Goga\u201d Cluj","url":"https:\/\/new.bjc.ro\/","logo":{"@type":"ImageObject","inLanguage":"ro-RO","@id":"https:\/\/new.bjc.ro\/#\/schema\/logo\/image\/","url":"https:\/\/new.bjc.ro\/wp-content\/uploads\/2023\/03\/sigle.jpg","contentUrl":"https:\/\/new.bjc.ro\/wp-content\/uploads\/2023\/03\/sigle.jpg","width":630,"height":473,"caption":"Biblioteca Jude\u021bean\u0103 \u201eOctavian Goga\u201d Cluj"},"image":{"@id":"https:\/\/new.bjc.ro\/#\/schema\/logo\/image\/"},"sameAs":["https:\/\/www.facebook.com\/bibliotecacluj\/","https:\/\/x.com\/BibliotecaGoga","https:\/\/www.instagram.com\/biblioteca_judeteana_cluj\/","https:\/\/www.youtube.com\/user\/BibliotecaGoga"]}]}},"_links":{"self":[{"href":"https:\/\/new.bjc.ro\/index.php?rest_route=\/wp\/v2\/tribe_events\/8228","targetHints":{"allow":["GET"]}}],"collection":[{"href":"https:\/\/new.bjc.ro\/index.php?rest_route=\/wp\/v2\/tribe_events"}],"about":[{"href":"https:\/\/new.bjc.ro\/index.php?rest_route=\/wp\/v2\/types\/tribe_events"}],"author":[{"embeddable":true,"href":"https:\/\/new.bjc.ro\/index.php?rest_route=\/wp\/v2\/users\/1"}],"version-history":[{"count":1,"href":"https:\/\/new.bjc.ro\/index.php?rest_route=\/wp\/v2\/tribe_events\/8228\/revisions"}],"predecessor-version":[{"id":8230,"href":"https:\/\/new.bjc.ro\/index.php?rest_route=\/wp\/v2\/tribe_events\/8228\/revisions\/8230"}],"wp:featuredmedia":[{"embeddable":true,"href":"https:\/\/new.bjc.ro\/index.php?rest_route=\/wp\/v2\/media\/8229"}],"wp:attachment":[{"href":"https:\/\/new.bjc.ro\/index.php?rest_route=%2Fwp%2Fv2%2Fmedia&parent=8228"}],"wp:term":[{"taxonomy":"post_tag","embeddable":true,"href":"https:\/\/new.bjc.ro\/index.php?rest_route=%2Fwp%2Fv2%2Ftags&post=8228"},{"taxonomy":"tribe_events_cat","embeddable":true,"href":"https:\/\/new.bjc.ro\/index.php?rest_route=%2Fwp%2Fv2%2Ftribe_events_cat&post=8228"}],"curies":[{"name":"wp","href":"https:\/\/api.w.org\/{rel}","templated":true}]}}