{"id":8497,"date":"2024-01-15T08:08:50","date_gmt":"2024-01-15T06:08:50","guid":{"rendered":"https:\/\/new.bjc.ro\/?post_type=tribe_events&#038;p=8497"},"modified":"2024-01-15T08:08:50","modified_gmt":"2024-01-15T06:08:50","slug":"povestiri-fotografice-3","status":"publish","type":"tribe_events","link":"https:\/\/new.bjc.ro\/?tribe_events=povestiri-fotografice-3","title":{"rendered":"Povestiri fotografice"},"content":{"rendered":"<p>Biblioteca Jude\u021bean\u0103 \u201eOctavian Goga\u201d Cluj, \u00een colaborare cu Asocia\u021bia Cultural\u0103 Ciorchin, ini\u021biaz\u0103 proiectul \u201ePovestiri fotografice\u201d, ce \u00ee\u0219i propune s\u0103 aduc\u0103 \u00een prim-plan universul fascinant al fotografiei, oferind pasiona\u021bilor un spa\u021biu dedicat pentru a explora \u0219i a \u00eemp\u0103rt\u0103\u0219i experien\u021bele lor artistice.<\/p>\n<p>A treia \u00eent\u00e2lnire va avea loc \u00een data de 17 ianuarie 2024, de la ora 18:00, la Sec\u021bia de art\u0103 a bibliotecii \u0219i va avea ca tem\u0103 <strong>fotografia documentar\u0103.<\/strong> \u00cel vom avea al\u0103turi de noi pe artistul fotograf \u0218tefan Socaciu, membru fondator al Asocia\u021biei, care ne va \u00eemp\u0103rt\u0103\u0219i din experien\u021ba sa.<\/p>\n<p>Activit\u0103\u021bile sunt destinate utilizatorilor adul\u021bi ai bibliotecii \u0219i sunt gratuite pe baza Permisului de intrare la bibliotec\u0103.<\/p>\n<p>Informa\u021bii suplimentare se pot ob\u021bine la telefon 0264 430434, e-mail: adulti[at]bjc.ro<\/p>\n<p>V\u0103 a\u0219tept\u0103m!<\/p>\n","protected":false},"excerpt":{"rendered":"<p>Biblioteca Jude\u021bean\u0103 \u201eOctavian Goga\u201d Cluj, \u00een colaborare cu Asocia\u021bia Cultural\u0103 Ciorchin, ini\u021biaz\u0103 proiectul \u201ePovestiri fotografice\u201d, ce \u00ee\u0219i propune s\u0103 aduc\u0103 \u00een prim-plan universul fascinant al fotografiei, oferind pasiona\u021bilor un spa\u021biu dedicat pentru a explora \u0219i a \u00eemp\u0103rt\u0103\u0219i experien\u021bele lor artistice. A treia \u00eent\u00e2lnire va avea loc \u00een data de 17&hellip; <br \/> <a class=\"read-more\" href=\"https:\/\/new.bjc.ro\/?tribe_events=povestiri-fotografice-3\">Cite\u0219te mai mult<\/a><\/p>\n","protected":false},"author":1,"featured_media":8498,"template":"","meta":{"_monsterinsights_skip_tracking":false,"_monsterinsights_sitenote_active":false,"_monsterinsights_sitenote_note":"","_monsterinsights_sitenote_category":0,"_EventAllDay":false,"_EventTimezone":"Europe\/Bucharest","_EventStartDate":"2024-01-17 17:00:00","_EventEndDate":"2024-01-17 20:00:00","_EventStartDateUTC":"2024-01-17 15:00:00","_EventEndDateUTC":"2024-01-17 18:00:00","_EventShowMap":true,"_EventShowMapLink":false,"_EventURL":"","_EventCost":"","_EventCostDescription":"","_EventCurrencySymbol":"","_EventCurrencyCode":"","_EventCurrencyPosition":"prefix","_EventDateTimeSeparator":"","_EventTimeRangeSeparator":"","_EventOrganizerID":[2810],"_EventVenueID":[6233],"_OrganizerEmail":"","_OrganizerPhone":"","_OrganizerWebsite":"","_VenueAddress":"","_VenueCity":"","_VenueCountry":"","_VenueProvince":"","_VenueState":"","_VenueZip":"","_VenuePhone":"","_VenueURL":"","_VenueStateProvince":"","_VenueLat":"","_VenueLng":"","_VenueShowMap":false,"_VenueShowMapLink":false,"_tribe_events_status":"","_tribe_events_status_reason":"","footnotes":""},"tags":[179],"tribe_events_cat":[51],"class_list":["post-8497","tribe_events","type-tribe_events","status-publish","has-post-thumbnail","hentry","tag-fotografia-documentara","tribe_events_cat-ateliere","cat_ateliere"],"yoast_head":"<!-- This site is optimized with the Yoast SEO plugin v24.6 - https:\/\/yoast.com\/wordpress\/plugins\/seo\/ -->\n<title>Povestiri fotografice - Biblioteca Jude\u021bean\u0103 \u201eOctavian Goga\u201d Cluj<\/title>\n<meta name=\"description\" content=\"fotografia documentar\u0103\" \/>\n<meta name=\"robots\" content=\"index, follow, max-snippet:-1, max-image-preview:large, max-video-preview:-1\" \/>\n<link rel=\"canonical\" href=\"https:\/\/new.bjc.ro\/?tribe_events=povestiri-fotografice-3\" \/>\n<meta property=\"og:locale\" content=\"ro_RO\" \/>\n<meta property=\"og:type\" content=\"article\" \/>\n<meta property=\"og:title\" content=\"Povestiri fotografice - Biblioteca Jude\u021bean\u0103 \u201eOctavian Goga\u201d Cluj\" \/>\n<meta property=\"og:description\" content=\"fotografia documentar\u0103\" \/>\n<meta property=\"og:url\" content=\"https:\/\/new.bjc.ro\/?tribe_events=povestiri-fotografice-3\" \/>\n<meta property=\"og:site_name\" content=\"Biblioteca Jude\u021bean\u0103 \u201eOctavian Goga\u201d Cluj\" \/>\n<meta property=\"article:publisher\" content=\"https:\/\/www.facebook.com\/bibliotecacluj\/\" \/>\n<meta property=\"og:image\" content=\"https:\/\/new.bjc.ro\/wp-content\/uploads\/2024\/01\/afis-Povestiri-fotografice_Foto-doc_17_01_2024_web.jpg\" \/>\n\t<meta property=\"og:image:width\" content=\"566\" \/>\n\t<meta property=\"og:image:height\" content=\"400\" \/>\n\t<meta property=\"og:image:type\" content=\"image\/jpeg\" \/>\n<meta name=\"twitter:card\" content=\"summary_large_image\" \/>\n<meta name=\"twitter:site\" content=\"@BibliotecaGoga\" \/>\n<meta name=\"twitter:label1\" content=\"Timp estimat pentru citire\" \/>\n\t<meta name=\"twitter:data1\" content=\"1 minut\" \/>\n<script type=\"application\/ld+json\" class=\"yoast-schema-graph\">{\"@context\":\"https:\/\/schema.org\",\"@graph\":[{\"@type\":\"WebPage\",\"@id\":\"https:\/\/new.bjc.ro\/?tribe_events=povestiri-fotografice-3\",\"url\":\"https:\/\/new.bjc.ro\/?tribe_events=povestiri-fotografice-3\",\"name\":\"Povestiri fotografice - Biblioteca Jude\u021bean\u0103 \u201eOctavian Goga\u201d Cluj\",\"isPartOf\":{\"@id\":\"https:\/\/new.bjc.ro\/#website\"},\"primaryImageOfPage\":{\"@id\":\"https:\/\/new.bjc.ro\/?tribe_events=povestiri-fotografice-3#primaryimage\"},\"image\":{\"@id\":\"https:\/\/new.bjc.ro\/?tribe_events=povestiri-fotografice-3#primaryimage\"},\"thumbnailUrl\":\"https:\/\/new.bjc.ro\/wp-content\/uploads\/2024\/01\/afis-Povestiri-fotografice_Foto-doc_17_01_2024_web.jpg\",\"datePublished\":\"2024-01-15T06:08:50+00:00\",\"description\":\"fotografia documentar\u0103\",\"breadcrumb\":{\"@id\":\"https:\/\/new.bjc.ro\/?tribe_events=povestiri-fotografice-3#breadcrumb\"},\"inLanguage\":\"ro-RO\",\"potentialAction\":[{\"@type\":\"ReadAction\",\"target\":[\"https:\/\/new.bjc.ro\/?tribe_events=povestiri-fotografice-3\"]}]},{\"@type\":\"ImageObject\",\"inLanguage\":\"ro-RO\",\"@id\":\"https:\/\/new.bjc.ro\/?tribe_events=povestiri-fotografice-3#primaryimage\",\"url\":\"https:\/\/new.bjc.ro\/wp-content\/uploads\/2024\/01\/afis-Povestiri-fotografice_Foto-doc_17_01_2024_web.jpg\",\"contentUrl\":\"https:\/\/new.bjc.ro\/wp-content\/uploads\/2024\/01\/afis-Povestiri-fotografice_Foto-doc_17_01_2024_web.jpg\",\"width\":566,\"height\":400},{\"@type\":\"BreadcrumbList\",\"@id\":\"https:\/\/new.bjc.ro\/?tribe_events=povestiri-fotografice-3#breadcrumb\",\"itemListElement\":[{\"@type\":\"ListItem\",\"position\":1,\"name\":\"Home\",\"item\":\"https:\/\/new.bjc.ro\/\"},{\"@type\":\"ListItem\",\"position\":2,\"name\":\"Evenimente\",\"item\":\"https:\/\/new.bjc.ro\/?post_type=tribe_events\"},{\"@type\":\"ListItem\",\"position\":3,\"name\":\"Povestiri fotografice\"}]},{\"@type\":\"WebSite\",\"@id\":\"https:\/\/new.bjc.ro\/#website\",\"url\":\"https:\/\/new.bjc.ro\/\",\"name\":\"Biblioteca Jude\u021bean\u0103 \u201eOctavian Goga\u201d Cluj\",\"description\":\"\",\"publisher\":{\"@id\":\"https:\/\/new.bjc.ro\/#organization\"},\"alternateName\":\"Biblioteca Jude\u021bean\u0103 Cluj\",\"potentialAction\":[{\"@type\":\"SearchAction\",\"target\":{\"@type\":\"EntryPoint\",\"urlTemplate\":\"https:\/\/new.bjc.ro\/?s={search_term_string}\"},\"query-input\":{\"@type\":\"PropertyValueSpecification\",\"valueRequired\":true,\"valueName\":\"search_term_string\"}}],\"inLanguage\":\"ro-RO\"},{\"@type\":\"Organization\",\"@id\":\"https:\/\/new.bjc.ro\/#organization\",\"name\":\"Biblioteca Jude\u021bean\u0103 \u201eOctavian Goga\u201d Cluj\",\"url\":\"https:\/\/new.bjc.ro\/\",\"logo\":{\"@type\":\"ImageObject\",\"inLanguage\":\"ro-RO\",\"@id\":\"https:\/\/new.bjc.ro\/#\/schema\/logo\/image\/\",\"url\":\"https:\/\/new.bjc.ro\/wp-content\/uploads\/2023\/03\/sigle.jpg\",\"contentUrl\":\"https:\/\/new.bjc.ro\/wp-content\/uploads\/2023\/03\/sigle.jpg\",\"width\":630,\"height\":473,\"caption\":\"Biblioteca Jude\u021bean\u0103 \u201eOctavian Goga\u201d Cluj\"},\"image\":{\"@id\":\"https:\/\/new.bjc.ro\/#\/schema\/logo\/image\/\"},\"sameAs\":[\"https:\/\/www.facebook.com\/bibliotecacluj\/\",\"https:\/\/x.com\/BibliotecaGoga\",\"https:\/\/www.instagram.com\/biblioteca_judeteana_cluj\/\",\"https:\/\/www.youtube.com\/user\/BibliotecaGoga\"]}]}<\/script>\n<!-- \/ Yoast SEO plugin. -->","yoast_head_json":{"title":"Povestiri fotografice - Biblioteca Jude\u021bean\u0103 \u201eOctavian Goga\u201d Cluj","description":"fotografia documentar\u0103","robots":{"index":"index","follow":"follow","max-snippet":"max-snippet:-1","max-image-preview":"max-image-preview:large","max-video-preview":"max-video-preview:-1"},"canonical":"https:\/\/new.bjc.ro\/?tribe_events=povestiri-fotografice-3","og_locale":"ro_RO","og_type":"article","og_title":"Povestiri fotografice - Biblioteca Jude\u021bean\u0103 \u201eOctavian Goga\u201d Cluj","og_description":"fotografia documentar\u0103","og_url":"https:\/\/new.bjc.ro\/?tribe_events=povestiri-fotografice-3","og_site_name":"Biblioteca Jude\u021bean\u0103 \u201eOctavian Goga\u201d Cluj","article_publisher":"https:\/\/www.facebook.com\/bibliotecacluj\/","og_image":[{"width":566,"height":400,"url":"https:\/\/new.bjc.ro\/wp-content\/uploads\/2024\/01\/afis-Povestiri-fotografice_Foto-doc_17_01_2024_web.jpg","type":"image\/jpeg"}],"twitter_card":"summary_large_image","twitter_site":"@BibliotecaGoga","twitter_misc":{"Timp estimat pentru citire":"1 minut"},"schema":{"@context":"https:\/\/schema.org","@graph":[{"@type":"WebPage","@id":"https:\/\/new.bjc.ro\/?tribe_events=povestiri-fotografice-3","url":"https:\/\/new.bjc.ro\/?tribe_events=povestiri-fotografice-3","name":"Povestiri fotografice - Biblioteca Jude\u021bean\u0103 \u201eOctavian Goga\u201d Cluj","isPartOf":{"@id":"https:\/\/new.bjc.ro\/#website"},"primaryImageOfPage":{"@id":"https:\/\/new.bjc.ro\/?tribe_events=povestiri-fotografice-3#primaryimage"},"image":{"@id":"https:\/\/new.bjc.ro\/?tribe_events=povestiri-fotografice-3#primaryimage"},"thumbnailUrl":"https:\/\/new.bjc.ro\/wp-content\/uploads\/2024\/01\/afis-Povestiri-fotografice_Foto-doc_17_01_2024_web.jpg","datePublished":"2024-01-15T06:08:50+00:00","description":"fotografia documentar\u0103","breadcrumb":{"@id":"https:\/\/new.bjc.ro\/?tribe_events=povestiri-fotografice-3#breadcrumb"},"inLanguage":"ro-RO","potentialAction":[{"@type":"ReadAction","target":["https:\/\/new.bjc.ro\/?tribe_events=povestiri-fotografice-3"]}]},{"@type":"ImageObject","inLanguage":"ro-RO","@id":"https:\/\/new.bjc.ro\/?tribe_events=povestiri-fotografice-3#primaryimage","url":"https:\/\/new.bjc.ro\/wp-content\/uploads\/2024\/01\/afis-Povestiri-fotografice_Foto-doc_17_01_2024_web.jpg","contentUrl":"https:\/\/new.bjc.ro\/wp-content\/uploads\/2024\/01\/afis-Povestiri-fotografice_Foto-doc_17_01_2024_web.jpg","width":566,"height":400},{"@type":"BreadcrumbList","@id":"https:\/\/new.bjc.ro\/?tribe_events=povestiri-fotografice-3#breadcrumb","itemListElement":[{"@type":"ListItem","position":1,"name":"Home","item":"https:\/\/new.bjc.ro\/"},{"@type":"ListItem","position":2,"name":"Evenimente","item":"https:\/\/new.bjc.ro\/?post_type=tribe_events"},{"@type":"ListItem","position":3,"name":"Povestiri fotografice"}]},{"@type":"WebSite","@id":"https:\/\/new.bjc.ro\/#website","url":"https:\/\/new.bjc.ro\/","name":"Biblioteca Jude\u021bean\u0103 \u201eOctavian Goga\u201d Cluj","description":"","publisher":{"@id":"https:\/\/new.bjc.ro\/#organization"},"alternateName":"Biblioteca Jude\u021bean\u0103 Cluj","potentialAction":[{"@type":"SearchAction","target":{"@type":"EntryPoint","urlTemplate":"https:\/\/new.bjc.ro\/?s={search_term_string}"},"query-input":{"@type":"PropertyValueSpecification","valueRequired":true,"valueName":"search_term_string"}}],"inLanguage":"ro-RO"},{"@type":"Organization","@id":"https:\/\/new.bjc.ro\/#organization","name":"Biblioteca Jude\u021bean\u0103 \u201eOctavian Goga\u201d Cluj","url":"https:\/\/new.bjc.ro\/","logo":{"@type":"ImageObject","inLanguage":"ro-RO","@id":"https:\/\/new.bjc.ro\/#\/schema\/logo\/image\/","url":"https:\/\/new.bjc.ro\/wp-content\/uploads\/2023\/03\/sigle.jpg","contentUrl":"https:\/\/new.bjc.ro\/wp-content\/uploads\/2023\/03\/sigle.jpg","width":630,"height":473,"caption":"Biblioteca Jude\u021bean\u0103 \u201eOctavian Goga\u201d Cluj"},"image":{"@id":"https:\/\/new.bjc.ro\/#\/schema\/logo\/image\/"},"sameAs":["https:\/\/www.facebook.com\/bibliotecacluj\/","https:\/\/x.com\/BibliotecaGoga","https:\/\/www.instagram.com\/biblioteca_judeteana_cluj\/","https:\/\/www.youtube.com\/user\/BibliotecaGoga"]}]}},"_links":{"self":[{"href":"https:\/\/new.bjc.ro\/index.php?rest_route=\/wp\/v2\/tribe_events\/8497","targetHints":{"allow":["GET"]}}],"collection":[{"href":"https:\/\/new.bjc.ro\/index.php?rest_route=\/wp\/v2\/tribe_events"}],"about":[{"href":"https:\/\/new.bjc.ro\/index.php?rest_route=\/wp\/v2\/types\/tribe_events"}],"author":[{"embeddable":true,"href":"https:\/\/new.bjc.ro\/index.php?rest_route=\/wp\/v2\/users\/1"}],"version-history":[{"count":1,"href":"https:\/\/new.bjc.ro\/index.php?rest_route=\/wp\/v2\/tribe_events\/8497\/revisions"}],"predecessor-version":[{"id":8499,"href":"https:\/\/new.bjc.ro\/index.php?rest_route=\/wp\/v2\/tribe_events\/8497\/revisions\/8499"}],"wp:featuredmedia":[{"embeddable":true,"href":"https:\/\/new.bjc.ro\/index.php?rest_route=\/wp\/v2\/media\/8498"}],"wp:attachment":[{"href":"https:\/\/new.bjc.ro\/index.php?rest_route=%2Fwp%2Fv2%2Fmedia&parent=8497"}],"wp:term":[{"taxonomy":"post_tag","embeddable":true,"href":"https:\/\/new.bjc.ro\/index.php?rest_route=%2Fwp%2Fv2%2Ftags&post=8497"},{"taxonomy":"tribe_events_cat","embeddable":true,"href":"https:\/\/new.bjc.ro\/index.php?rest_route=%2Fwp%2Fv2%2Ftribe_events_cat&post=8497"}],"curies":[{"name":"wp","href":"https:\/\/api.w.org\/{rel}","templated":true}]}}