{"id":8535,"date":"2024-02-01T14:26:03","date_gmt":"2024-02-01T12:26:03","guid":{"rendered":"https:\/\/new.bjc.ro\/?post_type=tribe_events&#038;p=8535"},"modified":"2024-02-01T14:26:03","modified_gmt":"2024-02-01T12:26:03","slug":"grup-de-crosetat","status":"publish","type":"tribe_events","link":"https:\/\/new.bjc.ro\/?tribe_events=grup-de-crosetat","title":{"rendered":"Grup de cro\u0219etat"},"content":{"rendered":"<p>Din 8 februarie 2024, demar\u0103m \u00eent\u00e2lnirile lunare din cadrul unui Grup de cro\u0219etat (juc\u0103rii amigurumi). Acestea sunt deschise tuturor celor pasiona\u021bi de acest me\u0219te\u0219ug sau celor care doresc s\u0103 \u00eenve\u021be s\u0103 cro\u0219eteze, de la adolescen\u021bi la seniori.<\/p>\n<p>Vom \u00eencepe cu tehnicile de baz\u0103 pe care le vom exersa, apoi, prin realizarea unor mici obiecte cro\u0219etate. Dac\u0103 ave\u021bi o cro\u0219et\u0103 \u0219i c\u00e2teva gheme mici de a\u021b\u0103, le pute\u021bi aduce, dar v\u0103 vom pune \u0219i noi la dispozi\u021bie c\u00e2teva materiale care s\u0103 ne ajute s\u0103 \u00eencepem. Participarea la aceste \u00eent\u00e2lniri nu implic\u0103 taxe, doar existen\u021ba unui permis de intrare la bibliotec\u0103. Ne vom \u00eent\u00e2lni la ora 17:00 la Sec\u021bia de art\u0103, etajul 5 est al sediului central.<\/p>\n<p>\u00censcrieri la:<\/p>\n<p><a href=\"https:\/\/docs.google.com\/forms\/d\/e\/1FAIpQLSe6Wj_oh9dB2B2D3_HxMqTInQiaPXWYLmtcb_SXtjs6O0VYWw\/viewform\">https:\/\/docs.google.com\/forms\/d\/e\/1FAIpQLSe6Wj_oh9dB2B2D3_HxMqTInQiaPXWYLmtcb_SXtjs6O0VYWw\/viewform<\/a><\/p>\n<p>Mai multe informa\u021bii: Sec\u021bia \u00eemprumut pentru adul\u021bi, telefon: 0264 430434, e-mail: adulti[at]bjc.ro<\/p>\n<p>V\u0103 a\u0219tept\u0103m s\u0103 ne bucur\u0103m \u00eempreun\u0103 de beneficiile cro\u0219etatului!<\/p>\n","protected":false},"excerpt":{"rendered":"<p>Din 8 februarie 2024, demar\u0103m \u00eent\u00e2lnirile lunare din cadrul unui Grup de cro\u0219etat (juc\u0103rii amigurumi). Acestea sunt deschise tuturor celor pasiona\u021bi de acest me\u0219te\u0219ug sau celor care doresc s\u0103 \u00eenve\u021be s\u0103 cro\u0219eteze, de la adolescen\u021bi la seniori. Vom \u00eencepe cu tehnicile de baz\u0103 pe care le vom exersa, apoi, prin&hellip; <br \/> <a class=\"read-more\" href=\"https:\/\/new.bjc.ro\/?tribe_events=grup-de-crosetat\">Cite\u0219te mai mult<\/a><\/p>\n","protected":false},"author":1,"featured_media":8536,"template":"","meta":{"_monsterinsights_skip_tracking":false,"_monsterinsights_sitenote_active":false,"_monsterinsights_sitenote_note":"","_monsterinsights_sitenote_category":0,"_EventAllDay":false,"_EventTimezone":"Europe\/Bucharest","_EventStartDate":"2024-02-08 17:00:00","_EventEndDate":"2024-02-08 19:00:00","_EventStartDateUTC":"2024-02-08 15:00:00","_EventEndDateUTC":"2024-02-08 17:00:00","_EventShowMap":true,"_EventShowMapLink":true,"_EventURL":"","_EventCost":"","_EventCostDescription":"","_EventCurrencySymbol":"","_EventCurrencyCode":"","_EventCurrencyPosition":"prefix","_EventDateTimeSeparator":"","_EventTimeRangeSeparator":"","_EventOrganizerID":[2810],"_EventVenueID":[6233],"_OrganizerEmail":"","_OrganizerPhone":"","_OrganizerWebsite":"","_VenueAddress":"","_VenueCity":"","_VenueCountry":"","_VenueProvince":"","_VenueState":"","_VenueZip":"","_VenuePhone":"","_VenueURL":"","_VenueStateProvince":"","_VenueLat":"","_VenueLng":"","_VenueShowMap":false,"_VenueShowMapLink":false,"_tribe_events_status":"","_tribe_events_status_reason":"","footnotes":""},"tags":[182],"tribe_events_cat":[51],"class_list":["post-8535","tribe_events","type-tribe_events","status-publish","has-post-thumbnail","hentry","tag-grup-de-crosetat","tribe_events_cat-ateliere","cat_ateliere"],"yoast_head":"<!-- This site is optimized with the Yoast SEO plugin v24.6 - https:\/\/yoast.com\/wordpress\/plugins\/seo\/ -->\n<title>Grup de cro\u0219etat - Biblioteca Jude\u021bean\u0103 \u201eOctavian Goga\u201d Cluj<\/title>\n<meta name=\"description\" content=\"Se adreseaza celor care doresc s\u0103 \u00eenve\u021be s\u0103 cro\u0219eteze, de la adolescen\u021bi la seniori\" \/>\n<meta name=\"robots\" content=\"index, follow, max-snippet:-1, max-image-preview:large, max-video-preview:-1\" \/>\n<link rel=\"canonical\" href=\"https:\/\/new.bjc.ro\/?tribe_events=grup-de-crosetat\" \/>\n<meta property=\"og:locale\" content=\"ro_RO\" \/>\n<meta property=\"og:type\" content=\"article\" \/>\n<meta property=\"og:title\" content=\"Grup de cro\u0219etat - Biblioteca Jude\u021bean\u0103 \u201eOctavian Goga\u201d Cluj\" \/>\n<meta property=\"og:description\" content=\"Se adreseaza celor care doresc s\u0103 \u00eenve\u021be s\u0103 cro\u0219eteze, de la adolescen\u021bi la seniori\" \/>\n<meta property=\"og:url\" content=\"https:\/\/new.bjc.ro\/?tribe_events=grup-de-crosetat\" \/>\n<meta property=\"og:site_name\" content=\"Biblioteca Jude\u021bean\u0103 \u201eOctavian Goga\u201d Cluj\" \/>\n<meta property=\"article:publisher\" content=\"https:\/\/www.facebook.com\/bibliotecacluj\/\" \/>\n<meta property=\"og:image\" content=\"https:\/\/new.bjc.ro\/wp-content\/uploads\/2024\/02\/afis-Grup-de-crosetat_web.jpg\" \/>\n\t<meta property=\"og:image:width\" content=\"400\" \/>\n\t<meta property=\"og:image:height\" content=\"566\" \/>\n\t<meta property=\"og:image:type\" content=\"image\/jpeg\" \/>\n<meta name=\"twitter:card\" content=\"summary_large_image\" \/>\n<meta name=\"twitter:site\" content=\"@BibliotecaGoga\" \/>\n<meta name=\"twitter:label1\" content=\"Timp estimat pentru citire\" \/>\n\t<meta name=\"twitter:data1\" content=\"1 minut\" \/>\n<script type=\"application\/ld+json\" class=\"yoast-schema-graph\">{\"@context\":\"https:\/\/schema.org\",\"@graph\":[{\"@type\":\"WebPage\",\"@id\":\"https:\/\/new.bjc.ro\/?tribe_events=grup-de-crosetat\",\"url\":\"https:\/\/new.bjc.ro\/?tribe_events=grup-de-crosetat\",\"name\":\"Grup de cro\u0219etat - Biblioteca Jude\u021bean\u0103 \u201eOctavian Goga\u201d Cluj\",\"isPartOf\":{\"@id\":\"https:\/\/new.bjc.ro\/#website\"},\"primaryImageOfPage\":{\"@id\":\"https:\/\/new.bjc.ro\/?tribe_events=grup-de-crosetat#primaryimage\"},\"image\":{\"@id\":\"https:\/\/new.bjc.ro\/?tribe_events=grup-de-crosetat#primaryimage\"},\"thumbnailUrl\":\"https:\/\/new.bjc.ro\/wp-content\/uploads\/2024\/02\/afis-Grup-de-crosetat_web.jpg\",\"datePublished\":\"2024-02-01T12:26:03+00:00\",\"description\":\"Se adreseaza celor care doresc s\u0103 \u00eenve\u021be s\u0103 cro\u0219eteze, de la adolescen\u021bi la seniori\",\"breadcrumb\":{\"@id\":\"https:\/\/new.bjc.ro\/?tribe_events=grup-de-crosetat#breadcrumb\"},\"inLanguage\":\"ro-RO\",\"potentialAction\":[{\"@type\":\"ReadAction\",\"target\":[\"https:\/\/new.bjc.ro\/?tribe_events=grup-de-crosetat\"]}]},{\"@type\":\"ImageObject\",\"inLanguage\":\"ro-RO\",\"@id\":\"https:\/\/new.bjc.ro\/?tribe_events=grup-de-crosetat#primaryimage\",\"url\":\"https:\/\/new.bjc.ro\/wp-content\/uploads\/2024\/02\/afis-Grup-de-crosetat_web.jpg\",\"contentUrl\":\"https:\/\/new.bjc.ro\/wp-content\/uploads\/2024\/02\/afis-Grup-de-crosetat_web.jpg\",\"width\":400,\"height\":566},{\"@type\":\"BreadcrumbList\",\"@id\":\"https:\/\/new.bjc.ro\/?tribe_events=grup-de-crosetat#breadcrumb\",\"itemListElement\":[{\"@type\":\"ListItem\",\"position\":1,\"name\":\"Home\",\"item\":\"https:\/\/new.bjc.ro\/\"},{\"@type\":\"ListItem\",\"position\":2,\"name\":\"Evenimente\",\"item\":\"https:\/\/new.bjc.ro\/?post_type=tribe_events\"},{\"@type\":\"ListItem\",\"position\":3,\"name\":\"Grup de cro\u0219etat\"}]},{\"@type\":\"WebSite\",\"@id\":\"https:\/\/new.bjc.ro\/#website\",\"url\":\"https:\/\/new.bjc.ro\/\",\"name\":\"Biblioteca Jude\u021bean\u0103 \u201eOctavian Goga\u201d Cluj\",\"description\":\"\",\"publisher\":{\"@id\":\"https:\/\/new.bjc.ro\/#organization\"},\"alternateName\":\"Biblioteca Jude\u021bean\u0103 Cluj\",\"potentialAction\":[{\"@type\":\"SearchAction\",\"target\":{\"@type\":\"EntryPoint\",\"urlTemplate\":\"https:\/\/new.bjc.ro\/?s={search_term_string}\"},\"query-input\":{\"@type\":\"PropertyValueSpecification\",\"valueRequired\":true,\"valueName\":\"search_term_string\"}}],\"inLanguage\":\"ro-RO\"},{\"@type\":\"Organization\",\"@id\":\"https:\/\/new.bjc.ro\/#organization\",\"name\":\"Biblioteca Jude\u021bean\u0103 \u201eOctavian Goga\u201d Cluj\",\"url\":\"https:\/\/new.bjc.ro\/\",\"logo\":{\"@type\":\"ImageObject\",\"inLanguage\":\"ro-RO\",\"@id\":\"https:\/\/new.bjc.ro\/#\/schema\/logo\/image\/\",\"url\":\"https:\/\/new.bjc.ro\/wp-content\/uploads\/2023\/03\/sigle.jpg\",\"contentUrl\":\"https:\/\/new.bjc.ro\/wp-content\/uploads\/2023\/03\/sigle.jpg\",\"width\":630,\"height\":473,\"caption\":\"Biblioteca Jude\u021bean\u0103 \u201eOctavian Goga\u201d Cluj\"},\"image\":{\"@id\":\"https:\/\/new.bjc.ro\/#\/schema\/logo\/image\/\"},\"sameAs\":[\"https:\/\/www.facebook.com\/bibliotecacluj\/\",\"https:\/\/x.com\/BibliotecaGoga\",\"https:\/\/www.instagram.com\/biblioteca_judeteana_cluj\/\",\"https:\/\/www.youtube.com\/user\/BibliotecaGoga\"]}]}<\/script>\n<!-- \/ Yoast SEO plugin. -->","yoast_head_json":{"title":"Grup de cro\u0219etat - Biblioteca Jude\u021bean\u0103 \u201eOctavian Goga\u201d Cluj","description":"Se adreseaza celor care doresc s\u0103 \u00eenve\u021be s\u0103 cro\u0219eteze, de la adolescen\u021bi la seniori","robots":{"index":"index","follow":"follow","max-snippet":"max-snippet:-1","max-image-preview":"max-image-preview:large","max-video-preview":"max-video-preview:-1"},"canonical":"https:\/\/new.bjc.ro\/?tribe_events=grup-de-crosetat","og_locale":"ro_RO","og_type":"article","og_title":"Grup de cro\u0219etat - Biblioteca Jude\u021bean\u0103 \u201eOctavian Goga\u201d Cluj","og_description":"Se adreseaza celor care doresc s\u0103 \u00eenve\u021be s\u0103 cro\u0219eteze, de la adolescen\u021bi la seniori","og_url":"https:\/\/new.bjc.ro\/?tribe_events=grup-de-crosetat","og_site_name":"Biblioteca Jude\u021bean\u0103 \u201eOctavian Goga\u201d Cluj","article_publisher":"https:\/\/www.facebook.com\/bibliotecacluj\/","og_image":[{"width":400,"height":566,"url":"https:\/\/new.bjc.ro\/wp-content\/uploads\/2024\/02\/afis-Grup-de-crosetat_web.jpg","type":"image\/jpeg"}],"twitter_card":"summary_large_image","twitter_site":"@BibliotecaGoga","twitter_misc":{"Timp estimat pentru citire":"1 minut"},"schema":{"@context":"https:\/\/schema.org","@graph":[{"@type":"WebPage","@id":"https:\/\/new.bjc.ro\/?tribe_events=grup-de-crosetat","url":"https:\/\/new.bjc.ro\/?tribe_events=grup-de-crosetat","name":"Grup de cro\u0219etat - Biblioteca Jude\u021bean\u0103 \u201eOctavian Goga\u201d Cluj","isPartOf":{"@id":"https:\/\/new.bjc.ro\/#website"},"primaryImageOfPage":{"@id":"https:\/\/new.bjc.ro\/?tribe_events=grup-de-crosetat#primaryimage"},"image":{"@id":"https:\/\/new.bjc.ro\/?tribe_events=grup-de-crosetat#primaryimage"},"thumbnailUrl":"https:\/\/new.bjc.ro\/wp-content\/uploads\/2024\/02\/afis-Grup-de-crosetat_web.jpg","datePublished":"2024-02-01T12:26:03+00:00","description":"Se adreseaza celor care doresc s\u0103 \u00eenve\u021be s\u0103 cro\u0219eteze, de la adolescen\u021bi la seniori","breadcrumb":{"@id":"https:\/\/new.bjc.ro\/?tribe_events=grup-de-crosetat#breadcrumb"},"inLanguage":"ro-RO","potentialAction":[{"@type":"ReadAction","target":["https:\/\/new.bjc.ro\/?tribe_events=grup-de-crosetat"]}]},{"@type":"ImageObject","inLanguage":"ro-RO","@id":"https:\/\/new.bjc.ro\/?tribe_events=grup-de-crosetat#primaryimage","url":"https:\/\/new.bjc.ro\/wp-content\/uploads\/2024\/02\/afis-Grup-de-crosetat_web.jpg","contentUrl":"https:\/\/new.bjc.ro\/wp-content\/uploads\/2024\/02\/afis-Grup-de-crosetat_web.jpg","width":400,"height":566},{"@type":"BreadcrumbList","@id":"https:\/\/new.bjc.ro\/?tribe_events=grup-de-crosetat#breadcrumb","itemListElement":[{"@type":"ListItem","position":1,"name":"Home","item":"https:\/\/new.bjc.ro\/"},{"@type":"ListItem","position":2,"name":"Evenimente","item":"https:\/\/new.bjc.ro\/?post_type=tribe_events"},{"@type":"ListItem","position":3,"name":"Grup de cro\u0219etat"}]},{"@type":"WebSite","@id":"https:\/\/new.bjc.ro\/#website","url":"https:\/\/new.bjc.ro\/","name":"Biblioteca Jude\u021bean\u0103 \u201eOctavian Goga\u201d Cluj","description":"","publisher":{"@id":"https:\/\/new.bjc.ro\/#organization"},"alternateName":"Biblioteca Jude\u021bean\u0103 Cluj","potentialAction":[{"@type":"SearchAction","target":{"@type":"EntryPoint","urlTemplate":"https:\/\/new.bjc.ro\/?s={search_term_string}"},"query-input":{"@type":"PropertyValueSpecification","valueRequired":true,"valueName":"search_term_string"}}],"inLanguage":"ro-RO"},{"@type":"Organization","@id":"https:\/\/new.bjc.ro\/#organization","name":"Biblioteca Jude\u021bean\u0103 \u201eOctavian Goga\u201d Cluj","url":"https:\/\/new.bjc.ro\/","logo":{"@type":"ImageObject","inLanguage":"ro-RO","@id":"https:\/\/new.bjc.ro\/#\/schema\/logo\/image\/","url":"https:\/\/new.bjc.ro\/wp-content\/uploads\/2023\/03\/sigle.jpg","contentUrl":"https:\/\/new.bjc.ro\/wp-content\/uploads\/2023\/03\/sigle.jpg","width":630,"height":473,"caption":"Biblioteca Jude\u021bean\u0103 \u201eOctavian Goga\u201d Cluj"},"image":{"@id":"https:\/\/new.bjc.ro\/#\/schema\/logo\/image\/"},"sameAs":["https:\/\/www.facebook.com\/bibliotecacluj\/","https:\/\/x.com\/BibliotecaGoga","https:\/\/www.instagram.com\/biblioteca_judeteana_cluj\/","https:\/\/www.youtube.com\/user\/BibliotecaGoga"]}]}},"_links":{"self":[{"href":"https:\/\/new.bjc.ro\/index.php?rest_route=\/wp\/v2\/tribe_events\/8535","targetHints":{"allow":["GET"]}}],"collection":[{"href":"https:\/\/new.bjc.ro\/index.php?rest_route=\/wp\/v2\/tribe_events"}],"about":[{"href":"https:\/\/new.bjc.ro\/index.php?rest_route=\/wp\/v2\/types\/tribe_events"}],"author":[{"embeddable":true,"href":"https:\/\/new.bjc.ro\/index.php?rest_route=\/wp\/v2\/users\/1"}],"version-history":[{"count":1,"href":"https:\/\/new.bjc.ro\/index.php?rest_route=\/wp\/v2\/tribe_events\/8535\/revisions"}],"predecessor-version":[{"id":8537,"href":"https:\/\/new.bjc.ro\/index.php?rest_route=\/wp\/v2\/tribe_events\/8535\/revisions\/8537"}],"wp:featuredmedia":[{"embeddable":true,"href":"https:\/\/new.bjc.ro\/index.php?rest_route=\/wp\/v2\/media\/8536"}],"wp:attachment":[{"href":"https:\/\/new.bjc.ro\/index.php?rest_route=%2Fwp%2Fv2%2Fmedia&parent=8535"}],"wp:term":[{"taxonomy":"post_tag","embeddable":true,"href":"https:\/\/new.bjc.ro\/index.php?rest_route=%2Fwp%2Fv2%2Ftags&post=8535"},{"taxonomy":"tribe_events_cat","embeddable":true,"href":"https:\/\/new.bjc.ro\/index.php?rest_route=%2Fwp%2Fv2%2Ftribe_events_cat&post=8535"}],"curies":[{"name":"wp","href":"https:\/\/api.w.org\/{rel}","templated":true}]}}