{"id":8546,"date":"2024-02-05T13:26:21","date_gmt":"2024-02-05T11:26:21","guid":{"rendered":"https:\/\/new.bjc.ro\/?post_type=tribe_events&#038;p=8546"},"modified":"2024-02-07T14:51:36","modified_gmt":"2024-02-07T12:51:36","slug":"ziua-internationala-a-cititului-impreuna-zici-7-februarie-2024","status":"publish","type":"tribe_events","link":"https:\/\/new.bjc.ro\/?tribe_events=ziua-internationala-a-cititului-impreuna-zici-7-februarie-2024","title":{"rendered":"Ziua Interna\u021bional\u0103 a Cititului \u00cempreun\u0103 &#8211; ZICI: 7 februarie 2024"},"content":{"rendered":"<p>Biblioteca Jude\u021bean\u0103 \u201eOctavian Goga\u201d Cluj se al\u0103tur\u0103 \u0219i \u00een acest an evenimentului na\u021bional dedicat Zilei Interna\u021bionale a Cititului \u00cempreun\u0103, s\u0103rb\u0103torit\u0103 \u00een 7 februarie 2024, printr-o serie de activit\u0103\u021bi de lectur\u0103 cu voce tare, at\u00e2t la sediul central al bibliotecii, c\u00e2t \u0219i la filialele sale. Programul activit\u0103\u021bilor este disponibil <a href=\"https:\/\/new.bjc.ro\/wp-content\/uploads\/2024\/02\/Program-ZICI-2024_actualizat.pdf\">aici<\/a>.<\/p>\n<p>Anual, milioane de oameni din peste 100 de \u021b\u0103ri citesc \u00eempreun\u0103, s\u0103rb\u0103torind World Read Aloud Day, evenimentul interna\u021bional fiind organizat de c\u0103tre Lit World, \u00eencep\u00e2nd din anul 2010, cu scopul de a s\u0103rb\u0103tori puterea lecturii cu voce tare de a crea comunit\u0103\u021bi \u0219i de a \u00eemp\u0103rt\u0103\u0219i pove\u0219ti, dar \u0219i pentru a sus\u021bine litera\u021bia ca drept uman fundamental (<a href=\"https:\/\/www.litworld.org\/learn-more-about-wrad\">https:\/\/www.litworld.org\/learn-more-about-wrad<\/a>). Citim \u00cempreun\u0103 Rom\u00e2nia este grupul care coordoneaz\u0103 evenimentul ZICI la nivel na\u021bional, \u00eencep\u00e2nd din anul 2017, tema din acest an concentr\u00e2ndu-se asupra benzilor desenate.<\/p>\n<p>Ziua Interna\u021bional\u0103 a Cititului \u00cempreun\u0103 este un eveniment dedicat tuturor v\u00e2rstelor, de aceea v\u0103 invit\u0103m s\u0103 v\u0103 bucura\u021bi de beneficiile lecturii cu voce tare, iar dac\u0103 dori\u021bi s\u0103 s\u0103rb\u0103tori\u021bi citind benzi desenate, v\u0103 invit\u0103m s\u0103 alege\u021bi din cele preg\u0103tite \u00een cadrul expozi\u021biei din foaierul bibliotecituii, Calea Doroban\u021bilor nr. 104, parter!<\/p>\n","protected":false},"excerpt":{"rendered":"<p>Biblioteca Jude\u021bean\u0103 \u201eOctavian Goga\u201d Cluj se al\u0103tur\u0103 \u0219i \u00een acest an evenimentului na\u021bional dedicat Zilei Interna\u021bionale a Cititului \u00cempreun\u0103, s\u0103rb\u0103torit\u0103 \u00een 7 februarie 2024, printr-o serie de activit\u0103\u021bi de lectur\u0103 cu voce tare, at\u00e2t la sediul central al bibliotecii, c\u00e2t \u0219i la filialele sale. Programul activit\u0103\u021bilor este disponibil aici. Anual,&hellip; <br \/> <a class=\"read-more\" href=\"https:\/\/new.bjc.ro\/?tribe_events=ziua-internationala-a-cititului-impreuna-zici-7-februarie-2024\">Cite\u0219te mai mult<\/a><\/p>\n","protected":false},"author":1,"featured_media":8549,"template":"","meta":{"_monsterinsights_skip_tracking":false,"_monsterinsights_sitenote_active":false,"_monsterinsights_sitenote_note":"","_monsterinsights_sitenote_category":0,"_EventAllDay":false,"_EventTimezone":"Europe\/Bucharest","_EventStartDate":"2024-02-07 08:00:00","_EventEndDate":"2024-02-07 20:00:00","_EventStartDateUTC":"2024-02-07 06:00:00","_EventEndDateUTC":"2024-02-07 18:00:00","_EventShowMap":true,"_EventShowMapLink":false,"_EventURL":"","_EventCost":"","_EventCostDescription":"","_EventCurrencySymbol":"","_EventCurrencyCode":"","_EventCurrencyPosition":"prefix","_EventDateTimeSeparator":"","_EventTimeRangeSeparator":"","_EventOrganizerID":[2810],"_EventVenueID":[3721],"_OrganizerEmail":"","_OrganizerPhone":"","_OrganizerWebsite":"","_VenueAddress":"","_VenueCity":"","_VenueCountry":"","_VenueProvince":"","_VenueState":"","_VenueZip":"","_VenuePhone":"","_VenueURL":"","_VenueStateProvince":"","_VenueLat":"","_VenueLng":"","_VenueShowMap":false,"_VenueShowMapLink":false,"_tribe_events_status":"","_tribe_events_status_reason":"","footnotes":""},"tags":[183],"tribe_events_cat":[28],"class_list":["post-8546","tribe_events","type-tribe_events","status-publish","has-post-thumbnail","hentry","tag-ziua-cititului-impreuna","tribe_events_cat-evenimente","cat_evenimente"],"yoast_head":"<!-- This site is optimized with the Yoast SEO plugin v24.6 - https:\/\/yoast.com\/wordpress\/plugins\/seo\/ -->\n<title>Ziua Interna\u021bional\u0103 a Cititului \u00cempreun\u0103 - ZICI: 7 februarie 2024 - Biblioteca Jude\u021bean\u0103 \u201eOctavian Goga\u201d Cluj<\/title>\n<meta name=\"description\" content=\"activit\u0103\u021bi de lectur\u0103 cu voce tare desf\u0103\u0219urate la sediul central \u0219i la filialele bibliotecii\" \/>\n<meta name=\"robots\" content=\"index, follow, max-snippet:-1, max-image-preview:large, max-video-preview:-1\" \/>\n<link rel=\"canonical\" href=\"https:\/\/new.bjc.ro\/?tribe_events=ziua-internationala-a-cititului-impreuna-zici-7-februarie-2024\" \/>\n<meta property=\"og:locale\" content=\"ro_RO\" \/>\n<meta property=\"og:type\" content=\"article\" \/>\n<meta property=\"og:title\" content=\"Ziua Interna\u021bional\u0103 a Cititului \u00cempreun\u0103 - ZICI: 7 februarie 2024 - Biblioteca Jude\u021bean\u0103 \u201eOctavian Goga\u201d Cluj\" \/>\n<meta property=\"og:description\" content=\"activit\u0103\u021bi de lectur\u0103 cu voce tare desf\u0103\u0219urate la sediul central \u0219i la filialele bibliotecii\" \/>\n<meta property=\"og:url\" content=\"https:\/\/new.bjc.ro\/?tribe_events=ziua-internationala-a-cititului-impreuna-zici-7-februarie-2024\" \/>\n<meta property=\"og:site_name\" content=\"Biblioteca Jude\u021bean\u0103 \u201eOctavian Goga\u201d Cluj\" \/>\n<meta property=\"article:publisher\" content=\"https:\/\/www.facebook.com\/bibliotecacluj\/\" \/>\n<meta property=\"article:modified_time\" content=\"2024-02-07T12:51:36+00:00\" \/>\n<meta property=\"og:image\" content=\"https:\/\/new.bjc.ro\/wp-content\/uploads\/2024\/02\/Afis-ZICI-2024-1.jpg\" \/>\n\t<meta property=\"og:image:width\" content=\"400\" \/>\n\t<meta property=\"og:image:height\" content=\"556\" \/>\n\t<meta property=\"og:image:type\" content=\"image\/jpeg\" \/>\n<meta name=\"twitter:card\" content=\"summary_large_image\" \/>\n<meta name=\"twitter:site\" content=\"@BibliotecaGoga\" \/>\n<meta name=\"twitter:label1\" content=\"Timp estimat pentru citire\" \/>\n\t<meta name=\"twitter:data1\" content=\"1 minut\" \/>\n<script type=\"application\/ld+json\" class=\"yoast-schema-graph\">{\"@context\":\"https:\/\/schema.org\",\"@graph\":[{\"@type\":\"WebPage\",\"@id\":\"https:\/\/new.bjc.ro\/?tribe_events=ziua-internationala-a-cititului-impreuna-zici-7-februarie-2024\",\"url\":\"https:\/\/new.bjc.ro\/?tribe_events=ziua-internationala-a-cititului-impreuna-zici-7-februarie-2024\",\"name\":\"Ziua Interna\u021bional\u0103 a Cititului \u00cempreun\u0103 - ZICI: 7 februarie 2024 - Biblioteca Jude\u021bean\u0103 \u201eOctavian Goga\u201d Cluj\",\"isPartOf\":{\"@id\":\"https:\/\/new.bjc.ro\/#website\"},\"primaryImageOfPage\":{\"@id\":\"https:\/\/new.bjc.ro\/?tribe_events=ziua-internationala-a-cititului-impreuna-zici-7-februarie-2024#primaryimage\"},\"image\":{\"@id\":\"https:\/\/new.bjc.ro\/?tribe_events=ziua-internationala-a-cititului-impreuna-zici-7-februarie-2024#primaryimage\"},\"thumbnailUrl\":\"https:\/\/new.bjc.ro\/wp-content\/uploads\/2024\/02\/Afis-ZICI-2024-1.jpg\",\"datePublished\":\"2024-02-05T11:26:21+00:00\",\"dateModified\":\"2024-02-07T12:51:36+00:00\",\"description\":\"activit\u0103\u021bi de lectur\u0103 cu voce tare desf\u0103\u0219urate la sediul central \u0219i la filialele bibliotecii\",\"breadcrumb\":{\"@id\":\"https:\/\/new.bjc.ro\/?tribe_events=ziua-internationala-a-cititului-impreuna-zici-7-februarie-2024#breadcrumb\"},\"inLanguage\":\"ro-RO\",\"potentialAction\":[{\"@type\":\"ReadAction\",\"target\":[\"https:\/\/new.bjc.ro\/?tribe_events=ziua-internationala-a-cititului-impreuna-zici-7-februarie-2024\"]}]},{\"@type\":\"ImageObject\",\"inLanguage\":\"ro-RO\",\"@id\":\"https:\/\/new.bjc.ro\/?tribe_events=ziua-internationala-a-cititului-impreuna-zici-7-februarie-2024#primaryimage\",\"url\":\"https:\/\/new.bjc.ro\/wp-content\/uploads\/2024\/02\/Afis-ZICI-2024-1.jpg\",\"contentUrl\":\"https:\/\/new.bjc.ro\/wp-content\/uploads\/2024\/02\/Afis-ZICI-2024-1.jpg\",\"width\":400,\"height\":556},{\"@type\":\"BreadcrumbList\",\"@id\":\"https:\/\/new.bjc.ro\/?tribe_events=ziua-internationala-a-cititului-impreuna-zici-7-februarie-2024#breadcrumb\",\"itemListElement\":[{\"@type\":\"ListItem\",\"position\":1,\"name\":\"Home\",\"item\":\"https:\/\/new.bjc.ro\/\"},{\"@type\":\"ListItem\",\"position\":2,\"name\":\"Evenimente\",\"item\":\"https:\/\/new.bjc.ro\/?post_type=tribe_events\"},{\"@type\":\"ListItem\",\"position\":3,\"name\":\"Ziua Interna\u021bional\u0103 a Cititului \u00cempreun\u0103 &#8211; ZICI: 7 februarie 2024\"}]},{\"@type\":\"WebSite\",\"@id\":\"https:\/\/new.bjc.ro\/#website\",\"url\":\"https:\/\/new.bjc.ro\/\",\"name\":\"Biblioteca Jude\u021bean\u0103 \u201eOctavian Goga\u201d Cluj\",\"description\":\"\",\"publisher\":{\"@id\":\"https:\/\/new.bjc.ro\/#organization\"},\"alternateName\":\"Biblioteca Jude\u021bean\u0103 Cluj\",\"potentialAction\":[{\"@type\":\"SearchAction\",\"target\":{\"@type\":\"EntryPoint\",\"urlTemplate\":\"https:\/\/new.bjc.ro\/?s={search_term_string}\"},\"query-input\":{\"@type\":\"PropertyValueSpecification\",\"valueRequired\":true,\"valueName\":\"search_term_string\"}}],\"inLanguage\":\"ro-RO\"},{\"@type\":\"Organization\",\"@id\":\"https:\/\/new.bjc.ro\/#organization\",\"name\":\"Biblioteca Jude\u021bean\u0103 \u201eOctavian Goga\u201d Cluj\",\"url\":\"https:\/\/new.bjc.ro\/\",\"logo\":{\"@type\":\"ImageObject\",\"inLanguage\":\"ro-RO\",\"@id\":\"https:\/\/new.bjc.ro\/#\/schema\/logo\/image\/\",\"url\":\"https:\/\/new.bjc.ro\/wp-content\/uploads\/2023\/03\/sigle.jpg\",\"contentUrl\":\"https:\/\/new.bjc.ro\/wp-content\/uploads\/2023\/03\/sigle.jpg\",\"width\":630,\"height\":473,\"caption\":\"Biblioteca Jude\u021bean\u0103 \u201eOctavian Goga\u201d Cluj\"},\"image\":{\"@id\":\"https:\/\/new.bjc.ro\/#\/schema\/logo\/image\/\"},\"sameAs\":[\"https:\/\/www.facebook.com\/bibliotecacluj\/\",\"https:\/\/x.com\/BibliotecaGoga\",\"https:\/\/www.instagram.com\/biblioteca_judeteana_cluj\/\",\"https:\/\/www.youtube.com\/user\/BibliotecaGoga\"]}]}<\/script>\n<!-- \/ Yoast SEO plugin. -->","yoast_head_json":{"title":"Ziua Interna\u021bional\u0103 a Cititului \u00cempreun\u0103 - ZICI: 7 februarie 2024 - Biblioteca Jude\u021bean\u0103 \u201eOctavian Goga\u201d Cluj","description":"activit\u0103\u021bi de lectur\u0103 cu voce tare desf\u0103\u0219urate la sediul central \u0219i la filialele bibliotecii","robots":{"index":"index","follow":"follow","max-snippet":"max-snippet:-1","max-image-preview":"max-image-preview:large","max-video-preview":"max-video-preview:-1"},"canonical":"https:\/\/new.bjc.ro\/?tribe_events=ziua-internationala-a-cititului-impreuna-zici-7-februarie-2024","og_locale":"ro_RO","og_type":"article","og_title":"Ziua Interna\u021bional\u0103 a Cititului \u00cempreun\u0103 - ZICI: 7 februarie 2024 - Biblioteca Jude\u021bean\u0103 \u201eOctavian Goga\u201d Cluj","og_description":"activit\u0103\u021bi de lectur\u0103 cu voce tare desf\u0103\u0219urate la sediul central \u0219i la filialele bibliotecii","og_url":"https:\/\/new.bjc.ro\/?tribe_events=ziua-internationala-a-cititului-impreuna-zici-7-februarie-2024","og_site_name":"Biblioteca Jude\u021bean\u0103 \u201eOctavian Goga\u201d Cluj","article_publisher":"https:\/\/www.facebook.com\/bibliotecacluj\/","article_modified_time":"2024-02-07T12:51:36+00:00","og_image":[{"width":400,"height":556,"url":"https:\/\/new.bjc.ro\/wp-content\/uploads\/2024\/02\/Afis-ZICI-2024-1.jpg","type":"image\/jpeg"}],"twitter_card":"summary_large_image","twitter_site":"@BibliotecaGoga","twitter_misc":{"Timp estimat pentru citire":"1 minut"},"schema":{"@context":"https:\/\/schema.org","@graph":[{"@type":"WebPage","@id":"https:\/\/new.bjc.ro\/?tribe_events=ziua-internationala-a-cititului-impreuna-zici-7-februarie-2024","url":"https:\/\/new.bjc.ro\/?tribe_events=ziua-internationala-a-cititului-impreuna-zici-7-februarie-2024","name":"Ziua Interna\u021bional\u0103 a Cititului \u00cempreun\u0103 - ZICI: 7 februarie 2024 - Biblioteca Jude\u021bean\u0103 \u201eOctavian Goga\u201d Cluj","isPartOf":{"@id":"https:\/\/new.bjc.ro\/#website"},"primaryImageOfPage":{"@id":"https:\/\/new.bjc.ro\/?tribe_events=ziua-internationala-a-cititului-impreuna-zici-7-februarie-2024#primaryimage"},"image":{"@id":"https:\/\/new.bjc.ro\/?tribe_events=ziua-internationala-a-cititului-impreuna-zici-7-februarie-2024#primaryimage"},"thumbnailUrl":"https:\/\/new.bjc.ro\/wp-content\/uploads\/2024\/02\/Afis-ZICI-2024-1.jpg","datePublished":"2024-02-05T11:26:21+00:00","dateModified":"2024-02-07T12:51:36+00:00","description":"activit\u0103\u021bi de lectur\u0103 cu voce tare desf\u0103\u0219urate la sediul central \u0219i la filialele bibliotecii","breadcrumb":{"@id":"https:\/\/new.bjc.ro\/?tribe_events=ziua-internationala-a-cititului-impreuna-zici-7-februarie-2024#breadcrumb"},"inLanguage":"ro-RO","potentialAction":[{"@type":"ReadAction","target":["https:\/\/new.bjc.ro\/?tribe_events=ziua-internationala-a-cititului-impreuna-zici-7-februarie-2024"]}]},{"@type":"ImageObject","inLanguage":"ro-RO","@id":"https:\/\/new.bjc.ro\/?tribe_events=ziua-internationala-a-cititului-impreuna-zici-7-februarie-2024#primaryimage","url":"https:\/\/new.bjc.ro\/wp-content\/uploads\/2024\/02\/Afis-ZICI-2024-1.jpg","contentUrl":"https:\/\/new.bjc.ro\/wp-content\/uploads\/2024\/02\/Afis-ZICI-2024-1.jpg","width":400,"height":556},{"@type":"BreadcrumbList","@id":"https:\/\/new.bjc.ro\/?tribe_events=ziua-internationala-a-cititului-impreuna-zici-7-februarie-2024#breadcrumb","itemListElement":[{"@type":"ListItem","position":1,"name":"Home","item":"https:\/\/new.bjc.ro\/"},{"@type":"ListItem","position":2,"name":"Evenimente","item":"https:\/\/new.bjc.ro\/?post_type=tribe_events"},{"@type":"ListItem","position":3,"name":"Ziua Interna\u021bional\u0103 a Cititului \u00cempreun\u0103 &#8211; ZICI: 7 februarie 2024"}]},{"@type":"WebSite","@id":"https:\/\/new.bjc.ro\/#website","url":"https:\/\/new.bjc.ro\/","name":"Biblioteca Jude\u021bean\u0103 \u201eOctavian Goga\u201d Cluj","description":"","publisher":{"@id":"https:\/\/new.bjc.ro\/#organization"},"alternateName":"Biblioteca Jude\u021bean\u0103 Cluj","potentialAction":[{"@type":"SearchAction","target":{"@type":"EntryPoint","urlTemplate":"https:\/\/new.bjc.ro\/?s={search_term_string}"},"query-input":{"@type":"PropertyValueSpecification","valueRequired":true,"valueName":"search_term_string"}}],"inLanguage":"ro-RO"},{"@type":"Organization","@id":"https:\/\/new.bjc.ro\/#organization","name":"Biblioteca Jude\u021bean\u0103 \u201eOctavian Goga\u201d Cluj","url":"https:\/\/new.bjc.ro\/","logo":{"@type":"ImageObject","inLanguage":"ro-RO","@id":"https:\/\/new.bjc.ro\/#\/schema\/logo\/image\/","url":"https:\/\/new.bjc.ro\/wp-content\/uploads\/2023\/03\/sigle.jpg","contentUrl":"https:\/\/new.bjc.ro\/wp-content\/uploads\/2023\/03\/sigle.jpg","width":630,"height":473,"caption":"Biblioteca Jude\u021bean\u0103 \u201eOctavian Goga\u201d Cluj"},"image":{"@id":"https:\/\/new.bjc.ro\/#\/schema\/logo\/image\/"},"sameAs":["https:\/\/www.facebook.com\/bibliotecacluj\/","https:\/\/x.com\/BibliotecaGoga","https:\/\/www.instagram.com\/biblioteca_judeteana_cluj\/","https:\/\/www.youtube.com\/user\/BibliotecaGoga"]}]}},"_links":{"self":[{"href":"https:\/\/new.bjc.ro\/index.php?rest_route=\/wp\/v2\/tribe_events\/8546","targetHints":{"allow":["GET"]}}],"collection":[{"href":"https:\/\/new.bjc.ro\/index.php?rest_route=\/wp\/v2\/tribe_events"}],"about":[{"href":"https:\/\/new.bjc.ro\/index.php?rest_route=\/wp\/v2\/types\/tribe_events"}],"author":[{"embeddable":true,"href":"https:\/\/new.bjc.ro\/index.php?rest_route=\/wp\/v2\/users\/1"}],"version-history":[{"count":3,"href":"https:\/\/new.bjc.ro\/index.php?rest_route=\/wp\/v2\/tribe_events\/8546\/revisions"}],"predecessor-version":[{"id":8559,"href":"https:\/\/new.bjc.ro\/index.php?rest_route=\/wp\/v2\/tribe_events\/8546\/revisions\/8559"}],"wp:featuredmedia":[{"embeddable":true,"href":"https:\/\/new.bjc.ro\/index.php?rest_route=\/wp\/v2\/media\/8549"}],"wp:attachment":[{"href":"https:\/\/new.bjc.ro\/index.php?rest_route=%2Fwp%2Fv2%2Fmedia&parent=8546"}],"wp:term":[{"taxonomy":"post_tag","embeddable":true,"href":"https:\/\/new.bjc.ro\/index.php?rest_route=%2Fwp%2Fv2%2Ftags&post=8546"},{"taxonomy":"tribe_events_cat","embeddable":true,"href":"https:\/\/new.bjc.ro\/index.php?rest_route=%2Fwp%2Fv2%2Ftribe_events_cat&post=8546"}],"curies":[{"name":"wp","href":"https:\/\/api.w.org\/{rel}","templated":true}]}}