{"id":8623,"date":"2024-02-19T08:21:48","date_gmt":"2024-02-19T06:21:48","guid":{"rendered":"https:\/\/new.bjc.ro\/?post_type=tribe_events&#038;p=8623"},"modified":"2024-02-19T08:21:48","modified_gmt":"2024-02-19T06:21:48","slug":"ziua-nationala-constantin-brancusi","status":"publish","type":"tribe_events","link":"https:\/\/new.bjc.ro\/?tribe_events=ziua-nationala-constantin-brancusi","title":{"rendered":"Ziua Na\u021bional\u0103 Constantin Br\u00e2ncu\u0219i"},"content":{"rendered":"<p>\u00cen data de 19 februarie, de la ora 12.00, sub egida Zilei Na\u021bionale Constantin Br\u00e2ncu\u0219i, v\u0103 invit\u0103m la o conferin\u0163\u0103 dedicat\u0103 sculptorului Constantin Br\u00e2ncu\u015fi \u0219i la expozi\u021bia \u201eOriginea formelor\u201d, \u00een foaierul sediului central al Bibliotecii Jude\u0163ene \u201eOctavian Goga&#8221; Cluj. Invitatul nostru va fi scriitorul Dan Marius Dr\u0103gan. Intermezzo-ul muzical va fi asigurat de Camerata Atelidra. Evenimentul este organizat \u00een parteneriat cu Prim\u0103ria municipiului Cluj-Napoca, Biroul \u00cenv\u0103\u0163\u0103m\u00e2nt, cultur\u0103, culte, sport si societate.<\/p>\n","protected":false},"excerpt":{"rendered":"<p>\u00cen data de 19 februarie, de la ora 12.00, sub egida Zilei Na\u021bionale Constantin Br\u00e2ncu\u0219i, v\u0103 invit\u0103m la o conferin\u0163\u0103 dedicat\u0103 sculptorului Constantin Br\u00e2ncu\u015fi \u0219i la expozi\u021bia \u201eOriginea formelor\u201d, \u00een foaierul sediului central al Bibliotecii Jude\u0163ene \u201eOctavian Goga&#8221; Cluj. Invitatul nostru va fi scriitorul Dan Marius Dr\u0103gan. Intermezzo-ul muzical va&hellip; <br \/> <a class=\"read-more\" href=\"https:\/\/new.bjc.ro\/?tribe_events=ziua-nationala-constantin-brancusi\">Cite\u0219te mai mult<\/a><\/p>\n","protected":false},"author":1,"featured_media":8624,"template":"","meta":{"_monsterinsights_skip_tracking":false,"_monsterinsights_sitenote_active":false,"_monsterinsights_sitenote_note":"","_monsterinsights_sitenote_category":0,"_EventAllDay":false,"_EventTimezone":"Europe\/Bucharest","_EventStartDate":"2024-02-19 12:00:00","_EventEndDate":"2024-02-19 20:00:00","_EventStartDateUTC":"2024-02-19 10:00:00","_EventEndDateUTC":"2024-02-19 18:00:00","_EventShowMap":true,"_EventShowMapLink":true,"_EventURL":"","_EventCost":"","_EventCostDescription":"","_EventCurrencySymbol":"","_EventCurrencyCode":"","_EventCurrencyPosition":"prefix","_EventDateTimeSeparator":"","_EventTimeRangeSeparator":"","_EventOrganizerID":[2810],"_EventVenueID":[3721],"_OrganizerEmail":"","_OrganizerPhone":"","_OrganizerWebsite":"","_VenueAddress":"","_VenueCity":"","_VenueCountry":"","_VenueProvince":"","_VenueState":"","_VenueZip":"","_VenuePhone":"","_VenueURL":"","_VenueStateProvince":"","_VenueLat":"","_VenueLng":"","_VenueShowMap":false,"_VenueShowMapLink":false,"_tribe_events_status":"","_tribe_events_status_reason":"","footnotes":""},"tags":[189],"tribe_events_cat":[94],"class_list":["post-8623","tribe_events","type-tribe_events","status-publish","has-post-thumbnail","hentry","tag-conferinta","tribe_events_cat-expozitie","cat_expozitie"],"yoast_head":"<!-- This site is optimized with the Yoast SEO plugin v24.6 - https:\/\/yoast.com\/wordpress\/plugins\/seo\/ -->\n<title>Ziua Na\u021bional\u0103 Constantin Br\u00e2ncu\u0219i - Biblioteca Jude\u021bean\u0103 \u201eOctavian Goga\u201d Cluj<\/title>\n<meta name=\"description\" content=\"Conferin\u0163\u0103 dedicat\u0103 sculptorului Constantin Br\u00e2ncu\u015fi \u0219i expozi\u021bia \u201eOriginea formelor\u201d. Invitat: scriitorul Dan Marius Dr\u0103gan.\" \/>\n<meta name=\"robots\" content=\"index, follow, max-snippet:-1, max-image-preview:large, max-video-preview:-1\" \/>\n<link rel=\"canonical\" href=\"https:\/\/new.bjc.ro\/?tribe_events=ziua-nationala-constantin-brancusi\" \/>\n<meta property=\"og:locale\" content=\"ro_RO\" \/>\n<meta property=\"og:type\" content=\"article\" \/>\n<meta property=\"og:title\" content=\"Ziua Na\u021bional\u0103 Constantin Br\u00e2ncu\u0219i - Biblioteca Jude\u021bean\u0103 \u201eOctavian Goga\u201d Cluj\" \/>\n<meta property=\"og:description\" content=\"Conferin\u0163\u0103 dedicat\u0103 sculptorului Constantin Br\u00e2ncu\u015fi \u0219i expozi\u021bia \u201eOriginea formelor\u201d. Invitat: scriitorul Dan Marius Dr\u0103gan.\" \/>\n<meta property=\"og:url\" content=\"https:\/\/new.bjc.ro\/?tribe_events=ziua-nationala-constantin-brancusi\" \/>\n<meta property=\"og:site_name\" content=\"Biblioteca Jude\u021bean\u0103 \u201eOctavian Goga\u201d Cluj\" \/>\n<meta property=\"article:publisher\" content=\"https:\/\/www.facebook.com\/bibliotecacluj\/\" \/>\n<meta property=\"og:image\" content=\"https:\/\/new.bjc.ro\/wp-content\/uploads\/2024\/02\/afis-Ziua-Nationala-C-Brancusi_web.jpg\" \/>\n\t<meta property=\"og:image:width\" content=\"400\" \/>\n\t<meta property=\"og:image:height\" content=\"567\" \/>\n\t<meta property=\"og:image:type\" content=\"image\/jpeg\" \/>\n<meta name=\"twitter:card\" content=\"summary_large_image\" \/>\n<meta name=\"twitter:site\" content=\"@BibliotecaGoga\" \/>\n<meta name=\"twitter:label1\" content=\"Timp estimat pentru citire\" \/>\n\t<meta name=\"twitter:data1\" content=\"1 minut\" \/>\n<script type=\"application\/ld+json\" class=\"yoast-schema-graph\">{\"@context\":\"https:\/\/schema.org\",\"@graph\":[{\"@type\":\"WebPage\",\"@id\":\"https:\/\/new.bjc.ro\/?tribe_events=ziua-nationala-constantin-brancusi\",\"url\":\"https:\/\/new.bjc.ro\/?tribe_events=ziua-nationala-constantin-brancusi\",\"name\":\"Ziua Na\u021bional\u0103 Constantin Br\u00e2ncu\u0219i - Biblioteca Jude\u021bean\u0103 \u201eOctavian Goga\u201d Cluj\",\"isPartOf\":{\"@id\":\"https:\/\/new.bjc.ro\/#website\"},\"primaryImageOfPage\":{\"@id\":\"https:\/\/new.bjc.ro\/?tribe_events=ziua-nationala-constantin-brancusi#primaryimage\"},\"image\":{\"@id\":\"https:\/\/new.bjc.ro\/?tribe_events=ziua-nationala-constantin-brancusi#primaryimage\"},\"thumbnailUrl\":\"https:\/\/new.bjc.ro\/wp-content\/uploads\/2024\/02\/afis-Ziua-Nationala-C-Brancusi_web.jpg\",\"datePublished\":\"2024-02-19T06:21:48+00:00\",\"description\":\"Conferin\u0163\u0103 dedicat\u0103 sculptorului Constantin Br\u00e2ncu\u015fi \u0219i expozi\u021bia \u201eOriginea formelor\u201d. Invitat: scriitorul Dan Marius Dr\u0103gan.\",\"breadcrumb\":{\"@id\":\"https:\/\/new.bjc.ro\/?tribe_events=ziua-nationala-constantin-brancusi#breadcrumb\"},\"inLanguage\":\"ro-RO\",\"potentialAction\":[{\"@type\":\"ReadAction\",\"target\":[\"https:\/\/new.bjc.ro\/?tribe_events=ziua-nationala-constantin-brancusi\"]}]},{\"@type\":\"ImageObject\",\"inLanguage\":\"ro-RO\",\"@id\":\"https:\/\/new.bjc.ro\/?tribe_events=ziua-nationala-constantin-brancusi#primaryimage\",\"url\":\"https:\/\/new.bjc.ro\/wp-content\/uploads\/2024\/02\/afis-Ziua-Nationala-C-Brancusi_web.jpg\",\"contentUrl\":\"https:\/\/new.bjc.ro\/wp-content\/uploads\/2024\/02\/afis-Ziua-Nationala-C-Brancusi_web.jpg\",\"width\":400,\"height\":567},{\"@type\":\"BreadcrumbList\",\"@id\":\"https:\/\/new.bjc.ro\/?tribe_events=ziua-nationala-constantin-brancusi#breadcrumb\",\"itemListElement\":[{\"@type\":\"ListItem\",\"position\":1,\"name\":\"Home\",\"item\":\"https:\/\/new.bjc.ro\/\"},{\"@type\":\"ListItem\",\"position\":2,\"name\":\"Evenimente\",\"item\":\"https:\/\/new.bjc.ro\/?post_type=tribe_events\"},{\"@type\":\"ListItem\",\"position\":3,\"name\":\"Ziua Na\u021bional\u0103 Constantin Br\u00e2ncu\u0219i\"}]},{\"@type\":\"WebSite\",\"@id\":\"https:\/\/new.bjc.ro\/#website\",\"url\":\"https:\/\/new.bjc.ro\/\",\"name\":\"Biblioteca Jude\u021bean\u0103 \u201eOctavian Goga\u201d Cluj\",\"description\":\"\",\"publisher\":{\"@id\":\"https:\/\/new.bjc.ro\/#organization\"},\"alternateName\":\"Biblioteca Jude\u021bean\u0103 Cluj\",\"potentialAction\":[{\"@type\":\"SearchAction\",\"target\":{\"@type\":\"EntryPoint\",\"urlTemplate\":\"https:\/\/new.bjc.ro\/?s={search_term_string}\"},\"query-input\":{\"@type\":\"PropertyValueSpecification\",\"valueRequired\":true,\"valueName\":\"search_term_string\"}}],\"inLanguage\":\"ro-RO\"},{\"@type\":\"Organization\",\"@id\":\"https:\/\/new.bjc.ro\/#organization\",\"name\":\"Biblioteca Jude\u021bean\u0103 \u201eOctavian Goga\u201d Cluj\",\"url\":\"https:\/\/new.bjc.ro\/\",\"logo\":{\"@type\":\"ImageObject\",\"inLanguage\":\"ro-RO\",\"@id\":\"https:\/\/new.bjc.ro\/#\/schema\/logo\/image\/\",\"url\":\"https:\/\/new.bjc.ro\/wp-content\/uploads\/2023\/03\/sigle.jpg\",\"contentUrl\":\"https:\/\/new.bjc.ro\/wp-content\/uploads\/2023\/03\/sigle.jpg\",\"width\":630,\"height\":473,\"caption\":\"Biblioteca Jude\u021bean\u0103 \u201eOctavian Goga\u201d Cluj\"},\"image\":{\"@id\":\"https:\/\/new.bjc.ro\/#\/schema\/logo\/image\/\"},\"sameAs\":[\"https:\/\/www.facebook.com\/bibliotecacluj\/\",\"https:\/\/x.com\/BibliotecaGoga\",\"https:\/\/www.instagram.com\/biblioteca_judeteana_cluj\/\",\"https:\/\/www.youtube.com\/user\/BibliotecaGoga\"]}]}<\/script>\n<!-- \/ Yoast SEO plugin. -->","yoast_head_json":{"title":"Ziua Na\u021bional\u0103 Constantin Br\u00e2ncu\u0219i - Biblioteca Jude\u021bean\u0103 \u201eOctavian Goga\u201d Cluj","description":"Conferin\u0163\u0103 dedicat\u0103 sculptorului Constantin Br\u00e2ncu\u015fi \u0219i expozi\u021bia \u201eOriginea formelor\u201d. Invitat: scriitorul Dan Marius Dr\u0103gan.","robots":{"index":"index","follow":"follow","max-snippet":"max-snippet:-1","max-image-preview":"max-image-preview:large","max-video-preview":"max-video-preview:-1"},"canonical":"https:\/\/new.bjc.ro\/?tribe_events=ziua-nationala-constantin-brancusi","og_locale":"ro_RO","og_type":"article","og_title":"Ziua Na\u021bional\u0103 Constantin Br\u00e2ncu\u0219i - Biblioteca Jude\u021bean\u0103 \u201eOctavian Goga\u201d Cluj","og_description":"Conferin\u0163\u0103 dedicat\u0103 sculptorului Constantin Br\u00e2ncu\u015fi \u0219i expozi\u021bia \u201eOriginea formelor\u201d. Invitat: scriitorul Dan Marius Dr\u0103gan.","og_url":"https:\/\/new.bjc.ro\/?tribe_events=ziua-nationala-constantin-brancusi","og_site_name":"Biblioteca Jude\u021bean\u0103 \u201eOctavian Goga\u201d Cluj","article_publisher":"https:\/\/www.facebook.com\/bibliotecacluj\/","og_image":[{"width":400,"height":567,"url":"https:\/\/new.bjc.ro\/wp-content\/uploads\/2024\/02\/afis-Ziua-Nationala-C-Brancusi_web.jpg","type":"image\/jpeg"}],"twitter_card":"summary_large_image","twitter_site":"@BibliotecaGoga","twitter_misc":{"Timp estimat pentru citire":"1 minut"},"schema":{"@context":"https:\/\/schema.org","@graph":[{"@type":"WebPage","@id":"https:\/\/new.bjc.ro\/?tribe_events=ziua-nationala-constantin-brancusi","url":"https:\/\/new.bjc.ro\/?tribe_events=ziua-nationala-constantin-brancusi","name":"Ziua Na\u021bional\u0103 Constantin Br\u00e2ncu\u0219i - Biblioteca Jude\u021bean\u0103 \u201eOctavian Goga\u201d Cluj","isPartOf":{"@id":"https:\/\/new.bjc.ro\/#website"},"primaryImageOfPage":{"@id":"https:\/\/new.bjc.ro\/?tribe_events=ziua-nationala-constantin-brancusi#primaryimage"},"image":{"@id":"https:\/\/new.bjc.ro\/?tribe_events=ziua-nationala-constantin-brancusi#primaryimage"},"thumbnailUrl":"https:\/\/new.bjc.ro\/wp-content\/uploads\/2024\/02\/afis-Ziua-Nationala-C-Brancusi_web.jpg","datePublished":"2024-02-19T06:21:48+00:00","description":"Conferin\u0163\u0103 dedicat\u0103 sculptorului Constantin Br\u00e2ncu\u015fi \u0219i expozi\u021bia \u201eOriginea formelor\u201d. Invitat: scriitorul Dan Marius Dr\u0103gan.","breadcrumb":{"@id":"https:\/\/new.bjc.ro\/?tribe_events=ziua-nationala-constantin-brancusi#breadcrumb"},"inLanguage":"ro-RO","potentialAction":[{"@type":"ReadAction","target":["https:\/\/new.bjc.ro\/?tribe_events=ziua-nationala-constantin-brancusi"]}]},{"@type":"ImageObject","inLanguage":"ro-RO","@id":"https:\/\/new.bjc.ro\/?tribe_events=ziua-nationala-constantin-brancusi#primaryimage","url":"https:\/\/new.bjc.ro\/wp-content\/uploads\/2024\/02\/afis-Ziua-Nationala-C-Brancusi_web.jpg","contentUrl":"https:\/\/new.bjc.ro\/wp-content\/uploads\/2024\/02\/afis-Ziua-Nationala-C-Brancusi_web.jpg","width":400,"height":567},{"@type":"BreadcrumbList","@id":"https:\/\/new.bjc.ro\/?tribe_events=ziua-nationala-constantin-brancusi#breadcrumb","itemListElement":[{"@type":"ListItem","position":1,"name":"Home","item":"https:\/\/new.bjc.ro\/"},{"@type":"ListItem","position":2,"name":"Evenimente","item":"https:\/\/new.bjc.ro\/?post_type=tribe_events"},{"@type":"ListItem","position":3,"name":"Ziua Na\u021bional\u0103 Constantin Br\u00e2ncu\u0219i"}]},{"@type":"WebSite","@id":"https:\/\/new.bjc.ro\/#website","url":"https:\/\/new.bjc.ro\/","name":"Biblioteca Jude\u021bean\u0103 \u201eOctavian Goga\u201d Cluj","description":"","publisher":{"@id":"https:\/\/new.bjc.ro\/#organization"},"alternateName":"Biblioteca Jude\u021bean\u0103 Cluj","potentialAction":[{"@type":"SearchAction","target":{"@type":"EntryPoint","urlTemplate":"https:\/\/new.bjc.ro\/?s={search_term_string}"},"query-input":{"@type":"PropertyValueSpecification","valueRequired":true,"valueName":"search_term_string"}}],"inLanguage":"ro-RO"},{"@type":"Organization","@id":"https:\/\/new.bjc.ro\/#organization","name":"Biblioteca Jude\u021bean\u0103 \u201eOctavian Goga\u201d Cluj","url":"https:\/\/new.bjc.ro\/","logo":{"@type":"ImageObject","inLanguage":"ro-RO","@id":"https:\/\/new.bjc.ro\/#\/schema\/logo\/image\/","url":"https:\/\/new.bjc.ro\/wp-content\/uploads\/2023\/03\/sigle.jpg","contentUrl":"https:\/\/new.bjc.ro\/wp-content\/uploads\/2023\/03\/sigle.jpg","width":630,"height":473,"caption":"Biblioteca Jude\u021bean\u0103 \u201eOctavian Goga\u201d Cluj"},"image":{"@id":"https:\/\/new.bjc.ro\/#\/schema\/logo\/image\/"},"sameAs":["https:\/\/www.facebook.com\/bibliotecacluj\/","https:\/\/x.com\/BibliotecaGoga","https:\/\/www.instagram.com\/biblioteca_judeteana_cluj\/","https:\/\/www.youtube.com\/user\/BibliotecaGoga"]}]}},"_links":{"self":[{"href":"https:\/\/new.bjc.ro\/index.php?rest_route=\/wp\/v2\/tribe_events\/8623","targetHints":{"allow":["GET"]}}],"collection":[{"href":"https:\/\/new.bjc.ro\/index.php?rest_route=\/wp\/v2\/tribe_events"}],"about":[{"href":"https:\/\/new.bjc.ro\/index.php?rest_route=\/wp\/v2\/types\/tribe_events"}],"author":[{"embeddable":true,"href":"https:\/\/new.bjc.ro\/index.php?rest_route=\/wp\/v2\/users\/1"}],"version-history":[{"count":1,"href":"https:\/\/new.bjc.ro\/index.php?rest_route=\/wp\/v2\/tribe_events\/8623\/revisions"}],"predecessor-version":[{"id":8625,"href":"https:\/\/new.bjc.ro\/index.php?rest_route=\/wp\/v2\/tribe_events\/8623\/revisions\/8625"}],"wp:featuredmedia":[{"embeddable":true,"href":"https:\/\/new.bjc.ro\/index.php?rest_route=\/wp\/v2\/media\/8624"}],"wp:attachment":[{"href":"https:\/\/new.bjc.ro\/index.php?rest_route=%2Fwp%2Fv2%2Fmedia&parent=8623"}],"wp:term":[{"taxonomy":"post_tag","embeddable":true,"href":"https:\/\/new.bjc.ro\/index.php?rest_route=%2Fwp%2Fv2%2Ftags&post=8623"},{"taxonomy":"tribe_events_cat","embeddable":true,"href":"https:\/\/new.bjc.ro\/index.php?rest_route=%2Fwp%2Fv2%2Ftribe_events_cat&post=8623"}],"curies":[{"name":"wp","href":"https:\/\/api.w.org\/{rel}","templated":true}]}}