{"id":8635,"date":"2024-02-22T13:41:00","date_gmt":"2024-02-22T11:41:00","guid":{"rendered":"https:\/\/new.bjc.ro\/?post_type=tribe_events&#038;p=8635"},"modified":"2024-02-22T13:41:00","modified_gmt":"2024-02-22T11:41:00","slug":"grup-de-suport-pentru-parinti","status":"publish","type":"tribe_events","link":"https:\/\/new.bjc.ro\/?tribe_events=grup-de-suport-pentru-parinti","title":{"rendered":"Grup de suport pentru p\u0103rin\u021bi. Tema \u00eent\u00e2lnirii: Grija \u0219i compasiunea fa\u021b\u0103 de sine"},"content":{"rendered":"<p>A fi p\u0103rinte e un lucru minunat, dar deloc u\u0219or. Dorim s\u0103 venim \u00een sprijinul vostru, invit\u00e2ndu-v\u0103 s\u0103 participa\u021bi la <strong><em>Grupul de Suport pentru P\u0103rin\u021bi<\/em><\/strong>. Grupul este facilitat de Br\u00eendu\u0219a Mil\u0103\u0219an, m\u0103mic\u0103 a doi copii, psiholog \u0219i trainer de parenting certificat de Aware Parenting Institute \u0219i Hand in Hand Parenting.<\/p>\n<p>La \u00eent\u00e2lnirea de <strong>miercuri, 28 februarie 2024, de la ora 18:00 la 20:00<\/strong>, de la Sec\u021bia de art\u0103 (etajul 5 est), v\u0103 propunem s\u0103 discut\u0103m despre echilibrul nostru interior, mai exact despre grija \u0219i compasiunea fa\u021b\u0103 de sine ce constituie pietre de temelie pentru parenting. Vom discuta despre cum acestea contribuie la starea noastr\u0103 de bine \u0219i cum se r\u0103sfr\u00e2nge aceasta asupra rela\u021biei cu copiii no\u0219tri, a felului de a fi ca p\u0103rin\u021bi \u0219i a modului \u00een care gestion\u0103m anumite situa\u021bii cu copiii no\u0219tri.<\/p>\n<p>Pentru a putea beneficia de avantajele unui grup de suport, v\u0103 rug\u0103m s\u0103 l\u0103sa\u021bi bunicii sau alte persoane dragi s\u0103 aib\u0103 grij\u0103 de copila\u0219i c\u00e2t timp dumneavoastr\u0103 lua\u021bi o pauz\u0103 binemeritat\u0103 \u0219i v\u0103 \u00eenc\u0103rca\u021bi cu energie.<\/p>\n<p>Acest eveniment este gratuit \u0219i deschis publicului, dar locurile sunt limitate. V\u0103 rug\u0103m s\u0103 v\u0103 \u00eenregistra\u021bi pentru a v\u0103 rezerva locul complet\u00e2nd formularul de <a href=\"https:\/\/docs.google.com\/forms\/d\/e\/1FAIpQLSc3TIaIfng2s5OBaoCQrHyQz9pUie39dzX-vjgUAu54AouHQw\/viewform\">aici<\/a>.<\/p>\n","protected":false},"excerpt":{"rendered":"<p>A fi p\u0103rinte e un lucru minunat, dar deloc u\u0219or. Dorim s\u0103 venim \u00een sprijinul vostru, invit\u00e2ndu-v\u0103 s\u0103 participa\u021bi la Grupul de Suport pentru P\u0103rin\u021bi. Grupul este facilitat de Br\u00eendu\u0219a Mil\u0103\u0219an, m\u0103mic\u0103 a doi copii, psiholog \u0219i trainer de parenting certificat de Aware Parenting Institute \u0219i Hand in Hand Parenting.&hellip; <br \/> <a class=\"read-more\" href=\"https:\/\/new.bjc.ro\/?tribe_events=grup-de-suport-pentru-parinti\">Cite\u0219te mai mult<\/a><\/p>\n","protected":false},"author":1,"featured_media":8636,"template":"","meta":{"_monsterinsights_skip_tracking":false,"_monsterinsights_sitenote_active":false,"_monsterinsights_sitenote_note":"","_monsterinsights_sitenote_category":0,"_EventAllDay":false,"_EventTimezone":"Europe\/Bucharest","_EventStartDate":"2024-02-28 18:00:00","_EventEndDate":"2024-02-28 20:00:00","_EventStartDateUTC":"2024-02-28 16:00:00","_EventEndDateUTC":"2024-02-28 18:00:00","_EventShowMap":true,"_EventShowMapLink":true,"_EventURL":"","_EventCost":"","_EventCostDescription":"","_EventCurrencySymbol":"","_EventCurrencyCode":"","_EventCurrencyPosition":"prefix","_EventDateTimeSeparator":"","_EventTimeRangeSeparator":"","_EventOrganizerID":[2810],"_EventVenueID":[6233],"_OrganizerEmail":"","_OrganizerPhone":"","_OrganizerWebsite":"","_VenueAddress":"","_VenueCity":"","_VenueCountry":"","_VenueProvince":"","_VenueState":"","_VenueZip":"","_VenuePhone":"","_VenueURL":"","_VenueStateProvince":"","_VenueLat":"","_VenueLng":"","_VenueShowMap":false,"_VenueShowMapLink":false,"_tribe_events_status":"","_tribe_events_status_reason":"","footnotes":""},"tags":[],"tribe_events_cat":[91],"class_list":["post-8635","tribe_events","type-tribe_events","status-publish","has-post-thumbnail","hentry","tribe_events_cat-grup-de-suport","cat_grup-de-suport"],"yoast_head":"<!-- This site is optimized with the Yoast SEO plugin v24.6 - https:\/\/yoast.com\/wordpress\/plugins\/seo\/ -->\n<title>Grup de suport pentru p\u0103rin\u021bi. Tema \u00eent\u00e2lnirii: Grija \u0219i compasiunea fa\u021b\u0103 de sine - Biblioteca Jude\u021bean\u0103 \u201eOctavian Goga\u201d Cluj<\/title>\n<meta name=\"description\" content=\"Tema \u00eent\u00e2lnirii: Grija \u0219i compasiunea fa\u021b\u0103 de sine\" \/>\n<meta name=\"robots\" content=\"index, follow, max-snippet:-1, max-image-preview:large, max-video-preview:-1\" \/>\n<link rel=\"canonical\" href=\"https:\/\/new.bjc.ro\/?tribe_events=grup-de-suport-pentru-parinti\" \/>\n<meta property=\"og:locale\" content=\"ro_RO\" \/>\n<meta property=\"og:type\" content=\"article\" \/>\n<meta property=\"og:title\" content=\"Grup de suport pentru p\u0103rin\u021bi. Tema \u00eent\u00e2lnirii: Grija \u0219i compasiunea fa\u021b\u0103 de sine - Biblioteca Jude\u021bean\u0103 \u201eOctavian Goga\u201d Cluj\" \/>\n<meta property=\"og:description\" content=\"Tema \u00eent\u00e2lnirii: Grija \u0219i compasiunea fa\u021b\u0103 de sine\" \/>\n<meta property=\"og:url\" content=\"https:\/\/new.bjc.ro\/?tribe_events=grup-de-suport-pentru-parinti\" \/>\n<meta property=\"og:site_name\" content=\"Biblioteca Jude\u021bean\u0103 \u201eOctavian Goga\u201d Cluj\" \/>\n<meta property=\"article:publisher\" content=\"https:\/\/www.facebook.com\/bibliotecacluj\/\" \/>\n<meta property=\"og:image\" content=\"https:\/\/new.bjc.ro\/wp-content\/uploads\/2024\/02\/Grija-si-compasiunea-fata-de-sine_28_02_2024_web.jpg\" \/>\n\t<meta property=\"og:image:width\" content=\"566\" \/>\n\t<meta property=\"og:image:height\" content=\"400\" \/>\n\t<meta property=\"og:image:type\" content=\"image\/jpeg\" \/>\n<meta name=\"twitter:card\" content=\"summary_large_image\" \/>\n<meta name=\"twitter:site\" content=\"@BibliotecaGoga\" \/>\n<meta name=\"twitter:label1\" content=\"Timp estimat pentru citire\" \/>\n\t<meta name=\"twitter:data1\" content=\"2 minute\" \/>\n<script type=\"application\/ld+json\" class=\"yoast-schema-graph\">{\"@context\":\"https:\/\/schema.org\",\"@graph\":[{\"@type\":\"WebPage\",\"@id\":\"https:\/\/new.bjc.ro\/?tribe_events=grup-de-suport-pentru-parinti\",\"url\":\"https:\/\/new.bjc.ro\/?tribe_events=grup-de-suport-pentru-parinti\",\"name\":\"Grup de suport pentru p\u0103rin\u021bi. Tema \u00eent\u00e2lnirii: Grija \u0219i compasiunea fa\u021b\u0103 de sine - Biblioteca Jude\u021bean\u0103 \u201eOctavian Goga\u201d Cluj\",\"isPartOf\":{\"@id\":\"https:\/\/new.bjc.ro\/#website\"},\"primaryImageOfPage\":{\"@id\":\"https:\/\/new.bjc.ro\/?tribe_events=grup-de-suport-pentru-parinti#primaryimage\"},\"image\":{\"@id\":\"https:\/\/new.bjc.ro\/?tribe_events=grup-de-suport-pentru-parinti#primaryimage\"},\"thumbnailUrl\":\"https:\/\/new.bjc.ro\/wp-content\/uploads\/2024\/02\/Grija-si-compasiunea-fata-de-sine_28_02_2024_web.jpg\",\"datePublished\":\"2024-02-22T11:41:00+00:00\",\"description\":\"Tema \u00eent\u00e2lnirii: Grija \u0219i compasiunea fa\u021b\u0103 de sine\",\"breadcrumb\":{\"@id\":\"https:\/\/new.bjc.ro\/?tribe_events=grup-de-suport-pentru-parinti#breadcrumb\"},\"inLanguage\":\"ro-RO\",\"potentialAction\":[{\"@type\":\"ReadAction\",\"target\":[\"https:\/\/new.bjc.ro\/?tribe_events=grup-de-suport-pentru-parinti\"]}]},{\"@type\":\"ImageObject\",\"inLanguage\":\"ro-RO\",\"@id\":\"https:\/\/new.bjc.ro\/?tribe_events=grup-de-suport-pentru-parinti#primaryimage\",\"url\":\"https:\/\/new.bjc.ro\/wp-content\/uploads\/2024\/02\/Grija-si-compasiunea-fata-de-sine_28_02_2024_web.jpg\",\"contentUrl\":\"https:\/\/new.bjc.ro\/wp-content\/uploads\/2024\/02\/Grija-si-compasiunea-fata-de-sine_28_02_2024_web.jpg\",\"width\":566,\"height\":400},{\"@type\":\"BreadcrumbList\",\"@id\":\"https:\/\/new.bjc.ro\/?tribe_events=grup-de-suport-pentru-parinti#breadcrumb\",\"itemListElement\":[{\"@type\":\"ListItem\",\"position\":1,\"name\":\"Home\",\"item\":\"https:\/\/new.bjc.ro\/\"},{\"@type\":\"ListItem\",\"position\":2,\"name\":\"Evenimente\",\"item\":\"https:\/\/new.bjc.ro\/?post_type=tribe_events\"},{\"@type\":\"ListItem\",\"position\":3,\"name\":\"Grup de suport pentru p\u0103rin\u021bi. Tema \u00eent\u00e2lnirii: Grija \u0219i compasiunea fa\u021b\u0103 de sine\"}]},{\"@type\":\"WebSite\",\"@id\":\"https:\/\/new.bjc.ro\/#website\",\"url\":\"https:\/\/new.bjc.ro\/\",\"name\":\"Biblioteca Jude\u021bean\u0103 \u201eOctavian Goga\u201d Cluj\",\"description\":\"\",\"publisher\":{\"@id\":\"https:\/\/new.bjc.ro\/#organization\"},\"alternateName\":\"Biblioteca Jude\u021bean\u0103 Cluj\",\"potentialAction\":[{\"@type\":\"SearchAction\",\"target\":{\"@type\":\"EntryPoint\",\"urlTemplate\":\"https:\/\/new.bjc.ro\/?s={search_term_string}\"},\"query-input\":{\"@type\":\"PropertyValueSpecification\",\"valueRequired\":true,\"valueName\":\"search_term_string\"}}],\"inLanguage\":\"ro-RO\"},{\"@type\":\"Organization\",\"@id\":\"https:\/\/new.bjc.ro\/#organization\",\"name\":\"Biblioteca Jude\u021bean\u0103 \u201eOctavian Goga\u201d Cluj\",\"url\":\"https:\/\/new.bjc.ro\/\",\"logo\":{\"@type\":\"ImageObject\",\"inLanguage\":\"ro-RO\",\"@id\":\"https:\/\/new.bjc.ro\/#\/schema\/logo\/image\/\",\"url\":\"https:\/\/new.bjc.ro\/wp-content\/uploads\/2023\/03\/sigle.jpg\",\"contentUrl\":\"https:\/\/new.bjc.ro\/wp-content\/uploads\/2023\/03\/sigle.jpg\",\"width\":630,\"height\":473,\"caption\":\"Biblioteca Jude\u021bean\u0103 \u201eOctavian Goga\u201d Cluj\"},\"image\":{\"@id\":\"https:\/\/new.bjc.ro\/#\/schema\/logo\/image\/\"},\"sameAs\":[\"https:\/\/www.facebook.com\/bibliotecacluj\/\",\"https:\/\/x.com\/BibliotecaGoga\",\"https:\/\/www.instagram.com\/biblioteca_judeteana_cluj\/\",\"https:\/\/www.youtube.com\/user\/BibliotecaGoga\"]}]}<\/script>\n<!-- \/ Yoast SEO plugin. -->","yoast_head_json":{"title":"Grup de suport pentru p\u0103rin\u021bi. Tema \u00eent\u00e2lnirii: Grija \u0219i compasiunea fa\u021b\u0103 de sine - Biblioteca Jude\u021bean\u0103 \u201eOctavian Goga\u201d Cluj","description":"Tema \u00eent\u00e2lnirii: Grija \u0219i compasiunea fa\u021b\u0103 de sine","robots":{"index":"index","follow":"follow","max-snippet":"max-snippet:-1","max-image-preview":"max-image-preview:large","max-video-preview":"max-video-preview:-1"},"canonical":"https:\/\/new.bjc.ro\/?tribe_events=grup-de-suport-pentru-parinti","og_locale":"ro_RO","og_type":"article","og_title":"Grup de suport pentru p\u0103rin\u021bi. Tema \u00eent\u00e2lnirii: Grija \u0219i compasiunea fa\u021b\u0103 de sine - Biblioteca Jude\u021bean\u0103 \u201eOctavian Goga\u201d Cluj","og_description":"Tema \u00eent\u00e2lnirii: Grija \u0219i compasiunea fa\u021b\u0103 de sine","og_url":"https:\/\/new.bjc.ro\/?tribe_events=grup-de-suport-pentru-parinti","og_site_name":"Biblioteca Jude\u021bean\u0103 \u201eOctavian Goga\u201d Cluj","article_publisher":"https:\/\/www.facebook.com\/bibliotecacluj\/","og_image":[{"width":566,"height":400,"url":"https:\/\/new.bjc.ro\/wp-content\/uploads\/2024\/02\/Grija-si-compasiunea-fata-de-sine_28_02_2024_web.jpg","type":"image\/jpeg"}],"twitter_card":"summary_large_image","twitter_site":"@BibliotecaGoga","twitter_misc":{"Timp estimat pentru citire":"2 minute"},"schema":{"@context":"https:\/\/schema.org","@graph":[{"@type":"WebPage","@id":"https:\/\/new.bjc.ro\/?tribe_events=grup-de-suport-pentru-parinti","url":"https:\/\/new.bjc.ro\/?tribe_events=grup-de-suport-pentru-parinti","name":"Grup de suport pentru p\u0103rin\u021bi. Tema \u00eent\u00e2lnirii: Grija \u0219i compasiunea fa\u021b\u0103 de sine - Biblioteca Jude\u021bean\u0103 \u201eOctavian Goga\u201d Cluj","isPartOf":{"@id":"https:\/\/new.bjc.ro\/#website"},"primaryImageOfPage":{"@id":"https:\/\/new.bjc.ro\/?tribe_events=grup-de-suport-pentru-parinti#primaryimage"},"image":{"@id":"https:\/\/new.bjc.ro\/?tribe_events=grup-de-suport-pentru-parinti#primaryimage"},"thumbnailUrl":"https:\/\/new.bjc.ro\/wp-content\/uploads\/2024\/02\/Grija-si-compasiunea-fata-de-sine_28_02_2024_web.jpg","datePublished":"2024-02-22T11:41:00+00:00","description":"Tema \u00eent\u00e2lnirii: Grija \u0219i compasiunea fa\u021b\u0103 de sine","breadcrumb":{"@id":"https:\/\/new.bjc.ro\/?tribe_events=grup-de-suport-pentru-parinti#breadcrumb"},"inLanguage":"ro-RO","potentialAction":[{"@type":"ReadAction","target":["https:\/\/new.bjc.ro\/?tribe_events=grup-de-suport-pentru-parinti"]}]},{"@type":"ImageObject","inLanguage":"ro-RO","@id":"https:\/\/new.bjc.ro\/?tribe_events=grup-de-suport-pentru-parinti#primaryimage","url":"https:\/\/new.bjc.ro\/wp-content\/uploads\/2024\/02\/Grija-si-compasiunea-fata-de-sine_28_02_2024_web.jpg","contentUrl":"https:\/\/new.bjc.ro\/wp-content\/uploads\/2024\/02\/Grija-si-compasiunea-fata-de-sine_28_02_2024_web.jpg","width":566,"height":400},{"@type":"BreadcrumbList","@id":"https:\/\/new.bjc.ro\/?tribe_events=grup-de-suport-pentru-parinti#breadcrumb","itemListElement":[{"@type":"ListItem","position":1,"name":"Home","item":"https:\/\/new.bjc.ro\/"},{"@type":"ListItem","position":2,"name":"Evenimente","item":"https:\/\/new.bjc.ro\/?post_type=tribe_events"},{"@type":"ListItem","position":3,"name":"Grup de suport pentru p\u0103rin\u021bi. Tema \u00eent\u00e2lnirii: Grija \u0219i compasiunea fa\u021b\u0103 de sine"}]},{"@type":"WebSite","@id":"https:\/\/new.bjc.ro\/#website","url":"https:\/\/new.bjc.ro\/","name":"Biblioteca Jude\u021bean\u0103 \u201eOctavian Goga\u201d Cluj","description":"","publisher":{"@id":"https:\/\/new.bjc.ro\/#organization"},"alternateName":"Biblioteca Jude\u021bean\u0103 Cluj","potentialAction":[{"@type":"SearchAction","target":{"@type":"EntryPoint","urlTemplate":"https:\/\/new.bjc.ro\/?s={search_term_string}"},"query-input":{"@type":"PropertyValueSpecification","valueRequired":true,"valueName":"search_term_string"}}],"inLanguage":"ro-RO"},{"@type":"Organization","@id":"https:\/\/new.bjc.ro\/#organization","name":"Biblioteca Jude\u021bean\u0103 \u201eOctavian Goga\u201d Cluj","url":"https:\/\/new.bjc.ro\/","logo":{"@type":"ImageObject","inLanguage":"ro-RO","@id":"https:\/\/new.bjc.ro\/#\/schema\/logo\/image\/","url":"https:\/\/new.bjc.ro\/wp-content\/uploads\/2023\/03\/sigle.jpg","contentUrl":"https:\/\/new.bjc.ro\/wp-content\/uploads\/2023\/03\/sigle.jpg","width":630,"height":473,"caption":"Biblioteca Jude\u021bean\u0103 \u201eOctavian Goga\u201d Cluj"},"image":{"@id":"https:\/\/new.bjc.ro\/#\/schema\/logo\/image\/"},"sameAs":["https:\/\/www.facebook.com\/bibliotecacluj\/","https:\/\/x.com\/BibliotecaGoga","https:\/\/www.instagram.com\/biblioteca_judeteana_cluj\/","https:\/\/www.youtube.com\/user\/BibliotecaGoga"]}]}},"_links":{"self":[{"href":"https:\/\/new.bjc.ro\/index.php?rest_route=\/wp\/v2\/tribe_events\/8635","targetHints":{"allow":["GET"]}}],"collection":[{"href":"https:\/\/new.bjc.ro\/index.php?rest_route=\/wp\/v2\/tribe_events"}],"about":[{"href":"https:\/\/new.bjc.ro\/index.php?rest_route=\/wp\/v2\/types\/tribe_events"}],"author":[{"embeddable":true,"href":"https:\/\/new.bjc.ro\/index.php?rest_route=\/wp\/v2\/users\/1"}],"version-history":[{"count":1,"href":"https:\/\/new.bjc.ro\/index.php?rest_route=\/wp\/v2\/tribe_events\/8635\/revisions"}],"predecessor-version":[{"id":8637,"href":"https:\/\/new.bjc.ro\/index.php?rest_route=\/wp\/v2\/tribe_events\/8635\/revisions\/8637"}],"wp:featuredmedia":[{"embeddable":true,"href":"https:\/\/new.bjc.ro\/index.php?rest_route=\/wp\/v2\/media\/8636"}],"wp:attachment":[{"href":"https:\/\/new.bjc.ro\/index.php?rest_route=%2Fwp%2Fv2%2Fmedia&parent=8635"}],"wp:term":[{"taxonomy":"post_tag","embeddable":true,"href":"https:\/\/new.bjc.ro\/index.php?rest_route=%2Fwp%2Fv2%2Ftags&post=8635"},{"taxonomy":"tribe_events_cat","embeddable":true,"href":"https:\/\/new.bjc.ro\/index.php?rest_route=%2Fwp%2Fv2%2Ftribe_events_cat&post=8635"}],"curies":[{"name":"wp","href":"https:\/\/api.w.org\/{rel}","templated":true}]}}