{"id":8638,"date":"2024-02-22T13:48:01","date_gmt":"2024-02-22T11:48:01","guid":{"rendered":"https:\/\/new.bjc.ro\/?post_type=tribe_events&#038;p=8638"},"modified":"2024-02-22T13:49:07","modified_gmt":"2024-02-22T11:49:07","slug":"concursul-de-creatie-literara-micii-creatori","status":"publish","type":"tribe_events","link":"https:\/\/new.bjc.ro\/?tribe_events=concursul-de-creatie-literara-micii-creatori","title":{"rendered":"Concursul de crea\u0163ie literar\u0103 \u201eMicii Creatori\u201d"},"content":{"rendered":"<p>Cu ocazia Zilei Interna\u0163ionale a C\u0103r\u0163ii pentru Copii, Filiala \u201eTraian Brad&#8221; organizeaz\u0103 cea de-a XXI-a edi\u0163ie a concursului de crea\u0163ie literar\u0103 \u201eMicii\u00a0creatori\u201d.\u00a0Concursul este un omagiu adus marelui scriitor danez Hans Christian Andersen, cunoscut \u00een \u00eentreaga lume pentru opera literar\u0103 dedicat\u0103 copiilor dar \u015fi o \u00eencercare \u00een plus de a-i atrage pe cei mai mici cititori \u00een minunatul univers al c\u0103r\u0163ilor. V\u0103 dorim mult succes \u0219i inspira\u021bie pe m\u0103sur\u0103!<\/p>\n<p>Regulamentul\u00a0concursului\u00a0este\u00a0disponibil\u00a0<strong><a href=\"https:\/\/new.bjc.ro\/wp-content\/uploads\/2024\/02\/Regulament_Micii-creatori_2024.doc.pdf\">aici<\/a><br \/>\n<\/strong><\/p>\n","protected":false},"excerpt":{"rendered":"<p>Cu ocazia Zilei Interna\u0163ionale a C\u0103r\u0163ii pentru Copii, Filiala \u201eTraian Brad&#8221; organizeaz\u0103 cea de-a XXI-a edi\u0163ie a concursului de crea\u0163ie literar\u0103 \u201eMicii\u00a0creatori\u201d.\u00a0Concursul este un omagiu adus marelui scriitor danez Hans Christian Andersen, cunoscut \u00een \u00eentreaga lume pentru opera literar\u0103 dedicat\u0103 copiilor dar \u015fi o \u00eencercare \u00een plus de a-i atrage&hellip; <br \/> <a class=\"read-more\" href=\"https:\/\/new.bjc.ro\/?tribe_events=concursul-de-creatie-literara-micii-creatori\">Cite\u0219te mai mult<\/a><\/p>\n","protected":false},"author":1,"featured_media":8639,"template":"","meta":{"_monsterinsights_skip_tracking":false,"_monsterinsights_sitenote_active":false,"_monsterinsights_sitenote_note":"","_monsterinsights_sitenote_category":0,"_EventAllDay":false,"_EventTimezone":"Europe\/Bucharest","_EventStartDate":"2024-03-04 08:00:00","_EventEndDate":"2024-04-02 20:00:00","_EventStartDateUTC":"2024-03-04 06:00:00","_EventEndDateUTC":"2024-04-02 17:00:00","_EventShowMap":true,"_EventShowMapLink":true,"_EventURL":"","_EventCost":"","_EventCostDescription":"","_EventCurrencySymbol":"","_EventCurrencyCode":"","_EventCurrencyPosition":"prefix","_EventDateTimeSeparator":"","_EventTimeRangeSeparator":"","_EventOrganizerID":[2810],"_EventVenueID":[6041],"_OrganizerEmail":"","_OrganizerPhone":"","_OrganizerWebsite":"","_VenueAddress":"","_VenueCity":"","_VenueCountry":"","_VenueProvince":"","_VenueState":"","_VenueZip":"","_VenuePhone":"","_VenueURL":"","_VenueStateProvince":"","_VenueLat":"","_VenueLng":"","_VenueShowMap":false,"_VenueShowMapLink":false,"_tribe_events_status":"","_tribe_events_status_reason":"","footnotes":""},"tags":[148],"tribe_events_cat":[53],"class_list":["post-8638","tribe_events","type-tribe_events","status-publish","has-post-thumbnail","hentry","tag-concurs-de-creatie-literara","tribe_events_cat-concursuri","cat_concursuri"],"yoast_head":"<!-- This site is optimized with the Yoast SEO plugin v24.6 - https:\/\/yoast.com\/wordpress\/plugins\/seo\/ -->\n<title>Concursul de crea\u0163ie literar\u0103 \u201eMicii Creatori\u201d - Biblioteca Jude\u021bean\u0103 \u201eOctavian Goga\u201d Cluj<\/title>\n<meta name=\"robots\" content=\"index, follow, max-snippet:-1, max-image-preview:large, max-video-preview:-1\" \/>\n<link rel=\"canonical\" href=\"https:\/\/new.bjc.ro\/?tribe_events=concursul-de-creatie-literara-micii-creatori\" \/>\n<meta property=\"og:locale\" content=\"ro_RO\" \/>\n<meta property=\"og:type\" content=\"article\" \/>\n<meta property=\"og:title\" content=\"Concursul de crea\u0163ie literar\u0103 \u201eMicii Creatori\u201d - Biblioteca Jude\u021bean\u0103 \u201eOctavian Goga\u201d Cluj\" \/>\n<meta property=\"og:description\" content=\"Cu ocazia Zilei Interna\u0163ionale a C\u0103r\u0163ii pentru Copii, Filiala \u201eTraian Brad&#8221; organizeaz\u0103 cea de-a XXI-a edi\u0163ie a concursului de crea\u0163ie literar\u0103 \u201eMicii\u00a0creatori\u201d.\u00a0Concursul este un omagiu adus marelui scriitor danez Hans Christian Andersen, cunoscut \u00een \u00eentreaga lume pentru opera literar\u0103 dedicat\u0103 copiilor dar \u015fi o \u00eencercare \u00een plus de a-i atrage&hellip; Cite\u0219te mai mult\" \/>\n<meta property=\"og:url\" content=\"https:\/\/new.bjc.ro\/?tribe_events=concursul-de-creatie-literara-micii-creatori\" \/>\n<meta property=\"og:site_name\" content=\"Biblioteca Jude\u021bean\u0103 \u201eOctavian Goga\u201d Cluj\" \/>\n<meta property=\"article:publisher\" content=\"https:\/\/www.facebook.com\/bibliotecacluj\/\" \/>\n<meta property=\"article:modified_time\" content=\"2024-02-22T11:49:07+00:00\" \/>\n<meta property=\"og:image\" content=\"https:\/\/new.bjc.ro\/wp-content\/uploads\/2024\/02\/Afis-Micii-creatori.jpg\" \/>\n\t<meta property=\"og:image:width\" content=\"400\" \/>\n\t<meta property=\"og:image:height\" content=\"566\" \/>\n\t<meta property=\"og:image:type\" content=\"image\/jpeg\" \/>\n<meta name=\"twitter:card\" content=\"summary_large_image\" \/>\n<meta name=\"twitter:site\" content=\"@BibliotecaGoga\" \/>\n<meta name=\"twitter:label1\" content=\"Timp estimat pentru citire\" \/>\n\t<meta name=\"twitter:data1\" content=\"1 minut\" \/>\n<script type=\"application\/ld+json\" class=\"yoast-schema-graph\">{\"@context\":\"https:\/\/schema.org\",\"@graph\":[{\"@type\":\"WebPage\",\"@id\":\"https:\/\/new.bjc.ro\/?tribe_events=concursul-de-creatie-literara-micii-creatori\",\"url\":\"https:\/\/new.bjc.ro\/?tribe_events=concursul-de-creatie-literara-micii-creatori\",\"name\":\"Concursul de crea\u0163ie literar\u0103 \u201eMicii Creatori\u201d - Biblioteca Jude\u021bean\u0103 \u201eOctavian Goga\u201d Cluj\",\"isPartOf\":{\"@id\":\"https:\/\/new.bjc.ro\/#website\"},\"primaryImageOfPage\":{\"@id\":\"https:\/\/new.bjc.ro\/?tribe_events=concursul-de-creatie-literara-micii-creatori#primaryimage\"},\"image\":{\"@id\":\"https:\/\/new.bjc.ro\/?tribe_events=concursul-de-creatie-literara-micii-creatori#primaryimage\"},\"thumbnailUrl\":\"https:\/\/new.bjc.ro\/wp-content\/uploads\/2024\/02\/Afis-Micii-creatori.jpg\",\"datePublished\":\"2024-02-22T11:48:01+00:00\",\"dateModified\":\"2024-02-22T11:49:07+00:00\",\"breadcrumb\":{\"@id\":\"https:\/\/new.bjc.ro\/?tribe_events=concursul-de-creatie-literara-micii-creatori#breadcrumb\"},\"inLanguage\":\"ro-RO\",\"potentialAction\":[{\"@type\":\"ReadAction\",\"target\":[\"https:\/\/new.bjc.ro\/?tribe_events=concursul-de-creatie-literara-micii-creatori\"]}]},{\"@type\":\"ImageObject\",\"inLanguage\":\"ro-RO\",\"@id\":\"https:\/\/new.bjc.ro\/?tribe_events=concursul-de-creatie-literara-micii-creatori#primaryimage\",\"url\":\"https:\/\/new.bjc.ro\/wp-content\/uploads\/2024\/02\/Afis-Micii-creatori.jpg\",\"contentUrl\":\"https:\/\/new.bjc.ro\/wp-content\/uploads\/2024\/02\/Afis-Micii-creatori.jpg\",\"width\":400,\"height\":566},{\"@type\":\"BreadcrumbList\",\"@id\":\"https:\/\/new.bjc.ro\/?tribe_events=concursul-de-creatie-literara-micii-creatori#breadcrumb\",\"itemListElement\":[{\"@type\":\"ListItem\",\"position\":1,\"name\":\"Home\",\"item\":\"https:\/\/new.bjc.ro\/\"},{\"@type\":\"ListItem\",\"position\":2,\"name\":\"Evenimente\",\"item\":\"https:\/\/new.bjc.ro\/?post_type=tribe_events\"},{\"@type\":\"ListItem\",\"position\":3,\"name\":\"Concursul de crea\u0163ie literar\u0103 \u201eMicii Creatori\u201d\"}]},{\"@type\":\"WebSite\",\"@id\":\"https:\/\/new.bjc.ro\/#website\",\"url\":\"https:\/\/new.bjc.ro\/\",\"name\":\"Biblioteca Jude\u021bean\u0103 \u201eOctavian Goga\u201d Cluj\",\"description\":\"\",\"publisher\":{\"@id\":\"https:\/\/new.bjc.ro\/#organization\"},\"alternateName\":\"Biblioteca Jude\u021bean\u0103 Cluj\",\"potentialAction\":[{\"@type\":\"SearchAction\",\"target\":{\"@type\":\"EntryPoint\",\"urlTemplate\":\"https:\/\/new.bjc.ro\/?s={search_term_string}\"},\"query-input\":{\"@type\":\"PropertyValueSpecification\",\"valueRequired\":true,\"valueName\":\"search_term_string\"}}],\"inLanguage\":\"ro-RO\"},{\"@type\":\"Organization\",\"@id\":\"https:\/\/new.bjc.ro\/#organization\",\"name\":\"Biblioteca Jude\u021bean\u0103 \u201eOctavian Goga\u201d Cluj\",\"url\":\"https:\/\/new.bjc.ro\/\",\"logo\":{\"@type\":\"ImageObject\",\"inLanguage\":\"ro-RO\",\"@id\":\"https:\/\/new.bjc.ro\/#\/schema\/logo\/image\/\",\"url\":\"https:\/\/new.bjc.ro\/wp-content\/uploads\/2023\/03\/sigle.jpg\",\"contentUrl\":\"https:\/\/new.bjc.ro\/wp-content\/uploads\/2023\/03\/sigle.jpg\",\"width\":630,\"height\":473,\"caption\":\"Biblioteca Jude\u021bean\u0103 \u201eOctavian Goga\u201d Cluj\"},\"image\":{\"@id\":\"https:\/\/new.bjc.ro\/#\/schema\/logo\/image\/\"},\"sameAs\":[\"https:\/\/www.facebook.com\/bibliotecacluj\/\",\"https:\/\/x.com\/BibliotecaGoga\",\"https:\/\/www.instagram.com\/biblioteca_judeteana_cluj\/\",\"https:\/\/www.youtube.com\/user\/BibliotecaGoga\"]}]}<\/script>\n<!-- \/ Yoast SEO plugin. -->","yoast_head_json":{"title":"Concursul de crea\u0163ie literar\u0103 \u201eMicii Creatori\u201d - Biblioteca Jude\u021bean\u0103 \u201eOctavian Goga\u201d Cluj","robots":{"index":"index","follow":"follow","max-snippet":"max-snippet:-1","max-image-preview":"max-image-preview:large","max-video-preview":"max-video-preview:-1"},"canonical":"https:\/\/new.bjc.ro\/?tribe_events=concursul-de-creatie-literara-micii-creatori","og_locale":"ro_RO","og_type":"article","og_title":"Concursul de crea\u0163ie literar\u0103 \u201eMicii Creatori\u201d - Biblioteca Jude\u021bean\u0103 \u201eOctavian Goga\u201d Cluj","og_description":"Cu ocazia Zilei Interna\u0163ionale a C\u0103r\u0163ii pentru Copii, Filiala \u201eTraian Brad&#8221; organizeaz\u0103 cea de-a XXI-a edi\u0163ie a concursului de crea\u0163ie literar\u0103 \u201eMicii\u00a0creatori\u201d.\u00a0Concursul este un omagiu adus marelui scriitor danez Hans Christian Andersen, cunoscut \u00een \u00eentreaga lume pentru opera literar\u0103 dedicat\u0103 copiilor dar \u015fi o \u00eencercare \u00een plus de a-i atrage&hellip; Cite\u0219te mai mult","og_url":"https:\/\/new.bjc.ro\/?tribe_events=concursul-de-creatie-literara-micii-creatori","og_site_name":"Biblioteca Jude\u021bean\u0103 \u201eOctavian Goga\u201d Cluj","article_publisher":"https:\/\/www.facebook.com\/bibliotecacluj\/","article_modified_time":"2024-02-22T11:49:07+00:00","og_image":[{"width":400,"height":566,"url":"https:\/\/new.bjc.ro\/wp-content\/uploads\/2024\/02\/Afis-Micii-creatori.jpg","type":"image\/jpeg"}],"twitter_card":"summary_large_image","twitter_site":"@BibliotecaGoga","twitter_misc":{"Timp estimat pentru citire":"1 minut"},"schema":{"@context":"https:\/\/schema.org","@graph":[{"@type":"WebPage","@id":"https:\/\/new.bjc.ro\/?tribe_events=concursul-de-creatie-literara-micii-creatori","url":"https:\/\/new.bjc.ro\/?tribe_events=concursul-de-creatie-literara-micii-creatori","name":"Concursul de crea\u0163ie literar\u0103 \u201eMicii Creatori\u201d - Biblioteca Jude\u021bean\u0103 \u201eOctavian Goga\u201d Cluj","isPartOf":{"@id":"https:\/\/new.bjc.ro\/#website"},"primaryImageOfPage":{"@id":"https:\/\/new.bjc.ro\/?tribe_events=concursul-de-creatie-literara-micii-creatori#primaryimage"},"image":{"@id":"https:\/\/new.bjc.ro\/?tribe_events=concursul-de-creatie-literara-micii-creatori#primaryimage"},"thumbnailUrl":"https:\/\/new.bjc.ro\/wp-content\/uploads\/2024\/02\/Afis-Micii-creatori.jpg","datePublished":"2024-02-22T11:48:01+00:00","dateModified":"2024-02-22T11:49:07+00:00","breadcrumb":{"@id":"https:\/\/new.bjc.ro\/?tribe_events=concursul-de-creatie-literara-micii-creatori#breadcrumb"},"inLanguage":"ro-RO","potentialAction":[{"@type":"ReadAction","target":["https:\/\/new.bjc.ro\/?tribe_events=concursul-de-creatie-literara-micii-creatori"]}]},{"@type":"ImageObject","inLanguage":"ro-RO","@id":"https:\/\/new.bjc.ro\/?tribe_events=concursul-de-creatie-literara-micii-creatori#primaryimage","url":"https:\/\/new.bjc.ro\/wp-content\/uploads\/2024\/02\/Afis-Micii-creatori.jpg","contentUrl":"https:\/\/new.bjc.ro\/wp-content\/uploads\/2024\/02\/Afis-Micii-creatori.jpg","width":400,"height":566},{"@type":"BreadcrumbList","@id":"https:\/\/new.bjc.ro\/?tribe_events=concursul-de-creatie-literara-micii-creatori#breadcrumb","itemListElement":[{"@type":"ListItem","position":1,"name":"Home","item":"https:\/\/new.bjc.ro\/"},{"@type":"ListItem","position":2,"name":"Evenimente","item":"https:\/\/new.bjc.ro\/?post_type=tribe_events"},{"@type":"ListItem","position":3,"name":"Concursul de crea\u0163ie literar\u0103 \u201eMicii Creatori\u201d"}]},{"@type":"WebSite","@id":"https:\/\/new.bjc.ro\/#website","url":"https:\/\/new.bjc.ro\/","name":"Biblioteca Jude\u021bean\u0103 \u201eOctavian Goga\u201d Cluj","description":"","publisher":{"@id":"https:\/\/new.bjc.ro\/#organization"},"alternateName":"Biblioteca Jude\u021bean\u0103 Cluj","potentialAction":[{"@type":"SearchAction","target":{"@type":"EntryPoint","urlTemplate":"https:\/\/new.bjc.ro\/?s={search_term_string}"},"query-input":{"@type":"PropertyValueSpecification","valueRequired":true,"valueName":"search_term_string"}}],"inLanguage":"ro-RO"},{"@type":"Organization","@id":"https:\/\/new.bjc.ro\/#organization","name":"Biblioteca Jude\u021bean\u0103 \u201eOctavian Goga\u201d Cluj","url":"https:\/\/new.bjc.ro\/","logo":{"@type":"ImageObject","inLanguage":"ro-RO","@id":"https:\/\/new.bjc.ro\/#\/schema\/logo\/image\/","url":"https:\/\/new.bjc.ro\/wp-content\/uploads\/2023\/03\/sigle.jpg","contentUrl":"https:\/\/new.bjc.ro\/wp-content\/uploads\/2023\/03\/sigle.jpg","width":630,"height":473,"caption":"Biblioteca Jude\u021bean\u0103 \u201eOctavian Goga\u201d Cluj"},"image":{"@id":"https:\/\/new.bjc.ro\/#\/schema\/logo\/image\/"},"sameAs":["https:\/\/www.facebook.com\/bibliotecacluj\/","https:\/\/x.com\/BibliotecaGoga","https:\/\/www.instagram.com\/biblioteca_judeteana_cluj\/","https:\/\/www.youtube.com\/user\/BibliotecaGoga"]}]}},"_links":{"self":[{"href":"https:\/\/new.bjc.ro\/index.php?rest_route=\/wp\/v2\/tribe_events\/8638","targetHints":{"allow":["GET"]}}],"collection":[{"href":"https:\/\/new.bjc.ro\/index.php?rest_route=\/wp\/v2\/tribe_events"}],"about":[{"href":"https:\/\/new.bjc.ro\/index.php?rest_route=\/wp\/v2\/types\/tribe_events"}],"author":[{"embeddable":true,"href":"https:\/\/new.bjc.ro\/index.php?rest_route=\/wp\/v2\/users\/1"}],"version-history":[{"count":2,"href":"https:\/\/new.bjc.ro\/index.php?rest_route=\/wp\/v2\/tribe_events\/8638\/revisions"}],"predecessor-version":[{"id":8642,"href":"https:\/\/new.bjc.ro\/index.php?rest_route=\/wp\/v2\/tribe_events\/8638\/revisions\/8642"}],"wp:featuredmedia":[{"embeddable":true,"href":"https:\/\/new.bjc.ro\/index.php?rest_route=\/wp\/v2\/media\/8639"}],"wp:attachment":[{"href":"https:\/\/new.bjc.ro\/index.php?rest_route=%2Fwp%2Fv2%2Fmedia&parent=8638"}],"wp:term":[{"taxonomy":"post_tag","embeddable":true,"href":"https:\/\/new.bjc.ro\/index.php?rest_route=%2Fwp%2Fv2%2Ftags&post=8638"},{"taxonomy":"tribe_events_cat","embeddable":true,"href":"https:\/\/new.bjc.ro\/index.php?rest_route=%2Fwp%2Fv2%2Ftribe_events_cat&post=8638"}],"curies":[{"name":"wp","href":"https:\/\/api.w.org\/{rel}","templated":true}]}}