{"id":8703,"date":"2024-02-29T14:38:31","date_gmt":"2024-02-29T12:38:31","guid":{"rendered":"https:\/\/new.bjc.ro\/?post_type=tribe_events&#038;p=8703"},"modified":"2024-02-29T14:39:58","modified_gmt":"2024-02-29T12:39:58","slug":"ziua-mondiala-a-scriitorului","status":"publish","type":"tribe_events","link":"https:\/\/new.bjc.ro\/?tribe_events=ziua-mondiala-a-scriitorului","title":{"rendered":"Ziua Mondial\u0103 a Scriitorului"},"content":{"rendered":"<p>Cu ocazia Zilei Mondiale a Scriitorului, s\u0103rb\u0103torit\u0103 \u00een 3 martie, Sec\u021bia pentru copii organizeaz\u0103 o \u00eent\u00e2lnire cu scriitoarea \u0219i ilustratoarea de c\u0103r\u021bi pentru copii Diana Tivu. \u00cent\u00e2lnirea va avea loc \u00een data de 4 martie, de la ora 14:30, la Sec\u021bia pentru adolescen\u021bi, etaj IV centru \u0219i se va desf\u0103\u0219ura sub forma unei activit\u0103\u021bi facilitate de comunicarea on-line. \u00cen cadrul acesteia, elevii claselor a II-a de la Colegiul Na\u021bional \u201eGheorghe \u0218incai\u201d vor afla cum ia na\u0219tere o poveste, at\u00e2t \u00een cuvinte, c\u00e2t \u0219i \u00een culori, din imagina\u021bia artistic\u0103 a autoarei \u0219i vor putea pune \u00een practic\u0103 tehnici de crea\u021bie potrivite pentru \u00eencep\u0103tori.<\/p>\n","protected":false},"excerpt":{"rendered":"<p>Cu ocazia Zilei Mondiale a Scriitorului, s\u0103rb\u0103torit\u0103 \u00een 3 martie, Sec\u021bia pentru copii organizeaz\u0103 o \u00eent\u00e2lnire cu scriitoarea \u0219i ilustratoarea de c\u0103r\u021bi pentru copii Diana Tivu. \u00cent\u00e2lnirea va avea loc \u00een data de 4 martie, de la ora 14:30, la Sec\u021bia pentru adolescen\u021bi, etaj IV centru \u0219i se va desf\u0103\u0219ura&hellip; <br \/> <a class=\"read-more\" href=\"https:\/\/new.bjc.ro\/?tribe_events=ziua-mondiala-a-scriitorului\">Cite\u0219te mai mult<\/a><\/p>\n","protected":false},"author":1,"featured_media":8704,"template":"","meta":{"_monsterinsights_skip_tracking":false,"_monsterinsights_sitenote_active":false,"_monsterinsights_sitenote_note":"","_monsterinsights_sitenote_category":0,"_EventAllDay":false,"_EventTimezone":"Europe\/Bucharest","_EventStartDate":"2024-03-04 14:30:00","_EventEndDate":"2024-03-04 17:00:00","_EventStartDateUTC":"2024-03-04 12:30:00","_EventEndDateUTC":"2024-03-04 15:00:00","_EventShowMap":true,"_EventShowMapLink":true,"_EventURL":"","_EventCost":"","_EventCostDescription":"","_EventCurrencySymbol":"","_EventCurrencyCode":"","_EventCurrencyPosition":"prefix","_EventDateTimeSeparator":"","_EventTimeRangeSeparator":"","_EventOrganizerID":[2810],"_EventVenueID":[2811],"_OrganizerEmail":"","_OrganizerPhone":"","_OrganizerWebsite":"","_VenueAddress":"","_VenueCity":"","_VenueCountry":"","_VenueProvince":"","_VenueState":"","_VenueZip":"","_VenuePhone":"","_VenueURL":"","_VenueStateProvince":"","_VenueLat":"","_VenueLng":"","_VenueShowMap":false,"_VenueShowMapLink":false,"_tribe_events_status":"","_tribe_events_status_reason":"","footnotes":""},"tags":[191],"tribe_events_cat":[28],"class_list":["post-8703","tribe_events","type-tribe_events","status-publish","has-post-thumbnail","hentry","tag-ziua-mondiala-a-scriitorului","tribe_events_cat-evenimente","cat_evenimente"],"yoast_head":"<!-- This site is optimized with the Yoast SEO plugin v24.6 - https:\/\/yoast.com\/wordpress\/plugins\/seo\/ -->\n<title>Ziua Mondial\u0103 a Scriitorului - Biblioteca Jude\u021bean\u0103 \u201eOctavian Goga\u201d Cluj<\/title>\n<meta name=\"description\" content=\"se va desf\u0103\u0219ura sub forma unei activit\u0103\u021bi facilitate de comunicarea on-line\" \/>\n<meta name=\"robots\" content=\"index, follow, max-snippet:-1, max-image-preview:large, max-video-preview:-1\" \/>\n<link rel=\"canonical\" href=\"https:\/\/new.bjc.ro\/?tribe_events=ziua-mondiala-a-scriitorului\" \/>\n<meta property=\"og:locale\" content=\"ro_RO\" \/>\n<meta property=\"og:type\" content=\"article\" \/>\n<meta property=\"og:title\" content=\"Ziua Mondial\u0103 a Scriitorului - Biblioteca Jude\u021bean\u0103 \u201eOctavian Goga\u201d Cluj\" \/>\n<meta property=\"og:description\" content=\"se va desf\u0103\u0219ura sub forma unei activit\u0103\u021bi facilitate de comunicarea on-line\" \/>\n<meta property=\"og:url\" content=\"https:\/\/new.bjc.ro\/?tribe_events=ziua-mondiala-a-scriitorului\" \/>\n<meta property=\"og:site_name\" content=\"Biblioteca Jude\u021bean\u0103 \u201eOctavian Goga\u201d Cluj\" \/>\n<meta property=\"article:publisher\" content=\"https:\/\/www.facebook.com\/bibliotecacluj\/\" \/>\n<meta property=\"article:modified_time\" content=\"2024-02-29T12:39:58+00:00\" \/>\n<meta property=\"og:image\" content=\"https:\/\/new.bjc.ro\/wp-content\/uploads\/2024\/02\/Afis-Ziua-Mondiala-a-Scriitorului_Diana-Tivu-1.jpg\" \/>\n\t<meta property=\"og:image:width\" content=\"400\" \/>\n\t<meta property=\"og:image:height\" content=\"566\" \/>\n\t<meta property=\"og:image:type\" content=\"image\/jpeg\" \/>\n<meta name=\"twitter:card\" content=\"summary_large_image\" \/>\n<meta name=\"twitter:site\" content=\"@BibliotecaGoga\" \/>\n<meta name=\"twitter:label1\" content=\"Timp estimat pentru citire\" \/>\n\t<meta name=\"twitter:data1\" content=\"1 minut\" \/>\n<script type=\"application\/ld+json\" class=\"yoast-schema-graph\">{\"@context\":\"https:\/\/schema.org\",\"@graph\":[{\"@type\":\"WebPage\",\"@id\":\"https:\/\/new.bjc.ro\/?tribe_events=ziua-mondiala-a-scriitorului\",\"url\":\"https:\/\/new.bjc.ro\/?tribe_events=ziua-mondiala-a-scriitorului\",\"name\":\"Ziua Mondial\u0103 a Scriitorului - Biblioteca Jude\u021bean\u0103 \u201eOctavian Goga\u201d Cluj\",\"isPartOf\":{\"@id\":\"https:\/\/new.bjc.ro\/#website\"},\"primaryImageOfPage\":{\"@id\":\"https:\/\/new.bjc.ro\/?tribe_events=ziua-mondiala-a-scriitorului#primaryimage\"},\"image\":{\"@id\":\"https:\/\/new.bjc.ro\/?tribe_events=ziua-mondiala-a-scriitorului#primaryimage\"},\"thumbnailUrl\":\"https:\/\/new.bjc.ro\/wp-content\/uploads\/2024\/02\/Afis-Ziua-Mondiala-a-Scriitorului_Diana-Tivu-1.jpg\",\"datePublished\":\"2024-02-29T12:38:31+00:00\",\"dateModified\":\"2024-02-29T12:39:58+00:00\",\"description\":\"se va desf\u0103\u0219ura sub forma unei activit\u0103\u021bi facilitate de comunicarea on-line\",\"breadcrumb\":{\"@id\":\"https:\/\/new.bjc.ro\/?tribe_events=ziua-mondiala-a-scriitorului#breadcrumb\"},\"inLanguage\":\"ro-RO\",\"potentialAction\":[{\"@type\":\"ReadAction\",\"target\":[\"https:\/\/new.bjc.ro\/?tribe_events=ziua-mondiala-a-scriitorului\"]}]},{\"@type\":\"ImageObject\",\"inLanguage\":\"ro-RO\",\"@id\":\"https:\/\/new.bjc.ro\/?tribe_events=ziua-mondiala-a-scriitorului#primaryimage\",\"url\":\"https:\/\/new.bjc.ro\/wp-content\/uploads\/2024\/02\/Afis-Ziua-Mondiala-a-Scriitorului_Diana-Tivu-1.jpg\",\"contentUrl\":\"https:\/\/new.bjc.ro\/wp-content\/uploads\/2024\/02\/Afis-Ziua-Mondiala-a-Scriitorului_Diana-Tivu-1.jpg\",\"width\":400,\"height\":566},{\"@type\":\"BreadcrumbList\",\"@id\":\"https:\/\/new.bjc.ro\/?tribe_events=ziua-mondiala-a-scriitorului#breadcrumb\",\"itemListElement\":[{\"@type\":\"ListItem\",\"position\":1,\"name\":\"Home\",\"item\":\"https:\/\/new.bjc.ro\/\"},{\"@type\":\"ListItem\",\"position\":2,\"name\":\"Evenimente\",\"item\":\"https:\/\/new.bjc.ro\/?post_type=tribe_events\"},{\"@type\":\"ListItem\",\"position\":3,\"name\":\"Ziua Mondial\u0103 a Scriitorului\"}]},{\"@type\":\"WebSite\",\"@id\":\"https:\/\/new.bjc.ro\/#website\",\"url\":\"https:\/\/new.bjc.ro\/\",\"name\":\"Biblioteca Jude\u021bean\u0103 \u201eOctavian Goga\u201d Cluj\",\"description\":\"\",\"publisher\":{\"@id\":\"https:\/\/new.bjc.ro\/#organization\"},\"alternateName\":\"Biblioteca Jude\u021bean\u0103 Cluj\",\"potentialAction\":[{\"@type\":\"SearchAction\",\"target\":{\"@type\":\"EntryPoint\",\"urlTemplate\":\"https:\/\/new.bjc.ro\/?s={search_term_string}\"},\"query-input\":{\"@type\":\"PropertyValueSpecification\",\"valueRequired\":true,\"valueName\":\"search_term_string\"}}],\"inLanguage\":\"ro-RO\"},{\"@type\":\"Organization\",\"@id\":\"https:\/\/new.bjc.ro\/#organization\",\"name\":\"Biblioteca Jude\u021bean\u0103 \u201eOctavian Goga\u201d Cluj\",\"url\":\"https:\/\/new.bjc.ro\/\",\"logo\":{\"@type\":\"ImageObject\",\"inLanguage\":\"ro-RO\",\"@id\":\"https:\/\/new.bjc.ro\/#\/schema\/logo\/image\/\",\"url\":\"https:\/\/new.bjc.ro\/wp-content\/uploads\/2023\/03\/sigle.jpg\",\"contentUrl\":\"https:\/\/new.bjc.ro\/wp-content\/uploads\/2023\/03\/sigle.jpg\",\"width\":630,\"height\":473,\"caption\":\"Biblioteca Jude\u021bean\u0103 \u201eOctavian Goga\u201d Cluj\"},\"image\":{\"@id\":\"https:\/\/new.bjc.ro\/#\/schema\/logo\/image\/\"},\"sameAs\":[\"https:\/\/www.facebook.com\/bibliotecacluj\/\",\"https:\/\/x.com\/BibliotecaGoga\",\"https:\/\/www.instagram.com\/biblioteca_judeteana_cluj\/\",\"https:\/\/www.youtube.com\/user\/BibliotecaGoga\"]}]}<\/script>\n<!-- \/ Yoast SEO plugin. -->","yoast_head_json":{"title":"Ziua Mondial\u0103 a Scriitorului - Biblioteca Jude\u021bean\u0103 \u201eOctavian Goga\u201d Cluj","description":"se va desf\u0103\u0219ura sub forma unei activit\u0103\u021bi facilitate de comunicarea on-line","robots":{"index":"index","follow":"follow","max-snippet":"max-snippet:-1","max-image-preview":"max-image-preview:large","max-video-preview":"max-video-preview:-1"},"canonical":"https:\/\/new.bjc.ro\/?tribe_events=ziua-mondiala-a-scriitorului","og_locale":"ro_RO","og_type":"article","og_title":"Ziua Mondial\u0103 a Scriitorului - Biblioteca Jude\u021bean\u0103 \u201eOctavian Goga\u201d Cluj","og_description":"se va desf\u0103\u0219ura sub forma unei activit\u0103\u021bi facilitate de comunicarea on-line","og_url":"https:\/\/new.bjc.ro\/?tribe_events=ziua-mondiala-a-scriitorului","og_site_name":"Biblioteca Jude\u021bean\u0103 \u201eOctavian Goga\u201d Cluj","article_publisher":"https:\/\/www.facebook.com\/bibliotecacluj\/","article_modified_time":"2024-02-29T12:39:58+00:00","og_image":[{"width":400,"height":566,"url":"https:\/\/new.bjc.ro\/wp-content\/uploads\/2024\/02\/Afis-Ziua-Mondiala-a-Scriitorului_Diana-Tivu-1.jpg","type":"image\/jpeg"}],"twitter_card":"summary_large_image","twitter_site":"@BibliotecaGoga","twitter_misc":{"Timp estimat pentru citire":"1 minut"},"schema":{"@context":"https:\/\/schema.org","@graph":[{"@type":"WebPage","@id":"https:\/\/new.bjc.ro\/?tribe_events=ziua-mondiala-a-scriitorului","url":"https:\/\/new.bjc.ro\/?tribe_events=ziua-mondiala-a-scriitorului","name":"Ziua Mondial\u0103 a Scriitorului - Biblioteca Jude\u021bean\u0103 \u201eOctavian Goga\u201d Cluj","isPartOf":{"@id":"https:\/\/new.bjc.ro\/#website"},"primaryImageOfPage":{"@id":"https:\/\/new.bjc.ro\/?tribe_events=ziua-mondiala-a-scriitorului#primaryimage"},"image":{"@id":"https:\/\/new.bjc.ro\/?tribe_events=ziua-mondiala-a-scriitorului#primaryimage"},"thumbnailUrl":"https:\/\/new.bjc.ro\/wp-content\/uploads\/2024\/02\/Afis-Ziua-Mondiala-a-Scriitorului_Diana-Tivu-1.jpg","datePublished":"2024-02-29T12:38:31+00:00","dateModified":"2024-02-29T12:39:58+00:00","description":"se va desf\u0103\u0219ura sub forma unei activit\u0103\u021bi facilitate de comunicarea on-line","breadcrumb":{"@id":"https:\/\/new.bjc.ro\/?tribe_events=ziua-mondiala-a-scriitorului#breadcrumb"},"inLanguage":"ro-RO","potentialAction":[{"@type":"ReadAction","target":["https:\/\/new.bjc.ro\/?tribe_events=ziua-mondiala-a-scriitorului"]}]},{"@type":"ImageObject","inLanguage":"ro-RO","@id":"https:\/\/new.bjc.ro\/?tribe_events=ziua-mondiala-a-scriitorului#primaryimage","url":"https:\/\/new.bjc.ro\/wp-content\/uploads\/2024\/02\/Afis-Ziua-Mondiala-a-Scriitorului_Diana-Tivu-1.jpg","contentUrl":"https:\/\/new.bjc.ro\/wp-content\/uploads\/2024\/02\/Afis-Ziua-Mondiala-a-Scriitorului_Diana-Tivu-1.jpg","width":400,"height":566},{"@type":"BreadcrumbList","@id":"https:\/\/new.bjc.ro\/?tribe_events=ziua-mondiala-a-scriitorului#breadcrumb","itemListElement":[{"@type":"ListItem","position":1,"name":"Home","item":"https:\/\/new.bjc.ro\/"},{"@type":"ListItem","position":2,"name":"Evenimente","item":"https:\/\/new.bjc.ro\/?post_type=tribe_events"},{"@type":"ListItem","position":3,"name":"Ziua Mondial\u0103 a Scriitorului"}]},{"@type":"WebSite","@id":"https:\/\/new.bjc.ro\/#website","url":"https:\/\/new.bjc.ro\/","name":"Biblioteca Jude\u021bean\u0103 \u201eOctavian Goga\u201d Cluj","description":"","publisher":{"@id":"https:\/\/new.bjc.ro\/#organization"},"alternateName":"Biblioteca Jude\u021bean\u0103 Cluj","potentialAction":[{"@type":"SearchAction","target":{"@type":"EntryPoint","urlTemplate":"https:\/\/new.bjc.ro\/?s={search_term_string}"},"query-input":{"@type":"PropertyValueSpecification","valueRequired":true,"valueName":"search_term_string"}}],"inLanguage":"ro-RO"},{"@type":"Organization","@id":"https:\/\/new.bjc.ro\/#organization","name":"Biblioteca Jude\u021bean\u0103 \u201eOctavian Goga\u201d Cluj","url":"https:\/\/new.bjc.ro\/","logo":{"@type":"ImageObject","inLanguage":"ro-RO","@id":"https:\/\/new.bjc.ro\/#\/schema\/logo\/image\/","url":"https:\/\/new.bjc.ro\/wp-content\/uploads\/2023\/03\/sigle.jpg","contentUrl":"https:\/\/new.bjc.ro\/wp-content\/uploads\/2023\/03\/sigle.jpg","width":630,"height":473,"caption":"Biblioteca Jude\u021bean\u0103 \u201eOctavian Goga\u201d Cluj"},"image":{"@id":"https:\/\/new.bjc.ro\/#\/schema\/logo\/image\/"},"sameAs":["https:\/\/www.facebook.com\/bibliotecacluj\/","https:\/\/x.com\/BibliotecaGoga","https:\/\/www.instagram.com\/biblioteca_judeteana_cluj\/","https:\/\/www.youtube.com\/user\/BibliotecaGoga"]}]}},"_links":{"self":[{"href":"https:\/\/new.bjc.ro\/index.php?rest_route=\/wp\/v2\/tribe_events\/8703","targetHints":{"allow":["GET"]}}],"collection":[{"href":"https:\/\/new.bjc.ro\/index.php?rest_route=\/wp\/v2\/tribe_events"}],"about":[{"href":"https:\/\/new.bjc.ro\/index.php?rest_route=\/wp\/v2\/types\/tribe_events"}],"author":[{"embeddable":true,"href":"https:\/\/new.bjc.ro\/index.php?rest_route=\/wp\/v2\/users\/1"}],"version-history":[{"count":1,"href":"https:\/\/new.bjc.ro\/index.php?rest_route=\/wp\/v2\/tribe_events\/8703\/revisions"}],"predecessor-version":[{"id":8705,"href":"https:\/\/new.bjc.ro\/index.php?rest_route=\/wp\/v2\/tribe_events\/8703\/revisions\/8705"}],"wp:featuredmedia":[{"embeddable":true,"href":"https:\/\/new.bjc.ro\/index.php?rest_route=\/wp\/v2\/media\/8704"}],"wp:attachment":[{"href":"https:\/\/new.bjc.ro\/index.php?rest_route=%2Fwp%2Fv2%2Fmedia&parent=8703"}],"wp:term":[{"taxonomy":"post_tag","embeddable":true,"href":"https:\/\/new.bjc.ro\/index.php?rest_route=%2Fwp%2Fv2%2Ftags&post=8703"},{"taxonomy":"tribe_events_cat","embeddable":true,"href":"https:\/\/new.bjc.ro\/index.php?rest_route=%2Fwp%2Fv2%2Ftribe_events_cat&post=8703"}],"curies":[{"name":"wp","href":"https:\/\/api.w.org\/{rel}","templated":true}]}}