{"id":8728,"date":"2024-03-01T15:18:39","date_gmt":"2024-03-01T13:18:39","guid":{"rendered":"https:\/\/new.bjc.ro\/?post_type=tribe_events&#038;p=8728"},"modified":"2024-03-04T08:27:08","modified_gmt":"2024-03-04T06:27:08","slug":"expozitia-comorile-cracoviei","status":"publish","type":"tribe_events","link":"https:\/\/new.bjc.ro\/?tribe_events=expozitia-comorile-cracoviei","title":{"rendered":"\u00cempreun\u0103 descoperim \u201eComorile Cracoviei\u201d la Cluj"},"content":{"rendered":"<p>Expozi\u021bia \u201eComorile Cracoviei\u201d, preg\u0103tit\u0103 de Centrul Interna\u021bional de Cultur\u0103 al ora\u0219ului \u0219i elaborat\u0103, \u00een versiunea rom\u00e2neasc\u0103, de Institutul Polonez din Bucure\u0219ti, este o poveste despre ora\u0219ul \u2013 sediu al regilor polonezi, fost\u0103 capital\u0103 a \u021b\u0103rii, tezaur de opere de art\u0103 \u0219i suveniruri na\u021bionale \u00eenscrise \u00eentr-un ansamblu arhitectural unic.<\/p>\n<p>Monumente de talie mondial\u0103, pove\u0219ti fascinante, atmosfera de neuitat a pie\u021bei din Cracovia, dar \u0219i arhitectura modern\u0103 deosebit\u0103 sunt semne distinctive ale ora\u0219ului Cracovia, unul dintre cele mai frumoase ora\u0219e din Polonia.<\/p>\n<p>Expozi\u021bia poate fi vizitat\u0103 la Biblioteca Jude\u0163ean\u0103 &#8222;Octavian Goga&#8221; Cluj \u00een perioada 1-15 martie 2024.<\/p>\n<p><a href=\"https:\/\/instytutpolski.pl\/bucuresti\/2024\/02\/09\/impreuna-descoperim-comorile-cracoviei-la-cluj\/\">Mai multe informa\u021bii\u00a0<\/a><\/p>\n","protected":false},"excerpt":{"rendered":"<p>Expozi\u021bia \u201eComorile Cracoviei\u201d, preg\u0103tit\u0103 de Centrul Interna\u021bional de Cultur\u0103 al ora\u0219ului \u0219i elaborat\u0103, \u00een versiunea rom\u00e2neasc\u0103, de Institutul Polonez din Bucure\u0219ti, este o poveste despre ora\u0219ul \u2013 sediu al regilor polonezi, fost\u0103 capital\u0103 a \u021b\u0103rii, tezaur de opere de art\u0103 \u0219i suveniruri na\u021bionale \u00eenscrise \u00eentr-un ansamblu arhitectural unic. Monumente de&hellip; <br \/> <a class=\"read-more\" href=\"https:\/\/new.bjc.ro\/?tribe_events=expozitia-comorile-cracoviei\">Cite\u0219te mai mult<\/a><\/p>\n","protected":false},"author":2,"featured_media":8730,"template":"","meta":{"_monsterinsights_skip_tracking":false,"_monsterinsights_sitenote_active":false,"_monsterinsights_sitenote_note":"","_monsterinsights_sitenote_category":0,"_EventAllDay":false,"_EventTimezone":"Europe\/Bucharest","_EventStartDate":"2024-03-01 16:30:00","_EventEndDate":"2024-03-12 23:59:00","_EventStartDateUTC":"2024-03-01 14:30:00","_EventEndDateUTC":"2024-03-12 21:59:00","_EventShowMap":true,"_EventShowMapLink":true,"_EventURL":"","_EventCost":"","_EventCostDescription":"","_EventCurrencySymbol":"","_EventCurrencyCode":"","_EventCurrencyPosition":"prefix","_EventDateTimeSeparator":"","_EventTimeRangeSeparator":"","_EventOrganizerID":[7776],"_EventVenueID":[3721],"_OrganizerEmail":"","_OrganizerPhone":"","_OrganizerWebsite":"","_VenueAddress":"","_VenueCity":"","_VenueCountry":"","_VenueProvince":"","_VenueState":"","_VenueZip":"","_VenuePhone":"","_VenueURL":"","_VenueStateProvince":"","_VenueLat":"","_VenueLng":"","_VenueShowMap":false,"_VenueShowMapLink":false,"_tribe_events_status":"","_tribe_events_status_reason":"","footnotes":""},"tags":[193,192],"tribe_events_cat":[94],"class_list":["post-8728","tribe_events","type-tribe_events","status-publish","has-post-thumbnail","hentry","tag-comori","tag-cracovia","tribe_events_cat-expozitie","cat_expozitie"],"yoast_head":"<!-- This site is optimized with the Yoast SEO plugin v24.6 - https:\/\/yoast.com\/wordpress\/plugins\/seo\/ -->\n<title>\u00cempreun\u0103 descoperim \u201eComorile Cracoviei\u201d la Cluj - Biblioteca Jude\u021bean\u0103 \u201eOctavian Goga\u201d Cluj<\/title>\n<meta name=\"description\" content=\"Expozi\u021bia \u201eComorile Cracoviei\u201d, preg\u0103tit\u0103 de Centrul Interna\u021bional de Cultur\u0103 al ora\u0219ului \u0219i elaborat\u0103, \u00een versiunea rom\u00e2neasc\u0103, de Institutul Polonez din Bucure\u0219ti, este o poveste despre ora\u0219ul \u2013 sediu al regilor polonezi, fost\u0103 capital\u0103 a \u021b\u0103rii, tezaur de opere de art\u0103 \u0219i suveniruri na\u021bionale \u00eenscrise \u00eentr-un ansamblu arhitectural unic.\" \/>\n<meta name=\"robots\" content=\"index, follow, max-snippet:-1, max-image-preview:large, max-video-preview:-1\" \/>\n<link rel=\"canonical\" href=\"https:\/\/new.bjc.ro\/?tribe_events=expozitia-comorile-cracoviei\" \/>\n<meta property=\"og:locale\" content=\"ro_RO\" \/>\n<meta property=\"og:type\" content=\"article\" \/>\n<meta property=\"og:title\" content=\"\u00cempreun\u0103 descoperim \u201eComorile Cracoviei\u201d la Cluj - Biblioteca Jude\u021bean\u0103 \u201eOctavian Goga\u201d Cluj\" \/>\n<meta property=\"og:description\" content=\"Expozi\u021bia \u201eComorile Cracoviei\u201d, preg\u0103tit\u0103 de Centrul Interna\u021bional de Cultur\u0103 al ora\u0219ului \u0219i elaborat\u0103, \u00een versiunea rom\u00e2neasc\u0103, de Institutul Polonez din Bucure\u0219ti, este o poveste despre ora\u0219ul \u2013 sediu al regilor polonezi, fost\u0103 capital\u0103 a \u021b\u0103rii, tezaur de opere de art\u0103 \u0219i suveniruri na\u021bionale \u00eenscrise \u00eentr-un ansamblu arhitectural unic.\" \/>\n<meta property=\"og:url\" content=\"https:\/\/new.bjc.ro\/?tribe_events=expozitia-comorile-cracoviei\" \/>\n<meta property=\"og:site_name\" content=\"Biblioteca Jude\u021bean\u0103 \u201eOctavian Goga\u201d Cluj\" \/>\n<meta property=\"article:publisher\" content=\"https:\/\/www.facebook.com\/bibliotecacluj\/\" \/>\n<meta property=\"article:modified_time\" content=\"2024-03-04T06:27:08+00:00\" \/>\n<meta property=\"og:image\" content=\"https:\/\/new.bjc.ro\/wp-content\/uploads\/2024\/03\/Afis_Comorile_Cracoviei.jpg\" \/>\n\t<meta property=\"og:image:width\" content=\"350\" \/>\n\t<meta property=\"og:image:height\" content=\"499\" \/>\n\t<meta property=\"og:image:type\" content=\"image\/jpeg\" \/>\n<meta name=\"twitter:card\" content=\"summary_large_image\" \/>\n<meta name=\"twitter:site\" content=\"@BibliotecaGoga\" \/>\n<meta name=\"twitter:label1\" content=\"Timp estimat pentru citire\" \/>\n\t<meta name=\"twitter:data1\" content=\"1 minut\" \/>\n<script type=\"application\/ld+json\" class=\"yoast-schema-graph\">{\"@context\":\"https:\/\/schema.org\",\"@graph\":[{\"@type\":\"WebPage\",\"@id\":\"https:\/\/new.bjc.ro\/?tribe_events=expozitia-comorile-cracoviei\",\"url\":\"https:\/\/new.bjc.ro\/?tribe_events=expozitia-comorile-cracoviei\",\"name\":\"\u00cempreun\u0103 descoperim \u201eComorile Cracoviei\u201d la Cluj - Biblioteca Jude\u021bean\u0103 \u201eOctavian Goga\u201d Cluj\",\"isPartOf\":{\"@id\":\"https:\/\/new.bjc.ro\/#website\"},\"primaryImageOfPage\":{\"@id\":\"https:\/\/new.bjc.ro\/?tribe_events=expozitia-comorile-cracoviei#primaryimage\"},\"image\":{\"@id\":\"https:\/\/new.bjc.ro\/?tribe_events=expozitia-comorile-cracoviei#primaryimage\"},\"thumbnailUrl\":\"https:\/\/new.bjc.ro\/wp-content\/uploads\/2024\/03\/Afis_Comorile_Cracoviei.jpg\",\"datePublished\":\"2024-03-01T13:18:39+00:00\",\"dateModified\":\"2024-03-04T06:27:08+00:00\",\"description\":\"Expozi\u021bia \u201eComorile Cracoviei\u201d, preg\u0103tit\u0103 de Centrul Interna\u021bional de Cultur\u0103 al ora\u0219ului \u0219i elaborat\u0103, \u00een versiunea rom\u00e2neasc\u0103, de Institutul Polonez din Bucure\u0219ti, este o poveste despre ora\u0219ul \u2013 sediu al regilor polonezi, fost\u0103 capital\u0103 a \u021b\u0103rii, tezaur de opere de art\u0103 \u0219i suveniruri na\u021bionale \u00eenscrise \u00eentr-un ansamblu arhitectural unic.\",\"breadcrumb\":{\"@id\":\"https:\/\/new.bjc.ro\/?tribe_events=expozitia-comorile-cracoviei#breadcrumb\"},\"inLanguage\":\"ro-RO\",\"potentialAction\":[{\"@type\":\"ReadAction\",\"target\":[\"https:\/\/new.bjc.ro\/?tribe_events=expozitia-comorile-cracoviei\"]}]},{\"@type\":\"ImageObject\",\"inLanguage\":\"ro-RO\",\"@id\":\"https:\/\/new.bjc.ro\/?tribe_events=expozitia-comorile-cracoviei#primaryimage\",\"url\":\"https:\/\/new.bjc.ro\/wp-content\/uploads\/2024\/03\/Afis_Comorile_Cracoviei.jpg\",\"contentUrl\":\"https:\/\/new.bjc.ro\/wp-content\/uploads\/2024\/03\/Afis_Comorile_Cracoviei.jpg\",\"width\":350,\"height\":499},{\"@type\":\"BreadcrumbList\",\"@id\":\"https:\/\/new.bjc.ro\/?tribe_events=expozitia-comorile-cracoviei#breadcrumb\",\"itemListElement\":[{\"@type\":\"ListItem\",\"position\":1,\"name\":\"Home\",\"item\":\"https:\/\/new.bjc.ro\/\"},{\"@type\":\"ListItem\",\"position\":2,\"name\":\"Evenimente\",\"item\":\"https:\/\/new.bjc.ro\/?post_type=tribe_events\"},{\"@type\":\"ListItem\",\"position\":3,\"name\":\"\u00cempreun\u0103 descoperim \u201eComorile Cracoviei\u201d la Cluj\"}]},{\"@type\":\"WebSite\",\"@id\":\"https:\/\/new.bjc.ro\/#website\",\"url\":\"https:\/\/new.bjc.ro\/\",\"name\":\"Biblioteca Jude\u021bean\u0103 \u201eOctavian Goga\u201d Cluj\",\"description\":\"\",\"publisher\":{\"@id\":\"https:\/\/new.bjc.ro\/#organization\"},\"alternateName\":\"Biblioteca Jude\u021bean\u0103 Cluj\",\"potentialAction\":[{\"@type\":\"SearchAction\",\"target\":{\"@type\":\"EntryPoint\",\"urlTemplate\":\"https:\/\/new.bjc.ro\/?s={search_term_string}\"},\"query-input\":{\"@type\":\"PropertyValueSpecification\",\"valueRequired\":true,\"valueName\":\"search_term_string\"}}],\"inLanguage\":\"ro-RO\"},{\"@type\":\"Organization\",\"@id\":\"https:\/\/new.bjc.ro\/#organization\",\"name\":\"Biblioteca Jude\u021bean\u0103 \u201eOctavian Goga\u201d Cluj\",\"url\":\"https:\/\/new.bjc.ro\/\",\"logo\":{\"@type\":\"ImageObject\",\"inLanguage\":\"ro-RO\",\"@id\":\"https:\/\/new.bjc.ro\/#\/schema\/logo\/image\/\",\"url\":\"https:\/\/new.bjc.ro\/wp-content\/uploads\/2023\/03\/sigle.jpg\",\"contentUrl\":\"https:\/\/new.bjc.ro\/wp-content\/uploads\/2023\/03\/sigle.jpg\",\"width\":630,\"height\":473,\"caption\":\"Biblioteca Jude\u021bean\u0103 \u201eOctavian Goga\u201d Cluj\"},\"image\":{\"@id\":\"https:\/\/new.bjc.ro\/#\/schema\/logo\/image\/\"},\"sameAs\":[\"https:\/\/www.facebook.com\/bibliotecacluj\/\",\"https:\/\/x.com\/BibliotecaGoga\",\"https:\/\/www.instagram.com\/biblioteca_judeteana_cluj\/\",\"https:\/\/www.youtube.com\/user\/BibliotecaGoga\"]}]}<\/script>\n<!-- \/ Yoast SEO plugin. -->","yoast_head_json":{"title":"\u00cempreun\u0103 descoperim \u201eComorile Cracoviei\u201d la Cluj - Biblioteca Jude\u021bean\u0103 \u201eOctavian Goga\u201d Cluj","description":"Expozi\u021bia \u201eComorile Cracoviei\u201d, preg\u0103tit\u0103 de Centrul Interna\u021bional de Cultur\u0103 al ora\u0219ului \u0219i elaborat\u0103, \u00een versiunea rom\u00e2neasc\u0103, de Institutul Polonez din Bucure\u0219ti, este o poveste despre ora\u0219ul \u2013 sediu al regilor polonezi, fost\u0103 capital\u0103 a \u021b\u0103rii, tezaur de opere de art\u0103 \u0219i suveniruri na\u021bionale \u00eenscrise \u00eentr-un ansamblu arhitectural unic.","robots":{"index":"index","follow":"follow","max-snippet":"max-snippet:-1","max-image-preview":"max-image-preview:large","max-video-preview":"max-video-preview:-1"},"canonical":"https:\/\/new.bjc.ro\/?tribe_events=expozitia-comorile-cracoviei","og_locale":"ro_RO","og_type":"article","og_title":"\u00cempreun\u0103 descoperim \u201eComorile Cracoviei\u201d la Cluj - Biblioteca Jude\u021bean\u0103 \u201eOctavian Goga\u201d Cluj","og_description":"Expozi\u021bia \u201eComorile Cracoviei\u201d, preg\u0103tit\u0103 de Centrul Interna\u021bional de Cultur\u0103 al ora\u0219ului \u0219i elaborat\u0103, \u00een versiunea rom\u00e2neasc\u0103, de Institutul Polonez din Bucure\u0219ti, este o poveste despre ora\u0219ul \u2013 sediu al regilor polonezi, fost\u0103 capital\u0103 a \u021b\u0103rii, tezaur de opere de art\u0103 \u0219i suveniruri na\u021bionale \u00eenscrise \u00eentr-un ansamblu arhitectural unic.","og_url":"https:\/\/new.bjc.ro\/?tribe_events=expozitia-comorile-cracoviei","og_site_name":"Biblioteca Jude\u021bean\u0103 \u201eOctavian Goga\u201d Cluj","article_publisher":"https:\/\/www.facebook.com\/bibliotecacluj\/","article_modified_time":"2024-03-04T06:27:08+00:00","og_image":[{"width":350,"height":499,"url":"https:\/\/new.bjc.ro\/wp-content\/uploads\/2024\/03\/Afis_Comorile_Cracoviei.jpg","type":"image\/jpeg"}],"twitter_card":"summary_large_image","twitter_site":"@BibliotecaGoga","twitter_misc":{"Timp estimat pentru citire":"1 minut"},"schema":{"@context":"https:\/\/schema.org","@graph":[{"@type":"WebPage","@id":"https:\/\/new.bjc.ro\/?tribe_events=expozitia-comorile-cracoviei","url":"https:\/\/new.bjc.ro\/?tribe_events=expozitia-comorile-cracoviei","name":"\u00cempreun\u0103 descoperim \u201eComorile Cracoviei\u201d la Cluj - Biblioteca Jude\u021bean\u0103 \u201eOctavian Goga\u201d Cluj","isPartOf":{"@id":"https:\/\/new.bjc.ro\/#website"},"primaryImageOfPage":{"@id":"https:\/\/new.bjc.ro\/?tribe_events=expozitia-comorile-cracoviei#primaryimage"},"image":{"@id":"https:\/\/new.bjc.ro\/?tribe_events=expozitia-comorile-cracoviei#primaryimage"},"thumbnailUrl":"https:\/\/new.bjc.ro\/wp-content\/uploads\/2024\/03\/Afis_Comorile_Cracoviei.jpg","datePublished":"2024-03-01T13:18:39+00:00","dateModified":"2024-03-04T06:27:08+00:00","description":"Expozi\u021bia \u201eComorile Cracoviei\u201d, preg\u0103tit\u0103 de Centrul Interna\u021bional de Cultur\u0103 al ora\u0219ului \u0219i elaborat\u0103, \u00een versiunea rom\u00e2neasc\u0103, de Institutul Polonez din Bucure\u0219ti, este o poveste despre ora\u0219ul \u2013 sediu al regilor polonezi, fost\u0103 capital\u0103 a \u021b\u0103rii, tezaur de opere de art\u0103 \u0219i suveniruri na\u021bionale \u00eenscrise \u00eentr-un ansamblu arhitectural unic.","breadcrumb":{"@id":"https:\/\/new.bjc.ro\/?tribe_events=expozitia-comorile-cracoviei#breadcrumb"},"inLanguage":"ro-RO","potentialAction":[{"@type":"ReadAction","target":["https:\/\/new.bjc.ro\/?tribe_events=expozitia-comorile-cracoviei"]}]},{"@type":"ImageObject","inLanguage":"ro-RO","@id":"https:\/\/new.bjc.ro\/?tribe_events=expozitia-comorile-cracoviei#primaryimage","url":"https:\/\/new.bjc.ro\/wp-content\/uploads\/2024\/03\/Afis_Comorile_Cracoviei.jpg","contentUrl":"https:\/\/new.bjc.ro\/wp-content\/uploads\/2024\/03\/Afis_Comorile_Cracoviei.jpg","width":350,"height":499},{"@type":"BreadcrumbList","@id":"https:\/\/new.bjc.ro\/?tribe_events=expozitia-comorile-cracoviei#breadcrumb","itemListElement":[{"@type":"ListItem","position":1,"name":"Home","item":"https:\/\/new.bjc.ro\/"},{"@type":"ListItem","position":2,"name":"Evenimente","item":"https:\/\/new.bjc.ro\/?post_type=tribe_events"},{"@type":"ListItem","position":3,"name":"\u00cempreun\u0103 descoperim \u201eComorile Cracoviei\u201d la Cluj"}]},{"@type":"WebSite","@id":"https:\/\/new.bjc.ro\/#website","url":"https:\/\/new.bjc.ro\/","name":"Biblioteca Jude\u021bean\u0103 \u201eOctavian Goga\u201d Cluj","description":"","publisher":{"@id":"https:\/\/new.bjc.ro\/#organization"},"alternateName":"Biblioteca Jude\u021bean\u0103 Cluj","potentialAction":[{"@type":"SearchAction","target":{"@type":"EntryPoint","urlTemplate":"https:\/\/new.bjc.ro\/?s={search_term_string}"},"query-input":{"@type":"PropertyValueSpecification","valueRequired":true,"valueName":"search_term_string"}}],"inLanguage":"ro-RO"},{"@type":"Organization","@id":"https:\/\/new.bjc.ro\/#organization","name":"Biblioteca Jude\u021bean\u0103 \u201eOctavian Goga\u201d Cluj","url":"https:\/\/new.bjc.ro\/","logo":{"@type":"ImageObject","inLanguage":"ro-RO","@id":"https:\/\/new.bjc.ro\/#\/schema\/logo\/image\/","url":"https:\/\/new.bjc.ro\/wp-content\/uploads\/2023\/03\/sigle.jpg","contentUrl":"https:\/\/new.bjc.ro\/wp-content\/uploads\/2023\/03\/sigle.jpg","width":630,"height":473,"caption":"Biblioteca Jude\u021bean\u0103 \u201eOctavian Goga\u201d Cluj"},"image":{"@id":"https:\/\/new.bjc.ro\/#\/schema\/logo\/image\/"},"sameAs":["https:\/\/www.facebook.com\/bibliotecacluj\/","https:\/\/x.com\/BibliotecaGoga","https:\/\/www.instagram.com\/biblioteca_judeteana_cluj\/","https:\/\/www.youtube.com\/user\/BibliotecaGoga"]}]}},"_links":{"self":[{"href":"https:\/\/new.bjc.ro\/index.php?rest_route=\/wp\/v2\/tribe_events\/8728","targetHints":{"allow":["GET"]}}],"collection":[{"href":"https:\/\/new.bjc.ro\/index.php?rest_route=\/wp\/v2\/tribe_events"}],"about":[{"href":"https:\/\/new.bjc.ro\/index.php?rest_route=\/wp\/v2\/types\/tribe_events"}],"author":[{"embeddable":true,"href":"https:\/\/new.bjc.ro\/index.php?rest_route=\/wp\/v2\/users\/2"}],"version-history":[{"count":3,"href":"https:\/\/new.bjc.ro\/index.php?rest_route=\/wp\/v2\/tribe_events\/8728\/revisions"}],"predecessor-version":[{"id":8732,"href":"https:\/\/new.bjc.ro\/index.php?rest_route=\/wp\/v2\/tribe_events\/8728\/revisions\/8732"}],"wp:featuredmedia":[{"embeddable":true,"href":"https:\/\/new.bjc.ro\/index.php?rest_route=\/wp\/v2\/media\/8730"}],"wp:attachment":[{"href":"https:\/\/new.bjc.ro\/index.php?rest_route=%2Fwp%2Fv2%2Fmedia&parent=8728"}],"wp:term":[{"taxonomy":"post_tag","embeddable":true,"href":"https:\/\/new.bjc.ro\/index.php?rest_route=%2Fwp%2Fv2%2Ftags&post=8728"},{"taxonomy":"tribe_events_cat","embeddable":true,"href":"https:\/\/new.bjc.ro\/index.php?rest_route=%2Fwp%2Fv2%2Ftribe_events_cat&post=8728"}],"curies":[{"name":"wp","href":"https:\/\/api.w.org\/{rel}","templated":true}]}}