{"id":9102,"date":"2024-05-14T10:20:06","date_gmt":"2024-05-14T07:20:06","guid":{"rendered":"https:\/\/new.bjc.ro\/?post_type=tribe_events&#038;p=9102"},"modified":"2024-05-14T10:20:06","modified_gmt":"2024-05-14T07:20:06","slug":"biblioteca-vie-traind-in-acelasi-univers-in-cadrul-saptamanii-nationale-a-voluntariatului-2","status":"publish","type":"tribe_events","link":"https:\/\/new.bjc.ro\/?tribe_events=biblioteca-vie-traind-in-acelasi-univers-in-cadrul-saptamanii-nationale-a-voluntariatului-2","title":{"rendered":"Biblioteca vie \u201eTr\u0103ind \u00een acela\u0219i Univers\u201d \u00een cadrul S\u0103pt\u0103m\u00e2nii Na\u021bionale a Voluntariatului"},"content":{"rendered":"<p>Biblioteca Jude\u021bean\u0103 \u201eOctavian Goga\u201d Cluj se al\u0103tur\u0103 \u0219i \u00een acest an evenimentului anual <strong>S\u0103pt\u0103m\u00e2na Na\u021bional\u0103 a Voluntariatului<\/strong>, eveniment ini\u021biat \u0219i coordonat la nivel na\u021bional de Pro Vobis \u2013 Centrul Na\u021bional de Resurse pentru Voluntariat. Tema acestui an este <strong>egalitatea de gen<\/strong>, iar Sec\u021bia pentru adolescen\u021bi organizeaz\u0103 sub acest generic, \u00een perioada 13-17 mai 2024, o serie de evenimente \u0219i tradi\u021bionala <strong>Biblioteca vie \u201eTr\u0103ind \u00een acela\u0219i Univers\u201d<\/strong>. C\u0103r\u021bile vii care vor putea fi citite miercuri, 15 mai, de la ora 11.00, vor promova femeile de \u0219tiin\u021b\u0103 celebre din Rom\u00e2nia \u00een r\u00e2ndul elevilor de liceu.<\/p>\n","protected":false},"excerpt":{"rendered":"<p>Biblioteca Jude\u021bean\u0103 \u201eOctavian Goga\u201d Cluj se al\u0103tur\u0103 \u0219i \u00een acest an evenimentului anual S\u0103pt\u0103m\u00e2na Na\u021bional\u0103 a Voluntariatului, eveniment ini\u021biat \u0219i coordonat la nivel na\u021bional de Pro Vobis \u2013 Centrul Na\u021bional de Resurse pentru Voluntariat. Tema acestui an este egalitatea de gen, iar Sec\u021bia pentru adolescen\u021bi organizeaz\u0103 sub acest generic, \u00een&hellip; <br \/> <a class=\"read-more\" href=\"https:\/\/new.bjc.ro\/?tribe_events=biblioteca-vie-traind-in-acelasi-univers-in-cadrul-saptamanii-nationale-a-voluntariatului-2\">Cite\u0219te mai mult<\/a><\/p>\n","protected":false},"author":1,"featured_media":9103,"template":"","meta":{"_monsterinsights_skip_tracking":false,"_monsterinsights_sitenote_active":false,"_monsterinsights_sitenote_note":"","_monsterinsights_sitenote_category":0,"_EventAllDay":false,"_EventTimezone":"Europe\/Bucharest","_EventStartDate":"2024-05-14 08:00:00","_EventEndDate":"2024-05-17 17:00:00","_EventStartDateUTC":"2024-05-14 05:00:00","_EventEndDateUTC":"2024-05-17 14:00:00","_EventShowMap":true,"_EventShowMapLink":true,"_EventURL":"","_EventCost":"","_EventCostDescription":"","_EventCurrencySymbol":"","_EventCurrencyCode":"","_EventCurrencyPosition":"prefix","_EventDateTimeSeparator":"","_EventTimeRangeSeparator":"","_EventOrganizerID":[2810],"_EventVenueID":[3721],"_OrganizerEmail":"","_OrganizerPhone":"","_OrganizerWebsite":"","_VenueAddress":"","_VenueCity":"","_VenueCountry":"","_VenueProvince":"","_VenueState":"","_VenueZip":"","_VenuePhone":"","_VenueURL":"","_VenueStateProvince":"","_VenueLat":"","_VenueLng":"","_VenueShowMap":false,"_VenueShowMapLink":false,"_tribe_events_status":"","_tribe_events_status_reason":"","footnotes":""},"tags":[207],"tribe_events_cat":[28],"class_list":["post-9102","tribe_events","type-tribe_events","status-publish","has-post-thumbnail","hentry","tag-saptamina-nationala-a-voluntariatului","tribe_events_cat-evenimente","cat_evenimente"],"yoast_head":"<!-- This site is optimized with the Yoast SEO plugin v24.6 - https:\/\/yoast.com\/wordpress\/plugins\/seo\/ -->\n<title>Biblioteca vie \u201eTr\u0103ind \u00een acela\u0219i Univers\u201d \u00een cadrul S\u0103pt\u0103m\u00e2nii Na\u021bionale a Voluntariatului - Biblioteca Jude\u021bean\u0103 \u201eOctavian Goga\u201d Cluj<\/title>\n<meta name=\"description\" content=\"Tema acestui an este egalitatea de gen.\" \/>\n<meta name=\"robots\" content=\"index, follow, max-snippet:-1, max-image-preview:large, max-video-preview:-1\" \/>\n<link rel=\"canonical\" href=\"https:\/\/new.bjc.ro\/?tribe_events=biblioteca-vie-traind-in-acelasi-univers-in-cadrul-saptamanii-nationale-a-voluntariatului-2\" \/>\n<meta property=\"og:locale\" content=\"ro_RO\" \/>\n<meta property=\"og:type\" content=\"article\" \/>\n<meta property=\"og:title\" content=\"Biblioteca vie \u201eTr\u0103ind \u00een acela\u0219i Univers\u201d \u00een cadrul S\u0103pt\u0103m\u00e2nii Na\u021bionale a Voluntariatului - Biblioteca Jude\u021bean\u0103 \u201eOctavian Goga\u201d Cluj\" \/>\n<meta property=\"og:description\" content=\"Tema acestui an este egalitatea de gen.\" \/>\n<meta property=\"og:url\" content=\"https:\/\/new.bjc.ro\/?tribe_events=biblioteca-vie-traind-in-acelasi-univers-in-cadrul-saptamanii-nationale-a-voluntariatului-2\" \/>\n<meta property=\"og:site_name\" content=\"Biblioteca Jude\u021bean\u0103 \u201eOctavian Goga\u201d Cluj\" \/>\n<meta property=\"article:publisher\" content=\"https:\/\/www.facebook.com\/bibliotecacluj\/\" \/>\n<meta property=\"og:image\" content=\"https:\/\/new.bjc.ro\/wp-content\/uploads\/2024\/05\/afis-Biblioteca-Vie-2024.jpg\" \/>\n\t<meta property=\"og:image:width\" content=\"711\" \/>\n\t<meta property=\"og:image:height\" content=\"400\" \/>\n\t<meta property=\"og:image:type\" content=\"image\/jpeg\" \/>\n<meta name=\"twitter:card\" content=\"summary_large_image\" \/>\n<meta name=\"twitter:site\" content=\"@BibliotecaGoga\" \/>\n<meta name=\"twitter:label1\" content=\"Timp estimat pentru citire\" \/>\n\t<meta name=\"twitter:data1\" content=\"1 minut\" \/>\n<script type=\"application\/ld+json\" class=\"yoast-schema-graph\">{\"@context\":\"https:\/\/schema.org\",\"@graph\":[{\"@type\":\"WebPage\",\"@id\":\"https:\/\/new.bjc.ro\/?tribe_events=biblioteca-vie-traind-in-acelasi-univers-in-cadrul-saptamanii-nationale-a-voluntariatului-2\",\"url\":\"https:\/\/new.bjc.ro\/?tribe_events=biblioteca-vie-traind-in-acelasi-univers-in-cadrul-saptamanii-nationale-a-voluntariatului-2\",\"name\":\"Biblioteca vie \u201eTr\u0103ind \u00een acela\u0219i Univers\u201d \u00een cadrul S\u0103pt\u0103m\u00e2nii Na\u021bionale a Voluntariatului - Biblioteca Jude\u021bean\u0103 \u201eOctavian Goga\u201d Cluj\",\"isPartOf\":{\"@id\":\"https:\/\/new.bjc.ro\/#website\"},\"primaryImageOfPage\":{\"@id\":\"https:\/\/new.bjc.ro\/?tribe_events=biblioteca-vie-traind-in-acelasi-univers-in-cadrul-saptamanii-nationale-a-voluntariatului-2#primaryimage\"},\"image\":{\"@id\":\"https:\/\/new.bjc.ro\/?tribe_events=biblioteca-vie-traind-in-acelasi-univers-in-cadrul-saptamanii-nationale-a-voluntariatului-2#primaryimage\"},\"thumbnailUrl\":\"https:\/\/new.bjc.ro\/wp-content\/uploads\/2024\/05\/afis-Biblioteca-Vie-2024.jpg\",\"datePublished\":\"2024-05-14T07:20:06+00:00\",\"description\":\"Tema acestui an este egalitatea de gen.\",\"breadcrumb\":{\"@id\":\"https:\/\/new.bjc.ro\/?tribe_events=biblioteca-vie-traind-in-acelasi-univers-in-cadrul-saptamanii-nationale-a-voluntariatului-2#breadcrumb\"},\"inLanguage\":\"ro-RO\",\"potentialAction\":[{\"@type\":\"ReadAction\",\"target\":[\"https:\/\/new.bjc.ro\/?tribe_events=biblioteca-vie-traind-in-acelasi-univers-in-cadrul-saptamanii-nationale-a-voluntariatului-2\"]}]},{\"@type\":\"ImageObject\",\"inLanguage\":\"ro-RO\",\"@id\":\"https:\/\/new.bjc.ro\/?tribe_events=biblioteca-vie-traind-in-acelasi-univers-in-cadrul-saptamanii-nationale-a-voluntariatului-2#primaryimage\",\"url\":\"https:\/\/new.bjc.ro\/wp-content\/uploads\/2024\/05\/afis-Biblioteca-Vie-2024.jpg\",\"contentUrl\":\"https:\/\/new.bjc.ro\/wp-content\/uploads\/2024\/05\/afis-Biblioteca-Vie-2024.jpg\",\"width\":711,\"height\":400},{\"@type\":\"BreadcrumbList\",\"@id\":\"https:\/\/new.bjc.ro\/?tribe_events=biblioteca-vie-traind-in-acelasi-univers-in-cadrul-saptamanii-nationale-a-voluntariatului-2#breadcrumb\",\"itemListElement\":[{\"@type\":\"ListItem\",\"position\":1,\"name\":\"Home\",\"item\":\"https:\/\/new.bjc.ro\/\"},{\"@type\":\"ListItem\",\"position\":2,\"name\":\"Evenimente\",\"item\":\"https:\/\/new.bjc.ro\/?post_type=tribe_events\"},{\"@type\":\"ListItem\",\"position\":3,\"name\":\"Biblioteca vie \u201eTr\u0103ind \u00een acela\u0219i Univers\u201d \u00een cadrul S\u0103pt\u0103m\u00e2nii Na\u021bionale a Voluntariatului\"}]},{\"@type\":\"WebSite\",\"@id\":\"https:\/\/new.bjc.ro\/#website\",\"url\":\"https:\/\/new.bjc.ro\/\",\"name\":\"Biblioteca Jude\u021bean\u0103 \u201eOctavian Goga\u201d Cluj\",\"description\":\"\",\"publisher\":{\"@id\":\"https:\/\/new.bjc.ro\/#organization\"},\"alternateName\":\"Biblioteca Jude\u021bean\u0103 Cluj\",\"potentialAction\":[{\"@type\":\"SearchAction\",\"target\":{\"@type\":\"EntryPoint\",\"urlTemplate\":\"https:\/\/new.bjc.ro\/?s={search_term_string}\"},\"query-input\":{\"@type\":\"PropertyValueSpecification\",\"valueRequired\":true,\"valueName\":\"search_term_string\"}}],\"inLanguage\":\"ro-RO\"},{\"@type\":\"Organization\",\"@id\":\"https:\/\/new.bjc.ro\/#organization\",\"name\":\"Biblioteca Jude\u021bean\u0103 \u201eOctavian Goga\u201d Cluj\",\"url\":\"https:\/\/new.bjc.ro\/\",\"logo\":{\"@type\":\"ImageObject\",\"inLanguage\":\"ro-RO\",\"@id\":\"https:\/\/new.bjc.ro\/#\/schema\/logo\/image\/\",\"url\":\"https:\/\/new.bjc.ro\/wp-content\/uploads\/2023\/03\/sigle.jpg\",\"contentUrl\":\"https:\/\/new.bjc.ro\/wp-content\/uploads\/2023\/03\/sigle.jpg\",\"width\":630,\"height\":473,\"caption\":\"Biblioteca Jude\u021bean\u0103 \u201eOctavian Goga\u201d Cluj\"},\"image\":{\"@id\":\"https:\/\/new.bjc.ro\/#\/schema\/logo\/image\/\"},\"sameAs\":[\"https:\/\/www.facebook.com\/bibliotecacluj\/\",\"https:\/\/x.com\/BibliotecaGoga\",\"https:\/\/www.instagram.com\/biblioteca_judeteana_cluj\/\",\"https:\/\/www.youtube.com\/user\/BibliotecaGoga\"]}]}<\/script>\n<!-- \/ Yoast SEO plugin. -->","yoast_head_json":{"title":"Biblioteca vie \u201eTr\u0103ind \u00een acela\u0219i Univers\u201d \u00een cadrul S\u0103pt\u0103m\u00e2nii Na\u021bionale a Voluntariatului - Biblioteca Jude\u021bean\u0103 \u201eOctavian Goga\u201d Cluj","description":"Tema acestui an este egalitatea de gen.","robots":{"index":"index","follow":"follow","max-snippet":"max-snippet:-1","max-image-preview":"max-image-preview:large","max-video-preview":"max-video-preview:-1"},"canonical":"https:\/\/new.bjc.ro\/?tribe_events=biblioteca-vie-traind-in-acelasi-univers-in-cadrul-saptamanii-nationale-a-voluntariatului-2","og_locale":"ro_RO","og_type":"article","og_title":"Biblioteca vie \u201eTr\u0103ind \u00een acela\u0219i Univers\u201d \u00een cadrul S\u0103pt\u0103m\u00e2nii Na\u021bionale a Voluntariatului - Biblioteca Jude\u021bean\u0103 \u201eOctavian Goga\u201d Cluj","og_description":"Tema acestui an este egalitatea de gen.","og_url":"https:\/\/new.bjc.ro\/?tribe_events=biblioteca-vie-traind-in-acelasi-univers-in-cadrul-saptamanii-nationale-a-voluntariatului-2","og_site_name":"Biblioteca Jude\u021bean\u0103 \u201eOctavian Goga\u201d Cluj","article_publisher":"https:\/\/www.facebook.com\/bibliotecacluj\/","og_image":[{"width":711,"height":400,"url":"https:\/\/new.bjc.ro\/wp-content\/uploads\/2024\/05\/afis-Biblioteca-Vie-2024.jpg","type":"image\/jpeg"}],"twitter_card":"summary_large_image","twitter_site":"@BibliotecaGoga","twitter_misc":{"Timp estimat pentru citire":"1 minut"},"schema":{"@context":"https:\/\/schema.org","@graph":[{"@type":"WebPage","@id":"https:\/\/new.bjc.ro\/?tribe_events=biblioteca-vie-traind-in-acelasi-univers-in-cadrul-saptamanii-nationale-a-voluntariatului-2","url":"https:\/\/new.bjc.ro\/?tribe_events=biblioteca-vie-traind-in-acelasi-univers-in-cadrul-saptamanii-nationale-a-voluntariatului-2","name":"Biblioteca vie \u201eTr\u0103ind \u00een acela\u0219i Univers\u201d \u00een cadrul S\u0103pt\u0103m\u00e2nii Na\u021bionale a Voluntariatului - Biblioteca Jude\u021bean\u0103 \u201eOctavian Goga\u201d Cluj","isPartOf":{"@id":"https:\/\/new.bjc.ro\/#website"},"primaryImageOfPage":{"@id":"https:\/\/new.bjc.ro\/?tribe_events=biblioteca-vie-traind-in-acelasi-univers-in-cadrul-saptamanii-nationale-a-voluntariatului-2#primaryimage"},"image":{"@id":"https:\/\/new.bjc.ro\/?tribe_events=biblioteca-vie-traind-in-acelasi-univers-in-cadrul-saptamanii-nationale-a-voluntariatului-2#primaryimage"},"thumbnailUrl":"https:\/\/new.bjc.ro\/wp-content\/uploads\/2024\/05\/afis-Biblioteca-Vie-2024.jpg","datePublished":"2024-05-14T07:20:06+00:00","description":"Tema acestui an este egalitatea de gen.","breadcrumb":{"@id":"https:\/\/new.bjc.ro\/?tribe_events=biblioteca-vie-traind-in-acelasi-univers-in-cadrul-saptamanii-nationale-a-voluntariatului-2#breadcrumb"},"inLanguage":"ro-RO","potentialAction":[{"@type":"ReadAction","target":["https:\/\/new.bjc.ro\/?tribe_events=biblioteca-vie-traind-in-acelasi-univers-in-cadrul-saptamanii-nationale-a-voluntariatului-2"]}]},{"@type":"ImageObject","inLanguage":"ro-RO","@id":"https:\/\/new.bjc.ro\/?tribe_events=biblioteca-vie-traind-in-acelasi-univers-in-cadrul-saptamanii-nationale-a-voluntariatului-2#primaryimage","url":"https:\/\/new.bjc.ro\/wp-content\/uploads\/2024\/05\/afis-Biblioteca-Vie-2024.jpg","contentUrl":"https:\/\/new.bjc.ro\/wp-content\/uploads\/2024\/05\/afis-Biblioteca-Vie-2024.jpg","width":711,"height":400},{"@type":"BreadcrumbList","@id":"https:\/\/new.bjc.ro\/?tribe_events=biblioteca-vie-traind-in-acelasi-univers-in-cadrul-saptamanii-nationale-a-voluntariatului-2#breadcrumb","itemListElement":[{"@type":"ListItem","position":1,"name":"Home","item":"https:\/\/new.bjc.ro\/"},{"@type":"ListItem","position":2,"name":"Evenimente","item":"https:\/\/new.bjc.ro\/?post_type=tribe_events"},{"@type":"ListItem","position":3,"name":"Biblioteca vie \u201eTr\u0103ind \u00een acela\u0219i Univers\u201d \u00een cadrul S\u0103pt\u0103m\u00e2nii Na\u021bionale a Voluntariatului"}]},{"@type":"WebSite","@id":"https:\/\/new.bjc.ro\/#website","url":"https:\/\/new.bjc.ro\/","name":"Biblioteca Jude\u021bean\u0103 \u201eOctavian Goga\u201d Cluj","description":"","publisher":{"@id":"https:\/\/new.bjc.ro\/#organization"},"alternateName":"Biblioteca Jude\u021bean\u0103 Cluj","potentialAction":[{"@type":"SearchAction","target":{"@type":"EntryPoint","urlTemplate":"https:\/\/new.bjc.ro\/?s={search_term_string}"},"query-input":{"@type":"PropertyValueSpecification","valueRequired":true,"valueName":"search_term_string"}}],"inLanguage":"ro-RO"},{"@type":"Organization","@id":"https:\/\/new.bjc.ro\/#organization","name":"Biblioteca Jude\u021bean\u0103 \u201eOctavian Goga\u201d Cluj","url":"https:\/\/new.bjc.ro\/","logo":{"@type":"ImageObject","inLanguage":"ro-RO","@id":"https:\/\/new.bjc.ro\/#\/schema\/logo\/image\/","url":"https:\/\/new.bjc.ro\/wp-content\/uploads\/2023\/03\/sigle.jpg","contentUrl":"https:\/\/new.bjc.ro\/wp-content\/uploads\/2023\/03\/sigle.jpg","width":630,"height":473,"caption":"Biblioteca Jude\u021bean\u0103 \u201eOctavian Goga\u201d Cluj"},"image":{"@id":"https:\/\/new.bjc.ro\/#\/schema\/logo\/image\/"},"sameAs":["https:\/\/www.facebook.com\/bibliotecacluj\/","https:\/\/x.com\/BibliotecaGoga","https:\/\/www.instagram.com\/biblioteca_judeteana_cluj\/","https:\/\/www.youtube.com\/user\/BibliotecaGoga"]}]}},"_links":{"self":[{"href":"https:\/\/new.bjc.ro\/index.php?rest_route=\/wp\/v2\/tribe_events\/9102","targetHints":{"allow":["GET"]}}],"collection":[{"href":"https:\/\/new.bjc.ro\/index.php?rest_route=\/wp\/v2\/tribe_events"}],"about":[{"href":"https:\/\/new.bjc.ro\/index.php?rest_route=\/wp\/v2\/types\/tribe_events"}],"author":[{"embeddable":true,"href":"https:\/\/new.bjc.ro\/index.php?rest_route=\/wp\/v2\/users\/1"}],"version-history":[{"count":1,"href":"https:\/\/new.bjc.ro\/index.php?rest_route=\/wp\/v2\/tribe_events\/9102\/revisions"}],"predecessor-version":[{"id":9104,"href":"https:\/\/new.bjc.ro\/index.php?rest_route=\/wp\/v2\/tribe_events\/9102\/revisions\/9104"}],"wp:featuredmedia":[{"embeddable":true,"href":"https:\/\/new.bjc.ro\/index.php?rest_route=\/wp\/v2\/media\/9103"}],"wp:attachment":[{"href":"https:\/\/new.bjc.ro\/index.php?rest_route=%2Fwp%2Fv2%2Fmedia&parent=9102"}],"wp:term":[{"taxonomy":"post_tag","embeddable":true,"href":"https:\/\/new.bjc.ro\/index.php?rest_route=%2Fwp%2Fv2%2Ftags&post=9102"},{"taxonomy":"tribe_events_cat","embeddable":true,"href":"https:\/\/new.bjc.ro\/index.php?rest_route=%2Fwp%2Fv2%2Ftribe_events_cat&post=9102"}],"curies":[{"name":"wp","href":"https:\/\/api.w.org\/{rel}","templated":true}]}}