{"id":9288,"date":"2024-06-21T12:38:41","date_gmt":"2024-06-21T09:38:41","guid":{"rendered":"https:\/\/new.bjc.ro\/?post_type=tribe_events&#038;p=9288"},"modified":"2024-06-21T12:38:41","modified_gmt":"2024-06-21T09:38:41","slug":"clubul-lecturii-de-vacanta-povestea-hartiei-de-la-realizare-la-reciclare","status":"publish","type":"tribe_events","link":"https:\/\/new.bjc.ro\/?tribe_events=clubul-lecturii-de-vacanta-povestea-hartiei-de-la-realizare-la-reciclare","title":{"rendered":"Clubul lecturii de vacan\u021b\u0103 \u201ePovestea h\u00e2rtiei \u2013 de la realizare la reciclare\u201d"},"content":{"rendered":"<p>Biblioteca jude\u021bean\u0103 invit\u0103 copiii cu v\u00e2rsta cuprins\u0103 \u00eentre 10 \u0219i 14 ani la <em>Clubul lecturii de vacan\u021b\u0103<\/em> cu tema \u201ePovestea h\u00e2rtiei \u2013 de la realizare la reciclare\u201d. Clubul va avea loc \u00een perioada 1-5 iulie 2024, \u00eentre orele 13.00-15.00, la Sec\u021bia pentru copii de la sediul central \u0219i la Filialele Zorilor \u0219i \u201eTraian Brad\u201d. Activit\u0103\u021bile cuprind at\u00e2t sesiuni de informare asupra istoricului h\u00e2rtiei, scrisului, istoricul c\u0103r\u021bilor, c\u00e2t \u0219i ateliere de scriere creativ\u0103 \u0219i ateliere de reciclare a h\u00e2rtiei.<\/p>\n<p>Participarea este gratuit\u0103, pe baza Permisului de intrare la bibliotec\u0103. Informa\u021bii \u0219i \u00eenscrieri la:<\/p>\n<ul>\n<li>Sec\u021bia pentru copii, Calea Doroban\u021bilor nr. 104, parter est, e-mail: copii[at]bjc.ro, telefon: 0264.430323;<\/li>\n<li>Filiala \u201eTraian Brad\u201d, str. Izlazului nr. 18, e-mail: manastur[at]bjc.ro, telefon: 0264.565784;<\/li>\n<li>Filiala Zorilor, str. Observatorului nr.1, e-mail: zorilor[at]bjc.ro, telefon: 0264.438409.<\/li>\n<\/ul>\n<p>V\u0103 a\u0219tept\u0103m cu drag!<\/p>\n","protected":false},"excerpt":{"rendered":"<p>Biblioteca jude\u021bean\u0103 invit\u0103 copiii cu v\u00e2rsta cuprins\u0103 \u00eentre 10 \u0219i 14 ani la Clubul lecturii de vacan\u021b\u0103 cu tema \u201ePovestea h\u00e2rtiei \u2013 de la realizare la reciclare\u201d. Clubul va avea loc \u00een perioada 1-5 iulie 2024, \u00eentre orele 13.00-15.00, la Sec\u021bia pentru copii de la sediul central \u0219i la Filialele&hellip; <br \/> <a class=\"read-more\" href=\"https:\/\/new.bjc.ro\/?tribe_events=clubul-lecturii-de-vacanta-povestea-hartiei-de-la-realizare-la-reciclare\">Cite\u0219te mai mult<\/a><\/p>\n","protected":false},"author":1,"featured_media":9289,"template":"","meta":{"_monsterinsights_skip_tracking":false,"_monsterinsights_sitenote_active":false,"_monsterinsights_sitenote_note":"","_monsterinsights_sitenote_category":0,"_EventAllDay":false,"_EventTimezone":"Europe\/Bucharest","_EventStartDate":"2024-07-01 13:00:00","_EventEndDate":"2024-07-05 15:00:00","_EventStartDateUTC":"2024-07-01 10:00:00","_EventEndDateUTC":"2024-07-05 12:00:00","_EventShowMap":true,"_EventShowMapLink":true,"_EventURL":"","_EventCost":"","_EventCostDescription":"","_EventCurrencySymbol":"$","_EventCurrencyCode":"USD","_EventCurrencyPosition":"prefix","_EventDateTimeSeparator":"","_EventTimeRangeSeparator":"","_EventOrganizerID":[2810],"_EventVenueID":[3721],"_OrganizerEmail":"","_OrganizerPhone":"","_OrganizerWebsite":"","_VenueAddress":"","_VenueCity":"","_VenueCountry":"","_VenueProvince":"","_VenueState":"","_VenueZip":"","_VenuePhone":"","_VenueURL":"","_VenueStateProvince":"","_VenueLat":"","_VenueLng":"","_VenueShowMap":false,"_VenueShowMapLink":false,"_tribe_events_status":"","_tribe_events_status_reason":"","footnotes":""},"tags":[215],"tribe_events_cat":[54],"class_list":["post-9288","tribe_events","type-tribe_events","status-publish","has-post-thumbnail","hentry","tag-clu","tribe_events_cat-cluburi","cat_cluburi"],"yoast_head":"<!-- This site is optimized with the Yoast SEO plugin v24.6 - https:\/\/yoast.com\/wordpress\/plugins\/seo\/ -->\n<title>Povestea h\u00e2rtiei \u2013 de la realizare la reciclare - Biblioteca Jude\u021bean\u0103 \u201eOctavian Goga\u201d Cluj<\/title>\n<meta name=\"description\" content=\"Clubul lecturii de vacan\u021b\u0103 cu tema Povestea h\u00e2rtiei \u2013 de la realizare la reciclare va avea loc \u00een perioada 1-5 iulie 2024.\" \/>\n<meta name=\"robots\" content=\"index, follow, max-snippet:-1, max-image-preview:large, max-video-preview:-1\" \/>\n<link rel=\"canonical\" href=\"https:\/\/new.bjc.ro\/?tribe_events=clubul-lecturii-de-vacanta-povestea-hartiei-de-la-realizare-la-reciclare\" \/>\n<meta property=\"og:locale\" content=\"ro_RO\" \/>\n<meta property=\"og:type\" content=\"article\" \/>\n<meta property=\"og:title\" content=\"Povestea h\u00e2rtiei \u2013 de la realizare la reciclare - Biblioteca Jude\u021bean\u0103 \u201eOctavian Goga\u201d Cluj\" \/>\n<meta property=\"og:description\" content=\"Clubul lecturii de vacan\u021b\u0103 cu tema Povestea h\u00e2rtiei \u2013 de la realizare la reciclare va avea loc \u00een perioada 1-5 iulie 2024.\" \/>\n<meta property=\"og:url\" content=\"https:\/\/new.bjc.ro\/?tribe_events=clubul-lecturii-de-vacanta-povestea-hartiei-de-la-realizare-la-reciclare\" \/>\n<meta property=\"og:site_name\" content=\"Biblioteca Jude\u021bean\u0103 \u201eOctavian Goga\u201d Cluj\" \/>\n<meta property=\"article:publisher\" content=\"https:\/\/www.facebook.com\/bibliotecacluj\/\" \/>\n<meta property=\"og:image\" content=\"https:\/\/new.bjc.ro\/wp-content\/uploads\/2024\/06\/Afis-Clubul-lecturii-de-vacanta-2024-21_06.jpg\" \/>\n\t<meta property=\"og:image:width\" content=\"400\" \/>\n\t<meta property=\"og:image:height\" content=\"566\" \/>\n\t<meta property=\"og:image:type\" content=\"image\/jpeg\" \/>\n<meta name=\"twitter:card\" content=\"summary_large_image\" \/>\n<meta name=\"twitter:site\" content=\"@BibliotecaGoga\" \/>\n<meta name=\"twitter:label1\" content=\"Timp estimat pentru citire\" \/>\n\t<meta name=\"twitter:data1\" content=\"1 minut\" \/>\n<script type=\"application\/ld+json\" class=\"yoast-schema-graph\">{\"@context\":\"https:\/\/schema.org\",\"@graph\":[{\"@type\":\"WebPage\",\"@id\":\"https:\/\/new.bjc.ro\/?tribe_events=clubul-lecturii-de-vacanta-povestea-hartiei-de-la-realizare-la-reciclare\",\"url\":\"https:\/\/new.bjc.ro\/?tribe_events=clubul-lecturii-de-vacanta-povestea-hartiei-de-la-realizare-la-reciclare\",\"name\":\"Povestea h\u00e2rtiei \u2013 de la realizare la reciclare - Biblioteca Jude\u021bean\u0103 \u201eOctavian Goga\u201d Cluj\",\"isPartOf\":{\"@id\":\"https:\/\/new.bjc.ro\/#website\"},\"primaryImageOfPage\":{\"@id\":\"https:\/\/new.bjc.ro\/?tribe_events=clubul-lecturii-de-vacanta-povestea-hartiei-de-la-realizare-la-reciclare#primaryimage\"},\"image\":{\"@id\":\"https:\/\/new.bjc.ro\/?tribe_events=clubul-lecturii-de-vacanta-povestea-hartiei-de-la-realizare-la-reciclare#primaryimage\"},\"thumbnailUrl\":\"https:\/\/new.bjc.ro\/wp-content\/uploads\/2024\/06\/Afis-Clubul-lecturii-de-vacanta-2024-21_06.jpg\",\"datePublished\":\"2024-06-21T09:38:41+00:00\",\"description\":\"Clubul lecturii de vacan\u021b\u0103 cu tema Povestea h\u00e2rtiei \u2013 de la realizare la reciclare va avea loc \u00een perioada 1-5 iulie 2024.\",\"breadcrumb\":{\"@id\":\"https:\/\/new.bjc.ro\/?tribe_events=clubul-lecturii-de-vacanta-povestea-hartiei-de-la-realizare-la-reciclare#breadcrumb\"},\"inLanguage\":\"ro-RO\",\"potentialAction\":[{\"@type\":\"ReadAction\",\"target\":[\"https:\/\/new.bjc.ro\/?tribe_events=clubul-lecturii-de-vacanta-povestea-hartiei-de-la-realizare-la-reciclare\"]}]},{\"@type\":\"ImageObject\",\"inLanguage\":\"ro-RO\",\"@id\":\"https:\/\/new.bjc.ro\/?tribe_events=clubul-lecturii-de-vacanta-povestea-hartiei-de-la-realizare-la-reciclare#primaryimage\",\"url\":\"https:\/\/new.bjc.ro\/wp-content\/uploads\/2024\/06\/Afis-Clubul-lecturii-de-vacanta-2024-21_06.jpg\",\"contentUrl\":\"https:\/\/new.bjc.ro\/wp-content\/uploads\/2024\/06\/Afis-Clubul-lecturii-de-vacanta-2024-21_06.jpg\",\"width\":400,\"height\":566,\"caption\":\"Povestea h\u00e2rtiei \u2013 de la realizare la reciclare\"},{\"@type\":\"BreadcrumbList\",\"@id\":\"https:\/\/new.bjc.ro\/?tribe_events=clubul-lecturii-de-vacanta-povestea-hartiei-de-la-realizare-la-reciclare#breadcrumb\",\"itemListElement\":[{\"@type\":\"ListItem\",\"position\":1,\"name\":\"Home\",\"item\":\"https:\/\/new.bjc.ro\/\"},{\"@type\":\"ListItem\",\"position\":2,\"name\":\"Evenimente\",\"item\":\"https:\/\/new.bjc.ro\/?post_type=tribe_events\"},{\"@type\":\"ListItem\",\"position\":3,\"name\":\"Clubul lecturii de vacan\u021b\u0103 \u201ePovestea h\u00e2rtiei \u2013 de la realizare la reciclare\u201d\"}]},{\"@type\":\"WebSite\",\"@id\":\"https:\/\/new.bjc.ro\/#website\",\"url\":\"https:\/\/new.bjc.ro\/\",\"name\":\"Biblioteca Jude\u021bean\u0103 \u201eOctavian Goga\u201d Cluj\",\"description\":\"\",\"publisher\":{\"@id\":\"https:\/\/new.bjc.ro\/#organization\"},\"alternateName\":\"Biblioteca Jude\u021bean\u0103 Cluj\",\"potentialAction\":[{\"@type\":\"SearchAction\",\"target\":{\"@type\":\"EntryPoint\",\"urlTemplate\":\"https:\/\/new.bjc.ro\/?s={search_term_string}\"},\"query-input\":{\"@type\":\"PropertyValueSpecification\",\"valueRequired\":true,\"valueName\":\"search_term_string\"}}],\"inLanguage\":\"ro-RO\"},{\"@type\":\"Organization\",\"@id\":\"https:\/\/new.bjc.ro\/#organization\",\"name\":\"Biblioteca Jude\u021bean\u0103 \u201eOctavian Goga\u201d Cluj\",\"url\":\"https:\/\/new.bjc.ro\/\",\"logo\":{\"@type\":\"ImageObject\",\"inLanguage\":\"ro-RO\",\"@id\":\"https:\/\/new.bjc.ro\/#\/schema\/logo\/image\/\",\"url\":\"https:\/\/new.bjc.ro\/wp-content\/uploads\/2023\/03\/sigle.jpg\",\"contentUrl\":\"https:\/\/new.bjc.ro\/wp-content\/uploads\/2023\/03\/sigle.jpg\",\"width\":630,\"height\":473,\"caption\":\"Biblioteca Jude\u021bean\u0103 \u201eOctavian Goga\u201d Cluj\"},\"image\":{\"@id\":\"https:\/\/new.bjc.ro\/#\/schema\/logo\/image\/\"},\"sameAs\":[\"https:\/\/www.facebook.com\/bibliotecacluj\/\",\"https:\/\/x.com\/BibliotecaGoga\",\"https:\/\/www.instagram.com\/biblioteca_judeteana_cluj\/\",\"https:\/\/www.youtube.com\/user\/BibliotecaGoga\"]}]}<\/script>\n<!-- \/ Yoast SEO plugin. -->","yoast_head_json":{"title":"Povestea h\u00e2rtiei \u2013 de la realizare la reciclare - Biblioteca Jude\u021bean\u0103 \u201eOctavian Goga\u201d Cluj","description":"Clubul lecturii de vacan\u021b\u0103 cu tema Povestea h\u00e2rtiei \u2013 de la realizare la reciclare va avea loc \u00een perioada 1-5 iulie 2024.","robots":{"index":"index","follow":"follow","max-snippet":"max-snippet:-1","max-image-preview":"max-image-preview:large","max-video-preview":"max-video-preview:-1"},"canonical":"https:\/\/new.bjc.ro\/?tribe_events=clubul-lecturii-de-vacanta-povestea-hartiei-de-la-realizare-la-reciclare","og_locale":"ro_RO","og_type":"article","og_title":"Povestea h\u00e2rtiei \u2013 de la realizare la reciclare - Biblioteca Jude\u021bean\u0103 \u201eOctavian Goga\u201d Cluj","og_description":"Clubul lecturii de vacan\u021b\u0103 cu tema Povestea h\u00e2rtiei \u2013 de la realizare la reciclare va avea loc \u00een perioada 1-5 iulie 2024.","og_url":"https:\/\/new.bjc.ro\/?tribe_events=clubul-lecturii-de-vacanta-povestea-hartiei-de-la-realizare-la-reciclare","og_site_name":"Biblioteca Jude\u021bean\u0103 \u201eOctavian Goga\u201d Cluj","article_publisher":"https:\/\/www.facebook.com\/bibliotecacluj\/","og_image":[{"width":400,"height":566,"url":"https:\/\/new.bjc.ro\/wp-content\/uploads\/2024\/06\/Afis-Clubul-lecturii-de-vacanta-2024-21_06.jpg","type":"image\/jpeg"}],"twitter_card":"summary_large_image","twitter_site":"@BibliotecaGoga","twitter_misc":{"Timp estimat pentru citire":"1 minut"},"schema":{"@context":"https:\/\/schema.org","@graph":[{"@type":"WebPage","@id":"https:\/\/new.bjc.ro\/?tribe_events=clubul-lecturii-de-vacanta-povestea-hartiei-de-la-realizare-la-reciclare","url":"https:\/\/new.bjc.ro\/?tribe_events=clubul-lecturii-de-vacanta-povestea-hartiei-de-la-realizare-la-reciclare","name":"Povestea h\u00e2rtiei \u2013 de la realizare la reciclare - Biblioteca Jude\u021bean\u0103 \u201eOctavian Goga\u201d Cluj","isPartOf":{"@id":"https:\/\/new.bjc.ro\/#website"},"primaryImageOfPage":{"@id":"https:\/\/new.bjc.ro\/?tribe_events=clubul-lecturii-de-vacanta-povestea-hartiei-de-la-realizare-la-reciclare#primaryimage"},"image":{"@id":"https:\/\/new.bjc.ro\/?tribe_events=clubul-lecturii-de-vacanta-povestea-hartiei-de-la-realizare-la-reciclare#primaryimage"},"thumbnailUrl":"https:\/\/new.bjc.ro\/wp-content\/uploads\/2024\/06\/Afis-Clubul-lecturii-de-vacanta-2024-21_06.jpg","datePublished":"2024-06-21T09:38:41+00:00","description":"Clubul lecturii de vacan\u021b\u0103 cu tema Povestea h\u00e2rtiei \u2013 de la realizare la reciclare va avea loc \u00een perioada 1-5 iulie 2024.","breadcrumb":{"@id":"https:\/\/new.bjc.ro\/?tribe_events=clubul-lecturii-de-vacanta-povestea-hartiei-de-la-realizare-la-reciclare#breadcrumb"},"inLanguage":"ro-RO","potentialAction":[{"@type":"ReadAction","target":["https:\/\/new.bjc.ro\/?tribe_events=clubul-lecturii-de-vacanta-povestea-hartiei-de-la-realizare-la-reciclare"]}]},{"@type":"ImageObject","inLanguage":"ro-RO","@id":"https:\/\/new.bjc.ro\/?tribe_events=clubul-lecturii-de-vacanta-povestea-hartiei-de-la-realizare-la-reciclare#primaryimage","url":"https:\/\/new.bjc.ro\/wp-content\/uploads\/2024\/06\/Afis-Clubul-lecturii-de-vacanta-2024-21_06.jpg","contentUrl":"https:\/\/new.bjc.ro\/wp-content\/uploads\/2024\/06\/Afis-Clubul-lecturii-de-vacanta-2024-21_06.jpg","width":400,"height":566,"caption":"Povestea h\u00e2rtiei \u2013 de la realizare la reciclare"},{"@type":"BreadcrumbList","@id":"https:\/\/new.bjc.ro\/?tribe_events=clubul-lecturii-de-vacanta-povestea-hartiei-de-la-realizare-la-reciclare#breadcrumb","itemListElement":[{"@type":"ListItem","position":1,"name":"Home","item":"https:\/\/new.bjc.ro\/"},{"@type":"ListItem","position":2,"name":"Evenimente","item":"https:\/\/new.bjc.ro\/?post_type=tribe_events"},{"@type":"ListItem","position":3,"name":"Clubul lecturii de vacan\u021b\u0103 \u201ePovestea h\u00e2rtiei \u2013 de la realizare la reciclare\u201d"}]},{"@type":"WebSite","@id":"https:\/\/new.bjc.ro\/#website","url":"https:\/\/new.bjc.ro\/","name":"Biblioteca Jude\u021bean\u0103 \u201eOctavian Goga\u201d Cluj","description":"","publisher":{"@id":"https:\/\/new.bjc.ro\/#organization"},"alternateName":"Biblioteca Jude\u021bean\u0103 Cluj","potentialAction":[{"@type":"SearchAction","target":{"@type":"EntryPoint","urlTemplate":"https:\/\/new.bjc.ro\/?s={search_term_string}"},"query-input":{"@type":"PropertyValueSpecification","valueRequired":true,"valueName":"search_term_string"}}],"inLanguage":"ro-RO"},{"@type":"Organization","@id":"https:\/\/new.bjc.ro\/#organization","name":"Biblioteca Jude\u021bean\u0103 \u201eOctavian Goga\u201d Cluj","url":"https:\/\/new.bjc.ro\/","logo":{"@type":"ImageObject","inLanguage":"ro-RO","@id":"https:\/\/new.bjc.ro\/#\/schema\/logo\/image\/","url":"https:\/\/new.bjc.ro\/wp-content\/uploads\/2023\/03\/sigle.jpg","contentUrl":"https:\/\/new.bjc.ro\/wp-content\/uploads\/2023\/03\/sigle.jpg","width":630,"height":473,"caption":"Biblioteca Jude\u021bean\u0103 \u201eOctavian Goga\u201d Cluj"},"image":{"@id":"https:\/\/new.bjc.ro\/#\/schema\/logo\/image\/"},"sameAs":["https:\/\/www.facebook.com\/bibliotecacluj\/","https:\/\/x.com\/BibliotecaGoga","https:\/\/www.instagram.com\/biblioteca_judeteana_cluj\/","https:\/\/www.youtube.com\/user\/BibliotecaGoga"]}]}},"_links":{"self":[{"href":"https:\/\/new.bjc.ro\/index.php?rest_route=\/wp\/v2\/tribe_events\/9288","targetHints":{"allow":["GET"]}}],"collection":[{"href":"https:\/\/new.bjc.ro\/index.php?rest_route=\/wp\/v2\/tribe_events"}],"about":[{"href":"https:\/\/new.bjc.ro\/index.php?rest_route=\/wp\/v2\/types\/tribe_events"}],"author":[{"embeddable":true,"href":"https:\/\/new.bjc.ro\/index.php?rest_route=\/wp\/v2\/users\/1"}],"version-history":[{"count":1,"href":"https:\/\/new.bjc.ro\/index.php?rest_route=\/wp\/v2\/tribe_events\/9288\/revisions"}],"predecessor-version":[{"id":9290,"href":"https:\/\/new.bjc.ro\/index.php?rest_route=\/wp\/v2\/tribe_events\/9288\/revisions\/9290"}],"wp:featuredmedia":[{"embeddable":true,"href":"https:\/\/new.bjc.ro\/index.php?rest_route=\/wp\/v2\/media\/9289"}],"wp:attachment":[{"href":"https:\/\/new.bjc.ro\/index.php?rest_route=%2Fwp%2Fv2%2Fmedia&parent=9288"}],"wp:term":[{"taxonomy":"post_tag","embeddable":true,"href":"https:\/\/new.bjc.ro\/index.php?rest_route=%2Fwp%2Fv2%2Ftags&post=9288"},{"taxonomy":"tribe_events_cat","embeddable":true,"href":"https:\/\/new.bjc.ro\/index.php?rest_route=%2Fwp%2Fv2%2Ftribe_events_cat&post=9288"}],"curies":[{"name":"wp","href":"https:\/\/api.w.org\/{rel}","templated":true}]}}