{"id":9644,"date":"2024-10-10T13:42:37","date_gmt":"2024-10-10T10:42:37","guid":{"rendered":"https:\/\/new.bjc.ro\/?post_type=tribe_events&#038;p=9644"},"modified":"2024-10-10T13:43:34","modified_gmt":"2024-10-10T10:43:34","slug":"zilele-bibliotecilor-de-cartier-2024","status":"publish","type":"tribe_events","link":"https:\/\/new.bjc.ro\/?tribe_events=zilele-bibliotecilor-de-cartier-2024","title":{"rendered":"Zilele Bibliotecilor de Cartier 2024"},"content":{"rendered":"<p>\u00cen perioada 14-18 octombrie 2024, biblioteca jude\u021bean\u0103 v\u0103 invit\u0103 s\u0103 lua\u021bi parte la activit\u0103\u021bi diverse \u0219i interactive pentru toate v\u00e2rstele, \u00een cadrul celei de-a XXVIII-a edi\u021bii a <strong><em>Zilelor Bibliotecilor de Cartier<\/em><\/strong>.<\/p>\n<p>\u00cent\u00e2lniri cu scriitori, cluburi de lectur\u0103, dezbateri pe diferite tematici, ore de poveste \u00een limbile rom\u00e2n\u0103, englez\u0103 \u0219i maghiar\u0103, ateliere de creativitate, vizite colective sunt doar c\u00e2teva dintre activit\u0103\u021bile care se se reg\u0103sesc \u00een programul acestei edi\u021bii.<\/p>\n<p><a href=\"https:\/\/new.bjc.ro\/wp-content\/uploads\/2024\/10\/Program.pdf\">Program<\/a><\/p>\n","protected":false},"excerpt":{"rendered":"<p>\u00cen perioada 14-18 octombrie 2024, biblioteca jude\u021bean\u0103 v\u0103 invit\u0103 s\u0103 lua\u021bi parte la activit\u0103\u021bi diverse \u0219i interactive pentru toate v\u00e2rstele, \u00een cadrul celei de-a XXVIII-a edi\u021bii a Zilelor Bibliotecilor de Cartier. \u00cent\u00e2lniri cu scriitori, cluburi de lectur\u0103, dezbateri pe diferite tematici, ore de poveste \u00een limbile rom\u00e2n\u0103, englez\u0103 \u0219i maghiar\u0103,&hellip; <br \/> <a class=\"read-more\" href=\"https:\/\/new.bjc.ro\/?tribe_events=zilele-bibliotecilor-de-cartier-2024\">Cite\u0219te mai mult<\/a><\/p>\n","protected":false},"author":1,"featured_media":9645,"template":"","meta":{"_monsterinsights_skip_tracking":false,"_monsterinsights_sitenote_active":false,"_monsterinsights_sitenote_note":"","_monsterinsights_sitenote_category":0,"_EventAllDay":false,"_EventTimezone":"Europe\/Bucharest","_EventStartDate":"2024-10-14 08:00:00","_EventEndDate":"2024-10-18 20:00:00","_EventStartDateUTC":"2024-10-14 05:00:00","_EventEndDateUTC":"2024-10-18 17:00:00","_EventShowMap":true,"_EventShowMapLink":true,"_EventURL":"","_EventCost":"","_EventCostDescription":"","_EventCurrencySymbol":"$","_EventCurrencyCode":"USD","_EventCurrencyPosition":"prefix","_EventDateTimeSeparator":"","_EventTimeRangeSeparator":"","_EventOrganizerID":[],"_EventVenueID":[],"_OrganizerEmail":"","_OrganizerPhone":"","_OrganizerWebsite":"","_VenueAddress":"","_VenueCity":"","_VenueCountry":"","_VenueProvince":"","_VenueState":"","_VenueZip":"","_VenuePhone":"","_VenueURL":"","_VenueStateProvince":"","_VenueLat":"","_VenueLng":"","_VenueShowMap":false,"_VenueShowMapLink":false,"_tribe_events_status":"","_tribe_events_status_reason":"","footnotes":""},"tags":[164],"tribe_events_cat":[28],"class_list":["post-9644","tribe_events","type-tribe_events","status-publish","has-post-thumbnail","hentry","tag-zilele-bibliotecilor-de-cartier","tribe_events_cat-evenimente","cat_evenimente"],"yoast_head":"<!-- This site is optimized with the Yoast SEO plugin v24.6 - https:\/\/yoast.com\/wordpress\/plugins\/seo\/ -->\n<title>Zilele Bibliotecilor de Cartier 2024 - Biblioteca Jude\u021bean\u0103 \u201eOctavian Goga\u201d Cluj<\/title>\n<meta name=\"robots\" content=\"index, follow, max-snippet:-1, max-image-preview:large, max-video-preview:-1\" \/>\n<link rel=\"canonical\" href=\"https:\/\/new.bjc.ro\/?tribe_events=zilele-bibliotecilor-de-cartier-2024\" \/>\n<meta property=\"og:locale\" content=\"ro_RO\" \/>\n<meta property=\"og:type\" content=\"article\" \/>\n<meta property=\"og:title\" content=\"Zilele Bibliotecilor de Cartier 2024 - Biblioteca Jude\u021bean\u0103 \u201eOctavian Goga\u201d Cluj\" \/>\n<meta property=\"og:description\" content=\"\u00cen perioada 14-18 octombrie 2024, biblioteca jude\u021bean\u0103 v\u0103 invit\u0103 s\u0103 lua\u021bi parte la activit\u0103\u021bi diverse \u0219i interactive pentru toate v\u00e2rstele, \u00een cadrul celei de-a XXVIII-a edi\u021bii a Zilelor Bibliotecilor de Cartier. \u00cent\u00e2lniri cu scriitori, cluburi de lectur\u0103, dezbateri pe diferite tematici, ore de poveste \u00een limbile rom\u00e2n\u0103, englez\u0103 \u0219i maghiar\u0103,&hellip; Cite\u0219te mai mult\" \/>\n<meta property=\"og:url\" content=\"https:\/\/new.bjc.ro\/?tribe_events=zilele-bibliotecilor-de-cartier-2024\" \/>\n<meta property=\"og:site_name\" content=\"Biblioteca Jude\u021bean\u0103 \u201eOctavian Goga\u201d Cluj\" \/>\n<meta property=\"article:publisher\" content=\"https:\/\/www.facebook.com\/bibliotecacluj\/\" \/>\n<meta property=\"article:modified_time\" content=\"2024-10-10T10:43:34+00:00\" \/>\n<meta property=\"og:image\" content=\"https:\/\/new.bjc.ro\/wp-content\/uploads\/2024\/10\/Afis-2024.jpg\" \/>\n\t<meta property=\"og:image:width\" content=\"400\" \/>\n\t<meta property=\"og:image:height\" content=\"562\" \/>\n\t<meta property=\"og:image:type\" content=\"image\/jpeg\" \/>\n<meta name=\"twitter:card\" content=\"summary_large_image\" \/>\n<meta name=\"twitter:site\" content=\"@BibliotecaGoga\" \/>\n<meta name=\"twitter:label1\" content=\"Timp estimat pentru citire\" \/>\n\t<meta name=\"twitter:data1\" content=\"1 minut\" \/>\n<script type=\"application\/ld+json\" class=\"yoast-schema-graph\">{\"@context\":\"https:\/\/schema.org\",\"@graph\":[{\"@type\":\"WebPage\",\"@id\":\"https:\/\/new.bjc.ro\/?tribe_events=zilele-bibliotecilor-de-cartier-2024\",\"url\":\"https:\/\/new.bjc.ro\/?tribe_events=zilele-bibliotecilor-de-cartier-2024\",\"name\":\"Zilele Bibliotecilor de Cartier 2024 - Biblioteca Jude\u021bean\u0103 \u201eOctavian Goga\u201d Cluj\",\"isPartOf\":{\"@id\":\"https:\/\/new.bjc.ro\/#website\"},\"primaryImageOfPage\":{\"@id\":\"https:\/\/new.bjc.ro\/?tribe_events=zilele-bibliotecilor-de-cartier-2024#primaryimage\"},\"image\":{\"@id\":\"https:\/\/new.bjc.ro\/?tribe_events=zilele-bibliotecilor-de-cartier-2024#primaryimage\"},\"thumbnailUrl\":\"https:\/\/new.bjc.ro\/wp-content\/uploads\/2024\/10\/Afis-2024.jpg\",\"datePublished\":\"2024-10-10T10:42:37+00:00\",\"dateModified\":\"2024-10-10T10:43:34+00:00\",\"breadcrumb\":{\"@id\":\"https:\/\/new.bjc.ro\/?tribe_events=zilele-bibliotecilor-de-cartier-2024#breadcrumb\"},\"inLanguage\":\"ro-RO\",\"potentialAction\":[{\"@type\":\"ReadAction\",\"target\":[\"https:\/\/new.bjc.ro\/?tribe_events=zilele-bibliotecilor-de-cartier-2024\"]}]},{\"@type\":\"ImageObject\",\"inLanguage\":\"ro-RO\",\"@id\":\"https:\/\/new.bjc.ro\/?tribe_events=zilele-bibliotecilor-de-cartier-2024#primaryimage\",\"url\":\"https:\/\/new.bjc.ro\/wp-content\/uploads\/2024\/10\/Afis-2024.jpg\",\"contentUrl\":\"https:\/\/new.bjc.ro\/wp-content\/uploads\/2024\/10\/Afis-2024.jpg\",\"width\":400,\"height\":562},{\"@type\":\"BreadcrumbList\",\"@id\":\"https:\/\/new.bjc.ro\/?tribe_events=zilele-bibliotecilor-de-cartier-2024#breadcrumb\",\"itemListElement\":[{\"@type\":\"ListItem\",\"position\":1,\"name\":\"Home\",\"item\":\"https:\/\/new.bjc.ro\/\"},{\"@type\":\"ListItem\",\"position\":2,\"name\":\"Evenimente\",\"item\":\"https:\/\/new.bjc.ro\/?post_type=tribe_events\"},{\"@type\":\"ListItem\",\"position\":3,\"name\":\"Zilele Bibliotecilor de Cartier 2024\"}]},{\"@type\":\"WebSite\",\"@id\":\"https:\/\/new.bjc.ro\/#website\",\"url\":\"https:\/\/new.bjc.ro\/\",\"name\":\"Biblioteca Jude\u021bean\u0103 \u201eOctavian Goga\u201d Cluj\",\"description\":\"\",\"publisher\":{\"@id\":\"https:\/\/new.bjc.ro\/#organization\"},\"alternateName\":\"Biblioteca Jude\u021bean\u0103 Cluj\",\"potentialAction\":[{\"@type\":\"SearchAction\",\"target\":{\"@type\":\"EntryPoint\",\"urlTemplate\":\"https:\/\/new.bjc.ro\/?s={search_term_string}\"},\"query-input\":{\"@type\":\"PropertyValueSpecification\",\"valueRequired\":true,\"valueName\":\"search_term_string\"}}],\"inLanguage\":\"ro-RO\"},{\"@type\":\"Organization\",\"@id\":\"https:\/\/new.bjc.ro\/#organization\",\"name\":\"Biblioteca Jude\u021bean\u0103 \u201eOctavian Goga\u201d Cluj\",\"url\":\"https:\/\/new.bjc.ro\/\",\"logo\":{\"@type\":\"ImageObject\",\"inLanguage\":\"ro-RO\",\"@id\":\"https:\/\/new.bjc.ro\/#\/schema\/logo\/image\/\",\"url\":\"https:\/\/new.bjc.ro\/wp-content\/uploads\/2023\/03\/sigle.jpg\",\"contentUrl\":\"https:\/\/new.bjc.ro\/wp-content\/uploads\/2023\/03\/sigle.jpg\",\"width\":630,\"height\":473,\"caption\":\"Biblioteca Jude\u021bean\u0103 \u201eOctavian Goga\u201d Cluj\"},\"image\":{\"@id\":\"https:\/\/new.bjc.ro\/#\/schema\/logo\/image\/\"},\"sameAs\":[\"https:\/\/www.facebook.com\/bibliotecacluj\/\",\"https:\/\/x.com\/BibliotecaGoga\",\"https:\/\/www.instagram.com\/biblioteca_judeteana_cluj\/\",\"https:\/\/www.youtube.com\/user\/BibliotecaGoga\"]}]}<\/script>\n<!-- \/ Yoast SEO plugin. -->","yoast_head_json":{"title":"Zilele Bibliotecilor de Cartier 2024 - Biblioteca Jude\u021bean\u0103 \u201eOctavian Goga\u201d Cluj","robots":{"index":"index","follow":"follow","max-snippet":"max-snippet:-1","max-image-preview":"max-image-preview:large","max-video-preview":"max-video-preview:-1"},"canonical":"https:\/\/new.bjc.ro\/?tribe_events=zilele-bibliotecilor-de-cartier-2024","og_locale":"ro_RO","og_type":"article","og_title":"Zilele Bibliotecilor de Cartier 2024 - Biblioteca Jude\u021bean\u0103 \u201eOctavian Goga\u201d Cluj","og_description":"\u00cen perioada 14-18 octombrie 2024, biblioteca jude\u021bean\u0103 v\u0103 invit\u0103 s\u0103 lua\u021bi parte la activit\u0103\u021bi diverse \u0219i interactive pentru toate v\u00e2rstele, \u00een cadrul celei de-a XXVIII-a edi\u021bii a Zilelor Bibliotecilor de Cartier. \u00cent\u00e2lniri cu scriitori, cluburi de lectur\u0103, dezbateri pe diferite tematici, ore de poveste \u00een limbile rom\u00e2n\u0103, englez\u0103 \u0219i maghiar\u0103,&hellip; Cite\u0219te mai mult","og_url":"https:\/\/new.bjc.ro\/?tribe_events=zilele-bibliotecilor-de-cartier-2024","og_site_name":"Biblioteca Jude\u021bean\u0103 \u201eOctavian Goga\u201d Cluj","article_publisher":"https:\/\/www.facebook.com\/bibliotecacluj\/","article_modified_time":"2024-10-10T10:43:34+00:00","og_image":[{"width":400,"height":562,"url":"https:\/\/new.bjc.ro\/wp-content\/uploads\/2024\/10\/Afis-2024.jpg","type":"image\/jpeg"}],"twitter_card":"summary_large_image","twitter_site":"@BibliotecaGoga","twitter_misc":{"Timp estimat pentru citire":"1 minut"},"schema":{"@context":"https:\/\/schema.org","@graph":[{"@type":"WebPage","@id":"https:\/\/new.bjc.ro\/?tribe_events=zilele-bibliotecilor-de-cartier-2024","url":"https:\/\/new.bjc.ro\/?tribe_events=zilele-bibliotecilor-de-cartier-2024","name":"Zilele Bibliotecilor de Cartier 2024 - Biblioteca Jude\u021bean\u0103 \u201eOctavian Goga\u201d Cluj","isPartOf":{"@id":"https:\/\/new.bjc.ro\/#website"},"primaryImageOfPage":{"@id":"https:\/\/new.bjc.ro\/?tribe_events=zilele-bibliotecilor-de-cartier-2024#primaryimage"},"image":{"@id":"https:\/\/new.bjc.ro\/?tribe_events=zilele-bibliotecilor-de-cartier-2024#primaryimage"},"thumbnailUrl":"https:\/\/new.bjc.ro\/wp-content\/uploads\/2024\/10\/Afis-2024.jpg","datePublished":"2024-10-10T10:42:37+00:00","dateModified":"2024-10-10T10:43:34+00:00","breadcrumb":{"@id":"https:\/\/new.bjc.ro\/?tribe_events=zilele-bibliotecilor-de-cartier-2024#breadcrumb"},"inLanguage":"ro-RO","potentialAction":[{"@type":"ReadAction","target":["https:\/\/new.bjc.ro\/?tribe_events=zilele-bibliotecilor-de-cartier-2024"]}]},{"@type":"ImageObject","inLanguage":"ro-RO","@id":"https:\/\/new.bjc.ro\/?tribe_events=zilele-bibliotecilor-de-cartier-2024#primaryimage","url":"https:\/\/new.bjc.ro\/wp-content\/uploads\/2024\/10\/Afis-2024.jpg","contentUrl":"https:\/\/new.bjc.ro\/wp-content\/uploads\/2024\/10\/Afis-2024.jpg","width":400,"height":562},{"@type":"BreadcrumbList","@id":"https:\/\/new.bjc.ro\/?tribe_events=zilele-bibliotecilor-de-cartier-2024#breadcrumb","itemListElement":[{"@type":"ListItem","position":1,"name":"Home","item":"https:\/\/new.bjc.ro\/"},{"@type":"ListItem","position":2,"name":"Evenimente","item":"https:\/\/new.bjc.ro\/?post_type=tribe_events"},{"@type":"ListItem","position":3,"name":"Zilele Bibliotecilor de Cartier 2024"}]},{"@type":"WebSite","@id":"https:\/\/new.bjc.ro\/#website","url":"https:\/\/new.bjc.ro\/","name":"Biblioteca Jude\u021bean\u0103 \u201eOctavian Goga\u201d Cluj","description":"","publisher":{"@id":"https:\/\/new.bjc.ro\/#organization"},"alternateName":"Biblioteca Jude\u021bean\u0103 Cluj","potentialAction":[{"@type":"SearchAction","target":{"@type":"EntryPoint","urlTemplate":"https:\/\/new.bjc.ro\/?s={search_term_string}"},"query-input":{"@type":"PropertyValueSpecification","valueRequired":true,"valueName":"search_term_string"}}],"inLanguage":"ro-RO"},{"@type":"Organization","@id":"https:\/\/new.bjc.ro\/#organization","name":"Biblioteca Jude\u021bean\u0103 \u201eOctavian Goga\u201d Cluj","url":"https:\/\/new.bjc.ro\/","logo":{"@type":"ImageObject","inLanguage":"ro-RO","@id":"https:\/\/new.bjc.ro\/#\/schema\/logo\/image\/","url":"https:\/\/new.bjc.ro\/wp-content\/uploads\/2023\/03\/sigle.jpg","contentUrl":"https:\/\/new.bjc.ro\/wp-content\/uploads\/2023\/03\/sigle.jpg","width":630,"height":473,"caption":"Biblioteca Jude\u021bean\u0103 \u201eOctavian Goga\u201d Cluj"},"image":{"@id":"https:\/\/new.bjc.ro\/#\/schema\/logo\/image\/"},"sameAs":["https:\/\/www.facebook.com\/bibliotecacluj\/","https:\/\/x.com\/BibliotecaGoga","https:\/\/www.instagram.com\/biblioteca_judeteana_cluj\/","https:\/\/www.youtube.com\/user\/BibliotecaGoga"]}]}},"_links":{"self":[{"href":"https:\/\/new.bjc.ro\/index.php?rest_route=\/wp\/v2\/tribe_events\/9644","targetHints":{"allow":["GET"]}}],"collection":[{"href":"https:\/\/new.bjc.ro\/index.php?rest_route=\/wp\/v2\/tribe_events"}],"about":[{"href":"https:\/\/new.bjc.ro\/index.php?rest_route=\/wp\/v2\/types\/tribe_events"}],"author":[{"embeddable":true,"href":"https:\/\/new.bjc.ro\/index.php?rest_route=\/wp\/v2\/users\/1"}],"version-history":[{"count":2,"href":"https:\/\/new.bjc.ro\/index.php?rest_route=\/wp\/v2\/tribe_events\/9644\/revisions"}],"predecessor-version":[{"id":9648,"href":"https:\/\/new.bjc.ro\/index.php?rest_route=\/wp\/v2\/tribe_events\/9644\/revisions\/9648"}],"wp:featuredmedia":[{"embeddable":true,"href":"https:\/\/new.bjc.ro\/index.php?rest_route=\/wp\/v2\/media\/9645"}],"wp:attachment":[{"href":"https:\/\/new.bjc.ro\/index.php?rest_route=%2Fwp%2Fv2%2Fmedia&parent=9644"}],"wp:term":[{"taxonomy":"post_tag","embeddable":true,"href":"https:\/\/new.bjc.ro\/index.php?rest_route=%2Fwp%2Fv2%2Ftags&post=9644"},{"taxonomy":"tribe_events_cat","embeddable":true,"href":"https:\/\/new.bjc.ro\/index.php?rest_route=%2Fwp%2Fv2%2Ftribe_events_cat&post=9644"}],"curies":[{"name":"wp","href":"https:\/\/api.w.org\/{rel}","templated":true}]}}