{"id":9722,"date":"2024-10-30T08:32:21","date_gmt":"2024-10-30T06:32:21","guid":{"rendered":"https:\/\/new.bjc.ro\/?post_type=tribe_events&#038;p=9722"},"modified":"2024-10-30T08:32:21","modified_gmt":"2024-10-30T06:32:21","slug":"lansarea-muzeului-virtual-emil-isac","status":"publish","type":"tribe_events","link":"https:\/\/new.bjc.ro\/?tribe_events=lansarea-muzeului-virtual-emil-isac","title":{"rendered":"Lansarea muzeului virtual Emil Isac"},"content":{"rendered":"<p>Biblioteca Jude\u0163ean\u0103 \u201eOctavian Goga\u201d Cluj organizeaz\u0103, \u00een data de 31 octombrie 2024, evenimentul de lansare a muzeului virtual Emil Isac, rezultat al unei finan\u021b\u0103ri nerambursabile, acordat\u0103 de Administra\u021bia Fondului Cultural Na\u021bional (AFCN), din aria tematic\u0103 Patrimoniu Cultural Material, sesiunea de finan\u021bare II\/2024, \u201eEmil Isac \u2013 muzeul din bibliotec\u0103\u201d.<\/p>\n<p>Prin acest proiect, Biblioteca Jude\u021bean\u0103 \u201cOctavian Goga\u201d Cluj \u0219i-a propus promovarea \u0219i valorificarea mo\u0219tenirii culturale a scriitorului Emil Isac, parte integrant\u0103 a colec\u021biilor de\u021binute de bibliotec\u0103, prin crearea muzeului virtual Emil Isac, un punct unic de acces c\u0103tre toate tipurile de resurse din Fondul Isac, care s\u0103 transforme experien\u021ba de vizitare a spa\u021biului fizic al muzeului \u00eentr-o experien\u021b\u0103 interactiv\u0103, \u00eentr-un format inedit.<\/p>\n<p>Pentru realizarea \u0219i promovarea proiectului a fost creat\u0103 o baz\u0103 de date specific\u0103 colec\u021biilor de muzeu, o pagin\u0103 web cu acces la resurse digitizate, o aplica\u021bie care ruleaz\u0103 pe un terminal de tip infochio\u0219c \u0219i care ofer\u0103 informa\u021bii detaliate despre cele mai importante obiecte din muzeu. De asemenea, se vor organiza ateliere de educa\u021bie muzeal\u0103 \u0219i prezentare a muzeului pentru public, \u00een special pentru elevi, prin parteneriate cu \u0219colile din jude\u021b.<\/p>\n<p>Evenimentul va avea loc \u00een data de 31 octombrie 2024, ora 12:00, \u00een foaierul Bibliotecii Jude\u021bene \u201eOctavian Goga\u201d Cluj, Calea Doroban\u021bilor nr. 104.<\/p>\n","protected":false},"excerpt":{"rendered":"<p>Biblioteca Jude\u0163ean\u0103 \u201eOctavian Goga\u201d Cluj organizeaz\u0103, \u00een data de 31 octombrie 2024, evenimentul de lansare a muzeului virtual Emil Isac, rezultat al unei finan\u021b\u0103ri nerambursabile, acordat\u0103 de Administra\u021bia Fondului Cultural Na\u021bional (AFCN), din aria tematic\u0103 Patrimoniu Cultural Material, sesiunea de finan\u021bare II\/2024, \u201eEmil Isac \u2013 muzeul din bibliotec\u0103\u201d. Prin acest&hellip; <br \/> <a class=\"read-more\" href=\"https:\/\/new.bjc.ro\/?tribe_events=lansarea-muzeului-virtual-emil-isac\">Cite\u0219te mai mult<\/a><\/p>\n","protected":false},"author":1,"featured_media":9723,"template":"","meta":{"_monsterinsights_skip_tracking":false,"_monsterinsights_sitenote_active":false,"_monsterinsights_sitenote_note":"","_monsterinsights_sitenote_category":0,"_EventAllDay":false,"_EventTimezone":"Europe\/Bucharest","_EventStartDate":"2024-10-31 12:00:00","_EventEndDate":"2024-10-31 17:00:00","_EventStartDateUTC":"2024-10-31 10:00:00","_EventEndDateUTC":"2024-10-31 15:00:00","_EventShowMap":true,"_EventShowMapLink":true,"_EventURL":"","_EventCost":"","_EventCostDescription":"","_EventCurrencySymbol":"$","_EventCurrencyCode":"USD","_EventCurrencyPosition":"prefix","_EventDateTimeSeparator":"","_EventTimeRangeSeparator":"","_EventOrganizerID":[2810],"_EventVenueID":[3721],"_OrganizerEmail":"","_OrganizerPhone":"","_OrganizerWebsite":"","_VenueAddress":"","_VenueCity":"","_VenueCountry":"","_VenueProvince":"","_VenueState":"","_VenueZip":"","_VenuePhone":"","_VenueURL":"","_VenueStateProvince":"","_VenueLat":"","_VenueLng":"","_VenueShowMap":false,"_VenueShowMapLink":false,"_tribe_events_status":"","_tribe_events_status_reason":"","footnotes":""},"tags":[228],"tribe_events_cat":[28],"class_list":["post-9722","tribe_events","type-tribe_events","status-publish","has-post-thumbnail","hentry","tag-muzeul-virtual-emil-isac","tribe_events_cat-evenimente","cat_evenimente"],"yoast_head":"<!-- This site is optimized with the Yoast SEO plugin v24.6 - https:\/\/yoast.com\/wordpress\/plugins\/seo\/ -->\n<title>Lansarea muzeului virtual Emil Isac - Biblioteca Jude\u021bean\u0103 \u201eOctavian Goga\u201d Cluj<\/title>\n<meta name=\"robots\" content=\"index, follow, max-snippet:-1, max-image-preview:large, max-video-preview:-1\" \/>\n<link rel=\"canonical\" href=\"https:\/\/new.bjc.ro\/?tribe_events=lansarea-muzeului-virtual-emil-isac\" \/>\n<meta property=\"og:locale\" content=\"ro_RO\" \/>\n<meta property=\"og:type\" content=\"article\" \/>\n<meta property=\"og:title\" content=\"Lansarea muzeului virtual Emil Isac - Biblioteca Jude\u021bean\u0103 \u201eOctavian Goga\u201d Cluj\" \/>\n<meta property=\"og:description\" content=\"Biblioteca Jude\u0163ean\u0103 \u201eOctavian Goga\u201d Cluj organizeaz\u0103, \u00een data de 31 octombrie 2024, evenimentul de lansare a muzeului virtual Emil Isac, rezultat al unei finan\u021b\u0103ri nerambursabile, acordat\u0103 de Administra\u021bia Fondului Cultural Na\u021bional (AFCN), din aria tematic\u0103 Patrimoniu Cultural Material, sesiunea de finan\u021bare II\/2024, \u201eEmil Isac \u2013 muzeul din bibliotec\u0103\u201d. Prin acest&hellip; Cite\u0219te mai mult\" \/>\n<meta property=\"og:url\" content=\"https:\/\/new.bjc.ro\/?tribe_events=lansarea-muzeului-virtual-emil-isac\" \/>\n<meta property=\"og:site_name\" content=\"Biblioteca Jude\u021bean\u0103 \u201eOctavian Goga\u201d Cluj\" \/>\n<meta property=\"article:publisher\" content=\"https:\/\/www.facebook.com\/bibliotecacluj\/\" \/>\n<meta property=\"og:image\" content=\"https:\/\/new.bjc.ro\/wp-content\/uploads\/2024\/10\/Afis-lansare_muzeu-30102024.jpg\" \/>\n\t<meta property=\"og:image:width\" content=\"566\" \/>\n\t<meta property=\"og:image:height\" content=\"400\" \/>\n\t<meta property=\"og:image:type\" content=\"image\/jpeg\" \/>\n<meta name=\"twitter:card\" content=\"summary_large_image\" \/>\n<meta name=\"twitter:site\" content=\"@BibliotecaGoga\" \/>\n<meta name=\"twitter:label1\" content=\"Timp estimat pentru citire\" \/>\n\t<meta name=\"twitter:data1\" content=\"2 minute\" \/>\n<script type=\"application\/ld+json\" class=\"yoast-schema-graph\">{\"@context\":\"https:\/\/schema.org\",\"@graph\":[{\"@type\":\"WebPage\",\"@id\":\"https:\/\/new.bjc.ro\/?tribe_events=lansarea-muzeului-virtual-emil-isac\",\"url\":\"https:\/\/new.bjc.ro\/?tribe_events=lansarea-muzeului-virtual-emil-isac\",\"name\":\"Lansarea muzeului virtual Emil Isac - Biblioteca Jude\u021bean\u0103 \u201eOctavian Goga\u201d Cluj\",\"isPartOf\":{\"@id\":\"https:\/\/new.bjc.ro\/#website\"},\"primaryImageOfPage\":{\"@id\":\"https:\/\/new.bjc.ro\/?tribe_events=lansarea-muzeului-virtual-emil-isac#primaryimage\"},\"image\":{\"@id\":\"https:\/\/new.bjc.ro\/?tribe_events=lansarea-muzeului-virtual-emil-isac#primaryimage\"},\"thumbnailUrl\":\"https:\/\/new.bjc.ro\/wp-content\/uploads\/2024\/10\/Afis-lansare_muzeu-30102024.jpg\",\"datePublished\":\"2024-10-30T06:32:21+00:00\",\"breadcrumb\":{\"@id\":\"https:\/\/new.bjc.ro\/?tribe_events=lansarea-muzeului-virtual-emil-isac#breadcrumb\"},\"inLanguage\":\"ro-RO\",\"potentialAction\":[{\"@type\":\"ReadAction\",\"target\":[\"https:\/\/new.bjc.ro\/?tribe_events=lansarea-muzeului-virtual-emil-isac\"]}]},{\"@type\":\"ImageObject\",\"inLanguage\":\"ro-RO\",\"@id\":\"https:\/\/new.bjc.ro\/?tribe_events=lansarea-muzeului-virtual-emil-isac#primaryimage\",\"url\":\"https:\/\/new.bjc.ro\/wp-content\/uploads\/2024\/10\/Afis-lansare_muzeu-30102024.jpg\",\"contentUrl\":\"https:\/\/new.bjc.ro\/wp-content\/uploads\/2024\/10\/Afis-lansare_muzeu-30102024.jpg\",\"width\":566,\"height\":400},{\"@type\":\"BreadcrumbList\",\"@id\":\"https:\/\/new.bjc.ro\/?tribe_events=lansarea-muzeului-virtual-emil-isac#breadcrumb\",\"itemListElement\":[{\"@type\":\"ListItem\",\"position\":1,\"name\":\"Home\",\"item\":\"https:\/\/new.bjc.ro\/\"},{\"@type\":\"ListItem\",\"position\":2,\"name\":\"Evenimente\",\"item\":\"https:\/\/new.bjc.ro\/?post_type=tribe_events\"},{\"@type\":\"ListItem\",\"position\":3,\"name\":\"Lansarea muzeului virtual Emil Isac\"}]},{\"@type\":\"WebSite\",\"@id\":\"https:\/\/new.bjc.ro\/#website\",\"url\":\"https:\/\/new.bjc.ro\/\",\"name\":\"Biblioteca Jude\u021bean\u0103 \u201eOctavian Goga\u201d Cluj\",\"description\":\"\",\"publisher\":{\"@id\":\"https:\/\/new.bjc.ro\/#organization\"},\"alternateName\":\"Biblioteca Jude\u021bean\u0103 Cluj\",\"potentialAction\":[{\"@type\":\"SearchAction\",\"target\":{\"@type\":\"EntryPoint\",\"urlTemplate\":\"https:\/\/new.bjc.ro\/?s={search_term_string}\"},\"query-input\":{\"@type\":\"PropertyValueSpecification\",\"valueRequired\":true,\"valueName\":\"search_term_string\"}}],\"inLanguage\":\"ro-RO\"},{\"@type\":\"Organization\",\"@id\":\"https:\/\/new.bjc.ro\/#organization\",\"name\":\"Biblioteca Jude\u021bean\u0103 \u201eOctavian Goga\u201d Cluj\",\"url\":\"https:\/\/new.bjc.ro\/\",\"logo\":{\"@type\":\"ImageObject\",\"inLanguage\":\"ro-RO\",\"@id\":\"https:\/\/new.bjc.ro\/#\/schema\/logo\/image\/\",\"url\":\"https:\/\/new.bjc.ro\/wp-content\/uploads\/2023\/03\/sigle.jpg\",\"contentUrl\":\"https:\/\/new.bjc.ro\/wp-content\/uploads\/2023\/03\/sigle.jpg\",\"width\":630,\"height\":473,\"caption\":\"Biblioteca Jude\u021bean\u0103 \u201eOctavian Goga\u201d Cluj\"},\"image\":{\"@id\":\"https:\/\/new.bjc.ro\/#\/schema\/logo\/image\/\"},\"sameAs\":[\"https:\/\/www.facebook.com\/bibliotecacluj\/\",\"https:\/\/x.com\/BibliotecaGoga\",\"https:\/\/www.instagram.com\/biblioteca_judeteana_cluj\/\",\"https:\/\/www.youtube.com\/user\/BibliotecaGoga\"]}]}<\/script>\n<!-- \/ Yoast SEO plugin. -->","yoast_head_json":{"title":"Lansarea muzeului virtual Emil Isac - Biblioteca Jude\u021bean\u0103 \u201eOctavian Goga\u201d Cluj","robots":{"index":"index","follow":"follow","max-snippet":"max-snippet:-1","max-image-preview":"max-image-preview:large","max-video-preview":"max-video-preview:-1"},"canonical":"https:\/\/new.bjc.ro\/?tribe_events=lansarea-muzeului-virtual-emil-isac","og_locale":"ro_RO","og_type":"article","og_title":"Lansarea muzeului virtual Emil Isac - Biblioteca Jude\u021bean\u0103 \u201eOctavian Goga\u201d Cluj","og_description":"Biblioteca Jude\u0163ean\u0103 \u201eOctavian Goga\u201d Cluj organizeaz\u0103, \u00een data de 31 octombrie 2024, evenimentul de lansare a muzeului virtual Emil Isac, rezultat al unei finan\u021b\u0103ri nerambursabile, acordat\u0103 de Administra\u021bia Fondului Cultural Na\u021bional (AFCN), din aria tematic\u0103 Patrimoniu Cultural Material, sesiunea de finan\u021bare II\/2024, \u201eEmil Isac \u2013 muzeul din bibliotec\u0103\u201d. Prin acest&hellip; Cite\u0219te mai mult","og_url":"https:\/\/new.bjc.ro\/?tribe_events=lansarea-muzeului-virtual-emil-isac","og_site_name":"Biblioteca Jude\u021bean\u0103 \u201eOctavian Goga\u201d Cluj","article_publisher":"https:\/\/www.facebook.com\/bibliotecacluj\/","og_image":[{"width":566,"height":400,"url":"https:\/\/new.bjc.ro\/wp-content\/uploads\/2024\/10\/Afis-lansare_muzeu-30102024.jpg","type":"image\/jpeg"}],"twitter_card":"summary_large_image","twitter_site":"@BibliotecaGoga","twitter_misc":{"Timp estimat pentru citire":"2 minute"},"schema":{"@context":"https:\/\/schema.org","@graph":[{"@type":"WebPage","@id":"https:\/\/new.bjc.ro\/?tribe_events=lansarea-muzeului-virtual-emil-isac","url":"https:\/\/new.bjc.ro\/?tribe_events=lansarea-muzeului-virtual-emil-isac","name":"Lansarea muzeului virtual Emil Isac - Biblioteca Jude\u021bean\u0103 \u201eOctavian Goga\u201d Cluj","isPartOf":{"@id":"https:\/\/new.bjc.ro\/#website"},"primaryImageOfPage":{"@id":"https:\/\/new.bjc.ro\/?tribe_events=lansarea-muzeului-virtual-emil-isac#primaryimage"},"image":{"@id":"https:\/\/new.bjc.ro\/?tribe_events=lansarea-muzeului-virtual-emil-isac#primaryimage"},"thumbnailUrl":"https:\/\/new.bjc.ro\/wp-content\/uploads\/2024\/10\/Afis-lansare_muzeu-30102024.jpg","datePublished":"2024-10-30T06:32:21+00:00","breadcrumb":{"@id":"https:\/\/new.bjc.ro\/?tribe_events=lansarea-muzeului-virtual-emil-isac#breadcrumb"},"inLanguage":"ro-RO","potentialAction":[{"@type":"ReadAction","target":["https:\/\/new.bjc.ro\/?tribe_events=lansarea-muzeului-virtual-emil-isac"]}]},{"@type":"ImageObject","inLanguage":"ro-RO","@id":"https:\/\/new.bjc.ro\/?tribe_events=lansarea-muzeului-virtual-emil-isac#primaryimage","url":"https:\/\/new.bjc.ro\/wp-content\/uploads\/2024\/10\/Afis-lansare_muzeu-30102024.jpg","contentUrl":"https:\/\/new.bjc.ro\/wp-content\/uploads\/2024\/10\/Afis-lansare_muzeu-30102024.jpg","width":566,"height":400},{"@type":"BreadcrumbList","@id":"https:\/\/new.bjc.ro\/?tribe_events=lansarea-muzeului-virtual-emil-isac#breadcrumb","itemListElement":[{"@type":"ListItem","position":1,"name":"Home","item":"https:\/\/new.bjc.ro\/"},{"@type":"ListItem","position":2,"name":"Evenimente","item":"https:\/\/new.bjc.ro\/?post_type=tribe_events"},{"@type":"ListItem","position":3,"name":"Lansarea muzeului virtual Emil Isac"}]},{"@type":"WebSite","@id":"https:\/\/new.bjc.ro\/#website","url":"https:\/\/new.bjc.ro\/","name":"Biblioteca Jude\u021bean\u0103 \u201eOctavian Goga\u201d Cluj","description":"","publisher":{"@id":"https:\/\/new.bjc.ro\/#organization"},"alternateName":"Biblioteca Jude\u021bean\u0103 Cluj","potentialAction":[{"@type":"SearchAction","target":{"@type":"EntryPoint","urlTemplate":"https:\/\/new.bjc.ro\/?s={search_term_string}"},"query-input":{"@type":"PropertyValueSpecification","valueRequired":true,"valueName":"search_term_string"}}],"inLanguage":"ro-RO"},{"@type":"Organization","@id":"https:\/\/new.bjc.ro\/#organization","name":"Biblioteca Jude\u021bean\u0103 \u201eOctavian Goga\u201d Cluj","url":"https:\/\/new.bjc.ro\/","logo":{"@type":"ImageObject","inLanguage":"ro-RO","@id":"https:\/\/new.bjc.ro\/#\/schema\/logo\/image\/","url":"https:\/\/new.bjc.ro\/wp-content\/uploads\/2023\/03\/sigle.jpg","contentUrl":"https:\/\/new.bjc.ro\/wp-content\/uploads\/2023\/03\/sigle.jpg","width":630,"height":473,"caption":"Biblioteca Jude\u021bean\u0103 \u201eOctavian Goga\u201d Cluj"},"image":{"@id":"https:\/\/new.bjc.ro\/#\/schema\/logo\/image\/"},"sameAs":["https:\/\/www.facebook.com\/bibliotecacluj\/","https:\/\/x.com\/BibliotecaGoga","https:\/\/www.instagram.com\/biblioteca_judeteana_cluj\/","https:\/\/www.youtube.com\/user\/BibliotecaGoga"]}]}},"_links":{"self":[{"href":"https:\/\/new.bjc.ro\/index.php?rest_route=\/wp\/v2\/tribe_events\/9722","targetHints":{"allow":["GET"]}}],"collection":[{"href":"https:\/\/new.bjc.ro\/index.php?rest_route=\/wp\/v2\/tribe_events"}],"about":[{"href":"https:\/\/new.bjc.ro\/index.php?rest_route=\/wp\/v2\/types\/tribe_events"}],"author":[{"embeddable":true,"href":"https:\/\/new.bjc.ro\/index.php?rest_route=\/wp\/v2\/users\/1"}],"version-history":[{"count":1,"href":"https:\/\/new.bjc.ro\/index.php?rest_route=\/wp\/v2\/tribe_events\/9722\/revisions"}],"predecessor-version":[{"id":9724,"href":"https:\/\/new.bjc.ro\/index.php?rest_route=\/wp\/v2\/tribe_events\/9722\/revisions\/9724"}],"wp:featuredmedia":[{"embeddable":true,"href":"https:\/\/new.bjc.ro\/index.php?rest_route=\/wp\/v2\/media\/9723"}],"wp:attachment":[{"href":"https:\/\/new.bjc.ro\/index.php?rest_route=%2Fwp%2Fv2%2Fmedia&parent=9722"}],"wp:term":[{"taxonomy":"post_tag","embeddable":true,"href":"https:\/\/new.bjc.ro\/index.php?rest_route=%2Fwp%2Fv2%2Ftags&post=9722"},{"taxonomy":"tribe_events_cat","embeddable":true,"href":"https:\/\/new.bjc.ro\/index.php?rest_route=%2Fwp%2Fv2%2Ftribe_events_cat&post=9722"}],"curies":[{"name":"wp","href":"https:\/\/api.w.org\/{rel}","templated":true}]}}