{"id":9758,"date":"2024-11-05T13:18:33","date_gmt":"2024-11-05T11:18:33","guid":{"rendered":"https:\/\/new.bjc.ro\/?post_type=tribe_events&#038;p=9758"},"modified":"2024-11-05T13:22:03","modified_gmt":"2024-11-05T11:22:03","slug":"proiectie-kinedok","status":"publish","type":"tribe_events","link":"https:\/\/new.bjc.ro\/?tribe_events=proiectie-kinedok","title":{"rendered":"Proiec\u021bie Kinedok"},"content":{"rendered":"<p>Joi, 7 noiembrie, ora 19.00, la Sala de art\u0103 a bibliotecii lans\u0103m noul sezon Kinedok cu proiec\u021bia:<\/p>\n<p><strong>\u00centre revolu\u021bii\/ Between Revolutions (<\/strong>Rom\u00e2nia, Croa\u021bia, Qatar, Iran, 2023, 69 min.)<\/p>\n<p><strong>Regia:<\/strong> Vlad Petri<\/p>\n<p><strong>Montaj:<\/strong> Drago\u0219 Apetri, C\u0103t\u0103lin Cristu\u021biu, Vlad Petri<\/p>\n<p><strong>Sunet:<\/strong> Filip Mure\u0219an, Vlad Voinescu<\/p>\n<p>Maria \u0219i Zahra s-au \u00eent\u00e2lnit la Universitatea de medicin\u0103 din Bucure\u0219ti \u00een anii \u201970. C\u00e2nd posibilitatea unei schimb\u0103ri politice \u00een Iran devine o certitudine, Zahra se \u00eentoarce \u00een \u021bara ei, lu\u00e2nd parte la evenimente, departe de prietena sa. \u00cen urm\u0103torii 10 ani, singurul lor mod de a comunica e prin intermediul scrisorilor. \u00cencadrate de dou\u0103 revolu\u021bii, cuvintele lor descriu lupta femeilor pentru a fi auzite, situa\u021bia societ\u0103\u021bilor trecute prin schimb\u0103ri radicale \u0219i o prietenie care nu poate fi destr\u0103mat\u0103. Realizat \u00een \u00eentregime din materiale de arhiv\u0103, majoritatea dintre ele necunoscute p\u00e2n\u0103 acum, filmul reprezint\u0103 o poveste despre prietenie feminin\u0103, speran\u021b\u0103 \u0219i utopie.<\/p>\n<p><strong>Trailer:<\/strong><\/p>\n<p><a href=\"https:\/\/www.youtube.com\/watch?v=GylyqyApt9o\">https:\/\/www.youtube.com\/watch?v=GylyqyApt9o<\/a><\/p>\n<p>&nbsp;<\/p>\n<p><strong>Premii \u0219i festivaluri:<\/strong><\/p>\n<p>Premiera mondial\u0103 &amp; Premiul FIPRESCI \u2013 Festivalul Interna\u021bional de la Berlin, Sec\u021biunea Forum, 2023<\/p>\n<p>Men\u0163iune special\u0103 \u2013 ZagrebDox, 2023<\/p>\n<p>Premiul de distribu\u021bie DAFilms \u2013 Festivalul Interna\u021bional de Film Documentar Ji.hlava, 2022<\/p>\n<p>Festivalul Interna\u021bional de Film de la Sarajevo, 2023<\/p>\n<p>Festivalul Interna\u021bional de Film Documentar Copenhaga (CPH:DOX), 2023<\/p>\n<p>Festivalul Interna\u021bional de Film Documentar \u0219i Drepturile Omului One World Romania, 2023<\/p>\n<p>&nbsp;<\/p>\n<p><strong>Biografie regizor:<\/strong><\/p>\n<p>Vlad Petri este un regizor de film interesat de subiecte politice \u0219i sociale, adesea combin\u00e2nd imagini personale cu arhive oficiale. Filmele sale, aflate la grani\u021ba dintre documentar \u0219i fic\u021biune, au fost prezentate \u0219i premiate \u00een diferite festivaluri interna\u021bionale. Filmografia sa include: \u00centre revolu\u021bii (2023 \u2013 lungmetraj), Acela\u0219i vis (2021 \u2013 scurtmetraj), Cerbul a trecut prin fa\u021ba mea (2020 \u2013 scurtmetraj) \u0219i Bucure\u0219ti, unde e\u0219ti? (2014 \u2013 lungmetraj).<\/p>\n<p><strong>\u00a0<\/strong><\/p>\n<p><strong>PROGRAMUL VIZION\u0102RILOR VIITOARE:<\/strong><\/p>\n<p>28 noiembrie &#8211; <strong>Lumea conform tat\u0103lui meu \/ The World According to My Dad<\/strong> (Regia: Marta Kov\u00e1\u0159ov\u00e1, Republica Ceh\u0103, Slovacia, 2023, 77 min)<\/p>\n<p>12 decembrie &#8211; <strong>Sindromul Hamlet \/ The Hamlet Syndrome<\/strong> (Regia: Elwira Niewiera, Piotr Roso\u0142owski, Germania, Polonia, 2022, 85 min)<\/p>\n<p>9 ianuarie- <strong>Blix, nu bombe \/ Blix, not bombs<\/strong> (Regia: Greta Stocklassa, Republica Ceh\u0103, Suedia, Germania, 2023, 83 min)<\/p>\n<p>23 ianuarie &#8211; <strong>Snajka: Jurnalul a\u0219tept\u0103rilor \/ Snajka: Diary of Expectations<\/strong> (Regia: Tea Vidovi\u0107 Dalipi, Croa\u021bia, Italia, Kosovo, 2023, 75 min)<\/p>\n<p>6 februarie &#8211; <strong>Z\u00e2mbetul Georgiei\/Smiling Georgia<\/strong> (Regia: Luka Beradze, Georgia, Germania, 2023, 62 min)<\/p>\n<p>20 februarie &#8211; <strong>Fotofobia \/ Photophobia<\/strong> (Regia: Ivan Ostrochovsk\u00fd, Pavol Pekar\u010d\u00edk, Slovacia, Republica Ceh\u0103, Ucraina, 2023, 71 min)<\/p>\n<p>6 martie &#8211; <strong>Cazul inginerului Ursu \/ The Case of Engineer Ursu<\/strong> (Regia: Liviu Tofan, \u0218erban Georgescu, Rom\u00e2nia, 2023, 98 min)<\/p>\n<p>20 martie &#8211; <strong>+90<\/strong> (Regia: Marek Kubo\u0161, Slovacia, 2022, 90 min)<\/p>\n<p>3 aprilie &#8211; <strong>Ce e de f\u0103cut? \/ What\u2019s to Be Done?<\/strong> (Regia: Goran Devi\u0107, Croa\u021bia, 2023, 79 minute)<\/p>\n<p>17 aprilie &#8211; <strong>To\u021bi b\u0103rba\u021bii devin fra\u021bi \/ All Men Become Brothers<\/strong> (Regia: Robert Kirchhoff, Republica Ceh\u0103, Slovacia, 2023, 116 min)<\/p>\n<p>Proiec\u021biile fac parte din proiectul KineDok, implementat de Asocia\u021bia One World Rom\u00e2nia cu sprijinul Creative Europe &#8211; MEDIA Programme of the European Union, Centrul Na\u021bional al Cinematografiei.<\/p>\n","protected":false},"excerpt":{"rendered":"<p>Joi, 7 noiembrie, ora 19.00, la Sala de art\u0103 a bibliotecii lans\u0103m noul sezon Kinedok cu proiec\u021bia: \u00centre revolu\u021bii\/ Between Revolutions (Rom\u00e2nia, Croa\u021bia, Qatar, Iran, 2023, 69 min.) Regia: Vlad Petri Montaj: Drago\u0219 Apetri, C\u0103t\u0103lin Cristu\u021biu, Vlad Petri Sunet: Filip Mure\u0219an, Vlad Voinescu Maria \u0219i Zahra s-au \u00eent\u00e2lnit la Universitatea&hellip; <br \/> <a class=\"read-more\" href=\"https:\/\/new.bjc.ro\/?tribe_events=proiectie-kinedok\">Cite\u0219te mai mult<\/a><\/p>\n","protected":false},"author":1,"featured_media":9759,"template":"","meta":{"_monsterinsights_skip_tracking":false,"_monsterinsights_sitenote_active":false,"_monsterinsights_sitenote_note":"","_monsterinsights_sitenote_category":0,"_EventAllDay":false,"_EventTimezone":"Europe\/Bucharest","_EventStartDate":"2024-11-07 19:00:00","_EventEndDate":"2024-11-07 20:00:00","_EventStartDateUTC":"2024-11-07 17:00:00","_EventEndDateUTC":"2024-11-07 18:00:00","_EventShowMap":true,"_EventShowMapLink":true,"_EventURL":"","_EventCost":"","_EventCostDescription":"","_EventCurrencySymbol":"$","_EventCurrencyCode":"USD","_EventCurrencyPosition":"prefix","_EventDateTimeSeparator":"","_EventTimeRangeSeparator":"","_EventOrganizerID":[2810],"_EventVenueID":[3721],"_OrganizerEmail":"","_OrganizerPhone":"","_OrganizerWebsite":"","_VenueAddress":"","_VenueCity":"","_VenueCountry":"","_VenueProvince":"","_VenueState":"","_VenueZip":"","_VenuePhone":"","_VenueURL":"","_VenueStateProvince":"","_VenueLat":"","_VenueLng":"","_VenueShowMap":false,"_VenueShowMapLink":false,"_tribe_events_status":"","_tribe_events_status_reason":"","footnotes":""},"tags":[129],"tribe_events_cat":[28],"class_list":["post-9758","tribe_events","type-tribe_events","status-publish","has-post-thumbnail","hentry","tag-vizionare-film","tribe_events_cat-evenimente","cat_evenimente"],"yoast_head":"<!-- This site is optimized with the Yoast SEO plugin v24.6 - https:\/\/yoast.com\/wordpress\/plugins\/seo\/ -->\n<title>Proiec\u021bie Kinedok - Biblioteca Jude\u021bean\u0103 \u201eOctavian Goga\u201d Cluj<\/title>\n<meta name=\"robots\" content=\"index, follow, max-snippet:-1, max-image-preview:large, max-video-preview:-1\" \/>\n<link rel=\"canonical\" href=\"https:\/\/new.bjc.ro\/?tribe_events=proiectie-kinedok\" \/>\n<meta property=\"og:locale\" content=\"ro_RO\" \/>\n<meta property=\"og:type\" content=\"article\" \/>\n<meta property=\"og:title\" content=\"Proiec\u021bie Kinedok - Biblioteca Jude\u021bean\u0103 \u201eOctavian Goga\u201d Cluj\" \/>\n<meta property=\"og:description\" content=\"Joi, 7 noiembrie, ora 19.00, la Sala de art\u0103 a bibliotecii lans\u0103m noul sezon Kinedok cu proiec\u021bia: \u00centre revolu\u021bii\/ Between Revolutions (Rom\u00e2nia, Croa\u021bia, Qatar, Iran, 2023, 69 min.) Regia: Vlad Petri Montaj: Drago\u0219 Apetri, C\u0103t\u0103lin Cristu\u021biu, Vlad Petri Sunet: Filip Mure\u0219an, Vlad Voinescu Maria \u0219i Zahra s-au \u00eent\u00e2lnit la Universitatea&hellip; Cite\u0219te mai mult\" \/>\n<meta property=\"og:url\" content=\"https:\/\/new.bjc.ro\/?tribe_events=proiectie-kinedok\" \/>\n<meta property=\"og:site_name\" content=\"Biblioteca Jude\u021bean\u0103 \u201eOctavian Goga\u201d Cluj\" \/>\n<meta property=\"article:publisher\" content=\"https:\/\/www.facebook.com\/bibliotecacluj\/\" \/>\n<meta property=\"article:modified_time\" content=\"2024-11-05T11:22:03+00:00\" \/>\n<meta property=\"og:image\" content=\"https:\/\/new.bjc.ro\/wp-content\/uploads\/2024\/11\/afis-film-KineDok-Intre-revolutii_07_11_24.jpg\" \/>\n\t<meta property=\"og:image:width\" content=\"400\" \/>\n\t<meta property=\"og:image:height\" content=\"566\" \/>\n\t<meta property=\"og:image:type\" content=\"image\/jpeg\" \/>\n<meta name=\"twitter:card\" content=\"summary_large_image\" \/>\n<meta name=\"twitter:site\" content=\"@BibliotecaGoga\" \/>\n<meta name=\"twitter:label1\" content=\"Timp estimat pentru citire\" \/>\n\t<meta name=\"twitter:data1\" content=\"3 minute\" \/>\n<script type=\"application\/ld+json\" class=\"yoast-schema-graph\">{\"@context\":\"https:\/\/schema.org\",\"@graph\":[{\"@type\":\"WebPage\",\"@id\":\"https:\/\/new.bjc.ro\/?tribe_events=proiectie-kinedok\",\"url\":\"https:\/\/new.bjc.ro\/?tribe_events=proiectie-kinedok\",\"name\":\"Proiec\u021bie Kinedok - Biblioteca Jude\u021bean\u0103 \u201eOctavian Goga\u201d Cluj\",\"isPartOf\":{\"@id\":\"https:\/\/new.bjc.ro\/#website\"},\"primaryImageOfPage\":{\"@id\":\"https:\/\/new.bjc.ro\/?tribe_events=proiectie-kinedok#primaryimage\"},\"image\":{\"@id\":\"https:\/\/new.bjc.ro\/?tribe_events=proiectie-kinedok#primaryimage\"},\"thumbnailUrl\":\"https:\/\/new.bjc.ro\/wp-content\/uploads\/2024\/11\/afis-film-KineDok-Intre-revolutii_07_11_24.jpg\",\"datePublished\":\"2024-11-05T11:18:33+00:00\",\"dateModified\":\"2024-11-05T11:22:03+00:00\",\"breadcrumb\":{\"@id\":\"https:\/\/new.bjc.ro\/?tribe_events=proiectie-kinedok#breadcrumb\"},\"inLanguage\":\"ro-RO\",\"potentialAction\":[{\"@type\":\"ReadAction\",\"target\":[\"https:\/\/new.bjc.ro\/?tribe_events=proiectie-kinedok\"]}]},{\"@type\":\"ImageObject\",\"inLanguage\":\"ro-RO\",\"@id\":\"https:\/\/new.bjc.ro\/?tribe_events=proiectie-kinedok#primaryimage\",\"url\":\"https:\/\/new.bjc.ro\/wp-content\/uploads\/2024\/11\/afis-film-KineDok-Intre-revolutii_07_11_24.jpg\",\"contentUrl\":\"https:\/\/new.bjc.ro\/wp-content\/uploads\/2024\/11\/afis-film-KineDok-Intre-revolutii_07_11_24.jpg\",\"width\":400,\"height\":566},{\"@type\":\"BreadcrumbList\",\"@id\":\"https:\/\/new.bjc.ro\/?tribe_events=proiectie-kinedok#breadcrumb\",\"itemListElement\":[{\"@type\":\"ListItem\",\"position\":1,\"name\":\"Home\",\"item\":\"https:\/\/new.bjc.ro\/\"},{\"@type\":\"ListItem\",\"position\":2,\"name\":\"Evenimente\",\"item\":\"https:\/\/new.bjc.ro\/?post_type=tribe_events\"},{\"@type\":\"ListItem\",\"position\":3,\"name\":\"Proiec\u021bie Kinedok\"}]},{\"@type\":\"WebSite\",\"@id\":\"https:\/\/new.bjc.ro\/#website\",\"url\":\"https:\/\/new.bjc.ro\/\",\"name\":\"Biblioteca Jude\u021bean\u0103 \u201eOctavian Goga\u201d Cluj\",\"description\":\"\",\"publisher\":{\"@id\":\"https:\/\/new.bjc.ro\/#organization\"},\"alternateName\":\"Biblioteca Jude\u021bean\u0103 Cluj\",\"potentialAction\":[{\"@type\":\"SearchAction\",\"target\":{\"@type\":\"EntryPoint\",\"urlTemplate\":\"https:\/\/new.bjc.ro\/?s={search_term_string}\"},\"query-input\":{\"@type\":\"PropertyValueSpecification\",\"valueRequired\":true,\"valueName\":\"search_term_string\"}}],\"inLanguage\":\"ro-RO\"},{\"@type\":\"Organization\",\"@id\":\"https:\/\/new.bjc.ro\/#organization\",\"name\":\"Biblioteca Jude\u021bean\u0103 \u201eOctavian Goga\u201d Cluj\",\"url\":\"https:\/\/new.bjc.ro\/\",\"logo\":{\"@type\":\"ImageObject\",\"inLanguage\":\"ro-RO\",\"@id\":\"https:\/\/new.bjc.ro\/#\/schema\/logo\/image\/\",\"url\":\"https:\/\/new.bjc.ro\/wp-content\/uploads\/2023\/03\/sigle.jpg\",\"contentUrl\":\"https:\/\/new.bjc.ro\/wp-content\/uploads\/2023\/03\/sigle.jpg\",\"width\":630,\"height\":473,\"caption\":\"Biblioteca Jude\u021bean\u0103 \u201eOctavian Goga\u201d Cluj\"},\"image\":{\"@id\":\"https:\/\/new.bjc.ro\/#\/schema\/logo\/image\/\"},\"sameAs\":[\"https:\/\/www.facebook.com\/bibliotecacluj\/\",\"https:\/\/x.com\/BibliotecaGoga\",\"https:\/\/www.instagram.com\/biblioteca_judeteana_cluj\/\",\"https:\/\/www.youtube.com\/user\/BibliotecaGoga\"]}]}<\/script>\n<!-- \/ Yoast SEO plugin. -->","yoast_head_json":{"title":"Proiec\u021bie Kinedok - Biblioteca Jude\u021bean\u0103 \u201eOctavian Goga\u201d Cluj","robots":{"index":"index","follow":"follow","max-snippet":"max-snippet:-1","max-image-preview":"max-image-preview:large","max-video-preview":"max-video-preview:-1"},"canonical":"https:\/\/new.bjc.ro\/?tribe_events=proiectie-kinedok","og_locale":"ro_RO","og_type":"article","og_title":"Proiec\u021bie Kinedok - Biblioteca Jude\u021bean\u0103 \u201eOctavian Goga\u201d Cluj","og_description":"Joi, 7 noiembrie, ora 19.00, la Sala de art\u0103 a bibliotecii lans\u0103m noul sezon Kinedok cu proiec\u021bia: \u00centre revolu\u021bii\/ Between Revolutions (Rom\u00e2nia, Croa\u021bia, Qatar, Iran, 2023, 69 min.) Regia: Vlad Petri Montaj: Drago\u0219 Apetri, C\u0103t\u0103lin Cristu\u021biu, Vlad Petri Sunet: Filip Mure\u0219an, Vlad Voinescu Maria \u0219i Zahra s-au \u00eent\u00e2lnit la Universitatea&hellip; Cite\u0219te mai mult","og_url":"https:\/\/new.bjc.ro\/?tribe_events=proiectie-kinedok","og_site_name":"Biblioteca Jude\u021bean\u0103 \u201eOctavian Goga\u201d Cluj","article_publisher":"https:\/\/www.facebook.com\/bibliotecacluj\/","article_modified_time":"2024-11-05T11:22:03+00:00","og_image":[{"width":400,"height":566,"url":"https:\/\/new.bjc.ro\/wp-content\/uploads\/2024\/11\/afis-film-KineDok-Intre-revolutii_07_11_24.jpg","type":"image\/jpeg"}],"twitter_card":"summary_large_image","twitter_site":"@BibliotecaGoga","twitter_misc":{"Timp estimat pentru citire":"3 minute"},"schema":{"@context":"https:\/\/schema.org","@graph":[{"@type":"WebPage","@id":"https:\/\/new.bjc.ro\/?tribe_events=proiectie-kinedok","url":"https:\/\/new.bjc.ro\/?tribe_events=proiectie-kinedok","name":"Proiec\u021bie Kinedok - Biblioteca Jude\u021bean\u0103 \u201eOctavian Goga\u201d Cluj","isPartOf":{"@id":"https:\/\/new.bjc.ro\/#website"},"primaryImageOfPage":{"@id":"https:\/\/new.bjc.ro\/?tribe_events=proiectie-kinedok#primaryimage"},"image":{"@id":"https:\/\/new.bjc.ro\/?tribe_events=proiectie-kinedok#primaryimage"},"thumbnailUrl":"https:\/\/new.bjc.ro\/wp-content\/uploads\/2024\/11\/afis-film-KineDok-Intre-revolutii_07_11_24.jpg","datePublished":"2024-11-05T11:18:33+00:00","dateModified":"2024-11-05T11:22:03+00:00","breadcrumb":{"@id":"https:\/\/new.bjc.ro\/?tribe_events=proiectie-kinedok#breadcrumb"},"inLanguage":"ro-RO","potentialAction":[{"@type":"ReadAction","target":["https:\/\/new.bjc.ro\/?tribe_events=proiectie-kinedok"]}]},{"@type":"ImageObject","inLanguage":"ro-RO","@id":"https:\/\/new.bjc.ro\/?tribe_events=proiectie-kinedok#primaryimage","url":"https:\/\/new.bjc.ro\/wp-content\/uploads\/2024\/11\/afis-film-KineDok-Intre-revolutii_07_11_24.jpg","contentUrl":"https:\/\/new.bjc.ro\/wp-content\/uploads\/2024\/11\/afis-film-KineDok-Intre-revolutii_07_11_24.jpg","width":400,"height":566},{"@type":"BreadcrumbList","@id":"https:\/\/new.bjc.ro\/?tribe_events=proiectie-kinedok#breadcrumb","itemListElement":[{"@type":"ListItem","position":1,"name":"Home","item":"https:\/\/new.bjc.ro\/"},{"@type":"ListItem","position":2,"name":"Evenimente","item":"https:\/\/new.bjc.ro\/?post_type=tribe_events"},{"@type":"ListItem","position":3,"name":"Proiec\u021bie Kinedok"}]},{"@type":"WebSite","@id":"https:\/\/new.bjc.ro\/#website","url":"https:\/\/new.bjc.ro\/","name":"Biblioteca Jude\u021bean\u0103 \u201eOctavian Goga\u201d Cluj","description":"","publisher":{"@id":"https:\/\/new.bjc.ro\/#organization"},"alternateName":"Biblioteca Jude\u021bean\u0103 Cluj","potentialAction":[{"@type":"SearchAction","target":{"@type":"EntryPoint","urlTemplate":"https:\/\/new.bjc.ro\/?s={search_term_string}"},"query-input":{"@type":"PropertyValueSpecification","valueRequired":true,"valueName":"search_term_string"}}],"inLanguage":"ro-RO"},{"@type":"Organization","@id":"https:\/\/new.bjc.ro\/#organization","name":"Biblioteca Jude\u021bean\u0103 \u201eOctavian Goga\u201d Cluj","url":"https:\/\/new.bjc.ro\/","logo":{"@type":"ImageObject","inLanguage":"ro-RO","@id":"https:\/\/new.bjc.ro\/#\/schema\/logo\/image\/","url":"https:\/\/new.bjc.ro\/wp-content\/uploads\/2023\/03\/sigle.jpg","contentUrl":"https:\/\/new.bjc.ro\/wp-content\/uploads\/2023\/03\/sigle.jpg","width":630,"height":473,"caption":"Biblioteca Jude\u021bean\u0103 \u201eOctavian Goga\u201d Cluj"},"image":{"@id":"https:\/\/new.bjc.ro\/#\/schema\/logo\/image\/"},"sameAs":["https:\/\/www.facebook.com\/bibliotecacluj\/","https:\/\/x.com\/BibliotecaGoga","https:\/\/www.instagram.com\/biblioteca_judeteana_cluj\/","https:\/\/www.youtube.com\/user\/BibliotecaGoga"]}]}},"_links":{"self":[{"href":"https:\/\/new.bjc.ro\/index.php?rest_route=\/wp\/v2\/tribe_events\/9758","targetHints":{"allow":["GET"]}}],"collection":[{"href":"https:\/\/new.bjc.ro\/index.php?rest_route=\/wp\/v2\/tribe_events"}],"about":[{"href":"https:\/\/new.bjc.ro\/index.php?rest_route=\/wp\/v2\/types\/tribe_events"}],"author":[{"embeddable":true,"href":"https:\/\/new.bjc.ro\/index.php?rest_route=\/wp\/v2\/users\/1"}],"version-history":[{"count":1,"href":"https:\/\/new.bjc.ro\/index.php?rest_route=\/wp\/v2\/tribe_events\/9758\/revisions"}],"predecessor-version":[{"id":9760,"href":"https:\/\/new.bjc.ro\/index.php?rest_route=\/wp\/v2\/tribe_events\/9758\/revisions\/9760"}],"wp:featuredmedia":[{"embeddable":true,"href":"https:\/\/new.bjc.ro\/index.php?rest_route=\/wp\/v2\/media\/9759"}],"wp:attachment":[{"href":"https:\/\/new.bjc.ro\/index.php?rest_route=%2Fwp%2Fv2%2Fmedia&parent=9758"}],"wp:term":[{"taxonomy":"post_tag","embeddable":true,"href":"https:\/\/new.bjc.ro\/index.php?rest_route=%2Fwp%2Fv2%2Ftags&post=9758"},{"taxonomy":"tribe_events_cat","embeddable":true,"href":"https:\/\/new.bjc.ro\/index.php?rest_route=%2Fwp%2Fv2%2Ftribe_events_cat&post=9758"}],"curies":[{"name":"wp","href":"https:\/\/api.w.org\/{rel}","templated":true}]}}