{"id":9799,"date":"2024-11-19T09:21:15","date_gmt":"2024-11-19T07:21:15","guid":{"rendered":"https:\/\/new.bjc.ro\/?post_type=tribe_events&#038;p=9799"},"modified":"2024-11-19T09:22:11","modified_gmt":"2024-11-19T07:22:11","slug":"ziua-conventiei-pentru-drepturile-copilului-sarbatorita-la-sectia-pentru-copii","status":"publish","type":"tribe_events","link":"https:\/\/new.bjc.ro\/?tribe_events=ziua-conventiei-pentru-drepturile-copilului-sarbatorita-la-sectia-pentru-copii","title":{"rendered":"Ziua Conven\u021biei pentru Drepturile Copilului, s\u0103rb\u0103torit\u0103 la Sec\u0163ia pentru copii"},"content":{"rendered":"<p>Cu ocazia Zilei Conven\u021biei pentru Drepturile Copilului (20 noiembrie), Sec\u0163ia pentru copii a Bibliotecii Jude\u0163ene \u201eOctavian Goga\u201d Cluj organizeaz\u0103 joi, 21 noiembrie 2024, ora 12.00, activitatea cu titlul \u201eAi dreptul s\u0103 \u0219tii!\u201d.<\/p>\n<p>Sunt invitate doamnele Cristina Iordache \u0219i Ioana Bene, asisten\u021bi sociali la Direc\u0163ia General\u0103 de Asisten\u021b\u0103 Social\u0103 \u015fi Protec\u0163ia Copilului Cluj.<\/p>\n<p>Particip\u0103 elevi de la Liceul Special pentru Deficien\u021bi de Vedere \u0219i Liceul Tehnologic Special pentru Deficien\u021bi de Auz.<\/p>\n","protected":false},"excerpt":{"rendered":"<p>Cu ocazia Zilei Conven\u021biei pentru Drepturile Copilului (20 noiembrie), Sec\u0163ia pentru copii a Bibliotecii Jude\u0163ene \u201eOctavian Goga\u201d Cluj organizeaz\u0103 joi, 21 noiembrie 2024, ora 12.00, activitatea cu titlul \u201eAi dreptul s\u0103 \u0219tii!\u201d. Sunt invitate doamnele Cristina Iordache \u0219i Ioana Bene, asisten\u021bi sociali la Direc\u0163ia General\u0103 de Asisten\u021b\u0103 Social\u0103 \u015fi Protec\u0163ia&hellip; <br \/> <a class=\"read-more\" href=\"https:\/\/new.bjc.ro\/?tribe_events=ziua-conventiei-pentru-drepturile-copilului-sarbatorita-la-sectia-pentru-copii\">Cite\u0219te mai mult<\/a><\/p>\n","protected":false},"author":1,"featured_media":9800,"template":"","meta":{"_monsterinsights_skip_tracking":false,"_monsterinsights_sitenote_active":false,"_monsterinsights_sitenote_note":"","_monsterinsights_sitenote_category":0,"_EventAllDay":false,"_EventTimezone":"Europe\/Bucharest","_EventStartDate":"2024-11-21 12:00:00","_EventEndDate":"2024-11-21 13:00:00","_EventStartDateUTC":"2024-11-21 10:00:00","_EventEndDateUTC":"2024-11-21 11:00:00","_EventShowMap":true,"_EventShowMapLink":true,"_EventURL":"","_EventCost":"","_EventCostDescription":"","_EventCurrencySymbol":"$","_EventCurrencyCode":"USD","_EventCurrencyPosition":"prefix","_EventDateTimeSeparator":"","_EventTimeRangeSeparator":"","_EventOrganizerID":[2810],"_EventVenueID":[6258],"_OrganizerEmail":"","_OrganizerPhone":"","_OrganizerWebsite":"","_VenueAddress":"","_VenueCity":"","_VenueCountry":"","_VenueProvince":"","_VenueState":"","_VenueZip":"","_VenuePhone":"","_VenueURL":"","_VenueStateProvince":"","_VenueLat":"","_VenueLng":"","_VenueShowMap":false,"_VenueShowMapLink":false,"_tribe_events_status":"","_tribe_events_status_reason":"","footnotes":""},"tags":[173],"tribe_events_cat":[28],"class_list":["post-9799","tribe_events","type-tribe_events","status-publish","has-post-thumbnail","hentry","tag-drepturile-copilului","tribe_events_cat-evenimente","cat_evenimente"],"yoast_head":"<!-- This site is optimized with the Yoast SEO plugin v24.6 - https:\/\/yoast.com\/wordpress\/plugins\/seo\/ -->\n<title>Ziua Conven\u021biei pentru Drepturile Copilului, s\u0103rb\u0103torit\u0103 la Sec\u0163ia pentru copii - Biblioteca Jude\u021bean\u0103 \u201eOctavian Goga\u201d Cluj<\/title>\n<meta name=\"robots\" content=\"index, follow, max-snippet:-1, max-image-preview:large, max-video-preview:-1\" \/>\n<link rel=\"canonical\" href=\"https:\/\/new.bjc.ro\/?tribe_events=ziua-conventiei-pentru-drepturile-copilului-sarbatorita-la-sectia-pentru-copii\" \/>\n<meta property=\"og:locale\" content=\"ro_RO\" \/>\n<meta property=\"og:type\" content=\"article\" \/>\n<meta property=\"og:title\" content=\"Ziua Conven\u021biei pentru Drepturile Copilului, s\u0103rb\u0103torit\u0103 la Sec\u0163ia pentru copii - Biblioteca Jude\u021bean\u0103 \u201eOctavian Goga\u201d Cluj\" \/>\n<meta property=\"og:description\" content=\"Cu ocazia Zilei Conven\u021biei pentru Drepturile Copilului (20 noiembrie), Sec\u0163ia pentru copii a Bibliotecii Jude\u0163ene \u201eOctavian Goga\u201d Cluj organizeaz\u0103 joi, 21 noiembrie 2024, ora 12.00, activitatea cu titlul \u201eAi dreptul s\u0103 \u0219tii!\u201d. Sunt invitate doamnele Cristina Iordache \u0219i Ioana Bene, asisten\u021bi sociali la Direc\u0163ia General\u0103 de Asisten\u021b\u0103 Social\u0103 \u015fi Protec\u0163ia&hellip; Cite\u0219te mai mult\" \/>\n<meta property=\"og:url\" content=\"https:\/\/new.bjc.ro\/?tribe_events=ziua-conventiei-pentru-drepturile-copilului-sarbatorita-la-sectia-pentru-copii\" \/>\n<meta property=\"og:site_name\" content=\"Biblioteca Jude\u021bean\u0103 \u201eOctavian Goga\u201d Cluj\" \/>\n<meta property=\"article:publisher\" content=\"https:\/\/www.facebook.com\/bibliotecacluj\/\" \/>\n<meta property=\"article:modified_time\" content=\"2024-11-19T07:22:11+00:00\" \/>\n<meta property=\"og:image\" content=\"https:\/\/new.bjc.ro\/wp-content\/uploads\/2024\/11\/afis-Copii191124.jpg\" \/>\n\t<meta property=\"og:image:width\" content=\"400\" \/>\n\t<meta property=\"og:image:height\" content=\"566\" \/>\n\t<meta property=\"og:image:type\" content=\"image\/jpeg\" \/>\n<meta name=\"twitter:card\" content=\"summary_large_image\" \/>\n<meta name=\"twitter:site\" content=\"@BibliotecaGoga\" \/>\n<meta name=\"twitter:label1\" content=\"Timp estimat pentru citire\" \/>\n\t<meta name=\"twitter:data1\" content=\"1 minut\" \/>\n<script type=\"application\/ld+json\" class=\"yoast-schema-graph\">{\"@context\":\"https:\/\/schema.org\",\"@graph\":[{\"@type\":\"WebPage\",\"@id\":\"https:\/\/new.bjc.ro\/?tribe_events=ziua-conventiei-pentru-drepturile-copilului-sarbatorita-la-sectia-pentru-copii\",\"url\":\"https:\/\/new.bjc.ro\/?tribe_events=ziua-conventiei-pentru-drepturile-copilului-sarbatorita-la-sectia-pentru-copii\",\"name\":\"Ziua Conven\u021biei pentru Drepturile Copilului, s\u0103rb\u0103torit\u0103 la Sec\u0163ia pentru copii - Biblioteca Jude\u021bean\u0103 \u201eOctavian Goga\u201d Cluj\",\"isPartOf\":{\"@id\":\"https:\/\/new.bjc.ro\/#website\"},\"primaryImageOfPage\":{\"@id\":\"https:\/\/new.bjc.ro\/?tribe_events=ziua-conventiei-pentru-drepturile-copilului-sarbatorita-la-sectia-pentru-copii#primaryimage\"},\"image\":{\"@id\":\"https:\/\/new.bjc.ro\/?tribe_events=ziua-conventiei-pentru-drepturile-copilului-sarbatorita-la-sectia-pentru-copii#primaryimage\"},\"thumbnailUrl\":\"https:\/\/new.bjc.ro\/wp-content\/uploads\/2024\/11\/afis-Copii191124.jpg\",\"datePublished\":\"2024-11-19T07:21:15+00:00\",\"dateModified\":\"2024-11-19T07:22:11+00:00\",\"breadcrumb\":{\"@id\":\"https:\/\/new.bjc.ro\/?tribe_events=ziua-conventiei-pentru-drepturile-copilului-sarbatorita-la-sectia-pentru-copii#breadcrumb\"},\"inLanguage\":\"ro-RO\",\"potentialAction\":[{\"@type\":\"ReadAction\",\"target\":[\"https:\/\/new.bjc.ro\/?tribe_events=ziua-conventiei-pentru-drepturile-copilului-sarbatorita-la-sectia-pentru-copii\"]}]},{\"@type\":\"ImageObject\",\"inLanguage\":\"ro-RO\",\"@id\":\"https:\/\/new.bjc.ro\/?tribe_events=ziua-conventiei-pentru-drepturile-copilului-sarbatorita-la-sectia-pentru-copii#primaryimage\",\"url\":\"https:\/\/new.bjc.ro\/wp-content\/uploads\/2024\/11\/afis-Copii191124.jpg\",\"contentUrl\":\"https:\/\/new.bjc.ro\/wp-content\/uploads\/2024\/11\/afis-Copii191124.jpg\",\"width\":400,\"height\":566},{\"@type\":\"BreadcrumbList\",\"@id\":\"https:\/\/new.bjc.ro\/?tribe_events=ziua-conventiei-pentru-drepturile-copilului-sarbatorita-la-sectia-pentru-copii#breadcrumb\",\"itemListElement\":[{\"@type\":\"ListItem\",\"position\":1,\"name\":\"Home\",\"item\":\"https:\/\/new.bjc.ro\/\"},{\"@type\":\"ListItem\",\"position\":2,\"name\":\"Evenimente\",\"item\":\"https:\/\/new.bjc.ro\/?post_type=tribe_events\"},{\"@type\":\"ListItem\",\"position\":3,\"name\":\"Ziua Conven\u021biei pentru Drepturile Copilului, s\u0103rb\u0103torit\u0103 la Sec\u0163ia pentru copii\"}]},{\"@type\":\"WebSite\",\"@id\":\"https:\/\/new.bjc.ro\/#website\",\"url\":\"https:\/\/new.bjc.ro\/\",\"name\":\"Biblioteca Jude\u021bean\u0103 \u201eOctavian Goga\u201d Cluj\",\"description\":\"\",\"publisher\":{\"@id\":\"https:\/\/new.bjc.ro\/#organization\"},\"alternateName\":\"Biblioteca Jude\u021bean\u0103 Cluj\",\"potentialAction\":[{\"@type\":\"SearchAction\",\"target\":{\"@type\":\"EntryPoint\",\"urlTemplate\":\"https:\/\/new.bjc.ro\/?s={search_term_string}\"},\"query-input\":{\"@type\":\"PropertyValueSpecification\",\"valueRequired\":true,\"valueName\":\"search_term_string\"}}],\"inLanguage\":\"ro-RO\"},{\"@type\":\"Organization\",\"@id\":\"https:\/\/new.bjc.ro\/#organization\",\"name\":\"Biblioteca Jude\u021bean\u0103 \u201eOctavian Goga\u201d Cluj\",\"url\":\"https:\/\/new.bjc.ro\/\",\"logo\":{\"@type\":\"ImageObject\",\"inLanguage\":\"ro-RO\",\"@id\":\"https:\/\/new.bjc.ro\/#\/schema\/logo\/image\/\",\"url\":\"https:\/\/new.bjc.ro\/wp-content\/uploads\/2023\/03\/sigle.jpg\",\"contentUrl\":\"https:\/\/new.bjc.ro\/wp-content\/uploads\/2023\/03\/sigle.jpg\",\"width\":630,\"height\":473,\"caption\":\"Biblioteca Jude\u021bean\u0103 \u201eOctavian Goga\u201d Cluj\"},\"image\":{\"@id\":\"https:\/\/new.bjc.ro\/#\/schema\/logo\/image\/\"},\"sameAs\":[\"https:\/\/www.facebook.com\/bibliotecacluj\/\",\"https:\/\/x.com\/BibliotecaGoga\",\"https:\/\/www.instagram.com\/biblioteca_judeteana_cluj\/\",\"https:\/\/www.youtube.com\/user\/BibliotecaGoga\"]}]}<\/script>\n<!-- \/ Yoast SEO plugin. -->","yoast_head_json":{"title":"Ziua Conven\u021biei pentru Drepturile Copilului, s\u0103rb\u0103torit\u0103 la Sec\u0163ia pentru copii - Biblioteca Jude\u021bean\u0103 \u201eOctavian Goga\u201d Cluj","robots":{"index":"index","follow":"follow","max-snippet":"max-snippet:-1","max-image-preview":"max-image-preview:large","max-video-preview":"max-video-preview:-1"},"canonical":"https:\/\/new.bjc.ro\/?tribe_events=ziua-conventiei-pentru-drepturile-copilului-sarbatorita-la-sectia-pentru-copii","og_locale":"ro_RO","og_type":"article","og_title":"Ziua Conven\u021biei pentru Drepturile Copilului, s\u0103rb\u0103torit\u0103 la Sec\u0163ia pentru copii - Biblioteca Jude\u021bean\u0103 \u201eOctavian Goga\u201d Cluj","og_description":"Cu ocazia Zilei Conven\u021biei pentru Drepturile Copilului (20 noiembrie), Sec\u0163ia pentru copii a Bibliotecii Jude\u0163ene \u201eOctavian Goga\u201d Cluj organizeaz\u0103 joi, 21 noiembrie 2024, ora 12.00, activitatea cu titlul \u201eAi dreptul s\u0103 \u0219tii!\u201d. Sunt invitate doamnele Cristina Iordache \u0219i Ioana Bene, asisten\u021bi sociali la Direc\u0163ia General\u0103 de Asisten\u021b\u0103 Social\u0103 \u015fi Protec\u0163ia&hellip; Cite\u0219te mai mult","og_url":"https:\/\/new.bjc.ro\/?tribe_events=ziua-conventiei-pentru-drepturile-copilului-sarbatorita-la-sectia-pentru-copii","og_site_name":"Biblioteca Jude\u021bean\u0103 \u201eOctavian Goga\u201d Cluj","article_publisher":"https:\/\/www.facebook.com\/bibliotecacluj\/","article_modified_time":"2024-11-19T07:22:11+00:00","og_image":[{"width":400,"height":566,"url":"https:\/\/new.bjc.ro\/wp-content\/uploads\/2024\/11\/afis-Copii191124.jpg","type":"image\/jpeg"}],"twitter_card":"summary_large_image","twitter_site":"@BibliotecaGoga","twitter_misc":{"Timp estimat pentru citire":"1 minut"},"schema":{"@context":"https:\/\/schema.org","@graph":[{"@type":"WebPage","@id":"https:\/\/new.bjc.ro\/?tribe_events=ziua-conventiei-pentru-drepturile-copilului-sarbatorita-la-sectia-pentru-copii","url":"https:\/\/new.bjc.ro\/?tribe_events=ziua-conventiei-pentru-drepturile-copilului-sarbatorita-la-sectia-pentru-copii","name":"Ziua Conven\u021biei pentru Drepturile Copilului, s\u0103rb\u0103torit\u0103 la Sec\u0163ia pentru copii - Biblioteca Jude\u021bean\u0103 \u201eOctavian Goga\u201d Cluj","isPartOf":{"@id":"https:\/\/new.bjc.ro\/#website"},"primaryImageOfPage":{"@id":"https:\/\/new.bjc.ro\/?tribe_events=ziua-conventiei-pentru-drepturile-copilului-sarbatorita-la-sectia-pentru-copii#primaryimage"},"image":{"@id":"https:\/\/new.bjc.ro\/?tribe_events=ziua-conventiei-pentru-drepturile-copilului-sarbatorita-la-sectia-pentru-copii#primaryimage"},"thumbnailUrl":"https:\/\/new.bjc.ro\/wp-content\/uploads\/2024\/11\/afis-Copii191124.jpg","datePublished":"2024-11-19T07:21:15+00:00","dateModified":"2024-11-19T07:22:11+00:00","breadcrumb":{"@id":"https:\/\/new.bjc.ro\/?tribe_events=ziua-conventiei-pentru-drepturile-copilului-sarbatorita-la-sectia-pentru-copii#breadcrumb"},"inLanguage":"ro-RO","potentialAction":[{"@type":"ReadAction","target":["https:\/\/new.bjc.ro\/?tribe_events=ziua-conventiei-pentru-drepturile-copilului-sarbatorita-la-sectia-pentru-copii"]}]},{"@type":"ImageObject","inLanguage":"ro-RO","@id":"https:\/\/new.bjc.ro\/?tribe_events=ziua-conventiei-pentru-drepturile-copilului-sarbatorita-la-sectia-pentru-copii#primaryimage","url":"https:\/\/new.bjc.ro\/wp-content\/uploads\/2024\/11\/afis-Copii191124.jpg","contentUrl":"https:\/\/new.bjc.ro\/wp-content\/uploads\/2024\/11\/afis-Copii191124.jpg","width":400,"height":566},{"@type":"BreadcrumbList","@id":"https:\/\/new.bjc.ro\/?tribe_events=ziua-conventiei-pentru-drepturile-copilului-sarbatorita-la-sectia-pentru-copii#breadcrumb","itemListElement":[{"@type":"ListItem","position":1,"name":"Home","item":"https:\/\/new.bjc.ro\/"},{"@type":"ListItem","position":2,"name":"Evenimente","item":"https:\/\/new.bjc.ro\/?post_type=tribe_events"},{"@type":"ListItem","position":3,"name":"Ziua Conven\u021biei pentru Drepturile Copilului, s\u0103rb\u0103torit\u0103 la Sec\u0163ia pentru copii"}]},{"@type":"WebSite","@id":"https:\/\/new.bjc.ro\/#website","url":"https:\/\/new.bjc.ro\/","name":"Biblioteca Jude\u021bean\u0103 \u201eOctavian Goga\u201d Cluj","description":"","publisher":{"@id":"https:\/\/new.bjc.ro\/#organization"},"alternateName":"Biblioteca Jude\u021bean\u0103 Cluj","potentialAction":[{"@type":"SearchAction","target":{"@type":"EntryPoint","urlTemplate":"https:\/\/new.bjc.ro\/?s={search_term_string}"},"query-input":{"@type":"PropertyValueSpecification","valueRequired":true,"valueName":"search_term_string"}}],"inLanguage":"ro-RO"},{"@type":"Organization","@id":"https:\/\/new.bjc.ro\/#organization","name":"Biblioteca Jude\u021bean\u0103 \u201eOctavian Goga\u201d Cluj","url":"https:\/\/new.bjc.ro\/","logo":{"@type":"ImageObject","inLanguage":"ro-RO","@id":"https:\/\/new.bjc.ro\/#\/schema\/logo\/image\/","url":"https:\/\/new.bjc.ro\/wp-content\/uploads\/2023\/03\/sigle.jpg","contentUrl":"https:\/\/new.bjc.ro\/wp-content\/uploads\/2023\/03\/sigle.jpg","width":630,"height":473,"caption":"Biblioteca Jude\u021bean\u0103 \u201eOctavian Goga\u201d Cluj"},"image":{"@id":"https:\/\/new.bjc.ro\/#\/schema\/logo\/image\/"},"sameAs":["https:\/\/www.facebook.com\/bibliotecacluj\/","https:\/\/x.com\/BibliotecaGoga","https:\/\/www.instagram.com\/biblioteca_judeteana_cluj\/","https:\/\/www.youtube.com\/user\/BibliotecaGoga"]}]}},"_links":{"self":[{"href":"https:\/\/new.bjc.ro\/index.php?rest_route=\/wp\/v2\/tribe_events\/9799","targetHints":{"allow":["GET"]}}],"collection":[{"href":"https:\/\/new.bjc.ro\/index.php?rest_route=\/wp\/v2\/tribe_events"}],"about":[{"href":"https:\/\/new.bjc.ro\/index.php?rest_route=\/wp\/v2\/types\/tribe_events"}],"author":[{"embeddable":true,"href":"https:\/\/new.bjc.ro\/index.php?rest_route=\/wp\/v2\/users\/1"}],"version-history":[{"count":1,"href":"https:\/\/new.bjc.ro\/index.php?rest_route=\/wp\/v2\/tribe_events\/9799\/revisions"}],"predecessor-version":[{"id":9801,"href":"https:\/\/new.bjc.ro\/index.php?rest_route=\/wp\/v2\/tribe_events\/9799\/revisions\/9801"}],"wp:featuredmedia":[{"embeddable":true,"href":"https:\/\/new.bjc.ro\/index.php?rest_route=\/wp\/v2\/media\/9800"}],"wp:attachment":[{"href":"https:\/\/new.bjc.ro\/index.php?rest_route=%2Fwp%2Fv2%2Fmedia&parent=9799"}],"wp:term":[{"taxonomy":"post_tag","embeddable":true,"href":"https:\/\/new.bjc.ro\/index.php?rest_route=%2Fwp%2Fv2%2Ftags&post=9799"},{"taxonomy":"tribe_events_cat","embeddable":true,"href":"https:\/\/new.bjc.ro\/index.php?rest_route=%2Fwp%2Fv2%2Ftribe_events_cat&post=9799"}],"curies":[{"name":"wp","href":"https:\/\/api.w.org\/{rel}","templated":true}]}}