{"id":9825,"date":"2024-11-25T08:42:02","date_gmt":"2024-11-25T06:42:02","guid":{"rendered":"https:\/\/new.bjc.ro\/?post_type=tribe_events&#038;p=9825"},"modified":"2024-11-25T08:42:02","modified_gmt":"2024-11-25T06:42:02","slug":"in-fata-raftului-cu-carti-biblioterapie-pentru-adulti-in-limba-maghiara","status":"publish","type":"tribe_events","link":"https:\/\/new.bjc.ro\/?tribe_events=in-fata-raftului-cu-carti-biblioterapie-pentru-adulti-in-limba-maghiara","title":{"rendered":"\u00cen fa\u021ba raftului cu c\u0103r\u021bi \u2013 Biblioterapie pentru adul\u021bi (\u00een limba maghiar\u0103)"},"content":{"rendered":"<p>Az irodalomter\u00e1pia az irodalmi sz\u00f6vegek, valamint az olvas\u00e1s \u00f6nismereti, szem\u00e9lyis\u00e9gfejleszt\u00e9si c\u00e9l\u00fa felhaszn\u00e1l\u00e1s\u00e1t jelenti \u00e9s mint \u00f6nkifejez\u00e9si t\u00e9r lehet\u0151v\u00e9 teszi a r\u00e9sztvev\u0151k sz\u00e1m\u00e1ra, hogy a felolvasott irodalmi sz\u00f6veg \u00e1ltal elind\u00edtott lelki folyamatokra \u00e9s \u00e9rz\u00e9sekre reflekt\u00e1ljanak. A k\u00f6vetkez\u0151, feln\u0151tteknek sz\u00f3l\u00f3, magyar nyelv\u0171 tal\u00e1lkoz\u00e1sra november 26-\u00e1n, kedden, 18.00 \u00f3rakor ker\u00fcl sor az Octavian Goga Kolozs Megyei K\u00f6nyvt\u00e1r k\u00f6zponti \u00e9p\u00fclet\u00e9ben, a nyugati sz\u00e1rny 3. emelet\u00e9n, a Multikultur\u00e1lis r\u00e9szlegen. Regisztr\u00e1lni a salamulticulturala[at]bjc.ro e-mail c\u00edmen \u00e9s a 0731013293-as telefonsz\u00e1mon lehet.\u00a0 Szeretettel v\u00e1runk minden \u00e9rdekl\u0151d\u0151t!<\/p>\n<p>Atelierul de biblioterapie reprezint\u0103 un spa\u021biu de autoexprimare, autocunoa\u0219tere \u0219i dezvoltare personal\u0103, unde participan\u021bii au ocazia s\u0103 reflecteze asupra sentimentelor \u0219i g\u00e2ndurilor generate de texte literare. Urm\u0103toarea \u00eent\u00e2lnire din cadrul atelierului destinat adul\u021bilor, sus\u021binut\u0103 \u00een limba maghiar\u0103, va avea loc mar\u021bi, 26 noiembrie, la ora 18.00, la sediul central al Bibliotecii Jude\u021bene \u201eOctavian Goga\u201d Cluj, Sala multicultural\u0103, etaj 3 vest. \u00censcrierile se fac la adresa de email salamulticulturala[at]bjc.ro \u0219i la num\u0103rul de telefon 0731013293. V\u0103 a\u0219tept\u0103m cu drag!<\/p>\n","protected":false},"excerpt":{"rendered":"<p>Az irodalomter\u00e1pia az irodalmi sz\u00f6vegek, valamint az olvas\u00e1s \u00f6nismereti, szem\u00e9lyis\u00e9gfejleszt\u00e9si c\u00e9l\u00fa felhaszn\u00e1l\u00e1s\u00e1t jelenti \u00e9s mint \u00f6nkifejez\u00e9si t\u00e9r lehet\u0151v\u00e9 teszi a r\u00e9sztvev\u0151k sz\u00e1m\u00e1ra, hogy a felolvasott irodalmi sz\u00f6veg \u00e1ltal elind\u00edtott lelki folyamatokra \u00e9s \u00e9rz\u00e9sekre reflekt\u00e1ljanak. A k\u00f6vetkez\u0151, feln\u0151tteknek sz\u00f3l\u00f3, magyar nyelv\u0171 tal\u00e1lkoz\u00e1sra november 26-\u00e1n, kedden, 18.00 \u00f3rakor ker\u00fcl sor az Octavian&hellip; <br \/> <a class=\"read-more\" href=\"https:\/\/new.bjc.ro\/?tribe_events=in-fata-raftului-cu-carti-biblioterapie-pentru-adulti-in-limba-maghiara\">Cite\u0219te mai mult<\/a><\/p>\n","protected":false},"author":1,"featured_media":9826,"template":"","meta":{"_monsterinsights_skip_tracking":false,"_monsterinsights_sitenote_active":false,"_monsterinsights_sitenote_note":"","_monsterinsights_sitenote_category":0,"_EventAllDay":false,"_EventTimezone":"Europe\/Bucharest","_EventStartDate":"2024-11-26 18:00:00","_EventEndDate":"2024-11-26 20:00:00","_EventStartDateUTC":"2024-11-26 16:00:00","_EventEndDateUTC":"2024-11-26 18:00:00","_EventShowMap":true,"_EventShowMapLink":true,"_EventURL":"","_EventCost":"","_EventCostDescription":"","_EventCurrencySymbol":"$","_EventCurrencyCode":"USD","_EventCurrencyPosition":"prefix","_EventDateTimeSeparator":"","_EventTimeRangeSeparator":"","_EventOrganizerID":[2810],"_EventVenueID":[8131],"_OrganizerEmail":"","_OrganizerPhone":"","_OrganizerWebsite":"","_VenueAddress":"","_VenueCity":"","_VenueCountry":"","_VenueProvince":"","_VenueState":"","_VenueZip":"","_VenuePhone":"","_VenueURL":"","_VenueStateProvince":"","_VenueLat":"","_VenueLng":"","_VenueShowMap":false,"_VenueShowMapLink":false,"_tribe_events_status":"","_tribe_events_status_reason":"","footnotes":""},"tags":[163],"tribe_events_cat":[51],"class_list":["post-9825","tribe_events","type-tribe_events","status-publish","has-post-thumbnail","hentry","tag-biblioterapie","tribe_events_cat-ateliere","cat_ateliere"],"yoast_head":"<!-- This site is optimized with the Yoast SEO plugin v24.6 - https:\/\/yoast.com\/wordpress\/plugins\/seo\/ -->\n<title>\u00cen fa\u021ba raftului cu c\u0103r\u021bi \u2013 Biblioterapie pentru adul\u021bi (\u00een limba maghiar\u0103) - Biblioteca Jude\u021bean\u0103 \u201eOctavian Goga\u201d Cluj<\/title>\n<meta name=\"robots\" content=\"index, follow, max-snippet:-1, max-image-preview:large, max-video-preview:-1\" \/>\n<link rel=\"canonical\" href=\"https:\/\/new.bjc.ro\/?tribe_events=in-fata-raftului-cu-carti-biblioterapie-pentru-adulti-in-limba-maghiara\" \/>\n<meta property=\"og:locale\" content=\"ro_RO\" \/>\n<meta property=\"og:type\" content=\"article\" \/>\n<meta property=\"og:title\" content=\"\u00cen fa\u021ba raftului cu c\u0103r\u021bi \u2013 Biblioterapie pentru adul\u021bi (\u00een limba maghiar\u0103) - Biblioteca Jude\u021bean\u0103 \u201eOctavian Goga\u201d Cluj\" \/>\n<meta property=\"og:description\" content=\"Az irodalomter\u00e1pia az irodalmi sz\u00f6vegek, valamint az olvas\u00e1s \u00f6nismereti, szem\u00e9lyis\u00e9gfejleszt\u00e9si c\u00e9l\u00fa felhaszn\u00e1l\u00e1s\u00e1t jelenti \u00e9s mint \u00f6nkifejez\u00e9si t\u00e9r lehet\u0151v\u00e9 teszi a r\u00e9sztvev\u0151k sz\u00e1m\u00e1ra, hogy a felolvasott irodalmi sz\u00f6veg \u00e1ltal elind\u00edtott lelki folyamatokra \u00e9s \u00e9rz\u00e9sekre reflekt\u00e1ljanak. A k\u00f6vetkez\u0151, feln\u0151tteknek sz\u00f3l\u00f3, magyar nyelv\u0171 tal\u00e1lkoz\u00e1sra november 26-\u00e1n, kedden, 18.00 \u00f3rakor ker\u00fcl sor az Octavian&hellip; Cite\u0219te mai mult\" \/>\n<meta property=\"og:url\" content=\"https:\/\/new.bjc.ro\/?tribe_events=in-fata-raftului-cu-carti-biblioterapie-pentru-adulti-in-limba-maghiara\" \/>\n<meta property=\"og:site_name\" content=\"Biblioteca Jude\u021bean\u0103 \u201eOctavian Goga\u201d Cluj\" \/>\n<meta property=\"article:publisher\" content=\"https:\/\/www.facebook.com\/bibliotecacluj\/\" \/>\n<meta property=\"og:image\" content=\"https:\/\/new.bjc.ro\/wp-content\/uploads\/2024\/11\/Biblioterapie-pentru-adulti_26_11_24.jpg\" \/>\n\t<meta property=\"og:image:width\" content=\"721\" \/>\n\t<meta property=\"og:image:height\" content=\"400\" \/>\n\t<meta property=\"og:image:type\" content=\"image\/jpeg\" \/>\n<meta name=\"twitter:card\" content=\"summary_large_image\" \/>\n<meta name=\"twitter:site\" content=\"@BibliotecaGoga\" \/>\n<meta name=\"twitter:label1\" content=\"Timp estimat pentru citire\" \/>\n\t<meta name=\"twitter:data1\" content=\"2 minute\" \/>\n<script type=\"application\/ld+json\" class=\"yoast-schema-graph\">{\"@context\":\"https:\/\/schema.org\",\"@graph\":[{\"@type\":\"WebPage\",\"@id\":\"https:\/\/new.bjc.ro\/?tribe_events=in-fata-raftului-cu-carti-biblioterapie-pentru-adulti-in-limba-maghiara\",\"url\":\"https:\/\/new.bjc.ro\/?tribe_events=in-fata-raftului-cu-carti-biblioterapie-pentru-adulti-in-limba-maghiara\",\"name\":\"\u00cen fa\u021ba raftului cu c\u0103r\u021bi \u2013 Biblioterapie pentru adul\u021bi (\u00een limba maghiar\u0103) - Biblioteca Jude\u021bean\u0103 \u201eOctavian Goga\u201d Cluj\",\"isPartOf\":{\"@id\":\"https:\/\/new.bjc.ro\/#website\"},\"primaryImageOfPage\":{\"@id\":\"https:\/\/new.bjc.ro\/?tribe_events=in-fata-raftului-cu-carti-biblioterapie-pentru-adulti-in-limba-maghiara#primaryimage\"},\"image\":{\"@id\":\"https:\/\/new.bjc.ro\/?tribe_events=in-fata-raftului-cu-carti-biblioterapie-pentru-adulti-in-limba-maghiara#primaryimage\"},\"thumbnailUrl\":\"https:\/\/new.bjc.ro\/wp-content\/uploads\/2024\/11\/Biblioterapie-pentru-adulti_26_11_24.jpg\",\"datePublished\":\"2024-11-25T06:42:02+00:00\",\"breadcrumb\":{\"@id\":\"https:\/\/new.bjc.ro\/?tribe_events=in-fata-raftului-cu-carti-biblioterapie-pentru-adulti-in-limba-maghiara#breadcrumb\"},\"inLanguage\":\"ro-RO\",\"potentialAction\":[{\"@type\":\"ReadAction\",\"target\":[\"https:\/\/new.bjc.ro\/?tribe_events=in-fata-raftului-cu-carti-biblioterapie-pentru-adulti-in-limba-maghiara\"]}]},{\"@type\":\"ImageObject\",\"inLanguage\":\"ro-RO\",\"@id\":\"https:\/\/new.bjc.ro\/?tribe_events=in-fata-raftului-cu-carti-biblioterapie-pentru-adulti-in-limba-maghiara#primaryimage\",\"url\":\"https:\/\/new.bjc.ro\/wp-content\/uploads\/2024\/11\/Biblioterapie-pentru-adulti_26_11_24.jpg\",\"contentUrl\":\"https:\/\/new.bjc.ro\/wp-content\/uploads\/2024\/11\/Biblioterapie-pentru-adulti_26_11_24.jpg\",\"width\":721,\"height\":400,\"caption\":\"26.11. Afis Biblioterapie - 1\"},{\"@type\":\"BreadcrumbList\",\"@id\":\"https:\/\/new.bjc.ro\/?tribe_events=in-fata-raftului-cu-carti-biblioterapie-pentru-adulti-in-limba-maghiara#breadcrumb\",\"itemListElement\":[{\"@type\":\"ListItem\",\"position\":1,\"name\":\"Home\",\"item\":\"https:\/\/new.bjc.ro\/\"},{\"@type\":\"ListItem\",\"position\":2,\"name\":\"Evenimente\",\"item\":\"https:\/\/new.bjc.ro\/?post_type=tribe_events\"},{\"@type\":\"ListItem\",\"position\":3,\"name\":\"\u00cen fa\u021ba raftului cu c\u0103r\u021bi \u2013 Biblioterapie pentru adul\u021bi (\u00een limba maghiar\u0103)\"}]},{\"@type\":\"WebSite\",\"@id\":\"https:\/\/new.bjc.ro\/#website\",\"url\":\"https:\/\/new.bjc.ro\/\",\"name\":\"Biblioteca Jude\u021bean\u0103 \u201eOctavian Goga\u201d Cluj\",\"description\":\"\",\"publisher\":{\"@id\":\"https:\/\/new.bjc.ro\/#organization\"},\"alternateName\":\"Biblioteca Jude\u021bean\u0103 Cluj\",\"potentialAction\":[{\"@type\":\"SearchAction\",\"target\":{\"@type\":\"EntryPoint\",\"urlTemplate\":\"https:\/\/new.bjc.ro\/?s={search_term_string}\"},\"query-input\":{\"@type\":\"PropertyValueSpecification\",\"valueRequired\":true,\"valueName\":\"search_term_string\"}}],\"inLanguage\":\"ro-RO\"},{\"@type\":\"Organization\",\"@id\":\"https:\/\/new.bjc.ro\/#organization\",\"name\":\"Biblioteca Jude\u021bean\u0103 \u201eOctavian Goga\u201d Cluj\",\"url\":\"https:\/\/new.bjc.ro\/\",\"logo\":{\"@type\":\"ImageObject\",\"inLanguage\":\"ro-RO\",\"@id\":\"https:\/\/new.bjc.ro\/#\/schema\/logo\/image\/\",\"url\":\"https:\/\/new.bjc.ro\/wp-content\/uploads\/2023\/03\/sigle.jpg\",\"contentUrl\":\"https:\/\/new.bjc.ro\/wp-content\/uploads\/2023\/03\/sigle.jpg\",\"width\":630,\"height\":473,\"caption\":\"Biblioteca Jude\u021bean\u0103 \u201eOctavian Goga\u201d Cluj\"},\"image\":{\"@id\":\"https:\/\/new.bjc.ro\/#\/schema\/logo\/image\/\"},\"sameAs\":[\"https:\/\/www.facebook.com\/bibliotecacluj\/\",\"https:\/\/x.com\/BibliotecaGoga\",\"https:\/\/www.instagram.com\/biblioteca_judeteana_cluj\/\",\"https:\/\/www.youtube.com\/user\/BibliotecaGoga\"]}]}<\/script>\n<!-- \/ Yoast SEO plugin. -->","yoast_head_json":{"title":"\u00cen fa\u021ba raftului cu c\u0103r\u021bi \u2013 Biblioterapie pentru adul\u021bi (\u00een limba maghiar\u0103) - Biblioteca Jude\u021bean\u0103 \u201eOctavian Goga\u201d Cluj","robots":{"index":"index","follow":"follow","max-snippet":"max-snippet:-1","max-image-preview":"max-image-preview:large","max-video-preview":"max-video-preview:-1"},"canonical":"https:\/\/new.bjc.ro\/?tribe_events=in-fata-raftului-cu-carti-biblioterapie-pentru-adulti-in-limba-maghiara","og_locale":"ro_RO","og_type":"article","og_title":"\u00cen fa\u021ba raftului cu c\u0103r\u021bi \u2013 Biblioterapie pentru adul\u021bi (\u00een limba maghiar\u0103) - Biblioteca Jude\u021bean\u0103 \u201eOctavian Goga\u201d Cluj","og_description":"Az irodalomter\u00e1pia az irodalmi sz\u00f6vegek, valamint az olvas\u00e1s \u00f6nismereti, szem\u00e9lyis\u00e9gfejleszt\u00e9si c\u00e9l\u00fa felhaszn\u00e1l\u00e1s\u00e1t jelenti \u00e9s mint \u00f6nkifejez\u00e9si t\u00e9r lehet\u0151v\u00e9 teszi a r\u00e9sztvev\u0151k sz\u00e1m\u00e1ra, hogy a felolvasott irodalmi sz\u00f6veg \u00e1ltal elind\u00edtott lelki folyamatokra \u00e9s \u00e9rz\u00e9sekre reflekt\u00e1ljanak. A k\u00f6vetkez\u0151, feln\u0151tteknek sz\u00f3l\u00f3, magyar nyelv\u0171 tal\u00e1lkoz\u00e1sra november 26-\u00e1n, kedden, 18.00 \u00f3rakor ker\u00fcl sor az Octavian&hellip; Cite\u0219te mai mult","og_url":"https:\/\/new.bjc.ro\/?tribe_events=in-fata-raftului-cu-carti-biblioterapie-pentru-adulti-in-limba-maghiara","og_site_name":"Biblioteca Jude\u021bean\u0103 \u201eOctavian Goga\u201d Cluj","article_publisher":"https:\/\/www.facebook.com\/bibliotecacluj\/","og_image":[{"width":721,"height":400,"url":"https:\/\/new.bjc.ro\/wp-content\/uploads\/2024\/11\/Biblioterapie-pentru-adulti_26_11_24.jpg","type":"image\/jpeg"}],"twitter_card":"summary_large_image","twitter_site":"@BibliotecaGoga","twitter_misc":{"Timp estimat pentru citire":"2 minute"},"schema":{"@context":"https:\/\/schema.org","@graph":[{"@type":"WebPage","@id":"https:\/\/new.bjc.ro\/?tribe_events=in-fata-raftului-cu-carti-biblioterapie-pentru-adulti-in-limba-maghiara","url":"https:\/\/new.bjc.ro\/?tribe_events=in-fata-raftului-cu-carti-biblioterapie-pentru-adulti-in-limba-maghiara","name":"\u00cen fa\u021ba raftului cu c\u0103r\u021bi \u2013 Biblioterapie pentru adul\u021bi (\u00een limba maghiar\u0103) - Biblioteca Jude\u021bean\u0103 \u201eOctavian Goga\u201d Cluj","isPartOf":{"@id":"https:\/\/new.bjc.ro\/#website"},"primaryImageOfPage":{"@id":"https:\/\/new.bjc.ro\/?tribe_events=in-fata-raftului-cu-carti-biblioterapie-pentru-adulti-in-limba-maghiara#primaryimage"},"image":{"@id":"https:\/\/new.bjc.ro\/?tribe_events=in-fata-raftului-cu-carti-biblioterapie-pentru-adulti-in-limba-maghiara#primaryimage"},"thumbnailUrl":"https:\/\/new.bjc.ro\/wp-content\/uploads\/2024\/11\/Biblioterapie-pentru-adulti_26_11_24.jpg","datePublished":"2024-11-25T06:42:02+00:00","breadcrumb":{"@id":"https:\/\/new.bjc.ro\/?tribe_events=in-fata-raftului-cu-carti-biblioterapie-pentru-adulti-in-limba-maghiara#breadcrumb"},"inLanguage":"ro-RO","potentialAction":[{"@type":"ReadAction","target":["https:\/\/new.bjc.ro\/?tribe_events=in-fata-raftului-cu-carti-biblioterapie-pentru-adulti-in-limba-maghiara"]}]},{"@type":"ImageObject","inLanguage":"ro-RO","@id":"https:\/\/new.bjc.ro\/?tribe_events=in-fata-raftului-cu-carti-biblioterapie-pentru-adulti-in-limba-maghiara#primaryimage","url":"https:\/\/new.bjc.ro\/wp-content\/uploads\/2024\/11\/Biblioterapie-pentru-adulti_26_11_24.jpg","contentUrl":"https:\/\/new.bjc.ro\/wp-content\/uploads\/2024\/11\/Biblioterapie-pentru-adulti_26_11_24.jpg","width":721,"height":400,"caption":"26.11. Afis Biblioterapie - 1"},{"@type":"BreadcrumbList","@id":"https:\/\/new.bjc.ro\/?tribe_events=in-fata-raftului-cu-carti-biblioterapie-pentru-adulti-in-limba-maghiara#breadcrumb","itemListElement":[{"@type":"ListItem","position":1,"name":"Home","item":"https:\/\/new.bjc.ro\/"},{"@type":"ListItem","position":2,"name":"Evenimente","item":"https:\/\/new.bjc.ro\/?post_type=tribe_events"},{"@type":"ListItem","position":3,"name":"\u00cen fa\u021ba raftului cu c\u0103r\u021bi \u2013 Biblioterapie pentru adul\u021bi (\u00een limba maghiar\u0103)"}]},{"@type":"WebSite","@id":"https:\/\/new.bjc.ro\/#website","url":"https:\/\/new.bjc.ro\/","name":"Biblioteca Jude\u021bean\u0103 \u201eOctavian Goga\u201d Cluj","description":"","publisher":{"@id":"https:\/\/new.bjc.ro\/#organization"},"alternateName":"Biblioteca Jude\u021bean\u0103 Cluj","potentialAction":[{"@type":"SearchAction","target":{"@type":"EntryPoint","urlTemplate":"https:\/\/new.bjc.ro\/?s={search_term_string}"},"query-input":{"@type":"PropertyValueSpecification","valueRequired":true,"valueName":"search_term_string"}}],"inLanguage":"ro-RO"},{"@type":"Organization","@id":"https:\/\/new.bjc.ro\/#organization","name":"Biblioteca Jude\u021bean\u0103 \u201eOctavian Goga\u201d Cluj","url":"https:\/\/new.bjc.ro\/","logo":{"@type":"ImageObject","inLanguage":"ro-RO","@id":"https:\/\/new.bjc.ro\/#\/schema\/logo\/image\/","url":"https:\/\/new.bjc.ro\/wp-content\/uploads\/2023\/03\/sigle.jpg","contentUrl":"https:\/\/new.bjc.ro\/wp-content\/uploads\/2023\/03\/sigle.jpg","width":630,"height":473,"caption":"Biblioteca Jude\u021bean\u0103 \u201eOctavian Goga\u201d Cluj"},"image":{"@id":"https:\/\/new.bjc.ro\/#\/schema\/logo\/image\/"},"sameAs":["https:\/\/www.facebook.com\/bibliotecacluj\/","https:\/\/x.com\/BibliotecaGoga","https:\/\/www.instagram.com\/biblioteca_judeteana_cluj\/","https:\/\/www.youtube.com\/user\/BibliotecaGoga"]}]}},"_links":{"self":[{"href":"https:\/\/new.bjc.ro\/index.php?rest_route=\/wp\/v2\/tribe_events\/9825","targetHints":{"allow":["GET"]}}],"collection":[{"href":"https:\/\/new.bjc.ro\/index.php?rest_route=\/wp\/v2\/tribe_events"}],"about":[{"href":"https:\/\/new.bjc.ro\/index.php?rest_route=\/wp\/v2\/types\/tribe_events"}],"author":[{"embeddable":true,"href":"https:\/\/new.bjc.ro\/index.php?rest_route=\/wp\/v2\/users\/1"}],"version-history":[{"count":1,"href":"https:\/\/new.bjc.ro\/index.php?rest_route=\/wp\/v2\/tribe_events\/9825\/revisions"}],"predecessor-version":[{"id":9827,"href":"https:\/\/new.bjc.ro\/index.php?rest_route=\/wp\/v2\/tribe_events\/9825\/revisions\/9827"}],"wp:featuredmedia":[{"embeddable":true,"href":"https:\/\/new.bjc.ro\/index.php?rest_route=\/wp\/v2\/media\/9826"}],"wp:attachment":[{"href":"https:\/\/new.bjc.ro\/index.php?rest_route=%2Fwp%2Fv2%2Fmedia&parent=9825"}],"wp:term":[{"taxonomy":"post_tag","embeddable":true,"href":"https:\/\/new.bjc.ro\/index.php?rest_route=%2Fwp%2Fv2%2Ftags&post=9825"},{"taxonomy":"tribe_events_cat","embeddable":true,"href":"https:\/\/new.bjc.ro\/index.php?rest_route=%2Fwp%2Fv2%2Ftribe_events_cat&post=9825"}],"curies":[{"name":"wp","href":"https:\/\/api.w.org\/{rel}","templated":true}]}}