{"id":9941,"date":"2024-12-30T08:35:41","date_gmt":"2024-12-30T06:35:41","guid":{"rendered":"https:\/\/new.bjc.ro\/?post_type=tribe_events&#038;p=9941"},"modified":"2024-12-30T08:35:41","modified_gmt":"2024-12-30T06:35:41","slug":"vizionare-de-film-kinedok-blix-not-bombs","status":"publish","type":"tribe_events","link":"https:\/\/new.bjc.ro\/?tribe_events=vizionare-de-film-kinedok-blix-not-bombs","title":{"rendered":"Vizionare de film KineDok: Blix, not bombs"},"content":{"rendered":"<p>Joi, 9 ianuarie, de la ora 19.00, v\u0103 a\u0219tept\u0103m la Sala de art\u0103 cu un nou film documentar Kinedok:<\/p>\n<p><strong>BLIX, NU BOMBE\/BLIX NOT BOMBS (<\/strong>Republica Ceh\u0103, Suedia, Germania, 2023, 85 min.)<\/p>\n<p><strong>Regia:<\/strong> Greta Stocklassa<\/p>\n<p>\u00cen martie 2003, \u00eentreaga lume a urm\u0103rit o situa\u021bie tensionat\u0103 care a avut loc pe scena politicii mondiale, cu pre\u0219edintele american George W. Bush \u0219i dictatorul irakian Saddam Hussein \u00een centrul aten\u021biei. \u00cen mijloc era un om ne\u00eensemnat, discret: Hans Blix. Ast\u0103zi, Hans are 93 de ani \u0219i este \u00een continuare foarte ager. \u0218tie c\u0103 timpul s\u0103u se apropie de sf\u00e2r\u0219it \u0219i este \u00een procesul de <em>d\u00f6st\u00e4dning <\/em>(cur\u0103\u021benie premerg\u0103toare mor\u021bii) \u2013 ordon\u00e2ndu-\u0219i posesiunile \u0219i rela\u021biile cu familia. Este abordat de Greta, o t\u00e2n\u0103r\u0103 regizoare care vrea s\u0103 \u00een\u021beleag\u0103 ce s-a \u00eent\u00e2mplat \u00een acele zile cruciale din 2003 \u0219i cum au afectat felul \u00een care arat\u0103 lumea ast\u0103zi. Amenajeaz\u0103 \u00eempreun\u0103 un studio \u00een apartamentul lui Hans \u0219i acolo, a\u0219ezat \u00een fotoliul s\u0103u preferat, el \u00eencepe s\u0103 povesteasc\u0103, \u00een detalii minu\u021bioase, \u0219irul evenimentelor pentru prima dat\u0103.<\/p>\n<p><strong>Trailer:<\/strong><\/p>\n<p><a href=\"https:\/\/www.youtube.com\/watch?v=iIv_LXhdFrQ\">https:\/\/www.youtube.com\/watch?v=iIv_LXhdFrQ<\/a><\/p>\n<p>&nbsp;<\/p>\n<p><strong>Premii \u0219i festivaluri:<\/strong><\/p>\n<p>Festivalul Interna\u021bional de Film Documentar Copenhaga (CPH:DOX), 2023<\/p>\n<p>Festivalul de Film de la Cracovia, 2023<\/p>\n<p>Festivalul Interna\u021bional de Film Documentar Ji.hlava, 2023<\/p>\n<p>&nbsp;<\/p>\n<p><strong>PROGRAMUL VIZION\u0102RILOR VIITOARE:<\/strong><\/p>\n<p>9 ianuarie- <strong>Blix, nu bombe \/ Blix, not bombs<\/strong> (Regia: Greta Stocklassa, Republica Ceh\u0103, Suedia, Germania, 2023, 83 min.)<\/p>\n<p>22 ianuarie &#8211; <strong>Snajka: Jurnalul a\u0219tept\u0103rilor \/ Snajka: Diary of Expectations<\/strong> (Regia: Tea Vidovi\u0107 Dalipi, Croa\u021bia, Italia, Kosovo, 2023, 75 min.)<\/p>\n<p>6 februarie &#8211; <strong>Z\u00e2mbetul Georgiei\/Smiling Georgia<\/strong> (Regia: Luka Beradze, Georgia, Germania, 2023, 62 min.)<\/p>\n<p>19 februarie &#8211; <strong>Fotofobia \/ Photophobia<\/strong> (Regia: Ivan Ostrochovsk\u00fd, Pavol Pekar\u010d\u00edk, Slovacia, Republica Ceh\u0103, Ucraina, 2023, 71 min.)<\/p>\n<p>6 martie &#8211; <strong>Cazul inginerului Ursu \/ The Case of Engineer Ursu<\/strong> (Regia: Liviu Tofan, \u0218erban Georgescu, Rom\u00e2nia, 2023, 98 min.)<\/p>\n<p>19 martie &#8211; <strong>+90<\/strong> (Regia: Marek Kubo\u0161, Slovacia, 2022, 90 min.)<\/p>\n<p>3 aprilie &#8211; <strong>Ce e de f\u0103cut? \/ What\u2019s to Be Done?<\/strong> (Regia: Goran Devi\u0107, Croa\u021bia, 2023, 79 min.)<\/p>\n<p>17 aprilie &#8211; <strong>To\u021bi b\u0103rba\u021bii devin fra\u021bi \/ All Men Become Brothers<\/strong> (Regia: Robert Kirchhoff, Republica Ceh\u0103, Slovacia, 2023, 116 min.)<\/p>\n<p>Proiec\u021biile fac parte din proiectul KineDok, implementat de Asocia\u021bia One World Rom\u00e2nia cu sprijinul Creative Europe &#8211; MEDIA Programme of the European Union, Centrul Na\u021bional al Cinematografiei.<\/p>\n<p>&nbsp;<\/p>\n<p>&nbsp;<\/p>\n<p>&nbsp;<\/p>\n<p>&nbsp;<\/p>\n","protected":false},"excerpt":{"rendered":"<p>Joi, 9 ianuarie, de la ora 19.00, v\u0103 a\u0219tept\u0103m la Sala de art\u0103 cu un nou film documentar Kinedok: BLIX, NU BOMBE\/BLIX NOT BOMBS (Republica Ceh\u0103, Suedia, Germania, 2023, 85 min.) Regia: Greta Stocklassa \u00cen martie 2003, \u00eentreaga lume a urm\u0103rit o situa\u021bie tensionat\u0103 care a avut loc pe scena&hellip; <br \/> <a class=\"read-more\" href=\"https:\/\/new.bjc.ro\/?tribe_events=vizionare-de-film-kinedok-blix-not-bombs\">Cite\u0219te mai mult<\/a><\/p>\n","protected":false},"author":1,"featured_media":9943,"template":"","meta":{"_monsterinsights_skip_tracking":false,"_monsterinsights_sitenote_active":false,"_monsterinsights_sitenote_note":"","_monsterinsights_sitenote_category":0,"_EventAllDay":false,"_EventTimezone":"Europe\/Bucharest","_EventStartDate":"2025-01-09 19:00:00","_EventEndDate":"2025-01-09 20:00:00","_EventStartDateUTC":"2025-01-09 17:00:00","_EventEndDateUTC":"2025-01-09 18:00:00","_EventShowMap":true,"_EventShowMapLink":true,"_EventURL":"","_EventCost":"","_EventCostDescription":"","_EventCurrencySymbol":"$","_EventCurrencyCode":"USD","_EventCurrencyPosition":"prefix","_EventDateTimeSeparator":"","_EventTimeRangeSeparator":"","_EventOrganizerID":[2810],"_EventVenueID":[6233],"_OrganizerEmail":"","_OrganizerPhone":"","_OrganizerWebsite":"","_VenueAddress":"","_VenueCity":"","_VenueCountry":"","_VenueProvince":"","_VenueState":"","_VenueZip":"","_VenuePhone":"","_VenueURL":"","_VenueStateProvince":"","_VenueLat":"","_VenueLng":"","_VenueShowMap":false,"_VenueShowMapLink":false,"_tribe_events_status":"","_tribe_events_status_reason":"","footnotes":""},"tags":[129],"tribe_events_cat":[54],"class_list":["post-9941","tribe_events","type-tribe_events","status-publish","has-post-thumbnail","hentry","tag-vizionare-film","tribe_events_cat-cluburi","cat_cluburi"],"yoast_head":"<!-- This site is optimized with the Yoast SEO plugin v24.6 - https:\/\/yoast.com\/wordpress\/plugins\/seo\/ -->\n<title>Vizionare de film KineDok: Blix, not bombs - Biblioteca Jude\u021bean\u0103 \u201eOctavian Goga\u201d Cluj<\/title>\n<meta name=\"robots\" content=\"index, follow, max-snippet:-1, max-image-preview:large, max-video-preview:-1\" \/>\n<link rel=\"canonical\" href=\"https:\/\/new.bjc.ro\/?tribe_events=vizionare-de-film-kinedok-blix-not-bombs\" \/>\n<meta property=\"og:locale\" content=\"ro_RO\" \/>\n<meta property=\"og:type\" content=\"article\" \/>\n<meta property=\"og:title\" content=\"Vizionare de film KineDok: Blix, not bombs - Biblioteca Jude\u021bean\u0103 \u201eOctavian Goga\u201d Cluj\" \/>\n<meta property=\"og:description\" content=\"Joi, 9 ianuarie, de la ora 19.00, v\u0103 a\u0219tept\u0103m la Sala de art\u0103 cu un nou film documentar Kinedok: BLIX, NU BOMBE\/BLIX NOT BOMBS (Republica Ceh\u0103, Suedia, Germania, 2023, 85 min.) Regia: Greta Stocklassa \u00cen martie 2003, \u00eentreaga lume a urm\u0103rit o situa\u021bie tensionat\u0103 care a avut loc pe scena&hellip; Cite\u0219te mai mult\" \/>\n<meta property=\"og:url\" content=\"https:\/\/new.bjc.ro\/?tribe_events=vizionare-de-film-kinedok-blix-not-bombs\" \/>\n<meta property=\"og:site_name\" content=\"Biblioteca Jude\u021bean\u0103 \u201eOctavian Goga\u201d Cluj\" \/>\n<meta property=\"article:publisher\" content=\"https:\/\/www.facebook.com\/bibliotecacluj\/\" \/>\n<meta property=\"og:image\" content=\"https:\/\/new.bjc.ro\/wp-content\/uploads\/2024\/12\/Afis-web90125.jpg\" \/>\n\t<meta property=\"og:image:width\" content=\"400\" \/>\n\t<meta property=\"og:image:height\" content=\"566\" \/>\n\t<meta property=\"og:image:type\" content=\"image\/jpeg\" \/>\n<meta name=\"twitter:card\" content=\"summary_large_image\" \/>\n<meta name=\"twitter:site\" content=\"@BibliotecaGoga\" \/>\n<meta name=\"twitter:label1\" content=\"Timp estimat pentru citire\" \/>\n\t<meta name=\"twitter:data1\" content=\"3 minute\" \/>\n<script type=\"application\/ld+json\" class=\"yoast-schema-graph\">{\"@context\":\"https:\/\/schema.org\",\"@graph\":[{\"@type\":\"WebPage\",\"@id\":\"https:\/\/new.bjc.ro\/?tribe_events=vizionare-de-film-kinedok-blix-not-bombs\",\"url\":\"https:\/\/new.bjc.ro\/?tribe_events=vizionare-de-film-kinedok-blix-not-bombs\",\"name\":\"Vizionare de film KineDok: Blix, not bombs - Biblioteca Jude\u021bean\u0103 \u201eOctavian Goga\u201d Cluj\",\"isPartOf\":{\"@id\":\"https:\/\/new.bjc.ro\/#website\"},\"primaryImageOfPage\":{\"@id\":\"https:\/\/new.bjc.ro\/?tribe_events=vizionare-de-film-kinedok-blix-not-bombs#primaryimage\"},\"image\":{\"@id\":\"https:\/\/new.bjc.ro\/?tribe_events=vizionare-de-film-kinedok-blix-not-bombs#primaryimage\"},\"thumbnailUrl\":\"https:\/\/new.bjc.ro\/wp-content\/uploads\/2024\/12\/Afis-web90125.jpg\",\"datePublished\":\"2024-12-30T06:35:41+00:00\",\"breadcrumb\":{\"@id\":\"https:\/\/new.bjc.ro\/?tribe_events=vizionare-de-film-kinedok-blix-not-bombs#breadcrumb\"},\"inLanguage\":\"ro-RO\",\"potentialAction\":[{\"@type\":\"ReadAction\",\"target\":[\"https:\/\/new.bjc.ro\/?tribe_events=vizionare-de-film-kinedok-blix-not-bombs\"]}]},{\"@type\":\"ImageObject\",\"inLanguage\":\"ro-RO\",\"@id\":\"https:\/\/new.bjc.ro\/?tribe_events=vizionare-de-film-kinedok-blix-not-bombs#primaryimage\",\"url\":\"https:\/\/new.bjc.ro\/wp-content\/uploads\/2024\/12\/Afis-web90125.jpg\",\"contentUrl\":\"https:\/\/new.bjc.ro\/wp-content\/uploads\/2024\/12\/Afis-web90125.jpg\",\"width\":400,\"height\":566},{\"@type\":\"BreadcrumbList\",\"@id\":\"https:\/\/new.bjc.ro\/?tribe_events=vizionare-de-film-kinedok-blix-not-bombs#breadcrumb\",\"itemListElement\":[{\"@type\":\"ListItem\",\"position\":1,\"name\":\"Home\",\"item\":\"https:\/\/new.bjc.ro\/\"},{\"@type\":\"ListItem\",\"position\":2,\"name\":\"Evenimente\",\"item\":\"https:\/\/new.bjc.ro\/?post_type=tribe_events\"},{\"@type\":\"ListItem\",\"position\":3,\"name\":\"Vizionare de film KineDok: Blix, not bombs\"}]},{\"@type\":\"WebSite\",\"@id\":\"https:\/\/new.bjc.ro\/#website\",\"url\":\"https:\/\/new.bjc.ro\/\",\"name\":\"Biblioteca Jude\u021bean\u0103 \u201eOctavian Goga\u201d Cluj\",\"description\":\"\",\"publisher\":{\"@id\":\"https:\/\/new.bjc.ro\/#organization\"},\"alternateName\":\"Biblioteca Jude\u021bean\u0103 Cluj\",\"potentialAction\":[{\"@type\":\"SearchAction\",\"target\":{\"@type\":\"EntryPoint\",\"urlTemplate\":\"https:\/\/new.bjc.ro\/?s={search_term_string}\"},\"query-input\":{\"@type\":\"PropertyValueSpecification\",\"valueRequired\":true,\"valueName\":\"search_term_string\"}}],\"inLanguage\":\"ro-RO\"},{\"@type\":\"Organization\",\"@id\":\"https:\/\/new.bjc.ro\/#organization\",\"name\":\"Biblioteca Jude\u021bean\u0103 \u201eOctavian Goga\u201d Cluj\",\"url\":\"https:\/\/new.bjc.ro\/\",\"logo\":{\"@type\":\"ImageObject\",\"inLanguage\":\"ro-RO\",\"@id\":\"https:\/\/new.bjc.ro\/#\/schema\/logo\/image\/\",\"url\":\"https:\/\/new.bjc.ro\/wp-content\/uploads\/2023\/03\/sigle.jpg\",\"contentUrl\":\"https:\/\/new.bjc.ro\/wp-content\/uploads\/2023\/03\/sigle.jpg\",\"width\":630,\"height\":473,\"caption\":\"Biblioteca Jude\u021bean\u0103 \u201eOctavian Goga\u201d Cluj\"},\"image\":{\"@id\":\"https:\/\/new.bjc.ro\/#\/schema\/logo\/image\/\"},\"sameAs\":[\"https:\/\/www.facebook.com\/bibliotecacluj\/\",\"https:\/\/x.com\/BibliotecaGoga\",\"https:\/\/www.instagram.com\/biblioteca_judeteana_cluj\/\",\"https:\/\/www.youtube.com\/user\/BibliotecaGoga\"]}]}<\/script>\n<!-- \/ Yoast SEO plugin. -->","yoast_head_json":{"title":"Vizionare de film KineDok: Blix, not bombs - Biblioteca Jude\u021bean\u0103 \u201eOctavian Goga\u201d Cluj","robots":{"index":"index","follow":"follow","max-snippet":"max-snippet:-1","max-image-preview":"max-image-preview:large","max-video-preview":"max-video-preview:-1"},"canonical":"https:\/\/new.bjc.ro\/?tribe_events=vizionare-de-film-kinedok-blix-not-bombs","og_locale":"ro_RO","og_type":"article","og_title":"Vizionare de film KineDok: Blix, not bombs - Biblioteca Jude\u021bean\u0103 \u201eOctavian Goga\u201d Cluj","og_description":"Joi, 9 ianuarie, de la ora 19.00, v\u0103 a\u0219tept\u0103m la Sala de art\u0103 cu un nou film documentar Kinedok: BLIX, NU BOMBE\/BLIX NOT BOMBS (Republica Ceh\u0103, Suedia, Germania, 2023, 85 min.) Regia: Greta Stocklassa \u00cen martie 2003, \u00eentreaga lume a urm\u0103rit o situa\u021bie tensionat\u0103 care a avut loc pe scena&hellip; Cite\u0219te mai mult","og_url":"https:\/\/new.bjc.ro\/?tribe_events=vizionare-de-film-kinedok-blix-not-bombs","og_site_name":"Biblioteca Jude\u021bean\u0103 \u201eOctavian Goga\u201d Cluj","article_publisher":"https:\/\/www.facebook.com\/bibliotecacluj\/","og_image":[{"width":400,"height":566,"url":"https:\/\/new.bjc.ro\/wp-content\/uploads\/2024\/12\/Afis-web90125.jpg","type":"image\/jpeg"}],"twitter_card":"summary_large_image","twitter_site":"@BibliotecaGoga","twitter_misc":{"Timp estimat pentru citire":"3 minute"},"schema":{"@context":"https:\/\/schema.org","@graph":[{"@type":"WebPage","@id":"https:\/\/new.bjc.ro\/?tribe_events=vizionare-de-film-kinedok-blix-not-bombs","url":"https:\/\/new.bjc.ro\/?tribe_events=vizionare-de-film-kinedok-blix-not-bombs","name":"Vizionare de film KineDok: Blix, not bombs - Biblioteca Jude\u021bean\u0103 \u201eOctavian Goga\u201d Cluj","isPartOf":{"@id":"https:\/\/new.bjc.ro\/#website"},"primaryImageOfPage":{"@id":"https:\/\/new.bjc.ro\/?tribe_events=vizionare-de-film-kinedok-blix-not-bombs#primaryimage"},"image":{"@id":"https:\/\/new.bjc.ro\/?tribe_events=vizionare-de-film-kinedok-blix-not-bombs#primaryimage"},"thumbnailUrl":"https:\/\/new.bjc.ro\/wp-content\/uploads\/2024\/12\/Afis-web90125.jpg","datePublished":"2024-12-30T06:35:41+00:00","breadcrumb":{"@id":"https:\/\/new.bjc.ro\/?tribe_events=vizionare-de-film-kinedok-blix-not-bombs#breadcrumb"},"inLanguage":"ro-RO","potentialAction":[{"@type":"ReadAction","target":["https:\/\/new.bjc.ro\/?tribe_events=vizionare-de-film-kinedok-blix-not-bombs"]}]},{"@type":"ImageObject","inLanguage":"ro-RO","@id":"https:\/\/new.bjc.ro\/?tribe_events=vizionare-de-film-kinedok-blix-not-bombs#primaryimage","url":"https:\/\/new.bjc.ro\/wp-content\/uploads\/2024\/12\/Afis-web90125.jpg","contentUrl":"https:\/\/new.bjc.ro\/wp-content\/uploads\/2024\/12\/Afis-web90125.jpg","width":400,"height":566},{"@type":"BreadcrumbList","@id":"https:\/\/new.bjc.ro\/?tribe_events=vizionare-de-film-kinedok-blix-not-bombs#breadcrumb","itemListElement":[{"@type":"ListItem","position":1,"name":"Home","item":"https:\/\/new.bjc.ro\/"},{"@type":"ListItem","position":2,"name":"Evenimente","item":"https:\/\/new.bjc.ro\/?post_type=tribe_events"},{"@type":"ListItem","position":3,"name":"Vizionare de film KineDok: Blix, not bombs"}]},{"@type":"WebSite","@id":"https:\/\/new.bjc.ro\/#website","url":"https:\/\/new.bjc.ro\/","name":"Biblioteca Jude\u021bean\u0103 \u201eOctavian Goga\u201d Cluj","description":"","publisher":{"@id":"https:\/\/new.bjc.ro\/#organization"},"alternateName":"Biblioteca Jude\u021bean\u0103 Cluj","potentialAction":[{"@type":"SearchAction","target":{"@type":"EntryPoint","urlTemplate":"https:\/\/new.bjc.ro\/?s={search_term_string}"},"query-input":{"@type":"PropertyValueSpecification","valueRequired":true,"valueName":"search_term_string"}}],"inLanguage":"ro-RO"},{"@type":"Organization","@id":"https:\/\/new.bjc.ro\/#organization","name":"Biblioteca Jude\u021bean\u0103 \u201eOctavian Goga\u201d Cluj","url":"https:\/\/new.bjc.ro\/","logo":{"@type":"ImageObject","inLanguage":"ro-RO","@id":"https:\/\/new.bjc.ro\/#\/schema\/logo\/image\/","url":"https:\/\/new.bjc.ro\/wp-content\/uploads\/2023\/03\/sigle.jpg","contentUrl":"https:\/\/new.bjc.ro\/wp-content\/uploads\/2023\/03\/sigle.jpg","width":630,"height":473,"caption":"Biblioteca Jude\u021bean\u0103 \u201eOctavian Goga\u201d Cluj"},"image":{"@id":"https:\/\/new.bjc.ro\/#\/schema\/logo\/image\/"},"sameAs":["https:\/\/www.facebook.com\/bibliotecacluj\/","https:\/\/x.com\/BibliotecaGoga","https:\/\/www.instagram.com\/biblioteca_judeteana_cluj\/","https:\/\/www.youtube.com\/user\/BibliotecaGoga"]}]}},"_links":{"self":[{"href":"https:\/\/new.bjc.ro\/index.php?rest_route=\/wp\/v2\/tribe_events\/9941","targetHints":{"allow":["GET"]}}],"collection":[{"href":"https:\/\/new.bjc.ro\/index.php?rest_route=\/wp\/v2\/tribe_events"}],"about":[{"href":"https:\/\/new.bjc.ro\/index.php?rest_route=\/wp\/v2\/types\/tribe_events"}],"author":[{"embeddable":true,"href":"https:\/\/new.bjc.ro\/index.php?rest_route=\/wp\/v2\/users\/1"}],"version-history":[{"count":1,"href":"https:\/\/new.bjc.ro\/index.php?rest_route=\/wp\/v2\/tribe_events\/9941\/revisions"}],"predecessor-version":[{"id":9944,"href":"https:\/\/new.bjc.ro\/index.php?rest_route=\/wp\/v2\/tribe_events\/9941\/revisions\/9944"}],"wp:featuredmedia":[{"embeddable":true,"href":"https:\/\/new.bjc.ro\/index.php?rest_route=\/wp\/v2\/media\/9943"}],"wp:attachment":[{"href":"https:\/\/new.bjc.ro\/index.php?rest_route=%2Fwp%2Fv2%2Fmedia&parent=9941"}],"wp:term":[{"taxonomy":"post_tag","embeddable":true,"href":"https:\/\/new.bjc.ro\/index.php?rest_route=%2Fwp%2Fv2%2Ftags&post=9941"},{"taxonomy":"tribe_events_cat","embeddable":true,"href":"https:\/\/new.bjc.ro\/index.php?rest_route=%2Fwp%2Fv2%2Ftribe_events_cat&post=9941"}],"curies":[{"name":"wp","href":"https:\/\/api.w.org\/{rel}","templated":true}]}}